{"id":48624,"date":"2021-08-06T09:42:49","date_gmt":"2021-08-06T14:42:49","guid":{"rendered":"http:\/\/172.24.1.111\/portal\/?post_type=educon&#038;p=48624"},"modified":"2026-04-29T02:15:24","modified_gmt":"2026-04-29T07:15:24","slug":"curso-tecnicas-de-intervencion-en-trastornos-emocionales-y-afectivos","status":"publish","type":"educon","link":"https:\/\/www.ucatolica.edu.co\/portal\/Educacion_Continuada\/curso-tecnicas-de-intervencion-en-trastornos-emocionales-y-afectivos\/","title":{"rendered":"Curso T\u00e9cnicas de Intervenci\u00f3n en Trastornos Emocionales y Afectivos"},"content":{"rendered":"","protected":false},"excerpt":{"rendered":"<p>22 de abril de 2026<\/p>\n","protected":false},"author":2,"featured_media":132443,"parent":0,"menu_order":0,"template":"","meta":{"_acf_changed":false,"advgb_blocks_editor_width":"","advgb_blocks_columns_visual_guide":"","footnotes":""},"tags":[],"Tipolog\u00eda":[2000],"class_list":["post-48624","educon","type-educon","status-publish","has-post-thumbnail","hentry","Tipologa-diplomado-en-atencion-psicologica-en-salud-mental"],"acf":[],"yoast_head":"<!-- This site is optimized with the Yoast SEO plugin v26.7 - https:\/\/yoast.com\/wordpress\/plugins\/seo\/ -->\n<title>Curso T\u00e9cnicas de Intervenci\u00f3n en Trastornos Emocionales y Afectivos - Universidad Cat\u00f3lica De Colombia<\/title>\n<meta name=\"robots\" content=\"index, follow, max-snippet:-1, max-image-preview:large, max-video-preview:-1\" \/>\n<link rel=\"canonical\" href=\"https:\/\/www.ucatolica.edu.co\/portal\/Educacion_Continuada\/curso-tecnicas-de-intervencion-en-trastornos-emocionales-y-afectivos\/\" \/>\n<meta property=\"og:locale\" content=\"es_ES\" \/>\n<meta property=\"og:type\" content=\"article\" \/>\n<meta property=\"og:title\" content=\"Curso T\u00e9cnicas de Intervenci\u00f3n en Trastornos Emocionales y Afectivos - Universidad Cat\u00f3lica De Colombia\" \/>\n<meta property=\"og:description\" content=\"22 de abril de 2026\" \/>\n<meta property=\"og:url\" content=\"https:\/\/www.ucatolica.edu.co\/portal\/Educacion_Continuada\/curso-tecnicas-de-intervencion-en-trastornos-emocionales-y-afectivos\/\" \/>\n<meta property=\"og:site_name\" content=\"Universidad Cat\u00f3lica De Colombia\" \/>\n<meta property=\"article:publisher\" content=\"https:\/\/www.facebook.com\/ucatolicacolombia\" \/>\n<meta property=\"article:modified_time\" content=\"2026-04-29T07:15:24+00:00\" \/>\n<meta property=\"og:image\" content=\"https:\/\/www.ucatolica.edu.co\/portal\/wp-content\/uploads\/2026\/04\/mujeremociones-scaled.jpg\" \/>\n\t<meta property=\"og:image:width\" content=\"2560\" \/>\n\t<meta property=\"og:image:height\" content=\"1707\" \/>\n\t<meta property=\"og:image:type\" content=\"image\/jpeg\" \/>\n<meta name=\"twitter:card\" content=\"summary_large_image\" \/>\n<meta name=\"twitter:site\" content=\"@UCatolicaCol\" \/>\n<script type=\"application\/ld+json\" class=\"yoast-schema-graph\">{\"@context\":\"https:\/\/schema.org\",\"@graph\":[{\"@type\":\"WebPage\",\"@id\":\"https:\/\/www.ucatolica.edu.co\/portal\/Educacion_Continuada\/curso-tecnicas-de-intervencion-en-trastornos-emocionales-y-afectivos\/\",\"url\":\"https:\/\/www.ucatolica.edu.co\/portal\/Educacion_Continuada\/curso-tecnicas-de-intervencion-en-trastornos-emocionales-y-afectivos\/\",\"name\":\"Curso T\u00e9cnicas de Intervenci\u00f3n en Trastornos Emocionales y Afectivos - Universidad Cat\u00f3lica De Colombia\",\"isPartOf\":{\"@id\":\"https:\/\/www.ucatolica.edu.co\/portal\/#website\"},\"primaryImageOfPage\":{\"@id\":\"https:\/\/www.ucatolica.edu.co\/portal\/Educacion_Continuada\/curso-tecnicas-de-intervencion-en-trastornos-emocionales-y-afectivos\/#primaryimage\"},\"image\":{\"@id\":\"https:\/\/www.ucatolica.edu.co\/portal\/Educacion_Continuada\/curso-tecnicas-de-intervencion-en-trastornos-emocionales-y-afectivos\/#primaryimage\"},\"thumbnailUrl\":\"https:\/\/www.ucatolica.edu.co\/portal\/wp-content\/uploads\/2026\/04\/mujeremociones-scaled.jpg\",\"datePublished\":\"2021-08-06T14:42:49+00:00\",\"dateModified\":\"2026-04-29T07:15:24+00:00\",\"breadcrumb\":{\"@id\":\"https:\/\/www.ucatolica.edu.co\/portal\/Educacion_Continuada\/curso-tecnicas-de-intervencion-en-trastornos-emocionales-y-afectivos\/#breadcrumb\"},\"inLanguage\":\"es-CO\",\"potentialAction\":[{\"@type\":\"ReadAction\",\"target\":[\"https:\/\/www.ucatolica.edu.co\/portal\/Educacion_Continuada\/curso-tecnicas-de-intervencion-en-trastornos-emocionales-y-afectivos\/\"]}]},{\"@type\":\"ImageObject\",\"inLanguage\":\"es-CO\",\"@id\":\"https:\/\/www.ucatolica.edu.co\/portal\/Educacion_Continuada\/curso-tecnicas-de-intervencion-en-trastornos-emocionales-y-afectivos\/#primaryimage\",\"url\":\"https:\/\/www.ucatolica.edu.co\/portal\/wp-content\/uploads\/2026\/04\/mujeremociones-scaled.jpg\",\"contentUrl\":\"https:\/\/www.ucatolica.edu.co\/portal\/wp-content\/uploads\/2026\/04\/mujeremociones-scaled.jpg\",\"width\":2560,\"height\":1707},{\"@type\":\"BreadcrumbList\",\"@id\":\"https:\/\/www.ucatolica.edu.co\/portal\/Educacion_Continuada\/curso-tecnicas-de-intervencion-en-trastornos-emocionales-y-afectivos\/#breadcrumb\",\"itemListElement\":[{\"@type\":\"ListItem\",\"position\":1,\"name\":\"Inicio\",\"item\":\"https:\/\/www.ucatolica.edu.co\/portal\/\"},{\"@type\":\"ListItem\",\"position\":2,\"name\":\"Educon\",\"item\":\"https:\/\/www.ucatolica.edu.co\/portal\/Educacion_Continuada\/\"},{\"@type\":\"ListItem\",\"position\":3,\"name\":\"Curso T\u00e9cnicas de Intervenci\u00f3n en Trastornos Emocionales y Afectivos\"}]},{\"@type\":\"WebSite\",\"@id\":\"https:\/\/www.ucatolica.edu.co\/portal\/#website\",\"url\":\"https:\/\/www.ucatolica.edu.co\/portal\/\",\"name\":\"Universidad Cat\u00f3lica De Colombia\",\"description\":\"Universidad Cat\u00f3lica De Colombia\",\"publisher\":{\"@id\":\"https:\/\/www.ucatolica.edu.co\/portal\/#organization\"},\"potentialAction\":[{\"@type\":\"SearchAction\",\"target\":{\"@type\":\"EntryPoint\",\"urlTemplate\":\"https:\/\/www.ucatolica.edu.co\/portal\/?s={search_term_string}\"},\"query-input\":{\"@type\":\"PropertyValueSpecification\",\"valueRequired\":true,\"valueName\":\"search_term_string\"}}],\"inLanguage\":\"es-CO\"},{\"@type\":\"Organization\",\"@id\":\"https:\/\/www.ucatolica.edu.co\/portal\/#organization\",\"name\":\"Universidad Cat\u00f3lica de Colombia\",\"url\":\"https:\/\/www.ucatolica.edu.co\/portal\/\",\"logo\":{\"@type\":\"ImageObject\",\"inLanguage\":\"es-CO\",\"@id\":\"https:\/\/www.ucatolica.edu.co\/portal\/#\/schema\/logo\/image\/\",\"url\":\"https:\/\/www.ucatolica.edu.co\/portal\/wp-content\/uploads\/2021\/06\/logo-header-ho-1.svg\",\"contentUrl\":\"https:\/\/www.ucatolica.edu.co\/portal\/wp-content\/uploads\/2021\/06\/logo-header-ho-1.svg\",\"width\":1,\"height\":1,\"caption\":\"Universidad Cat\u00f3lica de Colombia\"},\"image\":{\"@id\":\"https:\/\/www.ucatolica.edu.co\/portal\/#\/schema\/logo\/image\/\"},\"sameAs\":[\"https:\/\/www.facebook.com\/ucatolicacolombia\",\"https:\/\/x.com\/UCatolicaCol\",\"https:\/\/www.instagram.com\/universidadcatolicadecolombia\/\",\"https:\/\/www.linkedin.com\/company\/universidadcatolicadecolombia\/\",\"https:\/\/www.youtube.com\/user\/UCatolicaCo\"]}]}<\/script>\n<!-- \/ Yoast SEO plugin. -->","yoast_head_json":{"title":"Curso T\u00e9cnicas de Intervenci\u00f3n en Trastornos Emocionales y Afectivos - Universidad Cat\u00f3lica De Colombia","robots":{"index":"index","follow":"follow","max-snippet":"max-snippet:-1","max-image-preview":"max-image-preview:large","max-video-preview":"max-video-preview:-1"},"canonical":"https:\/\/www.ucatolica.edu.co\/portal\/Educacion_Continuada\/curso-tecnicas-de-intervencion-en-trastornos-emocionales-y-afectivos\/","og_locale":"es_ES","og_type":"article","og_title":"Curso T\u00e9cnicas de Intervenci\u00f3n en Trastornos Emocionales y Afectivos - Universidad Cat\u00f3lica De Colombia","og_description":"22 de abril de 2026","og_url":"https:\/\/www.ucatolica.edu.co\/portal\/Educacion_Continuada\/curso-tecnicas-de-intervencion-en-trastornos-emocionales-y-afectivos\/","og_site_name":"Universidad Cat\u00f3lica De Colombia","article_publisher":"https:\/\/www.facebook.com\/ucatolicacolombia","article_modified_time":"2026-04-29T07:15:24+00:00","og_image":[{"width":2560,"height":1707,"url":"https:\/\/www.ucatolica.edu.co\/portal\/wp-content\/uploads\/2026\/04\/mujeremociones-scaled.jpg","type":"image\/jpeg"}],"twitter_card":"summary_large_image","twitter_site":"@UCatolicaCol","schema":{"@context":"https:\/\/schema.org","@graph":[{"@type":"WebPage","@id":"https:\/\/www.ucatolica.edu.co\/portal\/Educacion_Continuada\/curso-tecnicas-de-intervencion-en-trastornos-emocionales-y-afectivos\/","url":"https:\/\/www.ucatolica.edu.co\/portal\/Educacion_Continuada\/curso-tecnicas-de-intervencion-en-trastornos-emocionales-y-afectivos\/","name":"Curso T\u00e9cnicas de Intervenci\u00f3n en Trastornos Emocionales y Afectivos - Universidad Cat\u00f3lica De Colombia","isPartOf":{"@id":"https:\/\/www.ucatolica.edu.co\/portal\/#website"},"primaryImageOfPage":{"@id":"https:\/\/www.ucatolica.edu.co\/portal\/Educacion_Continuada\/curso-tecnicas-de-intervencion-en-trastornos-emocionales-y-afectivos\/#primaryimage"},"image":{"@id":"https:\/\/www.ucatolica.edu.co\/portal\/Educacion_Continuada\/curso-tecnicas-de-intervencion-en-trastornos-emocionales-y-afectivos\/#primaryimage"},"thumbnailUrl":"https:\/\/www.ucatolica.edu.co\/portal\/wp-content\/uploads\/2026\/04\/mujeremociones-scaled.jpg","datePublished":"2021-08-06T14:42:49+00:00","dateModified":"2026-04-29T07:15:24+00:00","breadcrumb":{"@id":"https:\/\/www.ucatolica.edu.co\/portal\/Educacion_Continuada\/curso-tecnicas-de-intervencion-en-trastornos-emocionales-y-afectivos\/#breadcrumb"},"inLanguage":"es-CO","potentialAction":[{"@type":"ReadAction","target":["https:\/\/www.ucatolica.edu.co\/portal\/Educacion_Continuada\/curso-tecnicas-de-intervencion-en-trastornos-emocionales-y-afectivos\/"]}]},{"@type":"ImageObject","inLanguage":"es-CO","@id":"https:\/\/www.ucatolica.edu.co\/portal\/Educacion_Continuada\/curso-tecnicas-de-intervencion-en-trastornos-emocionales-y-afectivos\/#primaryimage","url":"https:\/\/www.ucatolica.edu.co\/portal\/wp-content\/uploads\/2026\/04\/mujeremociones-scaled.jpg","contentUrl":"https:\/\/www.ucatolica.edu.co\/portal\/wp-content\/uploads\/2026\/04\/mujeremociones-scaled.jpg","width":2560,"height":1707},{"@type":"BreadcrumbList","@id":"https:\/\/www.ucatolica.edu.co\/portal\/Educacion_Continuada\/curso-tecnicas-de-intervencion-en-trastornos-emocionales-y-afectivos\/#breadcrumb","itemListElement":[{"@type":"ListItem","position":1,"name":"Inicio","item":"https:\/\/www.ucatolica.edu.co\/portal\/"},{"@type":"ListItem","position":2,"name":"Educon","item":"https:\/\/www.ucatolica.edu.co\/portal\/Educacion_Continuada\/"},{"@type":"ListItem","position":3,"name":"Curso T\u00e9cnicas de Intervenci\u00f3n en Trastornos Emocionales y Afectivos"}]},{"@type":"WebSite","@id":"https:\/\/www.ucatolica.edu.co\/portal\/#website","url":"https:\/\/www.ucatolica.edu.co\/portal\/","name":"Universidad Cat\u00f3lica De Colombia","description":"Universidad Cat\u00f3lica De Colombia","publisher":{"@id":"https:\/\/www.ucatolica.edu.co\/portal\/#organization"},"potentialAction":[{"@type":"SearchAction","target":{"@type":"EntryPoint","urlTemplate":"https:\/\/www.ucatolica.edu.co\/portal\/?s={search_term_string}"},"query-input":{"@type":"PropertyValueSpecification","valueRequired":true,"valueName":"search_term_string"}}],"inLanguage":"es-CO"},{"@type":"Organization","@id":"https:\/\/www.ucatolica.edu.co\/portal\/#organization","name":"Universidad Cat\u00f3lica de Colombia","url":"https:\/\/www.ucatolica.edu.co\/portal\/","logo":{"@type":"ImageObject","inLanguage":"es-CO","@id":"https:\/\/www.ucatolica.edu.co\/portal\/#\/schema\/logo\/image\/","url":"https:\/\/www.ucatolica.edu.co\/portal\/wp-content\/uploads\/2021\/06\/logo-header-ho-1.svg","contentUrl":"https:\/\/www.ucatolica.edu.co\/portal\/wp-content\/uploads\/2021\/06\/logo-header-ho-1.svg","width":1,"height":1,"caption":"Universidad Cat\u00f3lica de Colombia"},"image":{"@id":"https:\/\/www.ucatolica.edu.co\/portal\/#\/schema\/logo\/image\/"},"sameAs":["https:\/\/www.facebook.com\/ucatolicacolombia","https:\/\/x.com\/UCatolicaCol","https:\/\/www.instagram.com\/universidadcatolicadecolombia\/","https:\/\/www.linkedin.com\/company\/universidadcatolicadecolombia\/","https:\/\/www.youtube.com\/user\/UCatolicaCo"]}]}},"featured_img":"https:\/\/www.ucatolica.edu.co\/portal\/wp-content\/uploads\/2026\/04\/mujeremociones-1568x1045.jpg","coauthors":[],"author_meta":{"author_link":"https:\/\/www.ucatolica.edu.co\/portal\/author\/carrnall\/","display_name":"Carlos Zea"},"relative_dates":{"created":"Posted 5 a\u00f1os ago","modified":"Updated 5 horas ago"},"absolute_dates":{"created":"Posted on 6 agosto, 2021","modified":"Updated on 29 abril, 2026"},"absolute_dates_time":{"created":"Posted on 6 agosto, 2021 9:42 am","modified":"Updated on 29 abril, 2026 2:15 am"},"featured_img_caption":"","tax_additional":{"post_tag":{"linked":[],"unlinked":[],"slug":"post_tag","name":"Etiquetas"},"Tipolog\u00eda":{"linked":["<a href=\"https:\/\/www.ucatolica.edu.co\/portal\/Tipolog\u00edas\/diplomado-en-atencion-psicologica-en-salud-mental\/\" class=\"advgb-post-tax-term\">Diplomado en Atenci\u00f3n Psicol\u00f3gica en Salud Mental<\/a>"],"unlinked":["<span class=\"advgb-post-tax-term\">Diplomado en Atenci\u00f3n Psicol\u00f3gica en Salud Mental<\/span>"],"slug":"Tipolog\u00eda","name":"Tipolog\u00edas"}},"series_order":"","_links":{"self":[{"href":"https:\/\/www.ucatolica.edu.co\/portal\/wp-json\/wp\/v2\/educon\/48624","targetHints":{"allow":["GET"]}}],"collection":[{"href":"https:\/\/www.ucatolica.edu.co\/portal\/wp-json\/wp\/v2\/educon"}],"about":[{"href":"https:\/\/www.ucatolica.edu.co\/portal\/wp-json\/wp\/v2\/types\/educon"}],"version-history":[{"count":138,"href":"https:\/\/www.ucatolica.edu.co\/portal\/wp-json\/wp\/v2\/educon\/48624\/revisions"}],"predecessor-version":[{"id":132448,"href":"https:\/\/www.ucatolica.edu.co\/portal\/wp-json\/wp\/v2\/educon\/48624\/revisions\/132448"}],"wp:featuredmedia":[{"embeddable":true,"href":"https:\/\/www.ucatolica.edu.co\/portal\/wp-json\/wp\/v2\/media\/132443"}],"wp:attachment":[{"href":"https:\/\/www.ucatolica.edu.co\/portal\/wp-json\/wp\/v2\/media?parent=48624"}],"wp:term":[{"taxonomy":"post_tag","embeddable":true,"href":"https:\/\/www.ucatolica.edu.co\/portal\/wp-json\/wp\/v2\/tags?post=48624"},{"taxonomy":"Tipolog\u00eda","embeddable":true,"href":"https:\/\/www.ucatolica.edu.co\/portal\/wp-json\/wp\/v2\/Tipolog\u00eda?post=48624"}],"curies":[{"name":"wp","href":"https:\/\/api.w.org\/{rel}","templated":true}]}}