{"id":103481,"date":"2024-01-24T11:22:01","date_gmt":"2024-01-24T16:22:01","guid":{"rendered":"https:\/\/www.ucatolica.edu.co\/portal\/?page_id=103481"},"modified":"2025-03-22T11:57:29","modified_gmt":"2025-03-22T16:57:29","slug":"ronda-latinoamericana-de-la-manfred-lachs-space-law-moot-court-competition","status":"publish","type":"page","link":"https:\/\/www.ucatolica.edu.co\/portal\/ronda-latinoamericana-de-la-manfred-lachs-space-law-moot-court-competition\/","title":{"rendered":"Ronda latinoamericana de la Manfred Lachs Space Law Moot Court Competition"},"content":{"rendered":"<h2>Ronda latinoamericana de la Manfred Lachs Space<br \/>Law Moot Court Competition<\/h2>\n<p><span data-olk-copy-source=\"MessageBody\">El Instituto Internacional de Derecho Espacial \u2013 IISL, La Universidad Cat\u00f3lica de Colombia y la Red Latinoamericana y del Caribe del Espacio RELACA ESPACIO, se han organizado para crear la Ronda latinoamericana de la Manfred Lachs Space Law Moot Court Competition, la cual pretende promover el desarrollo de habilidades t\u00e9cnicas para permitir el ejercicio del derecho internacional al m\u00e1s alto nivel. La Competencia fue creada en el a\u00f1o 1992 a iniciativa del expresidente de la Corte Internacional de Justicia de las Naciones Unidas el Mg. Manfred Lachs; y a\u00f1o tras a\u00f1o se ha ido consolidando como una de las competencias en Derecho m\u00e1s importantes a nivel mundial. La competencia se realiza en dos instancias, una ronda regional dividida por zonas geogr\u00e1ficas a nivel mundial, as\u00ed: Latinoam\u00e9rica, Norteam\u00e9rica, Europa, Asia-Pac\u00edfico y \u00c1frica; donde se presentan equipos de estas regiones para elegir el campe\u00f3n regional; y una ronda mundial en la cual compiten los 5 ganadores de las rondas para conocer el campe\u00f3n mundial. Esta ronda final se realiza cada a\u00f1o durante el Congreso de la Federaci\u00f3n Internacional de Astron\u00e1utica (IAC) y cuentas con el panel de jueces de la Corte Internacional de Justicia.<\/span><\/p>\n<p><span style=\"font-weight: 400;\">\u00bfQuieres conocer m\u00e1s acerca del IISL? <\/span><a href=\"https:\/\/iisl.space\/index.php\/iisl-space-law-manfred-lachs-space-law-moot-court-competition-2025\/\" target=\"_blank\" rel=\"noopener\"><span style=\"font-weight: 400;\">Ingresa aqu\u00ed<\/span><\/a><\/p>\n<p><span style=\"font-weight: 400;\">Ya puede consultar el <\/span><a href=\"https:\/\/iisl.space\/index.php\/manfredlachs2024\/\" target=\"_blank\" rel=\"noopener\"><b>Caso 2025<\/b><\/a><\/p>\n<p><b>REGLAS DE LA COMPETENCIA:<br \/><\/b><a href=\"https:\/\/www.ucatolica.edu.co\/portal\/wp-content\/uploads\/2023\/09\/2023-official-rules.pdf\"><span style=\"font-weight: 400;\">Descargar aqu\u00ed:<\/span><\/a><\/p>\n<p><a href=\"https:\/\/www.ucatolica.edu.co\/portal\/encuentro-de-relaca\/\"><span data-olk-copy-source=\"MessageBody\">Encuentro de ReLaCa<\/span><\/a><\/p>\n<p><b>COMPETENCIA REGIONAL<\/b><\/p>\n<p><span style=\"font-weight: 400;\">Cada a\u00f1o la ronda latinoamericana se realiza con el patrocinio de un organizador local del pa\u00eds donde se llevar\u00e1 acabo y se ofrece un premio al equipo ganador:<\/span><\/p>\n<ol>\n<li style=\"font-weight: 400;\" aria-level=\"1\"><span style=\"font-weight: 400;\">Premio al equipo ganador de la ronda: Dos (2) tiquetes a\u00e9reos ida y vuelta y hospedaje de 4 d\u00edas para los dos miembros del equipo ganador. El viaje y hospedaje ser\u00e1 desde la ciudad del equipo ganador <\/span>latinoamericano hasta la ciudad donde se realizar\u00e1 la ronda mundial. El entrenador, as\u00ed como otros miembros del equipo que deseen ir a la Ronda mundial, deber\u00e1n sufragar sus gastos.\u00a0<\/li>\n<\/ol>\n<p><span style=\"font-weight: 400;\">Todos los tramites de visa y acceso al pa\u00eds organizador de la ronda mundial, estar\u00e1n a cargo del equipo ganador.<\/span><\/p>\n<p><b>La din\u00e1mica de la ronda Latinoamericana in situ se desarrolla en el t\u00e9rmino de dos (2) d\u00edas:<\/b><span style=\"font-weight: 400;\"> En el primero se ejecutan las rondas clasificatorias, donde cada equipo se enfrentar\u00e1 dos veces con otros equipos, y de donde se elegir\u00e1n a los dos finalistas de acuerdo a los dos mejores puntajes obtenidos resultado de la sumatoria de los memoriales presentados y la calificaci\u00f3n de los dos juicios orales. Y en el segundo d\u00eda se realizar\u00e1 la final, donde ganar\u00e1 el equipo que los jueces decidan que mejor ha ejecutado su presentaci\u00f3n de acuerdo a las reglas del certamen.<\/span><\/p>\n<p>\u00a1Buenas noticias para los amantes del derecho espacial! La ronda latinoamericana de 2025 del Lachs Moot Court se llevar\u00e1n a cabo a 2600 metros m\u00e1s cerca de las estrellas, en la vibrante y din\u00e1mica ciudad de Bogot\u00e1, Colombia. Prep\u00e1rese para vivir una competencia sin igual en una de las capitales m\u00e1s impresionantes de Am\u00e9rica Latina, donde los mejores equipos de toda la regi\u00f3n se enfrentar\u00e1n en una exhibici\u00f3n de habilidades jur\u00eddicas. La rica cultura de Bogot\u00e1, sus impresionantes paisajes y su c\u00e1lida hospitalidad brindar\u00e1n el escenario perfecto para una experiencia inolvidable. Marque su calendario para el 14 y 15 de mayo de 2025: este es un evento que no querr\u00e1 perderse. Esta competencia es presentada por Jairo Becerra y Laura Gamarra-Amaya de la Universidad Cat\u00f3lica de Colombia, junto con nuestros patrocinadores.<\/p>\n<p>Cordialmente,<br \/>Laura C. Gamarra Amaya, Esq,. LL.M.<br \/>Docente<br \/>lcgamarra@ucatolica.edu.co<br \/>3105600741<\/p>\n<p><b>HISTORIA DE LA RONDA:<\/b><\/p>\n<p><span style=\"font-weight: 400;\">La historia de la ronda latinoamericana se extiende a\u00f1os antes de su inclusi\u00f3n oficial. En el a\u00f1o 2018 se asumi\u00f3 el reto de abrir la ronda Latinoamericana y en el a\u00f1o 2019 se realiz\u00f3 por primera vez, con miras a conformar la quinta regi\u00f3n que participar\u00e1 en las rondas mundiales. El evento se realiz\u00f3 en la Universidad Cat\u00f3lica de Colombia. En el a\u00f1o 2020 se realiz\u00f3 la segunda edici\u00f3n de pruebas, lo cual debido al inicio de la pandemia del COVID-19, la competencia se realiz\u00f3 de forma virtual. Para el 2021 Latinoam\u00e9rica ya se encontraba oficialmente incluida como la 5\u00aa regi\u00f3n en la organizaci\u00f3n mundial, y La 1ra Ronda Latinoamericana del Moot Court de Derecho Espacial Manfred Lachs se llev\u00f3 a cabo en Lima, Per\u00fa en la Universidad Peruana de Ciencias Aplicadas UPC. En el 2022, la Ronda Latinoamericana se realiz\u00f3 con \u00e9xito de manera presencial en Punta Cana, Rep\u00fablica Dominicana. Este a\u00f1o contamos con el apoyo de la Asociaci\u00f3n Aeroespacial Dominicana y el Instituto Tecnol\u00f3gico de Santo Domingo. En el a\u00f1o 2023, la Ronda se realiz\u00f3 en ciudad de M\u00e9xico, M\u00e9xico, con el apoyo de la secretaria de Relaciones Exteriores del gobierno mexicano, el punto nacional de contacto de Relaca Espacio en M\u00e9xico y la UNAM.<\/span><\/p>\n<figure class=\"wp-block-gallery has-nested-images columns-4 is-cropped wp-block-gallery-3 is-layout-flex wp-block-gallery-is-layout-flex\">\n<figure class=\"wp-block-image size-large\"><img fetchpriority=\"high\" decoding=\"async\" class=\"wp-image-100723 size-full\" src=\"https:\/\/www.ucatolica.edu.co\/portal\/wp-content\/uploads\/2023\/09\/Imagen4.jpg\" alt=\"Ronda 2023, M\u00e9xico\" width=\"382\" height=\"228\" data-id=\"100723\" \/>Ronda 2023, M\u00e9xico<\/figure>\n<figure class=\"wp-block-image size-large\"><img decoding=\"async\" class=\"wp-image-100722 size-full\" src=\"https:\/\/www.ucatolica.edu.co\/portal\/wp-content\/uploads\/2023\/09\/Imagen3.jpg\" alt=\"Evento 2022, Republica Dominicana\" width=\"412\" height=\"188\" data-id=\"100722\" \/>Evento 2022, Republica Dominicana<\/figure>\n<figure class=\"wp-block-image size-large\"><img decoding=\"async\" class=\"wp-image-100721 size-full\" src=\"https:\/\/www.ucatolica.edu.co\/portal\/wp-content\/uploads\/2023\/09\/Imagen1.jpg\" alt=\"Placa conmemorativa 2019\" width=\"454\" \/>Placa conmemorativa 2019<\/figure>\n<figure class=\"wp-block-image size-large\"><img decoding=\"async\" class=\"wp-image-100720 size-full\" src=\"https:\/\/www.ucatolica.edu.co\/portal\/wp-content\/uploads\/2023\/09\/Imagen2.jpg\" alt=\"Evento virtual 2020\" width=\"536\" height=\"304\" data-id=\"100720\" \/>Evento virtual 2020<\/figure>\n<\/figure>\n\n\n<p><\/p>\n\n\n\n<p><\/p>\n\n\n\n<div style=\"height:60px\" aria-hidden=\"true\" class=\"wp-block-spacer\"><\/div>\n\n\n\n<h4 class=\"wp-block-heading\">\u00bfC\u00f3mo inscribirse?<\/h4>\n\n\n\n<p>La inscripci\u00f3n a la ronda debe hacerse completando el siguiente formulario, tiene un valor de US$150 d\u00f3lares americanos los cuales se pagan de manera electr\u00f3nica, <a href=\"http:\/\/ucatolica.flywire.com\/\" target=\"_blank\" rel=\"noreferrer noopener\">ingresando aqu\u00ed <\/a>y siguiente las siguientes instrucciones. Se debe remitir antes de la fecha de cierre de las inscripciones cada a\u00f1o al email: <a href=\"mailto:lcgamarra@ucatolica.edu.co\">lcgamarra@ucatolica.edu.co<\/a><\/p>\n\n\n\n<p>\u00b7 Copia del formulario de inscripci\u00f3n.<\/p>\n\n\n\n<p>\u00b7 Copia del pago realizado.<\/p>\n\n\n\n<p>\u00b7 <a href=\"https:\/\/www.ucatolica.edu.co\/portal\/wp-content\/uploads\/2025\/03\/Instructivo-pago-Flyware.pdf\" target=\"_blank\" rel=\"noreferrer noopener\">Instrucciones de pago<\/a>.<\/p>\n\n\n\n<p><strong>INFORMACI\u00d3N<\/strong><\/p>\n\n\n\n<p>Para cualquier informaci\u00f3n, por favor comunicarse a:<\/p>\n\n\n\n<p>\u00b7 Organizador Regional: Dr. Jairo Becerra <a href=\"mailto:jabecerrao@ucatolica.edu.co\">jabecerrao@ucatolica.edu.co<\/a><\/p>\n\n\n\n<p>\u00b7 Asistente Organizador Regional: Laura Gamarra LL.M. <a href=\"mailto:lcgamarra@ucatolica.edu.co\">lcgamarra@ucatolica.edu.co<\/a><\/p>\n","protected":false},"excerpt":{"rendered":"<p>Ronda latinoamericana de la Manfred Lachs SpaceLaw Moot Court Competition El Instituto Internacional de Derecho Espacial \u2013 IISL, La Universidad Cat\u00f3lica de Colombia y la Red Latinoamericana y del Caribe del Espacio RELACA ESPACIO, se han organizado para crear la Ronda latinoamericana de la Manfred Lachs Space Law Moot Court Competition, la cual pretende promover [&hellip;]<\/p>\n","protected":false},"author":2,"featured_media":0,"parent":0,"menu_order":0,"comment_status":"closed","ping_status":"closed","template":"page-oldstyle.php","meta":{"_acf_changed":false,"advgb_blocks_editor_width":"","advgb_blocks_columns_visual_guide":"","footnotes":""},"class_list":["post-103481","page","type-page","status-publish","hentry"],"acf":[],"yoast_head":"<!-- This site is optimized with the Yoast SEO plugin v26.7 - https:\/\/yoast.com\/wordpress\/plugins\/seo\/ -->\n<title>Ronda latinoamericana de la Manfred Lachs Space Law Moot Court Competition - Universidad Cat\u00f3lica De Colombia<\/title>\n<meta name=\"robots\" content=\"index, follow, max-snippet:-1, max-image-preview:large, max-video-preview:-1\" \/>\n<link rel=\"canonical\" href=\"https:\/\/www.ucatolica.edu.co\/portal\/ronda-latinoamericana-de-la-manfred-lachs-space-law-moot-court-competition\/\" \/>\n<meta property=\"og:locale\" content=\"es_ES\" \/>\n<meta property=\"og:type\" content=\"article\" \/>\n<meta property=\"og:title\" content=\"Ronda latinoamericana de la Manfred Lachs Space Law Moot Court Competition - Universidad Cat\u00f3lica De Colombia\" \/>\n<meta property=\"og:description\" content=\"Ronda latinoamericana de la Manfred Lachs SpaceLaw Moot Court Competition El Instituto Internacional de Derecho Espacial \u2013 IISL, La Universidad Cat\u00f3lica de Colombia y la Red Latinoamericana y del Caribe del Espacio RELACA ESPACIO, se han organizado para crear la Ronda latinoamericana de la Manfred Lachs Space Law Moot Court Competition, la cual pretende promover [&hellip;]\" \/>\n<meta property=\"og:url\" content=\"https:\/\/www.ucatolica.edu.co\/portal\/ronda-latinoamericana-de-la-manfred-lachs-space-law-moot-court-competition\/\" \/>\n<meta property=\"og:site_name\" content=\"Universidad Cat\u00f3lica De Colombia\" \/>\n<meta property=\"article:publisher\" content=\"https:\/\/www.facebook.com\/ucatolicacolombia\" \/>\n<meta property=\"article:modified_time\" content=\"2025-03-22T16:57:29+00:00\" \/>\n<meta property=\"og:image\" content=\"https:\/\/www.ucatolica.edu.co\/portal\/wp-content\/uploads\/2023\/09\/Imagen4.jpg\" \/>\n<meta name=\"twitter:card\" content=\"summary_large_image\" \/>\n<meta name=\"twitter:site\" content=\"@UCatolicaCol\" \/>\n<meta name=\"twitter:label1\" content=\"Tiempo de lectura\" \/>\n\t<meta name=\"twitter:data1\" content=\"5 minutos\" \/>\n<script type=\"application\/ld+json\" class=\"yoast-schema-graph\">{\"@context\":\"https:\/\/schema.org\",\"@graph\":[{\"@type\":\"WebPage\",\"@id\":\"https:\/\/www.ucatolica.edu.co\/portal\/ronda-latinoamericana-de-la-manfred-lachs-space-law-moot-court-competition\/\",\"url\":\"https:\/\/www.ucatolica.edu.co\/portal\/ronda-latinoamericana-de-la-manfred-lachs-space-law-moot-court-competition\/\",\"name\":\"Ronda latinoamericana de la Manfred Lachs Space Law Moot Court Competition - Universidad Cat\u00f3lica De Colombia\",\"isPartOf\":{\"@id\":\"https:\/\/www.ucatolica.edu.co\/portal\/#website\"},\"primaryImageOfPage\":{\"@id\":\"https:\/\/www.ucatolica.edu.co\/portal\/ronda-latinoamericana-de-la-manfred-lachs-space-law-moot-court-competition\/#primaryimage\"},\"image\":{\"@id\":\"https:\/\/www.ucatolica.edu.co\/portal\/ronda-latinoamericana-de-la-manfred-lachs-space-law-moot-court-competition\/#primaryimage\"},\"thumbnailUrl\":\"https:\/\/www.ucatolica.edu.co\/portal\/wp-content\/uploads\/2023\/09\/Imagen4.jpg\",\"datePublished\":\"2024-01-24T16:22:01+00:00\",\"dateModified\":\"2025-03-22T16:57:29+00:00\",\"breadcrumb\":{\"@id\":\"https:\/\/www.ucatolica.edu.co\/portal\/ronda-latinoamericana-de-la-manfred-lachs-space-law-moot-court-competition\/#breadcrumb\"},\"inLanguage\":\"es-CO\",\"potentialAction\":[{\"@type\":\"ReadAction\",\"target\":[\"https:\/\/www.ucatolica.edu.co\/portal\/ronda-latinoamericana-de-la-manfred-lachs-space-law-moot-court-competition\/\"]}]},{\"@type\":\"ImageObject\",\"inLanguage\":\"es-CO\",\"@id\":\"https:\/\/www.ucatolica.edu.co\/portal\/ronda-latinoamericana-de-la-manfred-lachs-space-law-moot-court-competition\/#primaryimage\",\"url\":\"https:\/\/www.ucatolica.edu.co\/portal\/wp-content\/uploads\/2023\/09\/Imagen4.jpg\",\"contentUrl\":\"https:\/\/www.ucatolica.edu.co\/portal\/wp-content\/uploads\/2023\/09\/Imagen4.jpg\",\"width\":382,\"height\":228,\"caption\":\"Administrativos del centro de investigaciones socio jur\u00eddicas en la ronda 2023 en m\u00e9xico.\"},{\"@type\":\"BreadcrumbList\",\"@id\":\"https:\/\/www.ucatolica.edu.co\/portal\/ronda-latinoamericana-de-la-manfred-lachs-space-law-moot-court-competition\/#breadcrumb\",\"itemListElement\":[{\"@type\":\"ListItem\",\"position\":1,\"name\":\"Inicio\",\"item\":\"https:\/\/www.ucatolica.edu.co\/portal\/\"},{\"@type\":\"ListItem\",\"position\":2,\"name\":\"Ronda latinoamericana de la Manfred Lachs Space Law Moot Court Competition\"}]},{\"@type\":\"WebSite\",\"@id\":\"https:\/\/www.ucatolica.edu.co\/portal\/#website\",\"url\":\"https:\/\/www.ucatolica.edu.co\/portal\/\",\"name\":\"Universidad Cat\u00f3lica De Colombia\",\"description\":\"Universidad Cat\u00f3lica De Colombia\",\"publisher\":{\"@id\":\"https:\/\/www.ucatolica.edu.co\/portal\/#organization\"},\"potentialAction\":[{\"@type\":\"SearchAction\",\"target\":{\"@type\":\"EntryPoint\",\"urlTemplate\":\"https:\/\/www.ucatolica.edu.co\/portal\/?s={search_term_string}\"},\"query-input\":{\"@type\":\"PropertyValueSpecification\",\"valueRequired\":true,\"valueName\":\"search_term_string\"}}],\"inLanguage\":\"es-CO\"},{\"@type\":\"Organization\",\"@id\":\"https:\/\/www.ucatolica.edu.co\/portal\/#organization\",\"name\":\"Universidad Cat\u00f3lica de Colombia\",\"url\":\"https:\/\/www.ucatolica.edu.co\/portal\/\",\"logo\":{\"@type\":\"ImageObject\",\"inLanguage\":\"es-CO\",\"@id\":\"https:\/\/www.ucatolica.edu.co\/portal\/#\/schema\/logo\/image\/\",\"url\":\"https:\/\/www.ucatolica.edu.co\/portal\/wp-content\/uploads\/2021\/06\/logo-header-ho-1.svg\",\"contentUrl\":\"https:\/\/www.ucatolica.edu.co\/portal\/wp-content\/uploads\/2021\/06\/logo-header-ho-1.svg\",\"width\":1,\"height\":1,\"caption\":\"Universidad Cat\u00f3lica de Colombia\"},\"image\":{\"@id\":\"https:\/\/www.ucatolica.edu.co\/portal\/#\/schema\/logo\/image\/\"},\"sameAs\":[\"https:\/\/www.facebook.com\/ucatolicacolombia\",\"https:\/\/x.com\/UCatolicaCol\",\"https:\/\/www.instagram.com\/universidadcatolicadecolombia\/\",\"https:\/\/www.linkedin.com\/company\/universidadcatolicadecolombia\/\",\"https:\/\/www.youtube.com\/user\/UCatolicaCo\"]}]}<\/script>\n<!-- \/ Yoast SEO plugin. -->","yoast_head_json":{"title":"Ronda latinoamericana de la Manfred Lachs Space Law Moot Court Competition - Universidad Cat\u00f3lica De Colombia","robots":{"index":"index","follow":"follow","max-snippet":"max-snippet:-1","max-image-preview":"max-image-preview:large","max-video-preview":"max-video-preview:-1"},"canonical":"https:\/\/www.ucatolica.edu.co\/portal\/ronda-latinoamericana-de-la-manfred-lachs-space-law-moot-court-competition\/","og_locale":"es_ES","og_type":"article","og_title":"Ronda latinoamericana de la Manfred Lachs Space Law Moot Court Competition - Universidad Cat\u00f3lica De Colombia","og_description":"Ronda latinoamericana de la Manfred Lachs SpaceLaw Moot Court Competition El Instituto Internacional de Derecho Espacial \u2013 IISL, La Universidad Cat\u00f3lica de Colombia y la Red Latinoamericana y del Caribe del Espacio RELACA ESPACIO, se han organizado para crear la Ronda latinoamericana de la Manfred Lachs Space Law Moot Court Competition, la cual pretende promover [&hellip;]","og_url":"https:\/\/www.ucatolica.edu.co\/portal\/ronda-latinoamericana-de-la-manfred-lachs-space-law-moot-court-competition\/","og_site_name":"Universidad Cat\u00f3lica De Colombia","article_publisher":"https:\/\/www.facebook.com\/ucatolicacolombia","article_modified_time":"2025-03-22T16:57:29+00:00","og_image":[{"url":"https:\/\/www.ucatolica.edu.co\/portal\/wp-content\/uploads\/2023\/09\/Imagen4.jpg","type":"","width":"","height":""}],"twitter_card":"summary_large_image","twitter_site":"@UCatolicaCol","twitter_misc":{"Tiempo de lectura":"5 minutos"},"schema":{"@context":"https:\/\/schema.org","@graph":[{"@type":"WebPage","@id":"https:\/\/www.ucatolica.edu.co\/portal\/ronda-latinoamericana-de-la-manfred-lachs-space-law-moot-court-competition\/","url":"https:\/\/www.ucatolica.edu.co\/portal\/ronda-latinoamericana-de-la-manfred-lachs-space-law-moot-court-competition\/","name":"Ronda latinoamericana de la Manfred Lachs Space Law Moot Court Competition - Universidad Cat\u00f3lica De Colombia","isPartOf":{"@id":"https:\/\/www.ucatolica.edu.co\/portal\/#website"},"primaryImageOfPage":{"@id":"https:\/\/www.ucatolica.edu.co\/portal\/ronda-latinoamericana-de-la-manfred-lachs-space-law-moot-court-competition\/#primaryimage"},"image":{"@id":"https:\/\/www.ucatolica.edu.co\/portal\/ronda-latinoamericana-de-la-manfred-lachs-space-law-moot-court-competition\/#primaryimage"},"thumbnailUrl":"https:\/\/www.ucatolica.edu.co\/portal\/wp-content\/uploads\/2023\/09\/Imagen4.jpg","datePublished":"2024-01-24T16:22:01+00:00","dateModified":"2025-03-22T16:57:29+00:00","breadcrumb":{"@id":"https:\/\/www.ucatolica.edu.co\/portal\/ronda-latinoamericana-de-la-manfred-lachs-space-law-moot-court-competition\/#breadcrumb"},"inLanguage":"es-CO","potentialAction":[{"@type":"ReadAction","target":["https:\/\/www.ucatolica.edu.co\/portal\/ronda-latinoamericana-de-la-manfred-lachs-space-law-moot-court-competition\/"]}]},{"@type":"ImageObject","inLanguage":"es-CO","@id":"https:\/\/www.ucatolica.edu.co\/portal\/ronda-latinoamericana-de-la-manfred-lachs-space-law-moot-court-competition\/#primaryimage","url":"https:\/\/www.ucatolica.edu.co\/portal\/wp-content\/uploads\/2023\/09\/Imagen4.jpg","contentUrl":"https:\/\/www.ucatolica.edu.co\/portal\/wp-content\/uploads\/2023\/09\/Imagen4.jpg","width":382,"height":228,"caption":"Administrativos del centro de investigaciones socio jur\u00eddicas en la ronda 2023 en m\u00e9xico."},{"@type":"BreadcrumbList","@id":"https:\/\/www.ucatolica.edu.co\/portal\/ronda-latinoamericana-de-la-manfred-lachs-space-law-moot-court-competition\/#breadcrumb","itemListElement":[{"@type":"ListItem","position":1,"name":"Inicio","item":"https:\/\/www.ucatolica.edu.co\/portal\/"},{"@type":"ListItem","position":2,"name":"Ronda latinoamericana de la Manfred Lachs Space Law Moot Court Competition"}]},{"@type":"WebSite","@id":"https:\/\/www.ucatolica.edu.co\/portal\/#website","url":"https:\/\/www.ucatolica.edu.co\/portal\/","name":"Universidad Cat\u00f3lica De Colombia","description":"Universidad Cat\u00f3lica De Colombia","publisher":{"@id":"https:\/\/www.ucatolica.edu.co\/portal\/#organization"},"potentialAction":[{"@type":"SearchAction","target":{"@type":"EntryPoint","urlTemplate":"https:\/\/www.ucatolica.edu.co\/portal\/?s={search_term_string}"},"query-input":{"@type":"PropertyValueSpecification","valueRequired":true,"valueName":"search_term_string"}}],"inLanguage":"es-CO"},{"@type":"Organization","@id":"https:\/\/www.ucatolica.edu.co\/portal\/#organization","name":"Universidad Cat\u00f3lica de Colombia","url":"https:\/\/www.ucatolica.edu.co\/portal\/","logo":{"@type":"ImageObject","inLanguage":"es-CO","@id":"https:\/\/www.ucatolica.edu.co\/portal\/#\/schema\/logo\/image\/","url":"https:\/\/www.ucatolica.edu.co\/portal\/wp-content\/uploads\/2021\/06\/logo-header-ho-1.svg","contentUrl":"https:\/\/www.ucatolica.edu.co\/portal\/wp-content\/uploads\/2021\/06\/logo-header-ho-1.svg","width":1,"height":1,"caption":"Universidad Cat\u00f3lica de Colombia"},"image":{"@id":"https:\/\/www.ucatolica.edu.co\/portal\/#\/schema\/logo\/image\/"},"sameAs":["https:\/\/www.facebook.com\/ucatolicacolombia","https:\/\/x.com\/UCatolicaCol","https:\/\/www.instagram.com\/universidadcatolicadecolombia\/","https:\/\/www.linkedin.com\/company\/universidadcatolicadecolombia\/","https:\/\/www.youtube.com\/user\/UCatolicaCo"]}]}},"coauthors":[],"author_meta":{"author_link":"https:\/\/www.ucatolica.edu.co\/portal\/author\/carrnall\/","display_name":"Carlos Zea"},"relative_dates":{"created":"Posted 2 a\u00f1os ago","modified":"Updated 1 a\u00f1o ago"},"absolute_dates":{"created":"Posted on 24 enero, 2024","modified":"Updated on 22 marzo, 2025"},"absolute_dates_time":{"created":"Posted on 24 enero, 2024 11:22 am","modified":"Updated on 22 marzo, 2025 11:57 am"},"featured_img_caption":"","featured_img":false,"series_order":"","_links":{"self":[{"href":"https:\/\/www.ucatolica.edu.co\/portal\/wp-json\/wp\/v2\/pages\/103481","targetHints":{"allow":["GET"]}}],"collection":[{"href":"https:\/\/www.ucatolica.edu.co\/portal\/wp-json\/wp\/v2\/pages"}],"about":[{"href":"https:\/\/www.ucatolica.edu.co\/portal\/wp-json\/wp\/v2\/types\/page"}],"author":[{"embeddable":true,"href":"https:\/\/www.ucatolica.edu.co\/portal\/wp-json\/wp\/v2\/users\/2"}],"replies":[{"embeddable":true,"href":"https:\/\/www.ucatolica.edu.co\/portal\/wp-json\/wp\/v2\/comments?post=103481"}],"version-history":[{"count":16,"href":"https:\/\/www.ucatolica.edu.co\/portal\/wp-json\/wp\/v2\/pages\/103481\/revisions"}],"predecessor-version":[{"id":116417,"href":"https:\/\/www.ucatolica.edu.co\/portal\/wp-json\/wp\/v2\/pages\/103481\/revisions\/116417"}],"wp:attachment":[{"href":"https:\/\/www.ucatolica.edu.co\/portal\/wp-json\/wp\/v2\/media?parent=103481"}],"curies":[{"name":"wp","href":"https:\/\/api.w.org\/{rel}","templated":true}]}}