{"id":113466,"date":"2024-11-14T15:57:26","date_gmt":"2024-11-14T20:57:26","guid":{"rendered":"https:\/\/www.ucatolica.edu.co\/portal\/?page_id=113466"},"modified":"2024-11-14T16:52:42","modified_gmt":"2024-11-14T21:52:42","slug":"programa-de-empleabilidad","status":"publish","type":"page","link":"https:\/\/www.ucatolica.edu.co\/portal\/egresados\/programa-de-empleabilidad\/","title":{"rendered":"Programa de Empleabilidad"},"content":{"rendered":"\n<h2 class=\"wp-block-heading\">Programa de Empleabilidad<\/h2>\n\n\n\n<div style=\"height:44px\" aria-hidden=\"true\" class=\"wp-block-spacer\"><\/div>\n\n\n<p>Es un programa <span data-olk-copy-source=\"MessageBody\">de la Direcci\u00f3n de Extensi\u00f3n <\/span>de la Universidad Cat\u00f3lica de Colombia, cuya funci\u00f3n es acompa\u00f1ar y asesorar a la comunidad acad\u00e9mica (graduados, egresados y estudiantes) en su acercamiento exitoso al mundo laboral y a las empresas aliadas en sus procesos de selecci\u00f3n de personal.<\/p>\n<p>Para lograrlo ofrecemos los siguientes servicios:<\/p>\n<p>1. Orientaci\u00f3n ocupacional a graduados, egresados y estudiantes.<br \/>a. Orientaci\u00f3n individual:\u00a0es un servicio personalizado atendido por profesionales, que brindan informaci\u00f3n pertinente y dan a conocer algunas herramientas para:<\/p>\n<ul>\n<li>Elaboraci\u00f3n de hoja de vida que permitan responder a las expectativas de las empresas.<\/li>\n<li>Preparaci\u00f3n y presentaci\u00f3n para los diferentes tipos de entrevista que realizan las empresas.<\/li>\n<li>Conocimiento general de las diferentes pruebas psicot\u00e9cnicas que se utilizan en los procesos de selecci\u00f3n.<\/li>\n<\/ul>\n<p>Agenda tu asesor\u00eda virtual aqu\u00ed:\u00a0<a href=\"https:\/\/outlook.office365.com\/book\/BienvenidoalProgramadeEmpleabilidadUCatlicadeColombia@ucatolica.edu.co\/\" target=\"_blank\" rel=\"noopener\" data-saferedirecturl=\"https:\/\/www.google.com\/url?q=https:\/\/forms.gle\/dTYobQWbbSAUyDZL6&amp;source=gmail&amp;ust=1657212009805000&amp;usg=AOvVaw18VnaG0J416xcaE5uDn7mQ\">aqu\u00ed<\/a><\/p>\n<p>b. Orientaci\u00f3n grupal:\u00a0conferencia virtuales de temas relacionados con la empleabilidad, tendencias del mercado laboral y desarrollo de competencias blandas.<\/p>\n<p>c. Cursos virtuales:\u00a0a trav\u00e9s de la plataforma AVA se ofrece esta propuesta educativa, con el fin de fortalecer o desarrollar las habilidades y competencias correspondientes para el ingreso al mundo laboral.<\/p>\n<p>d. Ferias laborales o charlas empresariales:\u00a0son espacios que les permite a las empresas, estudiantes y egresados, su inter\u00e9s en lograr un v\u00ednculo laboral a corto, mediano o largo plazo.<\/p>\n<p><em>*La informaci\u00f3n y programaci\u00f3n de estos eventos se enviar\u00e1 por correo electr\u00f3nico y se publicar\u00e1 en redes sociales.<\/em><\/p>\n<p><em>2. Orientaci\u00f3n a Empresas<\/em><\/p>\n<p><em>Los Empleadores encontrar\u00e1n en Empleabilidad un servicio de apoyo en sus procesos de reclutamiento y selecci\u00f3n, donde podr\u00e1n acceder a los perfiles profesionales de nuestro excelente talento U. Cat\u00f3lica de Colombia.<br \/>Nuestras empresas aliadas al registrarse en el portal de empleo tendr\u00e1n acceso a:<\/em><\/p>\n<ul>\n<li>Publicar ofertas de empleo.<\/li>\n<li>Acceder a las hojas de vida de estudiantes y egresados de la U.<\/li>\n<li>Gestionar los procesos de selecci\u00f3n.<\/li>\n<li>Realizar publicaciones simult\u00e1neas de ofertas laborales.<\/li>\n<li>Divulgaci\u00f3n de las ofertas de empleo publicadas.<\/li>\n<li>Participaci\u00f3n en Ferias Laborales o actividades exclusivas de Selecci\u00f3n en nuestra U. Invitaciones a talleres y capacitaciones.<\/li>\n<\/ul>\n<p>La empresa interesada en participar o tener informaci\u00f3n debe escribir a\u00a0<a href=\"mailto:empleablilidad@ucatolica.edu.co\" target=\"_blank\" rel=\"noopener\">empleablilidad@ucatolica.edu.co<\/a>\u00a0o llamar al tel\u00e9fono (601) 4433700 ext. 3293 y exponer su inquietud, o deseo de realizar alguna de las actividades.<\/p>\n<p><a href=\"https:\/\/www.ucatolica.edu.co\/portal\/wp-content\/uploads\/2024\/07\/Brochure_Empleabilidad.pdf\" target=\"_blank\" rel=\"noopener\">Para descargar nuestro brotchure, clic aqu\u00ed<\/a><\/p>\n<p><em><strong>Bolsa de Empleo:<\/strong><\/em><\/p>\n<p>En la Bolsa de empleo de la Universidad, podr\u00e1 tener acceso a las diferentes ofertas de empleo, adem\u00e1s orientaci\u00f3n para mejorar su hoja de vida, charlas y talleres de orientaci\u00f3n ocupacional.<\/p>\n<ul>\n<li><a href=\"https:\/\/jobboard.universia.net\/mitrabajoucatolica\">Bolsa de Empleo de la Universidad Cat\u00f3lica de Colombia<\/a><\/li>\n<li><a href=\"https:\/\/www.ucatolica.edu.co\/portal\/wp-content\/uploads\/2024\/08\/ProgramadeempleabilidadFF.pdf\">Manual de registro a la Bolsa de Empleo<\/a><\/li>\n<li><a href=\"https:\/\/www.youtube.com\/shorts\/N8gvQz1LALo\" target=\"_blank\" rel=\"noopener\"><i>Haz parte del Portal de Empleabilidad<\/i><\/a><\/li>\n<li><a href=\"https:\/\/www.youtube.com\/shorts\/0_2L_cP3V3I\" target=\"_blank\" rel=\"noopener\"><i>\u00danete al Programa de Empleabilidad<\/i><\/a><\/li>\n<li><a href=\"https:\/\/www.youtube.com\/shorts\/NxL28zuohoc\" target=\"_blank\" rel=\"noopener\"><i>Claves para tener \u00e9xito en tu entrevista laboral<\/i><\/a><\/li>\n<li><a href=\"https:\/\/www.youtube.com\/watch?v=Z82BKm5APE4\" target=\"_blank\" rel=\"noopener\"><i>Crea una Hoja de Vida que impresione a los reclutadores<\/i><\/a><\/li>\n<\/ul>\n<ol>\n<li>Conozca la Resoluci\u00f3n de Autorizaci\u00f3n del Ministerio de Trabajo para prestar servicios de Bolsa de Empleo a la Universidad Cat\u00f3lica de Colombia,\u00a0<a href=\"https:\/\/www.ucatolica.edu.co\/portal\/wp-content\/uploads\/2022\/10\/RES0466-AUTORIZACION-IES-UNIVERSIDAD-CATOLICA-DE-COLOMBIA-1.pdf\">clic aqu\u00ed.<\/a><\/li>\n<li>Conozca el Reglamento de prestaci\u00f3n de servicios de gesti\u00f3n y colocaci\u00f3n de la Bolsa de Empleo de la Universidad Cat\u00f3lica de Colombia,\u00a0<a href=\"https:\/\/www.ucatolica.edu.co\/portal\/wp-content\/uploads\/2022\/10\/reglamento-bolsa-de-empleo.pdf\">clic aqu\u00ed.<\/a><\/li>\n<\/ol>\n<p><strong>Datos de contacto:<\/strong><\/p>\n<p><strong>Especialista en Empleabilidad<br \/><\/strong>Pbx: (601) 4433700 Ext: 3293<br \/><strong>empleabilidad@ucatolica.edu.co<\/strong><br \/>Diagonal 46 #15B- 18 Casa de Extensi\u00f3n<\/p>\n<p><!-- CONTENEDOR DOS PARA SIDEBAR --><\/p>\n<div id=\"contenido-dos\">\n<h2>Documentos de Inter\u00e9s<\/h2>\n<ul>\n<li class=\"btn-documentos\"><a href=\"https:\/\/www.ucatolica.edu.co\/portal\/wp-content\/uploads\/2024\/07\/Brochure_Empleabilidad.pdf\">Portafolio de Servicios Programa de Empleabilidad<\/a><\/li>\n<\/ul>\n<h2>Enlaces de Inter\u00e9s<\/h2>\n<ul>\n<li class=\"btn-documentos\"><a href=\"https:\/\/jobboard.universia.net\/mitrabajoucatolica?dateFrom=all&amp;page=1\">Bolsa de empleo<\/a><\/li>\n<\/ul>\n<\/div>\n\n\n<p><\/p>\n","protected":false},"excerpt":{"rendered":"<p>Programa de Empleabilidad Es un programa de la Direcci\u00f3n de Extensi\u00f3n de la Universidad Cat\u00f3lica de Colombia, cuya funci\u00f3n es acompa\u00f1ar y asesorar a la comunidad acad\u00e9mica (graduados, egresados y estudiantes) en su acercamiento exitoso al mundo laboral y a las empresas aliadas en sus procesos de selecci\u00f3n de personal. Para lograrlo ofrecemos los siguientes [&hellip;]<\/p>\n","protected":false},"author":2,"featured_media":0,"parent":901,"menu_order":0,"comment_status":"closed","ping_status":"closed","template":"page-oldstyle.php","meta":{"_acf_changed":false,"advgb_blocks_editor_width":"","advgb_blocks_columns_visual_guide":"","footnotes":""},"class_list":["post-113466","page","type-page","status-publish","hentry"],"acf":[],"yoast_head":"<!-- This site is optimized with the Yoast SEO plugin v26.7 - https:\/\/yoast.com\/wordpress\/plugins\/seo\/ -->\n<title>Programa de Empleabilidad - Universidad Cat\u00f3lica De Colombia<\/title>\n<meta name=\"robots\" content=\"index, follow, max-snippet:-1, max-image-preview:large, max-video-preview:-1\" \/>\n<link rel=\"canonical\" href=\"https:\/\/www.ucatolica.edu.co\/portal\/egresados\/programa-de-empleabilidad\/\" \/>\n<meta property=\"og:locale\" content=\"es_ES\" \/>\n<meta property=\"og:type\" content=\"article\" \/>\n<meta property=\"og:title\" content=\"Programa de Empleabilidad - Universidad Cat\u00f3lica De Colombia\" \/>\n<meta property=\"og:description\" content=\"Programa de Empleabilidad Es un programa de la Direcci\u00f3n de Extensi\u00f3n de la Universidad Cat\u00f3lica de Colombia, cuya funci\u00f3n es acompa\u00f1ar y asesorar a la comunidad acad\u00e9mica (graduados, egresados y estudiantes) en su acercamiento exitoso al mundo laboral y a las empresas aliadas en sus procesos de selecci\u00f3n de personal. Para lograrlo ofrecemos los siguientes [&hellip;]\" \/>\n<meta property=\"og:url\" content=\"https:\/\/www.ucatolica.edu.co\/portal\/egresados\/programa-de-empleabilidad\/\" \/>\n<meta property=\"og:site_name\" content=\"Universidad Cat\u00f3lica De Colombia\" \/>\n<meta property=\"article:publisher\" content=\"https:\/\/www.facebook.com\/ucatolicacolombia\" \/>\n<meta property=\"article:modified_time\" content=\"2024-11-14T21:52:42+00:00\" \/>\n<meta name=\"twitter:card\" content=\"summary_large_image\" \/>\n<meta name=\"twitter:site\" content=\"@UCatolicaCol\" \/>\n<meta name=\"twitter:label1\" content=\"Tiempo de lectura\" \/>\n\t<meta name=\"twitter:data1\" content=\"4 minutos\" \/>\n<script type=\"application\/ld+json\" class=\"yoast-schema-graph\">{\"@context\":\"https:\/\/schema.org\",\"@graph\":[{\"@type\":\"WebPage\",\"@id\":\"https:\/\/www.ucatolica.edu.co\/portal\/egresados\/programa-de-empleabilidad\/\",\"url\":\"https:\/\/www.ucatolica.edu.co\/portal\/egresados\/programa-de-empleabilidad\/\",\"name\":\"Programa de Empleabilidad - Universidad Cat\u00f3lica De Colombia\",\"isPartOf\":{\"@id\":\"https:\/\/www.ucatolica.edu.co\/portal\/#website\"},\"datePublished\":\"2024-11-14T20:57:26+00:00\",\"dateModified\":\"2024-11-14T21:52:42+00:00\",\"breadcrumb\":{\"@id\":\"https:\/\/www.ucatolica.edu.co\/portal\/egresados\/programa-de-empleabilidad\/#breadcrumb\"},\"inLanguage\":\"es-CO\",\"potentialAction\":[{\"@type\":\"ReadAction\",\"target\":[\"https:\/\/www.ucatolica.edu.co\/portal\/egresados\/programa-de-empleabilidad\/\"]}]},{\"@type\":\"BreadcrumbList\",\"@id\":\"https:\/\/www.ucatolica.edu.co\/portal\/egresados\/programa-de-empleabilidad\/#breadcrumb\",\"itemListElement\":[{\"@type\":\"ListItem\",\"position\":1,\"name\":\"Inicio\",\"item\":\"https:\/\/www.ucatolica.edu.co\/portal\/\"},{\"@type\":\"ListItem\",\"position\":2,\"name\":\"Egresados\",\"item\":\"https:\/\/www.ucatolica.edu.co\/portal\/egresados\/\"},{\"@type\":\"ListItem\",\"position\":3,\"name\":\"Programa de Empleabilidad\"}]},{\"@type\":\"WebSite\",\"@id\":\"https:\/\/www.ucatolica.edu.co\/portal\/#website\",\"url\":\"https:\/\/www.ucatolica.edu.co\/portal\/\",\"name\":\"Universidad Cat\u00f3lica De Colombia\",\"description\":\"Universidad Cat\u00f3lica De Colombia\",\"publisher\":{\"@id\":\"https:\/\/www.ucatolica.edu.co\/portal\/#organization\"},\"potentialAction\":[{\"@type\":\"SearchAction\",\"target\":{\"@type\":\"EntryPoint\",\"urlTemplate\":\"https:\/\/www.ucatolica.edu.co\/portal\/?s={search_term_string}\"},\"query-input\":{\"@type\":\"PropertyValueSpecification\",\"valueRequired\":true,\"valueName\":\"search_term_string\"}}],\"inLanguage\":\"es-CO\"},{\"@type\":\"Organization\",\"@id\":\"https:\/\/www.ucatolica.edu.co\/portal\/#organization\",\"name\":\"Universidad Cat\u00f3lica de Colombia\",\"url\":\"https:\/\/www.ucatolica.edu.co\/portal\/\",\"logo\":{\"@type\":\"ImageObject\",\"inLanguage\":\"es-CO\",\"@id\":\"https:\/\/www.ucatolica.edu.co\/portal\/#\/schema\/logo\/image\/\",\"url\":\"https:\/\/www.ucatolica.edu.co\/portal\/wp-content\/uploads\/2021\/06\/logo-header-ho-1.svg\",\"contentUrl\":\"https:\/\/www.ucatolica.edu.co\/portal\/wp-content\/uploads\/2021\/06\/logo-header-ho-1.svg\",\"width\":1,\"height\":1,\"caption\":\"Universidad Cat\u00f3lica de Colombia\"},\"image\":{\"@id\":\"https:\/\/www.ucatolica.edu.co\/portal\/#\/schema\/logo\/image\/\"},\"sameAs\":[\"https:\/\/www.facebook.com\/ucatolicacolombia\",\"https:\/\/x.com\/UCatolicaCol\",\"https:\/\/www.instagram.com\/universidadcatolicadecolombia\/\",\"https:\/\/www.linkedin.com\/company\/universidadcatolicadecolombia\/\",\"https:\/\/www.youtube.com\/user\/UCatolicaCo\"]}]}<\/script>\n<!-- \/ Yoast SEO plugin. -->","yoast_head_json":{"title":"Programa de Empleabilidad - Universidad Cat\u00f3lica De Colombia","robots":{"index":"index","follow":"follow","max-snippet":"max-snippet:-1","max-image-preview":"max-image-preview:large","max-video-preview":"max-video-preview:-1"},"canonical":"https:\/\/www.ucatolica.edu.co\/portal\/egresados\/programa-de-empleabilidad\/","og_locale":"es_ES","og_type":"article","og_title":"Programa de Empleabilidad - Universidad Cat\u00f3lica De Colombia","og_description":"Programa de Empleabilidad Es un programa de la Direcci\u00f3n de Extensi\u00f3n de la Universidad Cat\u00f3lica de Colombia, cuya funci\u00f3n es acompa\u00f1ar y asesorar a la comunidad acad\u00e9mica (graduados, egresados y estudiantes) en su acercamiento exitoso al mundo laboral y a las empresas aliadas en sus procesos de selecci\u00f3n de personal. Para lograrlo ofrecemos los siguientes [&hellip;]","og_url":"https:\/\/www.ucatolica.edu.co\/portal\/egresados\/programa-de-empleabilidad\/","og_site_name":"Universidad Cat\u00f3lica De Colombia","article_publisher":"https:\/\/www.facebook.com\/ucatolicacolombia","article_modified_time":"2024-11-14T21:52:42+00:00","twitter_card":"summary_large_image","twitter_site":"@UCatolicaCol","twitter_misc":{"Tiempo de lectura":"4 minutos"},"schema":{"@context":"https:\/\/schema.org","@graph":[{"@type":"WebPage","@id":"https:\/\/www.ucatolica.edu.co\/portal\/egresados\/programa-de-empleabilidad\/","url":"https:\/\/www.ucatolica.edu.co\/portal\/egresados\/programa-de-empleabilidad\/","name":"Programa de Empleabilidad - Universidad Cat\u00f3lica De Colombia","isPartOf":{"@id":"https:\/\/www.ucatolica.edu.co\/portal\/#website"},"datePublished":"2024-11-14T20:57:26+00:00","dateModified":"2024-11-14T21:52:42+00:00","breadcrumb":{"@id":"https:\/\/www.ucatolica.edu.co\/portal\/egresados\/programa-de-empleabilidad\/#breadcrumb"},"inLanguage":"es-CO","potentialAction":[{"@type":"ReadAction","target":["https:\/\/www.ucatolica.edu.co\/portal\/egresados\/programa-de-empleabilidad\/"]}]},{"@type":"BreadcrumbList","@id":"https:\/\/www.ucatolica.edu.co\/portal\/egresados\/programa-de-empleabilidad\/#breadcrumb","itemListElement":[{"@type":"ListItem","position":1,"name":"Inicio","item":"https:\/\/www.ucatolica.edu.co\/portal\/"},{"@type":"ListItem","position":2,"name":"Egresados","item":"https:\/\/www.ucatolica.edu.co\/portal\/egresados\/"},{"@type":"ListItem","position":3,"name":"Programa de Empleabilidad"}]},{"@type":"WebSite","@id":"https:\/\/www.ucatolica.edu.co\/portal\/#website","url":"https:\/\/www.ucatolica.edu.co\/portal\/","name":"Universidad Cat\u00f3lica De Colombia","description":"Universidad Cat\u00f3lica De Colombia","publisher":{"@id":"https:\/\/www.ucatolica.edu.co\/portal\/#organization"},"potentialAction":[{"@type":"SearchAction","target":{"@type":"EntryPoint","urlTemplate":"https:\/\/www.ucatolica.edu.co\/portal\/?s={search_term_string}"},"query-input":{"@type":"PropertyValueSpecification","valueRequired":true,"valueName":"search_term_string"}}],"inLanguage":"es-CO"},{"@type":"Organization","@id":"https:\/\/www.ucatolica.edu.co\/portal\/#organization","name":"Universidad Cat\u00f3lica de Colombia","url":"https:\/\/www.ucatolica.edu.co\/portal\/","logo":{"@type":"ImageObject","inLanguage":"es-CO","@id":"https:\/\/www.ucatolica.edu.co\/portal\/#\/schema\/logo\/image\/","url":"https:\/\/www.ucatolica.edu.co\/portal\/wp-content\/uploads\/2021\/06\/logo-header-ho-1.svg","contentUrl":"https:\/\/www.ucatolica.edu.co\/portal\/wp-content\/uploads\/2021\/06\/logo-header-ho-1.svg","width":1,"height":1,"caption":"Universidad Cat\u00f3lica de Colombia"},"image":{"@id":"https:\/\/www.ucatolica.edu.co\/portal\/#\/schema\/logo\/image\/"},"sameAs":["https:\/\/www.facebook.com\/ucatolicacolombia","https:\/\/x.com\/UCatolicaCol","https:\/\/www.instagram.com\/universidadcatolicadecolombia\/","https:\/\/www.linkedin.com\/company\/universidadcatolicadecolombia\/","https:\/\/www.youtube.com\/user\/UCatolicaCo"]}]}},"coauthors":[],"author_meta":{"author_link":"https:\/\/www.ucatolica.edu.co\/portal\/author\/carrnall\/","display_name":"Carlos Zea"},"relative_dates":{"created":"Posted 1 a\u00f1o ago","modified":"Updated 1 a\u00f1o ago"},"absolute_dates":{"created":"Posted on 14 noviembre, 2024","modified":"Updated on 14 noviembre, 2024"},"absolute_dates_time":{"created":"Posted on 14 noviembre, 2024 3:57 pm","modified":"Updated on 14 noviembre, 2024 4:52 pm"},"featured_img_caption":"","featured_img":false,"series_order":"","_links":{"self":[{"href":"https:\/\/www.ucatolica.edu.co\/portal\/wp-json\/wp\/v2\/pages\/113466","targetHints":{"allow":["GET"]}}],"collection":[{"href":"https:\/\/www.ucatolica.edu.co\/portal\/wp-json\/wp\/v2\/pages"}],"about":[{"href":"https:\/\/www.ucatolica.edu.co\/portal\/wp-json\/wp\/v2\/types\/page"}],"author":[{"embeddable":true,"href":"https:\/\/www.ucatolica.edu.co\/portal\/wp-json\/wp\/v2\/users\/2"}],"replies":[{"embeddable":true,"href":"https:\/\/www.ucatolica.edu.co\/portal\/wp-json\/wp\/v2\/comments?post=113466"}],"version-history":[{"count":12,"href":"https:\/\/www.ucatolica.edu.co\/portal\/wp-json\/wp\/v2\/pages\/113466\/revisions"}],"predecessor-version":[{"id":113500,"href":"https:\/\/www.ucatolica.edu.co\/portal\/wp-json\/wp\/v2\/pages\/113466\/revisions\/113500"}],"up":[{"embeddable":true,"href":"https:\/\/www.ucatolica.edu.co\/portal\/wp-json\/wp\/v2\/pages\/901"}],"wp:attachment":[{"href":"https:\/\/www.ucatolica.edu.co\/portal\/wp-json\/wp\/v2\/media?parent=113466"}],"curies":[{"name":"wp","href":"https:\/\/api.w.org\/{rel}","templated":true}]}}