{"id":131,"date":"2018-08-17T15:03:56","date_gmt":"2018-08-17T15:03:56","guid":{"rendered":"http:\/\/localhost:8888\/portal\/?page_id=131"},"modified":"2018-08-17T15:03:56","modified_gmt":"2018-08-17T15:03:56","slug":"devolucion-de-matriculas","status":"publish","type":"page","link":"https:\/\/www.ucatolica.edu.co\/portal\/devolucion-de-matriculas\/","title":{"rendered":"Devoluci\u00f3n de Matr\u00edculas"},"content":{"rendered":"<h2><strong>Devoluci\u00f3n de Matr\u00edculas<\/strong><\/h2>\n<p>&nbsp;<br \/>\nDe acuerdo con lo establecido en el Reglamento del Estudiante, Art\u00edculo 33, el Consejo Administrativo de la Universidad, mediante el <a href=\"https:\/\/www.ucatolica.edu.co\/portal\/wp-content\/uploads\/adjuntos\/acuerdos\/consejo-administrativo-007-16.pdf\" target=\"_blank\" rel=\"noopener\">Acuerdo No. \u200b007 del 17 de agosto de 2016,<\/a> define y comunica los casos y las condiciones en los que procede la devoluci\u00f3n o el abono de dinero pagado por concepto de matr\u00edculas, incluyendo los porcentajes aplicables y los tr\u00e1mites a seguir.<br \/>\nEste procedimiento es aplicable a toda persona que ostente la calidad de estudiante de la Universidad, en todas sus modalidades acad\u00e9micas y niveles de formaci\u00f3n, (estudiante regular y\/o estudiante no regular), y de acuerdo con las condiciones enunciadas en el Art\u00edculo 2 del Reglamento del Estudiante.<br \/>\nTodo el tr\u00e1mite debe realizarse siguiendo este procedimiento, no se aceptan solicitudes en ning\u00fan otro formato.<br \/>\nA continuaci\u00f3n se indican los casos:<\/p>\n<ul>\n<li>La no apertura de un programa<\/li>\n<\/ul>\n<p>Cuando la instituci\u00f3n decida no abrir un programa acad\u00e9mico, o curso de extensi\u00f3n o de idiomas, se devolver\u00e1 el 100% del valor pagado.\u200b<br \/>\nEl tr\u00e1mite de la devoluci\u00f3n de los valores pagados se har\u00e1 de oficio\u00a0<strong>y no requiere de tr\u00e1mites y\/o gestiones adicionales por parte del interesado\/estudiante.<\/strong><\/p>\n<ul>\n<li>Antes del inicio de clases\u200b<\/li>\n<\/ul>\n<p>Si la solicitud de devoluci\u00f3n hecha por el estudiante se produce con posterioridad al pago de la matr\u00edcula y no ha iniciado el periodo de clases, le ser\u00e1 devuelto o abonado el 90% del valor pagado por concepto de matr\u00edcula.\u200b Para ello, es importante revisar el calendario acad\u00e9mico.\u200b\u200b<\/p>\n<ul>\n<li class=\"btn-principal\"><a href=\"https:\/\/portalweb.ucatolica.edu.co\/estudiantes\/index.php\/procesos\/solicitud-devolucion-matricula\" target=\"_blank\" rel=\"noopener\">Realizar solicitud<\/a><\/li>\n<li>Antes de cumplir 10 d\u00edas del inicio de clases<\/li>\n<\/ul>\n<p><strong>El estudiante regular <\/strong>puede solicitar la devoluci\u00f3n dentro de los 10 d\u00edas h\u00e1biles contados a partir de la fecha de inicio de clases estipulada en el calendario acad\u00e9mico.\u200b<br \/>\nLa devoluci\u00f3n o abono es del 80% del valor pagado por concepto de la matr\u00edcula.\u200b<br \/>\n<em class=\"note\">* No aplica para estudiantes no regulares.<\/em><\/p>\n<ul>\n<li class=\"btn-principal\"><a href=\"https:\/\/portalweb.ucatolica.edu.co\/estudiantes\/index.php\/procesos\/solicitud-devolucion-matricula\" target=\"_blank\" rel=\"noopener\">Realizar solicitud<\/a><\/li>\n<li>Enfermedad grave del estudiante<\/li>\n<\/ul>\n<p>En este caso, le ser\u00e1 devuelto o abonado el 90% del valor de la matr\u00edcula.<br \/>\nLa solicitud podr\u00e1 ser <strong>tramitada por el estudiante<\/strong> en el lapso comprendido entre el inicio y el cierre del semestre de acuerdo con lo estipulado en el calendario acad\u00e9mico.<br \/>\nPara dar tr\u00e1mite a la solicitud, seg\u00fan lo establecido en el Art\u00edculo Cuarto, numeral b. del Acuerdo No. 007 del 17 de agosto de 2016, se debe anexar la correspondiente incapacidad m\u00e9dica; este documento debe ser escaneado y enviado al correo electr\u00f3nico devoluciones@ucatolica.edu.co\u200b&gt;<\/p>\n<ul>\n<li class=\"btn-principal\"><a href=\"https:\/\/portalweb.ucatolica.edu.co\/estudiantes\/index.php\/procesos\/solicitud-devolucion-matricula\" target=\"_blank\" rel=\"noopener\">Realizar solicitud<\/a><\/li>\n<\/ul>\n","protected":false},"excerpt":{"rendered":"<p>Devoluci\u00f3n de Matr\u00edculas &nbsp; De acuerdo con lo establecido en el Reglamento del Estudiante, Art\u00edculo 33, el Consejo Administrativo de la Universidad, mediante el Acuerdo No. \u200b007 del 17 de agosto de 2016, define y comunica los casos y las condiciones en los que procede la devoluci\u00f3n o el abono de dinero pagado por concepto [&hellip;]<\/p>\n","protected":false},"author":2,"featured_media":0,"parent":0,"menu_order":0,"comment_status":"closed","ping_status":"closed","template":"page-oldstyle.php","meta":{"_acf_changed":false,"advgb_blocks_editor_width":"","advgb_blocks_columns_visual_guide":"","footnotes":""},"class_list":["post-131","page","type-page","status-publish","hentry"],"acf":[],"yoast_head":"<!-- This site is optimized with the Yoast SEO plugin v26.7 - https:\/\/yoast.com\/wordpress\/plugins\/seo\/ -->\n<title>Devoluci\u00f3n de Matr\u00edculas - Universidad Cat\u00f3lica De Colombia<\/title>\n<meta name=\"robots\" content=\"index, follow, max-snippet:-1, max-image-preview:large, max-video-preview:-1\" \/>\n<link rel=\"canonical\" href=\"https:\/\/www.ucatolica.edu.co\/portal\/devolucion-de-matriculas\/\" \/>\n<meta property=\"og:locale\" content=\"es_ES\" \/>\n<meta property=\"og:type\" content=\"article\" \/>\n<meta property=\"og:title\" content=\"Devoluci\u00f3n de Matr\u00edculas - Universidad Cat\u00f3lica De Colombia\" \/>\n<meta property=\"og:description\" content=\"Devoluci\u00f3n de Matr\u00edculas &nbsp; De acuerdo con lo establecido en el Reglamento del Estudiante, Art\u00edculo 33, el Consejo Administrativo de la Universidad, mediante el Acuerdo No. \u200b007 del 17 de agosto de 2016, define y comunica los casos y las condiciones en los que procede la devoluci\u00f3n o el abono de dinero pagado por concepto [&hellip;]\" \/>\n<meta property=\"og:url\" content=\"https:\/\/www.ucatolica.edu.co\/portal\/devolucion-de-matriculas\/\" \/>\n<meta property=\"og:site_name\" content=\"Universidad Cat\u00f3lica De Colombia\" \/>\n<meta property=\"article:publisher\" content=\"https:\/\/www.facebook.com\/ucatolicacolombia\" \/>\n<meta name=\"twitter:card\" content=\"summary_large_image\" \/>\n<meta name=\"twitter:site\" content=\"@UCatolicaCol\" \/>\n<meta name=\"twitter:label1\" content=\"Tiempo de lectura\" \/>\n\t<meta name=\"twitter:data1\" content=\"2 minutos\" \/>\n<script type=\"application\/ld+json\" class=\"yoast-schema-graph\">{\"@context\":\"https:\/\/schema.org\",\"@graph\":[{\"@type\":\"WebPage\",\"@id\":\"https:\/\/www.ucatolica.edu.co\/portal\/devolucion-de-matriculas\/\",\"url\":\"https:\/\/www.ucatolica.edu.co\/portal\/devolucion-de-matriculas\/\",\"name\":\"Devoluci\u00f3n de Matr\u00edculas - Universidad Cat\u00f3lica De Colombia\",\"isPartOf\":{\"@id\":\"https:\/\/www.ucatolica.edu.co\/portal\/#website\"},\"datePublished\":\"2018-08-17T15:03:56+00:00\",\"breadcrumb\":{\"@id\":\"https:\/\/www.ucatolica.edu.co\/portal\/devolucion-de-matriculas\/#breadcrumb\"},\"inLanguage\":\"es-CO\",\"potentialAction\":[{\"@type\":\"ReadAction\",\"target\":[\"https:\/\/www.ucatolica.edu.co\/portal\/devolucion-de-matriculas\/\"]}]},{\"@type\":\"BreadcrumbList\",\"@id\":\"https:\/\/www.ucatolica.edu.co\/portal\/devolucion-de-matriculas\/#breadcrumb\",\"itemListElement\":[{\"@type\":\"ListItem\",\"position\":1,\"name\":\"Inicio\",\"item\":\"https:\/\/www.ucatolica.edu.co\/portal\/\"},{\"@type\":\"ListItem\",\"position\":2,\"name\":\"Devoluci\u00f3n de Matr\u00edculas\"}]},{\"@type\":\"WebSite\",\"@id\":\"https:\/\/www.ucatolica.edu.co\/portal\/#website\",\"url\":\"https:\/\/www.ucatolica.edu.co\/portal\/\",\"name\":\"Universidad Cat\u00f3lica De Colombia\",\"description\":\"Universidad Cat\u00f3lica De Colombia\",\"publisher\":{\"@id\":\"https:\/\/www.ucatolica.edu.co\/portal\/#organization\"},\"potentialAction\":[{\"@type\":\"SearchAction\",\"target\":{\"@type\":\"EntryPoint\",\"urlTemplate\":\"https:\/\/www.ucatolica.edu.co\/portal\/?s={search_term_string}\"},\"query-input\":{\"@type\":\"PropertyValueSpecification\",\"valueRequired\":true,\"valueName\":\"search_term_string\"}}],\"inLanguage\":\"es-CO\"},{\"@type\":\"Organization\",\"@id\":\"https:\/\/www.ucatolica.edu.co\/portal\/#organization\",\"name\":\"Universidad Cat\u00f3lica de Colombia\",\"url\":\"https:\/\/www.ucatolica.edu.co\/portal\/\",\"logo\":{\"@type\":\"ImageObject\",\"inLanguage\":\"es-CO\",\"@id\":\"https:\/\/www.ucatolica.edu.co\/portal\/#\/schema\/logo\/image\/\",\"url\":\"https:\/\/www.ucatolica.edu.co\/portal\/wp-content\/uploads\/2021\/06\/logo-header-ho-1.svg\",\"contentUrl\":\"https:\/\/www.ucatolica.edu.co\/portal\/wp-content\/uploads\/2021\/06\/logo-header-ho-1.svg\",\"width\":1,\"height\":1,\"caption\":\"Universidad Cat\u00f3lica de Colombia\"},\"image\":{\"@id\":\"https:\/\/www.ucatolica.edu.co\/portal\/#\/schema\/logo\/image\/\"},\"sameAs\":[\"https:\/\/www.facebook.com\/ucatolicacolombia\",\"https:\/\/x.com\/UCatolicaCol\",\"https:\/\/www.instagram.com\/universidadcatolicadecolombia\/\",\"https:\/\/www.linkedin.com\/company\/universidadcatolicadecolombia\/\",\"https:\/\/www.youtube.com\/user\/UCatolicaCo\"]}]}<\/script>\n<!-- \/ Yoast SEO plugin. -->","yoast_head_json":{"title":"Devoluci\u00f3n de Matr\u00edculas - Universidad Cat\u00f3lica De Colombia","robots":{"index":"index","follow":"follow","max-snippet":"max-snippet:-1","max-image-preview":"max-image-preview:large","max-video-preview":"max-video-preview:-1"},"canonical":"https:\/\/www.ucatolica.edu.co\/portal\/devolucion-de-matriculas\/","og_locale":"es_ES","og_type":"article","og_title":"Devoluci\u00f3n de Matr\u00edculas - Universidad Cat\u00f3lica De Colombia","og_description":"Devoluci\u00f3n de Matr\u00edculas &nbsp; De acuerdo con lo establecido en el Reglamento del Estudiante, Art\u00edculo 33, el Consejo Administrativo de la Universidad, mediante el Acuerdo No. \u200b007 del 17 de agosto de 2016, define y comunica los casos y las condiciones en los que procede la devoluci\u00f3n o el abono de dinero pagado por concepto [&hellip;]","og_url":"https:\/\/www.ucatolica.edu.co\/portal\/devolucion-de-matriculas\/","og_site_name":"Universidad Cat\u00f3lica De Colombia","article_publisher":"https:\/\/www.facebook.com\/ucatolicacolombia","twitter_card":"summary_large_image","twitter_site":"@UCatolicaCol","twitter_misc":{"Tiempo de lectura":"2 minutos"},"schema":{"@context":"https:\/\/schema.org","@graph":[{"@type":"WebPage","@id":"https:\/\/www.ucatolica.edu.co\/portal\/devolucion-de-matriculas\/","url":"https:\/\/www.ucatolica.edu.co\/portal\/devolucion-de-matriculas\/","name":"Devoluci\u00f3n de Matr\u00edculas - Universidad Cat\u00f3lica De Colombia","isPartOf":{"@id":"https:\/\/www.ucatolica.edu.co\/portal\/#website"},"datePublished":"2018-08-17T15:03:56+00:00","breadcrumb":{"@id":"https:\/\/www.ucatolica.edu.co\/portal\/devolucion-de-matriculas\/#breadcrumb"},"inLanguage":"es-CO","potentialAction":[{"@type":"ReadAction","target":["https:\/\/www.ucatolica.edu.co\/portal\/devolucion-de-matriculas\/"]}]},{"@type":"BreadcrumbList","@id":"https:\/\/www.ucatolica.edu.co\/portal\/devolucion-de-matriculas\/#breadcrumb","itemListElement":[{"@type":"ListItem","position":1,"name":"Inicio","item":"https:\/\/www.ucatolica.edu.co\/portal\/"},{"@type":"ListItem","position":2,"name":"Devoluci\u00f3n de Matr\u00edculas"}]},{"@type":"WebSite","@id":"https:\/\/www.ucatolica.edu.co\/portal\/#website","url":"https:\/\/www.ucatolica.edu.co\/portal\/","name":"Universidad Cat\u00f3lica De Colombia","description":"Universidad Cat\u00f3lica De Colombia","publisher":{"@id":"https:\/\/www.ucatolica.edu.co\/portal\/#organization"},"potentialAction":[{"@type":"SearchAction","target":{"@type":"EntryPoint","urlTemplate":"https:\/\/www.ucatolica.edu.co\/portal\/?s={search_term_string}"},"query-input":{"@type":"PropertyValueSpecification","valueRequired":true,"valueName":"search_term_string"}}],"inLanguage":"es-CO"},{"@type":"Organization","@id":"https:\/\/www.ucatolica.edu.co\/portal\/#organization","name":"Universidad Cat\u00f3lica de Colombia","url":"https:\/\/www.ucatolica.edu.co\/portal\/","logo":{"@type":"ImageObject","inLanguage":"es-CO","@id":"https:\/\/www.ucatolica.edu.co\/portal\/#\/schema\/logo\/image\/","url":"https:\/\/www.ucatolica.edu.co\/portal\/wp-content\/uploads\/2021\/06\/logo-header-ho-1.svg","contentUrl":"https:\/\/www.ucatolica.edu.co\/portal\/wp-content\/uploads\/2021\/06\/logo-header-ho-1.svg","width":1,"height":1,"caption":"Universidad Cat\u00f3lica de Colombia"},"image":{"@id":"https:\/\/www.ucatolica.edu.co\/portal\/#\/schema\/logo\/image\/"},"sameAs":["https:\/\/www.facebook.com\/ucatolicacolombia","https:\/\/x.com\/UCatolicaCol","https:\/\/www.instagram.com\/universidadcatolicadecolombia\/","https:\/\/www.linkedin.com\/company\/universidadcatolicadecolombia\/","https:\/\/www.youtube.com\/user\/UCatolicaCo"]}]}},"coauthors":[],"author_meta":{"author_link":"https:\/\/www.ucatolica.edu.co\/portal\/author\/carrnall\/","display_name":"Carlos Zea"},"relative_dates":{"created":"Posted 8 a\u00f1os ago","modified":"Updated 8 a\u00f1os ago"},"absolute_dates":{"created":"Posted on 17 agosto, 2018","modified":"Updated on 17 agosto, 2018"},"absolute_dates_time":{"created":"Posted on 17 agosto, 2018 3:03 pm","modified":"Updated on 17 agosto, 2018 3:03 pm"},"featured_img_caption":"","featured_img":false,"series_order":"","_links":{"self":[{"href":"https:\/\/www.ucatolica.edu.co\/portal\/wp-json\/wp\/v2\/pages\/131","targetHints":{"allow":["GET"]}}],"collection":[{"href":"https:\/\/www.ucatolica.edu.co\/portal\/wp-json\/wp\/v2\/pages"}],"about":[{"href":"https:\/\/www.ucatolica.edu.co\/portal\/wp-json\/wp\/v2\/types\/page"}],"author":[{"embeddable":true,"href":"https:\/\/www.ucatolica.edu.co\/portal\/wp-json\/wp\/v2\/users\/2"}],"replies":[{"embeddable":true,"href":"https:\/\/www.ucatolica.edu.co\/portal\/wp-json\/wp\/v2\/comments?post=131"}],"version-history":[{"count":0,"href":"https:\/\/www.ucatolica.edu.co\/portal\/wp-json\/wp\/v2\/pages\/131\/revisions"}],"wp:attachment":[{"href":"https:\/\/www.ucatolica.edu.co\/portal\/wp-json\/wp\/v2\/media?parent=131"}],"curies":[{"name":"wp","href":"https:\/\/api.w.org\/{rel}","templated":true}]}}