{"id":13539,"date":"2019-06-11T08:24:30","date_gmt":"2019-06-11T13:24:30","guid":{"rendered":"https:\/\/www.ucatolica.edu.co\/portal\/?page_id=13539"},"modified":"2019-06-11T08:24:30","modified_gmt":"2019-06-11T13:24:30","slug":"asociacion-de-egresados","status":"publish","type":"page","link":"https:\/\/www.ucatolica.edu.co\/portal\/asociacion-de-egresados\/","title":{"rendered":"Asociaci\u00f3n de Egresados"},"content":{"rendered":"<h1>Asociaci\u00f3n de Egresados<\/h1>\n<p><em>La\u00a0Asociaci\u00f3n\u00a0de\u00a0Egresados\u00a0es una\u00a0organizaci\u00f3n\u00a0con raz\u00f3n jur\u00eddica independiente y aut\u00f3noma a la Universidad Cat\u00f3lica de\u00a0Colombia<\/em>.<\/p>\n<h4>\u00bfC\u00f3mo naci\u00f3 la Asociaci\u00f3n de Egresados?<\/h4>\n<p>El verdadero origen de la Asociaci\u00f3n de Egresados de la Universidad Cat\u00f3lica de Colombia, que en sus principios se denomin\u00f3 Asociaci\u00f3n de Exalumnos de la Universidad Cat\u00f3lica de Colombia, se remota al 27 de mayo de 1976, cuando fue constituida la Asociaci\u00f3n de Amigos del Futuro, cuyos integrantes, fueron los alumnos de la Universidad que hac\u00edan parte del curso x.b.1 de la Facultad de Derecho, y quienes recibieron su t\u00edtulo el 28 de noviembre de 1978.<br \/>\nCabe destacar que los primeros egresados fueron los que se trasfirieron de la Universidad La Gran Colombia hacia la Universidad Cat\u00f3lica de Colombia, demostrando una f\u00e9rrea lealtad con los directivos y profesores, que se despidieron de esa instituci\u00f3n de educaci\u00f3n superior, a ra\u00edz de la huelga que se desat\u00f3 en ese centro educativo, quienes constituyeron una Universidad distinta, encabezados por el Secretario General de La Gran Colombia, Emigdio Rinc\u00f3n G\u00f3mez.<br \/>\nEl objetivo primordial de la naciente Asociaci\u00f3n de Amigos del Futuro, adem\u00e1s de crear v\u00ednculos de solidaridad entre sus miembros, era convertir a los afiliados en la Asociaci\u00f3n de Exalumnos de la Universidad Cat\u00f3lica de Colombia<\/p>\n<div id=\"accordion\" class=\"panel-group\">\n<div class=\"panel panel-default\">\n<div id=\"headingTwo\" class=\"panel-heading\">\n<h3 class=\"panel-title\"><a class=\"collapsed\" href=\"#collapseTwo\" data-toggle=\"collapse\" data-parent=\"#accordion\">\u00bfQui\u00e9nes somos?<\/a><\/h3>\n<\/div>\n<div id=\"collapseTwo\" class=\"panel-collapse collapse\">\n<div class=\"panel-body\">\nDesde su creaci\u00f3n, la Universidad Cat\u00f3lica de Colombia ha dejado significativas huellas como instituci\u00f3n, tanto en la regi\u00f3n, en el pa\u00eds, como en el exterior,\u00a0por lo tanto, resulta importante conservar\u00a0todas esas memorias, para que siempre permanezcan en cada uno de los que, de alguna u otra forma,\u00a0han hecho parte de la historia de nuestra Alma M\u00e1ter.<br \/>\nUno de los p\u00fablicos, parte de\u00a0la Universidad Cat\u00f3lica de Colombia, instituci\u00f3n que se ha logrado posicionar como una Universidad l\u00edder por la proyecci\u00f3n social de sus egresados, con los cuales se han mantenido v\u00ednculos din\u00e1micos y una cercan\u00eda especial, como constructores del futuro de la instituci\u00f3n.<br \/>\nLos exalumnos son la mejor carta de presentaci\u00f3n de la Universidad y su raz\u00f3n de ser, que con su liderazgo, marcan la diferencia en la sociedad, pues al llevar el sello de excelencia contribuyen con el desarrollo de la regi\u00f3n y del pa\u00eds.\u00a0 Para la instituci\u00f3n, es un gran orgullo contar con egresados\u00a0que dirigen los destinos de departamentos y ciudades a nivel regional, nacional e internacional, empresarios y profesionales emprendedores, que desde sus trabajos aportan al crecimiento de las organizaciones; todos de una u otra forma, son y seguir\u00e1n siendo testimonio fehaciente de la importancia que tiene la Universidad en la formaci\u00f3n de los l\u00edderes de nuestra sociedad.<br \/>\nLas relaciones con los egresados, surgieron antes de que se graduara la primera promoci\u00f3n. En el a\u00f1o 1979 se constituy\u00f3 la Asociaci\u00f3n de Egresados, habiendo sido su primer presidente el abogado Vicente Soler, lamentablemente fallecido, y a partir de a\u00f1o 1989 asumi\u00f3 la presidencia el tambi\u00e9n abogado Carlos Eduardo Barreto Barrag\u00e1n, lamentablemente fallecido, luego asume la presidencia el Doctor Gilberto Alonso Ram\u00edrez Huertas, quien la conserva hasta la fecha. La Asociaci\u00f3n siempre ha contado con el respaldo de las directivas de la Universidad, y muy especialmente de su presidente, el doctor Jos\u00e9 Edgar G\u00f3mez Betancourt.<br \/>\nEs fundamental, el objetivo de mantener a los egresados debidamente ubicados, hacerles seguimiento y cultivar v\u00ednculos de diversa naturaleza con ellos. De igual forma, como manera de contacto con los profesionales graduados, con el objetivo velar por el bienestar de toda la comunidad de exalumnos de la Universidad. A partir de este momento, los egresados pasaron a tener una representaci\u00f3n en el Consejo Superior de la Universidad.<br \/>\nCon el pasar de los a\u00f1os, la Universidad fue cobrando cada vez m\u00e1s y mejores v\u00ednculos con sus\u00a0profesionales,\u00a0fortaleci\u00e9ndose se\u00f1aladas relaciones entre la instituci\u00f3n y sus exalumnos, canalizando todas las actividades que les permitan alcanzar su desarrollo personal, profesional y empresarial, y potenciando las oportunidades que ofrece el entorno.<br \/>\nConscientes del importante rol que desempe\u00f1an los egresados a partir de la aplicaci\u00f3n de sus conocimientos en el mundo laboral, la Universidad Cat\u00f3lica de Colombia, a trav\u00e9s de la Asociaci\u00f3n de Egresados ha enfocado sus esfuerzos en mantener una comunicaci\u00f3n fluida y una relaci\u00f3n estrecha con esta comunidad, mediante procesos que resultan fundamentales para la consecuci\u00f3n de sus objetivos.<br \/>\nLa familia de egresados de la Universidad Cat\u00f3lica de Colombia ha ido creciendo con la realizaci\u00f3n de encuentros, actividades acad\u00e9micas, culturales y sociales, integrando a estos profesionales que se encuentran localizados en la regi\u00f3n, el pa\u00eds y el mundo, ya que, para la Asociaci\u00f3n, es fundamental desarrollar procesos que permitan identificar y contactar a la totalidad de los Egresados de la Universidad Cat\u00f3lica de Colombia.\n<\/div>\n<\/div>\n<\/div>\n<div class=\"panel panel-default\">\n<div id=\"headingOne\" class=\"panel-heading\">\n<h3 class=\"panel-title\"><a href=\"#collapseOne\" data-toggle=\"collapse\" data-parent=\"#accordion\">Misi\u00f3n y Visi\u00f3n<\/a><\/h3>\n<\/div>\n<div id=\"collapseOne\" class=\"panel-collapse collapse\">\n<div class=\"panel-body\">\n&nbsp;<\/p>\n<h3>Misi\u00f3n<\/h3>\n<p>La Asociaci\u00f3n de Egresados de la Universidad Cat\u00f3lica de Colombia es una entidad sin \u00e1nimo de lucro, creada por los miembros de la comunidad, como espacio para satisfacer las necesidades espirituales, de pertenencia y logro de una entidad efectiva con el Alma Mater y con quienes comparten sus elevados principios de servicio a Colombia.<br \/>\nDesde su creaci\u00f3n las generaciones sucesivas de egresados se han congregado en la Universidad, para enaltecer esta instituci\u00f3n, que se manifiesta en el culto a la excelencia, a la superaci\u00f3n y al ejercicio del liderazgo por el bien com\u00fan de la sociedad.<br \/>\nLa meta de la Asociaci\u00f3n es el pleno de desarrollo de las capacidades intelectuales y de los valores \u00e9ticos y morales a trav\u00e9s de la participaci\u00f3n en la discusi\u00f3n de la realidad nacional y de la problem\u00e1tica profesional mediante la creaci\u00f3n colectiva de mejores opciones de progreso para la comunidad.<br \/>\nNuestro deber institucional estriba en fomentar la fraternidad y la solidaridad entre los afiliados, en reconocer su diversidad de inter\u00e9s y aceptar la multiplicidad de ideas en beneficio del grupo sin que prevalezca el individualismo.<br \/>\nLa finalidad de nuestros egresados y de la Asociaci\u00f3n se refleja en el compromiso de todos, en el apoyo mutuo y en la permanente interacci\u00f3n entre la Asociaci\u00f3n y la Universidad, abriendo las puertas a las ideas e inquietudes de los estudiantes, profesores y directivas y personal administrativo, con el fin de crear v\u00ednculos estrechos entre los miembros de la comunidad universitaria.<br \/>\nEntre los principios promulgados por los Fundadores de la Cat\u00f3lica de Colombia, el egresado se cre\u00f3 para construir bajo la consigna de la uni\u00f3n, medio por el cual se consigue la fuerza necesaria para dinamizar y estructurar un mejor pa\u00eds.<\/p>\n<h3>Visi\u00f3n<\/h3>\n<p>Para el inmediato futuro, la Asociaci\u00f3n de Egresados consolidar\u00e1 sus esfuerzos por mantener v\u00ednculos estrechos y permanentes con los egresados de pregrado y postgrado ubicados en el pa\u00eds y en el mundo, a trav\u00e9s de acciones de formaci\u00f3n de excelencia, comunicaci\u00f3n transversal, integraci\u00f3n, inserci\u00f3n laboral, emprendimiento y vinculaci\u00f3n a proyectos institucionales.\n<\/p><\/div>\n<\/div>\n<\/div>\n<div class=\"panel panel-default\">\n<div id=\"headingcuatro\" class=\"panel-heading\">\n<h3 class=\"panel-title\"><a class=\"collapsed\" href=\"#collapsecuatro\" data-toggle=\"collapse\" data-parent=\"#accordion\">Objetivos<\/a><\/h3>\n<\/div>\n<div id=\"collapsecuatro\" class=\"panel-collapse collapse\">\n<div class=\"panel-body\">\nLa Asociaci\u00f3n de Egresados de la Universidad Cat\u00f3lica de Colombia posee los siguientes objetivos:<\/p>\n<ul>\n<li>Propender por el brillo y la prosperidad de la Universidad Cat\u00f3lica de Colombia.<\/li>\n<li>Ser veh\u00edculo de educaci\u00f3n y cultura por medio de conferencias, seminarios, foros, educaci\u00f3n continuada y dem\u00e1s mecanismos apropiados con destino a toda la comunidad.<\/li>\n<li>Procurar el mejoramiento espiritual y material de sus asociados mediante la promoci\u00f3n de actividades culturales, acad\u00e9micas y de actualizaci\u00f3n profesional, social y similares.<\/li>\n<li>Propender por el estricto cumplimiento\u00a0de la \u00e9tica profesional en el egresado.<\/li>\n<li>Contribuir en la procura de mantener vivo el sentimiento de pertenencia y gratitud en los egresados<\/li>\n<li>Promover la integraci\u00f3n entre los egresados y sus familias.<\/li>\n<li>Colaborar efectivamente en la promoci\u00f3n y recomendaci\u00f3n en todo lo concerniente con los programas acad\u00e9micos de pre y posgrados que ofrece la Universidad Cat\u00f3lica de Colombia, frente a todo tipo de factores o situaciones extra universitarias que atenten contra ella.<\/li>\n<li>Cooperar en la proyecci\u00f3n de la Universidad Cat\u00f3lica de Colombia, as\u00ed como de la Asociaci\u00f3n ante la comunidad, y por ende en el desarrollo econ\u00f3mico, social, pol\u00edtico y cultural del pa\u00eds.<\/li>\n<li>Colaborar en el desarrollo cient\u00edfico e investigativo de la Asociaci\u00f3n.<\/li>\n<li>Promover el establecimiento de v\u00ednculos tanto locales, regionales, nacionales e internacionales entre la Asociaci\u00f3n y entidades e instituciones que posean nuestros mismos objetivos.<\/li>\n<li>Dar fiel cumplimiento con lo se\u00f1alado en la Ley para el buen funcionamiento de la Asociaci\u00f3n.<\/li>\n<li>Ser veh\u00edculo de educaci\u00f3n y cultura mediante la realizaci\u00f3n de investigaciones, estudios y dem\u00e1s mecanismos, buscando el crecimiento cultural y espiritual de sus asociados.<\/li>\n<\/ul>\n<p>&nbsp;\n<\/p><\/div>\n<\/div>\n<\/div>\n<div class=\"panel panel-default\">\n<div id=\"headingCinco\" class=\"panel-heading\">\n<h3 class=\"panel-title\"><a class=\"collapsed\" href=\"#collapseCinco\" data-toggle=\"collapse\" data-parent=\"#accordion\">\u00bfC\u00f3mo hacer parte de la Asociaci\u00f3n de Egresados?<\/a><\/h3>\n<\/div>\n<div id=\"collapseCinco\" class=\"panel-collapse collapse\">\n<div class=\"panel-body\">\n&nbsp;<\/p>\n<div>Si quieres hacer parte de nuestra Asociaci\u00f3n de Egresados ,puedes hacer lo siguiente:<\/div>\n<div>\n<ul>\n<li>Comun\u00edcate con nosotros al 300 40 13<\/li>\n<li><span style=\"color: #555555; font-family: Roboto, sans-serif;\">Vis\u00edtanos en nuestra oficina ubicada en la Transversal\u00a016A No. 46A -26 de 8:00 am a 5:00 pm<\/span><\/li>\n<li><span style=\"color: #555555; font-family: Roboto, sans-serif;\">Env\u00edanos tus datos personales\u00a0 a nuestro correo electr\u00f3nico\u00a0<\/span><a href=\"mailto:asociacionegresados@ucatolica.edu.co\" target=\"_blank\" rel=\"noopener\">asociacionegresado<wbr \/>s@ucatolica.edu.co<\/a>\u00a0para contactarnos contigo<\/li>\n<li><span style=\"color: #555555; font-family: Roboto, sans-serif;\">Diligencia el formulario de inscripci\u00f3n haciendo clic <a href=\"https:\/\/forms.gle\/y9ziMNriQ45LB3dJ7\">aqu\u00ed<\/a><\/span><\/li>\n<\/ul>\n<\/div>\n<div id=\"collapseSeis\" class=\"panel-collapse collapse\">\n<div class=\"panel-body\">\n&nbsp;\n<\/div>\n<\/div>\n<\/div>\n<\/div>\n<\/div>\n<div class=\"panel panel-default\">\n<div id=\"headingSeis\" class=\"panel-heading\">\n<h3 class=\"panel-title\"><a class=\"collapsed\" href=\"#collapseSeis\" data-toggle=\"collapse\" data-parent=\"#accordion\">Alianzas estrat\u00e9gicas<\/a><\/h3>\n<\/div>\n<div id=\"collapseSeis\" class=\"panel-collapse collapse\">\n<div class=\"panel-body\">\n&nbsp;<br \/>\nSi quieres hacer parte de nuestra Asociaci\u00f3n de Egresados, comun\u00edcate con nosotros al 300 40 13 o vis\u00edtanos en nuestra oficina ubicada en la trasversal 16A No. 46A -26 de 9:00 a.m. a 1:00 p.m., tambi\u00e9n lo puedes hacer a trav\u00e9s de nuestro correo electr\u00f3nico <a href=\"mailto:asociacionegresados@ucatolica.edu.co\">asociacionegresados@ucatolica.edu.co<\/a> envi\u00e1ndonos\u00a0 tus datos personales para contactarnos contigo.<\/p>\n<div id=\"collapseSeis\" class=\"panel-collapse collapse\">\n<div class=\"panel-body\">\n&nbsp;\n<\/div>\n<\/div>\n<\/div>\n<\/div>\n<\/div>\n<\/div>\n<hr class=\"linea-divisoria-orii\" \/>\n<h5>M\u00e1s informaci\u00f3n:<\/h5>\n<p>Transversal 16A No. 46A -26<br \/>\nPBX: 300 4013<br \/>\nasociacionegresados@ucatolica.edu.co<br \/>\n<!-- CONTENEDOR DOS PARA SIDEBAR --><\/p>\n<div id=\"contenido-dos\">\n<h2>Accesos de Inter\u00e9s<\/h2>\n<ul>\n<li><a href=\"\/portal\/nuestra-universidad\/ucatolica-tv\/\">Ucatolica Tv<\/a><\/li>\n<li><a href=\"\/portal\/nuestra-universidad\/informacion-institucional\/\">Informaci\u00f3n Institucional<\/a><\/li>\n<li><a href=\"\/portal\/nuestra-universidad\/plan-de-desarrollo\/\">Plan de Desarrollo<\/a><\/li>\n<li><a href=\"\/portal\/nuestra-universidad\/autoevaluacion\/\">Autoevaluaci\u00f3n<\/a><\/li>\n<li><a href=\"\/portal\/nuestra-universidad\/universidad-en-cifras\/\">Universidad en Cifras<\/a><\/li>\n<li><a href=\"\/portal\/nuestra-universidad\/glosario-institucional\/\">Glosario Institucional<\/a><\/li>\n<li><a href=\"\/portal\/nuestra-universidad\/contactos-y-ubicaciones\/\">Contactos y Ubicaciones<\/a><\/li>\n<\/ul>\n<\/div>\n","protected":false},"excerpt":{"rendered":"<p>Asociaci\u00f3n de Egresados La\u00a0Asociaci\u00f3n\u00a0de\u00a0Egresados\u00a0es una\u00a0organizaci\u00f3n\u00a0con raz\u00f3n jur\u00eddica independiente y aut\u00f3noma a la Universidad Cat\u00f3lica de\u00a0Colombia. \u00bfC\u00f3mo naci\u00f3 la Asociaci\u00f3n de Egresados? El verdadero origen de la Asociaci\u00f3n de Egresados de la Universidad Cat\u00f3lica de Colombia, que en sus principios se denomin\u00f3 Asociaci\u00f3n de Exalumnos de la Universidad Cat\u00f3lica de Colombia, se remota al 27 de [&hellip;]<\/p>\n","protected":false},"author":2,"featured_media":0,"parent":0,"menu_order":0,"comment_status":"closed","ping_status":"closed","template":"page-oldstyle.php","meta":{"_acf_changed":false,"advgb_blocks_editor_width":"","advgb_blocks_columns_visual_guide":"","footnotes":""},"class_list":["post-13539","page","type-page","status-publish","hentry"],"acf":[],"yoast_head":"<!-- This site is optimized with the Yoast SEO plugin v26.7 - https:\/\/yoast.com\/wordpress\/plugins\/seo\/ -->\n<title>Asociaci\u00f3n de Egresados - Universidad Cat\u00f3lica De Colombia<\/title>\n<meta name=\"robots\" content=\"index, follow, max-snippet:-1, max-image-preview:large, max-video-preview:-1\" \/>\n<link rel=\"canonical\" href=\"https:\/\/www.ucatolica.edu.co\/portal\/asociacion-de-egresados\/\" \/>\n<meta property=\"og:locale\" content=\"es_ES\" \/>\n<meta property=\"og:type\" content=\"article\" \/>\n<meta property=\"og:title\" content=\"Asociaci\u00f3n de Egresados - Universidad Cat\u00f3lica De Colombia\" \/>\n<meta property=\"og:description\" content=\"Asociaci\u00f3n de Egresados La\u00a0Asociaci\u00f3n\u00a0de\u00a0Egresados\u00a0es una\u00a0organizaci\u00f3n\u00a0con raz\u00f3n jur\u00eddica independiente y aut\u00f3noma a la Universidad Cat\u00f3lica de\u00a0Colombia. \u00bfC\u00f3mo naci\u00f3 la Asociaci\u00f3n de Egresados? El verdadero origen de la Asociaci\u00f3n de Egresados de la Universidad Cat\u00f3lica de Colombia, que en sus principios se denomin\u00f3 Asociaci\u00f3n de Exalumnos de la Universidad Cat\u00f3lica de Colombia, se remota al 27 de [&hellip;]\" \/>\n<meta property=\"og:url\" content=\"https:\/\/www.ucatolica.edu.co\/portal\/asociacion-de-egresados\/\" \/>\n<meta property=\"og:site_name\" content=\"Universidad Cat\u00f3lica De Colombia\" \/>\n<meta property=\"article:publisher\" content=\"https:\/\/www.facebook.com\/ucatolicacolombia\" \/>\n<meta name=\"twitter:card\" content=\"summary_large_image\" \/>\n<meta name=\"twitter:site\" content=\"@UCatolicaCol\" \/>\n<meta name=\"twitter:label1\" content=\"Tiempo de lectura\" \/>\n\t<meta name=\"twitter:data1\" content=\"8 minutos\" \/>\n<script type=\"application\/ld+json\" class=\"yoast-schema-graph\">{\"@context\":\"https:\/\/schema.org\",\"@graph\":[{\"@type\":\"WebPage\",\"@id\":\"https:\/\/www.ucatolica.edu.co\/portal\/asociacion-de-egresados\/\",\"url\":\"https:\/\/www.ucatolica.edu.co\/portal\/asociacion-de-egresados\/\",\"name\":\"Asociaci\u00f3n de Egresados - Universidad Cat\u00f3lica De Colombia\",\"isPartOf\":{\"@id\":\"https:\/\/www.ucatolica.edu.co\/portal\/#website\"},\"datePublished\":\"2019-06-11T13:24:30+00:00\",\"breadcrumb\":{\"@id\":\"https:\/\/www.ucatolica.edu.co\/portal\/asociacion-de-egresados\/#breadcrumb\"},\"inLanguage\":\"es-CO\",\"potentialAction\":[{\"@type\":\"ReadAction\",\"target\":[\"https:\/\/www.ucatolica.edu.co\/portal\/asociacion-de-egresados\/\"]}]},{\"@type\":\"BreadcrumbList\",\"@id\":\"https:\/\/www.ucatolica.edu.co\/portal\/asociacion-de-egresados\/#breadcrumb\",\"itemListElement\":[{\"@type\":\"ListItem\",\"position\":1,\"name\":\"Inicio\",\"item\":\"https:\/\/www.ucatolica.edu.co\/portal\/\"},{\"@type\":\"ListItem\",\"position\":2,\"name\":\"Asociaci\u00f3n de Egresados\"}]},{\"@type\":\"WebSite\",\"@id\":\"https:\/\/www.ucatolica.edu.co\/portal\/#website\",\"url\":\"https:\/\/www.ucatolica.edu.co\/portal\/\",\"name\":\"Universidad Cat\u00f3lica De Colombia\",\"description\":\"Universidad Cat\u00f3lica De Colombia\",\"publisher\":{\"@id\":\"https:\/\/www.ucatolica.edu.co\/portal\/#organization\"},\"potentialAction\":[{\"@type\":\"SearchAction\",\"target\":{\"@type\":\"EntryPoint\",\"urlTemplate\":\"https:\/\/www.ucatolica.edu.co\/portal\/?s={search_term_string}\"},\"query-input\":{\"@type\":\"PropertyValueSpecification\",\"valueRequired\":true,\"valueName\":\"search_term_string\"}}],\"inLanguage\":\"es-CO\"},{\"@type\":\"Organization\",\"@id\":\"https:\/\/www.ucatolica.edu.co\/portal\/#organization\",\"name\":\"Universidad Cat\u00f3lica de Colombia\",\"url\":\"https:\/\/www.ucatolica.edu.co\/portal\/\",\"logo\":{\"@type\":\"ImageObject\",\"inLanguage\":\"es-CO\",\"@id\":\"https:\/\/www.ucatolica.edu.co\/portal\/#\/schema\/logo\/image\/\",\"url\":\"https:\/\/www.ucatolica.edu.co\/portal\/wp-content\/uploads\/2021\/06\/logo-header-ho-1.svg\",\"contentUrl\":\"https:\/\/www.ucatolica.edu.co\/portal\/wp-content\/uploads\/2021\/06\/logo-header-ho-1.svg\",\"width\":1,\"height\":1,\"caption\":\"Universidad Cat\u00f3lica de Colombia\"},\"image\":{\"@id\":\"https:\/\/www.ucatolica.edu.co\/portal\/#\/schema\/logo\/image\/\"},\"sameAs\":[\"https:\/\/www.facebook.com\/ucatolicacolombia\",\"https:\/\/x.com\/UCatolicaCol\",\"https:\/\/www.instagram.com\/universidadcatolicadecolombia\/\",\"https:\/\/www.linkedin.com\/company\/universidadcatolicadecolombia\/\",\"https:\/\/www.youtube.com\/user\/UCatolicaCo\"]}]}<\/script>\n<!-- \/ Yoast SEO plugin. -->","yoast_head_json":{"title":"Asociaci\u00f3n de Egresados - Universidad Cat\u00f3lica De Colombia","robots":{"index":"index","follow":"follow","max-snippet":"max-snippet:-1","max-image-preview":"max-image-preview:large","max-video-preview":"max-video-preview:-1"},"canonical":"https:\/\/www.ucatolica.edu.co\/portal\/asociacion-de-egresados\/","og_locale":"es_ES","og_type":"article","og_title":"Asociaci\u00f3n de Egresados - Universidad Cat\u00f3lica De Colombia","og_description":"Asociaci\u00f3n de Egresados La\u00a0Asociaci\u00f3n\u00a0de\u00a0Egresados\u00a0es una\u00a0organizaci\u00f3n\u00a0con raz\u00f3n jur\u00eddica independiente y aut\u00f3noma a la Universidad Cat\u00f3lica de\u00a0Colombia. \u00bfC\u00f3mo naci\u00f3 la Asociaci\u00f3n de Egresados? El verdadero origen de la Asociaci\u00f3n de Egresados de la Universidad Cat\u00f3lica de Colombia, que en sus principios se denomin\u00f3 Asociaci\u00f3n de Exalumnos de la Universidad Cat\u00f3lica de Colombia, se remota al 27 de [&hellip;]","og_url":"https:\/\/www.ucatolica.edu.co\/portal\/asociacion-de-egresados\/","og_site_name":"Universidad Cat\u00f3lica De Colombia","article_publisher":"https:\/\/www.facebook.com\/ucatolicacolombia","twitter_card":"summary_large_image","twitter_site":"@UCatolicaCol","twitter_misc":{"Tiempo de lectura":"8 minutos"},"schema":{"@context":"https:\/\/schema.org","@graph":[{"@type":"WebPage","@id":"https:\/\/www.ucatolica.edu.co\/portal\/asociacion-de-egresados\/","url":"https:\/\/www.ucatolica.edu.co\/portal\/asociacion-de-egresados\/","name":"Asociaci\u00f3n de Egresados - Universidad Cat\u00f3lica De Colombia","isPartOf":{"@id":"https:\/\/www.ucatolica.edu.co\/portal\/#website"},"datePublished":"2019-06-11T13:24:30+00:00","breadcrumb":{"@id":"https:\/\/www.ucatolica.edu.co\/portal\/asociacion-de-egresados\/#breadcrumb"},"inLanguage":"es-CO","potentialAction":[{"@type":"ReadAction","target":["https:\/\/www.ucatolica.edu.co\/portal\/asociacion-de-egresados\/"]}]},{"@type":"BreadcrumbList","@id":"https:\/\/www.ucatolica.edu.co\/portal\/asociacion-de-egresados\/#breadcrumb","itemListElement":[{"@type":"ListItem","position":1,"name":"Inicio","item":"https:\/\/www.ucatolica.edu.co\/portal\/"},{"@type":"ListItem","position":2,"name":"Asociaci\u00f3n de Egresados"}]},{"@type":"WebSite","@id":"https:\/\/www.ucatolica.edu.co\/portal\/#website","url":"https:\/\/www.ucatolica.edu.co\/portal\/","name":"Universidad Cat\u00f3lica De Colombia","description":"Universidad Cat\u00f3lica De Colombia","publisher":{"@id":"https:\/\/www.ucatolica.edu.co\/portal\/#organization"},"potentialAction":[{"@type":"SearchAction","target":{"@type":"EntryPoint","urlTemplate":"https:\/\/www.ucatolica.edu.co\/portal\/?s={search_term_string}"},"query-input":{"@type":"PropertyValueSpecification","valueRequired":true,"valueName":"search_term_string"}}],"inLanguage":"es-CO"},{"@type":"Organization","@id":"https:\/\/www.ucatolica.edu.co\/portal\/#organization","name":"Universidad Cat\u00f3lica de Colombia","url":"https:\/\/www.ucatolica.edu.co\/portal\/","logo":{"@type":"ImageObject","inLanguage":"es-CO","@id":"https:\/\/www.ucatolica.edu.co\/portal\/#\/schema\/logo\/image\/","url":"https:\/\/www.ucatolica.edu.co\/portal\/wp-content\/uploads\/2021\/06\/logo-header-ho-1.svg","contentUrl":"https:\/\/www.ucatolica.edu.co\/portal\/wp-content\/uploads\/2021\/06\/logo-header-ho-1.svg","width":1,"height":1,"caption":"Universidad Cat\u00f3lica de Colombia"},"image":{"@id":"https:\/\/www.ucatolica.edu.co\/portal\/#\/schema\/logo\/image\/"},"sameAs":["https:\/\/www.facebook.com\/ucatolicacolombia","https:\/\/x.com\/UCatolicaCol","https:\/\/www.instagram.com\/universidadcatolicadecolombia\/","https:\/\/www.linkedin.com\/company\/universidadcatolicadecolombia\/","https:\/\/www.youtube.com\/user\/UCatolicaCo"]}]}},"coauthors":[],"author_meta":{"author_link":"https:\/\/www.ucatolica.edu.co\/portal\/author\/carrnall\/","display_name":"Carlos Zea"},"relative_dates":{"created":"Posted 7 a\u00f1os ago","modified":"Updated 7 a\u00f1os ago"},"absolute_dates":{"created":"Posted on 11 junio, 2019","modified":"Updated on 11 junio, 2019"},"absolute_dates_time":{"created":"Posted on 11 junio, 2019 8:24 am","modified":"Updated on 11 junio, 2019 8:24 am"},"featured_img_caption":"","featured_img":false,"series_order":"","_links":{"self":[{"href":"https:\/\/www.ucatolica.edu.co\/portal\/wp-json\/wp\/v2\/pages\/13539","targetHints":{"allow":["GET"]}}],"collection":[{"href":"https:\/\/www.ucatolica.edu.co\/portal\/wp-json\/wp\/v2\/pages"}],"about":[{"href":"https:\/\/www.ucatolica.edu.co\/portal\/wp-json\/wp\/v2\/types\/page"}],"author":[{"embeddable":true,"href":"https:\/\/www.ucatolica.edu.co\/portal\/wp-json\/wp\/v2\/users\/2"}],"replies":[{"embeddable":true,"href":"https:\/\/www.ucatolica.edu.co\/portal\/wp-json\/wp\/v2\/comments?post=13539"}],"version-history":[{"count":0,"href":"https:\/\/www.ucatolica.edu.co\/portal\/wp-json\/wp\/v2\/pages\/13539\/revisions"}],"wp:attachment":[{"href":"https:\/\/www.ucatolica.edu.co\/portal\/wp-json\/wp\/v2\/media?parent=13539"}],"curies":[{"name":"wp","href":"https:\/\/api.w.org\/{rel}","templated":true}]}}