{"id":1371,"date":"2018-09-20T11:45:12","date_gmt":"2018-09-20T16:45:12","guid":{"rendered":"http:\/\/localhost:8888\/portal\/?page_id=1371"},"modified":"2026-04-21T14:27:38","modified_gmt":"2026-04-21T19:27:38","slug":"estatutos-reglamentos-y-manuales","status":"publish","type":"page","link":"https:\/\/www.ucatolica.edu.co\/portal\/nuestra-universidad\/estatutos-reglamentos-y-manuales\/","title":{"rendered":"Estatutos, Reglamentos y Manuales"},"content":{"rendered":"<h2>Estatutos, Reglamentos y Manuales<\/h2>\n<p>La Secretar\u00eda General de la Universidad Cat\u00f3lica de Colombia es la encargada se comunicar a la comunidad universitaria y a terceros interesados las decisiones de los \u00f3rganos de gobierno de la Universidad y de las actuaciones de las autoridades institucionales.<br \/>\nA continuaci\u00f3n encontrar\u00e1 un compendio de las normas b\u00e1sicas de la Universidad:<\/p>\n<ul class=\"list-inside\">\n<li>Acuerdos<\/li>\n<li>Derechos pecuniarios (justificaci\u00f3n)<\/li>\n<li>Estatutos y estructura org\u00e1nica<\/li>\n<li>Pol\u00edtica de tratamiento de datos personales<\/li>\n<li>Reglamento de Bienestar<\/li>\n<li>Reglamentos de estudiantes, docentes y personal administrativo<\/li>\n<li>Resoluciones<\/li>\n<\/ul>\n<h5>Acuerdos<\/h5>\n<div id=\"accordion\" class=\"panel-group\">\n<div class=\"panel panel-default\">\n<div id=\"headingCero\" class=\"panel-heading\">\n<h4 class=\"panel-title\"><a href=\"#collapseCero\" data-toggle=\"collapse\" data-parent=\"#accordion\">Sala de Gobierno<\/a><\/h4>\n<\/div>\n<div id=\"collapseCero\" class=\"panel-collapse collapse\">\n<div class=\"panel-body\">\n<h3>Acuerdos 2026<\/h3>\n<ul class=\"documentos\">\n<li class=\"pdf\"><a href=\"https:\/\/www.ucatolica.edu.co\/portal\/wp-content\/uploads\/adjuntos\/acuerdos\/sala-de-gobierno-070-26.pdf\" target=\"_blank\" rel=\"noopener\">Acuerdo No. 070 \u201cPor medio del cual se actualiza el Acuerdo No. 002 del 04 de septiembre de 2013; conforme a las disposiciones legales vigentes sobre uso de inteligencia artificial y tratamiento de datos personales, el Manual de Pol\u00edtica de Tratamiento de Datos Personales de la Universidad Cat\u00f3lica de Colombia.\u201d<\/a><\/li>\n<li class=\"pdf\"><a href=\"https:\/\/www.ucatolica.edu.co\/portal\/wp-content\/uploads\/adjuntos\/acuerdos\/sala-de-gobierno-069-26.pdf\" target=\"_blank\" rel=\"noopener\">Acuerdo No. 069 \u201cPor el cual se cambia la estructura de la Oficina Asesora de Autoevaluaci\u00f3n, Acreditaci\u00f3n y Gesti\u00f3n de Procesos y se crea la Oficina de Gesti\u00f3n de Procesos.\u201d<\/a><\/li>\n<\/ul>\n<h3>Acuerdos 2025<\/h3>\n<ul class=\"documentos\">\n<li class=\"pdf\"><a href=\"https:\/\/www.ucatolica.edu.co\/portal\/wp-content\/uploads\/adjuntos\/acuerdos\/sala-de-gobierno-067-25.pdf\" target=\"_blank\" rel=\"noopener\">Acuerdo No. 067 \u201cPor el cual se actualiza el organigrama de la Universidad Cat\u00f3lica de Colombia.\u201d<\/a><\/li>\n<li class=\"pdf\"><a href=\"https:\/\/www.ucatolica.edu.co\/portal\/wp-content\/uploads\/adjuntos\/acuerdos\/sala-de-gobierno-066-25.pdf\" target=\"_blank\" rel=\"noopener\">Acuerdo No. 066 \u201cPor medio del cual se deroga el Acuerdo No. 057 del 6 de febrero de 2025 Por el cual se crea y adopta la estructura y organizaci\u00f3n de la Unidad Asesora de Educaci\u00f3n Virtual.\u201d<\/a><\/li>\n<li class=\"pdf\"><a href=\"https:\/\/www.ucatolica.edu.co\/portal\/wp-content\/uploads\/adjuntos\/acuerdos\/sala-de-gobierno-065-25.pdf\" target=\"_blank\" rel=\"noopener\">Acuerdo No. 065 \u201cPor medio del cual se adopta la Pol\u00edtica de Comunicaciones de la Universidad Cat\u00f3lica de Colombia.\u201d<\/a><\/li>\n<li class=\"pdf\"><a href=\"https:\/\/www.ucatolica.edu.co\/portal\/wp-content\/uploads\/adjuntos\/acuerdos\/sala-de-gobierno-064-25.pdf\" target=\"_blank\" rel=\"noopener\">Acuerdo No. 064 \u201cPor medio del cual se adopta el Manual de Imagen Institucional de la Universidad Cat\u00f3lica de Colombia\u201d<\/a><\/li>\n<li class=\"pdf\"><a href=\"https:\/\/www.ucatolica.edu.co\/portal\/wp-content\/uploads\/adjuntos\/acuerdos\/sala-de-gobierno-063-25.pdf\" target=\"_blank\" rel=\"noopener\">Acuerdo No. 063 \u201cPor medio del cual se actualizan los procesos y la estructura de la Decanatura Acad\u00e9mica de la Universidad Cat\u00f3lica de Colombia\u201d<\/a><\/li>\n<li class=\"pdf\"><a href=\"https:\/\/www.ucatolica.edu.co\/portal\/wp-content\/uploads\/adjuntos\/acuerdos\/sala-de-gobierno-062-25.pdf\" target=\"_blank\" rel=\"noopener\">Acuerdo No. 062 \u201cPor medio del cual se modifica el art\u00edculo segundo (2\u00b0) del Acuerdo No. 35 de la Sala de Gobierno, de fecha 29 de abril de 2022\u201d<\/a><\/li>\n<li class=\"pdf\"><a href=\"https:\/\/www.ucatolica.edu.co\/portal\/wp-content\/uploads\/adjuntos\/acuerdos\/sala-de-gobierno-061-25.pdf\" target=\"_blank\" rel=\"noopener\">Acuerdo No. 061 \u201cPor medio del cual se adopta la Pol\u00edtica de Inteligencia Artificial de la Universidad Cat\u00f3lica de Colombia\u201d<\/a><\/li>\n<li class=\"pdf\"><a href=\"https:\/\/www.ucatolica.edu.co\/portal\/wp-content\/uploads\/adjuntos\/acuerdos\/sala-de-gobierno-060-25.pdf\" target=\"_blank\" rel=\"noopener\">Acuerdo No. 060 \u201cPor el cual se suprimen y modifican vicerrector\u00edas en la Universidad Cat\u00f3lica de Colombia\u201d<\/a><\/li>\n<li class=\"pdf\"><a href=\"https:\/\/www.ucatolica.edu.co\/portal\/wp-content\/uploads\/adjuntos\/acuerdos\/sala-de-gobierno-059-25.pdf\" target=\"_blank\" rel=\"noopener\">Acuerdo No. 059 \u201cPor el cual se actualiza el organigrama de la Universidad Cat\u00f3lica de Colombia\u201d<\/a><\/li>\n<li class=\"pdf\"><a href=\"https:\/\/www.ucatolica.edu.co\/portal\/wp-content\/uploads\/adjuntos\/acuerdos\/sala-de-gobierno-058-25.pdf\" target=\"_blank\" rel=\"noopener\">Acuerdo No. 058 \u201cPor el cual se cambia la denominaci\u00f3n y la estructura de la Oficina de Calidad y Control de Procesos por Oficina de Autoevaluaci\u00f3n, Acreditaci\u00f3n y Gesti\u00f3n de Procesos\u201d<\/a><\/li>\n<li class=\"pdf\"><a href=\"https:\/\/www.ucatolica.edu.co\/portal\/wp-content\/uploads\/adjuntos\/acuerdos\/sala-de-gobierno-057-25.pdf\" target=\"_blank\" rel=\"noopener\">Acuerdo No. 057 \u201cPor el cual se crea y adopta la estructura y organizaci\u00f3n de la Unidad Asesora de Educaci\u00f3n Virtual\u201d<\/a><\/li>\n<li class=\"pdf\"><a href=\"https:\/\/www.ucatolica.edu.co\/portal\/wp-content\/uploads\/adjuntos\/acuerdos\/sala-de-gobierno-056-25.pdf\" target=\"_blank\" rel=\"noopener\">Acuerdo No. 056 \u201cPor el cual se deroga el Acuerdo No. 042 del 21 de abril de 2023 de la Sala de Gobierno de la Universidad Cat\u00f3lica de Colombia \u201cPor el cual se define y adopta la estructura y organizaci\u00f3n b\u00e1sica de la Facultad de Educaci\u00f3n y Desarrollo Virtual y se define su modelo de gesti\u00f3n\u201d y se determina inscribir los programas virtuales a las facultades de acuerdo a su \u00e1rea de conocimiento\u201d<\/a><\/li>\n<\/ul>\n<h3>Acuerdos 2024<\/h3>\n<ul class=\"documentos\">\n<li class=\"pdf\"><a href=\"https:\/\/www.ucatolica.edu.co\/portal\/wp-content\/uploads\/adjuntos\/acuerdos\/sala-de-gobierno-054-24.pdf\" target=\"_blank\" rel=\"noopener\">Acuerdo No. 054 \u201cPor medio del cual se modifica el Manual de Tratamiento de Incidencias Peticiones, Quejas, Reclamos, Sugerencias y Felicitaciones de la Universidad Cat\u00f3lica de Colombia\u201d<\/a><\/li>\n<li class=\"pdf\"><a href=\"https:\/\/www.ucatolica.edu.co\/portal\/wp-content\/uploads\/adjuntos\/acuerdos\/sala-de-gobierno-053-24.pdf\" target=\"_blank\" rel=\"noopener\">Acuerdo No. 053 \u201cPor medio del cual se deroga el Acuerdo No. 001 de 2019 expedido por la Sala de Gobierno y se dicta otra disposici\u00f3n\u201d<\/a><\/li>\n<li class=\"pdf\"><a href=\"https:\/\/www.ucatolica.edu.co\/portal\/wp-content\/uploads\/adjuntos\/acuerdos\/sala-de-gobierno-052-24.pdf\" target=\"_blank\" rel=\"noopener\">Acuerdo No. 052 \u201cPor medio del cual se adopta el modelo de cobro por cr\u00e9ditos de la Universidad Cat\u00f3lica de Colombia\u201d<\/a><\/li>\n<li class=\"pdf\"><a href=\"https:\/\/www.ucatolica.edu.co\/portal\/wp-content\/uploads\/2024\/01\/Acuerdo_051_sala_gobierno.pdf\" target=\"_blank\" rel=\"noopener\">Acuerdo No. 051 \u201cPor medio del cual se adopta la Pol\u00edtica de Seguridad Vial de la Universidad Cat\u00f3lica de Colombia\u201d<\/a><\/li>\n<li class=\"pdf\"><a href=\"https:\/\/www.ucatolica.edu.co\/portal\/wp-content\/uploads\/2024\/01\/Acuerdo_050_sala_gobierno.pdf\" target=\"_blank\" rel=\"noopener\">Acuerdo No. 050 \u201cAcuerdo No. 050 \u201cPor el cual se aprueba la modificaci\u00f3n del alcance de la pol\u00edtica del Sistema de Gesti\u00f3n de Calidad (SGC) de la Universidad Cat\u00f3lica de Colombia\u201d<\/a><\/li>\n<li class=\"pdf\"><a href=\"https:\/\/www.ucatolica.edu.co\/portal\/wp-content\/uploads\/2024\/01\/Acuerdo_049_sala_gobierno.pdf\" target=\"_blank\" rel=\"noopener\">Acuerdo No. 049 \u201cAcuerdo No. 049 \u201cPor el cual se aprueba la modificaci\u00f3n del Mapa de Procesos de la Universidad Cat\u00f3lica de Colombia\u201d<\/a><\/li>\n<\/ul>\n<h3>Acuerdos 2023<\/h3>\n<ul class=\"documentos\">\n<li class=\"pdf\"><a href=\"https:\/\/www.ucatolica.edu.co\/portal\/wp-content\/uploads\/2024\/01\/Acuerdo_047_sala_gobierno.pdf\" target=\"_blank\" rel=\"noopener\">Acuerdo No. 047 \u201cPor medio del cual se adoptan y se dan a conocer a la comunidad administrativa y docente la inserci\u00f3n que tendr\u00e1 el reglamento Interno de Trabajo de la Universidad Cat\u00f3lica de Colombia ratificado por la Sala de Gobierno mediante Acuerdo No. 002 del 23 de abril de 2019\u201d<\/a><\/li>\n<li class=\"pdf\"><a href=\"https:\/\/www.ucatolica.edu.co\/portal\/wp-content\/uploads\/adjuntos\/acuerdos\/sala-de-gobierno-046-23.pdf\" target=\"_blank\" rel=\"noopener\">Acuerdo No. 046 \u201cPor el cual se actualiza el organigrama de la Universidad Cat\u00f3lica de Colombia\u201d<\/a><\/li>\n<li class=\"pdf\"><a href=\"https:\/\/www.ucatolica.edu.co\/portal\/wp-content\/uploads\/adjuntos\/acuerdos\/sala-de-gobierno-045-23.pdf\" target=\"_blank\" rel=\"noopener\">Acuerdo No. 045 \u201cPor el cual se crea la Oficina Asesora de Transformaci\u00f3n Digital de la Universidad Cat\u00f3lica de Colombia.\u201d<\/a><\/li>\n<li class=\"pdf\"><a href=\"https:\/\/www.ucatolica.edu.co\/portal\/wp-content\/uploads\/adjuntos\/acuerdos\/sala-de-gobierno-044-23.pdf\" target=\"_blank\" rel=\"noopener\">Acuerdo No. 044 \u201c\u201cPor medio del cual se actualizan los procesos y la estructura de la Decanatura Acad\u00e9mica de la Universidad Cat\u00f3lica de Colombia\u201d<\/a><\/li>\n<li class=\"pdf\"><a href=\"https:\/\/www.ucatolica.edu.co\/portal\/wp-content\/uploads\/adjuntos\/acuerdos\/sala-de-gobierno-043-23.pdf\" target=\"_blank\" rel=\"noopener\">Acuerdo No. 043 \u201cPor medio del cual se actualiza la Pol\u00edtica de Seguridad Vial de la Universidad Cat\u00f3lica de Colombia.\u201d<\/a><\/li>\n<li class=\"pdf\"><a href=\"https:\/\/www.ucatolica.edu.co\/portal\/wp-content\/uploads\/adjuntos\/acuerdos\/sala-de-gobierno-042-23.pdf\" target=\"_blank\" rel=\"noopener\">Acuerdo No. 042 \u201cPor el cual se define y adopta la estructura y organizaci\u00f3n b\u00e1sica de la Facultad de Educaci\u00f3n y Desarrollo Virtual y se define su modelo de gesti\u00f3n.\u201d<\/a><\/li>\n<li class=\"pdf\"><a href=\"https:\/\/www.ucatolica.edu.co\/portal\/wp-content\/uploads\/adjuntos\/acuerdos\/sala-de-gobierno-040-23.pdf\" target=\"_blank\" rel=\"noopener\">Acuerdo No. 040 \u201cPor el cual se ratifica la Pol\u00edtica de Seguridad y Salud en el Trabajo de la Universidad Cat\u00f3lica de Colombia y el Reglamento de Higiene y Seguridad Industrial\u201d.<\/a><\/li>\n<\/ul>\n<h3>Acuerdos 2022<\/h3>\n<ul class=\"documentos\">\n<li class=\"pdf\"><a href=\"https:\/\/www.ucatolica.edu.co\/portal\/wp-content\/uploads\/adjuntos\/acuerdos\/sala-de-gobierno-039-22.pdf\" target=\"_blank\" rel=\"noopener\">Acuerdo No. 039 \u201cPor el cual se crea el Sistema Interno de Aseguramiento de la Calidad (SIAC) y se reestructura la Oficina de Calidad y Control de Procesos de la Universidad Cat\u00f3lica de Colombia&#8221;<\/a><\/li>\n<li class=\"pdf\"><a href=\"https:\/\/www.ucatolica.edu.co\/portal\/wp-content\/uploads\/adjuntos\/acuerdos\/sala-de-gobierno-038-22.pdf\" target=\"_blank\" rel=\"noopener\">Acuerdo No. 038 \u201cPor medio del cual se adopta la Pol\u00edtica de Teletrabajo Suplementario H\u00edbrido de la Universidad Cat\u00f3lica de Colombia\u201d<\/a><\/li>\n<li class=\"pdf\"><a href=\"https:\/\/www.ucatolica.edu.co\/portal\/wp-content\/uploads\/adjuntos\/acuerdos\/sala-de-gobierno-037-22.pdf\" target=\"_blank\" rel=\"noopener\">Acuerdo No. 037 \u201cPor medio del cual se adopta la Pol\u00edtica de Desconexi\u00f3n Laboral de la Universidad Cat\u00f3lica de Colombia.<\/a><\/li>\n<li class=\"pdf\"><a href=\"https:\/\/www.ucatolica.edu.co\/portal\/wp-content\/uploads\/adjuntos\/acuerdos\/sala-de-gobierno-036-22.pdf\" target=\"_blank\" rel=\"noopener\">Acuerdo No. 036 \u201cMediante el cual se modifica la estructura de la Direcci\u00f3n de Bienestar Universitario de la Universidad Cat\u00f3lica de Colombia\u201d.<\/a><\/li>\n<li class=\"pdf\"><a href=\"https:\/\/www.ucatolica.edu.co\/portal\/wp-content\/uploads\/2022\/05\/temporal-cms-sala-de-gobierno-035-22.pdf\" target=\"_blank\" rel=\"noopener\">Acuerdo No. 035 \u201cMediante el cual se modifica la estructura de la Oficina de Relaciones Internacionales e Interinstitucionales \u2013 ORII de la Universidad Cat\u00f3lica de Colombia\u201d.<\/a><\/li>\n<li class=\"pdf\"><a href=\"https:\/\/www.ucatolica.edu.co\/portal\/wp-content\/uploads\/2022\/05\/temporal-cms-sala-de-gobierno-034-22.pdf\" target=\"_blank\" rel=\"noopener\">Acuerdo No. 034 \u201cPor medio del cual se establece la Pol\u00edtica Ambiental de la Universidad Cat\u00f3lica de Colombia y los lineamientos generales de aplicaci\u00f3n de la misma\u201d.<\/a><\/li>\n<\/ul>\n<h3>Acuerdos 2021<\/h3>\n<ul class=\"documentos\">\n<li class=\"pdf\"><a href=\"\/portal\/wp-content\/uploads\/adjuntos\/acuerdos\/sala-de-gobierno-032-21.pdf\" target=\"_blank\" rel=\"noopener\">Acuerdo No. 032 \u201cPor medio del cual se establece la Pol\u00edtica referente al Trabajo en Casa que podr\u00e1n desarrollar los funcionarios de la Universidad Cat\u00f3lica de Colombia\u201d.<\/a><\/li>\n<li class=\"pdf\"><a href=\"\/portal\/wp-content\/uploads\/adjuntos\/acuerdos\/sala-de-gobierno-031-21.pdf\" target=\"_blank\" rel=\"noopener\">Acuerdo No. 031 \u201cPor medio del cual se establecen los lineamientos de la Pol\u00edtica referente a conflictos de intereses, inhabilidades e incompatibilidades en la Universidad Cat\u00f3lica de Colombia\u201d.<\/a><\/li>\n<li class=\"pdf\"><a href=\"\/portal\/wp-content\/uploads\/adjuntos\/acuerdos\/sala-de-gobierno-030-21.pdf\" target=\"_blank\" rel=\"noopener\">Acuerdo No. 030 \u201cPor el cual se ampl\u00eda la vigencia de las medidas de apoyo y alivio financiero para los estudiantes de pregrado y posgrado de la Universidad Cat\u00f3lica de Colombia para el segundo semestre de 2021&#8243;.<\/a><\/li>\n<li class=\"pdf\"><a href=\"\/portal\/wp-content\/uploads\/adjuntos\/acuerdos\/sala-de-gobierno-028-21.pdf\" target=\"_blank\" rel=\"noopener\">Acuerdo No. 028 &#8220;Por medio del cual de modifica el acuerdo 020 del 14 de diciembre de 2020 y se ampl\u00eda el \u00e1mbito de aplicaci\u00f3n a las medidas de apoyo y alivio financiero para estudiantes de la Universidad que en el mismo periodo acad\u00e9mico quieran realizar la matr\u00edcula de sus hijos, padres, madres, hermanos y primos hermanos matriculados en programas de pregrado y posgrado en la Universidad Cat\u00f3lica de Colombia&#8221;.<\/a><\/li>\n<li class=\"pdf\"><a href=\"\/portal\/wp-content\/uploads\/adjuntos\/acuerdos\/sala-de-gobierno-027-21.pdf\" target=\"_blank\" rel=\"noopener\">Acuerdo No. 027 &#8220;Por el cual se Adiciona y Aprueba la Pol\u00edtica de Seguridad y Salud en el Trabajo de la Universidad Cat\u00f3lica de Colombia y se Aprueba el Reglamento de Higiene y Seguridad Industrial&#8221;.<\/a><\/li>\n<li class=\"pdf\"><a href=\"\/portal\/wp-content\/uploads\/adjuntos\/acuerdos\/sala-de-gobierno-026-21.pdf\" target=\"_blank\" rel=\"noopener\">Acuerdo No. 026 &#8220;Por el cual se aprueba el Manual de Calidad de la Universidad Cat\u00f3lica de Colombia.&#8221;.<\/a><\/li>\n<li class=\"pdf\"><a href=\"\/portal\/wp-content\/uploads\/adjuntos\/acuerdos\/sala-de-gobierno-025-21.pdf\" target=\"_blank\" rel=\"noopener\">Acuerdo No. 025 \u201cPor el cual se actualiza el Modelo de Autoevaluaci\u00f3n Institucional de la Universidad Cat\u00f3lica de Colombia\u201d.<\/a><\/li>\n<li class=\"pdf\"><a href=\"\/portal\/wp-content\/uploads\/adjuntos\/acuerdos\/sala-de-gobierno-024-21.pdf\" target=\"_blank\" rel=\"noopener\">Acuerdo No. 024 \u201cPor el cual se aprueba la Pol\u00edtica de Gobernabilidad de la Universidad Cat\u00f3lica de Colombia\u201d.<\/a><\/li>\n<li class=\"pdf\"><a href=\"\/portal\/wp-content\/uploads\/adjuntos\/acuerdos\/sala-de-gobierno-021-21.pdf\" target=\"_blank\" rel=\"noopener\">Acuerdo No. 021 \u201cPor medio del cual se establecen requisitos obligatorios para la elecci\u00f3n de los Representantes Estudiantiles ante los Consejos Consultivos de las Facultades de la Universidad Cat\u00f3lica de Colombia\u201d.<\/a><\/li>\n<\/ul>\n<h3>Acuerdos 2020<\/h3>\n<ul class=\"documentos\">\n<li class=\"pdf\"><a href=\"\/portal\/wp-content\/uploads\/adjuntos\/acuerdos\/sala-de-gobierno-020-20.pdf\" target=\"_blank\" rel=\"noopener\">Acuerdo No. 020 \u201cPor el cual se unifican las medidas de apoyo y alivio financiero para los estudiantes de pregrado y posgrado de la Universidad Cat\u00f3lica de Colombia para el primer semestre de 2021\u201d.<\/a><\/li>\n<li class=\"pdf\"><a href=\"\/portal\/wp-content\/uploads\/adjuntos\/acuerdos\/sala-de-gobierno-019-20.pdf\" target=\"_blank\" rel=\"noopener\">Acuerdo No. 019 \u201cPor el cual se actualiza el organigrama de la Universidad Cat\u00f3lica de Colombia y se aprueba el organigrama de la Seccional La Caro en el municipio de Ch\u00eda\u201d.<\/a><\/li>\n<li class=\"pdf\"><a href=\"\/portal\/wp-content\/uploads\/adjuntos\/acuerdos\/sala-de-gobierno-018-20.pdf\" target=\"_blank\" rel=\"noopener\">Acuerdo No. 018 \u201cPor el cual se modifica el reglamento de Prestaci\u00f3n de Servicios de la Bolsa de Empleo de la Universidad Cat\u00f3lica de Colombia\u201d.<\/a><\/li>\n<li class=\"pdf\"><a href=\"\/portal\/wp-content\/uploads\/adjuntos\/acuerdos\/sala-de-gobierno-017-20.pdf\" target=\"_blank\" rel=\"noopener\">Acuerdo No. 017 \u201cPor el cual se aprueba la Pol\u00edtica de Seguridad del Paciente, denominada en la Universidad Cat\u00f3lica de Colombia \u201cAtenci\u00f3n con Consciencia Segura\u201d.<\/a><\/li>\n<li class=\"pdf\"><a href=\"\/portal\/wp-content\/uploads\/adjuntos\/acuerdos\/sala-de-gobierno-016-20.pdf\" target=\"_blank\" rel=\"noopener\">Acuerdo No. 016 \u201cPor el cual se aprueba el Plan de reapertura gradual, progresiva y segura, teniendo en cuenta el Protocolo de Bioseguridad de la Universidad Cat\u00f3lica de Colombia, aprobado por el Consejo Administrativo mediante Acuerdo No.<br \/>\n006.\u201d<\/a><\/li>\n<li class=\"pdf\"><a href=\"\/portal\/wp-content\/uploads\/adjuntos\/acuerdos\/sala-de-gobierno-015-20.pdf\" target=\"_blank\" rel=\"noopener\">Acuerdo No. 015 \u201cPor el cual se aprueba la pol\u00edtica, objetivos y alcance del Sistema de Gesti\u00f3n de Calidad (SGC) de la Universidad Cat\u00f3lica de Colombia.\u201d<\/a><\/li>\n<li class=\"pdf\"><a href=\"\/portal\/wp-content\/uploads\/adjuntos\/acuerdos\/sala-de-gobierno-014-20.pdf\" target=\"_blank\" rel=\"noopener\">Acuerdo No. 014 \u201cPor medio del cual se aprueba el Plan de Desarrollo Institucional 2020+ de la Universidad Cat\u00f3lica de Colombia\u201d<\/a><\/li>\n<li class=\"pdf\"><a href=\"\/portal\/wp-content\/uploads\/adjuntos\/acuerdos\/sala-de-gobierno-013-20.pdf\" target=\"_blank\" rel=\"noopener\">Acuerdo No. 013 \u201cPor el cual se unifican y ampl\u00edan las medidas de apoyo y alivio financiero para los estudiantes de pregrado y posgrado de la Universidad Cat\u00f3lica de Colombia para el segundo semestre de 2020.\u201d<\/a><\/li>\n<li class=\"pdf\"><a href=\"\/portal\/wp-content\/uploads\/adjuntos\/acuerdos\/sala-de-gobierno-012-20.pdf\" target=\"_blank\" rel=\"noopener\">Acuerdo No. 012 \u201cPor el cual se modifica la estructura interna de la<br \/>\nDirecci\u00f3n Central de Investigaciones de la Universidad Cat\u00f3lica de Colombia.\u201d<\/a><\/li>\n<li class=\"pdf\"><a href=\"\/portal\/wp-content\/uploads\/adjuntos\/acuerdos\/sala-de-gobierno-011-20.pdf\" target=\"_blank\" rel=\"noopener\">Acuerdo No. 011 \u201cPor el cual se modifica el reglamento de Prestaci\u00f3n de Servicios de la Bolsa de Empleo de la Universidad Cat\u00f3lica de Colombia.\u201d<\/a><\/li>\n<li class=\"pdf\"><a href=\"\/portal\/wp-content\/uploads\/adjuntos\/acuerdos\/sala-de-gobierno-009-20.pdf\" target=\"_blank\" rel=\"noopener\">Acuerdo No. 009 \u201cPor el cual se crea el Comit\u00e9 Institucional de Aseguramiento de la Calidad \u2013 CIAC y los Comit\u00e9s de Facultad de Aseguramiento de la Calidad\u2013 CACF.\u201d<\/a><\/li>\n<li class=\"pdf\"><a href=\"\/portal\/wp-content\/uploads\/adjuntos\/acuerdos\/sala-de-gobierno-008-20.pdf\" target=\"_blank\" rel=\"noopener\">Acuerdo No. 008 \u201cPor el cual se modifica el reglamento de Prestaci\u00f3n de Servicios de la Bolsa de Empleo de la Universidad Cat\u00f3lica de Colombia.\u201d<\/a><\/li>\n<\/ul>\n<h3>Acuerdos 2019<\/h3>\n<ul class=\"documentos\">\n<li class=\"pdf\"><a href=\"\/portal\/wp-content\/uploads\/adjuntos\/acuerdos\/sala-de-gobierno-007-19.pdf\" target=\"_blank\" rel=\"noopener\">Acuerdo No. 007 \u201cPor el cual se aprueba la Pol\u00edtica de Seguridad y Salud en el Trabajo de la Universidad Cat\u00f3lica de Colombia.\u201d<\/a><\/li>\n<li class=\"pdf\"><a href=\"\/portal\/wp-content\/uploads\/adjuntos\/acuerdos\/sala-de-gobierno-006-19.pdf\" target=\"_blank\" rel=\"noopener\">Acuerdo No. 006 \u201cPor el cual se decide adoptar la numeraci\u00f3n sucesiva y continua de las actas, acuerdos y resoluciones que sean expedidas por los \u00f3rganos colegiados o autoridades con facultad normativa.\u201d<\/a><\/li>\n<li class=\"pdf\"><a href=\"\/portal\/wp-content\/uploads\/adjuntos\/acuerdos\/sala-de-gobierno-005-19.pdf\" target=\"_blank\" rel=\"noopener\">Acuerdo No. 005 \u201cPor el cual se aprueba el Mapa de Procesos de la Universidad Cat\u00f3lica de Colombia\u201d<\/a><\/li>\n<li class=\"pdf\"><a href=\"\/portal\/wp-content\/uploads\/adjuntos\/acuerdos\/acuerdo-004-actualizacion-manual-pdrsf.pdf\" target=\"_blank\" rel=\"noopener\">Acuerdo No. 004 &#8220;Por el cual se modifica el Manual de Tratamiento de Incidencias Peticiones, Quejas, Reclamos, Sugerencias y Felicitaciones en la Universidad Cat\u00f3lica de Colombia&#8221;<\/a><\/li>\n<li class=\"pdf\"><a href=\"https:\/\/www.ucatolica.edu.co\/portal\/wp-content\/uploads\/adjuntos\/acuerdos\/sala-de-gobierno-003-19.pdf\" target=\"_blank\" rel=\"noopener\">Acuerdo No. 003 &#8220;Por el cual se establece la Pol\u00edtica de Seguridad Vial de la Universidad Cat\u00f3lica de Colombia&#8221;<\/a><\/li>\n<\/ul>\n<h3>Acuerdos 2018<\/h3>\n<ul class=\"documentos\">\n<li class=\"pdf\"><a href=\"\/portal\/wp-content\/uploads\/adjuntos\/acuerdos\/sala-de-gobierno-007-18.pdf\" target=\"_blank\" rel=\"noopener\">Acuerdo No. 007 &#8220;Por el cual se aprueba el organigrama del liceo de la Universidad Cat\u00f3lica de Colombia&#8221;<\/a><\/li>\n<li class=\"pdf\"><a href=\"\/portal\/wp-content\/uploads\/adjuntos\/acuerdos\/sala-de-gobierno-006-18.pdf\" target=\"_blank\" rel=\"noopener\">Acuerdo No. 006 &#8220;Por el cual se actualiza el organigrama de la Universidad Cat\u00f3lica de Colombia&#8221;<\/a><\/li>\n<li class=\"pdf\"><a href=\"\/portal\/wp-content\/uploads\/adjuntos\/acuerdos\/sala-de-gobierno-005-18.pdf\" target=\"_blank\" rel=\"noopener\">Acuerdo No. 005 &#8220;Por el cual se modifica la Oficina de Autoevaluaci\u00f3n institucional de la Universidad Cat\u00f3lica De Colombia y se convierte en la Oficina de Calidad y Control de Procesos y se deroga el acuerdo no 007 del 30 de junio de 2016&#8221;<\/a><\/li>\n<li class=\"pdf\"><a href=\"\/portal\/wp-content\/uploads\/adjuntos\/acuerdos\/sala-de-gobierno-003-18.pdf\" target=\"_blank\" rel=\"noopener\">Acuerdo No. 003 &#8220;Por el cual se formaliza la creaci\u00f3n la Oficina de Compras y Activos Fijos de la Universidad Cat\u00f3lica de Colombia&#8221;<\/a><\/li>\n<\/ul>\n<h3>Acuerdos 2017<\/h3>\n<ul class=\"documentos\">\n<li class=\"pdf\"><a href=\"\/portal\/wp-content\/uploads\/adjuntos\/acuerdos\/sala-de-gobierno-003-17.pdf\" target=\"_blank\" rel=\"noopener\">Acuerdo No. 003 &#8220;Por el cual se aprueba la estructura de la Oficina de Relaciones Internacionales e Interinstitucionales (ORII) de la Universidad Cat\u00f3lica de Colombia&#8221;<\/a><\/li>\n<li class=\"pdf\"><a href=\"\/portal\/wp-content\/uploads\/adjuntos\/acuerdos\/sala-de-gobierno-002-17.pdf\" target=\"_blank\" rel=\"noopener\">Acuerdo No. 002 &#8220;Por el cual se actualiza el Manual de Imagen Institucional de la Universidad Cat\u00f3lica de Colombia&#8221;<\/a><\/li>\n<\/ul>\n<h3>Acuerdos 2016<\/h3>\n<ul class=\"documentos\">\n<li class=\"pdf\" style=\"display: none;\"><a href=\"\/portal\/wp-content\/uploads\/adjuntos\/acuerdos\/sala-de-gobierno-007-16.pdf\" target=\"_blank\" rel=\"noopener\">Acuerdo No. 007 &#8220;Por el cual se crean el Comit\u00e9 Central de Autoevaluaci\u00f3n &#8211; CCA y los Comit\u00e9s de Autoevaluaci\u00f3n de Programas &#8211; CAP &#8220;<\/a><\/li>\n<li class=\"pdf\"><a href=\"\/portal\/wp-content\/uploads\/adjuntos\/acuerdos\/anexo-sala-de-gobierno-006-16.pdf\" target=\"_blank\" rel=\"noopener\">Anexo Acuerdo No. 006 &#8220;Manual para la atenci\u00f3n de peticiones, quejas, reclamos, sugerencias y felicitaciones en la Universidad Cat\u00f3lica de Colombia.&#8221;<\/a><\/li>\n<li class=\"pdf\"><a href=\"\/portal\/wp-content\/uploads\/adjuntos\/acuerdos\/sala-de-gobierno-006-16.pdf\" target=\"_blank\" rel=\"noopener\">Acuerdo No. 006 &#8220;Por el cual se establece la pol\u00edtica y se aprueba el Manual para la atenci\u00f3n de peticiones, quejas, reclamos, sugerencias y felicitaciones en la Universidad Cat\u00f3lica de Colombia.&#8221;<\/a><\/li>\n<li class=\"pdf\"><a href=\"\/portal\/wp-content\/uploads\/adjuntos\/acuerdos\/sala-de-gobierno-005-16.pdf\" target=\"_blank\" rel=\"noopener\">Acuerdo No. 005 &#8220;Por el cual se Organiza el Comit\u00e9 Administrativo de la Universidad Cat\u00f3lica de Colombia&#8221;<\/a><\/li>\n<li class=\"pdf\"><a href=\"\/portal\/wp-content\/uploads\/adjuntos\/acuerdos\/sala-de-gobierno-004-16.pdf\" target=\"_blank\" rel=\"noopener\">Acuerdo No. 004 &#8220;Por el cual se Organiza el Comit\u00e9 Asesor de Admisiones de la Universidad Cat\u00f3lica de Colombia&#8221;<\/a><\/li>\n<li class=\"pdf\"><a href=\"\/portal\/wp-content\/uploads\/adjuntos\/acuerdos\/sala-de-gobierno-003-16.pdf\" target=\"_blank\" rel=\"noopener\">Acuerdo No. 003 &#8220;Por el cual se Organiza el Comit\u00e9 Asesor de Planeaci\u00f3n de la Universidad Cat\u00f3lica de Colombia&#8221;<\/a><\/li>\n<li class=\"pdf\"><a href=\"\/portal\/wp-content\/uploads\/adjuntos\/acuerdos\/sala-de-gobierno-002-16.pdf\" target=\"_blank\" rel=\"noopener\">Acuerdo No. 002 &#8220;Por el cual se establecen las directrices generales para el uso de las tecnolog\u00edas de la informaci\u00f3n y comunicaciones -TIC- en la Universidad Cat\u00f3lica de Colombia&#8221;<\/a><\/li>\n<li class=\"pdf\"><a href=\"\/portal\/wp-content\/uploads\/adjuntos\/acuerdos\/sala-de-gobierno-001-16.pdf\" target=\"_blank\" rel=\"noopener\">Acuerdo No. 001 &#8220;Por el cual se actualiza el Organigrama General de la Universidad Cat\u00f3lica de Colombia&#8221;<\/a><\/li>\n<\/ul>\n<h3>Acuerdos 2015<\/h3>\n<ul class=\"documentos\">\n<li class=\"pdf\"><a href=\"\/portal\/wp-content\/uploads\/adjuntos\/acuerdos\/sala-de-gobierno-006-15.pdf\" target=\"_blank\" rel=\"noopener\">Acuerdo No. 006 &#8220;Por el cual se modifica el reglamento de Prestaci\u00f3n de Servicios de la Bolsa de Empleo de la Universidad Cat\u00f3lica de Colombia&#8221;<\/a><\/li>\n<li class=\"pdf\"><a href=\"\/portal\/wp-content\/uploads\/adjuntos\/acuerdos\/sala-de-gobierno-005-15.pdf\" target=\"_blank\" rel=\"noopener\">Acuerdo No. 005 &#8220;Por el cual se crea la Oficina de Comunicaci\u00f3n y Mercadeo de la Universidad Cat\u00f3lica de Colombia&#8221;<\/a><\/li>\n<li class=\"pdf\" style=\"display: none;\"><a href=\"\/portal\/wp-content\/uploads\/adjuntos\/acuerdos\/sala-de-gobierno-004-15.pdf\" target=\"_blank\" rel=\"noopener\">Acuerdo No. 004 &#8220;Por el cual se crea la oficina de Autoevaluaci\u00f3n Institucional de la Universidad Cat\u00f3lica de Colombia, se establece su misi\u00f3n, su estructura y sus procesos.&#8221;<\/a><\/li>\n<li class=\"pdf\"><a href=\"\/portal\/wp-content\/uploads\/adjuntos\/acuerdos\/sala-de-gobierno-003-15.pdf\" target=\"_blank\" rel=\"noopener\">Acuerdo No. 003 &#8220;Por el cual se aprueba la Pol\u00edtica de Convivencia Laboral de la Universidad Cat\u00f3lica de Colombia&#8221;<\/a><\/li>\n<li class=\"pdf\"><a href=\"\/portal\/wp-content\/uploads\/adjuntos\/acuerdos\/sala-de-gobierno-002-15.pdf\" target=\"_blank\" rel=\"noopener\">Acuerdo No. 002 &#8220;Por el cual se aprueba el Manual de Imagen Institucional de la Universidad Cat\u00f3lica de Colombia&#8221;<\/a><\/li>\n<li class=\"pdf\"><a href=\"\/portal\/wp-content\/uploads\/adjuntos\/acuerdos\/sala-de-gobierno-001-15.pdf\" target=\"_blank\" rel=\"noopener\">Acuerdo No. 001 &#8220;Por el cual se crea la Oficina de Relaciones Internacionales e Interinstitucionales (ORII) de la Universidad Cat\u00f3lica de Colombia&#8221;<\/a><\/li>\n<\/ul>\n<h3>Acuerdos 2014<\/h3>\n<ul class=\"documentos\">\n<li class=\"pdf\"><a href=\"\/portal\/wp-content\/uploads\/adjuntos\/acuerdos\/sala-de-gobierno-002-14.pdf\" target=\"_blank\" rel=\"noopener\">Acuerdo No. 002 &#8220;Por el cual se aprueba el Manual de Servicio para el personal docente de la Universidad&#8221;<\/a><\/li>\n<li class=\"pdf\"><a href=\"\/portal\/wp-content\/uploads\/adjuntos\/acuerdos\/sala-de-gobierno-001-14.pdf\" target=\"_blank\" rel=\"noopener\">Acuerdo No. 001 &#8220;Por el cual se aprueba el Manual de Servicio para el personal administrativo de la Universidad&#8221;<\/a><\/li>\n<\/ul>\n<h3>Acuerdos 2013<\/h3>\n<ul class=\"documentos\">\n<li class=\"pdf\"><a href=\"\/portal\/wp-content\/uploads\/adjuntos\/acuerdos\/sala-de-gobierno-007-13.pdf\" target=\"_blank\" rel=\"noopener\">Acuerdo No. 007 del 28 de noviembre de 2013 &#8220;Por el cual se modifica el Reglamento de Prestaci\u00f3n de Servicios de Bolsa de Empleo en la Universidad Cat\u00f3lica de Colombia&#8221;<\/a><\/li>\n<li class=\"pdf\"><a href=\"\/portal\/wp-content\/uploads\/adjuntos\/acuerdos\/sala-de-gobierno-006-13.pdf\" target=\"_blank\" rel=\"noopener\">Acuerdo No. 006 del 24 de octubre de 2013 &#8220;Por el cual se derogan la Resoluci\u00f3n No. 01 del 3 de agosto de 2010 que reglamenta el desarrollo de la Investigaci\u00f3n en la Facultad de Derecho y el Acuerdo No. 001 del 6 febrero de 2013&#8221;<\/a><\/li>\n<li class=\"pdf\"><a href=\"\/portal\/wp-content\/uploads\/adjuntos\/acuerdos\/sala-de-gobierno-005-13.pdf\" target=\"_blank\" rel=\"noopener\">Acuerdo No. 005 del 24 de octubre de 2013 &#8220;Por medio del cual se aprueba el reglamento de Prestaci\u00f3n de Servicios de Bolsa de Empleo en la Universidad Cat\u00f3lica de Colombia&#8221;<\/a><\/li>\n<li class=\"pdf\"><a href=\"\/portal\/wp-content\/uploads\/adjuntos\/acuerdos\/sala-de-gobierno-004-13.pdf\" target=\"_blank\" rel=\"noopener\">Acuerdo No. 004 del 04 de octubre de 2013 &#8220;Por el cual se establecen los procesos y la estructura de la Decanatura Acad\u00e9mica de la Universidad Cat\u00f3lica&#8221;<\/a><\/li>\n<li class=\"pdf\"><a href=\"\/portal\/wp-content\/uploads\/adjuntos\/acuerdos\/sala-de-gobierno-003-13.pdf\" target=\"_blank\" rel=\"noopener\">Acuerdo No. 003 del 04 de septiembre de 2013 &#8220;Por el cual se formalizan los procesos y los \u00f3rganos de gesti\u00f3n del Centro de Publicaciones, se modifica su denominaci\u00f3n y se le otorga la condici\u00f3n de Editorial de la Universidad Cat\u00f3lica de Colombia&#8221;<\/a><\/li>\n<li class=\"pdf\"><a href=\"\/portal\/wp-content\/uploads\/adjuntos\/acuerdos\/sala-de-gobierno-002-13.pdf\" target=\"_blank\" rel=\"noopener\">Acuerdo No. 002 del 04 de septiembre de 2013 &#8220;Por el cual se aprueba el manual de pol\u00edticas de tratamientos de datos personales&#8221;<\/a><\/li>\n<li class=\"pdf\"><a href=\"\/portal\/wp-content\/uploads\/adjuntos\/acuerdos\/sala-de-gobierno-001-13.pdf\" target=\"_blank\" rel=\"noopener\">Acuerdo No. 001 del 06 de febrero de 2013 &#8220;Por medio el Cual se modifica la Resoluci\u00f3n No. 01 del 03 de agosto de 2010 que reglamenta el desarrollo de la Investigaci\u00f3n de la Facultad de Derecho&#8221;<\/a><\/li>\n<\/ul>\n<\/div>\n<\/div>\n<\/div>\n<div class=\"panel panel-default\">\n<div id=\"headingUno\" class=\"panel-heading\">\n<h4 class=\"panel-title\"><a href=\"#collapseUno\" data-toggle=\"collapse\" data-parent=\"#accordion\">Consejo Superior Acuerdos Acad\u00e9micos<\/a><\/h4>\n<\/div>\n<div id=\"collapseUno\" class=\"panel-collapse collapse\">\n<div class=\"panel-body\">\n<h3>Acuerdos 2026<\/h3>\n<ul class=\"documentos\">\n<li class=\"pdf\"><a href=\"https:\/\/www.ucatolica.edu.co\/portal\/wp-content\/uploads\/adjuntos\/acuerdos\/consejo-superior-acuerdos-academicos-406-26.pdf\" target=\"_blank\" rel=\"noopener\">Acuerdo No. 406 del 05 de marzo de 2026 &#8220;Por el cual se aprueba y adopta el Reglamento del Estudiante de la Universidad Cat\u00f3lica de Colombia&#8221;.<\/a><\/li>\n<li class=\"pdf\"><a href=\"https:\/\/www.ucatolica.edu.co\/portal\/wp-content\/uploads\/adjuntos\/acuerdos\/consejo-superior-acuerdos-academicos-405-26.pdf\" target=\"_blank\" rel=\"noopener\">Acuerdo No. 405 del 05 de marzo de 2026 &#8220;Mediante el cual se actualizan los mecanismos para el cumplimiento del requisito de grado de dominio de suficiencia en idioma ingl\u00e9s y para la homologaci\u00f3n o validaci\u00f3n del nivel de ingl\u00e9s en la Universidad Cat\u00f3lica de Colombia&#8221;.<\/a><\/li>\n<li class=\"pdf\"><a href=\"https:\/\/www.ucatolica.edu.co\/portal\/wp-content\/uploads\/adjuntos\/acuerdos\/consejo-superior-acuerdos-academicos-404-26.pdf\" target=\"_blank\" rel=\"noopener\">Acuerdo No. 404 del 05 de marzo de 2026 &#8220;Por el cual se autoriza la solicitud de la Resoluci\u00f3n de los programas virtuales de conocimientos acad\u00e9micos en ingl\u00e9s A2, B1, y B2 de educaci\u00f3n para el trabajo y desarrollo humano de la Universidad Cat\u00f3lica de Colombia ante el ente competente&#8221;.<\/a><\/li>\n<li class=\"pdf\"><a href=\"https:\/\/www.ucatolica.edu.co\/portal\/wp-content\/uploads\/adjuntos\/acuerdos\/consejo-superior-acuerdos-academicos-403-26.pdf\" target=\"_blank\" rel=\"noopener\">Acuerdo No. 403 del 05 de marzo de 2026 &#8220;Por el cual se aprueba la reforma del plan de estudios del programa de especializaci\u00f3n en Psicolog\u00eda Jur\u00eddica y Criminol\u00f3gica de la Facultad de Psicolog\u00eda de la Universidad Cat\u00f3lica de Colombia&#8221;.<\/a><\/li>\n<li class=\"pdf\"><a href=\"https:\/\/www.ucatolica.edu.co\/portal\/wp-content\/uploads\/adjuntos\/acuerdos\/consejo-superior-acuerdos-academicos-402-26.pdf\" target=\"_blank\" rel=\"noopener\">Acuerdo No. 402 del 05 de marzo de 2026 &#8220;Por el cual se aprueba la reforma del plan de estudios y la denominaci\u00f3n del programa de especializaci\u00f3n en Psicolog\u00eda de las Organizaciones de la Facultad de Psicolog\u00eda de la Universidad Cat\u00f3lica de Colombia&#8221;.<\/a><\/li>\n<li class=\"pdf\"><a href=\"https:\/\/www.ucatolica.edu.co\/portal\/wp-content\/uploads\/adjuntos\/acuerdos\/consejo-superior-acuerdos-academicos-401-26.pdf\" target=\"_blank\" rel=\"noopener\">Acuerdo No. 401 del 05 de marzo de 2026 &#8220;Por el cual se aprueba la reforma del plan de estudios y la denominaci\u00f3n del programa de especializaci\u00f3n en Ingenier\u00eda de Pavimentos de la Facultad de Ingenier\u00eda de la Universidad Cat\u00f3lica de Colombia&#8221;.<\/a><\/li>\n<li class=\"pdf\"><a href=\"https:\/\/www.ucatolica.edu.co\/portal\/wp-content\/uploads\/adjuntos\/acuerdos\/consejo-superior-acuerdos-academicos-400-26.pdf\" target=\"_blank\" rel=\"noopener\">Acuerdo No. 400 del 05 de marzo de 2026 &#8220;Por el cual se aprueba la reforma del plan de estudios del programa de especializaci\u00f3n en Recursos H\u00eddricos de la Facultad de Ingenier\u00eda de la Universidad Cat\u00f3lica de Colombia&#8221;.<\/a><\/li>\n<\/ul>\n<h3>Acuerdos 2025<\/h3>\n<ul class=\"documentos\">\n<li class=\"pdf\"><a href=\"https:\/\/www.ucatolica.edu.co\/portal\/wp-content\/uploads\/adjuntos\/acuerdos\/consejo-superior-acuerdos-academicos-399-25.pdf\" target=\"_blank\" rel=\"noopener\">Acuerdo No. 399 del 11 de diciembre de 2025 &#8220;Por el cual se autoriza la solicitud de renovaci\u00f3n del Registro Calificado del programa de Doctorado en Derecho de la facultad de Derecho de la Universidad Cat\u00f3lica de Colombia&#8221;.<\/a><\/li>\n<li class=\"pdf\"><a href=\"https:\/\/www.ucatolica.edu.co\/portal\/wp-content\/uploads\/adjuntos\/acuerdos\/consejo-superior-acuerdos-academicos-398-25.pdf\" target=\"_blank\" rel=\"noopener\">Acuerdo No. 398 del 11 de diciembre de 2025 &#8220;Por medio de la cual se modifica el Acuerdo 356 del 22 de septiembre de 2023, en el art\u00edculo primero, en lo referente a la aplicabilidad de la transici\u00f3n del Estatuto Profesoral&#8221;.<\/a><\/li>\n<li class=\"pdf\"><a href=\"https:\/\/www.ucatolica.edu.co\/portal\/wp-content\/uploads\/adjuntos\/acuerdos\/consejo-superior-acuerdos-academicos-397-25.pdf\" target=\"_blank\" rel=\"noopener\">Acuerdo No. 397 del 11 de diciembre de 2025 &#8220;Por el cual se aprueba y adopta el Reglamento del Estudiante de la Universidad Cat\u00f3lica de Colombia&#8221;.<\/a><\/li>\n<li class=\"pdf\"><a href=\"https:\/\/www.ucatolica.edu.co\/portal\/wp-content\/uploads\/adjuntos\/acuerdos\/consejo-superior-acuerdos-academicos-396-25.pdf\" target=\"_blank\" rel=\"noopener\">Acuerdo No. 396 del 30 de septiembre de 2025 &#8220;Por el cual se otorga el Doctorado Honoris Causa al doctor ANTONIO SCOCOZZA&#8221;.<\/a><\/li>\n<li class=\"pdf\"><a href=\"https:\/\/www.ucatolica.edu.co\/portal\/wp-content\/uploads\/adjuntos\/acuerdos\/consejo-superior-acuerdos-academicos-395-25.pdf\" target=\"_blank\" rel=\"noopener\">Acuerdo No. 395 del 30 de septiembre de 2025 &#8220;Por el cual se crea el programa de maestr\u00eda en Derecho del Trabajo y Seguridad Social de la Facultad de Derecho de la Universidad Cat\u00f3lica de Colombia&#8221;.<\/a><\/li>\n<li class=\"pdf\"><a href=\"https:\/\/www.ucatolica.edu.co\/portal\/wp-content\/uploads\/adjuntos\/acuerdos\/consejo-superior-acuerdos-academicos-394-25.pdf\" target=\"_blank\" rel=\"noopener\">Acuerdo No. 394 del 30 de septiembre de 2025 &#8220;Por el cual se aprueba la reforma del plan de estudios y la denominaci\u00f3n del programa de especializaci\u00f3n en Seguridad de la Informaci\u00f3n de la Facultad de Ingenier\u00eda de la Universidad Cat\u00f3lica de Colombia&#8221;.<\/a><\/li>\n<li class=\"pdf\"><a href=\"https:\/\/www.ucatolica.edu.co\/portal\/wp-content\/uploads\/adjuntos\/acuerdos\/consejo-superior-acuerdos-academicos-393-25.pdf\" target=\"_blank\" rel=\"noopener\">Acuerdo No. 393 del 30 de septiembre de 2025 &#8220;Por el cual se aprueba la reforma del plan de estudios del programa de especializaci\u00f3n en Formulaci\u00f3n y Evaluaci\u00f3n Social y Econ\u00f3mica de Proyectos de la Facultad de Ciencias Econ\u00f3micas y Administrativas de la Universidad Cat\u00f3lica de Colombia&#8221;.<\/a><\/li>\n<li class=\"pdf\"><a href=\"https:\/\/www.ucatolica.edu.co\/portal\/wp-content\/uploads\/adjuntos\/acuerdos\/consejo-superior-acuerdos-academicos-392-25.pdf\" target=\"_blank\" rel=\"noopener\">Acuerdo No. 392 del 30 de septiembre de 2025 &#8220;Por el cual se aprueba la reforma del plan de estudios del programa de especializaci\u00f3n en Psicolog\u00eda Educativa de la Facultad de Psicolog\u00eda de la Universidad Cat\u00f3lica de Colombia&#8221;.<\/a><\/li>\n<li class=\"pdf\"><a href=\"https:\/\/www.ucatolica.edu.co\/portal\/wp-content\/uploads\/adjuntos\/acuerdos\/consejo-superior-acuerdos-academicos-389-25.pdf\" target=\"_blank\" rel=\"noopener\">Acuerdo No. 389 del 29 de mayo de 2025 &#8220;Por el cual se aprueba la reforma del plan de estudios del programa de Econom\u00eda de la Facultad de Ciencias Econ\u00f3micas y Administrativas de la Universidad Cat\u00f3lica de Colombia&#8221;.<\/a><\/li>\n<li class=\"pdf\"><a href=\"https:\/\/www.ucatolica.edu.co\/portal\/wp-content\/uploads\/adjuntos\/acuerdos\/consejo-superior-acuerdos-academicos-388-25.pdf\" target=\"_blank\" rel=\"noopener\">Acuerdo No. 388 del 20 de marzo de 2025 &#8220;Por el cual se otorga el Doctorado Honoris Causa al doctor LORENZO COTINO HUESO&#8221;.<\/a><\/li>\n<li class=\"pdf\"><a href=\"https:\/\/www.ucatolica.edu.co\/portal\/wp-content\/uploads\/adjuntos\/acuerdos\/consejo-superior-acuerdos-academicos-387-25.pdf\" target=\"_blank\" rel=\"noopener\">Acuerdo No. 387 del 20 de marzo de 2025 &#8220;Por el cual se actualiza el Acuerdo 302 de 2020, que establece el reglamento del Comit\u00e9 de \u00c9tica de la Investigaci\u00f3n de la Universidad Cat\u00f3lica de Colombia&#8221;.<\/a><\/li>\n<li class=\"pdf\"><a href=\"https:\/\/www.ucatolica.edu.co\/portal\/wp-content\/uploads\/adjuntos\/acuerdos\/consejo-superior-acuerdos-academicos-386-25.pdf\" target=\"_blank\" rel=\"noopener\">Acuerdo No. 386 del 20 de marzo de 2025 &#8220;Por el cual se modifica el Acuerdo 367 del 30 de septiembre de 2024 del Consejo Superior de la Universidad Cat\u00f3lica de Colombia&#8221;.<\/a><\/li>\n<li class=\"pdf\"><a href=\"https:\/\/www.ucatolica.edu.co\/portal\/wp-content\/uploads\/adjuntos\/acuerdos\/consejo-superior-acuerdos-academicos-385-25.pdf\" target=\"_blank\" rel=\"noopener\">Acuerdo No. 385 del 20 de marzo de 2025 &#8220;Por el cual se suprime el programa de Ingeniera Electr\u00f3nica y Telecomunicaciones de la Facultad de Ingenier\u00eda de la Universidad Cat\u00f3lica de Colombia&#8221;.<\/a><\/li>\n<li class=\"pdf\"><a href=\"https:\/\/www.ucatolica.edu.co\/portal\/wp-content\/uploads\/adjuntos\/acuerdos\/consejo-superior-acuerdos-academicos-384-25.pdf\" target=\"_blank\" rel=\"noopener\">Acuerdo No. 384 del 20 de marzo de 2025 &#8220;Por el cual se suprime el programa de Maestr\u00eda en Innovaci\u00f3n Psicosocial de la Facultad de Psicolog\u00eda de la Universidad Cat\u00f3lica de Colombia&#8221;.<\/a><\/li>\n<li class=\"pdf\"><a href=\"https:\/\/www.ucatolica.edu.co\/portal\/wp-content\/uploads\/adjuntos\/acuerdos\/consejo-superior-acuerdos-academicos-383-25.pdf\" target=\"_blank\" rel=\"noopener\">Acuerdo No. 383 del 20 de marzo de 2025 &#8220;Por el cual se suprime el programa de Maestr\u00eda en Derechos Humanos y Derecho Internacional Humanitario de la Facultad de Derecho de la Universidad Cat\u00f3lica de Colombia&#8221;.<\/a><\/li>\n<\/ul>\n<h3>Acuerdos 2024<\/h3>\n<ul class=\"documentos\">\n<li class=\"pdf\"><a href=\"https:\/\/www.ucatolica.edu.co\/portal\/wp-content\/uploads\/adjuntos\/acuerdos\/consejo-superior-acuerdos-academicos-382-24.pdf\" target=\"_blank\" rel=\"noopener\">Acuerdo No. 382 del 10 de diciembre de 2024 &#8220;Por el cual se aprueba la reforma del plan de estudios del programa de Doctorado en Psicolog\u00eda de la Facultad de Psicolog\u00eda de la Universidad Cat\u00f3lica de Colombia&#8221;.<\/a><\/li>\n<li class=\"pdf\"><a href=\"https:\/\/www.ucatolica.edu.co\/portal\/wp-content\/uploads\/adjuntos\/acuerdos\/consejo-superior-acuerdos-academicos-381-24.pdf\" target=\"_blank\" rel=\"noopener\">Acuerdo No. 381 del 10 de diciembre de 2024 &#8220;Por el cual se crea el programa de Especializaci\u00f3n en Evaluaci\u00f3n e Intervenci\u00f3n Psicosocial de la Facultad de Psicolog\u00eda de la Universidad Cat\u00f3lica de Colombia&#8221;.<\/a><\/li>\n<li class=\"pdf\"><a href=\"https:\/\/www.ucatolica.edu.co\/portal\/wp-content\/uploads\/adjuntos\/acuerdos\/consejo-superior-acuerdos-academicos-380-24.pdf\" target=\"_blank\" rel=\"noopener\">Acuerdo No. 380 del 10 de diciembre de 2024 &#8220;Por el cual se crea el programa de Especializaci\u00f3n en Inteligencia Artificial y Derecho Digital de la Facultad de Derecho de la Universidad Cat\u00f3lica de Colombia&#8221;.<\/a><\/li>\n<li class=\"pdf\"><a href=\"https:\/\/www.ucatolica.edu.co\/portal\/wp-content\/uploads\/adjuntos\/acuerdos\/consejo-superior-acuerdos-academicos-379-24.pdf\" target=\"_blank\" rel=\"noopener\">Acuerdo No. 379 del 10 de diciembre de 2024 &#8220;Por el cual se crea el programa de Maestr\u00eda en Gesti\u00f3n Econ\u00f3mica y Evaluaci\u00f3n de Impacto de la Facultad de Ciencias Econ\u00f3micas y Administrativas de la Universidad Cat\u00f3lica de Colombia&#8221;.<\/a><\/li>\n<li class=\"pdf\"><a href=\"https:\/\/www.ucatolica.edu.co\/portal\/wp-content\/uploads\/adjuntos\/acuerdos\/consejo-superior-acuerdos-academicos-378-24.pdf\" target=\"_blank\" rel=\"noopener\">Acuerdo No. 378 del 20 de noviembre de 2024 &#8220;Por el cual se autoriza la solicitud de renovaci\u00f3n del Registro Calificado del programa de Especializaci\u00f3n en Sistema Penal Acusatorio en modalidad virtual de la Facultad de Derecho de la Universidad Cat\u00f3lica de Colombia&#8221;.<\/a><\/li>\n<li class=\"pdf\"><a href=\"https:\/\/www.ucatolica.edu.co\/portal\/wp-content\/uploads\/2024\/11\/consejo-superior-acuerdos-academicos-377-24.pdf\" target=\"_blank\" rel=\"noopener\">Acuerdo No. 377 del 20 de noviembre de 2024 &#8220;Por el cual se aprueba la implementaci\u00f3n de la metodolog\u00eda de presencialidad mediada por tecnolog\u00eda &#8211; PMT- en los planes de estudios de 19 programas presenciales de la Universidad Cat\u00f3lica de Colombia<\/a><\/li>\n<li class=\"pdf\"><a href=\"https:\/\/www.ucatolica.edu.co\/portal\/wp-content\/uploads\/adjuntos\/acuerdos\/consejo-superior-acuerdos-academicos-376-24.pdf\" target=\"_blank\" rel=\"noopener\">Acuerdo No. 376 del 30 de septiembre de 2024 &#8220;Por el cual se aprueba la reforma del plan de estudios del programa de Arquitectura de la Facultad de Dise\u00f1o de la Universidad Cat\u00f3lica de Colombia.<\/a><\/li>\n<li class=\"pdf\"><a href=\"https:\/\/www.ucatolica.edu.co\/portal\/wp-content\/uploads\/adjuntos\/acuerdos\/consejo-superior-acuerdos-academicos-375-24.pdf\" target=\"_blank\" rel=\"noopener\">Acuerdo No. 375 del 30 de septiembre de 2024 &#8220;Por el cual se aprueba la reforma del plan de estudios y denominaci\u00f3n del programa de Administraci\u00f3n de empresas de la Facultad de Ciencias Econ\u00f3micas y Administrativas de la Universidad Cat\u00f3lica de Colombia&#8221;.<\/a><\/li>\n<li class=\"pdf\"><a href=\"https:\/\/www.ucatolica.edu.co\/portal\/wp-content\/uploads\/adjuntos\/acuerdos\/consejo-superior-acuerdos-academicos-374-24.pdf\" target=\"_blank\" rel=\"noopener\">Acuerdo No. 374 del 30 de septiembre de 2024 &#8220;Por el cual se crea el programa de Econom\u00eda y Finanzas Corporativas de la Facultad de Ciencias Econ\u00f3micas y Administrativas de la Universidad Cat\u00f3lica de Colombia&#8221;.<\/a><\/li>\n<li class=\"pdf\"><a href=\"https:\/\/www.ucatolica.edu.co\/portal\/wp-content\/uploads\/adjuntos\/acuerdos\/consejo-superior-acuerdos-academicos-373-24.pdf\" target=\"_blank\" rel=\"noopener\">Acuerdo No. 373 del 30 de septiembre de 2024 &#8220;Por el cual se crea el programa de Ingenier\u00eda de Datos e Inteligencia Artificial de la Facultad de Ingenier\u00eda de la Universidad Cat\u00f3lica de Colombia&#8221;.<\/a><\/li>\n<li class=\"pdf\"><a href=\"https:\/\/www.ucatolica.edu.co\/portal\/wp-content\/uploads\/adjuntos\/acuerdos\/consejo-superior-acuerdos-academicos-372-24.pdf\" target=\"_blank\" rel=\"noopener\">Acuerdo No. 372 del 30 de septiembre de 2024 &#8220;Por el cual se crea el programa de Especializaci\u00f3n en Compliance y Derecho de los Negocios de la Facultad de Derecho de la Universidad Cat\u00f3lica de Colombia&#8221;.<\/a><\/li>\n<li class=\"pdf\"><a href=\"https:\/\/www.ucatolica.edu.co\/portal\/wp-content\/uploads\/adjuntos\/acuerdos\/consejo-superior-acuerdos-academicos-371-24.pdf\" target=\"_blank\" rel=\"noopener\">Acuerdo No. 371 del 30 de septiembre de 2024 &#8220;Por el cual se aprueba la reforma del plan de estudios del programa de Psicolog\u00eda de la Facultad de Psicolog\u00eda de la Universidad Cat\u00f3lica de Colombia&#8221;.<\/a><\/li>\n<li class=\"pdf\"><a href=\"https:\/\/www.ucatolica.edu.co\/portal\/wp-content\/uploads\/adjuntos\/acuerdos\/consejo-superior-acuerdos-academicos-370-24.pdf\" target=\"_blank\" rel=\"noopener\">Acuerdo No. 370 del 30 de septiembre de 2024 &#8220;Por el cual se aprueba la reforma del plan de estudios del programa de Especializaci\u00f3n en Psicolog\u00eda Cl\u00ednica de la Facultad de Psicolog\u00eda de la Universidad Cat\u00f3lica de Colombia&#8221;.<\/a><\/li>\n<li class=\"pdf\"><a href=\"https:\/\/www.ucatolica.edu.co\/portal\/wp-content\/uploads\/adjuntos\/acuerdos\/consejo-superior-acuerdos-academicos-369-24.pdf\" target=\"_blank\" rel=\"noopener\">Acuerdo No. 369 del 30 de septiembre de 2024 &#8220;Por el cual se deroga el Acuerdo No. 310 del 12 de noviembre de 2020 del Consejo Superior de la Universidad Cat\u00f3lica de Colombia \u201cpor el cual se reglamenta la organizaci\u00f3n y funcionamiento de la Seccional de la Universidad Cat\u00f3lica de Colombia en el municipio de Ch\u00eda\u201d y se determina el uso de las instalaciones que tiene la Universidad en el municipio de Ch\u00eda&#8221;.<\/a><\/li>\n<li class=\"pdf\"><a href=\"https:\/\/www.ucatolica.edu.co\/portal\/wp-content\/uploads\/adjuntos\/acuerdos\/consejo-superior-acuerdos-academicos-368-24.pdf\" target=\"_blank\" rel=\"noopener\">Acuerdo No. 368 del 30 de septiembre de 2024 &#8220;Por el cual se aprueban los \u201cLineamientos para la implementaci\u00f3n de la metodolog\u00eda: Presencialidad Mediada por Tecnolog\u00edas -PMT- en la Universidad Cat\u00f3lica de Colombia&#8221;.<\/a><\/li>\n<li class=\"pdf\"><a href=\"https:\/\/www.ucatolica.edu.co\/portal\/wp-content\/uploads\/adjuntos\/acuerdos\/consejo-superior-acuerdos-academicos-367-24.pdf\" target=\"_blank\" rel=\"noopener\">Acuerdo No. 367 del 30 de septiembre de 2024 &#8220;Por el cual se modifica el Acuerdo No. 364 del 17 de abril de 2024 del Consejo Superior de la Universidad Cat\u00f3lica de Colombia&#8221;.<\/a><\/li>\n<li class=\"pdf\"><a href=\"https:\/\/www.ucatolica.edu.co\/portal\/wp-content\/uploads\/adjuntos\/acuerdos\/consejo-superior-acuerdos-academicos-366-24.pdf\" target=\"_blank\" rel=\"noopener\">Acuerdo No. 366 del 27 de junio de 2024 &#8220;Por el cual se crea el programa de Maestr\u00eda en Derecho y Ciencia Pol\u00edtica de la Facultad de Derecho de la Universidad Cat\u00f3lica de Colombia&#8221;.<\/a><\/li>\n<li class=\"pdf\"><a href=\"https:\/\/www.ucatolica.edu.co\/portal\/wp-content\/uploads\/2024\/06\/consejo-superior-acuerdos-academicos-365-24.pdf\" target=\"_blank\" rel=\"noopener\">Acuerdo No. 365 del 17 de abril de 2024 &#8220;Por el cual se adopta las Certificaciones Alternativas e Insignias Digitales en la Universidad Cat\u00f3lica de Colombia&#8221;.<\/a><\/li>\n<li class=\"pdf\"><a href=\"https:\/\/www.ucatolica.edu.co\/portal\/wp-content\/uploads\/2024\/06\/consejo-superior-acuerdos-academicos-364-24.pdf\" target=\"_blank\" rel=\"noopener\">Acuerdo No. 364 del 17 de abril de 2024 &#8220;Por el cual se aprueba y adopta el Reglamento del Estudiante de la Universidad Cat\u00f3lica de Colombia&#8221;.<\/a><\/li>\n<li class=\"pdf\"><a href=\"https:\/\/www.ucatolica.edu.co\/portal\/wp-content\/uploads\/2024\/05\/consejo-superior-acuerdos-academicos-363-24.pdf\" target=\"_blank\" rel=\"noopener\">Acuerdo No. 363 del 17 de abril de 2024 \u201cPor medio del cual se otorga una menci\u00f3n como profesor Honorario al doctor Luis Arroyo Zapatero, Rector Honorario de la Universidad de Castilla \u2013 La Mancha&#8221;<\/a><\/li>\n<\/ul>\n<h3>Acuerdos 2023<\/h3>\n<ul class=\"documentos\">\n<li class=\"pdf\"><a href=\"https:\/\/www.ucatolica.edu.co\/portal\/wp-content\/uploads\/adjuntos\/acuerdos\/consejo-superior-acuerdos-academicos-362-23.pdf\" target=\"_blank\" rel=\"noopener\">Acuerdo No. 362 del 12 de diciembre de 2023 \u201cPor el cual se deroga el Acuerdo No. 354 del 25 de agosto de 2023, \u201cmodificaci\u00f3n del Acuerdo No. 345 por el cual se cre\u00f3 el programa de Especializaci\u00f3n en Anal\u00edtica de Datos en modalidad virtual\u201d de la Universidad Cat\u00f3lica de Colombia&#8221;<\/a><\/li>\n<li class=\"pdf\"><a href=\"https:\/\/www.ucatolica.edu.co\/portal\/wp-content\/uploads\/adjuntos\/acuerdos\/consejo-superior-acuerdos-academicos-361-23.pdf\" target=\"_blank\" rel=\"noopener\">Acuerdo No. 361 del 12 de diciembre de 2023 \u201cPor el cual se deroga el Acuerdo No. 353 del 25 de agosto de 2023, \u201cmodificaci\u00f3n del Acuerdo No. 344 por el cual se cre\u00f3 el programa de Especializaci\u00f3n en Alta Gerencia Estrat\u00e9gica en modalidad virtual\u201d de la Universidad Cat\u00f3lica de Colombia&#8221;<\/a><\/li>\n<li class=\"pdf\"><a href=\"https:\/\/www.ucatolica.edu.co\/portal\/wp-content\/uploads\/2024\/02\/consejo-superior-acuerdos-academicos-360-23.pdf\" target=\"_blank\" rel=\"noopener\">Acuerdo No. 360 del 12 de diciembre de 2023 \u201cPor el cual se actualiza el documento de \u201cPropiedad Intelectual de la Universidad Cat\u00f3lica de Colombia&#8221;<\/a><\/li>\n<li class=\"pdf\"><a href=\"https:\/\/www.ucatolica.edu.co\/portal\/wp-content\/uploads\/adjuntos\/acuerdos\/consejo-superior-acuerdos-academicos-359-23.pdf\" target=\"_blank\" rel=\"noopener\">Acuerdo No. 359 del 12 de diciembre de 2023 \u201cPor el cual se aprueba la reforma del plan de estudios del programa de Ingenier\u00eda Civil de la Facultad de Ingenier\u00eda de la Universidad Cat\u00f3lica de Colombia&#8221;<\/a><\/li>\n<li class=\"pdf\"><a href=\"https:\/\/www.ucatolica.edu.co\/portal\/wp-content\/uploads\/adjuntos\/acuerdos\/consejo-superior-acuerdos-academicos-358-23.pdf\" target=\"_blank\" rel=\"noopener\">Acuerdo No. 358 del 12 de diciembre de 2023 \u201cPor el cual se aprueba la reforma del plan de estudios del programa de Ingenier\u00eda de Sistemas y Computaci\u00f3n de la Facultad de Ingenier\u00eda de la Universidad Cat\u00f3lica de Colombia&#8221;<\/a><\/li>\n<li class=\"pdf\"><a href=\"https:\/\/www.ucatolica.edu.co\/portal\/wp-content\/uploads\/adjuntos\/acuerdos\/consejo-superior-acuerdos-academicos-357-23.pdf\" target=\"_blank\" rel=\"noopener\">Acuerdo No. 357 del 12 de diciembre de 2023 \u201cPor el cual se adiciona al Acuerdo No. 236 expedido por el Consejo Superior de la Universidad Cat\u00f3lica de Colombia de fecha 24 de junio de 2016 y se crea la modalidad de grado extempor\u00e1neo\u201d<\/a><\/li>\n<li class=\"pdf\"><a href=\"https:\/\/www.ucatolica.edu.co\/portal\/wp-content\/uploads\/adjuntos\/acuerdos\/consejo-superior-acuerdos-academicos-356-23.pdf\" target=\"_blank\" rel=\"noopener\">Acuerdo No. 356 del 22 de septiembre de 2023 \u201cPor medio de la cual se modifica el Acuerdo 324 del 13 de diciembre de 2021, en el art\u00edculo 42, referente a la aplicabilidad de la transici\u00f3n del Estatuto Profesoral\u201d<\/a><\/li>\n<li class=\"pdf\"><a href=\"https:\/\/www.ucatolica.edu.co\/portal\/wp-content\/uploads\/adjuntos\/acuerdos\/consejo-superior-acuerdos-academicos-355-23.pdf\" target=\"_blank\" rel=\"noopener\">Acuerdo No. 355 del 22 de septiembre de 2023 \u201cPor el cual se crea el programa de Especializaci\u00f3n en Contrato Estatal de Infraestructura P\u00fablica de la Facultad de Derecho de la Universidad Cat\u00f3lica de Colombia\u201d<\/a><\/li>\n<li class=\"pdf\"><a href=\"https:\/\/www.ucatolica.edu.co\/portal\/wp-content\/uploads\/adjuntos\/acuerdos\/consejo-superior-acuerdos-academicos-352-23.pdf\" target=\"_blank\" rel=\"noopener\">Acuerdo No. 352 del 28 de junio de 2023 \u201cPor el cual se deroga el Acuerdo No. 310 expedido por el Consejo Superior de la Universidad Cat\u00f3lica de Colombia de fecha 12 de noviembre de 2020\u201d<\/a><\/li>\n<li class=\"pdf\"><a href=\"https:\/\/www.ucatolica.edu.co\/portal\/wp-content\/uploads\/adjuntos\/acuerdos\/consejo-superior-acuerdos-academicos-351-23.pdf\" target=\"_blank\" rel=\"noopener\">Acuerdo No. 351 del 28 de junio de 2023 &#8220;Por el cual se crea el documento \u201cModelo de Tutor\u00edas y Perfil del Tutor de la Universidad Cat\u00f3lica de Colombia&#8221;<\/a><\/li>\n<li class=\"pdf\"><a href=\"https:\/\/www.ucatolica.edu.co\/portal\/wp-content\/uploads\/adjuntos\/acuerdos\/consejo-superior-acuerdos-academicos-350-23.pdf\" target=\"_blank\" rel=\"noopener\">Acuerdo No. 350 del 28 de junio de 2023 &#8220;Por el cual se crea el programa de Especializaci\u00f3n en Derecho Procesal y Litigio Estrat\u00e9gico de la Facultad de Derecho de la Universidad Cat\u00f3lica de Colombia&#8221;<\/a><\/li>\n<li class=\"pdf\"><a href=\"https:\/\/www.ucatolica.edu.co\/portal\/wp-content\/uploads\/adjuntos\/acuerdos\/consejo-superior-acuerdos-academicos-349-23.pdf\" target=\"_blank\" rel=\"noopener\">Acuerdo No. 349 del 28 de junio de 2023 &#8220;Por el cual se aprueba la reforma del plan de estudios del programa Ingenier\u00eda Electr\u00f3nica y de Telecomunicaciones de la Facultad de Ingenier\u00eda de la Universidad Cat\u00f3lica de Colombia&#8221;<\/a><\/li>\n<li class=\"pdf\"><a href=\"https:\/\/www.ucatolica.edu.co\/portal\/wp-content\/uploads\/adjuntos\/acuerdos\/consejo-superior-acuerdos-academicos-347-23.pdf\" target=\"_blank\" rel=\"noopener\">Acuerdo No. 347 del 31 de mayo de 2023 &#8220;Por medio del cual se actualizan los lineamientos generales para la inclusi\u00f3n en la Universidad Cat\u00f3lica de Colombia&#8221;<\/a><\/li>\n<li class=\"pdf\"><a href=\"https:\/\/www.ucatolica.edu.co\/portal\/wp-content\/uploads\/adjuntos\/acuerdos\/consejo-superior-acuerdos-academicos-346-23.pdf\" target=\"_blank\" rel=\"noopener\">Acuerdo No. 346 del 25 de mayo de 2023 &#8220;Por el cual se deroga el Par\u00e1grafo Segundo (2\u00b0) del art\u00edculo 32 del Reglamento del Estudiante de la Universidad Cat\u00f3lica de Colombia&#8221;<\/a><\/li>\n<li class=\"pdf\"><a href=\"https:\/\/www.ucatolica.edu.co\/portal\/wp-content\/uploads\/adjuntos\/acuerdos\/consejo-superior-acuerdos-academicos-345-23.pdf\" target=\"_blank\" rel=\"noopener\">Acuerdo No. 345 del 28 de marzo de 2023 &#8220;Por el cual se crea el programa de Especializaci\u00f3n en Anal\u00edtica de Datos en modalidad virtual de la Facultad de Educaci\u00f3n y Desarrollo Virtual de la Universidad Cat\u00f3lica de Colombia&#8221;<\/a><\/li>\n<li class=\"pdf\"><a href=\"https:\/\/www.ucatolica.edu.co\/portal\/wp-content\/uploads\/adjuntos\/acuerdos\/consejo-superior-acuerdos-academicos-344-23.pdf\" target=\"_blank\" rel=\"noopener\">Acuerdo No. 344 del 28 de marzo de 2023 &#8220;Por el cual se crea el programa de Especializaci\u00f3n en Alta Gerencia Estrat\u00e9gica en modalidad virtual de la Facultad de Educaci\u00f3n y Desarrollo Virtual de la Universidad Cat\u00f3lica de Colombia&#8221;<br \/>\n<\/a><\/li>\n<\/ul>\n<\/div>\n<\/div>\n<div id=\"collapseUno\" class=\"panel-collapse collapse\">\n<div class=\"panel-body\">\n<h3>Acuerdos 2022<\/h3>\n<ul class=\"documentos\">\n<li class=\"pdf\"><a href=\"https:\/\/www.ucatolica.edu.co\/portal\/wp-content\/uploads\/adjuntos\/acuerdos\/consejo-superior-acuerdos-academicos-343-22.pdf\" target=\"_blank\" rel=\"noopener\">Acuerdo No. 343 del 29 de septiembre de 2022 \u201cPor el cual se aprueba la Pol\u00edtica Institucional de Permanencia Estudiantil y Graduaci\u00f3n Oportuna\u201d<\/a><\/li>\n<li class=\"pdf\"><a href=\"https:\/\/www.ucatolica.edu.co\/portal\/wp-content\/uploads\/adjuntos\/acuerdos\/consejo-superior-acuerdos-academicos-342-22.pdf\" target=\"_blank\" rel=\"noopener\">Acuerdo No. 342 del 29 de septiembre de 2022 \u201cPor el cual se aprueba el Programa de Formaci\u00f3n Investigativa para Egresados de la Universidad Cat\u00f3lica de Colombia \u201cEgresados en la Sociedad del Conocimiento\u201d<\/a><\/li>\n<li class=\"pdf\"><a href=\"https:\/\/www.ucatolica.edu.co\/portal\/wp-content\/uploads\/adjuntos\/acuerdos\/consejo-superior-acuerdos-academicos-341-22.pdf\" target=\"_blank\" rel=\"noopener\">Acuerdo No. 341 del 29 de septiembre de 2022 \u201cPor el cual se aprueba el Modelo de Transferencia de Conocimiento e Innovaci\u00f3n de La Universidad Cat\u00f3lica de Colombia\u201d<\/a><\/li>\n<li class=\"pdf\"><a href=\"https:\/\/www.ucatolica.edu.co\/portal\/wp-content\/uploads\/2022\/11\/anexo-consejo-superior-acuerdos-academicos-340-16.pdf\" target=\"_blank\" rel=\"noopener\">Acuerdo No. 340 del 29 de septiembre de 2022 \u201cPor el cual se actualiza el Marco Institucional de Bienestar Universitario de la Universidad Cat\u00f3lica de Colombia\u201d<\/a><\/li>\n<li class=\"pdf\"><a href=\"https:\/\/www.ucatolica.edu.co\/portal\/wp-content\/uploads\/adjuntos\/acuerdos\/consejo-superior-acuerdos-academicos-339-22.pdf\" target=\"_blank\" rel=\"noopener\">Acuerdo No. 339 del 29 de septiembre de 2022 \u201cPor el cual se crea el documento \u201cLineamientos para el despliegue de Resultados de Aprendizaje en la Universidad Cat\u00f3lica de Colombia&#8221;<\/a><\/li>\n<li class=\"pdf\"><a href=\"https:\/\/www.ucatolica.edu.co\/portal\/wp-content\/uploads\/adjuntos\/acuerdos\/consejo-superior-acuerdos-academicos-338-22.pdf\" target=\"_blank\" rel=\"noopener\">Acuerdo No. 338 del 11 de mayo de 2022 \u201cPor el cual se aprueba el peso espec\u00edfico de los componentes de las asignaturas modulares de la Universidad Cat\u00f3lica de Colombia.\u201d<\/a><\/li>\n<li class=\"pdf\"><a href=\"https:\/\/www.ucatolica.edu.co\/portal\/wp-content\/uploads\/adjuntos\/acuerdos\/consejo-superior-acuerdos-academicos-337-22.pdf\" target=\"_blank\" rel=\"noopener\">Acuerdo No. 337 del 11 de mayo de 2022 \u201cPor el cual se aprueba la reforma del plan de estudios del programa de Ingenier\u00eda Industrial de la Facultad de Ingenier\u00eda de la Universidad Cat\u00f3lica de Colombia.\u201d<\/a><\/li>\n<li class=\"pdf\"><a href=\"https:\/\/www.ucatolica.edu.co\/portal\/wp-content\/uploads\/adjuntos\/acuerdos\/consejo-superior-acuerdos-academicos-336-22.pdf\" target=\"_blank\" rel=\"noopener\">Acuerdo No. 336 del 11 de mayo de 2022 \u201cPor el cual se modifica el documento \u201cLineamientos para la internacionalizaci\u00f3n de la Universidad Cat\u00f3lica de Colombia.\u201d<\/a><\/li>\n<li class=\"pdf\"><a href=\"https:\/\/www.ucatolica.edu.co\/portal\/wp-content\/uploads\/adjuntos\/acuerdos\/consejo-superior-acuerdos-academicos-335-22.pdf\" target=\"_blank\" rel=\"noopener\">Acuerdo No. 335 del 11 de mayo de 2022 \u201cPor el cual se modifica el documento \u201cLa investigaci\u00f3n en la Universidad Cat\u00f3lica de Colombia.\u201d<\/a><\/li>\n<li class=\"pdf\"><a href=\"https:\/\/www.ucatolica.edu.co\/portal\/wp-content\/uploads\/adjuntos\/acuerdos\/consejo-superior-acuerdos-academicos-334-22.pdf\" target=\"_blank\" rel=\"noopener\">Acuerdo No. 334 del 31 de marzo de 2022 \u201cPor el cual se suprime la Maestr\u00eda en Ingenier\u00eda y Gesti\u00f3n de la Innovaci\u00f3n de la Facultad de Ingenier\u00eda de la Universidad Cat\u00f3lica de Colombia.\u201d<\/a><\/li>\n<li class=\"pdf\"><a href=\"https:\/\/www.ucatolica.edu.co\/portal\/wp-content\/uploads\/adjuntos\/acuerdos\/consejo-superior-acuerdos-academicos-333-22.pdf\" target=\"_blank\" rel=\"noopener\">Acuerdo No. 333 del 31 de marzo de 2022 \u201cPor el cual se suprime la Maestr\u00eda en Ciencia Pol\u00edtica de la Facultad de Derecho de la Universidad Cat\u00f3lica de Colombia.\u201d<\/a><\/li>\n<li class=\"pdf\"><a href=\"https:\/\/www.ucatolica.edu.co\/portal\/wp-content\/uploads\/adjuntos\/acuerdos\/consejo-superior-acuerdos-academicos-332-22.pdf\" target=\"_blank\" rel=\"noopener\">Acuerdo No. 332 del 31 de marzo de 2022 \u201cPor el cual se modifica el documento Modelo pedag\u00f3gico de la Universidad Cat\u00f3lica de Colombia\u201d<\/a><\/li>\n<li class=\"pdf\"><a href=\"https:\/\/www.ucatolica.edu.co\/portal\/wp-content\/uploads\/adjuntos\/acuerdos\/consejo-superior-acuerdos-academicos-331-22.pdf\" target=\"_blank\" rel=\"noopener\">Acuerdo No. 331 del 31 de marzo de 2022 \u201cPor el cual se modifican el documento Elementos que integran el curr\u00edculo de la Universidad Cat\u00f3lica de Colombia<\/a><\/li>\n<\/ul>\n<h3>Acuerdos 2021<\/h3>\n<ul class=\"documentos\">\n<li class=\"pdf\"><a href=\"https:\/\/www.ucatolica.edu.co\/portal\/wp-content\/uploads\/2022\/05\/temporal-cms-consejo-superior-acuerdos-academicos-330-21.pdf\" target=\"_blank\" rel=\"noopener\">Acuerdo No. 330 del 13 de diciembre de 2021 \u201cMediante el cual se aprueba la adenda al reglamento del Doctorado en Psicolog\u00eda de la Facultad de Psicolog\u00eda de la Universidad Cat\u00f3lica de Colombia\u201d<\/a><\/li>\n<li class=\"pdf\"><a href=\"\/portal\/wp-content\/uploads\/adjuntos\/acuerdos\/consejo-superior-acuerdos-academicos-329-21.pdf\" target=\"_blank\" rel=\"noopener\">Acuerdo No. 329 del 13 de diciembre de 2021 \u201cPor el cual se aprueba la adenda a la normativa para el cumplimiento de los requisitos de grado en los programas acad\u00e9micos de la Facultad de Psicolog\u00eda de la Universidad Cat\u00f3lica de Colombia\u201d<\/a><\/li>\n<li class=\"pdf\"><a href=\"\/portal\/wp-content\/uploads\/adjuntos\/acuerdos\/consejo-superior-acuerdos-academicos-328-21.pdf\" target=\"_blank\" rel=\"noopener\">Acuerdo No. 328 del 13 de diciembre de 2021 \u201cPor el cual se aprueba la reforma del plan de estudios del Doctorado en Psicolog\u00eda de la Facultad de Psicolog\u00eda de la Universidad Cat\u00f3lica de Colombia\u201d<\/a><\/li>\n<li class=\"pdf\"><a href=\"\/portal\/wp-content\/uploads\/adjuntos\/acuerdos\/consejo-superior-acuerdos-academicos-327-21.pdf\" target=\"_blank\" rel=\"noopener\">Acuerdo No. 327 del 13 de diciembre de 2021 \u201cPor el cual se aprueban los lineamientos y las opciones de trabajo de grado para la Maestr\u00eda en Dise\u00f1o Sostenible de la Facultad de Dise\u00f1o de la Universidad Cat\u00f3lica de Colombia\u201d<\/a><\/li>\n<li class=\"pdf\"><a href=\"\/portal\/wp-content\/uploads\/adjuntos\/acuerdos\/consejo-superior-acuerdos-academicos-326-21.pdf\" target=\"_blank\" rel=\"noopener\">Acuerdo No. 326 del 13 de diciembre de 2021 \u201cPor el cual se aprueba la actualizaci\u00f3n del reglamento del Comit\u00e9 Central de Investigaciones y el Comit\u00e9 de Investigaciones de las unidades acad\u00e9micas y se dictan otras disposiciones\u201d<\/a><\/li>\n<li class=\"pdf\"><a href=\"\/portal\/wp-content\/uploads\/adjuntos\/acuerdos\/consejo-superior-acuerdos-academicos-325-21.pdf\" target=\"_blank\" rel=\"noopener\">Acuerdo No. 325 del 13 de diciembre de 2021 \u201cPor el cual se modifica y adopta los Lineamientos de Extensi\u00f3n de la Universidad Cat\u00f3lica de Colombia\u201d<\/a><\/li>\n<li class=\"pdf\"><a href=\"\/portal\/wp-content\/uploads\/adjuntos\/acuerdos\/consejo-superior-acuerdos-academicos-324-21.pdf\" target=\"_blank\" rel=\"noopener\">Acuerdo No. 324 del 13 de diciembre de 2021 \u201cPor medio de la cual se modifica el Acuerdo 277 de 2019, en el art\u00edculo 42, referente a la aplicabilidad de la transici\u00f3n del Estatuto Profesoral\u201d<\/a><\/li>\n<li class=\"pdf\"><a href=\"\/portal\/wp-content\/uploads\/adjuntos\/acuerdos\/consejo-superior-acuerdos-academicos-323-21.pdf\" target=\"_blank\" rel=\"noopener\">Acuerdo No. 323 del 29 de julio de 2021 &#8220;Mediante el cual se establecen los mecanismos para el cumplimiento del requisito de grado de dominio de suficiencia en idioma ingl\u00e9s y para la homologaci\u00f3n del nivel de ingl\u00e9s en la Universidad Cat\u00f3lica de Colombia\u201d<\/a><\/li>\n<li class=\"pdf\"><a href=\"\/portal\/wp-content\/uploads\/adjuntos\/acuerdos\/consejo-superior-acuerdos-academicos-322-21.pdf\" target=\"_blank\" rel=\"noopener\">Acuerdo No. 322 del 29 de julio de 2021 &#8220;Por el cual se establece el requisito de lengua extranjera exigido a los profesores de la Universidad Cat\u00f3lica de Colombia para el ingreso a las categor\u00edas y ascenso al escalaf\u00f3n\u201d<\/a><\/li>\n<li class=\"pdf\"><a href=\"\/portal\/wp-content\/uploads\/2023\/08\/consejo-superior-acuerdos-academicos-321-21.pdf\" target=\"_blank\" rel=\"noopener\">Acuerdo No. 321 del 29 de julio de 2021 &#8220;Por el cual se unifican los requisitos internos para optar al t\u00edtulo de abogado, se adopta el reglamento para la presentaci\u00f3n de ex\u00e1menes preparatorios, se definen las condiciones para la realizaci\u00f3n de los cursos de actualizaci\u00f3n, se establece el procedimiento para la realizaci\u00f3n de los trabajos de grado y se fija el proceso para el paz y salvo del Consultorio Jur\u00eddico en la Universidad Cat\u00f3lica de Colombia&#8221;<\/a><\/li>\n<li class=\"pdf\"><a href=\"\/portal\/wp-content\/uploads\/adjuntos\/acuerdos\/consejo-superior-acuerdos-academicos-320-21.pdf\" target=\"_blank\" rel=\"noopener\">Acuerdo No. 320 del 29 de julio de 2021 &#8220;Por el cual se modifica el Acuerdo 266 de 2018 del Consejo Superior por medio del cual se aprobaron los lineamientos y las opciones de grado para los programas acad\u00e9micos de la Facultad de Ciencias Econ\u00f3micas y Administrativas de la Universidad Cat\u00f3lica de Colombia&#8221;<\/a><\/li>\n<li class=\"pdf\"><a href=\"\/portal\/wp-content\/uploads\/adjuntos\/acuerdos\/consejo-superior-acuerdos-academicos-319-21.pdf\" target=\"_blank\" rel=\"noopener\">Acuerdo No. 319 del 29 de julio de 2021 \u201cPor el cual se suprime la Especializaci\u00f3n en Auditor\u00eda de Sistemas de Informaci\u00f3n de la Facultad de Ingenier\u00eda de la Universidad Cat\u00f3lica de Colombia\u201d<\/a><\/li>\n<li class=\"pdf\"><a href=\"\/portal\/wp-content\/uploads\/adjuntos\/acuerdos\/consejo-superior-acuerdos-academicos-318-21.pdf\" target=\"_blank\" rel=\"noopener\">Acuerdo No. 318 del 29 de julio de 2021 \u201cPor el cual se aprueban las opciones de trabajo de grado para el programa de Maestr\u00eda en Ciencia Pol\u00edtica de la Universidad Cat\u00f3lica de Colombia\u201d<\/a><\/li>\n<li class=\"pdf\"><a href=\"\/portal\/wp-content\/uploads\/adjuntos\/acuerdos\/consejo-superior-acuerdos-academicos-317-21.pdf\" target=\"_blank\" rel=\"noopener\">Acuerdo No. 317 del 29 de julio de 2021 &#8220;Por el cual se aprueba el Programa Institucional San Isidro Patios localidad 2da. Chapinero y el retiro progresivo del Programa Institucional Yomasa en la localidad 5ta de Usme. de la Universidad Cat\u00f3lica de Colombia&#8221;<\/a><\/li>\n<li class=\"pdf\"><a href=\"\/portal\/wp-content\/uploads\/adjuntos\/acuerdos\/consejo-superior-acuerdos-academicos-316-21.pdf\" target=\"_blank\" rel=\"noopener\">Acuerdo No. 316 del 25 de marzo de 2021 &#8220;Por el cual se establecen los criterios generales y el per\u00edodo de transici\u00f3n para la realizaci\u00f3n de las pr\u00e1cticas profesionales del Programa de Psicolog\u00eda de la Universidad Cat\u00f3lica de Colombia&#8221;<\/a><\/li>\n<li class=\"pdf\"><a href=\"\/portal\/wp-content\/uploads\/adjuntos\/acuerdos\/consejo-superior-acuerdos-academicos-315-21.pdf\" target=\"_blank\" rel=\"noopener\">Acuerdo No. 315 del 25 de marzo de 2021 &#8220;Por el cual se aprueba la reforma del plan de estudios de la Especializaci\u00f3n en Administraci\u00f3n Financiera de la Facultad de Ciencias Econ\u00f3micas y Administrativas de la Universidad Cat\u00f3lica de Colombia&#8221;<\/a><\/li>\n<li class=\"pdf\"><a href=\"\/portal\/wp-content\/uploads\/adjuntos\/acuerdos\/consejo-superior-acuerdos-academicos-314-21.pdf\" target=\"_blank\" rel=\"noopener\">Acuerdo No. 314 del 25 de marzo de 2021 &#8220;Por el cual se aprueba la reforma del plan de estudios de la Especializaci\u00f3n en Gerencia de Obras de la Facultad de Ingenier\u00eda de la Universidad Cat\u00f3lica de Colombia&#8221;<\/a><\/li>\n<li class=\"pdf\"><a href=\"\/portal\/wp-content\/uploads\/adjuntos\/acuerdos\/consejo-superior-acuerdos-academicos-313-21.pdf\" target=\"_blank\" rel=\"noopener\">Acuerdo No. 313 del 25 de marzo de 2021 &#8220;Por el cual se aprueba el cambio en la denominaci\u00f3n, el cambio de maestr\u00eda de investigaci\u00f3n a maestr\u00eda de profundizaci\u00f3n, la reducci\u00f3n de la duraci\u00f3n estimada y la modificaci\u00f3n al plan de estudios de la Maestr\u00eda en Innovaci\u00f3n Psicosocial de la Facultad de Psicolog\u00eda de la Universidad Cat\u00f3lica de Colombia&#8221;<\/a><\/li>\n<li class=\"pdf\"><a href=\"\/portal\/wp-content\/uploads\/adjuntos\/acuerdos\/consejo-superior-acuerdos-academicos-312-21.pdf\" target=\"_blank\" rel=\"noopener\">Acuerdo No. 312 del 18 de febrero de 2021 &#8220;Por el cual se aprueba la modificaci\u00f3n de los cupos de matr\u00edculas para los programas de Posgrado de la facultad de Derecho de la Universidad Cat\u00f3lica de Colombia&#8221;<\/a><\/li>\n<\/ul>\n<h3>Acuerdos 2020<\/h3>\n<ul class=\"documentos\">\n<li class=\"pdf\"><a href=\"\/portal\/wp-content\/uploads\/adjuntos\/acuerdos\/consejo-superior-acuerdos-academicos-311-20.pdf\" target=\"_blank\" rel=\"noopener\">Acuerdo No. 311 del 10 de diciembre de 2020 &#8220;Por el cual se aprueba la reforma del plan de estudios de la Maestr\u00eda en Dise\u00f1o Sostenible (Profundizaci\u00f3n) de la Facultad de Dise\u00f1o de la Universidad Cat\u00f3lica de Colombia&#8221;<\/a><\/li>\n<li class=\"pdf\"><a href=\"\/portal\/wp-content\/uploads\/adjuntos\/acuerdos\/consejo-superior-acuerdos-academicos-310-20.pdf\" target=\"_blank\" rel=\"noopener\">Acuerdo No. 310 del 12 de noviembre de 2020 \u201cPor el cual se reglamenta la organizaci\u00f3n y funcionamiento de la Seccional de la Universidad Cat\u00f3lica de Colombia en el municipio de Ch\u00eda\u201d<\/a><\/li>\n<li class=\"pdf\"><a href=\"\/portal\/wp-content\/uploads\/adjuntos\/acuerdos\/consejo-superior-acuerdos-academicos-309-20.pdf\" target=\"_blank\" rel=\"noopener\">Acuerdo No. 309 del 12 de noviembre de 2020 \u201cMediante el cual se actualiza el Acuerdo 285 de 2019, \u201cmediante el cual se modifica y determina el puntaje para el cumplimiento del requisito de grado de dominio de suficiencia en idioma ingl\u00e9s\u201d, expedido por el Consejo Superior de la Universidad Cat\u00f3lica de Colombia.\u201d<\/a><\/li>\n<li class=\"pdf\"><a href=\"\/portal\/wp-content\/uploads\/adjuntos\/acuerdos\/consejo-superior-acuerdos-academicos-308-20.pdf\" target=\"_blank\" rel=\"noopener\">Acuerdo No. 308 del 12 de noviembre de 2020 \u201cPor el cual se actualiza el Reglamento Interno de Pr\u00e1cticas de pregrado y posgrado para los estudiantes de la Facultad de Psicolog\u00eda de la Universidad Cat\u00f3lica de Colombia\u201d<\/a><\/li>\n<li class=\"pdf\"><a href=\"\/portal\/wp-content\/uploads\/adjuntos\/acuerdos\/consejo-superior-acuerdos-academicos-307-20.pdf\" target=\"_blank\" rel=\"noopener\">Acuerdo No. 307 del 12 de noviembre de 2020 \u201cPor el cual se modifica el documento Elementos que integran el curr\u00edculo de la Universidad Cat\u00f3lica de Colombia&#8221;<\/a><\/li>\n<li class=\"pdf\"><a href=\"\/portal\/wp-content\/uploads\/adjuntos\/acuerdos\/consejo-superior-acuerdos-academicos-306-20.pdf\" target=\"_blank\" rel=\"noopener\">Acuerdo No. 306 del 2 de septiembre de 2020 &#8220;Por el cual se aprueba la normativa para el cumplimiento de los requisitos de grado en los programas acad\u00e9micos de la Facultad de Psicolog\u00eda de la Universidad Cat\u00f3lica de Colombia.\u201d<\/a><\/li>\n<li class=\"pdf\"><a href=\"\/portal\/wp-content\/uploads\/adjuntos\/acuerdos\/consejo-superior-acuerdos-academicos-305-20.pdf\" target=\"_blank\" rel=\"noopener\">Acuerdo No. 305 del 2 de septiembre de 2020 &#8220;Por el cual se aprueba el reglamento de los laboratorios de la Facultad de Psicolog\u00eda &#8211; LAPSUCC de la Universidad Cat\u00f3lica de Colombia.\u201d<\/a><\/li>\n<li class=\"pdf\"><a href=\"\/portal\/wp-content\/uploads\/adjuntos\/acuerdos\/consejo-superior-acuerdos-academicos-304-20.pdf\" target=\"_blank\" rel=\"noopener\">Acuerdo No. 304 del 2 de septiembre de 2020 &#8220;Por el cual se aprueba el reglamento del Centro de Estudios e Investigaciones \u2013 CEIPS de la Facultad de Psicolog\u00eda de la Universidad Cat\u00f3lica de Colombia.\u201d<\/a><\/li>\n<li class=\"pdf\"><a href=\"\/portal\/wp-content\/uploads\/adjuntos\/acuerdos\/consejo-superior-acuerdos-academicos-303-20.pdf\" target=\"_blank\" rel=\"noopener\">Acuerdo No. 303 del 2 de septiembre de 2020 &#8220;Por el cual se aprueban los Fundamentos de Responsabilidad Social en la Universidad Cat\u00f3lica de Colombia.\u201d<\/a><\/li>\n<li class=\"pdf\"><a href=\"\/portal\/wp-content\/uploads\/adjuntos\/acuerdos\/consejo-superior-acuerdos-academicos-302-20.pdf\" target=\"_blank\" rel=\"noopener\">Acuerdo No. 302 del 2 de septiembre de 2020 &#8220;Por el cual se actualiza el reglamento del Comit\u00e9 de \u00c9tica de la Investigaci\u00f3n de la Universidad Cat\u00f3lica de Colombia.\u201d<\/a><\/li>\n<li class=\"pdf\"><a href=\"\/portal\/wp-content\/uploads\/adjuntos\/acuerdos\/consejo-superior-acuerdos-academicos-301-20.pdf\" target=\"_blank\" rel=\"noopener\">Acuerdo No. 301 del 2 de septiembre de 2020 &#8220;Por el cual se aprueban los est\u00edmulos reconocimiento a la excelencia investigativa y homologaci\u00f3n de la participaci\u00f3n del estudiante en los semilleros como electiva institucional.\u201d<\/a><\/li>\n<li class=\"pdf\"><a href=\"\/portal\/wp-content\/uploads\/adjuntos\/acuerdos\/consejo-superior-acuerdos-academicos-300-20.pdf\" target=\"_blank\" rel=\"noopener\">Acuerdo No. 300 del 26 de agosto de 2020 &#8220;Por el cual se aprueba la reforma del plan de estudios de la Especializaci\u00f3n en Derecho Probatorio de la Facultad de Derecho de la Universidad Cat\u00f3lica de Colombia.\u201d<\/a><\/li>\n<li class=\"pdf\"><a href=\"\/portal\/wp-content\/uploads\/adjuntos\/acuerdos\/consejo-superior-acuerdos-academicos-299-20.pdf\" target=\"_blank\" rel=\"noopener\">Acuerdo No. 299 del 26 de agosto de 2020 &#8220;Por el cual se aprueba la reforma del plan de estudios de la Especializaci\u00f3n en Gobierno y Gesti\u00f3n del Desarrollo Regional y Municipal de la Facultad de Derecho de la Universidad Cat\u00f3lica de Colombia.\u201d<\/a><\/li>\n<li class=\"pdf\"><a href=\"\/portal\/wp-content\/uploads\/adjuntos\/acuerdos\/consejo-superior-acuerdos-academicos-298-20.pdf\" target=\"_blank\" rel=\"noopener\">Acuerdo No. 298 del 26 de agosto de 2020 &#8220;Por el cual se aprueba la reforma del plan de estudios de la Especializaci\u00f3n en Derecho Tributario y Aduanero de la Facultad de Derecho de la Universidad Cat\u00f3lica de Colombia.\u201d<\/a><\/li>\n<li class=\"pdf\"><a href=\"\/portal\/wp-content\/uploads\/adjuntos\/acuerdos\/consejo-superior-acuerdos-academicos-297-20.pdf\" target=\"_blank\" rel=\"noopener\">Acuerdo No. 297 del 26 de agosto de 2020 &#8220;Por el cual se aprueba la reforma del plan de estudios de la Especializaci\u00f3n en Derecho Penal y Ciencias Forenses de la Facultad de Derecho de la Universidad Cat\u00f3lica de Colombia.\u201d<\/a><\/li>\n<li class=\"pdf\"><a href=\"\/portal\/wp-content\/uploads\/adjuntos\/acuerdos\/consejo-superior-acuerdos-academicos-296-20.pdf\" target=\"_blank\" rel=\"noopener\">Acuerdo No. 296 del 26 de agosto de 2020 &#8220;Por el cual se aprueba la reforma del plan de estudios de la Especializaci\u00f3n en Derecho del Trabajo y Seguridad Social de la Facultad de Derecho de la Universidad Cat\u00f3lica de Colombia.\u201d<\/a><\/li>\n<li class=\"pdf\"><a href=\"\/portal\/wp-content\/uploads\/adjuntos\/acuerdos\/consejo-superior-acuerdos-academicos-295-20.pdf\" target=\"_blank\" rel=\"noopener\">Acuerdo No. 295 del 26 de agosto de 2020 &#8220;Por el cual se aprueba la reforma del plan de estudios de la Especializaci\u00f3n en Derecho Constitucional y Administrativo de la Facultad de Derecho de la Universidad Cat\u00f3lica de Colombia.\u201d<\/a><\/li>\n<li class=\"pdf\"><a href=\"\/portal\/wp-content\/uploads\/adjuntos\/acuerdos\/consejo-superior-acuerdos-academicos-294-20.pdf\" target=\"_blank\" rel=\"noopener\">Acuerdo No. 294 del 26 de agosto de 2020 &#8220;Por el cual se aprueba la reforma del plan de estudios de la Maestr\u00eda en Derechos Humanos y Derecho Internacional Humanitario (Profundizaci\u00f3n) de la Facultad de Derecho de la Universidad Cat\u00f3lica de Colombia.\u201d<\/a><\/li>\n<li class=\"pdf\"><a href=\"\/portal\/wp-content\/uploads\/adjuntos\/acuerdos\/consejo-superior-acuerdos-academicos-293-20.pdf\" target=\"_blank\" rel=\"noopener\">Acuerdo No. 293 del 12 de Marzo de 2020 &#8220;Por el cual se aprueba la reforma del plan de estudios de la Maestr\u00eda en Dise\u00f1o Sostenible (Profundizaci\u00f3n) de la Facultad de Dise\u00f1o de la Universidad Cat\u00f3lica de Colombia\u201d.<\/a><\/li>\n<li class=\"pdf\"><a href=\"\/portal\/wp-content\/uploads\/adjuntos\/acuerdos\/consejo-superior-acuerdos-academicos-292-20.pdf\" target=\"_blank\" rel=\"noopener\">Acuerdo No. 292 del 12 de Marzo de 2020 &#8220;Por el cual se aprueba la reforma del plan de estudios del programa de Arquitectura de la Facultad de Dise\u00f1o de la Universidad Cat\u00f3lica de Colombia\u201d.<\/a><\/li>\n<li class=\"pdf\"><a href=\"\/portal\/wp-content\/uploads\/adjuntos\/acuerdos\/consejo-superior-acuerdos-academicos-291-20.pdf\" target=\"_blank\" rel=\"noopener\">Acuerdo No. 291 del 12 de Marzo de 2020 &#8220;Por el cual se aprueba la reforma del plan de estudios del programa de Derecho de la Facultad de Derecho de la Universidad Cat\u00f3lica de Colombia\u201d.<\/a><\/li>\n<li class=\"pdf\"><a href=\"\/portal\/wp-content\/uploads\/adjuntos\/acuerdos\/consejo-superior-acuerdos-academicos-290-20.pdf\" target=\"_blank\" rel=\"noopener\">Acuerdo No. 290 del 12 de Marzo de 2020 &#8220;Por el cual se aprueba la reforma del plan de estudios del programa de Psicolog\u00eda de la Facultad de Psicolog\u00eda de la Universidad Cat\u00f3lica de Colombia\u201d.<\/a><\/li>\n<\/ul>\n<h3>Acuerdos 2019<\/h3>\n<ul class=\"documentos\">\n<li class=\"pdf\"><a href=\"\/portal\/wp-content\/uploads\/2019\/10\/consejo-superior-acuerdos-academicos-285-19.pdf\" target=\"_blank\" rel=\"noopener\">Acuerdo No. 285 del 10 de Septiembre de 2019 &#8220;Mediante el cual se modifica y determina el puntaje para el cumplimiento del requisito de grado de dominio de suficiencia en idioma ingl\u00e9s, por ser esta la lengua aprobada por los organismos estatutarios que rigen la materia y se establecen las equivalencias para la homologaci\u00f3n de resultados de otras pruebas internacionales en la Universidad Cat\u00f3lica de Colombia\u201d.<\/a><\/li>\n<li class=\"pdf\"><a href=\"\/portal\/wp-content\/uploads\/2019\/10\/consejo-superior-acuerdos-academicos-284-19.pdf\" target=\"_blank\" rel=\"noopener\">Acuerdo No. 284 del 10 de Septiembre de 2019 &#8220;Mediante el cual se aprueba el reglamento del Doctorado en Derecho de la Facultad de Derecho de la Universidad Cat\u00f3lica de Colombia\u201d.<\/a><\/li>\n<li class=\"pdf\"><a href=\"\/portal\/wp-content\/uploads\/2019\/10\/consejo-superior-acuerdos-academicos-283-19.pdf\" target=\"_blank\" rel=\"noopener\">Acuerdo No. 283 del 10 de Septiembre de 2019 &#8220;Mediante el cual se aprueba el reglamento del Doctorado en Psicolog\u00eda de la Facultad de Psicolog\u00eda de la Universidad Cat\u00f3lica de Colombia\u201d.<\/a><\/li>\n<li class=\"pdf\"><a href=\"\/portal\/wp-content\/uploads\/2019\/10\/consejo-superior-acuerdos-academicos-282-19.pdf\" target=\"_blank\" rel=\"noopener\">Acuerdo No. 282 del 27 de Junio de 2019 &#8220;Por medio del cual se actualizan los servicios de responsabilidad social de la Facultad de Psicolog\u00eda de la Universidad Cat\u00f3lica de Colombia a trav\u00e9s del servicio de consulta externa y se establecen condiciones como escenario de pr\u00e1ctica\u201d.<\/a><\/li>\n<li class=\"pdf\"><a href=\"\/portal\/wp-content\/uploads\/2019\/10\/consejo-superior-acuerdos-academicos-281-19.pdf\" target=\"_blank\" rel=\"noopener\">Acuerdo No. 281 del 27 de Junio de 2019 &#8220;Por el cual se crea el programa de Administraci\u00f3n de Empresas de la Facultad de Ciencias Econ\u00f3micas y Administrativas de la Universidad Cat\u00f3lica de Colombia\u201d.<\/a><\/li>\n<li class=\"pdf\"><a href=\"\/portal\/wp-content\/uploads\/2019\/10\/consejo-superior-acuerdos-academicos-280-19.pdf\" target=\"_blank\" rel=\"noopener\">Acuerdo No. 280 del 27 de Junio de 2019 &#8220;Por el cual se aprueba la creaci\u00f3n del programa de Doctorado en Derecho de la Facultad de Derecho de la Universidad Cat\u00f3lica de Colombia\u201d.<\/a><\/li>\n<li class=\"pdf\"><a href=\"\/portal\/wp-content\/uploads\/2019\/10\/consejo-superior-acuerdos-academicos-279-19.pdf\" target=\"_blank\" rel=\"noopener\">Acuerdo No. 279 del 27 de Junio de 2019 &#8220;Por el cual se aprueba la reforma del plan de estudios de la Especializaci\u00f3n en Seguridad de la Informaci\u00f3n de la Facultad de Ingenier\u00eda de la Universidad Cat\u00f3lica de Colombia\u201d.<\/a><\/li>\n<li class=\"pdf\"><a href=\"\/portal\/wp-content\/uploads\/2019\/10\/consejo-superior-acuerdos-academicos-278-19.pdf\" target=\"_blank\" rel=\"noopener\">Acuerdo No. 278 del 27 de Junio de 2019 &#8220;Por el cual se aprueba la reforma del plan de estudios de la Especializaci\u00f3n en Ingenier\u00eda de Pavimentos de la Facultad de Ingenier\u00eda de la Universidad Cat\u00f3lica de Colombia\u201d.<\/a><\/li>\n<li class=\"pdf\"><a href=\"\/portal\/wp-content\/uploads\/2019\/05\/consejo-superior-acuerdos-academicos-277-19.pdf\" target=\"_blank\" rel=\"noopener\">Acuerdo No. 277 del 30 de Abril de 2019 &#8220;Por el cual se aprueban los ajustes al Estatuto Profesoral de la Universidad Cat\u00f3lica de Colombia\u201d.<\/a><\/li>\n<li class=\"pdf\"><a href=\"\/portal\/wp-content\/uploads\/2019\/05\/consejo-superior-acuerdos-academicos-276-19.pdf\" target=\"_blank\" rel=\"noopener\">Acuerdo No. 276 del 25 de Abril de 2019 &#8220;Por el cual se crea y definen las funciones del Comit\u00e9 de Calidad de la Facultad de Psicolog\u00eda de la Universidad Cat\u00f3lica de Colombia\u201d.<\/a><\/li>\n<li class=\"pdf\"><a href=\"\/portal\/wp-content\/uploads\/2019\/05\/consejo-superior-acuerdos-academicos-275-19.pdf\" target=\"_blank\" rel=\"noopener\">Acuerdo No. 275 del 25 de Abril de 2019 &#8220;Por el cual se modifica el Reglamento del Centro de Conciliaci\u00f3n &#8211; Vigilado Minjusticia de la Cat\u00f3lica de Colombia\u201d.<\/a><\/li>\n<li class=\"pdf\"><a href=\"\/portal\/wp-content\/uploads\/2019\/05\/consejo-superior-acuerdos-academicos-274-19.pdf\" target=\"_blank\" rel=\"noopener\">Acuerdo No. 274 del 25 de Abril de 2019 &#8220;Por el cual se modifican los Elementos que Integran el Curr\u00edculo de la Universidad Cat\u00f3lica de Colombia.\u201d.<\/a><\/li>\n<li class=\"pdf\"><a href=\"\/portal\/wp-content\/uploads\/adjuntos\/acuerdos\/consejo-superior-acuerdos-academicos-273-19.pdf\" target=\"_blank\" rel=\"noopener\">Acuerdo No. 273 del 25 de Abril de 2019 \u201cPor el cual se aprueba la Reforma al Plan de Estudios de la Especializaci\u00f3n en Recursos H\u00eddricos de la Facultad de Ingenier\u00eda de la Universidad Cat\u00f3lica de Colombia\u201d.<\/a><\/li>\n<li class=\"pdf\"><a href=\"\/portal\/wp-content\/uploads\/2019\/04\/consejo-superior-acuerdos-academicos-272-19.pdf\" target=\"_blank\" rel=\"noopener\">Acuerdo No. 272 del 27 de Marzo de 2019 &#8220;Por el cual se crea y reglamenta el Comit\u00e9 de Docencia &#8211; Servicio de la Unidad de Servicios Psicol\u00f3gicos (USP) de la Facultad de Psicolog\u00eda de la Universidad Cat\u00f3lica de Colombia y se establecen los procedimientos para la convocatoria y elecci\u00f3n de sus representantes\u201d.<\/a><\/li>\n<li class=\"pdf\"><a href=\"\/portal\/wp-content\/uploads\/2019\/04\/consejo-superior-acuerdos-academicos-271-19.pdf\" target=\"_blank\" rel=\"noopener\">Acuerdo No. 271 del 27 de Marzo de 2019 &#8220;Por el cual se aprueba la reforma del plan de estudios de la Especializaci\u00f3n en Psicolog\u00eda Cl\u00ednica de la Facultad de Psicolog\u00eda de la Universidad Cat\u00f3lica de Colombia\u201d.<\/a><\/li>\n<li class=\"pdf\"><a href=\"\/portal\/wp-content\/uploads\/2019\/04\/consejo-superior-acuerdos-academicos-270-19.pdf\" target=\"_blank\" rel=\"noopener\">Acuerdo No. 270 del 27 de Marzo de 2019 &#8220;Por el cual se aprueba la reforma del plan de estudios de la Especializaci\u00f3n en Psicolog\u00eda de las Organizaciones de la Facultad de Psicolog\u00eda de la Universidad Cat\u00f3lica de Colombia\u201d.<\/a><\/li>\n<li class=\"pdf\"><a href=\"\/portal\/wp-content\/uploads\/2019\/04\/consejo-superior-acuerdos-academicos-269-19.pdf\" target=\"_blank\" rel=\"noopener\">Acuerdo No. 269 del 27 de Marzo de 2019 &#8220;Por el cual se aprueba el cambio en la denominaci\u00f3n y la reforma del plan de estudios de la Especializaci\u00f3n en Psicolog\u00eda Jur\u00eddica de la Facultad de Psicolog\u00eda de la Universidad Cat\u00f3lica de Colombia\u201d.<\/a><\/li>\n<li class=\"pdf\"><a href=\"\/portal\/wp-content\/uploads\/2019\/04\/consejo-superior-acuerdos-academicos-268-19.pdf\" target=\"_blank\" rel=\"noopener\">Acuerdo No. 268 del 27 de Marzo de 2019 &#8220;Por el cual se aprueba la reforma del plan de estudios de la Especializaci\u00f3n en Psicolog\u00eda Educativa de la Facultad de Psicolog\u00eda de la Universidad Cat\u00f3lica de Colombia\u201d.<\/a><\/li>\n<li class=\"pdf\"><a href=\"\/portal\/wp-content\/uploads\/2019\/04\/consejo-superior-acuerdos-academicos-267-19.pdf\" target=\"_blank\" rel=\"noopener\">Acuerdo No. 267 del 20 de Febrero de 2019 &#8220;Por el cual se aprueba la reforma del plan de estudios de la Especializaci\u00f3n en Formulaci\u00f3n, Evaluaci\u00f3n Social y Econ\u00f3mica de Proyectos de la Facultad de Ciencias Econ\u00f3micas y Administrativas de la Universidad Cat\u00f3lica de Colombia\u201d.<\/a><\/li>\n<\/ul>\n<h3>Acuerdos 2018<\/h3>\n<ul class=\"documentos\">\n<li class=\"pdf\"><a href=\"\/portal\/wp-content\/uploads\/2019\/04\/consejo-superior-acuerdos-academicos-266-18.pdf\" target=\"_blank\" rel=\"noopener\">Acuerdo No. 266 del 12 de Diciembre de 2018 &#8220;Por el cual se aprueban los lineamientos y las alternativas de trabajo de grado para los programas acad\u00e9micos de la Facultad de Ciencias Econ\u00f3micas y Administrativas de la Universidad Cat\u00f3lica de Colombia\u201d.<\/a><\/li>\n<li class=\"pdf\"><a href=\"https:\/\/www.ucatolica.edu.co\/portal\/wp-content\/uploads\/2019\/04\/acuerdo-265-lineamientos-de-opciones-de-grado-f-Ingenieria.pdf\" target=\"_blank\" rel=\"noopener\">Acuerdo No. 265 del 12 de Diciembre de 2018 &#8220;Por el cual se aprueban los lineamientos y las alternativas de trabajo de grado para los programas acad\u00e9micos de la Facultad de Ingenier\u00eda de la Universidad Cat\u00f3lica de Colombia\u201d.<\/a><\/li>\n<li class=\"pdf\"><a href=\"\/portal\/wp-content\/uploads\/2019\/04\/consejo-superior-acuerdos-academicos-264-18.pdf\" target=\"_blank\" rel=\"noopener\">Acuerdo No. 264 del 12 de Diciembre de 2018 &#8220;Por el cual se aprueban los Lineamientos de Emprendimiento\u201d.<\/a><\/li>\n<li class=\"pdf\"><a href=\"\/portal\/wp-content\/uploads\/2019\/04\/consejo-superior-acuerdos-academicos-263-18.pdf\" target=\"_blank\" rel=\"noopener\">Acuerdo No. 263 del 12 de Diciembre de 2018 &#8220;Por el cual se define la nueva fecha de entrada en vigencia del Estatuto Profesoral\u201d.<\/a><\/li>\n<li class=\"pdf\"><a href=\"\/portal\/wp-content\/uploads\/adjuntos\/acuerdos\/consejo-superior-acuerdos-academicos-261-18.pdf\" target=\"_blank\" rel=\"noopener\">Acuerdo No. 261 del 04 de Septiembre de 2018 &#8220;Por el cual se formaliza la existencia y reglamentan las actividades del Centro de Investigaciones de la Facultad de Ingenier\u00eda \u2013 CIFI\u201d.<\/a><\/li>\n<li class=\"pdf\"><a href=\"\/portal\/wp-content\/uploads\/adjuntos\/acuerdos\/consejo-superior-acuerdos-academicos-260-18.pdf\" target=\"_blank\" rel=\"noopener\">Acuerdo No. 260 del 04 de Septiembre de 2018 &#8220;Por el cual se formaliza la existencia y actividades del Centro de Investigaci\u00f3n para el Desarrollo Econ\u00f3mico y Empresarial &#8211; CIDEE\u201d.<\/a><\/li>\n<li class=\"pdf\"><a href=\"\/portal\/wp-content\/uploads\/adjuntos\/acuerdos\/consejo-superior-acuerdos-academicos-259-18.pdf\" target=\"_blank\" rel=\"noopener\">Acuerdo No. 259 del 04 de Septiembre de 2018 &#8220;Por el cual se aprueba la reforma del plan de estudios del Programa de Econom\u00eda de la Facultad de Ciencias Ec&#8230;&#8230;\u201d<\/a><\/li>\n<li class=\"pdf\"><a href=\"\/portal\/wp-content\/uploads\/adjuntos\/acuerdos\/consejo-superior-acuerdos-academicos-258-18.pdf\" target=\"_blank\" rel=\"noopener\">Acuerdo No. 258 del 20 de Junio de 2018 &#8220;Por el cual se adoptan los Lineamientos Generales para la Inclusi\u00f3n en la Universidad Cat\u00f3lica de Colombia\u201d.<\/a><\/li>\n<li class=\"pdf\"><a href=\"\/portal\/wp-content\/uploads\/adjuntos\/acuerdos\/consejo-superior-acuerdos-academicos-257-18.pdf\" target=\"_blank\" rel=\"noopener\">Acuerdo No. 257 del 20 de Junio de 2018 &#8220;Por el cual se aprueba el requisito de lengua extranjera exigido a los profesores de la Universidad para el ingreso a las categor\u00edas del escalaf\u00f3n\u201d.<\/a><\/li>\n<li class=\"pdf\"><a href=\"\/portal\/wp-content\/uploads\/adjuntos\/acuerdos\/consejo-superior-acuerdos-academicos-256-18.pdf\" target=\"_blank\" rel=\"noopener\">Acuerdo No. 256 del 31 de enero \u201cPor el cual se aprueba la reforma al plan de estudios de la Especializaci\u00f3n en Sistema Penal Acusatorio (Virtual) en la modalidad virtual de la Facultad de Derecho de la Universidad Cat\u00f3lica de Colombia\u201d.<\/a><\/li>\n<\/ul>\n<h3>Acuerdos 2017<\/h3>\n<ul class=\"documentos\">\n<li class=\"pdf\"><a href=\"\/portal\/wp-content\/uploads\/adjuntos\/acuerdos\/consejo-superior-acuerdos-academicos-255-17.pdf\" target=\"_blank\" rel=\"noopener\">Acuerdo No. 255 del 06 de diciembre \u201cPor el cual se crea el programa Ingenier\u00eda Civil de la Facultad de Ingenier\u00eda de la Universidad Cat\u00f3lica de Colombia\u201d.<\/a><\/li>\n<li class=\"pdf\"><a href=\"\/portal\/wp-content\/uploads\/adjuntos\/acuerdos\/consejo-superior-acuerdos-academicos-254-17.pdf\" target=\"_blank\" rel=\"noopener\">Acuerdo No. 254 del 06 de diciembre \u201cPor el cual se modifica la entrada en vigencia del Estatuto Profesoral de la Universidad Cat\u00f3lica de Colombia\u201d.<\/a><\/li>\n<li class=\"pdf\"><a href=\"\/portal\/wp-content\/uploads\/adjuntos\/acuerdos\/consejo-superior-acuerdos-academicos-253-17.pdf\" target=\"_blank\" rel=\"noopener\">Acuerdo No. 253 del 14 de septiembre de 2017 \u201cMediante el cual se otorga el Doctorado Honoris Causa al Profesor de Derecho Penal y Fiscal General Adjunto de los Estados Unidos de Am\u00e9rica, Se\u00f1or Kenneth Anthony Blanco\u201d.<\/a><\/li>\n<li class=\"pdf\"><a href=\"\/portal\/wp-content\/uploads\/adjuntos\/acuerdos\/consejo-superior-acuerdos-academicos-252-17.pdf\" target=\"_blank\" rel=\"noopener\">Acuerdo No. 252 del 14 de junio de 2017 \u201cMediante el cual se determina el puntaje para el cumplimiento del requisito de grado de dominio de suficiencia en idioma ingl\u00e9s para los estudiantes de pregrado de la Universidad Cat\u00f3lica de Colombia\u201d.<\/a><\/li>\n<li class=\"pdf\"><a href=\"\/portal\/wp-content\/uploads\/adjuntos\/acuerdos\/consejo-superior-acuerdos-academicos-251-17.pdf\" target=\"_blank\" rel=\"noopener\">Acuerdo No. 251 del 14 de junio de 2017 \u201cPor el cual se crea el programa de Especializaci\u00f3n en Sistema Penal Acusatorio (Virtual) en la modalidad virtual de la Facultad de Derecho de la Universidad Cat\u00f3lica de Colombia\u201d.<\/a><\/li>\n<li class=\"pdf\"><a href=\"\/portal\/wp-content\/uploads\/adjuntos\/acuerdos\/anexo-consejo-superior-acuerdos-academicos-250-17.pdf\" target=\"_blank\" rel=\"noopener\">Anexo Acuerdo No. 250 junio de 2017 \u201clineamientos para la internacionalizaci\u00f3n de la Universidad Cat\u00f3lica de Colombia\u201d.<\/a><\/li>\n<li class=\"pdf\"><a href=\"\/portal\/wp-content\/uploads\/adjuntos\/acuerdos\/consejo-superior-acuerdos-academicos-250-17.pdf\" target=\"_blank\" rel=\"noopener\">Acuerdo No. 250 del 14 de junio de 2017 \u201cPor el cual se aprueban los lineamientos para la internacionalizaci\u00f3n de la Universidad Cat\u00f3lica de Colombia\u201d.<\/a><\/li>\n<li class=\"pdf\"><a href=\"\/portal\/wp-content\/uploads\/adjuntos\/acuerdos\/consejo-superior-acuerdos-academicos-249-17.pdf\" target=\"_blank\" rel=\"noopener\">Acuerdo No. 249 del 14 de junio de 2017 \u201cPor el cual se modifica la entrada en vigencia del Estatuto Profesoral de la Universidad Cat\u00f3lica de Colombia\u201d.<\/a><\/li>\n<li class=\"pdf\"><a href=\"\/portal\/wp-content\/uploads\/adjuntos\/acuerdos\/consejo-superior-acuerdos-academicos-248-17.pdf\" target=\"_blank\" rel=\"noopener\">Acuerdo No. 248 del 23 de febrero de 2017 \u201cPor el cual se aprueba la reforma del plan de estudios del programa Ingenier\u00eda Civil de la Facultad de Ingenier\u00eda en la Sede Bogot\u00e1 de la Universidad Cat\u00f3lica de Colombia\u201d.<\/a><\/li>\n<\/ul>\n<h3>Acuerdos 2016<\/h3>\n<ul class=\"documentos\">\n<li class=\"pdf\"><a href=\"\/portal\/wp-content\/uploads\/adjuntos\/acuerdos\/consejo-superior-acuerdos-academicos-247-16.pdf\" target=\"_blank\" rel=\"noopener\">Acuerdo No. 247 del 07 de diciembre de 2016 \u201cPor el cual se aprueba la reforma del plan de estudios del programa Ingenier\u00eda Electr\u00f3nica y Telecomunicaciones de la Facultad de Ingenier\u00eda en la Sede Bogot\u00e1 de la Universidad Cat\u00f3lica de Colombia\u201d.<\/a><\/li>\n<li class=\"pdf\"><a href=\"\/portal\/wp-content\/uploads\/adjuntos\/acuerdos\/consejo-superior-acuerdos-academicos-246-16.pdf\" target=\"_blank\" rel=\"noopener\">Acuerdo No. 246 del 07 de diciembre de 2016 \u201cPor el cual se establece el idioma y el nivel que deben certificar los aspirantes y estudiantes de la Maestr\u00eda en Ingenier\u00eda y Gesti\u00f3n de la Innovaci\u00f3n de la Universidad Cat\u00f3lica de Colombia\u201d.<\/a><\/li>\n<li class=\"pdf\"><a href=\"\/portal\/wp-content\/uploads\/adjuntos\/acuerdos\/consejo-superior-acuerdos-academicos-245-16.pdf\" target=\"_blank\" rel=\"noopener\">Acuerdo No. 245 del 07 de diciembre de 2016 \u201cPor el cual se reglamenta el programa de monitorias acad\u00e9micas y se establece el programa de mentoring estudiantil en los programas acad\u00e9micos de pregrado de la Universidad Cat\u00f3lica de Colombia&#8221;.<\/a><\/li>\n<li class=\"pdf\"><a href=\"\/portal\/wp-content\/uploads\/adjuntos\/acuerdos\/consejo-superior-acuerdos-academicos-244-16.pdf\" target=\"_blank\" rel=\"noopener\">Acuerdo No. 244 del 23 de septiembre de 2016 \u201cPor el cual se aprueba una recategorizaci\u00f3n docente&#8221;.<\/a><\/li>\n<li class=\"pdf\"><a href=\"\/portal\/wp-content\/uploads\/adjuntos\/acuerdos\/consejo-superior-acuerdos-academicos-243-16.pdf\" target=\"_blank\" rel=\"noopener\">Acuerdo No. 243 del 23 de septiembre de 2016 \u201cPor el cual se aprueba el Estatuto Profesoral de la Universidad Cat\u00f3lica de Colombia\u201d. El presente Acuerdo rige a partir del 01 de julio de 2017.<\/a><\/li>\n<\/ul>\n<ul class=\"documentos\">\n<li class=\"pdf\"><a href=\"\/portal\/wp-content\/uploads\/adjuntos\/acuerdos\/consejo-superior-acuerdos-academicos-242-16.pdf\" target=\"_blank\" rel=\"noopener\">Acuerdo No. 242 del 23 de septiembre de 2016 \u201cPor el cual se aprueba la pol\u00edtica, la estructura, las estrategias y los lineamientos de la investigaci\u00f3n en la Universidad Cat\u00f3lica de Colombia\u201d.<\/a><\/li>\n<\/ul>\n<ul class=\"documentos\">\n<li class=\"pdf\"><a href=\"\/portal\/wp-content\/uploads\/adjuntos\/acuerdos\/consejo-superior-acuerdos-academicos-241-16.pdf\" target=\"_blank\" rel=\"noopener\">Acuerdo No. 241 del 23 de septiembre de 2016 \u201cPor el cual se aprueba el Modelo Pedag\u00f3gico de la Universidad Cat\u00f3lica de Colombia\u201d.<\/a><\/li>\n<\/ul>\n<ul class=\"documentos\">\n<li class=\"pdf\"><a href=\"\/portal\/wp-content\/uploads\/adjuntos\/acuerdos\/consejo-superior-acuerdos-academicos-240-16.pdf\" target=\"_blank\" rel=\"noopener\">Acuerdo No. 240 del 23 de septiembre de 2016 \u201cPor el cual se modifica el Marco Institucional de Bienestar Universitario de la Universidad Cat\u00f3lica de Colombia\u201d.<\/a><\/li>\n<\/ul>\n<ul class=\"documentos\">\n<li class=\"pdf\"><a href=\"\/portal\/wp-content\/uploads\/adjuntos\/acuerdos\/consejo-superior-acuerdos-academicos-239-16.pdf\" target=\"_blank\" rel=\"noopener\">Acuerdo No. 239 del 24 de junio de 2016 &#8220;Por el cual se establece el idioma y el nivel que deben certificar los aspirantes y estudiantes del Doctorado en Psicolog\u00eda de la Universidad Cat\u00f3lica de Colombia&#8221;<\/a><\/li>\n<\/ul>\n<ul class=\"documentos\">\n<li class=\"pdf\"><a href=\"\/portal\/wp-content\/uploads\/2019\/05\/consejo-superior-acuerdos-academicos-238-16.pdf\" target=\"_blank\" rel=\"noopener\">Acuerdo No. 238 del 24 de junio de 2016 &#8220;Por el cual se aprueban los Elementos que integran en curr\u00edculo la Universidad Cat\u00f3lica de Colombia&#8221;<\/a><\/li>\n<\/ul>\n<ul class=\"documentos\">\n<li class=\"pdf\"><a href=\"\/portal\/wp-content\/uploads\/adjuntos\/acuerdos\/consejo-superior-acuerdos-academicos-237-16.pdf\" target=\"_blank\" rel=\"noopener\">Acuerdo No. 237 del 24 de junio de 2016 &#8220;Por el cual se aprueba el Modelo de Autoevaluaci\u00f3n para la Universidad Cat\u00f3lica de Colombia&#8221;<\/a><\/li>\n<li class=\"pdf\"><a href=\"\/portal\/wp-content\/uploads\/adjuntos\/acuerdos\/consejo-superior-acuerdos-academicos-236-16.pdf\" target=\"_blank\" rel=\"noopener\">Acuerdo No. 236 del 24 de junio de 2016 &#8220;Por el cual se aprueba el Reglamento del Estudiante unificado de la Universidad Cat\u00f3lica de Colombia&#8221;<\/a><\/li>\n<li class=\"pdf\"><a href=\"\/portal\/wp-content\/uploads\/adjuntos\/acuerdos\/consejo-superior-acuerdos-academicos-235-16.pdf\" target=\"_blank\" rel=\"noopener\">Acuerdo No. 235 del 3 de marzo de 2016 &#8220;Por el cual se aprueban los programas de ingl\u00e9s de la Universidad Cat\u00f3lica de Colombia&#8221;<\/a><\/li>\n<li class=\"pdf\"><a href=\"\/portal\/wp-content\/uploads\/adjuntos\/acuerdos\/consejo-superior-acuerdos-academicos-234-16.pdf\" target=\"_blank\" rel=\"noopener\">Acuerdo No. 234 del 3 de marzo de 2016 &#8220;Por el cual se aprueba la reforma del plan de estudios del programa Ingenier\u00eda Industrial de la Facultad de Ingenier\u00eda en la Sede Bogot\u00e1 de la Universidad Cat\u00f3lica de Colombia&#8221;<\/a><\/li>\n<\/ul>\n<h3>Acuerdos 2015<\/h3>\n<ul class=\"documentos\">\n<li class=\"pdf\"><a href=\"\/portal\/wp-content\/uploads\/adjuntos\/acuerdos\/consejo-superior-acuerdos-academicos-232-15.pdf\" target=\"_blank\" rel=\"noopener\">Acuerdo No. 232 del 9 de diciembre de 2015 \u201cPor el cual se aprueba una recategorizaci\u00f3n docente de la Facultad de Psicolog\u00eda\u201d<\/a><\/li>\n<li class=\"pdf\"><a href=\"\/portal\/wp-content\/uploads\/adjuntos\/acuerdos\/consejo-superior-acuerdos-academicos-231-15.pdf\" target=\"_blank\" rel=\"noopener\">Acuerdo No. 231 del 17 de septiembre de 2015 \u201cPor el cual se actualiza el reglamento interno de pr\u00e1cticas de formaci\u00f3n profesional de pregrado y de pr\u00e1cticas profesionales de los posgrados para los estudiantes de la Facultad de Psicolog\u00eda de la Universidad Cat\u00f3lica de Colombia\u201d<\/a><\/li>\n<li class=\"pdf\"><a href=\"\/portal\/wp-content\/uploads\/adjuntos\/acuerdos\/consejo-superior-acuerdos-academicos-230-15.pdf\" target=\"_blank\" rel=\"noopener\">Acuerdo No. 230 del 26 de agosto de 2015 \u201cPor el cual se desarrolla la C\u00e1tedra de la Paz en la Universidad Cat\u00f3lica de Colombia\u201d<\/a><\/li>\n<li class=\"pdf\"><a href=\"\/portal\/wp-content\/uploads\/adjuntos\/acuerdos\/consejo-superior-acuerdos-academicos-229-15.pdf\" target=\"_blank\" rel=\"noopener\">Acuerdo No. 229 del 26 de agosto de 2015 \u201cPor el cual se actualiza el Reglamento de la Biblioteca de la Universidad Cat\u00f3lica de Colombia\u201d<\/a><\/li>\n<li class=\"pdf\"><a href=\"\/portal\/wp-content\/uploads\/adjuntos\/acuerdos\/consejo-superior-acuerdos-academicos-228-15.pdf\" target=\"_blank\" rel=\"noopener\">Acuerdo No. 228 del 26 de agosto de 2015 \u201cPor el cual se aprueba la creaci\u00f3n del programa de Doctorado de Psicolog\u00eda de la Facultad de Psicolog\u00eda en la Sede Bogot\u00e1 de la Universidad Cat\u00f3lica de Colombia\u201d<\/a><\/li>\n<li class=\"pdf\"><a href=\"\/portal\/wp-content\/uploads\/adjuntos\/acuerdos\/consejo-superior-acuerdos-academicos-227-15.pdf\" target=\"_blank\" rel=\"noopener\">Acuerdo No. 227 del 26 de agosto de 2015 \u201cPor el cual se modifica del plan de estudios del programa de Maestr\u00eda en Innovaci\u00f3n Psicosocial de la Facultad de Psicolog\u00eda en la Sede Bogot\u00e1 de la Universidad Cat\u00f3lica de Colombia\u201d<\/a><\/li>\n<li class=\"pdf\"><a href=\"\/portal\/wp-content\/uploads\/adjuntos\/acuerdos\/consejo-superior-acuerdos-academicos-226-15.pdf\" target=\"_blank\" rel=\"noopener\">Acuerdo No. 226 del 26 de agosto de 2015 \u201cPor el cual se aprueba la creaci\u00f3n del programa de Maestr\u00eda en Ingenier\u00eda y Gesti\u00f3n de la Innovaci\u00f3n de la Facultad de Ingenier\u00eda en la Sede Bogot\u00e1 de la Universidad Cat\u00f3lica de Colombia en convenio para doble titulaci\u00f3n con la Universit\u00e0 degli Studi di Salerno\u201d<\/a><\/li>\n<li class=\"pdf\"><a href=\"\/portal\/wp-content\/uploads\/adjuntos\/acuerdos\/consejo-superior-acuerdos-academicos-225-15.pdf\" target=\"_blank\" rel=\"noopener\">Acuerdo No. 225 del 26 de agosto de 2015 \u201cPor el cual se aprueba la reforma del plan de estudios y el cambio de nombre del programa Ingenier\u00eda de Sistemas por Ingenier\u00eda de Sistemas y Computaci\u00f3n de la Facultad de Ingenier\u00eda en la Sede Bogot\u00e1 de la Universidad Cat\u00f3lica de Colombia\u201d<\/a><\/li>\n<li class=\"pdf\"><a href=\"\/portal\/wp-content\/uploads\/adjuntos\/acuerdos\/consejo-superior-acuerdos-academicos-224-15.pdf\" target=\"_blank\" rel=\"noopener\">Acuerdo No. 224 del 03 de julio de 2015 &#8220;Por el cual se formaliza la estructura curricular del plan de estudios del programa de pregrado de Ingenier\u00eda de Electr\u00f3nica y Telecomunicaciones de la Facultad de Ingenier\u00eda en la sede Bogot\u00e1 de la Universidad Cat\u00f3lica de Colombia&#8221;<\/a><\/li>\n<li class=\"pdf\"><a href=\"\/portal\/wp-content\/uploads\/adjuntos\/acuerdos\/consejo-superior-acuerdos-academicos-223-15.pdf\" target=\"_blank\" rel=\"noopener\">Acuerdo No. 223 del 03 de julio de 2015 &#8220;Por el cual se formaliza la estructura curricular del plan de estudios del programa de pregrado de Ingenier\u00eda de Sistemas de la Facultad de Ingenier\u00eda en la sede Bogot\u00e1 de la Universidad Cat\u00f3lica de Colombia&#8221;<\/a><\/li>\n<li class=\"pdf\"><a href=\"\/portal\/wp-content\/uploads\/adjuntos\/acuerdos\/consejo-superior-acuerdos-academicos-222-15.pdf\" target=\"_blank\" rel=\"noopener\">Acuerdo No. 222 del 07 de julio de 2015 &#8220;Por el cual se formaliza la estructura curricular del plan de estudios del programa de pregrado de Ingenier\u00eda Industrial de la Facultad de Ingenier\u00eda en la sede Bogot\u00e1 de la Universidad Cat\u00f3lica de Colombia&#8221;<\/a><\/li>\n<li class=\"pdf\"><a href=\"\/portal\/wp-content\/uploads\/adjuntos\/acuerdos\/consejo-superior-acuerdos-academicos-221-15.pdf\" target=\"_blank\" rel=\"noopener\">Acuerdo No. 221 del 03 de julio de 2015 &#8220;Por el cual se formaliza la estructura curricular del plan de estudios del programa de pregrado de Ingenier\u00eda Civil de la Facultad de Ingenier\u00eda en la Sede Bogot\u00e1 de la Universidad Cat\u00f3lica de Colombia&#8221;<\/a><\/li>\n<li class=\"pdf\"><a href=\"\/portal\/wp-content\/uploads\/adjuntos\/acuerdos\/consejo-superior-acuerdos-academicos-220-15.pdf\" target=\"_blank\" rel=\"noopener\">Acuerdo No. 220 del 03 de julio de 2015 &#8220;Por el cual se formaliza la estructura curricular del plan de estudios del programa de pregrado de Psicolog\u00eda de la Facultad de Psicolog\u00eda en la Sede Bogot\u00e1 de la Universidad Cat\u00f3lica de Colombia&#8221;<\/a><\/li>\n<li class=\"pdf\"><a href=\"\/portal\/wp-content\/uploads\/adjuntos\/acuerdos\/consejo-superior-acuerdos-academicos-219-15.pdf\" target=\"_blank\" rel=\"noopener\">Acuerdo No. 219 del 03 de julio de 2015 &#8220;Por el cual se formaliza la estructura curricular del plan de estudios del programa de pregrado de Econom\u00eda de la Facultad de Ciencias Econ\u00f3micas y Administrativas en la Sede Bogot\u00e1 de la Universidad Cat\u00f3lica de Colombia&#8221;<\/a><\/li>\n<li class=\"pdf\"><a href=\"\/portal\/wp-content\/uploads\/adjuntos\/acuerdos\/consejo-superior-acuerdos-academicos-218-15.pdf\" target=\"_blank\" rel=\"noopener\">Acuerdo No. 218 del 03 de julio de 2015 &#8220;Por el cual se formaliza la estructura curricular del plan de estudios del programa de pregrado de Derecho en la Facultad de Derecho en la Sede Bogot\u00e1 de la Universidad Cat\u00f3lica de Colombia&#8221;<\/a><\/li>\n<li class=\"pdf\"><a href=\"\/portal\/wp-content\/uploads\/adjuntos\/acuerdos\/consejo-superior-acuerdos-academicos-217-15.pdf\" target=\"_blank\" rel=\"noopener\">Acuerdo No. 217 del 03 de julio de 2015 &#8220;Por el cual se formaliza la estructura curricular del plan de estudios del programa de pregrado de Arquitectura de la Facultad de Dise\u00f1o en la Sede Bogot\u00e1 de la Universidad Cat\u00f3lica de Colombia&#8221;<\/a><\/li>\n<li class=\"pdf\"><a href=\"\/portal\/wp-content\/uploads\/adjuntos\/acuerdos\/consejo-superior-acuerdos-academicos-216-15.pdf\" target=\"_blank\" rel=\"noopener\">Acuerdo No. 216 del 03 de julio de 2015 \u201cPor el cual se establece el Estatuto Profesoral de la Universidad Cat\u00f3lica de Colombia para el Instituto de Lenguas\u201d<\/a><\/li>\n<\/ul>\n<ul class=\"documentos\">\n<li class=\"pdf\"><a href=\"\/portal\/wp-content\/uploads\/adjuntos\/acuerdos\/consejo-superior-acuerdos-academicos-214-15.pdf\" target=\"_blank\" rel=\"noopener\">Acuerdo No. 214 del 03 de julio de 2015 \u201cPor el cual se crea y reglamenta el Comit\u00e9 de \u00c9tica de la Investigaci\u00f3n de la Universidad Cat\u00f3lica de Colombia\u201d<\/a><\/li>\n<li class=\"pdf\"><a href=\"\/portal\/wp-content\/uploads\/adjuntos\/acuerdos\/consejo-superior-acuerdos-academicos-213-15.pdf\" target=\"_blank\" rel=\"noopener\">Acuerdo No. 213 del 03 de julio de 2015 &#8220;Por el cual se aprueban las alternativas y el reglamento de la asignatura trabajo de grado para los programas de pregrado de la Facultad de Ingenier\u00eda\u201d<\/a><\/li>\n<li class=\"pdf\"><a href=\"\/portal\/wp-content\/uploads\/adjuntos\/acuerdos\/consejo-superior-acuerdos-academicos-212-15.pdf\" target=\"_blank\" rel=\"noopener\">Acuerdo No. 212 del 03 de julio de 2015 \u201cPor el cual se aprueban los lineamientos de Extensi\u00f3n en la UNIVERSIDAD CAT\u00d3LICA DE COLOMBIA\u201d <\/a><\/li>\n<li class=\"pdf\"><a href=\"\/portal\/wp-content\/uploads\/adjuntos\/acuerdos\/consejo-superior-acuerdos-academicos-211-15.pdf\" target=\"_blank\" rel=\"noopener\">Acuerdo No. 211 del 23 de abril de 2015 &#8220;Por el cual se suprime el programa de posgrado en Maestr\u00eda de Ingenier\u00eda Industrial de la Facultad de Ingenier\u00eda en la Sede Bogot\u00e1 de la Universidad Cat\u00f3lica de Colombia&#8221;<\/a><\/li>\n<li class=\"pdf\"><a href=\"\/portal\/wp-content\/uploads\/adjuntos\/acuerdos\/consejo-superior-acuerdos-academicos-210-15.pdf\" target=\"_blank\" rel=\"noopener\">Acuerdo No. 210 del 23 de abril de 2015 &#8220;Por el cual se aprueba el cambio de nombre del programa Especializaci\u00f3n en Seguridad de Redes por Especializaci\u00f3n en Seguridad de la Informaci\u00f3n de la Facultad de Ingenier\u00eda en la Sede Bogot\u00e1 de la Universidad Cat\u00f3lica de Colombia&#8221;<\/a><\/li>\n<\/ul>\n<h3>Acuerdos 2014<\/h3>\n<ul class=\"documentos\">\n<li class=\"pdf\"><a href=\"\/portal\/wp-content\/uploads\/adjuntos\/acuerdos\/consejo-superior-acuerdos-academicos-209-14.pdf\" target=\"_blank\" rel=\"noopener\">Acuerdo No. 209 del 02 de diciembre de 2014 &#8220;Por el cual se aprueba la recategorizaci\u00f3n de dos docentes de pregrado de la Facultad de Derecho&#8221;.<\/a><\/li>\n<li class=\"pdf\"><a href=\"\/portal\/wp-content\/uploads\/adjuntos\/acuerdos\/consejo-superior-acuerdos-academicos-208-14.pdf\" target=\"_blank\" rel=\"noopener\">Acuerdo No. 208 del 02 de diciembre de 2014 &#8220;Por el cual se modifican los planes de estudio de la Maestr\u00eda en Ingenier\u00eda Industrial en la Facultad de Ingenier\u00eda en la Sede Bogot\u00e1 de la Universidad Cat\u00f3lica de Colombia&#8221;.<\/a><\/li>\n<li class=\"pdf\"><a href=\"\/portal\/wp-content\/uploads\/adjuntos\/acuerdos\/consejo-superior-acuerdos-academicos-207-14.pdf\" target=\"_blank\" rel=\"noopener\">Acuerdo No. 207 del 02 de diciembre de 2014 &#8220;Por el cual se reglamentan las actividades del Centro de Investigaciones Sociojur\u00eddicas de la Facultad de Derecho &#8211; CISJUC de la Universidad Cat\u00f3lica de Colombia&#8221;.<\/a><\/li>\n<li class=\"pdf\"><a href=\"\/portal\/wp-content\/uploads\/adjuntos\/acuerdos\/consejo-superior-acuerdos-academicos-206-14.pdf\" target=\"_blank\" rel=\"noopener\">Acuerdo No. 206 del 30 de septiembre de 2014 &#8220;Por el cual se aprueba la modalidad de los grados anticipados en reemplazo de los grados privados&#8221;.<\/a><\/li>\n<li class=\"pdf\"><a href=\"\/portal\/wp-content\/uploads\/adjuntos\/acuerdos\/consejo-superior-acuerdos-academicos-205-14.pdf\" target=\"_blank\" rel=\"noopener\">Acuerdo No. 205 del 30 de septiembre de 2014 &#8220;Por el cual se formaliza la existencia y actividades del Centro de Estudios e Investigaciones en Psicolog\u00eda &#8211; CEIPS de la Facultad de Psicolog\u00eda de la Universidad Cat\u00f3lica de Colombia, el cual a partir de la fecha, se regir\u00e1 por los siguientes lineamientos&#8221;.<\/a><\/li>\n<li class=\"pdf\"><a href=\"\/portal\/wp-content\/uploads\/adjuntos\/acuerdos\/consejo-superior-acuerdos-academicos-204-14.pdf\" target=\"_blank\" rel=\"noopener\">Acuerdo No. 204 del 30 de septiembre de 2014 &#8220;Por el cual se aprueba el plan de transici\u00f3n del plan de estudios de la Especializaci\u00f3n en Gobierno y Gesti\u00f3n del Desarrollo Regional y Municipal&#8221;.<\/a><\/li>\n<li class=\"pdf\"><a href=\"\/portal\/wp-content\/uploads\/adjuntos\/acuerdos\/consejo-superior-acuerdos-academicos-203-14.pdf\" target=\"_blank\" rel=\"noopener\">Acuerdo No. 203 del 30 de septiembre de 2014 &#8220;Por el cual se aprueba el plan de transici\u00f3n del plan de estudios del programa de la Especializaci\u00f3n en Derecho Constitucional y Administrativo&#8221;.<\/a><\/li>\n<li class=\"pdf\"><a href=\"\/portal\/wp-content\/uploads\/adjuntos\/acuerdos\/consejo-superior-acuerdos-academicos-201-14.pdf\" target=\"_blank\" rel=\"noopener\">Acuerdo No. 201 del 13 de marzo de 2014 &#8220;Por el cual se modifica el plan de estudios del programa de Especializaci\u00f3n en Derecho Tributario y Aduanero&#8221;.<\/a><\/li>\n<li class=\"pdf\"><a href=\"\/portal\/wp-content\/uploads\/adjuntos\/acuerdos\/consejo-superior-acuerdos-academicos-200-14.pdf\" target=\"_blank\" rel=\"noopener\">Acuerdo No. 200 del 13 de marzo de 2014 &#8220;Por el cual se modifica el plan de estudios del programa de Especializaci\u00f3n en Derecho Penal y Ciencias Forenses&#8221;.<\/a><\/li>\n<li class=\"pdf\"><a href=\"\/portal\/wp-content\/uploads\/adjuntos\/acuerdos\/consejo-superior-acuerdos-academicos-199-14.pdf\" target=\"_blank\" rel=\"noopener\">Acuerdo No. 199 del 13 de marzo de 2014 &#8220;Por el cual se modifica el plan de estudios del programa de Especializaci\u00f3n en Derecho Probatorio&#8221;.<\/a><\/li>\n<li class=\"pdf\"><a href=\"\/portal\/wp-content\/uploads\/adjuntos\/acuerdos\/consejo-superior-acuerdos-academicos-198-14.pdf\" target=\"_blank\" rel=\"noopener\">Acuerdo No. 198 del 13 de marzo de 2014 &#8220;Por el cual se aprueba el cambio de nombre y se modifica el plan de estudios del programa de Especializaci\u00f3n en Derecho del Trabajo y Seguridad Social&#8221;.<\/a><\/li>\n<li class=\"pdf\"><a href=\"\/portal\/wp-content\/uploads\/adjuntos\/acuerdos\/consejo-superior-acuerdos-academicos-197-14.pdf\" target=\"_blank\" rel=\"noopener\">Acuerdo No. 197 del 13 de marzo de 2014 &#8220;Por el cual se aprueba el plan de estudios y las caracter\u00edsticas generales de la Maestr\u00eda de Derecho Procesal y Probatorio&#8221;.<\/a><\/li>\n<\/ul>\n<h3>Acuerdos 2013<\/h3>\n<ul class=\"documentos\">\n<li class=\"pdf\"><a href=\"\/portal\/wp-content\/uploads\/adjuntos\/acuerdos\/consejo-superior-acuerdos-academicos-196-13.pdf\" target=\"_blank\" rel=\"noopener\">Acuerdo No. 196 del 16 de diciembre de 2013 &#8220;Por medio del cual se aprueba la reforma al Plan de Estudios del programa de la Especializaci\u00f3n en Gobierno y gesti\u00f3n del Desarrollo Regional y Municipal&#8221;.<\/a><\/li>\n<li class=\"pdf\"><a href=\"\/portal\/wp-content\/uploads\/adjuntos\/acuerdos\/consejo-superior-acuerdos-academicos-195-13.pdf\" target=\"_blank\" rel=\"noopener\">Acuerdo No. 195 del 16 de diciembre de 2013 &#8220;Por medio del cual se aprueba el cambio de nombre y la reforma al Plan de Estudios y del Programa de la Especializaci\u00f3n en Derecho Constitucional y Administrativo&#8221;.<\/a><\/li>\n<li class=\"pdf\"><a href=\"\/portal\/wp-content\/uploads\/adjuntos\/acuerdos\/consejo-superior-acuerdos-academicos-194-13.pdf\" target=\"_blank\" rel=\"noopener\">Acuerdo No. 194 del 05 de diciembre de 2013 &#8220;Por el cual se aprueba el cambio de nombre de Facultad de Econom\u00eda al de Facultad de Ciencias Econ\u00f3micas y Administrativas&#8221;.<\/a><\/li>\n<li class=\"pdf\"><a href=\"\/portal\/wp-content\/uploads\/adjuntos\/acuerdos\/consejo-superior-acuerdos-academicos-193-13.pdf\" target=\"_blank\" rel=\"noopener\">Acuerdo No. 193 del 05 de diciembre de 2013 &#8220;Por medio del cual se aprueba el cambio de nombre de la Facultad de Arquitectura al de Facultad de Dise\u00f1o&#8221;<\/a><\/li>\n<li class=\"pdf\"><a href=\"\/portal\/wp-content\/uploads\/adjuntos\/acuerdos\/consejo-superior-acuerdos-academicos-192-13.pdf\" target=\"_blank\" rel=\"noopener\">Acuerdo No. 192 del 25 de noviembre de 2013 &#8220;Por el cual se aprueba la creaci\u00f3n del programa de Maestr\u00eda en Derecho Procesal y Derecho Probatorio en la Ciudad de Neiva&#8221;.<\/a><\/li>\n<li class=\"pdf\"><a href=\"\/portal\/wp-content\/uploads\/adjuntos\/acuerdos\/consejo-superior-acuerdos-academicos-191-13.pdf\" target=\"_blank\" rel=\"noopener\">Acuerdo No. 191 del 03 de octubre de 2013 &#8220;Por el cual se reestablece el Departamento de Ciencias B\u00e1sicas como una Unidad Acad\u00e9mica Independiente de la Facultad de Ingenier\u00eda y de otros programas&#8221;.<\/a><\/li>\n<li class=\"pdf\"><a href=\"\/portal\/wp-content\/uploads\/adjuntos\/acuerdos\/consejo-superior-acuerdos-academicos-190-13.pdf\" target=\"_blank\" rel=\"noopener\">Acuerdo No. 190 del 03 de octubre de 2013 &#8220;Por el cual se aprueba el reglamento de la editorial de la Universidad Cat\u00f3lica de Colombia&#8221;.<\/a><\/li>\n<li class=\"pdf\"><a href=\"\/portal\/wp-content\/uploads\/adjuntos\/acuerdos\/consejo-superior-acuerdos-academicos-189-13.pdf\" target=\"_blank\" rel=\"noopener\">Acuerdo No. 189 del 11 de julio de 2013 &#8220;Por el cual de formaliza la existencia y actividades del Centro de Investigaciones de la Facultad de Arquitectura&#8221;.<\/a><\/li>\n<li class=\"pdf\"><a href=\"\/portal\/wp-content\/uploads\/adjuntos\/acuerdos\/consejo-superior-acuerdos-academicos-188-13.pdf\" target=\"_blank\" rel=\"noopener\">Acuerdo No. 188 del 09 de mayo de 2013 &#8220;Por el cual se establecen mecanismos de apertura movilidad, flexibilidad y articulaci\u00f3n curricular para programas acad\u00e9micos ofrecidos por la Universidad&#8221;.<\/a><\/li>\n<\/ul>\n<h3>Acuerdos 2012<\/h3>\n<ul class=\"documentos\">\n<li class=\"pdf\"><a href=\"\/portal\/wp-content\/uploads\/adjuntos\/acuerdos\/consejo-superior-acuerdos-academicos-178-12.pdf\" target=\"_blank\" rel=\"noopener\">Acuerdo No. 178 del 28 de junio de 2012 &#8220;Por el cual se crea el Repositorio Institucional de la Universidad Cat\u00f3lica de Colombia y se establece la pol\u00edtica y los criterios generales para su puesta en pr\u00e1ctica&#8221;.<\/a><\/li>\n<\/ul>\n<h3>Acuerdos 2010<\/h3>\n<ul class=\"documentos\">\n<li class=\"pdf\"><a href=\"\/portal\/wp-content\/uploads\/adjuntos\/acuerdos\/consejo-superior-acuerdos-academicos-172-10.pdf\" target=\"_blank\" rel=\"noopener\">Acuerdo No. 172 del 30 de septiembre de 2010 &#8220;Por el cual se aprueba el reglamento de Propiedad Intelectual&#8221;.<\/a><\/li>\n<li class=\"pdf\"><a href=\"\/portal\/wp-content\/uploads\/adjuntos\/acuerdos\/consejo-superior-acuerdos-academicos-168-10.pdf\" target=\"_blank\" rel=\"noopener\">Acuerdo No. 168 del 19 de mayo de 2010 &#8220;Por el cual se establece la Pol\u00edtica de Est\u00edmulos e Incentivos para los profesores de la Universidad Cat\u00f3lica de Colombia&#8221;.<\/a><\/li>\n<\/ul>\n<\/div>\n<\/div>\n<\/div>\n<div class=\"panel panel-default\">\n<div id=\"headingDos\" class=\"panel-heading\">\n<h4 class=\"panel-title\"><a href=\"#collapseDos\" data-toggle=\"collapse\" data-parent=\"#accordion\">Consejo Superior Acuerdos Econ\u00f3micos<\/a><\/h4>\n<\/div>\n<div id=\"collapseDos\" class=\"panel-collapse collapse\">\n<div class=\"panel-body\">\n<h3>Acuerdos 2026<\/h3>\n<ul>\n<li class=\"pdf\"><a href=\"https:\/\/www.ucatolica.edu.co\/portal\/wp-content\/uploads\/adjuntos\/acuerdos\/consejo-superior-acuerdos-economicos-071-26.pdf\" target=\"_blank\" rel=\"noopener\">Acuerdo No. 071 del 5 de marzo de 2026 &#8220;Por medio de cual se establece el valor de matr\u00edcula para el programa de pregrado en Ingenier\u00eda de Datos e Inteligencia Artificial, en la sede principal ubicada en Bogot\u00e1 D.C.&#8221;<\/a><\/li>\n<li class=\"pdf\"><a href=\"https:\/\/www.ucatolica.edu.co\/portal\/wp-content\/uploads\/adjuntos\/acuerdos\/consejo-superior-acuerdos-economicos-070-26.pdf\" target=\"_blank\" rel=\"noopener\">Acuerdo No. 070 del 5 de marzo de 2026 &#8220;Por medio de cual se establece el valor de matr\u00edcula para el programa de pregrado en Ingenier\u00eda de Datos e Inteligencia Artificial, en la sede principal ubicada en Bogot\u00e1 D.C.&#8221;<\/a><\/li>\n<\/ul>\n<h3>Acuerdos 2025<\/h3>\n<ul>\n<li class=\"pdf\"><a href=\"https:\/\/www.ucatolica.edu.co\/portal\/wp-content\/uploads\/adjuntos\/acuerdos\/consejo-superior-acuerdos-economicos-069-25.pdf\" target=\"_blank\" rel=\"noopener\">Acuerdo No. 069 del 11 de diciembre de 2025 &#8220;Por medio de cual se establecen los valores de matr\u00edcula y dem\u00e1s derechos pecuniarios a cobrar en los diferentes periodos acad\u00e9micos del a\u00f1o 2026, en la sede principal ubicada en Bogot\u00e1 D.C.&#8221;<\/a><\/li>\n<li class=\"pdf\"><a href=\"https:\/\/www.ucatolica.edu.co\/portal\/wp-content\/uploads\/adjuntos\/acuerdos\/consejo-superior-acuerdos-economicos-068-25.pdf\" target=\"_blank\" rel=\"noopener\">Acuerdo No. 068 del 30 de septiembre de 2025 &#8220;Por medio de cual se establece el valor de matr\u00edcula para el programa de Especializaci\u00f3n en Compliance y Derecho de los Negocios a cobrar en los diferentes periodos acad\u00e9micos del a\u00f1o 2025, en la sede principal ubicada en Bogot\u00e1 D.C&#8221;<\/a><\/li>\n<li class=\"pdf\"><a href=\"https:\/\/www.ucatolica.edu.co\/portal\/wp-content\/uploads\/adjuntos\/acuerdos\/consejo-superior-acuerdos-economicos-067-25.pdf\" target=\"_blank\" rel=\"noopener\">Acuerdo No. 067 del 20 de marzo de 2025 &#8220;Por medio de cual se establece el valor de matr\u00edcula para el programa de Maestr\u00eda en Derecho y Ciencia Pol\u00edtica a cobrar en los diferentes semestres del a\u00f1o 2025, en la sede principal ubicada en Bogot\u00e1 D.C.&#8221;<\/a><\/li>\n<\/ul>\n<h3>Acuerdos 2024<\/h3>\n<ul>\n<li class=\"pdf\"><a href=\"https:\/\/www.ucatolica.edu.co\/portal\/wp-content\/uploads\/2024\/12\/Acuerdos-Pecuniarios-2025.pdf\" target=\"_blank\" rel=\"noopener\">Acuerdo No. 066 del 10 de diciembre de 2024 &#8220;Por medio de cual se establecen los valores de matr\u00edcula y dem\u00e1s derechos pecuniarios a cobrar en los diferentessemestres dela\u00f1o 2025, en la sede principal ubicada en Bogot\u00e1 D.C&#8221;<\/a><\/li>\n<li class=\"pdf\"><a href=\"https:\/\/www.ucatolica.edu.co\/portal\/wp-content\/uploads\/2024\/10\/consejo-superior-acuerdos-economicos-065-24.pdf\" target=\"_blank\" rel=\"noopener\">Acuerdo No. 065 del 30 de septiembre de 2024 &#8220;Por medio de cual se establece el valor de matr\u00edcula para el programa de Especializaci\u00f3n en Derecho Procesal y Litigio Estrat\u00e9gico, a cobrar en los diferentes semestres del a\u00f1o 2024, en la sede principal ubicada en Bogot\u00e1 D.C&#8221;<\/a><\/li>\n<li class=\"pdf\"><a href=\"https:\/\/www.ucatolica.edu.co\/portal\/wp-content\/uploads\/2024\/07\/consejo-superior-acuerdos-economicos-064-24.pdf\" target=\"_blank\" rel=\"noopener\">Acuerdo No. 064 del 27 de junio de 2024 &#8220;Por medio de cual se establece el valor de matr\u00edcula para el programa de Especializaci\u00f3n en Derecho Procesal y Litigio Estrat\u00e9gico, a cobrar en los diferentes semestres del a\u00f1o 2024, en la sede principal ubicada en Bogot\u00e1 D.C&#8221;<\/a><\/li>\n<li class=\"pdf\"><a href=\"https:\/\/www.ucatolica.edu.co\/portal\/wp-content\/uploads\/2024\/05\/consejo-superior-acuerdos-economicos-063-24.pdf\" target=\"_blank\" rel=\"noopener\">Acuerdo No. 063 del 17 de abril de 2024 &#8220;Por medio de cual se establece el valor de matr\u00edcula para los programas de Especializaci\u00f3n en Anal\u00edtica de Datos y Especializaci\u00f3n en Alta Gerencia Estrat\u00e9gica, a cobrar en los diferentes semestres del a\u00f1o 2024, en la sede principal ubicada en Bogot\u00e1 D.C.&#8221;<\/a><\/li>\n<\/ul>\n<h3>Acuerdos 2023<\/h3>\n<ul>\n<li class=\"pdf\"><a href=\"https:\/\/www.ucatolica.edu.co\/portal\/wp-content\/uploads\/2023\/12\/Acuerdos-Pecuniarios-2024.pdf\" target=\"_blank\" rel=\"noopener\">Acuerdo No. 062 del 12 de diciembre de 2023 &#8220;Por medio de cual se establecen los valores de matricula y dem\u00e1s derechos pecuniarios a cobrar en los diferentes semestres del a\u00f1o 2024, en la sede principal ubicada en Bogot\u00e1 D.C.&#8221;<\/a><\/li>\n<\/ul>\n<h3>Acuerdos 2022<\/h3>\n<ul>\n<li class=\"pdf\"><a href=\"https:\/\/www.ucatolica.edu.co\/portal\/wp-content\/uploads\/2022\/12\/consejo-superior-acuerdos-economicos-061-22.pdf\" target=\"_blank\" rel=\"noopener\">Acuerdo No. 061 del 31 de diciembre de 2022 \u201cPor medio de cual se establecen los valores de matr\u00edcula y dem\u00e1s derechos pecuniarios a cobrar en los diferentes semestres del a\u00f1o 2023, en la sede principal ubicada en Bogot\u00e1 D.C.\u201d<\/a><\/li>\n<li class=\"pdf\"><a href=\"https:\/\/www.ucatolica.edu.co\/portal\/wp-content\/uploads\/2022\/05\/temporal-cms-consejo-superior-acuerdos-economicos-060-22.pdf\" target=\"_blank\" rel=\"noopener\">Acuerdo No. 060 del 31 de Marzo de 2022 \u201cPor medio de cual se establece el valor de matr\u00edcula para el programa de Maestr\u00eda en Innovaci\u00f3n Psicosocial a cobrar en los diferentes semestres del a\u00f1o 2022, en la sede principal ubicada en Bogot\u00e1 D.C.\u201d<\/a><\/li>\n<\/ul>\n<h3>Acuerdos 2021<\/h3>\n<ul>\n<li class=\"pdf\"><a href=\"https:\/\/www.ucatolica.edu.co\/portal\/wp-content\/uploads\/2023\/12\/Acuerdos-Pecuniarios-2024.pdf\" target=\"_blank\" rel=\"noopener\">Acuerdo No. 059 del 13 de Diciembre de 2021 \u201cPor medio de cual se establecen los valores de matr\u00edcula y dem\u00e1s derechos pecuniarios a cobrar en los diferentes semestres del a\u00f1o 2022, en la sede principal ubicada en Bogot\u00e1 D.C.\u201d<\/a><\/li>\n<\/ul>\n<h3>Acuerdos 2020<\/h3>\n<ul>\n<li class=\"pdf\"><a href=\"\/portal\/wp-content\/uploads\/adjuntos\/acuerdos\/consejo-superior-acuerdos-economicos-058-20.pdf\" target=\"_blank\" rel=\"noopener\">Acuerdo No. 058 del 10 de Diciembre de 2020 \u201cPor medio de cual se establecen los valores de matr\u00edcula y dem\u00e1s derechos pecuniarios a cobrar en los diferentes semestres del a\u00f1o 2021, en la sede principal ubicada en Bogot\u00e1 D.C.\u201d<\/a><\/li>\n<\/ul>\n<h3>Acuerdos 2019<\/h3>\n<ul class=\"documentos\">\n<li class=\"pdf\"><a href=\"\/portal\/wp-content\/uploads\/adjuntos\/acuerdos\/consejo-superior-acuerdos-economicos-057-19.pdf\" target=\"_blank\" rel=\"noopener\">Acuerdo No. 057 del 12 de diciembre de 2019 \u201cPor medio de cual se establecen los valores de matr\u00edcula y dem\u00e1s derechos pecuniarios a cobrar en los diferentes semestres del a\u00f1o 2020, en la sede principal ubicada en Bogot\u00e1 D.C.\u201d<\/a><\/li>\n<\/ul>\n<h3>Acuerdos 2018<\/h3>\n<ul class=\"documentos\">\n<li class=\"pdf\"><a href=\"\/portal\/wp-content\/uploads\/adjuntos\/acuerdos\/consejo-superior-acuerdos-economicos-056-18.pdf\" target=\"_blank\" rel=\"noopener\">Acuerdo No. 056 del 12 de diciembre de 2018 \u201cPor medio de cual se establecen los valores de matr\u00edcula y dem\u00e1s derechos pecuniarios a cobrar en los diferentes semestres de a\u00f1o 2019, en la sede principal ubicada en Bogot\u00e1 D.C.\u201d.<\/a><\/li>\n<\/ul>\n<h3>Acuerdos 2017<\/h3>\n<ul class=\"documentos\">\n<li class=\"pdf\"><a href=\"\/portal\/wp-content\/uploads\/adjuntos\/acuerdos\/consejo-superior-acuerdos-economicos-055-17.pdf\" target=\"_blank\" rel=\"noopener\">Acuerdo No. 055 del 06 de diciembre de 2017 \u201cPor medio de cual se establecen los valores de matr\u00edcula y dem\u00e1s derechos pecuniarios a cobrar durante la vigencia del a\u00f1o 2018, en la sede principal ubicada en Bogot\u00e1 D.C.\u201d.<\/a><\/li>\n<\/ul>\n<h3>Acuerdos 2016<\/h3>\n<ul class=\"documentos\">\n<li class=\"pdf\"><a href=\"\/portal\/wp-content\/uploads\/adjuntos\/acuerdos\/consejo-superior-acuerdos-economicos-054-16.pdf\" target=\"_blank\" rel=\"noopener\">Acuerdo No. 054 del 07 de diciembre de 2016 \u201cPor medio de cual se establecen los valores de matr\u00edcula y dem\u00e1s derechos pecuniarios a cobrar durante la vigencia del a\u00f1o 2017, en la sede principal ubicada en Bogot\u00e1 D.C.\u201d.<\/a><\/li>\n<\/ul>\n<h3>Acuerdos 2015<\/h3>\n<ul class=\"documentos\">\n<li class=\"pdf\"><a href=\"\/portal\/wp-content\/uploads\/adjuntos\/acuerdos\/consejo-superior-acuerdos-economicos-053-15.pdf\" target=\"_blank\" rel=\"noopener\">Acuerdo No. 053 del 09 de diciembre de 2015 &#8220;Por medio de cual se establecen los valores de matr\u00edcula y dem\u00e1s derechos pecuniarios a cobrar durante la vigencia del a\u00f1o 2016, en la sede principal ubicada en Bogot\u00e1 D.C.<\/a><\/li>\n<\/ul>\n<h3>Acuerdos 2014<\/h3>\n<ul class=\"documentos\">\n<li class=\"pdf\"><a href=\"\/portal\/wp-content\/uploads\/adjuntos\/acuerdos\/consejo-superior-acuerdos-economicos-052-14.pdf\" target=\"_blank\" rel=\"noopener\">Acuerdo No. 052 del 02 de diciembre de 2014 &#8220;Por medio de cual se establecen los valores de matr\u00edcula y dem\u00e1s derechos pecuniarios a cobrar durante la vigencia del a\u00f1o 2015, en la sede principal ubicada en Bogot\u00e1 D.C. y en los programas de posgrado extendidos a las ciudades de Ibagu\u00e9 y Neiva&#8221;.<\/a><\/li>\n<\/ul>\n<h3>Acuerdos 2013<\/h3>\n<ul class=\"documentos\">\n<li class=\"pdf\"><a href=\"\/portal\/wp-content\/uploads\/adjuntos\/acuerdos\/consejo-superior-acuerdos-economicos-051-13.pdf\" target=\"_blank\" rel=\"noopener\">Acuerdo No. 051 del 05 de diciembre de 2013 &#8220;Por medio del cual se determinan los costos causados por concepto de homologaci\u00f3n y validaci\u00f3n de asignaturas, dando cumplimiento a lo establecido en el Art\u00edculo D\u00e9cimo Segundo del Acuerdo 188 del 09 de mayo de 2013&#8221;.<\/a><\/li>\n<li class=\"pdf\"><a href=\"\/portal\/wp-content\/uploads\/adjuntos\/acuerdos\/consejo-superior-acuerdos-economicos-050-13.pdf\" target=\"_blank\" rel=\"noopener\">Acuerdo No 050 del 05 de diciembre de 2013 &#8220;Por medio del cual se establecen los valores de matr\u00edcula y dem\u00e1s derechos pecuniarios a cobrar durante la vigencia del a\u00f1o 2014, en la sede principal ubicada en Bogot\u00e1 D.C., y en los programas de posgrados extendidos a las ciudades de Ibagu\u00e9 y Neiva&#8221;.<\/a><\/li>\n<\/ul>\n<\/div>\n<\/div>\n<\/div>\n<div class=\"panel panel-default\">\n<div id=\"headingQuince\" class=\"panel-heading\">\n<h4 class=\"panel-title\"><a href=\"#collapseQuince\" data-toggle=\"collapse\" data-parent=\"#accordion\">Consejo Administrativo<\/a><\/h4>\n<\/div>\n<div id=\"collapseQuince\" class=\"panel-collapse collapse\">\n<div class=\"panel-body\">\n<h3>Acuerdos 2026<\/h3>\n<ul class=\"documentos\">\n<li class=\"pdf\"><a href=\"https:\/\/www.ucatolica.edu.co\/portal\/wp-content\/uploads\/adjuntos\/acuerdos\/consejo-administrativo-047-26.pdf\" target=\"_blank\" rel=\"noopener\">Acuerdo No. 047 del 3 de febrero de 2026 \u201cPor el cual se actualiza el acuerdo 012 del 09 de diciembre de 2020 sobre incentivos institucionales seg\u00fan los resultados de desempe\u00f1o en el examen Saber Pro y la participaci\u00f3n en los talleres de preparaci\u00f3n implementados por la universidad\u201d.<\/a><\/li>\n<li class=\"pdf\"><a href=\"https:\/\/www.ucatolica.edu.co\/portal\/wp-content\/uploads\/adjuntos\/acuerdos\/consejo-administrativo-046-26.pdf\" target=\"_blank\" rel=\"noopener\">Acuerdo No. 046 del 3 de febrero de 2026 \u201cPor el cual se actualiza el acuerdo 007 del 17 de agosto de 2016 que establece los casos y las condiciones para la devoluci\u00f3n o abono de dinero pagado por concepto de matr\u00edcula y se definen los porcentajes de aplicaci\u00f3n y el tr\u00e1mite que deber\u00e1 seguirse\u201d.<\/a><\/li>\n<\/ul>\n<h3>Acuerdos 2021<\/h3>\n<ul class=\"documentos\">\n<li class=\"pdf\"><a href=\"\/portal\/wp-content\/uploads\/adjuntos\/acuerdos\/consejo-administrativo-019-21.pdf\" target=\"_blank\" rel=\"noopener\">Acuerdo No. 019 del 24 de noviembre de 2021 \u201cPor el cual se Modifica el Acuerdo del 06 de Julio de 2020, mediante el cual se Adopt\u00f3 y Aprob\u00f3 el Protocolo de Bioseguridad de la Universidad Cat\u00f3lica de Colombia, de conformidad con la Resoluci\u00f3n 777 de 2020 y las dem\u00e1s normas concordantes\u201d.<\/a><\/li>\n<\/ul>\n<h3>Acuerdos 2020<\/h3>\n<ul class=\"documentos\">\n<li class=\"pdf\"><a href=\"\/portal\/wp-content\/uploads\/adjuntos\/acuerdos\/consejo-administrativo-012-20.pdf\" target=\"_blank\" rel=\"noopener\">Acuerdo No. 012 del 9 de diciembre de 2020 \u201cPor el cual se suspende transitoriamente el Acuerdo 08 del 3 de septiembre del 2020, a trav\u00e9s del cual se aprueban los incentivos institucionales, en el marco de lo establecido por el ICFES en cuanto al puesto ocupado por los estudiantes en el informe de resultados, seg\u00fan su desempe\u00f1o en la prueba Saber Pro y la participaci\u00f3n en los talleres de familiarizaci\u00f3n y sensibilizaci\u00f3n implementados por la Universidad, ante la expedici\u00f3n de la Resoluci\u00f3n 00450 del 15 de octubre de 2020, por parte del ICFES en cuanto a la suspensi\u00f3n de las competencias espec\u00edficas para el examen Saber Pro\u201d.<\/a><\/li>\n<li class=\"pdf\"><a href=\"\/portal\/wp-content\/uploads\/adjuntos\/acuerdos\/consejo-administrativo-008-20.pdf\" target=\"_blank\" rel=\"noopener\">Acuerdo No. 008 del 3 de septiembre de 2020 &#8220;Por el cual se aprueban los incentivos institucionales, en el marco de lo establecido por el ICFES, en cuanto al puesto ocupado por los estudiantes en el informe de resultados, seg\u00fan su desempe\u00f1o en la prueba SABER PRO y la participaci\u00f3n en los talleres de familiarizaci\u00f3n y sensibilizaci\u00f3n dise\u00f1ados por la Universidad&#8221;.<\/a><\/li>\n<li class=\"pdf\"><a href=\"\/portal\/wp-content\/uploads\/adjuntos\/acuerdos\/consejo-administrativo-006-20.pdf\" target=\"_blank\" rel=\"noopener\">Acuerdo No. 006 del 06 de julio de 2020 \u201cPor el cual se aprueba el Protocolo de Bioseguridad de la Universidad Cat\u00f3lica de Colombia\u201d.<\/a><\/li>\n<\/ul>\n<h3>Acuerdos 2016<\/h3>\n<ul class=\"documentos\">\n<li class=\"pdf\"><a href=\"\/portal\/wp-content\/uploads\/adjuntos\/acuerdos\/consejo-administrativo-007-16.pdf\" target=\"_blank\" rel=\"noopener\">Acuerdo No. 007 del 17 de agosto de 2016 &#8220;Por el cual se establecen los casos y condiciones para la devoluci\u00f3n o abono de dinero por concepto de matr\u00edcula, se definen porcentajes a devolver y el tr\u00e1mite que deber\u00e1 seguirse&#8221;.<\/a><\/li>\n<li class=\"pdf\"><a href=\"\/portal\/wp-content\/uploads\/adjuntos\/acuerdos\/consejo-administrativo-005-16.pdf\" target=\"_blank\" rel=\"noopener\">Acuerdo No. 005 del 22 de junio de 2016 \u201cPor el cual se aprueban incentivos para los estudiantes con mejor desempe\u00f1o en los ejercicios de preparaci\u00f3n dise\u00f1ados por la Universidad y en la prueba SABER PRO\u201d.<\/a><\/li>\n<\/ul>\n<div class=\"panel panel-default\">\n<div id=\"collapseQuince\" class=\"panel-collapse collapse\">\n<div class=\"panel-body\">\n<h3>Acuerdos 2015<\/h3>\n<ul class=\"documentos\">\n<li class=\"pdf\"><a href=\"https:\/\/www.ucatolica.edu.co\/portal\/wp-content\/uploads\/2021\/10\/consejo-administrativo-004-15.pdf\" target=\"_blank\" rel=\"noopener\">Acuerdo No. 004 del 02 de septiembre de 2015 &#8220;Por el cual se aprueba y autoriza la divulgaci\u00f3n del manual denominado sistema presupuestal de la Universidad Cat\u00f3lica de Colombia, el cual consolida las pol\u00edticas, lineamientos presupuestales, procesos, procedimientos e instrumentos mediante los cuales se gestiona el presupuesto Institucional&#8221;. <\/a><\/li>\n<\/ul>\n<\/div>\n<\/div>\n<\/div>\n<\/div>\n<\/div>\n<\/div>\n<div class=\"panel panel-default\">\n<div id=\"headingTres\" class=\"panel-heading\">\n<h4 class=\"panel-title\"><a href=\"#collapseTres\" data-toggle=\"collapse\" data-parent=\"#accordion\">Acuerdos Consejo Acad\u00e9mico<\/a><\/h4>\n<\/div>\n<div id=\"collapseTres\" class=\"panel-collapse collapse\">\n<div class=\"panel-body\">\n<h3>Acuerdos 2026<\/h3>\n<ul>\n<li><a href=\"https:\/\/www.ucatolica.edu.co\/portal\/wp-content\/uploads\/adjuntos\/acuerdos\/consejo-academico-050-26.pdf\" target=\"_blank\" rel=\"noopener\">Acuerdo No. 050 \u201cPor el cual por el cual se modifica el Calendario Acad\u00e9mico para los programas de pregrado del a\u00f1o 2026.\u201d<\/a><\/li>\n<\/ul>\n<h3>\nAcuerdos 2025<\/h3>\n<ul>\n<li class=\"pdf\"><a href=\"https:\/\/www.ucatolica.edu.co\/portal\/wp-content\/uploads\/adjuntos\/acuerdos\/consejo-academico-049-25.pdf\" target=\"_blank\" rel=\"noopener\">Acuerdo No. 049 \u201cPor el cual se aprueba el Calendario Acad\u00e9mico de Posgrado para el a\u00f1o 2026.\u201d<\/a><\/li>\n<li class=\"pdf\"><a href=\"https:\/\/www.ucatolica.edu.co\/portal\/wp-content\/uploads\/adjuntos\/acuerdos\/consejo-academico-048-25.pdf\" target=\"_blank\" rel=\"noopener\">Acuerdo No. 048 \u201cPor el cual se aprueba la oferta de electivas institucionales para los cuatro per\u00edodos acad\u00e9micos del 2026 en la Universidad Cat\u00f3lica de Colombia.\u201d<\/a><\/li>\n<li class=\"pdf\"><a href=\"https:\/\/www.ucatolica.edu.co\/portal\/wp-content\/uploads\/adjuntos\/acuerdos\/consejo-academico-047-25.pdf\" target=\"_blank\" rel=\"noopener\">Acuerdo No. 047 \u201cPor el cual se actualiza el Acuerdo 002 del 26 de septiembre de 2013 del Consejo Acad\u00e9mico que reglamenta la oferta de electivas institucionales y de programa ofrecida en la Universidad Cat\u00f3lica de Colombia.\u201d<\/a><\/li>\n<li class=\"pdf\"><a href=\"https:\/\/www.ucatolica.edu.co\/portal\/wp-content\/uploads\/adjuntos\/acuerdos\/consejo-academico-046-25.pdf\" target=\"_blank\" rel=\"noopener\">Acuerdo No. 046 \u201cPor el cual se aprueba el Calendario Acad\u00e9mico de Pregrado para el a\u00f1o 2026.\u201d<\/a><\/li>\n<li class=\"pdf\"><a href=\"https:\/\/www.ucatolica.edu.co\/portal\/wp-content\/uploads\/adjuntos\/acuerdos\/consejo-academico-045-25.pdf\" target=\"_blank\" rel=\"noopener\">Acuerdo No. 045 \u201cPor el cual se aprueba el Calendario Acad\u00e9mico de Pregrado para el segundo semestre y el consecutivo periodo intersemestral del a\u00f1o 2025\u201d<\/a><\/li>\n<li class=\"pdf\"><a href=\"https:\/\/www.ucatolica.edu.co\/portal\/wp-content\/uploads\/adjuntos\/acuerdos\/consejo-academico-044-25.pdf\" target=\"_blank\" rel=\"noopener\">Acuerdo No. 044 \u201cPor el cual se aprueba el Calendario Acad\u00e9mico de Posgrado de programas virtuales del a\u00f1o 2025\u201d<\/a><\/li>\n<li class=\"pdf\"><a href=\"https:\/\/www.ucatolica.edu.co\/portal\/wp-content\/uploads\/adjuntos\/acuerdos\/consejo-academico-043-25.pdf\" target=\"_blank\" rel=\"noopener\">Acuerdo No. 043 \u201cPor el cual se modifica el Calendario Acad\u00e9mico para los Programas de Posgrado del a\u00f1o 2025\u201d<\/a><\/li>\n<li class=\"pdf\"><a href=\"https:\/\/www.ucatolica.edu.co\/portal\/wp-content\/uploads\/adjuntos\/acuerdos\/consejo-academico-042-25.pdf\" target=\"_blank\" rel=\"noopener\">Acuerdo No. 042 \u201cPor el cual se deroga el Acuerdo No. 003 del veintiuno (21) de junio de 2017 expedido por el Consejo Acad\u00e9mico de la Universidad Cat\u00f3lica de Colombia\u201d<\/a><\/li>\n<\/ul>\n<h3>Acuerdos 2024<\/h3>\n<ul>\n<li class=\"pdf\"><a href=\"https:\/\/www.ucatolica.edu.co\/portal\/wp-content\/uploads\/2024\/11\/consejo-academico-041-24.pdf\" target=\"_blank\" rel=\"noopener\">Acuerdo No. 041 del 31 de octubre de 2024 \u201cPor el cual se aprueba la oferta de electivas institucionales para los cuatro semestres del a\u00f1o 2025 en la Universidad Cat\u00f3lica de Colombia\u201d<\/a><\/li>\n<li class=\"pdf\"><a href=\"https:\/\/www.ucatolica.edu.co\/portal\/wp-content\/uploads\/2024\/11\/consejo-academico-040-24.pdf\" target=\"_blank\" rel=\"noopener\">Acuerdo No. 040 del 31 de octubre de 2024 \u201cPor el cual se aprueba el Calendario Acad\u00e9mico de Posgrado para el a\u00f1o 2025\u201d<\/a><\/li>\n<li class=\"pdf\"><a href=\"https:\/\/www.ucatolica.edu.co\/portal\/wp-content\/uploads\/2024\/10\/consejo-academico-039-24.pdf\" target=\"_blank\" rel=\"noopener\">Acuerdo No. 039 del 31 de octubre de 2024 \u201cPor el cual se aprueba el Calendario Acad\u00e9mico de Pregrado para el primer semestre del a\u00f1o 2025\u201d<\/a><\/li>\n<li class=\"pdf\"><a href=\"https:\/\/www.ucatolica.edu.co\/portal\/wp-content\/uploads\/2024\/06\/consejo-academico-038-24.pdf\" target=\"_blank\" rel=\"noopener\">Acuerdo No. 038 del 23 de mayo de 2024 \u201cPor el cual se aprueban nuevas electivas institucionales para el per\u00edodo acad\u00e9mico 2024-3 en la Universidad Cat\u00f3lica de Colombia\u201d<\/a><\/li>\n<li class=\"pdf\"><a href=\"https:\/\/www.ucatolica.edu.co\/portal\/wp-content\/uploads\/adjuntos\/acuerdos\/consejo-academico-037-24.pdf\" target=\"_blank\" rel=\"noopener\">Acuerdo No. 037 del 26 de abril de 2024 \u201cPor el cual por el cual se modifica el Calendario Acad\u00e9mico para los programas de Pregrado del a\u00f1o 2024\u201d<\/a><\/li>\n<\/ul>\n<h3>Acuerdos 2023<\/h3>\n<ul>\n<li class=\"pdf\"><a href=\"https:\/\/www.ucatolica.edu.co\/portal\/wp-content\/uploads\/adjuntos\/acuerdos\/consejo-academico-036-23.pdf\" target=\"_blank\" rel=\"noopener\">Acuerdo No. 036 del 23 de noviembre de 2023 \u201cpor el cual se modifica el Calendario Acad\u00e9mico para los programas de pregrado del a\u00f1o 2024\u201d<\/a><\/li>\n<li class=\"pdf\"><a href=\"https:\/\/www.ucatolica.edu.co\/portal\/wp-content\/uploads\/adjuntos\/acuerdos\/consejo-academico-035-23.pdf\" target=\"_blank\" rel=\"noopener\">Acuerdo No. 035 del 23 de noviembre de 2023 \u201cPor el cual se aprueba la oferta de electivas institucionales para los cuatro semestres del 2024 en la Universidad Cat\u00f3lica de Colombia\u201d<\/a><\/li>\n<li class=\"pdf\"><a href=\"https:\/\/www.ucatolica.edu.co\/portal\/wp-content\/uploads\/adjuntos\/acuerdos\/consejo-academico-034-23.pdf\" target=\"_blank\" rel=\"noopener\">Acuerdo No. 034 del 24 de octubre de 2023 \u201cPor el cual se aprueba el Calendario Acad\u00e9mico del Instituto de Lenguas para Estudiantes de la Universidad Cat\u00f3lica de Colombia para el a\u00f1o 2024\u201d<\/a><\/li>\n<li class=\"pdf\"><a href=\"https:\/\/www.ucatolica.edu.co\/portal\/wp-content\/uploads\/adjuntos\/acuerdos\/consejo-academico-033-23.pdf\" target=\"_blank\" rel=\"noopener\">Acuerdo No. 033 del 24 de octubre de 2023 \u201cPor el cual se aprueba el Calendario Acad\u00e9mico de Posgrado para el a\u00f1o 2024\u201d<\/a><\/li>\n<li class=\"pdf\"><a href=\"https:\/\/www.ucatolica.edu.co\/portal\/wp-content\/uploads\/adjuntos\/acuerdos\/consejo-academico-032-23.pdf\" target=\"_blank\" rel=\"noopener\">Acuerdo No. 032 del 24 de octubre de 2023 \u201cPor el cual se aprueba el Calendario Acad\u00e9mico de Pregrado para el a\u00f1o 2024\u201d<\/a><\/li>\n<li class=\"pdf\"><a href=\"https:\/\/www.ucatolica.edu.co\/portal\/wp-content\/uploads\/adjuntos\/acuerdos\/consejo-academico-031-23.pdf\" target=\"_blank\" rel=\"noopener\">Acuerdo No. 031 del 25 de mayo de 2023 \u201cPor el cual se aprueban nuevas Electivas Institucionales para el segundo per\u00edodo acad\u00e9mico del a\u00f1o 2023 en la Universidad Cat\u00f3lica de Colombia\u201d<\/a><\/li>\n<li class=\"pdf\"><a href=\"https:\/\/www.ucatolica.edu.co\/portal\/wp-content\/uploads\/adjuntos\/acuerdos\/consejo-academico-030-23.pdf\" target=\"_blank\" rel=\"noopener\">Acuerdo No. 030 del 25 de mayo de 2023 Por el cual se modifica el Calendario Acad\u00e9mico para los programas de<br \/>\npregrado del a\u00f1o 2023\u201d<\/a><\/li>\n<\/ul>\n<h3>Acuerdos 2022<\/h3>\n<ul class=\"documentos\">\n<li class=\"pdf\"><a href=\"https:\/\/www.ucatolica.edu.co\/portal\/wp-content\/uploads\/adjuntos\/acuerdos\/consejo-academico-029-22.pdf\" target=\"_blank\" rel=\"noopener\">Acuerdo No. 029 del 1 de noviembre de 2022 \u201cPor el cual se modifica el Calendario Acad\u00e9mico para los programas de pregrado del a\u00f1o 2022\u201d<\/a><\/li>\n<li class=\"pdf\"><a href=\"https:\/\/www.ucatolica.edu.co\/portal\/wp-content\/uploads\/adjuntos\/acuerdos\/consejo-academico-028-23.pdf\" target=\"_blank\" rel=\"noopener\">Acuerdo No. 028 del 27 de octubre de 2022 \u201cPor el cual se aprueba el Calendario Acad\u00e9mico del a\u00f1o 2023 del Instituto de Lenguas para personal docente y administrativo de la Universidad Cat\u00f3lica de Colombia.\u201d<\/a><\/li>\n<li class=\"pdf\"><a href=\"https:\/\/www.ucatolica.edu.co\/portal\/wp-content\/uploads\/adjuntos\/acuerdos\/consejo-academico-027-23.pdf\" target=\"_blank\" rel=\"noopener\">Acuerdo No. 027 del 27 de octubre de 2022 \u201cPor el cual se aprueba el Calendario Acad\u00e9mico del a\u00f1o 2023 del Instituto de Lenguas &#8211; Espa\u00f1ol para Extranjeros.\u201d<\/a><\/li>\n<li class=\"pdf\"><a href=\"https:\/\/www.ucatolica.edu.co\/portal\/wp-content\/uploads\/adjuntos\/acuerdos\/consejo-academico-026-23.pdf\" target=\"_blank\" rel=\"noopener\">Acuerdo No. 026 del 27 de octubre de 2022 \u201cPor el cual se aprueba el Calendario Acad\u00e9mico del a\u00f1o 2023 del Instituto de Lenguas para Ni\u00f1os y Adolescentes.\u201d<\/a><\/li>\n<li class=\"pdf\"><a href=\"https:\/\/www.ucatolica.edu.co\/portal\/wp-content\/uploads\/adjuntos\/acuerdos\/consejo-academico-025-23.pdf\" target=\"_blank\" rel=\"noopener\">Acuerdo No. 025 del 27 de octubre de 2022 \u201cPor el cual se aprueba el Calendario Acad\u00e9mico del a\u00f1o 2023 del Instituto de Lenguas para Estudiantes de la Universidad Cat\u00f3lica de Colombia.\u201d<\/a><\/li>\n<li class=\"pdf\"><a href=\"https:\/\/www.ucatolica.edu.co\/portal\/wp-content\/uploads\/adjuntos\/acuerdos\/consejo-academico-024-23.pdf\" target=\"_blank\" rel=\"noopener\">Acuerdo No. 024 del 27 de octubre de 2022 \u201cPor el cual se aprueba el Calendario Acad\u00e9mico para los programas de posgrados del a\u00f1o 2023.\u201d<\/a><\/li>\n<li class=\"pdf\"><a href=\"https:\/\/www.ucatolica.edu.co\/portal\/wp-content\/uploads\/adjuntos\/acuerdos\/consejo-academico-023-23.pdf\" target=\"_blank\" rel=\"noopener\">Acuerdo No. 023 del 27 de octubre de 2022 \u201cPor el cual se aprueba la oferta de electivas institucionales para los cuatro semestres del 2023 en la Universidad Cat\u00f3lica de Colombia\u201d<\/a><\/li>\n<li class=\"pdf\"><a href=\"https:\/\/www.ucatolica.edu.co\/portal\/wp-content\/uploads\/adjuntos\/acuerdos\/consejo-academico-022-23.pdf\" target=\"_blank\" rel=\"noopener\">Acuerdo No. 022 del 20 de septiembre de 2022 \u201cPor el cual se aprueba el Calendario Acad\u00e9mico para el a\u00f1o 2023.;<\/a><\/li>\n<li class=\"pdf\"><a href=\"https:\/\/www.ucatolica.edu.co\/portal\/wp-content\/uploads\/adjuntos\/acuerdos\/consejo-academico-021-22.pdf\" target=\"_blank\" rel=\"noopener\">Acuerdo No. 021 del 31 de mayo de 2022 \u201cPor el cual se modifica el Calendario Acad\u00e9mico para los programas de pregrado del a\u00f1o 2022.\u201d<\/a><\/li>\n<li class=\"pdf\"><a href=\"https:\/\/www.ucatolica.edu.co\/portal\/wp-content\/uploads\/2022\/05\/temporal-cms-consejo-academico-020-22.pdf\" target=\"_blank\" rel=\"noopener\">Acuerdo No. 020 del 24 de febrero de 2022 \u201cPor el cual se aprueba el Calendario Acad\u00e9mico del a\u00f1o 2022 del Instituto de Lenguas para ni\u00f1os y adolescentes de la Universidad Cat\u00f3lica de Colombia.\u201d<\/a><\/li>\n<li class=\"pdf\"><a href=\"https:\/\/www.ucatolica.edu.co\/portal\/wp-content\/uploads\/2022\/05\/temporal-cms-consejo-academico-019-22.pdf\" target=\"_blank\" rel=\"noopener\">Acuerdo No. 019 del 24 de febrero de 2022 \u201cPor el cual se modifica el Calendario Acad\u00e9mico para los programas de posgrados del a\u00f1o 2022.\u201d<\/a><\/li>\n<li class=\"pdf\"><a href=\"https:\/\/www.ucatolica.edu.co\/portal\/wp-content\/uploads\/2022\/05\/temporal-cms-consejo-academico-018-22.pdf\" target=\"_blank\" rel=\"noopener\">Acuerdo No. 018 del 24 de febrero de 2022 \u201cPor el cual se modifica el Calendario Acad\u00e9mico para los programas de pregrados del a\u00f1o 2022.\u201d<\/a><\/li>\n<\/ul>\n<h3>Acuerdos 2021<\/h3>\n<ul class=\"documentos\">\n<li class=\"pdf\"><a href=\"\/portal\/wp-content\/uploads\/adjuntos\/acuerdos\/consejo-academico-017-21.pdf\" target=\"_blank\" rel=\"noopener\">Acuerdo No. 017 del 25 de noviembre de 2021: \u201cPor el cual se aprueba el Calendario Acad\u00e9mico del a\u00f1o 2022 del Instituto de Lenguas para personal docente y administrativo de la Universidad Cat\u00f3lica de Colombia.\u201d<\/a><\/li>\n<li class=\"pdf\"><a href=\"\/portal\/wp-content\/uploads\/adjuntos\/acuerdos\/consejo-academico-016-21.pdf\" target=\"_blank\" rel=\"noopener\">Acuerdo No. 016 del 25 de noviembre de 2021: \u201cPor el cual se aprueba el Calendario Acad\u00e9mico del a\u00f1o 2022 del Instituto de Lenguas para estudiantes de la Universidad Cat\u00f3lica de Colombia.\u201d<\/a><\/li>\n<li class=\"pdf\"><a href=\"\/portal\/wp-content\/uploads\/adjuntos\/acuerdos\/consejo-academico-015-21.pdf\" target=\"_blank\" rel=\"noopener\">Acuerdo No. 015 del 25 de noviembre de 2021: \u201cPor el cual se aprueba el Calendario Acad\u00e9mico para los programas de posgrados del a\u00f1o 2022.\u201d<\/a><\/li>\n<li class=\"pdf\"><a href=\"\/portal\/wp-content\/uploads\/adjuntos\/acuerdos\/consejo-academico-014-21.pdf\" target=\"_blank\" rel=\"noopener\">Acuerdo No. 014 del 21 de octubre de 2021: \u201cPor el cual se aprueba el Calendario Acad\u00e9mico para el a\u00f1o 2022.\u201d<\/a><\/li>\n<li class=\"pdf\"><a href=\"\/portal\/wp-content\/uploads\/adjuntos\/acuerdos\/consejo-academico-013-21.pdf\" target=\"_blank\" rel=\"noopener\">Acuerdo No. 013 del 21 de octubre de 2021: \u201cPor el cual se aprueba una adici\u00f3n al Calendario Acad\u00e9mico del a\u00f1o 2021.\u201d<\/a><\/li>\n<li class=\"pdf\"><a href=\"\/portal\/wp-content\/uploads\/adjuntos\/acuerdos\/consejo-academico-012-21.pdf\" target=\"_blank\" rel=\"noopener\">Acuerdo No. 012 del 30 de septiembre de 2021 \u201cPor el cual se aprueba la oferta de electivas institucionales para los cuatro semestres del 2022 en la Universidad Cat\u00f3lica de Colombia\u201d<\/a><\/li>\n<li class=\"pdf\"><a href=\"\/portal\/wp-content\/uploads\/adjuntos\/acuerdos\/consejo-academico-011-21.pdf\" target=\"_blank\" rel=\"noopener\">Acuerdo No. 011 del 18 de marzo de 2021 \u201cPor el cual se aprueba una modificaci\u00f3n al Calendario Acad\u00e9mico del a\u00f1o 2021.\u201d<\/a><\/li>\n<\/ul>\n<h3>Acuerdos 2020<\/h3>\n<ul class=\"documentos\">\n<li class=\"pdf\"><a href=\"\/portal\/wp-content\/uploads\/adjuntos\/acuerdos\/consejo-academico-010-20.pdf\" target=\"_blank\" rel=\"noopener\">Acuerdo No. 010 del 19 de noviembre de 2020 \u201cPor el cual se aprueba una adici\u00f3n al Calendario Acad\u00e9mico<br \/>\ndel a\u00f1o 2020.\u201d<\/a><\/li>\n<li class=\"pdf\"><a href=\"\/portal\/wp-content\/uploads\/adjuntos\/acuerdos\/consejo-academico-009-20.pdf\" target=\"_blank\" rel=\"noopener\">Acuerdo No. 009 del 30 de Septiembre de 2020 \u201cPor el cual se aprueba el Calendario Acad\u00e9mico para el a\u00f1o 2021.\u201d<\/a><\/li>\n<li class=\"pdf\"><a href=\"\/portal\/wp-content\/uploads\/adjuntos\/acuerdos\/consejo-academico-008-20.pdf\" target=\"_blank\" rel=\"noopener\">Acuerdo No. 008 del 30 de Septiembre de 2020 \u201cPor el cual se aprueba la oferta de electivas institucionales para los cuatro semestres del 2021 en la Universidad Cat\u00f3lica de Colombia.\u201d<\/a><\/li>\n<li class=\"pdf\"><a href=\"\/portal\/wp-content\/uploads\/adjuntos\/acuerdos\/consejo-academico-007-20.pdf\" target=\"_blank\" rel=\"noopener\">Acuerdo No. 007 del 14 de Mayo de 2020 \u201cPor medio del cual se modifica el Acuerdo No. 003 del 2019 del Consejo Acad\u00e9mico donde se aprob\u00f3 el Calendario Acad\u00e9mico 2020 y en concordancia con el art\u00edculo 35 y 38 del Reglamento del Estudiante.\u201d<\/a><\/li>\n<li class=\"pdf\"><a href=\"\/portal\/wp-content\/uploads\/adjuntos\/acuerdos\/consejo-academico-006-20.pdf\" target=\"_blank\" rel=\"noopener\">Acuerdo No. 006 del 16 de Abril de 2020 \u201cPor medio del cual se modifica la fecha de cancelaci\u00f3n parcial de la carga acad\u00e9mica del estudiante, seg\u00fan lo se\u00f1alado en el Acuerdo No. 003 del Consejo Acad\u00e9mico donde se aprob\u00f3 el Calendario Acad\u00e9mico y en concordancia con el art\u00edculo 35 y 38 del Reglamento del Estudiante.\u201d<\/a><\/li>\n<li class=\"pdf\"><a href=\"\/portal\/wp-content\/uploads\/adjuntos\/acuerdos\/consejo-academico-005-20.pdf\" target=\"_blank\" rel=\"noopener\">Acuerdo No. 005 del 20 de Febrero de 2020 \u201cPor el cual se aprueba la modificaci\u00f3n del Calendario Acad\u00e9mico del a\u00f1o 2020.\u201d<\/a><\/li>\n<\/ul>\n<h3>Acuerdos 2019<\/h3>\n<ul class=\"documentos\">\n<li class=\"pdf\"><a href=\"\/portal\/wp-content\/uploads\/adjuntos\/acuerdos\/consejo-academico-004-19.pdf\" target=\"_blank\" rel=\"noopener\">Acuerdo No. 004 del 03 de Diciembre de 2019 \u201cPor el cual se aprueba oferta de electivas institucionales para los cuatro semestres del 2020, adicionales a la aprobada por el Acuerdo 01 de 2019 del Consejo Acad\u00e9mico.\u201d<\/a><\/li>\n<li class=\"pdf\"><a href=\"\/portal\/wp-content\/uploads\/adjuntos\/acuerdos\/consejo-academico-003-19.pdf\" target=\"_blank\" rel=\"noopener\">Acuerdo No. 003 del 31 de Octubre de 2019 \u201cPor el cual se aprueba el Calendario Acad\u00e9mico para el a\u00f1o 2020\u201d.<\/a><\/li>\n<li class=\"pdf\"><a href=\"\/portal\/wp-content\/uploads\/adjuntos\/acuerdos\/consejo-academico-002-19.pdf\" target=\"_blank\" rel=\"noopener\">Acuerdo No. 002 del 31 de Octubre de 2019 \u201cPor el cual se aprueba la modificaci\u00f3n al Calendario Acad\u00e9mico del a\u00f1o 2019\u201d.<\/a><\/li>\n<li class=\"pdf\"><a href=\"\/portal\/wp-content\/uploads\/adjuntos\/acuerdos\/consejo-academico-001-19.pdf\" target=\"_blank\" rel=\"noopener\">Acuerdo No. 001 del 25 de Septiembre de 2019 \u201cPor el cual se aprueba la oferta de electivas institucionales para los cuatro semestres del 2020 en la Universidad Cat\u00f3lica de Colombia\u201d.<\/a><\/li>\n<\/ul>\n<h3>Acuerdos 2018<\/h3>\n<ul class=\"documentos\">\n<li class=\"pdf\"><a href=\"\/portal\/wp-content\/uploads\/adjuntos\/acuerdos\/consejo-academico-001-18.pdf\" target=\"_blank\" rel=\"noopener\">Acuerdo No. 001 del 30 de Mayo de 2018 \u201cPor el cual se aprueba la oferta de electivas institucionales para el per\u00edodo acad\u00e9mico 2018-3, adicionales a las aprobadas por el Acuerdo 005 de 2017 del Consejo Acad\u00e9mico\u201d.<\/a><\/li>\n<\/ul>\n<h3>Acuerdos 2017<\/h3>\n<ul class=\"documentos\">\n<li class=\"pdf\"><a href=\"\/portal\/wp-content\/uploads\/adjuntos\/acuerdos\/consejo-academico-006-17.pdf\" target=\"_blank\" rel=\"noopener\">Acuerdo No. 006 del 27 de septiembre \u201cPor la cual se el Calendario Acad\u00e9mico del a\u00f1o 2018\u201d.<\/a><\/li>\n<li class=\"pdf\"><a href=\"\/portal\/wp-content\/uploads\/adjuntos\/acuerdos\/consejo-academico-004-17.pdf\" target=\"_blank\" rel=\"noopener\">Acuerdo No. 004 del 21 de junio \u201cPor la cual se establece la naturaleza, responsabilidades y funciones espec\u00edficas de la Oficina de Registro y Control Acad\u00e9mico.\u201d<\/a><\/li>\n<li class=\"pdf\"><a href=\"\/portal\/wp-content\/uploads\/adjuntos\/acuerdos\/consejo-academico-003-17.pdf\" target=\"_blank\" rel=\"noopener\">Acuerdo No. 003 del 21 de junio \u201cPor el cual se establecen la naturaleza, responsabilidades y funciones espec\u00edficas de la Oficina de Admisiones.\u201d<\/a><\/li>\n<\/ul>\n<h3>Acuerdos 2013<\/h3>\n<ul class=\"documentos\">\n<li class=\"pdf\"><a href=\"\/portal\/wp-content\/uploads\/adjuntos\/acuerdos\/consejo-academico-002-13.pdf\" target=\"_blank\" rel=\"noopener\">Acuerdo No. 002 del 26 de septiembre de 2013 &#8220;Por el cual se reglamenta la oferta de electivas institucionales y de programa ofrecida en la Universidad Cat\u00f3lica de Colombia&#8221;.<\/a><\/li>\n<\/ul>\n<\/div>\n<\/div>\n<\/div>\n<\/div>\n<h5>Resoluciones<\/h5>\n<div id=\"accordionUno\" class=\"panel-group\">\n<div class=\"panel panel-default\">\n<div id=\"headingCuatro\" class=\"panel-heading\">\n<h4 class=\"panel-title\"><a href=\"#collapseCuatro\" data-toggle=\"collapse\" data-parent=\"#accordionUno\">Presidencia<\/a><\/h4>\n<\/div>\n<div id=\"collapseCuatro\" class=\"panel-collapse collapse\">\n<div class=\"panel-body\">\n<h3>Resoluciones 2026<\/h3>\n<ul class=\"documentos\">\n<li class=\"pdf\"><a href=\"https:\/\/www.ucatolica.edu.co\/portal\/wp-content\/uploads\/adjuntos\/resoluciones\/presidencia-067-26.pdf\" target=\"_blank\" rel=\"noopener\">Resoluci\u00f3n No 67 del 25 de marzo de 2026 \u201cPor la cual se establece el n\u00famero de plazas para el primer periodo acad\u00e9mico, a\u00f1o 2026, de profesores de planta para el Instituto de Lenguas\u201d<\/a><\/li>\n<li class=\"pdf\"><a href=\"https:\/\/www.ucatolica.edu.co\/portal\/wp-content\/uploads\/adjuntos\/resoluciones\/presidencia-066-26.pdf\" target=\"_blank\" rel=\"noopener\">Resoluci\u00f3n No 66 del 25 de marzo de 2026 \u201cPor la cual se establece para el primer periodo acad\u00e9mico, a\u00f1o 2026, el n\u00famero de plazas de profesores de planta para el departamento de Ciencias B\u00e1sicas\u201d<\/a><\/li>\n<li class=\"pdf\"><a href=\"https:\/\/www.ucatolica.edu.co\/portal\/wp-content\/uploads\/adjuntos\/resoluciones\/presidencia-065-26.pdf\" target=\"_blank\" rel=\"noopener\">Resoluci\u00f3n No 65 del 25 de marzo de 2026 \u201cPor la cual se establece el n\u00famero de plazas para el primer periodo acad\u00e9mico, a\u00f1o 2026, de profesores de planta para el departamento de Humanidades\u201d<\/a><\/li>\n<li class=\"pdf\"><a href=\"https:\/\/www.ucatolica.edu.co\/portal\/wp-content\/uploads\/adjuntos\/resoluciones\/presidencia-064-26.pdf\" target=\"_blank\" rel=\"noopener\">Resoluci\u00f3n No 64 del 25 de marzo de 2026 \u201cPor la cual se establece el n\u00famero de plazas para el primer periodo acad\u00e9mico, a\u00f1o 2026, de profesores de planta para los programas de pregrado y posgrado de la facultad, de Psicolog\u00eda\u201d<\/a><\/li>\n<li class=\"pdf\"><a href=\"https:\/\/www.ucatolica.edu.co\/portal\/wp-content\/uploads\/adjuntos\/resoluciones\/presidencia-063-26.pdf\" target=\"_blank\" rel=\"noopener\">Resoluci\u00f3n No 63 del 25 de marzo de 2026 \u201cPor la cual se establece el n\u00famero de plazas para el primer periodo acad\u00e9mico, a\u00f1o 2026, de profesores de planta para los programas de pregrado y posgrado de la facultad de Ingenier\u00eda\u201d<\/a><\/li>\n<li class=\"pdf\"><a href=\"https:\/\/www.ucatolica.edu.co\/portal\/wp-content\/uploads\/adjuntos\/resoluciones\/presidencia-062-26.pdf\" target=\"_blank\" rel=\"noopener\">Resoluci\u00f3n No 62 del 25 de marzo de 2026 \u201cPor la cual se designa el representante del Sector Productivo para el Consejo Consultivo y el Comit\u00e9 Curricular de la Facultad de Dise\u00f1o\u201d<\/a><\/li>\n<li class=\"pdf\"><a href=\"https:\/\/www.ucatolica.edu.co\/portal\/wp-content\/uploads\/adjuntos\/resoluciones\/presidencia-061-26.pdf\" target=\"_blank\" rel=\"noopener\">Resoluci\u00f3n No 61 del 25 de marzo de 2026 \u201cPor la cual se designa el representante del Sector Productivo para el Consejo Consultivo y el Comit\u00e9 Curricular de la Facultad de Derecho\u201d<\/a><\/li>\n<li class=\"pdf\"><a href=\"https:\/\/www.ucatolica.edu.co\/portal\/wp-content\/uploads\/adjuntos\/resoluciones\/presidencia-060-26.pdf\" target=\"_blank\" rel=\"noopener\">Resoluci\u00f3n No 60 del 25 de marzo de 2026 \u201cPor la cual se designa el representante del Sector Productivo para el Consejo Consultivo y el Comit\u00e9 Curricular de la Facultad de Ciencias Econ\u00f3micas y Administrativas\u201d<\/a><\/li>\n<li class=\"pdf\"><a href=\"https:\/\/www.ucatolica.edu.co\/portal\/wp-content\/uploads\/adjuntos\/resoluciones\/presidencia-059-26.pdf\" target=\"_blank\" rel=\"noopener\">Resoluci\u00f3n No 59 del 16 de marzo de 2026 \u201cPor el cual se nombra el Secretar\u00eda Acad\u00e9mica del Instituto de Lenguas: doctora Bibian Alejandra Valderrama Torres.\u201d<\/a><\/li>\n<li class=\"pdf\"><a href=\"https:\/\/www.ucatolica.edu.co\/portal\/wp-content\/uploads\/adjuntos\/resoluciones\/presidencia-058-26.pdf\" target=\"_blank\" rel=\"noopener\">Resoluci\u00f3n No 58 del 4 de marzo de 2026 \u201cPor el cual se nombra el Secretario Acad\u00e9mico de la Facultad de Psicolog\u00eda: doctor Camilo Alejandro Rodr\u00edguez.\u201d<\/a><\/li>\n<li class=\"pdf\"><a href=\"https:\/\/www.ucatolica.edu.co\/portal\/wp-content\/uploads\/adjuntos\/resoluciones\/presidencia-057-26.pdf\" target=\"_blank\" rel=\"noopener\">Resoluci\u00f3n No 57 del 2 de marzo de 2026 \u201cPor medio de la cual se realiza la condonaci\u00f3n del cr\u00e9dito educativo en el marco del proyecto de inversi\u00f3n Formaci\u00f3n de Capital Humano de Alto nivel \u2013 Universidad Cat\u00f3lica de Colombia \u2013 Nacional con c\u00f3digo BPIN2019000100022\u201d<\/a><\/li>\n<li class=\"pdf\"><a href=\"https:\/\/www.ucatolica.edu.co\/portal\/wp-content\/uploads\/adjuntos\/resoluciones\/presidencia-056-26.pdf\" target=\"_blank\" rel=\"noopener\">Resoluci\u00f3n No 56 del 2 de marzo de 2026 \u201cPor la cual se designa el representante del Sector Productivo para el Consejo Consultivo y el Comit\u00e9 Curricular de la Facultad de Ingenier\u00eda.\u201d<\/a><\/li>\n<li class=\"pdf\"><a href=\"https:\/\/www.ucatolica.edu.co\/portal\/wp-content\/uploads\/adjuntos\/resoluciones\/presidencia-055-26.pdf\" target=\"_blank\" rel=\"noopener\">Resoluci\u00f3n No 55 del 2 de marzo de 2026 \u201cPor la cual se designa el representante del Sector Productivo para el Consejo Consultivo y el Comit\u00e9 Curricular de la Facultad de Psicolog\u00eda.\u201d<\/a><\/li>\n<li class=\"pdf\"><a href=\"https:\/\/www.ucatolica.edu.co\/portal\/wp-content\/uploads\/adjuntos\/resoluciones\/presidencia-054-26.pdf\" target=\"_blank\" rel=\"noopener\">Resoluci\u00f3n No 54 del 2 de marzo de 2026 \u201cPor la cual se designa el representante del Sector Productivo para el Consejo Consultivo y el Comit\u00e9 Curricular de la Facultad de Dise\u00f1o.\u201d<\/a><\/li>\n<li class=\"pdf\"><a href=\"https:\/\/www.ucatolica.edu.co\/portal\/wp-content\/uploads\/adjuntos\/resoluciones\/presidencia-053-26.pdf\" target=\"_blank\" rel=\"noopener\">Resoluci\u00f3n No 53 del 2 de marzo de 2026 \u201cPor la cual se designa el representante del Sector Productivo para el Consejo Consultivo y el Comit\u00e9 Curricular de la Facultad de Derecho.\u201d<\/a><\/li>\n<li class=\"pdf\"><a href=\"https:\/\/www.ucatolica.edu.co\/portal\/wp-content\/uploads\/adjuntos\/resoluciones\/presidencia-052-26.pdf\" target=\"_blank\" rel=\"noopener\">Resoluci\u00f3n No 52 del 2 de marzo de 2026 \u201cPor la cual se designa el representante del Sector Productivo para el Consejo Consultivo y el Comit\u00e9 Curricular de la Facultad de Ciencias Econ\u00f3micas y Administrativas.\u201d<\/a><\/li>\n<li class=\"pdf\"><a href=\"https:\/\/www.ucatolica.edu.co\/portal\/wp-content\/uploads\/adjuntos\/resoluciones\/presidencia-051-26.pdf\" target=\"_blank\" rel=\"noopener\">Resoluci\u00f3n No 51 del 20 de febrero de 2026 \u201cPor el cual se nombra como director del Programa de Empresas e Inteligencia de Negocios al doctor Andr\u00e9s Rodrigo Santana Murcia.\u201d<\/a><\/li>\n<li class=\"pdf\"><a href=\"\/portal\/wp-content\/uploads\/adjuntos\/resoluciones\/presidencia-050-26.pdf\" target=\"_blank\" rel=\"noopener\">Resoluci\u00f3n No 50 del 13 de febrero de 2026 \u201cPor el cual se nombra como directora del Programa de Ingenier\u00eda Industrial a la ingeniera Francy Roc\u00edo Castellanos Oviedo.\u201d<\/a><\/li>\n<li class=\"pdf\"><a href=\"\/portal\/wp-content\/uploads\/adjuntos\/resoluciones\/presidencia-049-26.pdf\" target=\"_blank\" rel=\"noopener\">Resoluci\u00f3n No 49 del 13 de febrero de 2026 \u201cPor el cual se nombra como directora de la Oficina de Gesti\u00f3n de Procesos de la Universidad Cat\u00f3lica de Colombia a la doctora Cristina Costa Paris.\u201d<\/a><\/li>\n<li class=\"pdf\"><a href=\"\/portal\/wp-content\/uploads\/adjuntos\/resoluciones\/presidencia-048-26.pdf\" target=\"_blank\" rel=\"noopener\">Resoluci\u00f3n No 48 del 13 de febrero de 2026 \u201cPor el cual se nombra como director de la Oficina de Autoevaluaci\u00f3n y Acreditaci\u00f3n de la Universidad Cat\u00f3lica de Colombia al ingeniero Sergio Andr\u00e9s Flautero Mesa.\u201d<\/a><\/li>\n<li class=\"pdf\"><a href=\"\/portal\/wp-content\/uploads\/adjuntos\/resoluciones\/presidencia-047-26.pdf\" target=\"_blank\" rel=\"noopener\">Resoluci\u00f3n No 47 del 15 de enero de 2026 \u201cPor la se nombra a la doctora Sandra Milena Camelo Roa como decana de la Facultad de Psicolog\u00eda de la Universidad.\u201d<\/a><\/li>\n<\/ul>\n<h3>Resoluciones 2025<\/h3>\n<ul class=\"documentos\">\n<li class=\"pdf\"><a href=\"\/portal\/wp-content\/uploads\/adjuntos\/resoluciones\/presidencia-046-25.pdf\" target=\"_blank\" rel=\"noopener\">Resoluci\u00f3n No 46 del 26 de noviembre de 2025 \u201cPor la cual se nombra el Comit\u00e9 de Seguridad Vial de la Universidad Cat\u00f3lica de Colombia para el periodo 2025 \u2013 2027 y se deroga la Resoluci\u00f3n de Presidencia No. 002 de 2025.\u201d<\/a><\/li>\n<li class=\"pdf\"><a href=\"\/portal\/wp-content\/uploads\/adjuntos\/resoluciones\/presidencia-045-25.pdf\" target=\"_blank\" rel=\"noopener\">Resoluci\u00f3n No 45 del 15 de octubre de 2025 \u201cPor la cual se establecen t\u00e9rminos y condiciones de uso de la red de internet de la universidad.\u201d<\/a><\/li>\n<li class=\"pdf\"><a href=\"\/portal\/wp-content\/uploads\/adjuntos\/resoluciones\/presidencia-044-25.pdf\" target=\"_blank\" rel=\"noopener\">Resoluci\u00f3n No 44 del 13 de noviembre de 2025 \u201cPor medio de la cual se adiciona la Resoluci\u00f3n de Presidencia No. 031 del 13 de agosto de 2025 mediante la cual se determinan las razones frente a la no obligatoriedad de cumplimiento por parte de la Universidad Cat\u00f3lica de Colombia de determinados numerales de la Ley 1712 de 2014.\u201d<\/a><\/li>\n<li class=\"pdf\"><a href=\"\/portal\/wp-content\/uploads\/adjuntos\/resoluciones\/presidencia-043-25.pdf\" target=\"_blank\" rel=\"noopener\">Resoluci\u00f3n No 43 del 12 de noviembre de 2025 \u201cPor la cual se nombra el Comit\u00e9 de Convivencia Laboral para el periodo 2025-2027 de la Universidad Cat\u00f3lica de Colombia.\u201d<\/a><\/li>\n<li class=\"pdf\"><a href=\"\/portal\/wp-content\/uploads\/adjuntos\/resoluciones\/presidencia-042-25.pdf\" target=\"_blank\" rel=\"noopener\">Resoluci\u00f3n No 42 del 30 de octubre de 2025 \u201cPor la cual se prolonga el encargo de la Decanatura de la Facultad de Dise\u00f1o a la arquitecta Clara Eugenia G\u00f3mez Larrota.\u201d<\/a><\/li>\n<li class=\"pdf\"><a href=\"\/portal\/wp-content\/uploads\/adjuntos\/resoluciones\/presidencia-041-25.pdf\" target=\"_blank\" rel=\"noopener\">Resoluci\u00f3n No 41 del 15 de octubre de 2025 \u201cPor la cual se nombran dos miembros de la comunidad acad\u00e9mica con prestigio en investigaci\u00f3n en Inteligencia Artificial para la conformaci\u00f3n del Comit\u00e9 Institucional de Inteligencia Artificial de la Universidad.\u201d<\/a><\/li>\n<li class=\"pdf\"><a href=\"\/portal\/wp-content\/uploads\/adjuntos\/resoluciones\/presidencia-040-25.pdf\" target=\"_blank\" rel=\"noopener\">Resoluci\u00f3n No 40 del 15 de octubre de 2025 \u201cPor la cual se nombra un asesor en Propiedad Intelectual y\/o Habeas Data para la conformaci\u00f3n del Comit\u00e9 Institucional de Inteligencia Artificial de la Universidad.\u201d<\/a><\/li>\n<li class=\"pdf\"><a href=\"\/portal\/wp-content\/uploads\/adjuntos\/resoluciones\/presidencia-039-25.pdf\" target=\"_blank\" rel=\"noopener\">Resoluci\u00f3n No 39 del 15 de octubre de 2025 \u201cPor la cual se encarga de la Decanatura de la Facultad de Derecho a la doctora Johana Fernanda Navas Camargo.\u201d<\/a><\/li>\n<li class=\"pdf\"><a href=\"\/portal\/wp-content\/uploads\/adjuntos\/resoluciones\/presidencia-038-25.pdf\" target=\"_blank\" rel=\"noopener\">Resoluci\u00f3n No 38 del 15 de octubre de 2025 \u201cPor la cual se encarga de la Decanatura de la Facultad de Dise\u00f1o a la arquitecta Clara Eugenia G\u00f3mez Larrota.\u201d<\/a><\/li>\n<li class=\"pdf\"><a href=\"\/portal\/wp-content\/uploads\/adjuntos\/resoluciones\/presidencia-037-25.pdf\" target=\"_blank\" rel=\"noopener\">Resoluci\u00f3n No 037 del 2 de octubre de 2025 \u201cPor medio de la cual se integra el Comit\u00e9 Institucional de Inteligencia Artificial de la Universidad Cat\u00f3lica de Colombia\u201d<\/a><\/li>\n<li class=\"pdf\"><a href=\"\/portal\/wp-content\/uploads\/adjuntos\/resoluciones\/presidencia-035-25.pdf\" target=\"_blank\" rel=\"noopener\">Resoluci\u00f3n No 035 del 22 de septiembre de 2025 \u201cPor la cual se nombra la Directora del Consultorio Jur\u00eddico y Centro de Conciliaci\u00f3n de la Universidad a la doctora Lady Andrea Beltr\u00e1n C\u00e1rdenas\u201d<\/a><\/li>\n<li class=\"pdf\"><a href=\"\/portal\/wp-content\/uploads\/adjuntos\/resoluciones\/presidencia-034-25.pdf\" target=\"_blank\" rel=\"noopener\">Resoluci\u00f3n No 034 del 20 de agosto de 2025 \u201c&#8221;Por la cual se nombra Director de Extensi\u00f3n de la Universidad, al doctor Lisandro Javier Romero Villa\u201d<\/a><\/li>\n<li class=\"pdf\"><a href=\"\/portal\/wp-content\/uploads\/adjuntos\/resoluciones\/presidencia-033-25.pdf\" target=\"_blank\" rel=\"noopener\">Resoluci\u00f3n No 032 del 20 de agosto de 2025 \u201cPor la cual se nombra al ingeniero Jaime D\u00edaz Ortiz como Decano de la Facultad de Ingenier\u00eda.\u201d<\/a><\/li>\n<li class=\"pdf\"><a href=\"\/portal\/wp-content\/uploads\/adjuntos\/resoluciones\/presidencia-032-25.pdf\" target=\"_blank\" rel=\"noopener\">Resoluci\u00f3n No 032 del 19 de agosto de 2025 \u201cPor la cual se nombra al doctor Jos\u00e9 Marcos Vera Leyton como Decano de la Facultad de Ciencias Econ\u00f3micas y Administrativas.\u201d<\/a><\/li>\n<li class=\"pdf\"><a href=\"\/portal\/wp-content\/uploads\/adjuntos\/resoluciones\/presidencia-031-25.pdf\" target=\"_blank\" rel=\"noopener\">Resoluci\u00f3n No 031 del 13 de agosto de 2025 \u201cPor medio de la cual se determinan las razones frente a la no obligatoriedad de cumplimiento por parte de la Universidad Cat\u00f3lica de Colombia de determinados numerales de la Ley 1712 de 2014\u201d<\/a><\/li>\n<li class=\"pdf\"><a href=\"\/portal\/wp-content\/uploads\/adjuntos\/resoluciones\/presidencia-030-25.pdf\" target=\"_blank\" rel=\"noopener\">Resoluci\u00f3n No 030 del 13 de agosto de 2025 \u201cPor la cual se dan lineamientos para la notificaci\u00f3n, orientaci\u00f3n y acompa\u00f1amiento (procedimiento NORA) de estudiantes gestantes, estudiantes en periodo de lactancia y estudiantes en licencia de paternidad, en el marco de la salud universitaria\u201d<\/a><\/li>\n<li class=\"pdf\"><a href=\"\/portal\/wp-content\/uploads\/adjuntos\/resoluciones\/presidencia-029-25.pdf\" target=\"_blank\" rel=\"noopener\">Resoluci\u00f3n No 029 del 13 de agosto de 2025 \u201cPor la cual se aprueba la creaci\u00f3n de la Mesa de trabajo en Salud Mental de la Universidad Cat\u00f3lica de Colombia\u201d<\/a><\/li>\n<li class=\"pdf\"><a href=\"\/portal\/wp-content\/uploads\/adjuntos\/resoluciones\/presidencia-028-25.pdf\" target=\"_blank\" rel=\"noopener\">Resoluci\u00f3n No 028 del 01 de agosto de 2025 \u201cComit\u00e9 Paritario de Seguridad y Salud en el Trabajo \u2013 COPASST \u2013 para el periodo comprendido entre agosto del a\u00f1o 2025 y agosto del a\u00f1o 2025\u201d<\/a><\/li>\n<li class=\"pdf\"><a href=\"\/portal\/wp-content\/uploads\/adjuntos\/resoluciones\/presidencia-027-25.pdf\" target=\"_blank\" rel=\"noopener\">Resoluci\u00f3n No 027 del 29 de julio de 2025 \u201cDirectora programa de Econom\u00eda doctora Aura In\u00e9s Rodr\u00edguez Triana\u201d<\/a><\/li>\n<li class=\"pdf\"><a href=\"\/portal\/wp-content\/uploads\/adjuntos\/resoluciones\/presidencia-026-25.pdf\" target=\"_blank\" rel=\"noopener\">Resoluci\u00f3n No 026 del 21 de julio de 2025 \u201cPor la cual se establece el n\u00famero de plazas para el a\u00f1o 2025 de profesores de planta del Instituto de Lenguas\u201d<\/a><\/li>\n<li class=\"pdf\"><a href=\"\/portal\/wp-content\/uploads\/adjuntos\/resoluciones\/presidencia-025-25.pdf\" target=\"_blank\" rel=\"noopener\">Resoluci\u00f3n No 025 del 21 de julio de 2025 \u201cPor la cual se establece el n\u00famero de plazas para el a\u00f1o 2025 de profesores de planta para el Departamento de Humanidades\u201d<\/a><\/li>\n<li class=\"pdf\"><a href=\"\/portal\/wp-content\/uploads\/adjuntos\/resoluciones\/presidencia-024-25.pdf\" target=\"_blank\" rel=\"noopener\">Resoluci\u00f3n No 024 del 21 de julio de 2025 \u201cPor la cual se establece para el a\u00f1o 2025 el n\u00famero de plazas de profesores de planta para el Departamento de Ciencias B\u00e1sicas\u201d<\/a><\/li>\n<li class=\"pdf\"><a href=\"\/portal\/wp-content\/uploads\/adjuntos\/resoluciones\/presidencia-023-25.pdf\" target=\"_blank\" rel=\"noopener\">Resoluci\u00f3n No 023 del 21 de julio de 2025 \u201cPor la cual se establece el n\u00famero de plazas para el a\u00f1o 2025 de profesores de planta para los programas de pregrado y posgrado de la Facultad, de Psicolog\u00eda\u201d<\/a><\/li>\n<li class=\"pdf\"><a href=\"\/portal\/wp-content\/uploads\/adjuntos\/resoluciones\/presidencia-022-25.pdf\" target=\"_blank\" rel=\"noopener\">Resoluci\u00f3n No 022 del 21 de julio de 2025 \u201cPor la cual se establece el n\u00famero de plazas para el a\u00f1o 2025 de profesores de planta para los programas de pregrado y posgrado de la Facultad de Ingenier\u00eda\u201d<\/a><\/li>\n<li class=\"pdf\"><a href=\"\/portal\/wp-content\/uploads\/adjuntos\/resoluciones\/presidencia-021-25.pdf\" target=\"_blank\" rel=\"noopener\">Resoluci\u00f3n No 021 del 21 de julio de 2025 \u201cPor la cual se establece el n\u00famero de plazas para el a\u00f1o 2025 de profesores de planta para el programa de pregrado y posgrado de la Facultad de Dise\u00f1o\u201d<\/a><\/li>\n<li class=\"pdf\"><a href=\"\/portal\/wp-content\/uploads\/adjuntos\/resoluciones\/presidencia-020-25.pdf\" target=\"_blank\" rel=\"noopener\">Resoluci\u00f3n No 020 del 21 de julio de 2025 \u201cPor la cual se establece el n\u00famero de plazas para el a\u00f1o 2025 de profesores de planta para los programas de pregrado y posgrado de la Facultad de Derecho\u201d<\/a><\/li>\n<li class=\"pdf\"><a href=\"\/portal\/wp-content\/uploads\/adjuntos\/resoluciones\/presidencia-019-25.pdf\" target=\"_blank\" rel=\"noopener\">Resoluci\u00f3n No 019 del 21 de julio de 2025 \u201cPor la cual se establece el n\u00famero de plazas para el a\u00f1o 2025 de profesores de planta para los programas de pregrado y posgrado de la Facultad de Ciencias Econ\u00f3micas y Administrativas\u201d<\/a><\/li>\n<li class=\"pdf\"><a href=\"\/portal\/wp-content\/uploads\/adjuntos\/resoluciones\/presidencia-018-25.pdf\" target=\"_blank\" rel=\"noopener\">Resoluci\u00f3n No 018 del 17 de julio de 2025 &#8220;Director (E) extensi\u00f3n Lisandro Javier Romero Villa&#8221;<\/a><\/li>\n<li class=\"pdf\"><a href=\"\/portal\/wp-content\/uploads\/adjuntos\/resoluciones\/presidencia-016-25.pdf\" target=\"_blank\" rel=\"noopener\">Resoluci\u00f3n No 016 del 01 de julio de 2025 &#8220;Encargo Decanatura Acad\u00e9mica, Ingeniero Gabriel Jos\u00e9 Angulo Linero&#8221;<\/a><\/li>\n<li class=\"pdf\"><a href=\"\/portal\/wp-content\/uploads\/adjuntos\/resoluciones\/presidencia-015-25.pdf\" target=\"_blank\" rel=\"noopener\">Resoluci\u00f3n No 015 del 24 de junio de 2025 &#8220;Encargo Decanatura de la Facultad de Psicolog\u00eda, Doctor Carlos Antonio Pardo&#8221;<\/a><\/li>\n<li class=\"pdf\"><a href=\"\/portal\/wp-content\/uploads\/adjuntos\/resoluciones\/presidencia-014-25.pdf\" target=\"_blank\" rel=\"noopener\">Resoluci\u00f3n No 014 del 24 de junio de 2025 &#8220;Encargo Secretar\u00eda Acad\u00e9mico de la Facultad de Psicolog\u00eda, Doctora Juanita del Pilar Bejarano Celis&#8221;<\/a><\/li>\n<li class=\"pdf\"><a href=\"\/portal\/wp-content\/uploads\/adjuntos\/resoluciones\/presidencia-013-25.pdf\" target=\"_blank\" rel=\"noopener\">Resoluci\u00f3n No 013 del 12 de mayo de 2025 &#8220;Director Encargado, doctor Germ\u00e1n Silva Garc\u00eda&#8221;<\/a><\/li>\n<li class=\"pdf\"><a href=\"\/portal\/wp-content\/uploads\/adjuntos\/resoluciones\/presidencia-012-25.pdf\" target=\"_blank\" rel=\"noopener\">Resoluci\u00f3n No 012 del 7 de mayo de 2025 &#8220;Secretar\u00eda Consejo Administrativo, Ingeniero Alberto Gonz\u00e1lez Achury&#8221;<\/a><\/li>\n<li class=\"pdf\"><a href=\"\/portal\/wp-content\/uploads\/adjuntos\/resoluciones\/presidencia-011-25.pdf\" target=\"_blank\" rel=\"noopener\">Resoluci\u00f3n No 011 del 29 de abril de 2025 &#8220;Reelecci\u00f3n Decana de la Facultad de Psicolog\u00eda, Doctora Iliana Quintana Moreno&#8221;<\/a><\/li>\n<li class=\"pdf\"><a href=\"\/portal\/wp-content\/uploads\/adjuntos\/resoluciones\/presidencia-010-25.pdf\" target=\"_blank\" rel=\"noopener\">Resoluci\u00f3n No 010 del 4 de abril de 2025 &#8220;Por la cual se establece el Protocolo Institucional para el manejo de situaciones de emergencia por parte de personas que participan en los programas de movilidad acad\u00e9mica de la Universidad Cat\u00f3lica de Colombia&#8221;<\/a><\/li>\n<li class=\"pdf\"><a href=\"\/portal\/wp-content\/uploads\/adjuntos\/resoluciones\/presidencia-009-25.pdf\" target=\"_blank\" rel=\"noopener\">Resoluci\u00f3n No 009 del 13 de marzo de 2025 &#8220;Por la cual se designa el representante del Sector Productivo para el Consejo Consultivo y el Comit\u00e9 Curricular de la Facultad de Ingenier\u00eda&#8221;<\/a><\/li>\n<li class=\"pdf\"><a href=\"\/portal\/wp-content\/uploads\/adjuntos\/resoluciones\/presidencia-008-25.pdf\" target=\"_blank\" rel=\"noopener\">Resoluci\u00f3n No 008 del 6 de marzo de 2025 &#8220;Nombramiento Decana Acad\u00e9mica (Enecargada)&#8221;<\/a><\/li>\n<li class=\"pdf\"><a href=\"\/portal\/wp-content\/uploads\/adjuntos\/resoluciones\/presidencia-007-25.pdf\" target=\"_blank\" rel=\"noopener\">Resoluci\u00f3n No 007 del 5 de marzo de 2025 &#8220;Por la cual se designa el representante del Sector Productivo para el Consejo Consultivo y el Comit\u00e9 Curricular de la Facultad de Dise\u00f1o&#8221;<\/a><\/li>\n<li class=\"pdf\"><a href=\"\/portal\/wp-content\/uploads\/adjuntos\/resoluciones\/presidencia-006-25.pdf\" target=\"_blank\" rel=\"noopener\">Resoluci\u00f3n No 006 del 5 de marzo de 2025 &#8220;Por la cual se designa el representante del Sector Productivo para el Consejo Consultivo y el Comit\u00e9 Curricular de la Facultad de Derecho&#8221;<\/a><\/li>\n<li class=\"pdf\"><a href=\"\/portal\/wp-content\/uploads\/adjuntos\/resoluciones\/presidencia-005-25.pdf\" target=\"_blank\" rel=\"noopener\">Resoluci\u00f3n No 005 del 5 de marzo de 2025 &#8220;Por la cual se designa el representante del Sector Productivo para el Consejo Consultivo y el Comit\u00e9 Curricular de la Facultad de Psicolog\u00eda&#8221;<\/a><\/li>\n<li class=\"pdf\"><a href=\"\/portal\/wp-content\/uploads\/adjuntos\/resoluciones\/presidencia-004-25.pdf\" target=\"_blank\" rel=\"noopener\">Resoluci\u00f3n No 004 del 5 de marzo de 2025 &#8220;Por la cual se designa el representante del Sector Productivo para el Consejo Consultivo y el Comit\u00e9 Curricular de la Facultad de Ciencias Econ\u00f3micas y Administrativas&#8221;<\/a><\/li>\n<li class=\"pdf\"><a href=\"\/portal\/wp-content\/uploads\/adjuntos\/resoluciones\/presidencia-003-25.pdf\" target=\"_blank\" rel=\"noopener\">Resoluci\u00f3n No 003 del 19 de febrero de 2025 &#8220;Nombramiento Director Programa de Arquitectura&#8221;<\/a><\/li>\n<li class=\"pdf\"><a href=\"\/portal\/wp-content\/uploads\/adjuntos\/resoluciones\/presidencia-002-25.pdf\" target=\"_blank\" rel=\"noopener\">Resoluci\u00f3n No 002 del 19 de febrero de 2025 &#8220;Por la cual se nombra el Comit\u00e9 de Seguridad Vial de la Universidad Cat\u00f3lica de Colombia para el periodo 2025 \u2013 2027&#8221;<\/a><\/li>\n<\/ul>\n<h3>Resoluciones 2024<\/h3>\n<ul class=\"documentos\">\n<li class=\"pdf\"><a href=\"\/portal\/wp-content\/uploads\/adjuntos\/resoluciones\/presidencia-001-24.pdf\" target=\"_blank\" rel=\"noopener\">Resoluci\u00f3n No 001 del 16 de diciembre de 2024 &#8220;Nombramiento Director Administrativo (Encargado)&#8221;<\/a><\/li>\n<\/ul>\n<h3>Resoluciones 2010<\/h3>\n<ul class=\"documentos\">\n<li class=\"pdf\"><a href=\"\/portal\/wp-content\/uploads\/adjuntos\/resoluciones\/presidencia-015-10.pdf\" target=\"_blank\" rel=\"noopener\">Resoluci\u00f3n No 015 del 2 de septiembre de 2010 &#8220;Por la cual se adoptan mecanismos para preservar la salud de los miembros y visitantes de la Universidad Cat\u00f3lica de Colombia, procurando ambientes de trabajo libres de humo de tabaco y de sus derivados y se prohibe el consumo de bebidas alcoh\u00f3licas y psicof\u00e1rmacos al interior de la misma y se dictan otras disposiciones&#8221;<\/a><\/li>\n<\/ul>\n<\/div>\n<\/div>\n<\/div>\n<div class=\"panel panel-default\">\n<div id=\"headingCinco\" class=\"panel-heading\">\n<h4 class=\"panel-title\"><a href=\"#collapseCinco\" data-toggle=\"collapse\" data-parent=\"#accordionUno\">Vicepresidencia<\/a><\/h4>\n<\/div>\n<div id=\"collapseCinco\" class=\"panel-collapse collapse\">\n<div class=\"panel-body\">\n<h3>Resoluciones 2024<\/h3>\n<ul class=\"documentos\">\n<li class=\"pdf\"><a href=\"https:\/\/www.ucatolica.edu.co\/portal\/wp-content\/uploads\/adjuntos\/resoluciones\/vicepresidencia-216-24.pdf\" target=\"_blank\" rel=\"noopener\">Resoluci\u00f3n No. 216 \u2013 23 de julio de 2024 \u201cPor la se encarga a la Secretar\u00eda Acad\u00e9mica de la Facultad de Psicolog\u00eda a la doctora Natalia Pedraza Qui\u00f1ones&#8221;<\/a><\/li>\n<li class=\"pdf\"><a href=\"https:\/\/www.ucatolica.edu.co\/portal\/wp-content\/uploads\/adjuntos\/resoluciones\/vicepresidencia-213-24.pdf\" target=\"_blank\" rel=\"noopener\">Resoluci\u00f3n No. 213 \u2013 23 de julio de 2024 \u201cPor la cual se adicionan y actualizan los t\u00e9rminos y condiciones de uso del sitio web de la Universidad Cat\u00f3lica de Colombia y sus p\u00e1ginas complementarias: micrositios y p\u00e1ginas de aterrizaje&#8221;<\/a><\/li>\n<li class=\"pdf\"><a href=\"https:\/\/www.ucatolica.edu.co\/portal\/wp-content\/uploads\/adjuntos\/resoluciones\/vicepresidencia-212-24.pdf\" target=\"_blank\" rel=\"noopener\">Resoluci\u00f3n No. 212 \u2013 02 de julio de 2024 \u201cPor la se nombra como director del Programa de Derecho de la Universidad Cat\u00f3lica de Colombia a la doctora Claudia Isabel Medina Siervo&#8221;<\/a><\/li>\n<li class=\"pdf\"><a href=\"https:\/\/www.ucatolica.edu.co\/portal\/wp-content\/uploads\/adjuntos\/resoluciones\/vicepresidencia-211-24.pdf\" target=\"_blank\" rel=\"noopener\">Resoluci\u00f3n No. 211 \u2013 26 de junio de 2024 \u201cPor la cual se modifican los lineamientos para la creaci\u00f3n, modificaci\u00f3n y supresi\u00f3n de programas acad\u00e9micos y para la renovaci\u00f3n de registro calificado en la Universidad Cat\u00f3lica de Colombia\u201d<\/a><\/li>\n<li class=\"pdf\"><a href=\"https:\/\/www.ucatolica.edu.co\/portal\/wp-content\/uploads\/2024\/06\/vicepresidencia-210-24.pdf\" target=\"_blank\" rel=\"noopener\">Resoluci\u00f3n No. 210 \u2013 06 de junio de 2024 \u201cPor la cual se modifican la Pol\u00edtica de Seguridad y Salud en el Trabajo de la Universidad Cat\u00f3lica de Colombia y el Reglamento de Seguridad e Higiene Industrial\u201d<\/a><\/li>\n<li class=\"pdf\"><a href=\"https:\/\/www.ucatolica.edu.co\/portal\/wp-content\/uploads\/2024\/06\/vicepresidencia-209-24.pdf\" target=\"_blank\" rel=\"noopener\">Resoluci\u00f3n No. 209 \u2013 26 de mayo de 2024 \u201cPor la cual se reelige decano de la Facultad de Derecho \u2013 Doctor Germ\u00e1n Silva Garc\u00eda\u201d<\/a><\/li>\n<li class=\"pdf\"><a href=\"https:\/\/www.ucatolica.edu.co\/portal\/wp-content\/uploads\/adjuntos\/resoluciones\/vicepresidencia-208-24.pdf\" target=\"_blank\" rel=\"noopener\">Resoluci\u00f3n No. 208 \u2013 08 de abril de 2024 \u201cPor la cual se encarga a la doctora Diana Patricia Guti\u00e9rrez Mej\u00eda, de la Secretar\u00eda Acad\u00e9mica de la Facultad de Ciencias Econ\u00f3mica y Administrativas de la Universidad\u201d<\/a><\/li>\n<li class=\"pdf\"><a href=\"https:\/\/www.ucatolica.edu.co\/portal\/wp-content\/uploads\/adjuntos\/resoluciones\/vicepresidencia-207-24.pdf\" target=\"_blank\" rel=\"noopener\">Resoluci\u00f3n No. 207 \u2013 01 de abril de 2024 \u201cPor la cual se establece el n\u00famero de plazas para el a\u00f1o 2024 de profesores de planta para el Departamento de Humanidades\u201d<\/a><\/li>\n<li class=\"pdf\"><a href=\"https:\/\/www.ucatolica.edu.co\/portal\/wp-content\/uploads\/adjuntos\/resoluciones\/vicepresidencia-206-24.pdf\" target=\"_blank\" rel=\"noopener\">Resoluci\u00f3n No. 206 \u2013 01 de abril de 2024 \u201cPor la cual se establece para el a\u00f1o 2024 el n\u00famero de plazas de profesores de planta para el Departamento de Ciencias B\u00e1sicas\u201d<\/a><\/li>\n<li class=\"pdf\"><a href=\"https:\/\/www.ucatolica.edu.co\/portal\/wp-content\/uploads\/adjuntos\/resoluciones\/vicepresidencia-205-24.pdf\" target=\"_blank\" rel=\"noopener\">Resoluci\u00f3n No. 205 \u2013 01 de abril de 2024 \u201cPor la cual se establece el n\u00famero de plazas para el a\u00f1o 2024 de profesores de planta para los programas de pregrado y posgrado de la Facultad, de Psicolog\u00eda\u201d<\/a><\/li>\n<li class=\"pdf\"><a href=\"https:\/\/www.ucatolica.edu.co\/portal\/wp-content\/uploads\/adjuntos\/resoluciones\/vicepresidencia-204-24.pdf\" target=\"_blank\" rel=\"noopener\">Resoluci\u00f3n No. 204 \u2013 01 de abril de 2024 \u201cPor la cual se establece el n\u00famero de plazas para el a\u00f1o 2024 de profesores de planta para los programas de pregrado y posgrado de la Facultad de Ingenier\u00eda\u201d<\/a><\/li>\n<li class=\"pdf\"><a href=\"https:\/\/www.ucatolica.edu.co\/portal\/wp-content\/uploads\/adjuntos\/resoluciones\/vicepresidencia-203-24.pdf\" target=\"_blank\" rel=\"noopener\">Resoluci\u00f3n No. 203 \u2013 01 de abril de 2024 \u201cPor la cual se establece el n\u00famero de plazas para el a\u00f1o 2024 de profesores de planta para el programa de pregrado y posgrado de la Facultad de Dise\u00f1o\u201d<\/a><\/li>\n<li class=\"pdf\"><a href=\"https:\/\/www.ucatolica.edu.co\/portal\/wp-content\/uploads\/adjuntos\/resoluciones\/vicepresidencia-202-24.pdf\" target=\"_blank\" rel=\"noopener\">Resoluci\u00f3n No. 202 \u2013 01 de abril de 2024 \u201cPor la cual se establece el n\u00famero de plazas para el a\u00f1o 2024 de profesores de planta para los programas de pregrado y posgrado de la Facultad de Derecho\u201d<\/a><\/li>\n<li class=\"pdf\"><a href=\"https:\/\/www.ucatolica.edu.co\/portal\/wp-content\/uploads\/adjuntos\/resoluciones\/vicepresidencia-201-24.pdf\" target=\"_blank\" rel=\"noopener\">Resoluci\u00f3n No. 201 \u2013 01 de abril de 2024 \u201cPor la cual se establece el n\u00famero de plazas para el a\u00f1o 2024 de profesores de planta para los programas de pregrado y posgrado de la Facultad de Ciencias Econ\u00f3micas y Administrativas\u201d<\/a><\/li>\n<li class=\"pdf\"><a href=\"https:\/\/www.ucatolica.edu.co\/portal\/wp-content\/uploads\/adjuntos\/resoluciones\/vicepresidencia-200-24.pdf\" target=\"_blank\" rel=\"noopener\">Resoluci\u00f3n No. 200 \u2013 01 de abril de 2024 \u201cPor la se nombra al arquitecto Jorge Aristides Guti\u00e9rrez Mart\u00ednez como decano de la Facultad de Dise\u00f1o de la Universidad.\u201d<\/a><\/li>\n<li class=\"pdf\"><a href=\"https:\/\/www.ucatolica.edu.co\/portal\/wp-content\/uploads\/adjuntos\/resoluciones\/vicepresidencia-199-24.pdf\" target=\"_blank\" rel=\"noopener\">Resoluci\u00f3n No. 199 \u2013 19 de marzo de 2024 \u201cPor la se nombra al doctor Javier Cantor Fonnegra como Secretario Acad\u00e9mico del Instituto de Lenguas\u201d<\/a><\/li>\n<li class=\"pdf\"><a href=\"https:\/\/www.ucatolica.edu.co\/portal\/wp-content\/uploads\/adjuntos\/resoluciones\/vicepresidencia-197-24.pdf\" target=\"_blank\" rel=\"noopener\">Resoluci\u00f3n No. 197 \u2013 14 de marzo de 2024 \u201cPor la se nombra como director de la Oficina de Calidad y Control de Procesos de la Universidad Cat\u00f3lica de Colombia al ingeniero Sergio Andr\u00e9s Flautero Mesa\u201d<\/a><\/li>\n<li class=\"pdf\"><a href=\"https:\/\/www.ucatolica.edu.co\/portal\/wp-content\/uploads\/adjuntos\/resoluciones\/vicepresidencia-194-24.pdf\" target=\"_blank\" rel=\"noopener\">Resoluci\u00f3n No. 194 \u2013 05 de marzo de 2024 \u201cPor la cual se designa el representante del Sector Productivo para el Consejo Consultivo y el Comit\u00e9 Curricular de la Facultad de Dise\u00f1o\u201d<\/a><\/li>\n<li class=\"pdf\"><a href=\"https:\/\/www.ucatolica.edu.co\/portal\/wp-content\/uploads\/adjuntos\/resoluciones\/vicepresidencia-193-24.pdf\" target=\"_blank\" rel=\"noopener\">Resoluci\u00f3n No. 193 \u2013 05 de marzo de 2024 \u201cPor la cual se designa el representante del Sector Productivo para el Consejo Consultivo y el Comit\u00e9 Curricular de la Facultad de Derecho\u201d<\/a><\/li>\n<li class=\"pdf\"><a href=\"https:\/\/www.ucatolica.edu.co\/portal\/wp-content\/uploads\/adjuntos\/resoluciones\/vicepresidencia-192-24.pdf\" target=\"_blank\" rel=\"noopener\">Resoluci\u00f3n No. 192 \u2013 05 de marzo de 2024 \u201cPor la cual se designa el representante del Sector Productivo para el Consejo Consultivo y el Comit\u00e9 Curricular de la Facultad de Psicolog\u00eda\u201d<\/a><\/li>\n<li class=\"pdf\"><a href=\"https:\/\/www.ucatolica.edu.co\/portal\/wp-content\/uploads\/adjuntos\/resoluciones\/vicepresidencia-191-24.pdf\" target=\"_blank\" rel=\"noopener\">Resoluci\u00f3n No. 191 \u2013 05 de marzo de 2024 \u201cPor la cual se designa el representante del Sector Productivo para el Consejo Consultivo y el Comit\u00e9 Curricular de la Facultad de Ciencias Econ\u00f3micas y Administrativas\u201d<\/a><\/li>\n<li class=\"pdf\"><a href=\"https:\/\/www.ucatolica.edu.co\/portal\/wp-content\/uploads\/adjuntos\/resoluciones\/vicepresidencia-189-24.pdf\" target=\"_blank\" rel=\"noopener\">Resoluci\u00f3n No. 189 &#8211; 5 de febrero de 2024 \u201cPor la cual se nombran los jefes de Sede de las Brigadas de Emergencias- CISPAE, jornada diurna y nocturna\u201d<\/a><\/li>\n<li class=\"pdf\"><a href=\"https:\/\/www.ucatolica.edu.co\/portal\/wp-content\/uploads\/adjuntos\/resoluciones\/vicepresidencia-188-24.pdf\" target=\"_blank\" rel=\"noopener\">Resoluci\u00f3n No. 188 &#8211; 5 de febrero de 2024 \u201cPor la cual se nombra un funcionario para la conformaci\u00f3n de las brigadas del Comit\u00e9 Institucional de Seguridad, Prevenci\u00f3n y Atenci\u00f3n de Emergencias- CISPAE, jornada diurna\u201d<\/a><\/li>\n<li class=\"pdf\"><a href=\"https:\/\/www.ucatolica.edu.co\/portal\/wp-content\/uploads\/adjuntos\/resoluciones\/vicepresidencia-187-24.pdf\" target=\"_blank\" rel=\"noopener\">Resoluci\u00f3n No. 187- 5 de febrero de 2024 \u201cPor la cual se actualiza la Resoluci\u00f3n 095 del 18 de noviembre de 2021, donde se establece la estructura y el funcionamiento de las brigadas del Comit\u00e9 Institucional de Seguridad, Prevenci\u00f3n y Atenci\u00f3n de Emergencias- CISPAE\u201d<\/a><\/li>\n<li class=\"pdf\"><a href=\"https:\/\/www.ucatolica.edu.co\/portal\/wp-content\/uploads\/adjuntos\/resoluciones\/vicepresidencia-186-24.pdf\" target=\"_blank\" rel=\"noopener\">Resoluci\u00f3n No. 186 \u2013 15 de enero de 2024 \u201cPor la se nombra como Asesora de Aseguramiento de la Calidad de la Presidencia de la Universidad Cat\u00f3lica de Colombia a la doctora Cecilia Garz\u00f3n Daza\u201d<\/a><\/li>\n<\/ul>\n<h3>Resoluciones 2023<\/h3>\n<ul class=\"documentos\">\n<li class=\"pdf\"><a href=\"https:\/\/www.ucatolica.edu.co\/portal\/wp-content\/uploads\/adjuntos\/resoluciones\/vicepresidencia-183-23.pdf\" target=\"_blank\" rel=\"noopener\">Resoluci\u00f3n No. 183 \u2013 20 de noviembre de 2023 \u201cPor la se nombra director del Programa de Ingenier\u00eda de Sistemas y Computaci\u00f3n de la Facultad de Ingenier\u00eda, al ingeniero Holman Diego Bol\u00edvar Bar\u00f3n\u201d<\/a><\/li>\n<li class=\"pdf\"><a href=\"https:\/\/www.ucatolica.edu.co\/portal\/wp-content\/uploads\/adjuntos\/resoluciones\/vicepresidencia-181-23.pdf\" target=\"_blank\" rel=\"noopener\">Resoluci\u00f3n No. 181 \u2013 20 de noviembre de 2023 \u201cPor la se nombra como directora del Centro de Investigaciones (CIFI) de la Facultad de Ingenier\u00eda de la Universidad, a la ingeniera Claudia Constanza Jim\u00e9nez Carranza\u201d<\/a><\/li>\n<li class=\"pdf\"><a href=\"https:\/\/www.ucatolica.edu.co\/portal\/wp-content\/uploads\/adjuntos\/resoluciones\/vicepresidencia-180-23.pdf\" target=\"_blank\" rel=\"noopener\">Resoluci\u00f3n No. 180 \u2013 16 de noviembre de 2023 \u201cPor la cual se nombra al doctor Andr\u00e9s Arturo Venegas Segura como director del Departamento de Ciencias B\u00e1sicas\u201d<\/a><\/li>\n<li class=\"pdf\"><a href=\"https:\/\/www.ucatolica.edu.co\/portal\/wp-content\/uploads\/adjuntos\/resoluciones\/vicepresidencia-178-23.pdf\" target=\"_blank\" rel=\"noopener\">Resoluci\u00f3n No. 178 \u2013 27 de septiembre de 2023 \u201cPor la cual se nombra al ingeniero Fernando Mongu\u00ed Silva como Coordinador del Contact Center de la Oficina de Transformaci\u00f3n Digital de la Universidad Cat\u00f3lica de Colombia\u201d<\/a><\/li>\n<li class=\"pdf\"><a href=\"https:\/\/www.ucatolica.edu.co\/portal\/wp-content\/uploads\/adjuntos\/resoluciones\/vicepresidencia-177-23.pdf\" target=\"_blank\" rel=\"noopener\">Resoluci\u00f3n No. 177 \u2013 27 de septiembre de 2023 \u201cPor la cual se nombra al ingeniero Carlos Arturo Montoya Londo\u00f1o como director de la Oficina de Transformaci\u00f3n Digital\u201d<\/a><\/li>\n<li class=\"pdf\"><a href=\"https:\/\/www.ucatolica.edu.co\/portal\/wp-content\/uploads\/adjuntos\/resoluciones\/vicepresidencia-174-23.pdf\" target=\"_blank\" rel=\"noopener\">Resoluci\u00f3n No. 174 \u2013 09 de agosto de 2023 \u201cPor la cual se nombra a la doctora Tania Gisela Charris Quiroz como directora de la Oficina de Extensi\u00f3n\u201d<\/a><\/li>\n<li class=\"pdf\"><a href=\"https:\/\/www.ucatolica.edu.co\/portal\/wp-content\/uploads\/adjuntos\/resoluciones\/vicepresidencia-172-23.pdf\" target=\"_blank\" rel=\"noopener\">Resoluci\u00f3n No. 172 \u2013 09 de agosto de 2023 \u201cPor la cual se nombra al ingeniero Jaime D\u00edaz Ortiz como Decana de la Facultad de Ingenier\u00eda\u201d<\/a><\/li>\n<li class=\"pdf\"><a href=\"https:\/\/www.ucatolica.edu.co\/portal\/wp-content\/uploads\/adjuntos\/resoluciones\/vicepresidencia-171-23.pdf\" target=\"_blank\" rel=\"noopener\">Resoluci\u00f3n No. 171 \u2013 18 de julio de 2023 \u201cPor la cual se nombra al doctor Jos\u00e9 Marcos Vera Leyton como Decano de la Facultad de Ciencias Econ\u00f3micas y Administrativas\u201d<\/a><\/li>\n<li class=\"pdf\"><a href=\"https:\/\/www.ucatolica.edu.co\/portal\/wp-content\/uploads\/adjuntos\/resoluciones\/vicepresidencia-166-23.pdf\" target=\"_blank\" rel=\"noopener\">Resoluci\u00f3n No. 166 \u2013 31 de mayo de 2023 \u201cPor la cual se nombra a la doctora Ivonne Edith Alejo Casta\u00f1eda como Coordinadora del Programa de Psicolog\u00eda\u201d<\/a><\/li>\n<li class=\"pdf\"><a href=\"https:\/\/www.ucatolica.edu.co\/portal\/wp-content\/uploads\/adjuntos\/resoluciones\/vicepresidencia-161-23.pdf\" target=\"_blank\" rel=\"noopener\">Resoluci\u00f3n No. 161 \u2013 21 de abril de 2023 \u201cPor la cual se nombra a la doctora Iliana Paola Quintana Moreno como Decana de la Facultad de Psicolog\u00eda\u201d<\/a><\/li>\n<li class=\"pdf\"><a href=\"https:\/\/www.ucatolica.edu.co\/portal\/wp-content\/uploads\/adjuntos\/resoluciones\/vicepresidencia-184-23.pdf\" target=\"_blank\" rel=\"noopener\">Resoluci\u00f3n No. 184 &#8211; 13 de diciembre de 2023 \u201cPor la cual se define el procedimiento del Grado Extempor\u00e1neo de la Universidad Cat\u00f3lica de Colombia\u201d<\/a><\/li>\n<li class=\"pdf\"><a href=\"https:\/\/www.ucatolica.edu.co\/portal\/wp-content\/uploads\/adjuntos\/resoluciones\/vicepresidencia-177-23.pdf\" target=\"_blank\" rel=\"noopener\">Resoluci\u00f3n No. 177 &#8211; 27 de septiembre de 2023 \u201cPor la cual se nombra al director de la Oficina Asesora de Transformaci\u00f3n Digital de la Universidad Cat\u00f3lica de Colombia\u201d<\/a><\/li>\n<li class=\"pdf\"><a href=\"https:\/\/www.ucatolica.edu.co\/portal\/wp-content\/uploads\/adjuntos\/resoluciones\/vicepresidencia-176-23.pdf\" target=\"_blank\" rel=\"noopener\">Resoluci\u00f3n No. 176 &#8211; 18 de septiembre de 2023 \u201cPor la cual se nombra el Comit\u00e9 de Convivencia Laboral para el periodo 2023-2025 de la Universidad Cat\u00f3lica de Colombia\u201d<\/a><\/li>\n<li class=\"pdf\"><a href=\"https:\/\/www.ucatolica.edu.co\/portal\/wp-content\/uploads\/2023\/11\/vicepresidencia-173-23.pdf\" target=\"_blank\" rel=\"noopener\">Resoluci\u00f3n No. 173 &#8211; 09 de agosto de 2023 \u201cEL VICEPRESIDENTE DE LA UNIVERSIDAD CAT\u00d3LICA DE COLOMBIA en uso de sus facultades legales y estatutarias y en cumplimiento de la resoluci\u00f3n No. 2013 de 1986, art\u00edculo No. 5 del Ministerio de Trabajo\u201d<\/a><\/li>\n<li class=\"pdf\"><a href=\"https:\/\/www.ucatolica.edu.co\/portal\/wp-content\/uploads\/adjuntos\/resoluciones\/vicepresidencia-170-23.pdf\" target=\"_blank\" rel=\"noopener\">Resoluci\u00f3n No. 170 &#8211; 13 de julio de 2023 \u201cPor la cual se nombra el Comit\u00e9 de Seguridad Vial de la Universidad Cat\u00f3lica de Colombia para el periodo 2023 \u2013 2025\u201d<\/a><\/li>\n<li class=\"pdf\"><a href=\"https:\/\/www.ucatolica.edu.co\/portal\/wp-content\/uploads\/2023\/07\/vicepresidencia-168-23.pdf\" target=\"_blank\" rel=\"noopener\">Resoluci\u00f3n No. 168 &#8211; 29 de junio de 2023 \u201cPor medio de la cual se establece el Protocolo de la Universidad Cat\u00f3lica de Colombia para la construcci\u00f3n de planes de apoyo y ajustes razonables PAAR en la educaci\u00f3n inclusiva e intercultural\u201d<\/a><\/li>\n<li class=\"pdf\"><a href=\"https:\/\/www.ucatolica.edu.co\/portal\/wp-content\/uploads\/2023\/07\/vicepresidencia-167-23.pdf\" target=\"_blank\" rel=\"noopener\">Resoluci\u00f3n No. 167 &#8211; 29 de junio de 2023 \u201cPor medio de la cual se establece el comit\u00e9 de desarrollo de los \u201cLineamientos para la promoci\u00f3n de la Educaci\u00f3n Inclusiva e Intercultural en la Universidad Cat\u00f3lica de Colombia\u201d<\/a><\/li>\n<li class=\"pdf\"><a href=\"https:\/\/www.ucatolica.edu.co\/portal\/wp-content\/uploads\/2023\/06\/vicepresidencia-165-23.pdf\" target=\"_blank\" rel=\"noopener\">Resoluci\u00f3n No. 165 &#8211; 17 de mayo de 2023 \u201cPor la cual se aprueban disposiciones relacionadas con los tramites de admisi\u00f3n y renovaci\u00f3n de la matr\u00edcula para el periodo acad\u00e9mico correspondiente al periodo 2023\u20133\u201d<\/a><\/li>\n<li class=\"pdf\"><a href=\"https:\/\/www.ucatolica.edu.co\/portal\/wp-content\/uploads\/adjuntos\/resoluciones\/vicepresidencia-158-23.pdf\" target=\"_blank\" rel=\"noopener\">Resoluci\u00f3n No. 158 &#8211; 22 de marzo de 2023 \u201cPor la cual se designa el representante del Sector Productivo para el Consejo Consultivo y el Comit\u00e9 Curricular de la Facultad de Dise\u00f1o\u201d<\/a><\/li>\n<li class=\"pdf\"><a href=\"https:\/\/www.ucatolica.edu.co\/portal\/wp-content\/uploads\/adjuntos\/resoluciones\/vicepresidencia-157-23.pdf\" target=\"_blank\" rel=\"noopener\">Resoluci\u00f3n No. 157 &#8211; 08 de marzo de 2023 \u201cPor la cual se designa el representante del Sector Productivo para el Consejo Consultivo y el Comit\u00e9 Curricular de la Facultad de Ingenier\u00eda\u201d<\/a><\/li>\n<li class=\"pdf\"><a href=\"https:\/\/www.ucatolica.edu.co\/portal\/wp-content\/uploads\/adjuntos\/resoluciones\/vicepresidencia-156-23.pdf\" target=\"_blank\" rel=\"noopener\">Resoluci\u00f3n No. 156 &#8211; 28 de febrero de 2023 \u201cPor la cual se designa el representante del Sector Productivo para el Consejo Consultivo y el Comit\u00e9 Curricular de la Facultad de Derecho\u201d<\/a><\/li>\n<li class=\"pdf\"><a href=\"https:\/\/www.ucatolica.edu.co\/portal\/wp content\/uploads\/adjuntos\/resoluciones\/vicepresidencia-155-23.pdf\" target=\"_blank\" rel=\"noopener\">Resoluci\u00f3n No. 155 &#8211; 28 de febrero de 2023 Por la cual se designa el representante del Sector Productivo para el Consejo Consultivo y el Comit\u00e9 Curricular de la Facultad de Psicolog\u00eda\u201d<br \/>\n<\/a><\/li>\n<li class=\"pdf\"><a href=\"https:\/\/www.ucatolica.edu.co\/portal\/wp-content\/uploads\/adjuntos\/resoluciones\/vicepresidencia-154-23.pdf\" target=\"_blank\" rel=\"noopener\">Resoluci\u00f3n No. 154 &#8211; 28 de febrero de 2023 \u201cPor la cual se designa el representante del Sector Productivo para el Consejo Consultivo y el Comit\u00e9 Curricular de la Facultad de Ciencias Econ\u00f3micas y Administrativas\u201d<\/a><\/li>\n<li class=\"pdf\"><a href=\"https:\/\/www.ucatolica.edu.co\/portal\/wp-content\/uploads\/adjuntos\/resoluciones\/vicepresidencia-152-23.pdf\" target=\"_blank\" rel=\"noopener\">Resoluci\u00f3n No. 152 &#8211; 21 de febrero de 2023 \u201cPor medio del cual se realiza el cierre del cap\u00edtulo independiente en SPGR correspondiente al Bienio 2021-2022 para el proyecto de inversi\u00f3n con c\u00f3digo BPIN 2019000100022 y el proyecto de inversi\u00f3n BPIN2021000100035, financiados con Recursos del Fondo Nacional de Regal\u00edas y la disponibilidad inicial se incorpora al cap\u00edtulo independiente del Bienio 2023-2024.\u201d<\/a><\/li>\n<li class=\"pdf\"><a href=\"https:\/\/www.ucatolica.edu.co\/portal\/wp-content\/uploads\/adjuntos\/resoluciones\/vicepresidencia-149-23.pdf\" target=\"_blank\" rel=\"noopener\">Resoluci\u00f3n No. 149 &#8211; 24 de enero de 2023 \u201cPor la cual se modifica el Protocolo para la Prevenci\u00f3n, Orientaci\u00f3n y Acompa\u00f1amiento frente a los casos de Violencia, Discriminaci\u00f3n y Acoso en la Universidad Cat\u00f3lica de Colombia\u201d<\/a><\/li>\n<\/ul>\n<h3>Resoluciones 2022<\/h3>\n<ul class=\"documentos\">\n<li class=\"pdf\"><a href=\"https:\/\/www.ucatolica.edu.co\/portal\/wp-content\/uploads\/adjuntos\/resoluciones\/vicepresidencia-146-22.pdf\" target=\"_blank\" rel=\"noopener\">Resoluci\u00f3n No. 146 &#8211; 09 de diciembre de 2022 \u201cPor medio de la cual se protocoliza la reglamentaci\u00f3n del \u00d3rgano<br \/>\nde revisi\u00f3n, coordinaci\u00f3n y evaluaci\u00f3n del programa de Teletrabajo H\u00edbrido Suplementario de la Universidad Cat\u00f3lica de Colombia\u201d<\/a><\/li>\n<li class=\"pdf\"><a href=\"https:\/\/www.ucatolica.edu.co\/portal\/wp-content\/uploads\/adjuntos\/resoluciones\/vicepresidencia-142-22.pdf\" target=\"_blank\" rel=\"noopener\">Resoluci\u00f3n No. 142 &#8211; 15 de noviembre de 2022 \u201cPor la cual se establece para el primer periodo del a\u00f1o 2023 el n\u00famero de plazas de profesores de planta para el departamento de Humanidades\u201d<\/a><\/li>\n<li class=\"pdf\"><a href=\"https:\/\/www.ucatolica.edu.co\/portal\/wp-content\/uploads\/adjuntos\/resoluciones\/vicepresidencia-141-22.pdf\" target=\"_blank\" rel=\"noopener\">Resoluci\u00f3n No. 141 &#8211; 15 de noviembre de 2022 \u201cPor la cual se establece para el primer periodo del a\u00f1o 2023 el n\u00famero de plazas de profesores de planta para el departamento de Ciencias B\u00e1sicas\u201d<\/a><\/li>\n<li class=\"pdf\"><a href=\"https:\/\/www.ucatolica.edu.co\/portal\/wp-content\/uploads\/adjuntos\/resoluciones\/vicepresidencia-140-22.pdf\" target=\"_blank\" rel=\"noopener\">Resoluci\u00f3n No. 140 &#8211; 15 de noviembre de 2022 \u201cPor la cual se establece el n\u00famero de plazas para el primer periodo del a\u00f1o 2023 de profesores de planta para los programas de pregrado y posgrado de la facultad, de Psicolog\u00eda\u201d<\/a><\/li>\n<li class=\"pdf\"><a href=\"https:\/\/www.ucatolica.edu.co\/portal\/wp-content\/uploads\/adjuntos\/resoluciones\/vicepresidencia-139-22.pdf\" target=\"_blank\" rel=\"noopener\">Resoluci\u00f3n No. 139 &#8211; 15 de noviembre de 2022 \u201cPor la cual se establece el n\u00famero de plazas para el primer periodo del a\u00f1o 2023 de profesores de planta para los programas de pregrado y posgrado de la facultad de Ingenier\u00eda\u201d<\/a><\/li>\n<li class=\"pdf\"><a href=\"https:\/\/www.ucatolica.edu.co\/portal\/wp-content\/uploads\/adjuntos\/resoluciones\/vicepresidencia-138-22.pdf\" target=\"_blank\" rel=\"noopener\">Resoluci\u00f3n No. 138 &#8211; 15 de noviembre de 2022 \u201cPor la cual se establece el n\u00famero de plazas para el primer periodo del a\u00f1o 2023 de profesores de planta para los programas de pregrado y posgrado de la facultad de Dise\u00f1o\u201d<\/a><\/li>\n<li class=\"pdf\"><a href=\"https:\/\/www.ucatolica.edu.co\/portal\/wp-content\/uploads\/adjuntos\/resoluciones\/vicepresidencia-137-22.pdf\" target=\"_blank\" rel=\"noopener\">Resoluci\u00f3n No. 137 &#8211; 15 de noviembre de 2022 \u201cPor\u201cPor la cual se establece el n\u00famero de plazas para el primer periodo del a\u00f1o 2023 de profesores de planta para el programa de pregrado y posgrado de la facultad de Ciencias Econ\u00f3micas y Administrativas\u201d<\/a><\/li>\n<li class=\"pdf\"><a href=\"https:\/\/www.ucatolica.edu.co\/portal\/wp-content\/uploads\/adjuntos\/resoluciones\/vicepresidencia-136-22.pdf\" target=\"_blank\" rel=\"noopener\">Resoluci\u00f3n No. 136 &#8211; 15 de noviembre de 2022 \u201cPor la cual se establece el n\u00famero de plazas para el primer periodo del a\u00f1o 2023 de profesores de planta para los programas de pregrado y posgrado de la facultad de Derecho\u201d<\/a><\/li>\n<li class=\"pdf\"><a href=\"https:\/\/www.ucatolica.edu.co\/portal\/wp-content\/uploads\/adjuntos\/resoluciones\/vicepresidencia-133-22.pdf\" target=\"_blank\" rel=\"noopener\">Resoluci\u00f3n No. 133 &#8211; 22 de septiembre de 2022 \u201cPor medio de la cual se Modifica y Adiciona el reglamento de Prestaci\u00f3n de Servicios de la Bolsa de Empleo de la Universidad Cat\u00f3lica de Colombia.\u201d<\/a><\/li>\n<li class=\"pdf\"><a href=\"https:\/\/www.ucatolica.edu.co\/portal\/wp-content\/uploads\/adjuntos\/resoluciones\/vicepresidencia-128-22.pdf\" target=\"_blank\" rel=\"noopener\">Resoluci\u00f3n No. 128 &#8211; 14 de julio de 2022 \u201cPor medio de la cual se Modifica y Adiciona el reglamento de Prestaci\u00f3n de Servicios de la Bolsa de Empleo de la Universidad Cat\u00f3lica de Colombia\u201d.<\/a><\/li>\n<li class=\"pdf\"><a href=\"https:\/\/www.ucatolica.edu.co\/portal\/wp-content\/uploads\/2022\/05\/temporal-cms-vicepresidencia-121-22.pdf\" target=\"_blank\" rel=\"noopener\">Resoluci\u00f3n No. 121 &#8211; 12 de mayo de 2022 &#8220;Por la cual se adoptan mecanismos internos para prevenir el consumo de alcohol, tabaco y otras sustancias psicoactivas con el fin de promover estilos de vida y trabajo saludable en la Universidad Cat\u00f3lica de Colombia\u201d.<\/a><\/li>\n<li class=\"pdf\"><a href=\"https:\/\/www.ucatolica.edu.co\/portal\/wp-content\/uploads\/2022\/05\/temporal-cms-vicepresidencia-120-22.pdf\" target=\"_blank\" rel=\"noopener\">Resoluci\u00f3n No. 120 &#8211; 28 de abril de 2022 \u201cPor medio de la cual se Modifica y Adiciona el reglamento de Prestaci\u00f3n de Servicios de la Bolsa de Empleo de la Universidad Cat\u00f3lica de Colombia\u201d.<\/a><\/li>\n<li class=\"pdf\"><a href=\"https:\/\/www.ucatolica.edu.co\/portal\/wp-content\/uploads\/2022\/05\/temporal-cms-vicepresidencia-117-22.pdf\" target=\"_blank\" rel=\"noopener\">Resoluci\u00f3n No. 117 &#8211; 23 de marzo de 2022 \u201cPor medio de la cual se actualiza el n\u00famero de plazas para el primer periodo del a\u00f1o 2022 de profesores de planta para los programas de Ingenier\u00eda de Sistemas y Computaci\u00f3n e Ingenier\u00eda Civil, y de la Maestr\u00eda en Ingenier\u00eda y Gesti\u00f3n de la Innovaci\u00f3n de la Facultad de Ingenier\u00eda\u201d.<\/a><\/li>\n<li class=\"pdf\"><a href=\"https:\/\/www.ucatolica.edu.co\/portal\/wp-content\/uploads\/2022\/05\/temporal-cms-vicepresidencia-116-22.pdf\" target=\"_blank\" rel=\"noopener\">Resoluci\u00f3n No. 116 &#8211; 08 de marzo de 2022 \u201cPor la cual se designa el representante del Sector Productivo para el Consejo Consultivo y el Comit\u00e9 Curricular de la Facultad de Psicolog\u00eda\u201d.<\/a><\/li>\n<li class=\"pdf\"><a href=\"https:\/\/www.ucatolica.edu.co\/portal\/wp-content\/uploads\/2022\/05\/temporal-cms-vicepresidencia-115-22.pdf\" target=\"_blank\" rel=\"noopener\">Resoluci\u00f3n No. 115 &#8211; 08 de marzo de 2022 \u201cPor la cual se designa el representante del Sector Productivo para el Consejo Consultivo y el Comit\u00e9 Curricular de la Facultad de Ingenier\u00eda\u201d.<\/a><\/li>\n<li class=\"pdf\"><a href=\"https:\/\/www.ucatolica.edu.co\/portal\/wp-content\/uploads\/2022\/05\/temporal-cms-vicepresidencia-114-22.pdf\" target=\"_blank\" rel=\"noopener\">Resoluci\u00f3n No. 114 &#8211; 08 de marzo de 2022 \u201cPor la cual se designa el representante del Sector Productivo para el Consejo Consultivo y el Comit\u00e9 Curricular de la Facultad de Dise\u00f1o\u201d.<\/a><\/li>\n<li class=\"pdf\"><a href=\"https:\/\/www.ucatolica.edu.co\/portal\/wp-content\/uploads\/2022\/05\/temporal-cms-vicepresidencia-113-22.pdf\" target=\"_blank\" rel=\"noopener\">Resoluci\u00f3n No. 113 &#8211; 08 de marzo de 2022 \u201cPor la cual se designa el representante del Sector Productivo para el Consejo Consultivo y el Comit\u00e9 Curricular de la Facultad de Derecho\u201d.<\/a><\/li>\n<li class=\"pdf\"><a href=\"https:\/\/www.ucatolica.edu.co\/portal\/wp-content\/uploads\/2022\/05\/temporal-cms-vicepresidencia-112-22.pdf\" target=\"_blank\" rel=\"noopener\">Resoluci\u00f3n No. 112 &#8211; 08 de marzo de 2022 \u201cPor la cual se designa el representante del Sector Productivo para el Consejo Consultivo y el Comit\u00e9 Curricular de la Facultad de Ciencias Econ\u00f3micas y Administrativas\u201d.<\/a><\/li>\n<li class=\"pdf\"><a href=\"https:\/\/www.ucatolica.edu.co\/portal\/wp-content\/uploads\/2022\/05\/temporal-cms-vicepresidencia-111-22.pdf\" target=\"_blank\" rel=\"noopener\">Resoluci\u00f3n No. 111 &#8211; 07 de marzo de 2022 \u201cMediante el cual se actualiza la Resoluci\u00f3n 045 de 2017, por la cual se establece el procedimiento para la designaci\u00f3n de representantes del Sector Productivo a los consejos consultivos de las facultades y los comit\u00e9s curriculares en la Universidad Cat\u00f3lica de Colombia\u201d.<\/a><\/li>\n<li class=\"pdf\"><a href=\"\/portal\/wp-content\/uploads\/adjuntos\/resoluciones\/vicepresidencia-108-22.pdf\" target=\"_blank\" rel=\"noopener\">Resoluci\u00f3n No. 108 &#8211; 24 de enero de 2022 \u201cPor la cual se establece el n\u00famero de plazas para el primer periodo del a\u00f1o 2022 de profesores de planta para el programa de pregrado de Administraci\u00f3n de Empresas de la Facultad de Ciencias Econ\u00f3micas y Administrativas\u201d.<\/a><\/li>\n<li class=\"pdf\"><a href=\"\/portal\/wp-content\/uploads\/adjuntos\/resoluciones\/vicepresidencia-107-22.pdf\" target=\"_blank\" rel=\"noopener\">Resoluci\u00f3n No. 107 &#8211; 19 de enero de 2022 \u201cPor medio de la cual se modifica y adiciona la Resoluci\u00f3n de Vicepresidencia N\u00famero 061 del veintinueve (29) de septiembre del a\u00f1o 2020, mediante la cual se adopt\u00f3 el Procedimiento de Validaci\u00f3n de Certificados de Inasistencia por Razones M\u00e9dicas de los Estudiantes de la Universidad Cat\u00f3lica de Colombia\u201d.<\/a><\/li>\n<\/ul>\n<h3>Resoluciones 2021<\/h3>\n<ul class=\"documentos\">\n<li class=\"pdf\"><a href=\"\/portal\/wp-content\/uploads\/adjuntos\/resoluciones\/vicepresidencia-106-21.pdf\" target=\"_blank\" rel=\"noopener\">Resoluci\u00f3n No. 106 &#8211; 17 de diciembre de 2021 \u201cPor la cual se establece para el primer periodo del a\u00f1o 2022 el n\u00famero de plazas de profesores de planta para el departamento de Humanidades\u201d.<\/a><\/li>\n<li class=\"pdf\"><a href=\"\/portal\/wp-content\/uploads\/adjuntos\/resoluciones\/vicepresidencia-105-21.pdf\" target=\"_blank\" rel=\"noopener\">Resoluci\u00f3n No. 105 &#8211; 17 de diciembre de 2021 \u201cPor la cual se establece para el primer periodo del a\u00f1o 2022 el n\u00famero de plazas de profesores de planta para el departamento de Ciencias B\u00e1sicas\u201d.<\/a><\/li>\n<li class=\"pdf\"><a href=\"\/portal\/wp-content\/uploads\/adjuntos\/resoluciones\/vicepresidencia-104-21.pdf\" target=\"_blank\" rel=\"noopener\">Resoluci\u00f3n No. 104 &#8211; 17 de diciembre de 2021 \u201cPor la cual se establece el n\u00famero de plazas para el primer periodo del a\u00f1o 2022 de profesores de planta para los programas de pregrado y posgrado de la facultad, de Psicolog\u00eda\u201d.<\/a><\/li>\n<li class=\"pdf\"><a href=\"\/portal\/wp-content\/uploads\/adjuntos\/resoluciones\/vicepresidencia-103-21.pdf\" target=\"_blank\" rel=\"noopener\">Resoluci\u00f3n No. 103 &#8211; 17 de diciembre de 2021 \u201cPor la cual se establece el n\u00famero de plazas para el primer periodo del a\u00f1o 2022 de profesores de planta para los programas de pregrado y posgrado de la facultad de Ingenier\u00eda\u201d.<\/a><\/li>\n<li class=\"pdf\"><a href=\"\/portal\/wp-content\/uploads\/adjuntos\/resoluciones\/vicepresidencia-102-21.pdf\" target=\"_blank\" rel=\"noopener\">Resoluci\u00f3n No. 102 &#8211; 17 de diciembre de 2021 \u201cPor la cual se establece el n\u00famero de plazas para el primer periodo del a\u00f1o 2022 de profesores de planta para los programas de pregrado y posgrado de la facultad de Ciencias Econ\u00f3micas y Administrativas\u201d.<\/a><\/li>\n<li class=\"pdf\"><a href=\"\/portal\/wp-content\/uploads\/adjuntos\/resoluciones\/vicepresidencia-101-21.pdf\" target=\"_blank\" rel=\"noopener\">Resoluci\u00f3n No. 101 &#8211; 17 de diciembre de 2021 \u201cPor la cual se establece el n\u00famero de plazas para el primer periodo del a\u00f1o 2022 de profesores de planta para el programa de pregrado y posgrado de la facultad de Dise\u00f1o\u201d.<\/a><\/li>\n<li class=\"pdf\"><a href=\"\/portal\/wp-content\/uploads\/adjuntos\/resoluciones\/vicepresidencia-100-21.pdf\" target=\"_blank\" rel=\"noopener\">Resoluci\u00f3n No. 100 &#8211; 17 de diciembre de 2021 \u201cPor la cual se establece el n\u00famero de plazas para el primer periodo del a\u00f1o 2022 de profesores de planta para los programas de pregrado y posgrado de la facultad de Derecho\u201d.<\/a><\/li>\n<li class=\"pdf\"><a href=\"\/portal\/wp-content\/uploads\/adjuntos\/resoluciones\/vicepresidencia-099-21.pdf\" target=\"_blank\" rel=\"noopener\">Resoluci\u00f3n No. 099 &#8211; 18 de noviembre de 2021 \u201cPor la cual se nombra el Comit\u00e9 Institucional de Seguridad, Prevenci\u00f3n y Atenci\u00f3n de Emergencias- CISPAE de la jornada nocturna\u201d.<\/a><\/li>\n<li class=\"pdf\"><a href=\"\/portal\/wp-content\/uploads\/adjuntos\/resoluciones\/vicepresidencia-098-21.pdf\" target=\"_blank\" rel=\"noopener\">Resoluci\u00f3n No. 098 &#8211; 18 de noviembre de 2021 \u201cPor la cual se nombran los jefes de Sede de las Brigadas de Emergencias- CISPAE, jornada diurna y nocturna\u201d.<\/a><\/li>\n<li class=\"pdf\"><a href=\"\/portal\/wp-content\/uploads\/adjuntos\/resoluciones\/vicepresidencia-097-21.pdf\" target=\"_blank\" rel=\"noopener\">Resoluci\u00f3n No. 097 &#8211; 18 de noviembre de 2021 \u201cPor la cual se nombra la Coordinadora de Emergencias, de la Universidad Cat\u00f3lica de Colombia, jornada diurna\u201d.<\/a><\/li>\n<li class=\"pdf\"><a href=\"\/portal\/wp-content\/uploads\/adjuntos\/resoluciones\/vicepresidencia-096-21.pdf\" target=\"_blank\" rel=\"noopener\">Resoluci\u00f3n No. 096 &#8211; 18 de noviembre de 2021 \u201cPor la cual se nombra un funcionario para la conformaci\u00f3n de las brigadas del Comit\u00e9 Institucional de Seguridad, Prevenci\u00f3n y Atenci\u00f3n de Emergencias- CISPAE, jornada diurna\u201d.<\/a><\/li>\n<li class=\"pdf\"><a href=\"\/portal\/wp-content\/uploads\/adjuntos\/resoluciones\/vicepresidencia-095-21.pdf\" target=\"_blank\" rel=\"noopener\">Resoluci\u00f3n No. 095 &#8211; 18 de noviembre de 2021 \u201cPor la cual se modifica la Resoluci\u00f3n 019 del 05 de agosto de 2019, donde se establece la estructura y el funcionamiento de las brigadas del Comit\u00e9 Institucional de Seguridad, Prevenci\u00f3n y Atenci\u00f3n de Emergencias- CISPAE\u201d.<\/a><\/li>\n<li class=\"pdf\"><a href=\"\/portal\/wp-content\/uploads\/adjuntos\/resoluciones\/vicepresidencia-094-21.pdf\" target=\"_blank\" rel=\"noopener\">Resoluci\u00f3n No. 094 &#8211; 20 de octubre de 2021 \u201cPor medio de la cual se aclara la Resoluci\u00f3n 091 de 2021, a trav\u00e9s de la cual se formalizo la incorporaci\u00f3n de recursos de la asignaci\u00f3n para la ciencia, tecnolog\u00eda e innovaci\u00f3n del Sistema General de Regal\u00edas, en la Universidad Cat\u00f3lica de Colombia\u201d.<\/a><\/li>\n<li class=\"pdf\"><a href=\"\/portal\/wp-content\/uploads\/adjuntos\/resoluciones\/vicepresidencia-093-21.pdf\" target=\"_blank\" rel=\"noopener\">Resoluci\u00f3n No. 093 &#8211; 06 de octubre de 2021 \u201cPor medio de la cual se nombra en funciones a los miembros del Comit\u00e9 de Seguridad Vial de la Universidad Cat\u00f3lica de Colombia\u201d.<\/a><\/li>\n<li class=\"pdf\"><a href=\"\/portal\/wp-content\/uploads\/adjuntos\/resoluciones\/vicepresidencia-092-21.pdf\" target=\"_blank\" rel=\"noopener\">Resoluci\u00f3n No. 092 &#8211; 16 de agosto de 2021 \u201cPor la cual se nombra el Comit\u00e9 de Convivencia Laboral para el periodo 2021-2023 de la Universidad Cat\u00f3lica de Colombia\u201d.<\/a><\/li>\n<li class=\"pdf\"><a href=\"\/portal\/wp-content\/uploads\/adjuntos\/resoluciones\/vicepresidencia-088-21.pdf\" target=\"_blank\" rel=\"noopener\">Resoluci\u00f3n No. 088 &#8211; 21 de julio de 2021 \u201cPor medio de la cual se nombre el Comit\u00e9 Paritario de Seguridad y Salud en el Trabajo \u2013 COPASST \u2013 para el periodo comprendido entre agosto 2021 y agosto 2023\u201d.<\/a><\/li>\n<li class=\"pdf\"><a href=\"\/portal\/wp-content\/uploads\/adjuntos\/resoluciones\/vicepresidencia-086-21.pdf\" target=\"_blank\" rel=\"noopener\">Resoluci\u00f3n No. 086 &#8211; 06 de julio de 2021 \u201cPor medio de la cual se nombra el Comit\u00e9 de Seguridad Vial periodo 2021-2023\u201d.<\/a><\/li>\n<li class=\"pdf\"><a href=\"\/portal\/wp-content\/uploads\/adjuntos\/resoluciones\/vicepresidencia-069-21.pdf\" target=\"_blank\" rel=\"noopener\">Resoluci\u00f3n No. 069 &#8211; 19 de enero de 2021 \u201cPor medio de la cual se formaliza la creaci\u00f3n del Comit\u00e9 asesor para enfrentar la pandemia por SARS COV 2 (COVID-19) en la Universidad Cat\u00f3lica de Colombia\u201d.<\/a><\/li>\n<\/ul>\n<h3>Resoluciones 2020<\/h3>\n<ul class=\"documentos\">\n<li class=\"pdf\"><a href=\"\/portal\/wp-content\/uploads\/adjuntos\/resoluciones\/vicepresidencia-068-20.pdf\" target=\"_blank\" rel=\"noopener\">Resoluci\u00f3n No. 068 &#8211; 30 de diciembre de 2020 \u201cPor medio de la cual se congela el valor de la matr\u00edcula para el primer semestre del a\u00f1o 2021\u201d.<\/a><\/li>\n<li class=\"pdf\"><a href=\"\/portal\/wp-content\/uploads\/adjuntos\/resoluciones\/vicepresidencia-067-20.pdf\" target=\"_blank\" rel=\"noopener\">Resoluci\u00f3n No. 067 &#8211; 15 de diciembre de 2020 \u201cPor medio de la cual se adopta y establece el procedimiento para la obtenci\u00f3n del alivio financiero para los estudiantes y sus hermanos y primos hermanos matriculados en programas de pregrado y posgrado en un mismo periodo acad\u00e9mico en la Universidad Cat\u00f3lica de Colombia\u201d.<\/a><\/li>\n<li class=\"pdf\"><a href=\"\/portal\/wp-content\/uploads\/adjuntos\/resoluciones\/vicepresidencia-066-20.pdf\" target=\"_blank\" rel=\"noopener\">Resoluci\u00f3n No. 066 &#8211; 30 de Noviembre de 2020 \u201cPor medio de la cual se establecen medidas de apoyo y alivio financiero para estudiantes y sus hermanos y primos hermanos matriculados en programas de pregrado y posgrado en un mismo periodo acad\u00e9mico en la Universidad Cat\u00f3lica de Colombia\u201d.<\/a><\/li>\n<li class=\"pdf\"><a href=\"\/portal\/wp-content\/uploads\/adjuntos\/resoluciones\/vicepresidencia-063-20.pdf\" target=\"_blank\" rel=\"noopener\">Resoluci\u00f3n No. 063 &#8211; 16 de Octubre de 2020 &#8220;Por la cual se actualizan los Lineamientos y el Procedimiento para la selecci\u00f3n de los estudiantes que tendr\u00e1n derecho a becas como Reconocimiento a la representaci\u00f3n institucional en programas de Bienestar Universitario&#8221;.<\/a><\/li>\n<li class=\"pdf\"><a href=\"\/portal\/wp-content\/uploads\/adjuntos\/resoluciones\/vicepresidencia-062-20.pdf\" target=\"_blank\" rel=\"noopener\">Resoluci\u00f3n No. 062 &#8211; 29 de Septiembre de 2020 \u201cPor el cual se aprueba el plan de reapertura gradual, progresiva y segura del Instituto de Lenguas de la Universidad Cat\u00f3lica de Colombia, teniendo como soporte el cumplimiento del Protocolo de Bioseguridad, aprobado por el Consejo Administrativo mediante Acuerdo No. 006 del 6 de julio de 2020\u201d.<\/a><\/li>\n<li class=\"pdf\"><a href=\"\/portal\/wp-content\/uploads\/adjuntos\/resoluciones\/vicepresidencia-061-20.pdf\" target=\"_blank\" rel=\"noopener\">Resoluci\u00f3n No. 061 &#8211; 29 de Septiembre de 2020 \u201cPor medio de la cual se adopta el Procedimiento de Validaci\u00f3n de Certificados de Inasistencia por Razones M\u00e9dicas de los Estudiantes de la Universidad Cat\u00f3lica de Colombia\u201d.<\/a><\/li>\n<li class=\"pdf\"><a href=\"\/portal\/wp-content\/uploads\/adjuntos\/resoluciones\/vicepresidencia-053-20.pdf\" target=\"_blank\" rel=\"noopener\">Resoluci\u00f3n No. 053 &#8211; 27 de Abril de 2020 \u201cPor medio de la cual se establecen medidas de apoyo y alivio financiero para los estudiantes de pregrado y posgrado de la Universidad Cat\u00f3lica de Colombia para el segundo semestre de 2020\u201d.<\/a><\/li>\n<li class=\"pdf\"><a href=\"\/portal\/wp-content\/uploads\/adjuntos\/resoluciones\/vicepresidencia-051-20.pdf\" target=\"_blank\" rel=\"noopener\">Resoluci\u00f3n No. 051 &#8211; 22 de Abril de 2020 \u201cPor la cual se designa el representante del Sector Productivo para el Consejo Consultivo y el Comit\u00e9 Curricular de la Facultad de Psicolog\u00eda\u201d.<\/a><\/li>\n<li class=\"pdf\"><a href=\"\/portal\/wp-content\/uploads\/adjuntos\/resoluciones\/vicepresidencia-050-20.pdf\" target=\"_blank\" rel=\"noopener\">Resoluci\u00f3n No. 050 &#8211; 16 de Abril de 2020 \u201cPor la cual se establecen medidas provisionales y temporales que adelantan el Acuerdo 266 del 12 de diciembre de 2018 expedido por el Consejo Superior, referente a los lineamientos de opciones de grado exclusivamente para la alternativa de visita t\u00e9cnica internacional contenida en el numeral 6 del art\u00edculo 4 del mismo\u201d.<\/a><\/li>\n<li class=\"pdf\"><a href=\"\/portal\/wp-content\/uploads\/adjuntos\/resoluciones\/vicepresidencia-049-20.pdf\" target=\"_blank\" rel=\"noopener\">Resoluci\u00f3n No. 049 &#8211; 19 de Marzo de 2020 \u201cPor medio de la cual se establece la modalidad de examen remota de ingl\u00e9s como alternativa para dar cumplimiento al Requisito de Grado contemplado en el art\u00edculo 82, literal f del Reglamento del Estudiante.\u201d<\/a><\/li>\n<li class=\"pdf\"><a href=\"\/portal\/wp-content\/uploads\/adjuntos\/resoluciones\/vicepresidencia-048-20.pdf\" target=\"_blank\" rel=\"noopener\">Resoluci\u00f3n No. 048 &#8211; 18 de Marzo de 2020 \u201cPor medio de la cual se establecen los valores de matr\u00edcula de los programas de pregrado en Administraci\u00f3n de Empresas y doctorado en Derecho a cobrar en los diferentes semestres del a\u00f1o 2020, en la sede principal ubicada en Bogot\u00e1 D.C.\u201d<\/a><\/li>\n<li class=\"pdf\"><a href=\"\/portal\/wp-content\/uploads\/adjuntos\/resoluciones\/vicepresidencia-047-20.pdf\" target=\"_blank\" rel=\"noopener\">Resoluci\u00f3n No. 047 &#8211; 06 de Marzo de 2020 \u201cPor la cual se designa el representante del Sector Productivo para el Consejo Consultivo y el Comit\u00e9 Curricular de la Facultad de Ingenier\u00eda\u201d.<\/a><\/li>\n<li class=\"pdf\"><a href=\"\/portal\/wp-content\/uploads\/adjuntos\/resoluciones\/vicepresidencia-046-20.pdf\" target=\"_blank\" rel=\"noopener\">Resoluci\u00f3n No. 046 &#8211; 28 de Febrero de 2020 \u201cPor la cual se designa el representante del Sector Productivo para el Consejo Consultivo y el Comit\u00e9 Curricular de la Facultad de Ciencias Econ\u00f3micas y Administrativas\u201d.<\/a><\/li>\n<li class=\"pdf\"><a href=\"\/portal\/wp-content\/uploads\/adjuntos\/resoluciones\/vicepresidencia-045-20.pdf\" target=\"_blank\" rel=\"noopener\">Resoluci\u00f3n No. 045 &#8211; 28 de Febrero de 2020 \u201cPor la cual se designa el representante del Sector Productivo para el Consejo Consultivo y el Comit\u00e9 Curricular de la Facultad de Derecho\u201d.<\/a><\/li>\n<li class=\"pdf\"><a href=\"\/portal\/wp-content\/uploads\/adjuntos\/resoluciones\/vicepresidencia-044-20.pdf\" target=\"_blank\" rel=\"noopener\">Resoluci\u00f3n No. 044 &#8211; 28 de Febrero de 2020 \u201cPor la cual se designa el representante del Sector Productivo para el Consejo Consultivo y el Comit\u00e9 Curricular de la Facultad de Dise\u00f1o\u201d.<\/a><\/li>\n<li class=\"pdf\"><a href=\"\/portal\/wp-content\/uploads\/adjuntos\/resoluciones\/vicepresidencia-043-20.pdf\" target=\"_blank\" rel=\"noopener\">Resoluci\u00f3n No. 043 &#8211; 28 de Febrero de 2020 \u201cPor la cual se nombra la Secretar\u00eda Acad\u00e9mica de la Facultad de Psicolog\u00eda, doctora Diana Marcela Aguirre Tovar\u201d.<\/a><\/li>\n<\/ul>\n<h3>Resoluciones 2019<\/h3>\n<ul class=\"documentos\">\n<li class=\"pdf\"><a href=\"\/portal\/wp-content\/uploads\/adjuntos\/resoluciones\/vicepresidencia-034-19.pdf\" target=\"_blank\" rel=\"noopener\">Resoluci\u00f3n No. 034 &#8211; 04 de Diciembre de 2019 \u201cPor medio de la cual se protocoliza la creaci\u00f3n de los Comit\u00e9s asesores de la Direcci\u00f3n de Bienestar Universitario que facilitar\u00e1n el despliegue de los lineamientos de Inclusi\u00f3n para la Universidad Cat\u00f3lica de Colombia\u201d.<\/a><\/li>\n<li class=\"pdf\"><a href=\"\/portal\/wp-content\/uploads\/adjuntos\/resoluciones\/vicepresidencia-032-19.pdf\" target=\"_blank\" rel=\"noopener\">Resoluci\u00f3n No. 032 &#8211; 25 de Octubre de 2019 \u201cPor la cual se nombra la Secretar\u00eda Acad\u00e9mica de la Facultad de Derecho\u201d.<\/a><\/li>\n<li class=\"pdf\"><a href=\"\/portal\/wp-content\/uploads\/adjuntos\/resoluciones\/vicepresidencia-031-19.pdf\" target=\"_blank\" rel=\"noopener\">Resoluci\u00f3n No. 031 &#8211; 17 de Octubre de 2019 \u201cPor medio de la cual se establece el Protocolo para la Prevenci\u00f3n, Orientaci\u00f3n y Acompa\u00f1amiento frente a los casos de violencia, Discriminaci\u00f3n y Acoso en la universidad Cat\u00f3lica de Colombia\u201d.<\/a><\/li>\n<li class=\"pdf\"><a href=\"\/portal\/wp-content\/uploads\/adjuntos\/resoluciones\/vicepresidencia-030-19.pdf\" target=\"_blank\" rel=\"noopener\">Resoluci\u00f3n No. 030 &#8211; 17 de Septiembre de 2019 \u201cDefinici\u00f3n del Procedimiento y los Lineamientos para la escogencia de los estudiantes que tendr\u00e1n Derecho al Auxilio Econ\u00f3mico por reconocimiento a la representaci\u00f3n institucional en programas de Bienestar Universitario\u201d.<\/a><\/li>\n<li class=\"pdf\"><a href=\"\/portal\/wp-content\/uploads\/adjuntos\/resoluciones\/vicepresidencia-028-19.pdf\" target=\"_blank\" rel=\"noopener\">Resoluci\u00f3n No. 028 &#8211; 20 de Agosto de 2019 \u201cProcedimiento Tratamiento de Incidencias PQRSF Consultorio Jur\u00eddica y Centro de Conciliaci\u00f3n &#8211; Vigilado Minjusticia\u201d.<\/a><\/li>\n<li class=\"pdf\"><a href=\"\/portal\/wp-content\/uploads\/adjuntos\/resoluciones\/vicepresidencia-026-19.pdf\" target=\"_blank\" rel=\"noopener\">Resoluci\u00f3n No. 026 &#8211; 05 de Agosto de 2019 \u201cNombramiento funcionario para conformaci\u00f3n del Comit\u00e9 de Seguridad Vial\u201d.<\/a><\/li>\n<li class=\"pdf\"><a href=\"\/portal\/wp-content\/uploads\/adjuntos\/resoluciones\/vicepresidencia-025-19.pdf\" target=\"_blank\" rel=\"noopener\">Resoluci\u00f3n No. 025 &#8211; 05 de Agosto de 2019 \u201cComit\u00e9 Paritario de Seguridad y Salud en el Trabajo \u2013 COPASST \u2013 para el periodo comprendido entre agosto 2019 y agosto 2021\u201d.<\/a><\/li>\n<li class=\"pdf\"><a href=\"\/portal\/wp-content\/uploads\/adjuntos\/resoluciones\/vicepresidencia-024-19.pdf\" target=\"_blank\" rel=\"noopener\">Resoluci\u00f3n No. 024 &#8211; 05 de Agosto de 2019 \u201cPor la cual se nombra el Comit\u00e9 de Convivencia Laboral para el periodo 2019-2021 de la Universidad Cat\u00f3lica de Colombia\u201d.<\/a><\/li>\n<li class=\"pdf\"><a href=\"\/portal\/wp-content\/uploads\/adjuntos\/resoluciones\/vicepresidencia-023-19.pdf\" target=\"_blank\" rel=\"noopener\">Resoluci\u00f3n No. 023 &#8211; 05 de Agosto de 2019 \u201cPor la cual se nombra el Comit\u00e9 Institucional de Seguridad, Prevenci\u00f3n y Atenci\u00f3n de Emergencias- CISPAE de la jornada nocturna\u201d.<\/a><\/li>\n<li class=\"pdf\"><a href=\"\/portal\/wp-content\/uploads\/adjuntos\/resoluciones\/vicepresidencia-022-19.pdf\" target=\"_blank\" rel=\"noopener\">Resoluci\u00f3n No. 022 &#8211; 05 de Agosto de 2019 \u201cPor la cual se nombran los jefes de Sede de las Brigadas de Emergencias- CISPAE, jornada diurna y nocturna\u201d.<\/a><\/li>\n<li class=\"pdf\"><a href=\"\/portal\/wp-content\/uploads\/adjuntos\/resoluciones\/vicepresidencia-021-19.pdf\" target=\"_blank\" rel=\"noopener\">Resoluci\u00f3n No. 021 &#8211; 05 de Agosto de 2019 \u201cPor la cual se nombra la Coordinadora de Emergencias, de la Universidad Cat\u00f3lica de Colombia, jornada diurna\u201d.<\/a><\/li>\n<li class=\"pdf\"><a href=\"\/portal\/wp-content\/uploads\/adjuntos\/resoluciones\/vicepresidencia-020-19.pdf\" target=\"_blank\" rel=\"noopener\">Resoluci\u00f3n No. 020 &#8211; 05 de Agosto de 2019 \u201cPor la cual se nombra un funcionario para la conformaci\u00f3n de las brigadas del Comit\u00e9 Institucional de Seguridad, Prevenci\u00f3n y Atenci\u00f3n de Emergencias- CISPAE, jornada diurna\u201d.<\/a><\/li>\n<li class=\"pdf\"><a href=\"\/portal\/wp-content\/uploads\/adjuntos\/resoluciones\/vicepresidencia-019-19.pdf\" target=\"_blank\" rel=\"noopener\">Resoluci\u00f3n No. 019 &#8211; 05 de Agosto de 2019 \u201cPor la cual se modifica la Resoluci\u00f3n 017 del 06 de junio de 2017, donde se establece la estructura y el funcionamiento de las brigadas del Comit\u00e9 Institucional de Seguridad, Prevenci\u00f3n y Atenci\u00f3n de Emergencias- CISPAE\u201d.<\/a><\/li>\n<li class=\"pdf\"><a href=\"\/portal\/wp-content\/uploads\/adjuntos\/resoluciones\/vicepresidencia-015-19.pdf\" target=\"_blank\" rel=\"noopener\">Resoluci\u00f3n No. 015 &#8211; 04 de Julio de 2019 \u201cPor la cual se designa el representante del Sector Productivo para el Consejo Consultivo y el Comit\u00e9 Curricular de la Facultad de Ciencias Econ\u00f3micas y Administrativas\u201d.<\/a><\/li>\n<li class=\"pdf\"><a href=\"\/portal\/wp-content\/uploads\/adjuntos\/resoluciones\/vicepresidencia-014-19.pdf\" target=\"_blank\" rel=\"noopener\">Resoluci\u00f3n No. 014 &#8211; 21 de Mayo de 2019 \u201cNombramiento Presidente Comit\u00e9 Seguridad Vial\u201d.<\/a><\/li>\n<li class=\"pdf\"><a href=\"\/portal\/wp-content\/uploads\/adjuntos\/resoluciones\/vicepresidencia-010-19.pdf\" target=\"_blank\" rel=\"noopener\">Resoluci\u00f3n No. 010 &#8211; 22 de Abril de 2019 \u201cPor la cual se categorizan y recategorizan los docentes de pregrado de la Universidad Cat\u00f3lica de Colombia\u201d.<\/a><\/li>\n<li class=\"pdf\"><a href=\"\/portal\/wp-content\/uploads\/adjuntos\/resoluciones\/vicepresidencia-009-19.pdf\" target=\"_blank\" rel=\"noopener\">Resoluci\u00f3n No. 009 &#8211; 22 de Abril de 2019 \u201cPor la cual se categorizan y recategorizan los docentes de pregrado de la Universidad Cat\u00f3lica de Colombia\u201d.<\/a><\/li>\n<li class=\"pdf\"><a href=\"\/portal\/wp-content\/uploads\/adjuntos\/resoluciones\/vicepresidencia-007-19.pdf\" target=\"_blank\" rel=\"noopener\">Resoluci\u00f3n No. 007 &#8211; 11 de Abril de 2019 \u201cPor la cual se designan los representantes para el Sector Productivo y el Consejo Consultivo de la Facultad de Ingenier\u00eda\u201d.<\/a><\/li>\n<li class=\"pdf\"><a href=\"\/portal\/wp-content\/uploads\/adjuntos\/resoluciones\/vicepresidencia-006-19.pdf\" target=\"_blank\" rel=\"noopener\">Resoluci\u00f3n No. 006 &#8211; 14 de Marzo de 2019 \u201cPor la cual se designa el representante del Sector Productivo para el Consejo Consultivo y el Comit\u00e9 Curricular de la Facultad de Ciencias Econ\u00f3micas y Administrativas\u201d.<\/a><\/li>\n<li class=\"pdf\"><a href=\"\/portal\/wp-content\/uploads\/adjuntos\/resoluciones\/vicepresidencia-005-19.pdf\" target=\"_blank\" rel=\"noopener\">Resoluci\u00f3n No. 005 &#8211; 06 de Marzo de 2019 \u201cPor la cual se designa el representante del Sector Productivo para el Consejo Consultivo y el Comit\u00e9 Curricular de la Facultad de Derecho\u201d.<\/a><\/li>\n<li class=\"pdf\"><a href=\"\/portal\/wp-content\/uploads\/adjuntos\/resoluciones\/vicepresidencia-004-19.pdf\" target=\"_blank\" rel=\"noopener\">Resoluci\u00f3n No. 004 &#8211; 06 de Marzo de 2019 \u201cPor la cual se designa el representante del Sector Productivo para el Consejo Consultivo y el Comit\u00e9 Curricular de la Facultad de Psicolog\u00eda\u201d.<\/a><\/li>\n<li class=\"pdf\"><a href=\"\/portal\/wp-content\/uploads\/adjuntos\/resoluciones\/vicepresidencia-003-19.pdf\" target=\"_blank\" rel=\"noopener\">Resoluci\u00f3n No. 003 &#8211; 06 de Marzo de 2019 \u201cPor la cual se designa el representante del Sector Productivo para el Consejo Consultivo y el Comit\u00e9 Curricular de la Facultad de Dise\u00f1o\u201d.<\/a><\/li>\n<\/ul>\n<h3>Resoluciones 2018<\/h3>\n<ul class=\"documentos\">\n<li class=\"pdf\"><a href=\"\/portal\/wp-content\/uploads\/adjuntos\/resoluciones\/vicepresidencia-029-18.pdf\" target=\"_blank\" rel=\"noopener\">Resoluci\u00f3n No. 029 &#8211; 25 de Junio de 2018 \u201cPor la cual se nombra un Comandante de Incidente y un Coordinador de Emergencia en la Jornada de la Noche.\u201d.<\/a><\/li>\n<li class=\"pdf\"><a href=\"\/portal\/wp-content\/uploads\/adjuntos\/resoluciones\/vicepresidencia-028-18.pdf\" target=\"_blank\" rel=\"noopener\">Resoluci\u00f3n No. 028 &#8211; 25 de Junio de 2018 \u201cPor la cual se nombran los Jefes de Sede de las Brigadas\u201d.<\/a><\/li>\n<li class=\"pdf\"><a href=\"\/portal\/wp-content\/uploads\/adjuntos\/resoluciones\/vicepresidencia-027-18.pdf\" target=\"_blank\" rel=\"noopener\">Resoluci\u00f3n No. 027 &#8211; 25 de Junio de 2018 \u201cPor la cual se nombra una Coordinadora de Emergencias\u201d.<\/a><\/li>\n<li class=\"pdf\"><a href=\"\/portal\/wp-content\/uploads\/adjuntos\/resoluciones\/vicepresidencia-026-18.pdf\" target=\"_blank\" rel=\"noopener\">Resoluci\u00f3n No. 026 &#8211; 25 de Junio de 2018 \u201cPor la cual se nombra un funcionario para la conformaci\u00f3n de las brigadas del CISPAE\u201d.<\/a><\/li>\n<li class=\"pdf\"><a href=\"\/portal\/wp-content\/uploads\/adjuntos\/resoluciones\/vicepresidencia-025-18.pdf\" target=\"_blank\" rel=\"noopener\">Resoluci\u00f3n No. 025 &#8211; 07 de Junio de 2018 \u201cComit\u00e9 de Seguridad Vial 2018-2020.\u201d.<\/a><\/li>\n<li class=\"pdf\"><a href=\"\/portal\/wp-content\/uploads\/adjuntos\/resoluciones\/vicepresidencia-024-18.pdf\" target=\"_blank\" rel=\"noopener\">Resoluci\u00f3n No. 024 &#8211; 07 de Junio de 2018 \u201cPor la cual se crea el Comit\u00e9 de Seguridad Vial de la Universidad Cat\u00f3lica de Colombia\u201d.<\/a><\/li>\n<li class=\"pdf\"><a href=\"\/portal\/wp-content\/uploads\/adjuntos\/resoluciones\/vicepresidencia-023-18.pdf\" target=\"_blank\" rel=\"noopener\">Resoluci\u00f3n No. 023 &#8211; 30 de Mayo de 2018 \u201cPor la cual se aprueba la gu\u00eda para el desarrollo de la virtualidad en al universidad Cat\u00f3lica de Colombia\u201d.<\/a><\/li>\n<li class=\"pdf\"><a href=\"\/portal\/wp-content\/uploads\/adjuntos\/resoluciones\/vicepresidencia-022-18.pdf\" target=\"_blank\" rel=\"noopener\">Resoluci\u00f3n No. 022 &#8211; 30 de Mayo de 2018 \u201cPor la cual se categorizan y recategorizan los docentes de pregrado de la Universidad Cat\u00f3lica de Colombia\u201d.<\/a><\/li>\n<li class=\"pdf\"><a href=\"\/portal\/wp-content\/uploads\/adjuntos\/resoluciones\/vicepresidencia-018-18.pdf\" target=\"_blank\" rel=\"noopener\">Resoluci\u00f3n No. 018 &#8211; 11 de Mayo de 2018 \u201cDesignaci\u00f3n Representante del Sector Productivo Facultad de Dise\u00f1o\u201d.<\/a><\/li>\n<li class=\"pdf\"><a href=\"\/portal\/wp-content\/uploads\/adjuntos\/resoluciones\/vicepresidencia-013-18.pdf\" target=\"_blank\" rel=\"noopener\">Resoluci\u00f3n No. 013 &#8211; 16 de abril \u201cDesignaci\u00f3n Representante del Sector Productivo Facultad de Ingenier\u00eda\u201d.<\/a><\/li>\n<li class=\"pdf\"><a href=\"\/portal\/wp-content\/uploads\/adjuntos\/resoluciones\/vicepresidencia-012-18.pdf\" target=\"_blank\" rel=\"noopener\">Resoluci\u00f3n No. 012 &#8211; 16 de abril \u201cClasificaci\u00f3n y Reclasificaci\u00f3n Profesor\u201d.<\/a><\/li>\n<li class=\"pdf\"><a href=\"\/portal\/wp-content\/uploads\/adjuntos\/resoluciones\/vicepresidencia-007-18.pdf\" target=\"_blank\" rel=\"noopener\">Resoluci\u00f3n No. 007 &#8211; 22 de marzo \u201cClasificaci\u00f3n y Reclasificaci\u00f3n Profesor\u201d.<\/a><\/li>\n<li class=\"pdf\"><a href=\"\/portal\/wp-content\/uploads\/adjuntos\/resoluciones\/vicepresidencia-005-18.pdf\" target=\"_blank\" rel=\"noopener\">Resoluci\u00f3n No. 005 &#8211; 13 de marzo \u201cDesignaci\u00f3n Representante del Sector Productivo Facultad de Ciencias Econ\u00f3micas y Administrativas\u201d.<\/a><\/li>\n<li class=\"pdf\"><a href=\"\/portal\/wp-content\/uploads\/adjuntos\/resoluciones\/vicepresidencia-004-18.pdf\" target=\"_blank\" rel=\"noopener\">Resoluci\u00f3n No. 004 &#8211; 05 de marzo \u201cDesignaci\u00f3n Representante del Sector Productivo Facultad de Psicolog\u00eda\u201d.<\/a><\/li>\n<li class=\"pdf\"><a href=\"\/portal\/wp-content\/uploads\/adjuntos\/resoluciones\/vicepresidencia-003-18.pdf\" target=\"_blank\" rel=\"noopener\">Resoluci\u00f3n No. 003 &#8211; 05 de marzo \u201cDesignaci\u00f3n Representante del Sector Productivo Facultad de Derecho\u201d.<\/a><\/li>\n<\/ul>\n<h3>Resoluciones 2017<\/h3>\n<ul class=\"documentos\">\n<li class=\"pdf\"><a href=\"\/portal\/wp-content\/uploads\/adjuntos\/resoluciones\/vicepresidencia-045-17.pdf\" target=\"_blank\" rel=\"noopener\">Resoluci\u00f3n No. 045 &#8211; 06 de diciembre \u201cMediante el cual se establece el procedimiento para la designaci\u00f3n de representantes del sector productivo a los Consejos Consultivos de las Facultades y los comit\u00e9s curriculares en la Universidad Cat\u00f3lica de Colombia\u201d.<\/a><\/li>\n<li class=\"pdf\"><a href=\"\/portal\/wp-content\/uploads\/adjuntos\/resoluciones\/vicepresidencia-044-17.pdf\" target=\"_blank\" rel=\"noopener\">Resoluci\u00f3n No. 044 &#8211; 21 de noviembre \u201cMediante el cual se establece el procedimiento para consulta de informaci\u00f3n almacenada en el sistema de v\u00eddeo vigilancia de la Universidad Cat\u00f3lica de Colombia\u201d.<\/a><\/li>\n<li class=\"pdf\"><a href=\"\/portal\/wp-content\/uploads\/adjuntos\/resoluciones\/vicepresidencia-043-17.pdf\" target=\"_blank\" rel=\"noopener\">Resoluci\u00f3n No. 043 &#8211; 21 de noviembre \u201cPor la cual se establece el procedimiento de comunicaci\u00f3n y relaciones con los p\u00fablicos internos &#8211; correos masivos\u201d.<\/a><\/li>\n<li class=\"pdf\"><a href=\"\/portal\/wp-content\/uploads\/adjuntos\/resoluciones\/vicepresidencia-042-17.pdf\" target=\"_blank\" rel=\"noopener\">Resoluci\u00f3n No. 042 &#8211; 08 de noviembre \u201cCategorizaci\u00f3n Y Recategorizaci\u00f3n Profesor\u201d.<\/a><\/li>\n<li class=\"pdf\"><a href=\"\/portal\/wp-content\/uploads\/adjuntos\/resoluciones\/vicepresidencia-041-17.pdf\" target=\"_blank\" rel=\"noopener\">Resoluci\u00f3n No. 041 &#8211; 17 de octubre \u201cCategorizaci\u00f3n Y Recategorizaci\u00f3n Profesor\u201d.<\/a><\/li>\n<li class=\"pdf\"><a href=\"\/portal\/wp-content\/uploads\/adjuntos\/resoluciones\/vicepresidencia-037-17.pdf\" target=\"_blank\" rel=\"noopener\">Resoluci\u00f3n No. 037 &#8211; 05 de octubre \u201cPor la cual se acata el fallo de segunda instancia proferido por el Juzgado Segundo Penal del Circuito de Conocimiento, correspondiente a la Acci\u00f3n de Tutela interpuesta por la se\u00f1ora Ang\u00e9lica Mar\u00eda Sabogal Mesa\u201d.<\/a><\/li>\n<li class=\"pdf\"><a href=\"\/portal\/wp-content\/uploads\/adjuntos\/resoluciones\/vicepresidencia-033-17.pdf\" target=\"_blank\" rel=\"noopener\">Resoluci\u00f3n No. 033 &#8211; 28 de septiembre \u201cCategorizaci\u00f3n y Recategorizaci\u00f3n Profesor\u201d.<\/a><\/li>\n<li class=\"pdf\"><a href=\"\/portal\/wp-content\/uploads\/adjuntos\/resoluciones\/vicepresidencia-032-17.pdf\" target=\"_blank\" rel=\"noopener\">Resoluci\u00f3n No. 032 &#8211; 28 de septiembre \u201cCategorizaci\u00f3n y Recategorizaci\u00f3n Profesor\u201d.<\/a><\/li>\n<li class=\"pdf\"><a href=\"\/portal\/wp-content\/uploads\/adjuntos\/resoluciones\/vicepresidencia-031-17.pdf\" target=\"_blank\" rel=\"noopener\">Resoluci\u00f3n No. 031 &#8211; 28 de septiembre \u201cCategorizaci\u00f3n y Recategorizaci\u00f3n Profesor\u201d.<\/a><\/li>\n<li class=\"pdf\"><a href=\"\/portal\/wp-content\/uploads\/adjuntos\/resoluciones\/vicepresidencia-030-17.pdf\" target=\"_blank\" rel=\"noopener\">Resoluci\u00f3n No. 030 &#8211; 28 de septiembre \u201cCategorizaci\u00f3n y Recategorizaci\u00f3n Profesor\u201d.<\/a><\/li>\n<li class=\"pdf\"><a href=\"\/portal\/wp-content\/uploads\/adjuntos\/resoluciones\/vicepresidencia-028-17.pdf\" target=\"_blank\" rel=\"noopener\">Resoluci\u00f3n No. 028 &#8211; 11 de septiembre \u201cProcedimientos para realizar la solicitud de registro de nuevas creaciones, patentes, modelos de utilidad y dise\u00f1os instrumen<br \/>\n<\/a><\/li>\n<li class=\"pdf\"><a href=\"\/portal\/wp-content\/uploads\/adjuntos\/resoluciones\/vicepresidencia-026-17.pdf\" target=\"_blank\" rel=\"noopener\">Resoluci\u00f3n No. 026 &#8211; 15 de agosto \u201cCOPASST (2017-2019)\u201d.<\/a><\/li>\n<li class=\"pdf\"><a href=\"\/portal\/wp-content\/uploads\/adjuntos\/resoluciones\/vicepresidencia-024-17.pdf\" target=\"_blank\" rel=\"noopener\">Resoluci\u00f3n No. 024 &#8211; 27 de junio \u201cCoordinador de Emergencias\u201d.<\/a><\/li>\n<li class=\"pdf\"><a href=\"\/portal\/wp-content\/uploads\/adjuntos\/resoluciones\/vicepresidencia-021-17.pdf\" target=\"_blank\" rel=\"noopener\">Resoluci\u00f3n No. 021 &#8211; 16 de junio \u201cPor la cual se nombra un Comandante de Incidente y un Coordinador de Emergencia Jornada Noche del Comit\u00e9 Institucional de Seguridad, Prevenci\u00f3n y Atenci\u00f3n de Emergencias-CISPAE\u201d.<\/a><\/li>\n<li class=\"pdf\"><a href=\"\/portal\/wp-content\/uploads\/adjuntos\/resoluciones\/vicepresidencia-020-17.pdf\" target=\"_blank\" rel=\"noopener\">Resoluci\u00f3n No. 020 &#8211; 16 de junio \u201cPor la cual se nombran los jefes de Sede de las brigadas de Emergencias-CISPAE\u201d.<\/a><\/li>\n<li class=\"pdf\"><a href=\"\/portal\/wp-content\/uploads\/adjuntos\/resoluciones\/vicepresidencia-019-17.pdf\" target=\"_blank\" rel=\"noopener\">Resoluci\u00f3n No. 019 &#8211; 16 de junio \u201cPor la cual se nombra un funcionario para la conformaci\u00f3n de las brigadas del Comit\u00e9 Institucional de Seguridad, Prevenci\u00f3n y Atenci\u00f3n de Emergencias-CISPAE\u201d.<\/a><\/li>\n<li class=\"pdf\"><a href=\"\/portal\/wp-content\/uploads\/adjuntos\/resoluciones\/vicepresidencia-018-17.pdf\" target=\"_blank\" rel=\"noopener\">Resoluci\u00f3n No. 018 &#8211; 7 de junio \u201cPor la cual se nombra el Comit\u00e9 de Convivencia Laboral para el periodo 2017-2019 de la Universidad Cat\u00f3lica de Colombia\u201d.<\/a><\/li>\n<li class=\"pdf\"><a href=\"\/portal\/wp-content\/uploads\/adjuntos\/resoluciones\/vicepresidencia-014-17.pdf\" target=\"_blank\" rel=\"noopener\">Resoluci\u00f3n No. 014 &#8211; 23 de mayo \u201cProcedimiento para realizar salidas murales y extramurales\u201d.<\/a><\/li>\n<li class=\"pdf\"><a href=\"\/portal\/wp-content\/uploads\/adjuntos\/resoluciones\/vicepresidencia-012-17.pdf\" target=\"_blank\" rel=\"noopener\">Resoluci\u00f3n No. 012 &#8211; 9 de mayo \u201cProcedimiento para dar respuesta a las tutelas\u201d.<\/a><\/li>\n<li class=\"pdf\"><a href=\"\/portal\/wp-content\/uploads\/adjuntos\/resoluciones\/vicepresidencia-011-17.pdf\" target=\"_blank\" rel=\"noopener\">Resoluci\u00f3n No. 011 &#8211; 9 de mayo \u201cProcedimiento para dar respuesta a los derechos de Petici\u00f3n\u201d.<\/a><\/li>\n<li class=\"pdf\"><a href=\"\/portal\/wp-content\/uploads\/adjuntos\/resoluciones\/vicepresidencia-009-17.pdf\" target=\"_blank\" rel=\"noopener\">Resoluci\u00f3n No. 009 &#8211; 4 de abril \u201cCategorizaci\u00f3n y Recategorizaci\u00f3n Profesor\u201d.<\/a><\/li>\n<li class=\"pdf\"><a href=\"\/portal\/wp-content\/uploads\/adjuntos\/resoluciones\/vicepresidencia-008-17.pdf\" target=\"_blank\" rel=\"noopener\">Resoluci\u00f3n No. 008 &#8211; 28 de marzo \u201cT\u00e9rminos y condiciones uso sitio WEB y sus p\u00e1ginas complementarias\u201d.<\/a><\/li>\n<li class=\"pdf\"><a href=\"\/portal\/wp-content\/uploads\/adjuntos\/resoluciones\/vicepresidencia-006-17.pdf\" target=\"_blank\" rel=\"noopener\">Resoluci\u00f3n No. 006 &#8211; 14 de marzo \u201cCategorizaci\u00f3n y Recategorizaci\u00f3n Profesor\u201d.<\/a><\/li>\n<\/ul>\n<ul class=\"documentos\">\n<li class=\"pdf\"><a href=\"\/portal\/wp-content\/uploads\/adjuntos\/resoluciones\/vicepresidencia-004-17.pdf\" target=\"_blank\" rel=\"noopener\">Resoluci\u00f3n No. 004 &#8211; 8 de marzo \u201cCategorizaci\u00f3n y Recategorizaci\u00f3n Profesor\u201d.<\/a><\/li>\n<li class=\"pdf\"><a href=\"\/portal\/wp-content\/uploads\/adjuntos\/resoluciones\/vicepresidencia-003-17.pdf\" target=\"_blank\" rel=\"noopener\">Resoluci\u00f3n No. 003 &#8211; 27 de febrero \u201cCategorizaci\u00f3n y Recategorizaci\u00f3n Profesor\u201d.<\/a><\/li>\n<li class=\"pdf\"><a href=\"\/portal\/wp-content\/uploads\/adjuntos\/resoluciones\/vicepresidencia-001-17.pdf\" target=\"_blank\" rel=\"noopener\">Resoluci\u00f3n No. 001 &#8211; 25 de enero \u201cCategorizaci\u00f3n y Recategorizaci\u00f3n Profesor\u201d.<\/a><\/li>\n<\/ul>\n<h3>Resoluciones 2016<\/h3>\n<ul class=\"documentos\">\n<li class=\"pdf\"><a href=\"\/portal\/wp-content\/uploads\/adjuntos\/resoluciones\/vicepresidencia-020-16.pdf\" target=\"_blank\" rel=\"noopener\">Resoluci\u00f3n No. 020 del 02 de diciembre de 2016 \u201cPor la cual se categorizan y recategorizan los docentes de pregrado de la Universidad Cat\u00f3lica de Colombia\u201d.<\/a><\/li>\n<li class=\"pdf\"><a href=\"\/portal\/wp-content\/uploads\/adjuntos\/resoluciones\/vicepresidencia-019-16.pdf\" target=\"_blank\" rel=\"noopener\">Resoluci\u00f3n No. 019 del 01 de noviembre de 2016 \u201cPor la cual se categorizan y recategorizan los docentes de pregrado de la Universidad Cat\u00f3lica de Colombia\u201d.<\/a><\/li>\n<li class=\"pdf\"><a href=\"\/portal\/wp-content\/uploads\/adjuntos\/resoluciones\/vicepresidencia-018-16.pdf\" target=\"_blank\" rel=\"noopener\">Resoluci\u00f3n No. 018 del 19 de octubre de 2016 \u201cPor la cual se categorizan y recategorizan los docentes de pregrado de la Universidad Cat\u00f3lica de Colombia\u201d.<\/a><\/li>\n<li class=\"pdf\"><a href=\"\/portal\/wp-content\/uploads\/adjuntos\/resoluciones\/vicepresidencia-016-16.pdf\" target=\"_blank\" rel=\"noopener\">Resoluci\u00f3n No. 016 del 05 de septiembre de 2016 \u201cCategorizaci\u00f3n y Recartegorizaci\u00f3n Profesor\u201d.<\/a><\/li>\n<li class=\"pdf\"><a href=\"\/portal\/wp-content\/uploads\/adjuntos\/resoluciones\/vicepresidencia-015-16.pdf\" target=\"_blank\" rel=\"noopener\">Resoluci\u00f3n No. 015 del 30 de agosto de 2016 \u201cNombramiento miembro COPASST, Andrea Moreno Lizcano\u201d.<\/a><\/li>\n<li class=\"pdf\"><a href=\"\/portal\/wp-content\/uploads\/adjuntos\/resoluciones\/vicepresidencia-014-16.pdf\" target=\"_blank\" rel=\"noopener\">Resoluci\u00f3n No. 014 del 23 de agosto de 2016 \u201cLineamientos, responsabilidades y actividades para el procedimiento de reporte de Informaci\u00f3n a SNIES\u201d.<\/a><\/li>\n<li class=\"pdf\"><a href=\"\/portal\/wp-content\/uploads\/adjuntos\/resoluciones\/vicepresidencia-013-16.pdf\" target=\"_blank\" rel=\"noopener\">Resoluci\u00f3n No. 013 del 16 de agosto de 2016 \u201cCategorizaci\u00f3n Profesor\u201d.<\/a><\/li>\n<li class=\"pdf\"><a href=\"\/portal\/wp-content\/uploads\/adjuntos\/resoluciones\/vicepresidencia-011-16.pdf\" target=\"_blank\" rel=\"noopener\">Resoluci\u00f3n No. 011 del 26 de mayo de 2016 &#8220;Por la cual se categorizan los docentes de pregrado de la Universidad Cat\u00f3lica&#8221;.<\/a><\/li>\n<li class=\"pdf\"><a href=\"\/portal\/wp-content\/uploads\/adjuntos\/resoluciones\/vicepresidencia-010-16.pdf\" target=\"_blank\" rel=\"noopener\">Resoluci\u00f3n No. 010 del 18 de mayo de 2016 &#8220;Por la cual se categorizan los docentes de pregrado de la Universidad Cat\u00f3lica&#8221;.<\/a><\/li>\n<li class=\"pdf\"><a href=\"\/portal\/wp-content\/uploads\/adjuntos\/resoluciones\/vicepresidencia-008-16.pdf\" target=\"_blank\" rel=\"noopener\">Resoluci\u00f3n No. 008 del 20 de abril de 2016 &#8220;Recategorizaci\u00f3n Profesor&#8221;.<\/a><\/li>\n<li class=\"pdf\"><a href=\"\/portal\/wp-content\/uploads\/adjuntos\/resoluciones\/vicepresidencia-007-16.pdf\" target=\"_blank\" rel=\"noopener\">Resoluci\u00f3n No. 007 del 04 de abril de 2016 &#8220;Nombramiento Representante Comit\u00e9 de Convivencia&#8221;.<\/a><\/li>\n<li class=\"pdf\"><a href=\"\/portal\/wp-content\/uploads\/adjuntos\/resoluciones\/vicepresidencia-006-16.pdf\" target=\"_blank\" rel=\"noopener\">Resoluci\u00f3n No. 006 del 15 de marzo de 2016 &#8220;Categorizaci\u00f3n y Recategorizaci\u00f3n Profesor&#8221;.<\/a><\/li>\n<\/ul>\n<h3>Resoluciones 2015<\/h3>\n<ul class=\"documentos\">\n<li class=\"pdf\"><a href=\"\/portal\/wp-content\/uploads\/adjuntos\/resoluciones\/vicepresidencia-027-15.pdf\" target=\"_blank\" rel=\"noopener\">Resoluci\u00f3n No. 027 del 30 de noviembre de 2015 &#8220;Nombramiento representante administrativo y delegaci\u00f3n Presidencia ante el comit\u00e9 de Bienestar Universitario&#8221;<\/a><\/li>\n<li class=\"pdf\"><a href=\"\/portal\/wp-content\/uploads\/adjuntos\/resoluciones\/vicepresidencia-026-15.pdf\" target=\"_blank\" rel=\"noopener\">Resoluci\u00f3n No. 026 del 30 de noviembre de 2015 &#8220;Reorganizaci\u00f3n Comit\u00e9 de Bienestar&#8221;<\/a><\/li>\n<li class=\"pdf\"><a href=\"\/portal\/wp-content\/uploads\/adjuntos\/resoluciones\/vicepresidencia-024-15.pdf\" target=\"_blank\" rel=\"noopener\">Resoluci\u00f3n No. 024 del 17 de noviembre de 2015 &#8220;Categorizaci\u00f3n Profesor&#8221;<\/a><\/li>\n<li class=\"pdf\"><a href=\"\/portal\/wp-content\/uploads\/adjuntos\/resoluciones\/vicepresidencia-022-15.pdf\" target=\"_blank\" rel=\"noopener\">Resoluci\u00f3n No. 022 del 27 de octubre de 2015 &#8220;Por la cual se modifica la denominaci\u00f3n de la Coordinaci\u00f3n de Salud Ocupacional, por Coordinaci\u00f3n de Seguridad y Salud en el trabajo y se designa responsable para su implementaci\u00f3n&#8221;<\/a><\/li>\n<li class=\"pdf\"><a href=\"\/portal\/wp-content\/uploads\/adjuntos\/resoluciones\/vicepresidencia-021-15.pdf\" target=\"_blank\" rel=\"noopener\">Resoluci\u00f3n No. 021 del 20 de octubre de 2015 &#8220;Por el cual se categorizan los docentes de pregrado de la Universidad Cat\u00f3lica de Colombia&#8221;<\/a><\/li>\n<li class=\"pdf\"><a href=\"\/portal\/wp-content\/uploads\/adjuntos\/resoluciones\/vicepresidencia-020-15.pdf\" target=\"_blank\" rel=\"noopener\">Resoluci\u00f3n No. 020 del 16 de septiembre de 2015 &#8220;Por el cual se categorizan y recategorizan los docentes de pregrado de la Universidad Cat\u00f3lica de Colombia&#8221;<\/a><\/li>\n<li class=\"pdf\"><a href=\"\/portal\/wp-content\/uploads\/adjuntos\/resoluciones\/vicepresidencia-019-15.pdf\" target=\"_blank\" rel=\"noopener\">Resoluci\u00f3n No. 019 del 03 de septiembre de 2015 &#8220;Por la cual se establecen lineamientos para la estructuraci\u00f3n y publicaci\u00f3n de contenidos en el sitio web de la Universidad Cat\u00f3lica de Colombia&#8221;<\/a><\/li>\n<li class=\"pdf\"><a href=\"\/portal\/wp-content\/uploads\/adjuntos\/resoluciones\/vicepresidencia-018-15.pdf\" target=\"_blank\" rel=\"noopener\">Resoluci\u00f3n No. 018 del 31 de agosto de 2015 &#8220;Nombrar a partir de la fecha, a Javier Alfonso Prada Rangel como representante de la Universidad en reemplazo del Padre Guillermo Prada Sanmiguel en el Comit\u00e9 de Convivencia Laboral de la Universidad.&#8221;<\/a><\/li>\n<li class=\"pdf\"><a href=\"\/portal\/wp-content\/uploads\/adjuntos\/resoluciones\/vicepresidencia-017-15.pdf\" target=\"_blank\" rel=\"noopener\">Resoluci\u00f3n No. 017 del 25 de agosto de 2015 &#8220;Pr\u00f3rroga encargo Secretario Acad\u00e9mico Facultad de Derecho.&#8221;<\/a><\/li>\n<li class=\"pdf\"><a href=\"\/portal\/wp-content\/uploads\/adjuntos\/resoluciones\/vicepresidencia-016-15.pdf\" target=\"_blank\" rel=\"noopener\">Resoluci\u00f3n No. 016 del 04 de agosto de 2015 &#8220;COPASST (2015-2017).&#8221;<\/a><\/li>\n<li class=\"pdf\"><a href=\"\/portal\/wp-content\/uploads\/adjuntos\/resoluciones\/vicepresidencia-009-15.pdf\" target=\"_blank\" rel=\"noopener\">Resoluci\u00f3n No. 009 del 21 de mayo de 2015 &#8220;Por la cual se conforma el nuevo comit\u00e9 de Archivo y se deroga la Resoluci\u00f3n No. 04 de 2007 de la Presidencia de la Universidad&#8221;.<\/a><\/li>\n<li class=\"pdf\"><a href=\"\/portal\/wp-content\/uploads\/adjuntos\/resoluciones\/vicepresidencia-007-15.pdf\">Resoluci\u00f3n No. 007 del 07 de abril de 2015 &#8220;Por el cual se categorizan y recategorizan los docentes de Pregrado de la Universidad Cat\u00f3lica de Colombia&#8221;.<\/a><\/li>\n<li class=\"pdf\"><a href=\"\/portal\/wp-content\/uploads\/adjuntos\/resoluciones\/vicepresidencia-005-15.pdf\" target=\"_blank\" rel=\"noopener\">Resoluci\u00f3n No. 005 del 20 de marzo de 2015 &#8220;Por la cual se establece el procedimiento para uso de signos distintivos de la Universidad Cat\u00f3lica de Colombia&#8221;.<\/a><\/li>\n<li class=\"pdf\"><a href=\"\/portal\/wp-content\/uploads\/adjuntos\/resoluciones\/vicepresidencia-002-15.pdf\" target=\"_blank\" rel=\"noopener\">Resoluci\u00f3n No. 002 del 14 de enero de 2015 &#8220;Nombramiento Comit\u00e9 de Convivencia&#8221;.<\/a><\/li>\n<\/ul>\n<h3>Resoluciones 2014<\/h3>\n<ul class=\"documentos\">\n<li class=\"pdf\"><a href=\"\/portal\/wp-content\/uploads\/adjuntos\/resoluciones\/vicepresidencia-025-14.pdf\" target=\"_blank\" rel=\"noopener\">Resoluci\u00f3n No. 025 del 14 de noviembre de 2014 &#8220;Por el cual se categorizan y recategorizan los docentes de Pregrado de la Universidad Cat\u00f3lica de Colombia&#8221;.<\/a><\/li>\n<li class=\"pdf\"><a href=\"\/portal\/wp-content\/uploads\/adjuntos\/resoluciones\/vicepresidencia-022-14.pdf\" target=\"_blank\" rel=\"noopener\">Resoluci\u00f3n No. 022 del 28 de octubre de 2014 &#8220;Por el cual se categorizan y recategorizan los docentes de Pregrado de la Universidad Cat\u00f3lica de Colombia&#8221;.<\/a><\/li>\n<li class=\"pdf\"><a href=\"\/portal\/wp-content\/uploads\/adjuntos\/resoluciones\/vicepresidencia-020-14.pdf\" target=\"_blank\" rel=\"noopener\">Resoluci\u00f3n No. 020 del 24 de septiembre de 2014 &#8220;Por el cual se aprueba la reforma del Reglamento del Comit\u00e9 de Convivencia Laboral de la Universidad Cat\u00f3lica de Colombia&#8221;.<\/a><\/li>\n<li class=\"pdf\"><a href=\"\/portal\/wp-content\/uploads\/adjuntos\/resoluciones\/vicepresidencia-019-14.pdf\" target=\"_blank\" rel=\"noopener\">Resoluci\u00f3n No. 019 del 12 de septiembre de 2014 &#8220;Por la cual se modifican los lineamientos para la creaci\u00f3n, modificaci\u00f3n y supresi\u00f3n de programas acad\u00e9micos y para la renovaci\u00f3n de registro calificado en la Universidad Cat\u00f3lica de Colombia&#8221;.<\/a><\/li>\n<li class=\"pdf\"><a href=\"\/portal\/wp-content\/uploads\/adjuntos\/resoluciones\/vicepresidencia-019-14-anexo-1.pdf\" target=\"_blank\" rel=\"noopener\"> &#8211; Anexo No. 01 Resoluci\u00f3n No. 019 Gu\u00eda para la Creaci\u00f3n, Modificaci\u00f3n, Modificaci\u00f3n y Supresi\u00f3n de Programas Acad\u00e9micos.<\/a><\/li>\n<li class=\"pdf\"><a href=\"\/portal\/wp-content\/uploads\/adjuntos\/resoluciones\/vicepresidencia-019-14-anexo-2.pdf\" target=\"_blank\" rel=\"noopener\"> &#8211; Anexo No. 02 Resoluci\u00f3n No. 019 Gu\u00eda para la Renovaci\u00f3n del Registro Calificado.<\/a><\/li>\n<li class=\"pdf\"><a href=\"\/portal\/wp-content\/uploads\/adjuntos\/resoluciones\/vicepresidencia-017-14.pdf\" target=\"_blank\" rel=\"noopener\">Resoluci\u00f3n No. 017 del 15 de agosto de 2014 &#8220;Por el cual se establece el procedimiento para hacer uso de las bases de datos&#8221;.<\/a><\/li>\n<li class=\"pdf\"><a href=\"\/portal\/wp-content\/uploads\/adjuntos\/resoluciones\/vicepresidencia-016-14.pdf\" target=\"_blank\" rel=\"noopener\">Resoluci\u00f3n No. 016 del 15 de agosto de 2014 &#8220;Categorizaci\u00f3n y Recategorizaci\u00f3n Profesor&#8221;.<\/a><\/li>\n<li class=\"pdf\"><a href=\"\/portal\/wp-content\/uploads\/adjuntos\/resoluciones\/vicepresidencia-015-14.pdf\" target=\"_blank\" rel=\"noopener\">Resoluci\u00f3n No. 015 del 09 de julio de 2014 &#8220;Por la cual se adopta el Manual de Correspondencia&#8221;.<\/a><\/li>\n<li class=\"pdf\"><a href=\"\/portal\/wp-content\/uploads\/adjuntos\/resoluciones\/vicepresidencia-015-14-anexo-1.pdf\" target=\"_blank\" rel=\"noopener\"> &#8211; Anexo Resoluci\u00f3n No. 015. Manual de Correspondencia.<\/a><\/li>\n<li class=\"pdf\"><a href=\"\/portal\/wp-content\/uploads\/adjuntos\/resoluciones\/vicepresidencia-010-14.pdf\" target=\"_blank\" rel=\"noopener\">Resoluci\u00f3n No. 010 del 09 de mayo de 2014 &#8220;Categorizaci\u00f3n y Recategorizaci\u00f3n Profesor&#8221;.<\/a><\/li>\n<li class=\"pdf\"><a href=\"\/portal\/wp-content\/uploads\/adjuntos\/resoluciones\/vicepresidencia-009-14.pdf\" target=\"_blank\" rel=\"noopener\">Resoluci\u00f3n No. 009 del 23 de abril de 2014 &#8220;Categorizaci\u00f3n y Recategorizaci\u00f3n Profesor&#8221;.<\/a><\/li>\n<li class=\"pdf\"><a href=\"\/portal\/wp-content\/uploads\/adjuntos\/resoluciones\/vicepresidencia-006-14.pdf\" target=\"_blank\" rel=\"noopener\">Resoluci\u00f3n No. 006 del 02 de abril de 2014 &#8220;Categorizaci\u00f3n Profesor&#8221;.<\/a><\/li>\n<li class=\"pdf\"><a href=\"\/portal\/wp-content\/uploads\/adjuntos\/resoluciones\/vicepresidencia-005-14.pdf\" target=\"_blank\" rel=\"noopener\">Resoluci\u00f3n No. 005 del 18 de marzo de 2014 &#8220;Categorizaci\u00f3n y Recategorizaci\u00f3n Profesor&#8221;.<\/a><\/li>\n<li class=\"pdf\"><a href=\"\/portal\/wp-content\/uploads\/adjuntos\/resoluciones\/vicepresidencia-004-14.pdf\" target=\"_blank\" rel=\"noopener\">Resoluci\u00f3n No. 004 del 17 de marzo de 2014 &#8220;Categorizaci\u00f3n y Recategorizaci\u00f3n Profesor&#8221;.<\/a><\/li>\n<\/ul>\n<h3>Resoluciones 2013<\/h3>\n<ul class=\"documentos\">\n<li class=\"pdf\"><a href=\"\/portal\/wp-content\/uploads\/adjuntos\/resoluciones\/vicepresidencia-017-13.pdf\">Resoluci\u00f3n No. 17 del 16 de diciembre de 2013 &#8220;Encargo Secretario Acad\u00e9mico Ciencias Econ\u00f3micas y Financieras del 13 de enero al 15 de diciembre de 2014&#8221;.<\/a><\/li>\n<li class=\"pdf\"><a href=\"\/portal\/wp-content\/uploads\/adjuntos\/resoluciones\/vicepresidencia-016-13.pdf\" target=\"_blank\" rel=\"noopener\">Resoluci\u00f3n No. 16 del 12 de diciembre de 2013 &#8220;Encargo Direcci\u00f3n de Investigaciones hasta el 30 de junio de 2014&#8221;.<\/a><\/li>\n<li class=\"pdf\"><a href=\"\/portal\/wp-content\/uploads\/adjuntos\/resoluciones\/vicepresidencia-015-13.pdf\" target=\"_blank\" rel=\"noopener\">Resoluci\u00f3n No. 15 del 12 de diciembre de 2013 &#8220;Pr\u00f3rroga Encargo Secretario Acad\u00e9mico Econom\u00eda hasta el 20 de diciembre de 2013&#8221;.<\/a><\/li>\n<li class=\"pdf\"><a href=\"\/portal\/wp-content\/uploads\/adjuntos\/resoluciones\/vicepresidencia-014-13.pdf\" target=\"_blank\" rel=\"noopener\">Resoluci\u00f3n No. 14 del 26 de noviembre de 2013 &#8220;Categorizaci\u00f3n y Recategorizaci\u00f3n Profesor 2013&#8221;.<\/a><\/li>\n<li class=\"pdf\"><a href=\"\/portal\/wp-content\/uploads\/adjuntos\/resoluciones\/vicepresidencia-013-13.pdf\" target=\"_blank\" rel=\"noopener\">Resoluci\u00f3n No. 13 del 15 de noviembre de 2013 &#8220;Nombramiento Secretario Acad\u00e9mico Ciencias B\u00e1sicas&#8221;.<\/a><\/li>\n<li class=\"pdf\"><a href=\"\/portal\/wp-content\/uploads\/adjuntos\/resoluciones\/vicepresidencia-012-13.pdf\" target=\"_blank\" rel=\"noopener\">Resoluci\u00f3n No. 12 del 26 de septiembre de 2013 &#8220;Categorizaci\u00f3n y Recategorizaci\u00f3n Profesor 2013-3.<\/a><\/li>\n<li class=\"pdf\"><a href=\"\/portal\/wp-content\/uploads\/adjuntos\/resoluciones\/vicepresidencia-011-13.pdf\" target=\"_blank\" rel=\"noopener\">Resoluci\u00f3n No. 11 del 03 de septiembre de 2013 &#8220;Encargo Direcci\u00f3n de Ciencias B\u00e1sicas hasta el 15 de diciembre de 2013&#8221;.<\/a><\/li>\n<li class=\"pdf\"><a href=\"\/portal\/wp-content\/uploads\/adjuntos\/resoluciones\/vicepresidencia-010-13.pdf\" target=\"_blank\" rel=\"noopener\">Resoluci\u00f3n No. 10 del 28 de agosto de 2013 &#8220;Prorroga Encargo Secretario Acad\u00e9mico Econom\u00eda hasta 15 de diciembre de 2013&#8221;.<\/a><\/li>\n<li class=\"pdf\"><a href=\"\/portal\/wp-content\/uploads\/adjuntos\/resoluciones\/vicepresidencia-009-13.pdf\" target=\"_blank\" rel=\"noopener\">Resoluci\u00f3n No. 09 del 12 de agosto de 2013 &#8220;Prorroga Encargo Secretario Acad\u00e9mico Econom\u00eda hasta 30 de agosto de 2013&#8221;.<\/a><\/li>\n<li class=\"pdf\"><a href=\"\/portal\/wp-content\/uploads\/adjuntos\/resoluciones\/vicepresidencia-008-13.pdf\" target=\"_blank\" rel=\"noopener\">Resoluci\u00f3n No. 08 del 12 de agosto de 2013 &#8220;Por la cual se nombra el COPASO 2013-2015&#8221;.<\/a><\/li>\n<\/ul>\n<h3>Resoluciones 2009<\/h3>\n<ul class=\"documentos\">\n<li class=\"pdf\"><a href=\"\/portal\/wp-content\/uploads\/adjuntos\/resoluciones\/vicepresidencia-001-09.pdf\" target=\"_blank\" rel=\"noopener\">Resoluci\u00f3n No. 01 del 28 de junio de 2009 &#8220;Por la cual se adoptan con car\u00e1cter obligatorio los protocolos y flujogramas elaborados por el Comit\u00e9 Paritario de Salud Ocupacional para la aplicaci\u00f3n de los programas de Medicina Preventiva y del Trabajo, de Seguridad e Higiene Industrial y del Medio Ambiente en la Universidad Cat\u00f3lica de Colombia&#8221;.<\/a><\/li>\n<\/ul>\n<\/div>\n<\/div>\n<\/div>\n<div class=\"panel panel-default\">\n<div id=\"headingNueve\" class=\"panel-heading\">\n<h4 class=\"panel-title\"><a href=\"#collapseNueve\" data-toggle=\"collapse\" data-parent=\"#accordionUno\">Rector\u00eda<\/a><\/h4>\n<\/div>\n<div id=\"collapseNueve\" class=\"panel-collapse collapse\">\n<div class=\"panel-body\">\n<h3>Resoluciones 2026<\/h3>\n<ul class=\"documentos\">\n<li class=\"pdf\"><a href=\"https:\/\/www.ucatolica.edu.co\/portal\/wp-content\/uploads\/adjuntos\/resoluciones\/rectoria-036-26.pdf\" target=\"_blank\" rel=\"noopener\">Resoluci\u00f3n No. 036 &#8211; 07 de abril de 2026 \u201cPor la cual se actualizan los Lineamientos y el Procedimiento para la selecci\u00f3n de los estudiantes que tendr\u00e1n derecho a becas como Reconocimiento a la representaci\u00f3n institucional en programas de Bienestar Universitario\u201d.<\/a><\/li>\n<li class=\"pdf\"><a href=\"https:\/\/www.ucatolica.edu.co\/portal\/wp-content\/uploads\/adjuntos\/resoluciones\/rectoria-035-26.pdf\" target=\"_blank\" rel=\"noopener\">Resoluci\u00f3n No. 035 &#8211; 16 de marzo de 2026 \u201cPor la cual se avalan los Miembros Del Comit\u00e9 de \u00c9tica De La Universidad Cat\u00f3lica De Colombia\u201d\u201d.<\/a><\/li>\n<\/ul>\n<h3>Resoluciones 2025<\/h3>\n<ul class=\"documentos\">\n<li class=\"pdf\"><a href=\"https:\/\/www.ucatolica.edu.co\/portal\/wp-content\/uploads\/adjuntos\/resoluciones\/rectoria-029-25.pdf\" target=\"_blank\" rel=\"noopener\">Resoluci\u00f3n No. 033 &#8211; 08 de marzo de 2025 \u201cPor la cual se nombra un representante de la rector\u00eda para la conformaci\u00f3n del Comit\u00e9 Asesor Institucional para bienestar universitario de la universidad\u201d.<\/a><\/li>\n<li class=\"pdf\"><a href=\"https:\/\/www.ucatolica.edu.co\/portal\/wp-content\/uploads\/adjuntos\/resoluciones\/rectoria-029-25.pdf\" target=\"_blank\" rel=\"noopener\">Resoluci\u00f3n No. 029 &#8211; 01 de marzo de 2025 \u201cPor la cual se nombra un Editor de una Revista Indexada para la conformaci\u00f3n del Comit\u00e9 de Repositorio Institucional de la Universidad\u201d.<\/a><\/li>\n<li class=\"pdf\"><a href=\"https:\/\/www.ucatolica.edu.co\/portal\/wp-content\/uploads\/adjuntos\/resoluciones\/rectoria-028-25.pdf\" target=\"_blank\" rel=\"noopener\">Resoluci\u00f3n No. 028 &#8211; 01 de marzo de 2025 \u201cPor la cual se nombra un Decano para la conformaci\u00f3n del Comit\u00e9 de Repositorio Institucional de la Universidad\u201d.<\/a><\/li>\n<\/ul>\n<h3>Resoluciones 2024<\/h3>\n<ul class=\"documentos\">\n<li class=\"pdf\"><a href=\"https:\/\/www.ucatolica.edu.co\/portal\/wp-content\/uploads\/2023\/07\/rectoria-027-24.pdf\" target=\"_blank\" rel=\"noopener\">Resoluci\u00f3n No. 027 &#8211; 05 de febrero de 2024 \u201cPor la cual se nombra un decano para la conformaci\u00f3n de las brigadas del Comit\u00e9 Institucional de Seguridad, Prevenci\u00f3n y Atenci\u00f3n de Emergencias- CISPAE\u201d.<\/a><\/li>\n<\/ul>\n<h3>Resoluciones 2023<\/h3>\n<ul class=\"documentos\">\n<li class=\"pdf\"><a href=\"https:\/\/www.ucatolica.edu.co\/portal\/wp-content\/uploads\/2023\/07\/rectoria-024-23.pdf\" target=\"_blank\" rel=\"noopener\">Resoluci\u00f3n No. 024 &#8211; 30 de junio de 2023 \u201cPor la cual se nombra un representante de la rector\u00eda para la conformaci\u00f3n del Comit\u00e9 de Desarrollo de los Lineamientos para la Promoci\u00f3n de la Educaci\u00f3n Inclusiva e Intercultural en la Universidad Cat\u00f3lica de Colombia\u201d.<\/a><\/li>\n<\/ul>\n<h3>Resoluciones 2021<\/h3>\n<ul class=\"documentos\">\n<li class=\"pdf\"><a href=\"\/portal\/wp-content\/uploads\/adjuntos\/resoluciones\/rectoria-016-21.pdf\" target=\"_blank\" rel=\"noopener\">Resoluci\u00f3n No. 021 &#8211; 18 de Noviembre de 2021 \u201cPor la cual se nombra un decano para la conformaci\u00f3n de las brigadas del Comit\u00e9 Institucional de Seguridad, Prevenci\u00f3n y Atenci\u00f3n de Emergencias- CISPAE\u201d.<\/a><\/li>\n<\/ul>\n<h3>Resoluciones 2019<\/h3>\n<ul class=\"documentos\">\n<li class=\"pdf\"><a href=\"\/portal\/wp-content\/uploads\/adjuntos\/resoluciones\/rectoria-004-19.pdf\" target=\"_blank\" rel=\"noopener\">Resoluci\u00f3n No. 004 &#8211; 19 de Septiembre de 2019 \u201cPor la cual se nombra un profesor investigador para la conformaci\u00f3n del Comit\u00e9 de Propiedad Intelectual de la Universidad\u201d.<\/a><\/li>\n<li class=\"pdf\"><a href=\"\/portal\/wp-content\/uploads\/adjuntos\/resoluciones\/rectoria-003-19.pdf\" target=\"_blank\" rel=\"noopener\">Resoluci\u00f3n No. 003 &#8211; 19 de Septiembre de 2019 \u201cPor la cual se nombra un editor de una revista indexada para la conformaci\u00f3n del Comit\u00e9 de Repositorio Institucional de la Universidad\u201d.<\/a><\/li>\n<li class=\"pdf\"><a href=\"\/portal\/wp-content\/uploads\/adjuntos\/resoluciones\/rectoria-002-19.pdf\" target=\"_blank\" rel=\"noopener\">Resoluci\u00f3n No. 002 &#8211; 19 de Septiembre de 2019 \u201cPor la cual se nombra un decano (a) para la conformaci\u00f3n del Comit\u00e9 de Repositorio Institucional de la Universidad\u201d.<\/a><\/li>\n<li class=\"pdf\"><a href=\"\/portal\/wp-content\/uploads\/adjuntos\/resoluciones\/rectoria-001-19.pdf\" target=\"_blank\" rel=\"noopener\">Resoluci\u00f3n No. 001 &#8211; 05 de Agosto de 2019 \u201cPor la Cual se nombra un decano para la conformaci\u00f3n de las brigadas del Comit\u00e9 Institucional de Seguridad, Prevenci\u00f3n y Atenci\u00f3n de Emergencias- CISPAE\u201d.<\/a><\/li>\n<\/ul>\n<\/div>\n<\/div>\n<\/div>\n<div class=\"panel panel-default\">\n<div id=\"headingDieciseis\" class=\"panel-heading\">\n<h4 class=\"panel-title\"><a href=\"#collapseDieciseis\" data-toggle=\"collapse\" data-parent=\"#accordionUno\">Decanatura<\/a><\/h4>\n<\/div>\n<div id=\"collapseDieciseis\" class=\"panel-collapse collapse\">\n<div class=\"panel-body\">\n<h3>Resoluciones 2019<\/h3>\n<ul class=\"documentos\">\n<li class=\"pdf\"><a href=\"\/portal\/wp-content\/uploads\/adjuntos\/resoluciones\/decanatura-003-23.pdf\" target=\"_blank\" rel=\"noopener\">Resoluci\u00f3n No. 003 &#8211; 31 de Mayo de 2023 \u201cPor la cual se nombra un Director de Unidad Acad\u00e9mica para la conformaci\u00f3n del Comit\u00e9 de Propiedad Intelectual de la Universidad\u201d<\/a><\/li>\n<li class=\"pdf\"><a href=\"\/portal\/wp-content\/uploads\/adjuntos\/resoluciones\/decanatura-002-22.pdf\" target=\"_blank\" rel=\"noopener\">Resoluci\u00f3n No. 002 &#8211; 10 de Febrero de 2022 \u201cPor la cual se nombra un Director de Unidad Acad\u00e9mica para la conformaci\u00f3n del Comit\u00e9 de Propiedad Intelectual de la Universidad\u201d<\/a><\/li>\n<li class=\"pdf\"><a href=\"\/portal\/wp-content\/uploads\/adjuntos\/resoluciones\/decanatura-001-19.pdf\" target=\"_blank\" rel=\"noopener\">Resoluci\u00f3n No. 001 &#8211; 19 de Septiembre de 2019 \u201cPor la cual se nombra un Director de Unidad Acad\u00e9mica para la conformaci\u00f3n del Comit\u00e9 de Propiedad Intelectual de la Universidad\u201d.<\/a><\/li>\n<\/ul>\n<\/div>\n<\/div>\n<\/div>\n<\/div>\n<h5>Circulares<\/h5>\n<div id=\"accordionSeis1\" class=\"panel-group\">\n<div class=\"panel panel-default\">\n<div id=\"headingSeis1\" class=\"panel-heading\">\n<h4 class=\"panel-title\"><a href=\"#collapseSeis1\" data-toggle=\"collapse\" data-parent=\"#accordionUno\">Vicepresidencia<\/a><\/h4>\n<\/div>\n<div id=\"collapseSeis1\" class=\"panel-collapse collapse\">\n<div class=\"panel-body\">\n<h3>Circulares 2023<\/h3>\n<ul class=\"documentos\">\n<li class=\"pdf\"><a href=\"https:\/\/www.ucatolica.edu.co\/portal\/wp-content\/uploads\/2023\/08\/vicepresidencia-03-23.pdf\" target=\"_blank\" rel=\"noopener\">Circular No. 03 &#8211; 26 de Junio de 2023 \u201cMedidas de protecci\u00f3n del derecho a la intimidad en relaci\u00f3n con contacto a terceros\u201d<\/a><\/li>\n<\/ul>\n<h3>Circulares 2022<\/h3>\n<ul class=\"documentos\">\n<li class=\"pdf\"><a href=\"https:\/\/www.ucatolica.edu.co\/portal\/wp-content\/uploads\/2023\/08\/vicepresidencia-02-22.pdf\" target=\"_blank\" rel=\"noopener\">Circular No. 02 &#8211; 16 de Julio de 2022 \u201c\u201cDivulgaci\u00f3n Reglamento Interno de Trabajo\u201d<\/a><\/li>\n<li class=\"pdf\"><a href=\"https:\/\/www.ucatolica.edu.co\/portal\/wp-content\/uploads\/adjuntos\/circulares\/vicepresidencia-01-22.pdf\" target=\"_blank\" rel=\"noopener\">Circular No. 01 &#8211; 21 de Noviembre de 2022 \u201cProtocolo a seguir en casos de alteraciones del orden p\u00fablico en la Universidad Cat\u00f3lica de Colombia.\u201d<\/a><\/li>\n<\/ul>\n<\/div>\n<\/div>\n<\/div>\n<\/div>\n<h5>Reglamentos y Estatutos<\/h5>\n<div id=\"accordion\" class=\"panel-group\">\n<div class=\"panel panel-default\">\n<div id=\"headingSiete\" class=\"panel-heading\">\n<h4 class=\"panel-title\"><a href=\"#collapseSiete\" data-toggle=\"collapse\" data-parent=\"#accordion\">Reglamentos y Estatutos<\/a><\/h4>\n<\/div>\n<div id=\"collapseSiete\" class=\"panel-collapse collapse\">\n<div class=\"panel-body\">\n<h3>Estatutos<\/h3>\n<ul class=\"documentos\">\n<li class=\"pdf\"><a href=\"\/portal\/wp-content\/uploads\/adjuntos\/reglamentos-y-estatutos\/estatutos.pdf\" target=\"_blank\" rel=\"noopener\">Estatutos de la Universidad Cat\u00f3lica de Colombia<\/a><\/li>\n<\/ul>\n<h3>Reglamentos<\/h3>\n<ul class=\"documentos\">\n<li class=\"pdf\"><a href=\"\/portal\/wp-content\/uploads\/2019\/09\/estatuto-profesoral-09-19.pdf\" target=\"_blank\" rel=\"noopener\">Estatuto Profesoral<\/a><\/li>\n<li class=\"pdf\"><a href=\"\/portal\/wp-content\/uploads\/adjuntos\/acuerdos\/consejo-superior-acuerdos-academicos-236-16.pdf\" target=\"_blank\" rel=\"noopener\">Reglamento del Estudiante<\/a><\/li>\n<li class=\"pdf\"><a href=\"\/portal\/wp-content\/uploads\/adjuntos\/acuerdos\/consejo-superior-acuerdos-academicos-168-10.pdf\" target=\"_blank\" rel=\"noopener\">Pol\u00edtica de Est\u00edmulos e Incentivos para Profesores<\/a><\/li>\n<li class=\"pdf\"><a href=\"\/portal\/wp-content\/uploads\/adjuntos\/reglamentos-y-estatutos\/reglamento-editorial.pdf\" target=\"_blank\" rel=\"noopener\">Reglamento Editorial<\/a><\/li>\n<li class=\"pdf\"><a href=\"\/portal\/wp-content\/uploads\/adjuntos\/reglamentos-y-estatutos\/reglamento-propiedad-intelectual.pdf\" target=\"_blank\" rel=\"noopener\">Reglamento Propiedad Intelectual<\/a><\/li>\n<li class=\"pdf\"><a href=\"\/portal\/wp-content\/uploads\/adjuntos\/reglamentos-y-estatutos\/reglamento-doctorado-psicologia.pdf\" target=\"_blank\" rel=\"noopener\">Reglamento Doctorado en Psicolog\u00eda<\/a><\/li>\n<\/ul>\n<h3>Reglamento Interno de Trabajo<\/h3>\n<ul class=\"documentos\">\n<li class=\"pdf\"><a href=\"\/portal\/wp-content\/uploads\/adjuntos\/reglamentos-y-estatutos\/interno-de-trabajo\/reglamento_interno_de_trabajo.pdf\" target=\"_blank\" rel=\"noopener\">Reglamento Interno de Trabajo: Acuerdo No. 002 del 23 de abril de 2019<\/a><\/li>\n<\/ul>\n<\/div>\n<\/div>\n<\/div>\n<\/div>\n<h5>Manuales, Lineamientos y Gu\u00edas<\/h5>\n<div id=\"accordionFoot\" class=\"panel-group\">\n<div class=\"panel panel-default\">\n<div id=\"headingTrece\" class=\"panel-heading\">\n<h4 class=\"panel-title\"><a href=\"#collapseTrece\" data-toggle=\"collapse\" data-parent=\"#accordionFoot\">Manuales<\/a><\/h4>\n<\/div>\n<div id=\"collapseTrece\" class=\"panel-collapse collapse\">\n<div class=\"panel-body\">\n<ul class=\"documentos\">\n<li class=\"pdf\"><a href=\"https:\/\/www.ucatolica.edu.co\/portal\/wp-content\/uploads\/2025\/10\/Manual-de-Identidad-Corporativa.pdf\" target=\"_blank\" rel=\"noopener\">Manual de Identidad Corporativa<\/a><\/li>\n<\/ul>\n<\/div>\n<\/div>\n<\/div>\n<div class=\"panel panel-default\">\n<div id=\"headingCatorce\" class=\"panel-heading\">\n<h4 class=\"panel-title\"><a href=\"#collapseCatorce\" data-toggle=\"collapse\" data-parent=\"#accordionFoot\">Lineamientos<\/a><\/h4>\n<\/div>\n<div id=\"collapseCatorce\" class=\"panel-collapse collapse\">\n<div class=\"panel-body\">\n<ul class=\"documentos\">\n<li class=\"pdf\"><a href=\"https:\/\/www.ucatolica.edu.co\/portal\/wp-content\/uploads\/adjuntos\/acuerdos\/consejo-superior-acuerdos-academicos-331-22.pdf\" target=\"_blank\" rel=\"noopener\">Elementos que integran el curr\u00edculo de la Universidad Cat\u00f3lica de Colombia<\/a><\/li>\n<li class=\"pdf\"><a href=\"https:\/\/www.ucatolica.edu.co\/portal\/wp-content\/uploads\/adjuntos\/acuerdos\/consejo-superior-acuerdos-academicos-332-22.pdf\" target=\"_blank\" rel=\"noopener\">Modelo pedag\u00f3gico de la Universidad Cat\u00f3lica de Colombia<\/a><\/li>\n<li class=\"pdf\"><a href=\"https:\/\/www.ucatolica.edu.co\/portal\/wp-content\/uploads\/adjuntos\/acuerdos\/consejo-superior-acuerdos-academicos-335-22.pdf\" target=\"_blank\" rel=\"noopener\">Pol\u00edtica, la estructura, las estrategias y los lineamientos de la investigaci\u00f3n<\/a><\/li>\n<li class=\"pdf\"><a href=\"https:\/\/www.ucatolica.edu.co\/portal\/wp-content\/uploads\/adjuntos\/acuerdos\/consejo-superior-acuerdos-academicos-325-21.pdf\" target=\"_blank\" rel=\"noopener\">Lineamientos de Extensi\u00f3n<\/a><\/li>\n<li class=\"pdf\"><a href=\"https:\/\/www.ucatolica.edu.co\/portal\/wp-content\/uploads\/adjuntos\/acuerdos\/consejo-superior-acuerdos-academicos-336-22.pdf\" target=\"_blank\" rel=\"noopener\">Lineamientos de Internacionalizaci\u00f3n<\/a><\/li>\n<li class=\"pdf\"><a href=\"https:\/\/www.ucatolica.edu.co\/portal\/wp-content\/uploads\/adjuntos\/acuerdos\/consejo-superior-acuerdos-academicos-339-22.pdf\" target=\"_blank\" rel=\"noopener\">Lineamientos para el despliegue de Resultados de Aprendizaje<\/a><\/li>\n<li class=\"pdf\"><a href=\"https:\/\/www.ucatolica.edu.co\/portal\/wp-content\/uploads\/adjuntos\/acuerdos\/consejo-superior-acuerdos-academicos-343-22.pdf\" target=\"_blank\" rel=\"noopener\">Pol\u00edtica Institucional de Permanencia Estudiantil y Graduaci\u00f3n Oportuna<\/a><\/li>\n<li class=\"pdf\"><a href=\"https:\/\/www.ucatolica.edu.co\/portal\/wp-content\/uploads\/adjuntos\/acuerdos\/consejo-superior-acuerdos-academicos-341-22.pdf\" target=\"_blank\" rel=\"noopener\">Modelo de Transferencia de Conocimiento e Innovaci\u00f3n de La Universidad Cat\u00f3lica de Colombia<\/a><\/li>\n<li class=\"pdf\"><a href=\"\/portal\/wp-content\/uploads\/adjuntos\/acuerdos\/sala-de-gobierno-025-21.pdf\" target=\"_blank\" rel=\"noopener\">Modelo Autoevaluaci\u00f3n<\/a><\/li>\n<li class=\"pdf\"><a href=\"\/portal\/wp-content\/uploads\/adjuntos\/reglamentos-y-estatutos\/mision-PEI.pdf\" target=\"_blank\" rel=\"noopener\">PEI<\/a><\/li>\n<li class=\"pdf\"><a href=\"\/portal\/wp-content\/uploads\/adjuntos\/acuerdos\/consejo-superior-acuerdos-academicos-240-16.pdf\" target=\"_blank\" rel=\"noopener\">Estatuto Bienestar Universitario<\/a><\/li>\n<\/ul>\n<\/div>\n<\/div>\n<\/div>\n<div class=\"panel panel-default\">\n<div id=\"headingDiezyseis\" class=\"panel-heading\">\n<h4 class=\"panel-title\"><a href=\"#collapseDiezyseis\" data-toggle=\"collapse\" data-parent=\"#accordionFoot\">Gu\u00edas<\/a><\/h4>\n<\/div>\n<div id=\"collapseDiezyseis\" class=\"panel-collapse collapse\">\n<div class=\"panel-body\">\n<ul class=\"documentos\">\n<li class=\"pdf\"><a href=\"\/portal\/wp-content\/uploads\/adjuntos\/guias-de-servicio\/Guia-Servicio-Admin.pdf\" target=\"_blank\" rel=\"noopener\">Gu\u00eda de servicio personal administrativo<\/a><\/li>\n<li class=\"pdf\"><a href=\"\/portal\/wp-content\/uploads\/adjuntos\/guias-de-servicio\/Guia-Servicio-Docente.pdf\" target=\"_blank\" rel=\"noopener\">Gu\u00eda de servicio personal docente<\/a><\/li>\n<\/ul>\n<\/div>\n<\/div>\n<\/div>\n<\/div>\n<h5>Gesti\u00f3n Documental<\/h5>\n<div id=\"accordionXyz\" class=\"panel-group\">\n<div class=\"panel panel-default\">\n<div id=\"headingTreintayUno\" class=\"panel-heading\">\n<h4 class=\"panel-title\"><a href=\"#collapseTreintayUno\" data-toggle=\"collapse\" data-parent=\"#accordionXyz\">Programa de Gesti\u00f3n Documental<\/a><\/h4>\n<\/div>\n<div id=\"collapseTreintayUno\" class=\"panel-collapse collapse\">\n<div class=\"panel-body\">\n<ul class=\"documentos\">\n<li class=\"pdf\"><a href=\"https:\/\/www.ucatolica.edu.co\/portal\/wp-content\/uploads\/2023\/05\/pgd_ucatolica_v11.pdf\" target=\"_blank\" rel=\"noopener\">Programa de Gesti\u00f3n Documental<\/a><\/li>\n<\/ul>\n<\/div>\n<\/div>\n<\/div>\n<div class=\"panel panel-default\">\n<div id=\"headingTreinta\" class=\"panel-heading\">\n<h4 class=\"panel-title\"><a href=\"#collapseTreinta\" data-toggle=\"collapse\" data-parent=\"#accordionXyz\">Tablas de Retenci\u00f3n Documental<\/a><\/h4>\n<\/div>\n<div id=\"collapseTreinta\" class=\"panel-collapse collapse\">\n<div class=\"panel-body\">\n<ul class=\"documentos\">\n<li class=\"pdf\"><a href=\"\/portal\/wp-content\/uploads\/adjuntos\/gestion-documental\/trd_admisiones.pdf\" target=\"_blank\" rel=\"noopener\">Admisiones<\/a><\/li>\n<li class=\"pdf\"><a href=\"\/portal\/wp-content\/uploads\/adjuntos\/gestion-documental\/trd_registro_control_academico.pdf\" target=\"_blank\" rel=\"noopener\">Registro y Control Acad\u00e9mico<\/a><\/li>\n<li class=\"pdf\"><a href=\"\/portal\/wp-content\/uploads\/adjuntos\/gestion-documental\/trd-archivo-general-y-correspondencia.pdf\" target=\"_blank\" rel=\"noopener\">Archivo General y Correspondencia<\/a><\/li>\n<li class=\"pdf\" style=\"display: none;\"><a href=\"\/portal\/wp-content\/uploads\/adjuntos\/gestion-documental\/trd-audiovisuales.pdf\" target=\"_blank\" rel=\"noopener\">Audiovisuales<\/a><\/li>\n<li class=\"pdf\"><a href=\"\/portal\/wp-content\/uploads\/adjuntos\/gestion-documental\/trd-calidad-control.pdf\" target=\"_blank\" rel=\"noopener\">Calidad y Control de Procesos<\/a><\/li>\n<li class=\"pdf\"><a href=\"\/portal\/wp-content\/uploads\/adjuntos\/gestion-documental\/trd-biblioteca.pdf\" target=\"_blank\" rel=\"noopener\">Biblioteca<\/a><\/li>\n<li class=\"pdf\"><a href=\"https:\/\/www.ucatolica.edu.co\/portal\/wp-content\/uploads\/2025\/02\/TRD-BIENESTAR.pdf\" target=\"_blank\" rel=\"noopener\">Bienestar Universitario<\/a><\/li>\n<li class=\"pdf\"><a href=\"\/portal\/wp-content\/uploads\/adjuntos\/gestion-documental\/trd-centro-de-servicios-informaticos.pdf\" target=\"_blank\" rel=\"noopener\">Centro de Servicios Inform\u00e1ticos<\/a><\/li>\n<li class=\"pdf\"><a href=\"\/portal\/wp-content\/uploads\/adjuntos\/gestion-documental\/trd-compras-y-activos-fijos.pdf\" target=\"_blank\" rel=\"noopener\">Compras y Activos Fijos<\/a><\/li>\n<li class=\"pdf\"><a href=\"\/portal\/wp-content\/uploads\/adjuntos\/gestion-documental\/trd-contabilidad.pdf\" target=\"_blank\" rel=\"noopener\">Contabilidad<\/a><\/li>\n<li class=\"pdf\"><a href=\"\/portal\/wp-content\/uploads\/adjuntos\/gestion-documental\/trd-creditos.pdf\" target=\"_blank\" rel=\"noopener\">Cr\u00e9ditos<\/a><\/li>\n<li class=\"pdf\"><a href=\"\/portal\/wp-content\/uploads\/adjuntos\/gestion-documental\/trd-departamento-de-ciencias-basicas.pdf\" target=\"_blank\" rel=\"noopener\">Departamento de Ciencias B\u00e1sicas<\/a><\/li>\n<li class=\"pdf\"><a href=\"\/portal\/wp-content\/uploads\/adjuntos\/gestion-documental\/trd-departamento-de-humanidades.pdf\" target=\"_blank\" rel=\"noopener\">Departamento de Humanidades<\/a><\/li>\n<li class=\"pdf\"><a href=\"\/portal\/wp-content\/uploads\/adjuntos\/gestion-documental\/trd-direccion-de-investigaciones.pdf\" target=\"_blank\" rel=\"noopener\">Direcci\u00f3n de Investigaciones<\/a><\/li>\n<li class=\"pdf\"><a href=\"\/portal\/wp-content\/uploads\/adjuntos\/gestion-documental\/trd-direccion-de-extension.pdf\" target=\"_blank\" rel=\"noopener\">Direcci\u00f3n de Extensi\u00f3n<\/a><\/li>\n<li class=\"pdf\"><a href=\"\/portal\/wp-content\/uploads\/adjuntos\/gestion-documental\/trd-diseno-organizacional.pdf\" target=\"_blank\" rel=\"noopener\">Dise\u00f1o Organizacional<\/a><\/li>\n<li class=\"pdf\" style=\"display: none;\"><a href=\"\/portal\/wp-content\/uploads\/adjuntos\/gestion-documental\/trd-division-de-contabilidad.pdf\" target=\"_blank\" rel=\"noopener\">Divisi\u00f3n de Contabilidad<\/a><\/li>\n<li class=\"pdf\"><a href=\"\/portal\/wp-content\/uploads\/adjuntos\/gestion-documental\/trd-division-de-servicios-generales.pdf\" target=\"_blank\" rel=\"noopener\">Divisi\u00f3n de Servicios Generales<\/a><\/li>\n<li class=\"pdf\"><a href=\"\/portal\/wp-content\/uploads\/adjuntos\/gestion-documental\/trd-division-gestion-de-talento-humano.pdf\" target=\"_blank\" rel=\"noopener\">Divisi\u00f3n Gesti\u00f3n de Talento Humano<\/a><\/li>\n<li class=\"pdf\"><a href=\"\/portal\/wp-content\/uploads\/adjuntos\/gestion-documental\/trd-editorial-UCC.pdf\" target=\"_blank\" rel=\"noopener\">Editorial<\/a><\/li>\n<li class=\"pdf\"><a href=\"https:\/\/www.ucatolica.edu.co\/portal\/wp-content\/uploads\/2025\/02\/TRD-ECONOMIA.pdf\" target=\"_blank\" rel=\"noopener\">Facultad de Ciencias Econ\u00f3micas y Administrativas<\/a><\/li>\n<li class=\"pdf\"><a href=\"https:\/\/www.ucatolica.edu.co\/portal\/wp-content\/uploads\/2025\/02\/TRD-DERECHO.pdf\" target=\"_blank\" rel=\"noopener\">Facultad de Derecho<\/a><\/li>\n<li class=\"pdf\"><a href=\"\/portal\/wp-content\/uploads\/adjuntos\/gestion-documental\/trd-facultad-de-diseno.pdf\" target=\"_blank\" rel=\"noopener\">Facultad de Dise\u00f1o<\/a><\/li>\n<li class=\"pdf\"><a href=\"\/portal\/wp-content\/uploads\/adjuntos\/gestion-documental\/trd-facultad-de-ingenierias.pdf\" target=\"_blank\" rel=\"noopener\">Facultad de Ingenier\u00edas<\/a><\/li>\n<li class=\"pdf\"><a href=\"\/portal\/wp-content\/uploads\/adjuntos\/gestion-documental\/trd-instituto-de-lenguas.pdf\" target=\"_blank\" rel=\"noopener\">Instituto de Lenguas<\/a><\/li>\n<li class=\"pdf\"><a href=\"\/portal\/wp-content\/uploads\/adjuntos\/gestion-documental\/trd-liceo-de-la-universidad-catolica-de-colombia.pdf\" target=\"_blank\" rel=\"noopener\">Liceo de la Universidad Cat\u00f3lica de Colombia<\/a><\/li>\n<li class=\"pdf\"><a href=\"\/portal\/wp-content\/uploads\/adjuntos\/gestion-documental\/trd-planeacion.pdf\" target=\"_blank\" rel=\"noopener\">Planeaci\u00f3n<\/a><\/li>\n<li class=\"pdf\" style=\"display: none;\"><a href=\"\/portal\/wp-content\/uploads\/adjuntos\/gestion-documental\/trd-proyecto-erp-people-soft.pdf\" target=\"_blank\" rel=\"noopener\">Proyecto ERP People Soft<\/a><\/li>\n<li class=\"pdf\"><a href=\"\/portal\/wp-content\/uploads\/adjuntos\/gestion-documental\/trd-relaciones-internacionales.pdf\" target=\"_blank\" rel=\"noopener\">Relaciones Internacionales<\/a><\/li>\n<li class=\"pdf\" style=\"display: none;\"><a href=\"\/portal\/wp-content\/uploads\/adjuntos\/gestion-documental\/trd-relaciones-publicas.pdf\" target=\"_blank\" rel=\"noopener\">Relaciones P\u00fablicas<\/a><\/li>\n<li class=\"pdf\"><a href=\"\/portal\/wp-content\/uploads\/adjuntos\/gestion-documental\/trd-psicologia.pdf\" target=\"_blank\" rel=\"noopener\">Psicolog\u00eda<\/a><\/li>\n<li class=\"pdf\"><a href=\"\/portal\/wp-content\/uploads\/adjuntos\/gestion-documental\/trd-secretaria-general.pdf\" target=\"_blank\" rel=\"noopener\">Secretaria General<\/a><\/li>\n<li class=\"pdf\"><a href=\"\/portal\/wp-content\/uploads\/adjuntos\/gestion-documental\/trd-seguridad-y-salud-en-el-trabajo.pdf\" target=\"_blank\" rel=\"noopener\">Seguridad y Salud en el Trabajo<\/a><\/li>\n<li class=\"pdf\"><a href=\"\/portal\/wp-content\/uploads\/adjuntos\/gestion-documental\/trd-vicerectoria-academica.pdf\" target=\"_blank\" rel=\"noopener\">Vicerrector\u00eda Acad\u00e9mica<\/a><\/li>\n<li class=\"pdf\"><a href=\"\/portal\/wp-content\/uploads\/adjuntos\/gestion-documental\/trd-vicerrectoria-juridica.pdf\" target=\"_blank\" rel=\"noopener\">Vicerrector\u00eda Jur\u00eddica<\/a><\/li>\n<li class=\"pdf\"><a href=\"\/portal\/wp-content\/uploads\/adjuntos\/gestion-documental\/tdr-rectoria.pdf\" target=\"_blank\" rel=\"noopener\">Rector\u00eda<\/a><\/li>\n<li class=\"pdf\"><a href=\"\/portal\/wp-content\/uploads\/adjuntos\/gestion-documental\/tdr-centro-de-convenciones.pdf\" target=\"_blank\" rel=\"noopener\">Centro de Convenciones<\/a><\/li>\n<li class=\"pdf\" style=\"display: none;\"><a href=\"\/portal\/wp-content\/uploads\/adjuntos\/gestion-documental\/tdr-sistematizacion-administrativa.pdf\" target=\"_blank\" rel=\"noopener\">Sistematizaci\u00f3n Administrativa<\/a><\/li>\n<li class=\"pdf\" style=\"display: none;\"><a href=\"\/portal\/wp-content\/uploads\/adjuntos\/gestion-documental\/tdr-vicerrectoria-administrativa.pdf\" target=\"_blank\" rel=\"noopener\">Vicerrector\u00eda Administrativa<\/a><\/li>\n<\/ul>\n<\/div>\n<\/div>\n<\/div>\n<p><!--\n\n\n<div class=\"panel panel-default\">\n\n\n<div id=\"headingTreintayDos\" class=\"panel-heading\">\n\n\n<h4 class=\"panel-title\"><a href=\"#collapseTreintayDos\" data-toggle=\"collapse\" data-parent=\"#accordionXyz\">Formatos de Comit\u00e9 de Archivo<\/a><\/h4>\n\n\n<\/div>\n\n\n\n\n<div id=\"collapseTreintayDos\" class=\"panel-collapse collapse\">\n\n\n<div class=\"panel-body\">\n\n\n<ul class=\"documentos\">\n \t\n\n<li class=\"pdf\"><a href=\"\/portal\/wp-content\/uploads\/adjuntos\/actas-y-formatos\/formato-condiciones-ambientales-archivo-consultorio-juridico-2019-2020-1.pdf\" target=\"_blank\" rel=\"noopener\">Formato de condiciones ambientales Consultorio Jur\u00eddico 1<\/a><\/li>\n\n\n \t\n\n<li class=\"pdf\"><a href=\"\/portal\/wp-content\/uploads\/adjuntos\/actas-y-formatos\/formato-condiciones-ambientales-archivo-consultorio-juridico-2019-2020-2.pdf\" target=\"_blank\" rel=\"noopener\">Formato de condiciones ambientales Consultorio Jur\u00eddico 2<\/a><\/li>\n\n\n \t\n\n<li class=\"pdf\"><a href=\"\/portal\/wp-content\/uploads\/adjuntos\/actas-y-formatos\/formato-condiciones-ambientales-archivo-general-2021.pdf\" target=\"_blank\" rel=\"noopener\">Formato de condiciones ambientales Archivo Genera 2021<\/a><\/li>\n\n\n<\/ul>\n\n\n<\/div>\n\n\n<\/div>\n\n\n<\/div>\n\n\n\n\n<div class=\"panel panel-default\">\n\n\n<div id=\"headingTreintayTres\" class=\"panel-heading\">\n\n\n<h4 class=\"panel-title\"><a href=\"#collapseTreintayTres\" data-toggle=\"collapse\" data-parent=\"#accordionXyz\">Actas de Comit\u00e9 de Archivo<\/a><\/h4>\n\n\n<\/div>\n\n\n\n\n<div id=\"collapseTreintayTres\" class=\"panel-collapse collapse\">\n\n\n<div class=\"panel-body\">\n\n\n<ul class=\"documentos\">\n \t\n\n<li class=\"pdf\"><a href=\"\/portal\/wp-content\/uploads\/adjuntos\/actas-y-formatos\/acta-de-comite-001-2007.pdf\" target=\"_blank\" rel=\"noopener\">Acta 001 de 2007<\/a><\/li>\n\n\n \t\n\n<li class=\"pdf\"><a href=\"\/portal\/wp-content\/uploads\/adjuntos\/actas-y-formatos\/acta-de-comite-003-2017.pdf\" target=\"_blank\" rel=\"noopener\">Acta 003 de 2017<\/a><\/li>\n\n\n \t\n\n<li class=\"pdf\"><a href=\"\/portal\/wp-content\/uploads\/adjuntos\/actas-y-formatos\/acta-de-comite-001-2018.pdf\" target=\"_blank\" rel=\"noopener\">Acta 001 de 2018<\/a><\/li>\n\n\n<\/ul>\n\n\n<\/div>\n\n\n<\/div>\n\n\n<\/div>\n\n\n--><\/p>\n<\/div>\n<h5>Actas<\/h5>\n<div id=\"accordionTres\" class=\"panel-group\">\n<div class=\"panel panel-default\">\n<div id=\"headingCuarentayUno\" class=\"panel-heading\">\n<h4 class=\"panel-title\"><a href=\"#collapseCuarentayUno\" data-toggle=\"collapse\" data-parent=\"#accordionTres\">Actas elecci\u00f3n Presidente &#8211; Sala de Gobierno<\/a><\/h4>\n<\/div>\n<div id=\"collapseCuarentayUno\" class=\"panel-collapse collapse\">\n<div class=\"panel-body\">\n<ul class=\"documentos\">\n<li class=\"pdf\"><a href=\"\/portal\/wp-content\/uploads\/adjuntos\/actas-y-formatos\/eleccion-presidente-de-la-universidad-catolica-de-colombia-periodo-2016-2021.pdf\" target=\"_blank\" rel=\"noopener\">Elecci\u00f3n Presidente de la Universidad Cat\u00f3lica de Colombia periodo 2016 2021<\/a><\/li>\n<li class=\"pdf\"><a href=\"\/portal\/wp-content\/uploads\/adjuntos\/actas-y-formatos\/eleccion-presidente-de-la-universidad-catolica-de-colombia-periodo-2021-2026.pdf\" target=\"_blank\" rel=\"noopener\">Elecci\u00f3n Presidente de la Universidad Cat\u00f3lica de Colombia periodo 2021 2026<\/a><\/li>\n<li class=\"pdf\"><a href=\"\/portal\/wp-content\/uploads\/adjuntos\/actas-y-formatos\/eleccion-presidente-de-la-universidad-catolica-de-colombia-periodo-2024-2029.pdf\" target=\"_blank\" rel=\"noopener\">Elecci\u00f3n Presidente de la Universidad Cat\u00f3lica de Colombia periodo 2024 2029<\/a><\/li>\n<\/ul>\n<\/div>\n<\/div>\n<\/div>\n<div class=\"panel panel-default\">\n<div id=\"headingCuarentayDos\" class=\"panel-heading\">\n<h4 class=\"panel-title\"><a href=\"#collapseCuarentayDos\" data-toggle=\"collapse\" data-parent=\"#accordionTres\">Actas elecci\u00f3n Vicepresidente -Sala de Gobierno<\/a><\/h4>\n<\/div>\n<div id=\"collapseCuarentayDos\" class=\"panel-collapse collapse\">\n<div class=\"panel-body\">\n<ul class=\"documentos\">\n<li class=\"pdf\"><a href=\"\/portal\/wp-content\/uploads\/adjuntos\/actas-y-formatos\/eleccion-vicepresidente-periodo-2024-2026-1.pdf\" target=\"_blank\" rel=\"noopener\">Elecci\u00f3n Vicepresidente periodo 2024 2026 (I)<\/a><\/li>\n<li class=\"pdf\"><a href=\"\/portal\/wp-content\/uploads\/adjuntos\/actas-y-formatos\/eleccion-vicepresidente-periodo-2024-2026-2.pdf\" target=\"_blank\" rel=\"noopener\">Elecci\u00f3n Vicepresidente periodo 2024 2026 (II)<\/a><\/li>\n<li class=\"pdf\"><a href=\"\/portal\/wp-content\/uploads\/adjuntos\/actas-y-formatos\/eleccion-vicepresidente-periodo-2022-2024.pdf\" target=\"_blank\" rel=\"noopener\">Elecci\u00f3n Vicepresidente periodo 2022 2024<\/a><\/li>\n<li class=\"pdf\"><a href=\"\/portal\/wp-content\/uploads\/adjuntos\/actas-y-formatos\/eleccion-vicepresidente-periodo-2020-2022.pdf\" target=\"_blank\" rel=\"noopener\">Elecci\u00f3n Vicepresidente periodo 2020 2022<\/a><\/li>\n<li class=\"pdf\"><a href=\"\/portal\/wp-content\/uploads\/adjuntos\/actas-y-formatos\/eleccion-vicepresidente-periodo-2018-2020.pdf\" target=\"_blank\" rel=\"noopener\">Elecci\u00f3n Vicepresidente periodo 2018 2020<\/a><\/li>\n<li class=\"pdf\"><a href=\"\/portal\/wp-content\/uploads\/adjuntos\/actas-y-formatos\/eleccion-vicepresidente-periodo-2016-2018.pdf\" target=\"_blank\" rel=\"noopener\">Elecci\u00f3n Vicepresidente periodo 2016 2018<\/a><\/li>\n<\/ul>\n<\/div>\n<\/div>\n<\/div>\n<div class=\"panel panel-default\">\n<div id=\"headingCuarentayTres\" class=\"panel-heading\">\n<h4 class=\"panel-title\"><a href=\"#collapseCuarentayTres\" data-toggle=\"collapse\" data-parent=\"#accordionTres\">Actas elecci\u00f3n Rector &#8211; Consejo Superior <\/a><\/h4>\n<\/div>\n<div id=\"collapseCuarentayTres\" class=\"panel-collapse collapse\">\n<div class=\"panel-body\">\n<ul class=\"documentos\">\n<li class=\"pdf\"><a href=\"\/portal\/wp-content\/uploads\/adjuntos\/actas-y-formatos\/posesion-rector-periodo-2025-2026.pdf\" target=\"_blank\" rel=\"noopener\">Posesi\u00f3n Rector periodo 2025 2026<\/a><\/li>\n<li class=\"pdf\"><a href=\"\/portal\/wp-content\/uploads\/adjuntos\/actas-y-formatos\/eleccion-rector-periodo-2023-2025.pdf\" target=\"_blank\" rel=\"noopener\">Elecci\u00f3n Rector periodo 2023 2025<\/a><\/li>\n<li class=\"pdf\"><a href=\"\/portal\/wp-content\/uploads\/adjuntos\/actas-y-formatos\/posesion-rector-periodo-2021-2023.pdf\" target=\"_blank\" rel=\"noopener\">Posesi\u00f3n Rector periodo 2021 2023<\/a><\/li>\n<li class=\"pdf\"><a href=\"\/portal\/wp-content\/uploads\/adjuntos\/actas-y-formatos\/eleccion-rector-periodo-2021-2023.pdf\" target=\"_blank\" rel=\"noopener\">Elecci\u00f3n Rector periodo 2021 2023<\/a><\/li>\n<li class=\"pdf\"><a href=\"\/portal\/wp-content\/uploads\/adjuntos\/actas-y-formatos\/posesion-rector-periodo-2019-2021.pdf\" target=\"_blank\" rel=\"noopener\">Posesi\u00f3n Rector periodo 2019 2021<\/a><\/li>\n<li class=\"pdf\"><a href=\"\/portal\/wp-content\/uploads\/adjuntos\/actas-y-formatos\/eleccion-rector-periodo-2019-2021.pdf\" target=\"_blank\" rel=\"noopener\">Elecci\u00f3n Rector periodo 2019 2021<\/a><\/li>\n<li class=\"pdf\"><a href=\"\/portal\/wp-content\/uploads\/adjuntos\/actas-y-formatos\/posesion-rector-periodo-2017-2019.pdf\" target=\"_blank\" rel=\"noopener\">Posesi\u00f3n Rector periodo 2017 2019<\/a><\/li>\n<li class=\"pdf\"><a href=\"\/portal\/wp-content\/uploads\/adjuntos\/actas-y-formatos\/eleccion-rector-periodo-2017-2019.pdf\" target=\"_blank\" rel=\"noopener\">Elecci\u00f3n Rector periodo 2017 2019<\/a><\/li>\n<li class=\"pdf\"><a href=\"\/portal\/wp-content\/uploads\/adjuntos\/actas-y-formatos\/posesion-rector-periodo-2015-2017.pdf\" target=\"_blank\" rel=\"noopener\">Posesi\u00f3n Rector periodo 2015 2017<\/a><\/li>\n<li class=\"pdf\"><a href=\"\/portal\/wp-content\/uploads\/adjuntos\/actas-y-formatos\/eleccion-rector-periodo-2015-2017.pdf\" target=\"_blank\" rel=\"noopener\">Elecci\u00f3n Rector periodo 2015 2017<\/a><\/li>\n<\/ul>\n<\/div>\n<\/div>\n<\/div>\n<div class=\"panel panel-default\">\n<div id=\"headingCuarentayCuatro\" class=\"panel-heading\">\n<h4 class=\"panel-title\"><a href=\"#collapseCuarentayCuatro\" data-toggle=\"collapse\" data-parent=\"#accordionTres\">Actas elecci\u00f3n Representantes de los Estudiantes al Consejo Superior<\/a><\/h4>\n<\/div>\n<div id=\"collapseCuarentayCuatro\" class=\"panel-collapse collapse\">\n<div class=\"panel-body\">\n<ul class=\"documentos\">\n<li class=\"pdf\"><a href=\"https:\/\/www.ucatolica.edu.co\/portal\/wp-content\/uploads\/adjuntos\/actas-y-formatos\/representante-estudiantes-2025-2026.pdf\" target=\"_blank\" rel=\"noopener\">Elecci\u00f3n Representante de estudiantes 2025 2026<\/a><\/li>\n<li class=\"pdf\"><a href=\"https:\/\/www.ucatolica.edu.co\/portal\/wp-content\/uploads\/adjuntos\/actas-y-formatos\/representante-estudiantes-2024-2025.pdf\" target=\"_blank\" rel=\"noopener\">Elecci\u00f3n Representante de estudiantes 2024 2025<\/a><\/li>\n<li class=\"pdf\"><a href=\"https:\/\/www.ucatolica.edu.co\/portal\/wp-content\/uploads\/2023\/08\/representante-estudiantes-2023-2024.pdf\" target=\"_blank\" rel=\"noopener\">Elecci\u00f3n Representante de estudiantes 2023 2024<\/a><\/li>\n<li class=\"pdf\"><a href=\"\/portal\/wp-content\/uploads\/adjuntos\/actas-y-formatos\/eleccion-representante-de-estudiantes-2022-2023.pdf\" target=\"_blank\" rel=\"noopener\">Elecci\u00f3n Representante de estudiantes 2022 2023<\/a><\/li>\n<li class=\"pdf\"><a href=\"\/portal\/wp-content\/uploads\/adjuntos\/actas-y-formatos\/eleccion-representante-de-estudiantes-2021-2022.pdf\" target=\"_blank\" rel=\"noopener\">Elecci\u00f3n Representante de estudiantes 2021 2022<\/a><\/li>\n<li class=\"pdf\"><a href=\"\/portal\/wp-content\/uploads\/adjuntos\/actas-y-formatos\/eleccion-representante-de-estudiantes-2020-2021.pdf\" target=\"_blank\" rel=\"noopener\">Elecci\u00f3n Representante de estudiantes 2020 2021<\/a><\/li>\n<li class=\"pdf\"><a href=\"\/portal\/wp-content\/uploads\/adjuntos\/actas-y-formatos\/eleccion-representante-de-estudiantes-2019-2020.pdf\" target=\"_blank\" rel=\"noopener\">Elecci\u00f3n Representante de estudiantes 2019 2020<\/a><\/li>\n<li class=\"pdf\"><a href=\"\/portal\/wp-content\/uploads\/adjuntos\/actas-y-formatos\/eleccion-representante-de-estudiantes-2018-2019.pdf\" target=\"_blank\" rel=\"noopener\">Elecci\u00f3n Representante de estudiantes 2018 2019<\/a><\/li>\n<li class=\"pdf\"><a href=\"\/portal\/wp-content\/uploads\/adjuntos\/actas-y-formatos\/eleccion-representante-de-estudiantes-2017-2018.pdf\" target=\"_blank\" rel=\"noopener\">Elecci\u00f3n Representante de estudiantes 2017 2018<\/a><\/li>\n<li class=\"pdf\"><a href=\"\/portal\/wp-content\/uploads\/adjuntos\/actas-y-formatos\/eleccion-representante-de-estudiantes-2016-2017.pdf\" target=\"_blank\" rel=\"noopener\">Elecci\u00f3n Representante de estudiantes 2016 2017<\/a><\/li>\n<\/ul>\n<\/div>\n<\/div>\n<\/div>\n<div class=\"panel panel-default\">\n<div id=\"headingCuarentayCinco\" class=\"panel-heading\">\n<h4 class=\"panel-title\"><a href=\"#collapseCuarentayCinco\" data-toggle=\"collapse\" data-parent=\"#accordionTres\">Actas elecci\u00f3n Representantes de los Profesores al Consejo Superior<\/a><\/h4>\n<\/div>\n<div id=\"collapseCuarentayCinco\" class=\"panel-collapse collapse\">\n<div class=\"panel-body\">\n<ul class=\"documentos\">\n<li class=\"pdf\"><a href=\"\/portal\/wp-content\/uploads\/adjuntos\/actas-y-formatos\/eleccion-representante-de-profesores-2025-2026.pdf\" target=\"_blank\" rel=\"noopener\">Elecci\u00f3n Representante de Profesores 2025 2026<\/a><\/li>\n<li class=\"pdf\"><a href=\"\/portal\/wp-content\/uploads\/adjuntos\/actas-y-formatos\/eleccion-representante-de-profesores-2024-2025.pdf\" target=\"_blank\" rel=\"noopener\">Elecci\u00f3n Representante de Profesores 2024 2025<\/a><\/li>\n<li class=\"pdf\"><a href=\"\/portal\/wp-content\/uploads\/adjuntos\/actas-y-formatos\/eleccion-representante-de-profesores-2023-2024.pdf\" target=\"_blank\" rel=\"noopener\">Elecci\u00f3n Representante de Profesores 2023 2024<\/a><\/li>\n<li class=\"pdf\"><a href=\"\/portal\/wp-content\/uploads\/adjuntos\/actas-y-formatos\/eleccion-representante-de-profesores-2022-2023.pdf\" target=\"_blank\" rel=\"noopener\">Elecci\u00f3n Representante de Profesores 2022 2023<\/a><\/li>\n<li class=\"pdf\"><a href=\"\/portal\/wp-content\/uploads\/adjuntos\/actas-y-formatos\/eleccion-representante-de-profesores-2021-2022.pdf\" target=\"_blank\" rel=\"noopener\">Elecci\u00f3n Representante de Profesores 2021 2022<\/a><\/li>\n<li class=\"pdf\"><a href=\"\/portal\/wp-content\/uploads\/adjuntos\/actas-y-formatos\/eleccion-representante-de-profesores-2020-2021.pdf\" target=\"_blank\" rel=\"noopener\">Elecci\u00f3n Representante de Profesores 2020 2021<\/a><\/li>\n<li class=\"pdf\"><a href=\"\/portal\/wp-content\/uploads\/adjuntos\/actas-y-formatos\/eleccion-representante-de-profesores-2019-2020.pdf\" target=\"_blank\" rel=\"noopener\">Elecci\u00f3n Representante de Profesores 2019 2020<\/a><\/li>\n<li class=\"pdf\"><a href=\"\/portal\/wp-content\/uploads\/adjuntos\/actas-y-formatos\/eleccion-representante-de-profesores-2018-2019.pdf\" target=\"_blank\" rel=\"noopener\">Elecci\u00f3n Representante de Profesores 2018 2019<\/a><\/li>\n<li class=\"pdf\"><a href=\"\/portal\/wp-content\/uploads\/adjuntos\/actas-y-formatos\/eleccion-representante-de-profesores-2017-2018.pdf\" target=\"_blank\" rel=\"noopener\">Elecci\u00f3n Representante de Profesores 2017 2018<\/a><\/li>\n<\/ul>\n<\/div>\n<\/div>\n<\/div>\n<div class=\"panel panel-default\">\n<div id=\"headingCuarentaySeis\" class=\"panel-heading\">\n<h4 class=\"panel-title\"><a href=\"#collapseCuarentaySeis\" data-toggle=\"collapse\" data-parent=\"#accordionTres\">Acta de Elecci\u00f3n de Representantes de Egresados &#8211; Asociaci\u00f3n de Egresados<\/a><\/h4>\n<\/div>\n<div id=\"collapseCuarentaySeis\" class=\"panel-collapse collapse\">\n<div class=\"panel-body\">\n<ul class=\"documentos\">\n<li class=\"pdf\"><a href=\"https:\/\/www.ucatolica.edu.co\/portal\/wp-content\/uploads\/adjuntos\/actas-y-formatos\/acta-eleccion-representante-de-egresados-2025.pdf\" target=\"_blank\" rel=\"noopener\">Acta Elecci\u00f3n Representante de Egresados 2025<\/a><\/li>\n<li class=\"pdf\"><a href=\"https:\/\/www.ucatolica.edu.co\/portal\/wp-content\/uploads\/2024\/05\/representante-egresados2024.pdf\" target=\"_blank\" rel=\"noopener\">Acta Elecci\u00f3n Representante de Egresados 2024<\/a><\/li>\n<li class=\"pdf\"><a href=\"https:\/\/www.ucatolica.edu.co\/portal\/wp-content\/uploads\/2023\/08\/representante-egresados2023.pdf\" target=\"_blank\" rel=\"noopener\">Acta Elecci\u00f3n Representante de Egresados 2023<\/a><\/li>\n<li class=\"pdf\"><a href=\"https:\/\/www.ucatolica.edu.co\/portal\/wp-content\/uploads\/2023\/08\/representante-egresados2022.pdf\" target=\"_blank\" rel=\"noopener\">Acta Elecci\u00f3n Representante de Egresados 2022<\/a><\/li>\n<li class=\"pdf\"><a href=\"\/portal\/wp-content\/uploads\/adjuntos\/actas-y-formatos\/acta-eleccion-representante-de-egresados-2021.pdf\" target=\"_blank\" rel=\"noopener\">Acta Elecci\u00f3n Representante de Egresados 2021<\/a><\/li>\n<li class=\"pdf\"><a href=\"\/portal\/wp-content\/uploads\/adjuntos\/actas-y-formatos\/acta-eleccion-representante-de-egresados-2020.pdf\" target=\"_blank\" rel=\"noopener\">Acta Elecci\u00f3n Representante de Egresados 2020<\/a><\/li>\n<li class=\"pdf\"><a href=\"\/portal\/wp-content\/uploads\/adjuntos\/actas-y-formatos\/acta-eleccion-representante-de-egresados-2019.pdf\" target=\"_blank\" rel=\"noopener\">Acta Elecci\u00f3n Representante de Egresados 2019<\/a><\/li>\n<li class=\"pdf\"><a href=\"\/portal\/wp-content\/uploads\/adjuntos\/actas-y-formatos\/acta-eleccion-representante-de-egresados-2017.pdf\" target=\"_blank\" rel=\"noopener\">Acta Elecci\u00f3n Representante de Egresados 2017<\/a><\/li>\n<\/ul>\n<\/div>\n<\/div>\n<\/div>\n<div class=\"panel panel-default\">\n<div id=\"headingCuarentayOcho\" class=\"panel-heading\">\n<h4 class=\"panel-title\"><a href=\"#collapseCuarentayOcho\" data-toggle=\"collapse\" data-parent=\"#accordionCuatro\">Rendici\u00f3n de cuentas<\/a><\/h4>\n<\/div>\n<div id=\"collapseCuarentayOcho\" class=\"panel-collapse collapse\">\n<div class=\"panel-body\">\n<p><strong>Actas de Sala de Gobierno<\/strong><\/p>\n<ul>\n<li class=\"pdf\"><a href=\"https:\/\/www.ucatolica.edu.co\/portal\/wp-content\/uploads\/adjuntos\/actas-y-formatos\/acta-35-23.pdf\" target=\"_blank\" rel=\"noopener\">Sala de gobierno sesi\u00f3n ordinaria acta N\u00ba35<\/a><\/li>\n<li class=\"pdf\"><a href=\"https:\/\/www.ucatolica.edu.co\/portal\/wp-content\/uploads\/adjuntos\/actas-y-formatos\/acta-34-23.pdf\" target=\"_blank\" rel=\"noopener\">Sala de gobierno sesi\u00f3n ordinaria acta N\u00ba34<\/a><\/li>\n<li class=\"pdf\"><a href=\"https:\/\/www.ucatolica.edu.co\/portal\/wp-content\/uploads\/adjuntos\/actas-y-formatos\/acta-33-23.pdf\" target=\"_blank\" rel=\"noopener\">Sala de gobierno sesi\u00f3n ordinaria acta N\u00ba33<\/a><\/li>\n<li class=\"pdf\"><a href=\"https:\/\/www.ucatolica.edu.co\/portal\/wp-content\/uploads\/adjuntos\/actas-y-formatos\/acta-32-23.pdf\" target=\"_blank\" rel=\"noopener\">Sala de gobierno sesi\u00f3n extraordinaria acta N\u00ba32<\/a><\/li>\n<li class=\"pdf\"><a href=\"https:\/\/www.ucatolica.edu.co\/portal\/wp-content\/uploads\/adjuntos\/actas-y-formatos\/acta-31-23.pdf\" target=\"_blank\" rel=\"noopener\">Sala de gobierno sesi\u00f3n ordinaria acta N\u00ba31<\/a><\/li>\n<li class=\"pdf\"><a href=\"https:\/\/www.ucatolica.edu.co\/portal\/wp-content\/uploads\/adjuntos\/actas-y-formatos\/acta-30-22.pdf\" target=\"_blank\" rel=\"noopener\">Sala de gobierno sesi\u00f3n ordinaria acta N\u00ba30<\/a><\/li>\n<li class=\"pdf\"><a href=\"https:\/\/www.ucatolica.edu.co\/portal\/wp-content\/uploads\/adjuntos\/actas-y-formatos\/acta-29-22.pdf\" target=\"_blank\" rel=\"noopener\">Sala de gobierno sesi\u00f3n ordinaria acta N\u00ba29<\/a><\/li>\n<li class=\"pdf\"><a href=\"https:\/\/www.ucatolica.edu.co\/portal\/wp-content\/uploads\/adjuntos\/actas-y-formatos\/acta-28-22.pdf\" target=\"_blank\" rel=\"noopener\">Sala de gobierno sesi\u00f3n ordinaria acta N\u00ba28<\/a><\/li>\n<li class=\"pdf\"><a href=\"https:\/\/www.ucatolica.edu.co\/portal\/wp-content\/uploads\/adjuntos\/actas-y-formatos\/acta-27-22.pdf\" target=\"_blank\" rel=\"noopener\">Sala de gobierno sesi\u00f3n extraordinaria acta N\u00ba27<\/a><\/li>\n<li class=\"pdf\"><a href=\"https:\/\/www.ucatolica.edu.co\/portal\/wp-content\/uploads\/adjuntos\/actas-y-formatos\/acta-26-22.pdf\" target=\"_blank\" rel=\"noopener\">Sala de gobierno sesi\u00f3n extraordinaria acta N\u00ba26<\/a><\/li>\n<li class=\"pdf\"><a href=\"https:\/\/www.ucatolica.edu.co\/portal\/wp-content\/uploads\/adjuntos\/actas-y-formatos\/acta-25-22.pdf\" target=\"_blank\" rel=\"noopener\">Sala de gobierno sesi\u00f3n ordinaria acta N\u00ba25<\/a><\/li>\n<li class=\"pdf\"><a href=\"https:\/\/www.ucatolica.edu.co\/portal\/wp-content\/uploads\/adjuntos\/actas-y-formatos\/acta-24-22.pdf\" target=\"_blank\" rel=\"noopener\">Sala de gobierno sesi\u00f3n extraordinaria acta N\u00ba24<\/a><\/li>\n<li class=\"pdf\"><a href=\"https:\/\/www.ucatolica.edu.co\/portal\/wp-content\/uploads\/adjuntos\/actas-y-formatos\/acta-04-22.pdf\" target=\"_blank\" rel=\"noopener\">Asamblea general sesi\u00f3n extraordinaria acta N\u00ba04<\/a><\/li>\n<\/ul>\n<\/div>\n<\/div>\n<\/div>\n<\/div>\n<h5>Seccional Ch\u00eda \u2013 Sede la Caro<\/h5>\n<div id=\"accordionCuatro\" class=\"panel-group\">\n<div class=\"panel panel-default\">\n<div id=\"headingCuarentaySiete\" class=\"panel-heading\">\n<h4 class=\"panel-title\"><a href=\"#collapseCuarentaySiete\" data-toggle=\"collapse\" data-parent=\"#accordionCuatro\">Acuerdos y Actas &#8211; Seccional Ch\u00eda<\/a><\/h4>\n<\/div>\n<div id=\"collapseCuarentaySiete\" class=\"panel-collapse collapse\">\n<div class=\"panel-body\">\n<ul class=\"documentos\">\n<li class=\"pdf\"><a href=\"\/portal\/wp-content\/uploads\/adjuntos\/seccional-chia\/acuerdo-019-20.pdf\" target=\"_blank\" rel=\"noopener\">Acuerdo No. 019 Por el cual se actualiza el organigrama de la Universidad Cat\u00f3lica de Colombia y se aprueba el organigrama de la Seccional La Caro en el municipio de Ch\u00eda<\/a><\/li>\n<li class=\"pdf\"><a href=\"\/portal\/wp-content\/uploads\/adjuntos\/seccional-chia\/acuerdo-015-20.pdf\" target=\"_blank\" rel=\"noopener\">Acuerdo No. 015 Acta en la que se aprueba la actualizaci\u00f3n del organigrama (Sede la Caro)<\/a><\/li>\n<li class=\"pdf\"><a href=\"\/portal\/wp-content\/uploads\/adjuntos\/seccional-chia\/acuerdo-310-20.pdf\" target=\"_blank\" rel=\"noopener\">Acuerdo No. 310 Por el cual se reglamenta la Organizaci\u00f3n y funcionamiento de la Seccional de la Universidad Cat\u00f3lica de Colombia<\/a><\/li>\n<li class=\"pdf\"><a href=\"\/portal\/wp-content\/uploads\/adjuntos\/seccional-chia\/acuerdo-13-20.pdf\" target=\"_blank\" rel=\"noopener\">Acuerdo No. 13 Acta Consejo Superior aprobaci\u00f3n propuesta de organizaci\u00f3n y funcionamiento de la Seccional de la Caro<\/a><\/li>\n<li class=\"pdf\"><a href=\"\/portal\/wp-content\/uploads\/adjuntos\/seccional-chia\/acuerdo-2120-2001.pdf\" target=\"_blank\" rel=\"noopener\">Acuerdo No. 2120 Por la cual se autoriza la creaci\u00f3n de una Seccional en el Municipio de Ch\u00eda (Cundinamarca)<\/a><\/li>\n<li class=\"pdf\"><a href=\"\/portal\/wp-content\/uploads\/adjuntos\/seccional-chia\/acuerdo-52-1999.pdf\" target=\"_blank\" rel=\"noopener\">Acuerdo No. 52 Por el cual se aprueba la creaci\u00f3n de la Seccional Ch\u00eda, en la Sede la Caro<\/a><\/li>\n<\/ul>\n<\/div>\n<\/div>\n<\/div>\n<\/div>\n<p><!-- CONTENEDOR DOS PARA SIDEBAR --><\/p>\n<div id=\"contenido-dos\">\n<h2>Reglamentaci\u00f3n<\/h2>\n<ul>\n<li class=\"btn-cinco\"><a href=\"\/portal\/habeas-data\/\" target=\"_blank\" rel=\"noopener\">Pol\u00edtica de tratamiento de datos personales<\/a><\/li>\n<li class=\"btn-cinco\"><a href=\"\/portal\/nuestra-universidad\/estatutos-reglamentos-y-manuales\/comite-de-convivencia-laboral\/\">Comit\u00e9 de Convivencia Laboral<\/a><\/li>\n<li class=\"btn-cinco\" style=\"color: #fff;\"><a href=\"\/portal\/wp-content\/uploads\/2019\/09\/Acuerdo-No.-003-Pol\u00edtica-Seguridad-Vial-1.pdf\" target=\"_blank\" rel=\"noopener\">Pol\u00edtica de Seguridad Vial<\/a><\/li>\n<li class=\"btn-cinco\"><a href=\"https:\/\/www.ucatolica.edu.co\/portal\/educacion-inclusiva\/\" target=\"_blank\" rel=\"noopener\">Pol\u00edtica educaci\u00f3n inclusiva e intercultural<\/a><\/li>\n<\/ul>\n<h2>Documentos de Inter\u00e9s<\/h2>\n<ul class=\"documentos\">\n<li class=\"pdf\"><a href=\"\/portal\/wp-content\/uploads\/adjuntos\/reglamentos-y-estatutos\/estatutos.pdf\" target=\"_blank\" rel=\"noopener\">Estatuto General de la Universidad<\/a><\/li>\n<li class=\"pdf\"><a href=\"\/portal\/wp-content\/uploads\/adjuntos\/reglamentos-y-estatutos\/interno-de-trabajo\/reglamento_interno_de_trabajo.pdf\" target=\"_blank\" rel=\"noopener\">Reglamento Interno de Trabajo<\/a><\/li>\n<li class=\"pdf\"><a href=\"\/portal\/wp-content\/uploads\/2019\/09\/estatuto-profesoral-09-19.pdf\" target=\"_blank\" rel=\"noopener\">Estatuto Profesoral<\/a><\/li>\n<li class=\"pdf\"><a href=\"\/portal\/wp-content\/uploads\/adjuntos\/acuerdos\/consejo-superior-acuerdos-academicos-236-16.pdf\" target=\"_blank\" rel=\"noopener\">Reglamento del Estudiante<\/a><\/li>\n<li class=\"pdf\"><a href=\"https:\/\/www.ucatolica.edu.co\/portal\/wp-content\/uploads\/2022\/11\/anexo-consejo-superior-acuerdos-academicos-340-16.pdf\" target=\"_blank\" rel=\"noopener\">Estatuto de Bienestar Universitario<\/a><\/li>\n<li class=\"pdf\"><a href=\"https:\/\/www.ucatolica.edu.co\/portal\/wp-content\/uploads\/2024\/12\/Acuerdos-Pecuniarios-2025.pdf\" target=\"_blank\" rel=\"noopener\">Derechos Pecuniarios<\/a><\/li>\n<li class=\"pdf\"><a href=\"\/portal\/wp-content\/uploads\/adjuntos\/reglamentos-y-estatutos\/mision-PEI.pdf\">PEI<\/a><\/li>\n<\/ul>\n<h2>Accesos de Inter\u00e9s<\/h2>\n<ul>\n<li><a href=\"\/portal\/nuestra-universidad\/ucatolica-tv\/\">Ucatolica Tv<\/a><\/li>\n<li><a href=\"\/portal\/nuestra-universidad\/informacion-institucional\/\">Informaci\u00f3n Institucional<\/a><\/li>\n<li><a href=\"\/portal\/nuestra-universidad\/plan-de-desarrollo\/\">Plan de Desarrollo<\/a><\/li>\n<li><a href=\"\/portal\/nuestra-universidad\/autoevaluacion\/\">Autoevaluaci\u00f3n<\/a><\/li>\n<li><a href=\"\/portal\/nuestra-universidad\/universidad-en-cifras\/\">Universidad en Cifras<\/a><\/li>\n<li><a href=\"\/portal\/nuestra-universidad\/normatividad\/\">Normatividad<\/a><\/li>\n<li><a href=\"\/portal\/nuestra-universidad\/glosario-institucional\/\">Glosario Institucional<\/a><\/li>\n<li><a href=\"\/portal\/nuestra-universidad\/contactos-y-ubicaciones\/\">Contactos y Ubicaciones<\/a><\/li>\n<\/ul>\n<\/div>\n","protected":false},"excerpt":{"rendered":"<p>Estatutos, Reglamentos y Manuales La Secretar\u00eda General de la Universidad Cat\u00f3lica de Colombia es la encargada se comunicar a la comunidad universitaria y a terceros interesados las decisiones de los \u00f3rganos de gobierno de la Universidad y de las actuaciones de las autoridades institucionales. A continuaci\u00f3n encontrar\u00e1 un compendio de las normas b\u00e1sicas de la [&hellip;]<\/p>\n","protected":false},"author":2,"featured_media":0,"parent":140,"menu_order":0,"comment_status":"closed","ping_status":"closed","template":"page-oldstyle.php","meta":{"_acf_changed":false,"advgb_blocks_editor_width":"","advgb_blocks_columns_visual_guide":"","footnotes":""},"class_list":["post-1371","page","type-page","status-publish","hentry"],"acf":[],"yoast_head":"<!-- This site is optimized with the Yoast SEO plugin v26.7 - https:\/\/yoast.com\/wordpress\/plugins\/seo\/ -->\n<title>Estatutos, Reglamentos y Manuales - Universidad Cat\u00f3lica De Colombia<\/title>\n<meta name=\"robots\" content=\"index, follow, max-snippet:-1, max-image-preview:large, max-video-preview:-1\" \/>\n<link rel=\"canonical\" href=\"https:\/\/www.ucatolica.edu.co\/portal\/nuestra-universidad\/estatutos-reglamentos-y-manuales\/\" \/>\n<meta property=\"og:locale\" content=\"es_ES\" \/>\n<meta property=\"og:type\" content=\"article\" \/>\n<meta property=\"og:title\" content=\"Estatutos, Reglamentos y Manuales - Universidad Cat\u00f3lica De Colombia\" \/>\n<meta property=\"og:description\" content=\"Estatutos, Reglamentos y Manuales La Secretar\u00eda General de la Universidad Cat\u00f3lica de Colombia es la encargada se comunicar a la comunidad universitaria y a terceros interesados las decisiones de los \u00f3rganos de gobierno de la Universidad y de las actuaciones de las autoridades institucionales. A continuaci\u00f3n encontrar\u00e1 un compendio de las normas b\u00e1sicas de la [&hellip;]\" \/>\n<meta property=\"og:url\" content=\"https:\/\/www.ucatolica.edu.co\/portal\/nuestra-universidad\/estatutos-reglamentos-y-manuales\/\" \/>\n<meta property=\"og:site_name\" content=\"Universidad Cat\u00f3lica De Colombia\" \/>\n<meta property=\"article:publisher\" content=\"https:\/\/www.facebook.com\/ucatolicacolombia\" \/>\n<meta property=\"article:modified_time\" content=\"2026-04-21T19:27:38+00:00\" \/>\n<meta name=\"twitter:card\" content=\"summary_large_image\" \/>\n<meta name=\"twitter:site\" content=\"@UCatolicaCol\" \/>\n<meta name=\"twitter:label1\" content=\"Tiempo de lectura\" \/>\n\t<meta name=\"twitter:data1\" content=\"63 minutos\" \/>\n<script type=\"application\/ld+json\" class=\"yoast-schema-graph\">{\"@context\":\"https:\/\/schema.org\",\"@graph\":[{\"@type\":\"WebPage\",\"@id\":\"https:\/\/www.ucatolica.edu.co\/portal\/nuestra-universidad\/estatutos-reglamentos-y-manuales\/\",\"url\":\"https:\/\/www.ucatolica.edu.co\/portal\/nuestra-universidad\/estatutos-reglamentos-y-manuales\/\",\"name\":\"Estatutos, Reglamentos y Manuales - Universidad Cat\u00f3lica De Colombia\",\"isPartOf\":{\"@id\":\"https:\/\/www.ucatolica.edu.co\/portal\/#website\"},\"datePublished\":\"2018-09-20T16:45:12+00:00\",\"dateModified\":\"2026-04-21T19:27:38+00:00\",\"breadcrumb\":{\"@id\":\"https:\/\/www.ucatolica.edu.co\/portal\/nuestra-universidad\/estatutos-reglamentos-y-manuales\/#breadcrumb\"},\"inLanguage\":\"es-CO\",\"potentialAction\":[{\"@type\":\"ReadAction\",\"target\":[\"https:\/\/www.ucatolica.edu.co\/portal\/nuestra-universidad\/estatutos-reglamentos-y-manuales\/\"]}]},{\"@type\":\"BreadcrumbList\",\"@id\":\"https:\/\/www.ucatolica.edu.co\/portal\/nuestra-universidad\/estatutos-reglamentos-y-manuales\/#breadcrumb\",\"itemListElement\":[{\"@type\":\"ListItem\",\"position\":1,\"name\":\"Inicio\",\"item\":\"https:\/\/www.ucatolica.edu.co\/portal\/\"},{\"@type\":\"ListItem\",\"position\":2,\"name\":\"Nuestra Universidad\",\"item\":\"https:\/\/www.ucatolica.edu.co\/portal\/nuestra-universidad\/\"},{\"@type\":\"ListItem\",\"position\":3,\"name\":\"Estatutos, Reglamentos y Manuales\"}]},{\"@type\":\"WebSite\",\"@id\":\"https:\/\/www.ucatolica.edu.co\/portal\/#website\",\"url\":\"https:\/\/www.ucatolica.edu.co\/portal\/\",\"name\":\"Universidad Cat\u00f3lica De Colombia\",\"description\":\"Universidad Cat\u00f3lica De Colombia\",\"publisher\":{\"@id\":\"https:\/\/www.ucatolica.edu.co\/portal\/#organization\"},\"potentialAction\":[{\"@type\":\"SearchAction\",\"target\":{\"@type\":\"EntryPoint\",\"urlTemplate\":\"https:\/\/www.ucatolica.edu.co\/portal\/?s={search_term_string}\"},\"query-input\":{\"@type\":\"PropertyValueSpecification\",\"valueRequired\":true,\"valueName\":\"search_term_string\"}}],\"inLanguage\":\"es-CO\"},{\"@type\":\"Organization\",\"@id\":\"https:\/\/www.ucatolica.edu.co\/portal\/#organization\",\"name\":\"Universidad Cat\u00f3lica de Colombia\",\"url\":\"https:\/\/www.ucatolica.edu.co\/portal\/\",\"logo\":{\"@type\":\"ImageObject\",\"inLanguage\":\"es-CO\",\"@id\":\"https:\/\/www.ucatolica.edu.co\/portal\/#\/schema\/logo\/image\/\",\"url\":\"https:\/\/www.ucatolica.edu.co\/portal\/wp-content\/uploads\/2021\/06\/logo-header-ho-1.svg\",\"contentUrl\":\"https:\/\/www.ucatolica.edu.co\/portal\/wp-content\/uploads\/2021\/06\/logo-header-ho-1.svg\",\"width\":1,\"height\":1,\"caption\":\"Universidad Cat\u00f3lica de Colombia\"},\"image\":{\"@id\":\"https:\/\/www.ucatolica.edu.co\/portal\/#\/schema\/logo\/image\/\"},\"sameAs\":[\"https:\/\/www.facebook.com\/ucatolicacolombia\",\"https:\/\/x.com\/UCatolicaCol\",\"https:\/\/www.instagram.com\/universidadcatolicadecolombia\/\",\"https:\/\/www.linkedin.com\/company\/universidadcatolicadecolombia\/\",\"https:\/\/www.youtube.com\/user\/UCatolicaCo\"]}]}<\/script>\n<!-- \/ Yoast SEO plugin. -->","yoast_head_json":{"title":"Estatutos, Reglamentos y Manuales - Universidad Cat\u00f3lica De Colombia","robots":{"index":"index","follow":"follow","max-snippet":"max-snippet:-1","max-image-preview":"max-image-preview:large","max-video-preview":"max-video-preview:-1"},"canonical":"https:\/\/www.ucatolica.edu.co\/portal\/nuestra-universidad\/estatutos-reglamentos-y-manuales\/","og_locale":"es_ES","og_type":"article","og_title":"Estatutos, Reglamentos y Manuales - Universidad Cat\u00f3lica De Colombia","og_description":"Estatutos, Reglamentos y Manuales La Secretar\u00eda General de la Universidad Cat\u00f3lica de Colombia es la encargada se comunicar a la comunidad universitaria y a terceros interesados las decisiones de los \u00f3rganos de gobierno de la Universidad y de las actuaciones de las autoridades institucionales. A continuaci\u00f3n encontrar\u00e1 un compendio de las normas b\u00e1sicas de la [&hellip;]","og_url":"https:\/\/www.ucatolica.edu.co\/portal\/nuestra-universidad\/estatutos-reglamentos-y-manuales\/","og_site_name":"Universidad Cat\u00f3lica De Colombia","article_publisher":"https:\/\/www.facebook.com\/ucatolicacolombia","article_modified_time":"2026-04-21T19:27:38+00:00","twitter_card":"summary_large_image","twitter_site":"@UCatolicaCol","twitter_misc":{"Tiempo de lectura":"63 minutos"},"schema":{"@context":"https:\/\/schema.org","@graph":[{"@type":"WebPage","@id":"https:\/\/www.ucatolica.edu.co\/portal\/nuestra-universidad\/estatutos-reglamentos-y-manuales\/","url":"https:\/\/www.ucatolica.edu.co\/portal\/nuestra-universidad\/estatutos-reglamentos-y-manuales\/","name":"Estatutos, Reglamentos y Manuales - Universidad Cat\u00f3lica De Colombia","isPartOf":{"@id":"https:\/\/www.ucatolica.edu.co\/portal\/#website"},"datePublished":"2018-09-20T16:45:12+00:00","dateModified":"2026-04-21T19:27:38+00:00","breadcrumb":{"@id":"https:\/\/www.ucatolica.edu.co\/portal\/nuestra-universidad\/estatutos-reglamentos-y-manuales\/#breadcrumb"},"inLanguage":"es-CO","potentialAction":[{"@type":"ReadAction","target":["https:\/\/www.ucatolica.edu.co\/portal\/nuestra-universidad\/estatutos-reglamentos-y-manuales\/"]}]},{"@type":"BreadcrumbList","@id":"https:\/\/www.ucatolica.edu.co\/portal\/nuestra-universidad\/estatutos-reglamentos-y-manuales\/#breadcrumb","itemListElement":[{"@type":"ListItem","position":1,"name":"Inicio","item":"https:\/\/www.ucatolica.edu.co\/portal\/"},{"@type":"ListItem","position":2,"name":"Nuestra Universidad","item":"https:\/\/www.ucatolica.edu.co\/portal\/nuestra-universidad\/"},{"@type":"ListItem","position":3,"name":"Estatutos, Reglamentos y Manuales"}]},{"@type":"WebSite","@id":"https:\/\/www.ucatolica.edu.co\/portal\/#website","url":"https:\/\/www.ucatolica.edu.co\/portal\/","name":"Universidad Cat\u00f3lica De Colombia","description":"Universidad Cat\u00f3lica De Colombia","publisher":{"@id":"https:\/\/www.ucatolica.edu.co\/portal\/#organization"},"potentialAction":[{"@type":"SearchAction","target":{"@type":"EntryPoint","urlTemplate":"https:\/\/www.ucatolica.edu.co\/portal\/?s={search_term_string}"},"query-input":{"@type":"PropertyValueSpecification","valueRequired":true,"valueName":"search_term_string"}}],"inLanguage":"es-CO"},{"@type":"Organization","@id":"https:\/\/www.ucatolica.edu.co\/portal\/#organization","name":"Universidad Cat\u00f3lica de Colombia","url":"https:\/\/www.ucatolica.edu.co\/portal\/","logo":{"@type":"ImageObject","inLanguage":"es-CO","@id":"https:\/\/www.ucatolica.edu.co\/portal\/#\/schema\/logo\/image\/","url":"https:\/\/www.ucatolica.edu.co\/portal\/wp-content\/uploads\/2021\/06\/logo-header-ho-1.svg","contentUrl":"https:\/\/www.ucatolica.edu.co\/portal\/wp-content\/uploads\/2021\/06\/logo-header-ho-1.svg","width":1,"height":1,"caption":"Universidad Cat\u00f3lica de Colombia"},"image":{"@id":"https:\/\/www.ucatolica.edu.co\/portal\/#\/schema\/logo\/image\/"},"sameAs":["https:\/\/www.facebook.com\/ucatolicacolombia","https:\/\/x.com\/UCatolicaCol","https:\/\/www.instagram.com\/universidadcatolicadecolombia\/","https:\/\/www.linkedin.com\/company\/universidadcatolicadecolombia\/","https:\/\/www.youtube.com\/user\/UCatolicaCo"]}]}},"coauthors":[],"author_meta":{"author_link":"https:\/\/www.ucatolica.edu.co\/portal\/author\/carrnall\/","display_name":"Carlos Zea"},"relative_dates":{"created":"Posted 8 a\u00f1os ago","modified":"Updated 1 semana ago"},"absolute_dates":{"created":"Posted on 20 septiembre, 2018","modified":"Updated on 21 abril, 2026"},"absolute_dates_time":{"created":"Posted on 20 septiembre, 2018 11:45 am","modified":"Updated on 21 abril, 2026 2:27 pm"},"featured_img_caption":"","featured_img":false,"series_order":"","_links":{"self":[{"href":"https:\/\/www.ucatolica.edu.co\/portal\/wp-json\/wp\/v2\/pages\/1371","targetHints":{"allow":["GET"]}}],"collection":[{"href":"https:\/\/www.ucatolica.edu.co\/portal\/wp-json\/wp\/v2\/pages"}],"about":[{"href":"https:\/\/www.ucatolica.edu.co\/portal\/wp-json\/wp\/v2\/types\/page"}],"author":[{"embeddable":true,"href":"https:\/\/www.ucatolica.edu.co\/portal\/wp-json\/wp\/v2\/users\/2"}],"replies":[{"embeddable":true,"href":"https:\/\/www.ucatolica.edu.co\/portal\/wp-json\/wp\/v2\/comments?post=1371"}],"version-history":[{"count":21,"href":"https:\/\/www.ucatolica.edu.co\/portal\/wp-json\/wp\/v2\/pages\/1371\/revisions"}],"predecessor-version":[{"id":133056,"href":"https:\/\/www.ucatolica.edu.co\/portal\/wp-json\/wp\/v2\/pages\/1371\/revisions\/133056"}],"up":[{"embeddable":true,"href":"https:\/\/www.ucatolica.edu.co\/portal\/wp-json\/wp\/v2\/pages\/140"}],"wp:attachment":[{"href":"https:\/\/www.ucatolica.edu.co\/portal\/wp-json\/wp\/v2\/media?parent=1371"}],"curies":[{"name":"wp","href":"https:\/\/api.w.org\/{rel}","templated":true}]}}