{"id":1939,"date":"2018-10-11T12:39:19","date_gmt":"2018-10-11T17:39:19","guid":{"rendered":"http:\/\/172.24.1.191:8888\/portal\/?page_id=1939"},"modified":"2023-05-07T10:07:11","modified_gmt":"2023-05-07T15:07:11","slug":"extension","status":"publish","type":"page","link":"https:\/\/www.ucatolica.edu.co\/portal\/extension\/","title":{"rendered":"Extensi\u00f3n"},"content":{"rendered":"<p><a href=\"https:\/\/www.ucatolica.edu.co\/portal\/wp-content\/uploads\/2023\/03\/portafolio_2023.pdf\" target=\"_blank\" rel=\"noopener\"><img decoding=\"async\" class=\"alignnone size-full\" src=\"https:\/\/www.ucatolica.edu.co\/portal\/wp-content\/uploads\/2019\/07\/banner-port-uee.png\" width=\"100%\"><\/a><\/p>\n<h2>Direcci\u00f3n de Extensi\u00f3n<\/h2>\n<p>La Universidad Cat\u00f3lica de Colombia entiende y asume la extensi\u00f3n como una funci\u00f3n sustantiva que interpreta, articula y gestiona las relaciones entre la Universidad y su entorno, con el prop\u00f3sito de potenciar la pertinencia y viabilidad acad\u00e9mica de la Universidad, reflejar su identidad ante la sociedad y aportar a la construcci\u00f3n integral del pa\u00eds.<br \/>\nServicios de extensi\u00f3n<br \/>\nLa Universidad Cat\u00f3lica de Colombia ofrece servicios de asesor\u00eda, consultor\u00eda y capacitaci\u00f3n en funci\u00f3n de los programas de Extensi\u00f3n y sus correspondientes campos de acci\u00f3n, los cuales se presentan a continuaci\u00f3n:<\/p>\n<div class=\"col-12 col-sm-4\" style=\"float: left; border-left: solid 0.005em #bababa; margin: 30px 0;\">\n<h5>Programas de Extensi\u00f3n<\/h5>\n<ul class=\"cont\">\n<li>Conjunto de proyectos orientados en funci\u00f3n de eje tem\u00e1tico com\u00fan, que se ejecuta a trav\u00e9s de asesor\u00edas, consultor\u00edas o capacitaciones<\/li>\n<\/ul>\n<\/div>\n<div class=\"col-12 col-sm-4\" style=\"float: left; border-left: solid 0.005em #bababa; margin: 30px 0;\">\n<h5>Educaci\u00f3n Continuada<\/h5>\n<ul class=\"cont\">\n<li>Diplomados<\/li>\n<li>Cursos<\/li>\n<li>Seminarios<\/li>\n<li>Talleres<\/li>\n<li>Congresos<\/li>\n<\/ul>\n<\/div>\n<div class=\"col-12 col-sm-4\" style=\"float: left; border-left: solid 0.005em #bababa; margin: 30px 0;\">\n<h5>Servicios a egresados<\/h5>\n<ul class=\"cont\">\n<li>Seminarios<\/li>\n<li>Talleres<\/li>\n<\/ul>\n<\/div>\n<p style=\"width: 100%; display: inline-block;\">Consulte los <a href=\"https:\/\/www.ucatolica.edu.co\/portal\/wp-content\/uploads\/2022\/05\/lineamientos-para-extension.pdf\" target=\"_blank\" rel=\"noopener\">lineamientos de Extensi\u00f3n<\/a><\/p>\n<div id=\"accordion\" class=\"panel-group\">\n<div class=\"panel panel-default\">\n<div id=\"heading0\" class=\"panel-heading\">\n<h4 class=\"panel-title\"><a href=\"#collapse0\" data-toggle=\"collapse\" data-parent=\"#accordion\">Nuestro equipo de trabajo<\/a><\/h4>\n<\/div>\n<div id=\"collapse0\" class=\"panel-collapse collapse\">\n<div class=\"panel-body\">\n<div class=\"container\">\n<div class=\"row\" style=\"text-align: center;\">\n<div class=\"col-12 col-sm-4\" style=\"\/* border-left: solid 0.005em #bababa; *\/margin: 30px 0;\">\n<p class=\"eip\"><b><span lang=\"ES-CO\">Direcci\u00f3n Extensi\u00f3n<br \/>\n<\/span><\/b><span lang=\"ES-CO\">Pbx:(601)4433700. Ext.1088 \u2013 1091<\/span><span lang=\"ES-CO\"><br \/>\nDireccionextension@ucatolica.edu.co<br \/>\nDiagonal 46 # 15B-18, Casa Extensi\u00f3n<\/span><\/p>\n<\/div>\n<div class=\"col-12 col-sm-4\" style=\"\/* border-left: solid 0.005em #bababa; *\/margin: 30px 0;\">\n<p class=\"eip\"><b><span lang=\"ES-CO\">Coordinaci\u00f3n Universidad Empresa Estado<br \/>\n<\/span><\/b><span lang=\"ES-CO\">(601)4433700.Ext:1092<\/span><span lang=\"ES-CO\"><br \/>\nuempresaestado@ucatolica.edu.co<br \/>\nDiagonal 46 # 15B-18, Casa Extensi\u00f3n<\/span><\/p>\n<\/div>\n<div class=\"col-12 col-sm-4\" style=\"\/* border-left: solid 0.005em #bababa; *\/margin: 30px 0;\">\n<p class=\"eip\"><b><span lang=\"ES-CO\">Programa de Emprendimiento<br \/>\n<\/span><\/b><span lang=\"ES-CO\">Pbx:(601)4433700Ext.1087<\/span><span lang=\"ES-CO\"><br \/>\n<a href=\"mailto:emprendimiento@ucatolica.edu.co\">emprendimiento@ucatolica.edu.co<\/a><br \/>\nDiagonal 46 # 15B-18, Casa Extensi\u00f3n<\/span><\/p>\n<\/div>\n<p class=\"col-12 col-sm-4\"><b><span lang=\"ES-CO\">Coordinaci\u00f3n de Responsabilidad Social<br \/>\n<\/span><\/b><span lang=\"ES-CO\">Pbx:(601)4433700 Ext.3294<\/span><span lang=\"ES-CO\"><br \/>\n<a href=\"mailto:rsu01@ucatolica.edu.co\">rsu01@ucatolica.edu.co<\/a><br \/>\nDiagonal 46 # 15B-18, Casa Extensi\u00f3n<\/span><\/p>\n<p class=\"col-12 col-sm-4\"><b><span lang=\"ES-CO\">Coordinaci\u00f3n Educaci\u00f3n Continuada<br \/>\n<\/span><\/b><span lang=\"ES-CO\">Pbx:(601)4433700.Ext.1090-1089-3292<\/span><span lang=\"ES-CO\"><br \/>\n<a href=\"mailto:educacion_continuada@ucatolica.edu.co\">educacion_continuada@ucatolica.edu.co<\/a><br \/>\nDiagonal 46 # 15B-18, Casa Extensi\u00f3n<\/span><\/p>\n<p class=\"col-12 col-sm-4\"><b><span lang=\"ES-CO\">Coordinaci\u00f3n Egresados<br \/>\n<\/span><\/b><span lang=\"ES-CO\">Pbx:(601)4433700.Ext.1093-1094<\/span><span lang=\"ES-CO\"><br \/>\n<a href=\"mailto:egresados@ucatolica.edu.co\">egresados@ucatolica.edu.co<\/a><br \/>\nDiagonal 46 # 15B-18, Casa Extensi\u00f3n<\/span><\/p>\n<div class=\"col-12 col-sm-4\" style=\"\/* border-left: solid 0.005em #bababa; *\/margin: 30px 0;\">\n<p class=\"eip\"><span lang=\"ES-CO\"><strong>Especialista en Empleabilidad<\/strong><br \/>\nPbx: (601) 4433700.Ext. 3293<br \/>\n<a href=\"mailto:empleabilidad@ucatolica.edu.co\">empleabilidad@ucatolica.edu.co<\/a><br \/>\nDiagonal 46 # 15B-18, Casa Extensi\u00f3n<\/span><\/p>\n<\/div>\n<\/div>\n<\/div>\n<\/div>\n<\/div>\n<\/div>\n<\/div>\n<div id=\"accordion\" class=\"panel-group\">\n<div class=\"panel panel-default\">\n<div id=\"heading1\" class=\"panel-heading\">\n<h4 class=\"panel-title\"><a href=\"#collapse1\" data-toggle=\"collapse\" data-parent=\"#accordion\">Programas de Extensi\u00f3n<\/a><\/h4>\n<\/div>\n<div id=\"collapse1\" class=\"panel-collapse collapse\">\n<div class=\"panel-body\">\n<div class=\"col-12 col-sm-6\">\n<h3><strong>Servicios en Derecho<\/strong><\/h3>\n<h4><strong>Campos de acci\u00f3n<\/strong><\/h4>\n<ul>\n<li>Laboral y Seguridad Social.<\/li>\n<li>Contrataci\u00f3n P\u00fablica y Privada.<\/li>\n<li>Pol\u00edticas P\u00fablicas.<\/li>\n<li>Propiedad Intelectual y Derecho Privado.<\/li>\n<li>Conflicto y Criminalidad (Sistema Penal Acusatorio).<\/li>\n<li>Derecho Constitucional y Administrativo.<\/li>\n<li>Derechos Humanos y Derecho Internacional Humanitario.<\/li>\n<\/ul>\n<\/div>\n<div class=\"col-12 col-sm-6\">\n<h3><strong>Servicios en Ciencias Econ\u00f3micas y Administrativas<\/strong><\/h3>\n<h4><strong>Campos de acci\u00f3n<\/strong><\/h4>\n<ul>\n<li>Dise\u00f1o, ejecuci\u00f3n y administraci\u00f3n de Proyectos de Inversi\u00f3n Privados y P\u00fablicos.<\/li>\n<li>Planes de Desarrollo Territorial.<\/li>\n<li>Plan de Ordenamiento Territorial (POT).<\/li>\n<li>Formulaci\u00f3n y Evaluaci\u00f3n de Pol\u00edticas P\u00fablicas.<\/li>\n<li>Planeaci\u00f3n financiera, fiscal-tributaria a gobiernos subnacionales, y personas jur\u00eddicas y naturales.<\/li>\n<li>Prospectiva Laboral y Estudios del Mercado del Trabajo.<\/li>\n<li>An\u00e1lisis Econ\u00f3mico Sectorial, Inter e Intraindustrial.<\/li>\n<\/ul>\n<\/div>\n<div class=\"col-12 col-sm-6\">\n<h3><strong>Servicios en Ingenier\u00eda<\/strong><\/h3>\n<p><em>Ingenier\u00eda Civil<\/em><\/p>\n<h4><strong>Campos de acci\u00f3n.<\/strong><\/h4>\n<ul>\n<li>Estructuras.<\/li>\n<li>Recursos H\u00eddricos.<\/li>\n<li>V\u00edas y Transporte.<\/li>\n<li>Gesti\u00f3n.<\/li>\n<li>Geotecnia.<\/li>\n<li>Construcci\u00f3n.<\/li>\n<li>Hidr\u00e1ulica y Saneamiento Ambiental.<\/li>\n<\/ul>\n<p><em>Ingenier\u00eda Industrial<\/em><\/p>\n<h4><strong>Campos de acci\u00f3n.<\/strong><\/h4>\n<ul>\n<li>Modelamiento y Optimizaci\u00f3n.<\/li>\n<li>Producci\u00f3n y Log\u00edstica.<\/li>\n<li>Gesti\u00f3n Organizacional.<\/li>\n<\/ul>\n<p><em>Ingenier\u00eda de Sistemas<\/em><\/p>\n<h4><strong>Campos de acci\u00f3n.<\/strong><\/h4>\n<ul>\n<li>Infraestructura y Gesti\u00f3n de Tecnolog\u00eda.<\/li>\n<li>Ingenier\u00eda de Software.<\/li>\n<li>Ciencias de la Computaci\u00f3n.<\/li>\n<\/ul>\n<p><em>Ingenier\u00eda Electr\u00f3nica y de Telecomunicaciones<\/em><\/p>\n<h4><strong>Campos de acci\u00f3n.<\/strong><\/h4>\n<ul>\n<li>Control e Instrumentaci\u00f3n.<\/li>\n<li>Telecomunicaciones.<\/li>\n<\/ul>\n<\/div>\n<div class=\"col-12 col-sm-6\">\n<h3><strong>Servicios en Psicolog\u00eda<\/strong><\/h3>\n<h4><strong>Campos de acci\u00f3n.<\/strong><\/h4>\n<ul>\n<li>Psicolog\u00eda Cl\u00ednica y de La Salud.<\/li>\n<li>Psicolog\u00eda Organizacional.<\/li>\n<li>Psicolog\u00eda Jur\u00eddica y Forense.<\/li>\n<li>Psicolog\u00eda Social y Comunitaria.<\/li>\n<li>Psicolog\u00eda Educativa.<\/li>\n<li>Psicometr\u00eda y estad\u00edstica aplicada a las ciencias sociales.<\/li>\n<li>Otros servicios: test, equipos y espacios.<\/li>\n<\/ul>\n<\/div>\n<div class=\"col-12 col-sm-6\">\n<h3><strong>Servicios en Humanidades<\/strong><\/h3>\n<h4><strong>Campos de acci\u00f3n.<\/strong><\/h4>\n<p>Capacitaciones centradas en la persona:<\/p>\n<ul>\n<li>Persona y Empresa.<\/li>\n<li>Persona y Familia.<\/li>\n<li>Persona y Sociedad.<\/li>\n<\/ul>\n<\/div>\n<div class=\"col-12 col-sm-6\">\n<h3><strong>Servicios en Ciencias B\u00e1sicas<\/strong><\/h3>\n<h4><strong>Campos de acci\u00f3n.<\/strong><\/h4>\n<ul>\n<li>Capacitaci\u00f3n y actualizaci\u00f3n en pedagog\u00eda y did\u00e1ctica de las ciencias.<\/li>\n<li>Capacitaci\u00f3n en SPSS.<\/li>\n<li>Capacitaci\u00f3n y actualizaci\u00f3n en m-learning.<\/li>\n<li>Cursos de estad\u00edstica.<\/li>\n<li>Capacitaciones, asesor\u00edas en matem\u00e1ticas, f\u00edsica, qu\u00edmica y estad\u00edstica.<\/li>\n<li>Asesor\u00eda en propiedades f\u00edsico qu\u00edmicas de los materiales en construcci\u00f3n y materiales en general.<\/li>\n<li>Pr\u00e1cticas de laboratorios para f\u00edsica: mec\u00e1nica, ondas, electricidad, magnetismo y qu\u00edmica general.<\/li>\n<\/ul>\n<\/div>\n<div class=\"col-12 col-sm-6\">\n<h3><strong>Servicios en Biling\u00fcismo<\/strong><\/h3>\n<h4><strong>Campos de acci\u00f3n.<\/strong><\/h4>\n<ul>\n<li>Cursos de ingl\u00e9s para empresas.<\/li>\n<\/ul>\n<\/div>\n<div class=\"col-12 col-sm-6\">\n<h3><strong>Servicios en Arquitectura<\/strong><\/h3>\n<h4><strong>Campos de acci\u00f3n<\/strong><\/h4>\n<ul>\n<li>Estudios y soluciones a problem\u00e1ticas de la arquitectura enfocadas al espacio arquitect\u00f3nico sostenible.<\/li>\n<li>Estudios y soluciones a problem\u00e1ticas del lugar en la Arquitectura. (Urbanismo).<\/li>\n<li>Estudios y soluciones a las problem\u00e1ticas de nuevas tecnolog\u00edas en proyectos arquitect\u00f3nicos.<\/li>\n<li>Estudios y soluciones a problem\u00e1ticas en Patrimonios Urbanos y Arquitect\u00f3nicos.<\/li>\n<\/ul>\n<\/div>\n<\/div>\n<\/div>\n<\/div>\n<\/div>\n<div id=\"accordion\" class=\"panel-group\">\n<div class=\"panel panel-default\">\n<div id=\"heading2\" class=\"panel-heading\">\n<h4 class=\"panel-title\"><a href=\"#collapse2\" data-toggle=\"collapse\" data-parent=\"#accordion\">Casos de \u00c9xito<\/a><\/h4>\n<\/div>\n<div id=\"collapse2\" class=\"panel-collapse collapse\">\n<div class=\"panel-body\">\n<h3>1. Consultor\u00eda para el fortalecimiento de las capacidades de los operadores preventivos en gesti\u00f3n de riesgos para la Procuradur\u00eda General de la Naci\u00f3n, donde se dise\u00f1aron los siguientes productos:<\/h3>\n<ul>\n<li style=\"list-style-type: none;\">\n<ul>\n<li>An\u00e1lisis sobre la aplicaci\u00f3n de la gesti\u00f3n de riesgos en el marco de la funci\u00f3n preventiva que ejerce la Procuradur\u00eda General de la Naci\u00f3n.<\/li>\n<li>Dise\u00f1o e implementaci\u00f3n de un programa de formaci\u00f3n en gesti\u00f3n de riesgos aplicado a la gesti\u00f3n preventiva de la Procuradur\u00eda, incluyendo el enfoque metodol\u00f3gico constructivista y la utilizaci\u00f3n de estrategias did\u00e1cticas.<\/li>\n<li>Construcci\u00f3n de una gu\u00eda metodol\u00f3gica para aplicar la gesti\u00f3n de riesgos en la administraci\u00f3n p\u00fablica, en el marco de la funci\u00f3n de prevenci\u00f3n ejercida por la Procuradur\u00eda.<\/li>\n<li>Identificaci\u00f3n de m\u00ednimo diez aspectos que pueden constituir riesgos en la gesti\u00f3n p\u00fablica colombiana y propuestas de c\u00f3mo manejarlos desde las actuaciones preventivas.<\/li>\n<\/ul>\n<\/li>\n<\/ul>\n<h3>2. Dise\u00f1o y validaci\u00f3n de las herramientas para la puesta en marcha del programa nacional de cl\u00ednicas de cesaci\u00f3n del tabaquismo para la Organizaci\u00f3n Mundial de la Salud \u2013 OMS, donde se dise\u00f1aron los siguientes productos:<\/h3>\n<ul>\n<li style=\"list-style-type: none;\">\n<ul>\n<li>Especificaciones t\u00e9cnicas y operativas para la conformaci\u00f3n, funcionamiento y sostenibilidad de una cl\u00ednica para la cesaci\u00f3n del tabaco en el marco del SGSSS.<\/li>\n<li>Documento conceptual que contuvo el programa nacional de cl\u00ednicas de cesaci\u00f3n del tabaquismo en siete ciudades de Colombia.<\/li>\n<\/ul>\n<\/li>\n<\/ul>\n<h3>3. Servicio de cursos, seminarios y talleres para clientes, formato cat\u00e1logo de formaci\u00f3n para Sodimac Colombia S.A. \u2013 Constructor en las 35 tiendas a nivel nacional durante 7 trimestres. Las capacitaciones se enfocaron en los siguientes temas:<\/h3>\n<ul>\n<li style=\"list-style-type: none;\">\n<ul>\n<li>Administrativos de construcci\u00f3n.<\/li>\n<li>Administraci\u00f3n de personal.<\/li>\n<li>T\u00e9cnico de la construcci\u00f3n.<\/li>\n<li>Emprendimiento.<\/li>\n<li>Ofim\u00e1tica.<\/li>\n<\/ul>\n<\/li>\n<\/ul>\n<h3>4. Servicio de Diplomado en Seguridad Social para la empresa Heinsohn Business Technology, llevado a cabo en el tercer trimestre del a\u00f1o 2013 con resultados satisfactorios para los asistentes y la compa\u00f1\u00eda en general.<\/h3>\n<\/div>\n<\/div>\n<\/div>\n<\/div>\n<div id=\"accordion\" class=\"panel-group\">\n<div class=\"panel panel-default\">\n<div id=\"heading3\" class=\"panel-heading\">\n<h4 class=\"panel-title\"><a href=\"#collapse3\" data-toggle=\"collapse\" data-parent=\"#accordion\">Nuestros Clientes<\/a><\/h4>\n<\/div>\n<div id=\"collapse3\" class=\"panel-collapse collapse\">\n<div class=\"panel-body\">\n<ul>\n<li>Alcald\u00eda Municipal de Ch\u00eda.<\/li>\n<li>Auditor\u00eda Fiscal ante la Contralor\u00eda de Bogot\u00e1, D. C.<\/li>\n<li>Caja de Compensaci\u00f3n Familiar Compensar<\/li>\n<li>Corporaci\u00f3n Aut\u00f3noma Regional \u2013 CAR<\/li>\n<li>Defensor\u00eda del Pueblo<\/li>\n<li>Gobernaci\u00f3n de Cundinamarca-Secretar\u00eda de la Funci\u00f3n P\u00fablica<\/li>\n<li>Heinsohn Business Technology<\/li>\n<li>Instituto de Planificaci\u00f3n y Promoci\u00f3n de Soluciones Energ\u00e9ticas para las Zonas No Interconectadas (IPSE)<\/li>\n<li>Instituto Nacional de V\u00edas, Inv\u00edas<\/li>\n<li>Mass Digital S. A.<\/li>\n<li>Ministerio de Defensa Nacional-Armada Nacional<\/li>\n<li>Ministerio de Defensa Nacional-Direcci\u00f3n General Mar\u00edtima-SUBAFIN<\/li>\n<li>Ministerio de Defensa Nacional-Armada Nacional-Jefatura de Formaci\u00f3n, Instrucci\u00f3n y Educaci\u00f3n Naval<\/li>\n<li>Ministerio de Defensa Nacional-Polic\u00eda Nacional de Colombia-Escuela de Suboficiales y Nivel Ejecutivo \u2018Gonzalo Jim\u00e9nez de Quesada\u2019<\/li>\n<li>Ministerio del Interior y de Justicia<\/li>\n<li>Procuradur\u00eda General de la Naci\u00f3n<\/li>\n<li>Sodimac Colombia S. A.<\/li>\n<li>Organizaci\u00f3n Mundial de la Salud \u2013 OMS.<\/li>\n<li>Programa de las Naciones Unidas para el Desarrollo \u2013 PNUD.<\/li>\n<\/ul>\n<\/div>\n<\/div>\n<\/div>\n<\/div>\n<h5>Direcci\u00f3n de Extensi\u00f3n<\/h5>\n<p class=\"cont\">Diagonal 46 # 15B-18, Casa Extensi\u00f3n<br \/>\nPbx:(601)4433700. Ext.1088 \u2013 1091<br \/>\nDireccionextension@ucatolica.edu.co<\/p>\n<p><!-- CONTENEDOR DOS PARA SIDEBAR --><\/p>\n<div id=\"contenido-dos\">\n<h2>Accesos de Inter\u00e9s<\/h2>\n<ul>\n<li><a href=\"\/portal\/servicios-comunitarios\/universidad-empresa-estado\/\">Universidad Empresa Estado<\/a><\/li>\n<li><a href=\"\/portal\/servicios-comunitarios\/emprendimiento\/\">Programa de Emprendimiento<\/a><\/li>\n<li><a href=\"\/portal\/servicios-comunitarios\/responsabilidad-social\/\">Responsabilidad Social<\/a><\/li>\n<\/ul>\n<\/div>\n","protected":false},"excerpt":{"rendered":"<p>Direcci\u00f3n de Extensi\u00f3n La Universidad Cat\u00f3lica de Colombia entiende y asume la extensi\u00f3n como una funci\u00f3n sustantiva que interpreta, articula y gestiona las relaciones entre la Universidad y su entorno, con el prop\u00f3sito de potenciar la pertinencia y viabilidad acad\u00e9mica de la Universidad, reflejar su identidad ante la sociedad y aportar a la construcci\u00f3n integral [&hellip;]<\/p>\n","protected":false},"author":2,"featured_media":0,"parent":0,"menu_order":0,"comment_status":"closed","ping_status":"closed","template":"page-oldstyle.php","meta":{"_acf_changed":false,"advgb_blocks_editor_width":"","advgb_blocks_columns_visual_guide":"","footnotes":""},"class_list":["post-1939","page","type-page","status-publish","hentry"],"acf":[],"yoast_head":"<!-- This site is optimized with the Yoast SEO plugin v26.7 - https:\/\/yoast.com\/wordpress\/plugins\/seo\/ -->\n<title>Extensi\u00f3n - Universidad Cat\u00f3lica De Colombia<\/title>\n<meta name=\"robots\" content=\"index, follow, max-snippet:-1, max-image-preview:large, max-video-preview:-1\" \/>\n<link rel=\"canonical\" href=\"https:\/\/www.ucatolica.edu.co\/portal\/extension\/\" \/>\n<meta property=\"og:locale\" content=\"es_ES\" \/>\n<meta property=\"og:type\" content=\"article\" \/>\n<meta property=\"og:title\" content=\"Extensi\u00f3n - Universidad Cat\u00f3lica De Colombia\" \/>\n<meta property=\"og:description\" content=\"Direcci\u00f3n de Extensi\u00f3n La Universidad Cat\u00f3lica de Colombia entiende y asume la extensi\u00f3n como una funci\u00f3n sustantiva que interpreta, articula y gestiona las relaciones entre la Universidad y su entorno, con el prop\u00f3sito de potenciar la pertinencia y viabilidad acad\u00e9mica de la Universidad, reflejar su identidad ante la sociedad y aportar a la construcci\u00f3n integral [&hellip;]\" \/>\n<meta property=\"og:url\" content=\"https:\/\/www.ucatolica.edu.co\/portal\/extension\/\" \/>\n<meta property=\"og:site_name\" content=\"Universidad Cat\u00f3lica De Colombia\" \/>\n<meta property=\"article:publisher\" content=\"https:\/\/www.facebook.com\/ucatolicacolombia\" \/>\n<meta property=\"article:modified_time\" content=\"2023-05-07T15:07:11+00:00\" \/>\n<meta property=\"og:image\" content=\"https:\/\/www.ucatolica.edu.co\/portal\/wp-content\/uploads\/2019\/07\/banner-port-uee.png\" \/>\n<meta name=\"twitter:card\" content=\"summary_large_image\" \/>\n<meta name=\"twitter:site\" content=\"@UCatolicaCol\" \/>\n<meta name=\"twitter:label1\" content=\"Tiempo de lectura\" \/>\n\t<meta name=\"twitter:data1\" content=\"7 minutos\" \/>\n<script type=\"application\/ld+json\" class=\"yoast-schema-graph\">{\"@context\":\"https:\/\/schema.org\",\"@graph\":[{\"@type\":\"WebPage\",\"@id\":\"https:\/\/www.ucatolica.edu.co\/portal\/extension\/\",\"url\":\"https:\/\/www.ucatolica.edu.co\/portal\/extension\/\",\"name\":\"Extensi\u00f3n - Universidad Cat\u00f3lica De Colombia\",\"isPartOf\":{\"@id\":\"https:\/\/www.ucatolica.edu.co\/portal\/#website\"},\"primaryImageOfPage\":{\"@id\":\"https:\/\/www.ucatolica.edu.co\/portal\/extension\/#primaryimage\"},\"image\":{\"@id\":\"https:\/\/www.ucatolica.edu.co\/portal\/extension\/#primaryimage\"},\"thumbnailUrl\":\"https:\/\/www.ucatolica.edu.co\/portal\/wp-content\/uploads\/2019\/07\/banner-port-uee.png\",\"datePublished\":\"2018-10-11T17:39:19+00:00\",\"dateModified\":\"2023-05-07T15:07:11+00:00\",\"breadcrumb\":{\"@id\":\"https:\/\/www.ucatolica.edu.co\/portal\/extension\/#breadcrumb\"},\"inLanguage\":\"es-CO\",\"potentialAction\":[{\"@type\":\"ReadAction\",\"target\":[\"https:\/\/www.ucatolica.edu.co\/portal\/extension\/\"]}]},{\"@type\":\"ImageObject\",\"inLanguage\":\"es-CO\",\"@id\":\"https:\/\/www.ucatolica.edu.co\/portal\/extension\/#primaryimage\",\"url\":\"https:\/\/www.ucatolica.edu.co\/portal\/wp-content\/uploads\/2019\/07\/banner-port-uee.png\",\"contentUrl\":\"https:\/\/www.ucatolica.edu.co\/portal\/wp-content\/uploads\/2019\/07\/banner-port-uee.png\",\"width\":1497,\"height\":888},{\"@type\":\"BreadcrumbList\",\"@id\":\"https:\/\/www.ucatolica.edu.co\/portal\/extension\/#breadcrumb\",\"itemListElement\":[{\"@type\":\"ListItem\",\"position\":1,\"name\":\"Inicio\",\"item\":\"https:\/\/www.ucatolica.edu.co\/portal\/\"},{\"@type\":\"ListItem\",\"position\":2,\"name\":\"Extensi\u00f3n\"}]},{\"@type\":\"WebSite\",\"@id\":\"https:\/\/www.ucatolica.edu.co\/portal\/#website\",\"url\":\"https:\/\/www.ucatolica.edu.co\/portal\/\",\"name\":\"Universidad Cat\u00f3lica De Colombia\",\"description\":\"Universidad Cat\u00f3lica De Colombia\",\"publisher\":{\"@id\":\"https:\/\/www.ucatolica.edu.co\/portal\/#organization\"},\"potentialAction\":[{\"@type\":\"SearchAction\",\"target\":{\"@type\":\"EntryPoint\",\"urlTemplate\":\"https:\/\/www.ucatolica.edu.co\/portal\/?s={search_term_string}\"},\"query-input\":{\"@type\":\"PropertyValueSpecification\",\"valueRequired\":true,\"valueName\":\"search_term_string\"}}],\"inLanguage\":\"es-CO\"},{\"@type\":\"Organization\",\"@id\":\"https:\/\/www.ucatolica.edu.co\/portal\/#organization\",\"name\":\"Universidad Cat\u00f3lica de Colombia\",\"url\":\"https:\/\/www.ucatolica.edu.co\/portal\/\",\"logo\":{\"@type\":\"ImageObject\",\"inLanguage\":\"es-CO\",\"@id\":\"https:\/\/www.ucatolica.edu.co\/portal\/#\/schema\/logo\/image\/\",\"url\":\"https:\/\/www.ucatolica.edu.co\/portal\/wp-content\/uploads\/2021\/06\/logo-header-ho-1.svg\",\"contentUrl\":\"https:\/\/www.ucatolica.edu.co\/portal\/wp-content\/uploads\/2021\/06\/logo-header-ho-1.svg\",\"width\":1,\"height\":1,\"caption\":\"Universidad Cat\u00f3lica de Colombia\"},\"image\":{\"@id\":\"https:\/\/www.ucatolica.edu.co\/portal\/#\/schema\/logo\/image\/\"},\"sameAs\":[\"https:\/\/www.facebook.com\/ucatolicacolombia\",\"https:\/\/x.com\/UCatolicaCol\",\"https:\/\/www.instagram.com\/universidadcatolicadecolombia\/\",\"https:\/\/www.linkedin.com\/company\/universidadcatolicadecolombia\/\",\"https:\/\/www.youtube.com\/user\/UCatolicaCo\"]}]}<\/script>\n<!-- \/ Yoast SEO plugin. -->","yoast_head_json":{"title":"Extensi\u00f3n - Universidad Cat\u00f3lica De Colombia","robots":{"index":"index","follow":"follow","max-snippet":"max-snippet:-1","max-image-preview":"max-image-preview:large","max-video-preview":"max-video-preview:-1"},"canonical":"https:\/\/www.ucatolica.edu.co\/portal\/extension\/","og_locale":"es_ES","og_type":"article","og_title":"Extensi\u00f3n - Universidad Cat\u00f3lica De Colombia","og_description":"Direcci\u00f3n de Extensi\u00f3n La Universidad Cat\u00f3lica de Colombia entiende y asume la extensi\u00f3n como una funci\u00f3n sustantiva que interpreta, articula y gestiona las relaciones entre la Universidad y su entorno, con el prop\u00f3sito de potenciar la pertinencia y viabilidad acad\u00e9mica de la Universidad, reflejar su identidad ante la sociedad y aportar a la construcci\u00f3n integral [&hellip;]","og_url":"https:\/\/www.ucatolica.edu.co\/portal\/extension\/","og_site_name":"Universidad Cat\u00f3lica De Colombia","article_publisher":"https:\/\/www.facebook.com\/ucatolicacolombia","article_modified_time":"2023-05-07T15:07:11+00:00","og_image":[{"url":"https:\/\/www.ucatolica.edu.co\/portal\/wp-content\/uploads\/2019\/07\/banner-port-uee.png","type":"","width":"","height":""}],"twitter_card":"summary_large_image","twitter_site":"@UCatolicaCol","twitter_misc":{"Tiempo de lectura":"7 minutos"},"schema":{"@context":"https:\/\/schema.org","@graph":[{"@type":"WebPage","@id":"https:\/\/www.ucatolica.edu.co\/portal\/extension\/","url":"https:\/\/www.ucatolica.edu.co\/portal\/extension\/","name":"Extensi\u00f3n - Universidad Cat\u00f3lica De Colombia","isPartOf":{"@id":"https:\/\/www.ucatolica.edu.co\/portal\/#website"},"primaryImageOfPage":{"@id":"https:\/\/www.ucatolica.edu.co\/portal\/extension\/#primaryimage"},"image":{"@id":"https:\/\/www.ucatolica.edu.co\/portal\/extension\/#primaryimage"},"thumbnailUrl":"https:\/\/www.ucatolica.edu.co\/portal\/wp-content\/uploads\/2019\/07\/banner-port-uee.png","datePublished":"2018-10-11T17:39:19+00:00","dateModified":"2023-05-07T15:07:11+00:00","breadcrumb":{"@id":"https:\/\/www.ucatolica.edu.co\/portal\/extension\/#breadcrumb"},"inLanguage":"es-CO","potentialAction":[{"@type":"ReadAction","target":["https:\/\/www.ucatolica.edu.co\/portal\/extension\/"]}]},{"@type":"ImageObject","inLanguage":"es-CO","@id":"https:\/\/www.ucatolica.edu.co\/portal\/extension\/#primaryimage","url":"https:\/\/www.ucatolica.edu.co\/portal\/wp-content\/uploads\/2019\/07\/banner-port-uee.png","contentUrl":"https:\/\/www.ucatolica.edu.co\/portal\/wp-content\/uploads\/2019\/07\/banner-port-uee.png","width":1497,"height":888},{"@type":"BreadcrumbList","@id":"https:\/\/www.ucatolica.edu.co\/portal\/extension\/#breadcrumb","itemListElement":[{"@type":"ListItem","position":1,"name":"Inicio","item":"https:\/\/www.ucatolica.edu.co\/portal\/"},{"@type":"ListItem","position":2,"name":"Extensi\u00f3n"}]},{"@type":"WebSite","@id":"https:\/\/www.ucatolica.edu.co\/portal\/#website","url":"https:\/\/www.ucatolica.edu.co\/portal\/","name":"Universidad Cat\u00f3lica De Colombia","description":"Universidad Cat\u00f3lica De Colombia","publisher":{"@id":"https:\/\/www.ucatolica.edu.co\/portal\/#organization"},"potentialAction":[{"@type":"SearchAction","target":{"@type":"EntryPoint","urlTemplate":"https:\/\/www.ucatolica.edu.co\/portal\/?s={search_term_string}"},"query-input":{"@type":"PropertyValueSpecification","valueRequired":true,"valueName":"search_term_string"}}],"inLanguage":"es-CO"},{"@type":"Organization","@id":"https:\/\/www.ucatolica.edu.co\/portal\/#organization","name":"Universidad Cat\u00f3lica de Colombia","url":"https:\/\/www.ucatolica.edu.co\/portal\/","logo":{"@type":"ImageObject","inLanguage":"es-CO","@id":"https:\/\/www.ucatolica.edu.co\/portal\/#\/schema\/logo\/image\/","url":"https:\/\/www.ucatolica.edu.co\/portal\/wp-content\/uploads\/2021\/06\/logo-header-ho-1.svg","contentUrl":"https:\/\/www.ucatolica.edu.co\/portal\/wp-content\/uploads\/2021\/06\/logo-header-ho-1.svg","width":1,"height":1,"caption":"Universidad Cat\u00f3lica de Colombia"},"image":{"@id":"https:\/\/www.ucatolica.edu.co\/portal\/#\/schema\/logo\/image\/"},"sameAs":["https:\/\/www.facebook.com\/ucatolicacolombia","https:\/\/x.com\/UCatolicaCol","https:\/\/www.instagram.com\/universidadcatolicadecolombia\/","https:\/\/www.linkedin.com\/company\/universidadcatolicadecolombia\/","https:\/\/www.youtube.com\/user\/UCatolicaCo"]}]}},"coauthors":[],"author_meta":{"author_link":"https:\/\/www.ucatolica.edu.co\/portal\/author\/carrnall\/","display_name":"Carlos Zea"},"relative_dates":{"created":"Posted 8 a\u00f1os ago","modified":"Updated 3 a\u00f1os ago"},"absolute_dates":{"created":"Posted on 11 octubre, 2018","modified":"Updated on 7 mayo, 2023"},"absolute_dates_time":{"created":"Posted on 11 octubre, 2018 12:39 pm","modified":"Updated on 7 mayo, 2023 10:07 am"},"featured_img_caption":"","featured_img":false,"series_order":"","_links":{"self":[{"href":"https:\/\/www.ucatolica.edu.co\/portal\/wp-json\/wp\/v2\/pages\/1939","targetHints":{"allow":["GET"]}}],"collection":[{"href":"https:\/\/www.ucatolica.edu.co\/portal\/wp-json\/wp\/v2\/pages"}],"about":[{"href":"https:\/\/www.ucatolica.edu.co\/portal\/wp-json\/wp\/v2\/types\/page"}],"author":[{"embeddable":true,"href":"https:\/\/www.ucatolica.edu.co\/portal\/wp-json\/wp\/v2\/users\/2"}],"replies":[{"embeddable":true,"href":"https:\/\/www.ucatolica.edu.co\/portal\/wp-json\/wp\/v2\/comments?post=1939"}],"version-history":[{"count":11,"href":"https:\/\/www.ucatolica.edu.co\/portal\/wp-json\/wp\/v2\/pages\/1939\/revisions"}],"predecessor-version":[{"id":90561,"href":"https:\/\/www.ucatolica.edu.co\/portal\/wp-json\/wp\/v2\/pages\/1939\/revisions\/90561"}],"wp:attachment":[{"href":"https:\/\/www.ucatolica.edu.co\/portal\/wp-json\/wp\/v2\/media?parent=1939"}],"curies":[{"name":"wp","href":"https:\/\/api.w.org\/{rel}","templated":true}]}}