{"id":30119,"date":"2020-08-25T11:06:12","date_gmt":"2020-08-25T16:06:12","guid":{"rendered":"https:\/\/www.ucatolica.edu.co\/portal\/?page_id=30119"},"modified":"2020-08-25T11:06:12","modified_gmt":"2020-08-25T16:06:12","slug":"xii-jornada-de-investigacion","status":"publish","type":"page","link":"https:\/\/www.ucatolica.edu.co\/portal\/xii-jornada-de-investigacion\/","title":{"rendered":"XII Jornada de Investigaci\u00f3n"},"content":{"rendered":"<div class=\"container-fluid bg-posters-investigacion\">\n<div class=\"container\">\n<div class=\"row\">\n<header class=\"col-12\">\n<h3 style=\"float:left;\" class=\"col-12 col-sm-6\">XII<br \/><b>Jornada de<br \/>Investigaci\u00f3n 2021<\/b><br \/><span>Universidad Cat\u00f3lica de Colombia<\/span><\/h3>\n<div style=\"float:left;\" class=\"col-12 col-sm-6\">\n               <a href=\"https:\/\/www.ucatolica.edu.co\/portal\/\"><br \/>\n               <img decoding=\"async\" style=\"float: right; text-align: right;\" alt=\"Logo Universidad Cat\u00f3lica de Colombia\" height=\"\" width=\"\" src=\"https:\/\/www.ucatolica.edu.co\/portal\/wp-content\/themes\/ucatolica\/img\/assets\/logo-header-ho.svg\" class=\"logo-posters-investigaciones\"><br \/>\n               <\/a><\/p>\n<h2 style=\"float: right; text-align: right; width: 100%; padding: 30px 0;\">Exhibici\u00f3n de P\u00f3sters<\/h2>\n<p class=\"col-12\" style=\"display: inline-block;text-align: right;font-size: 14px;padding-right: 0px;\">En el marco de la XII Jornada de Investigaci\u00f3n 2021, se llevar\u00e1 a cabo la sesi\u00f3n de Socializaci\u00f3n de p\u00f3ster que fueron presentados por estudiantes internos y externos a nuestra Instituci\u00f3n, el 6 de mayo de 2021 entre las 2:00 pm y 4:40 pm.<\/p>\n<p class=\"col-12\" style=\"display: inline-block;text-align: right;font-size: 14px;padding-right: 0px;\">A continuaci\u00f3n podr\u00e1n encontrar los p\u00f3ster divididos por las 3 \u00c1reas de Investigaci\u00f3n que tiene la Universidad Derecho, Cultura y Sociedad, Gesti\u00f3n y Tecnolog\u00eda al Servicio de la Sociedad y Desarrollo Humano y Sostenible y el link de WEBEX para que puedan asistir a la socializaci\u00f3n.<\/p>\n<\/p><\/div>\n<\/header>\n<div class=\"col-12\">\n<div>\n<ul class=\"col-12 nav nav-tabs test2\">\n<li class=\"col-12 col-sm-4 active\"><a data-toggle=\"tab\" href=\"#home\" aria-expanded=\"true\">Derecho, Cultura y Sociedad<\/a><\/li>\n<li class=\"col-12 col-sm-4 \"><a data-toggle=\"tab\" href=\"#menu1\" aria-expanded=\"false\">Gesti\u00f3n y Tecnolog\u00eda al Servicio de la Sociedad<\/a><\/li>\n<li class=\"col-12 col-sm-4 \"><a data-toggle=\"tab\" href=\"#menu2\" aria-expanded=\"false\">Desarrollo Humano y Sostenible<\/a><\/li>\n<\/ul>\n<div class=\"tab-content\">\n<div id=\"home\" class=\"tab-pane fade active in active show\">\n<h3>Derecho, Cultura y Sociedad<span><img decoding=\"async\" class=\"no-lazy\" src=\"\/portal\/wp-content\/themes\/ucatolica\/img\/posters\/2021\/zoom-icon.png\"><a href=\"https:\/\/ucatolicadecolombia.webex.com\/ucatolicadecolombia\/j.php?MTID=mee9d0063bb69db624106745f44811ccf\" target=\"_blank\" rel=\"noopener\">Con\u00e9ctate aqu\u00ed a nuestra sala de WEBEX<\/a><\/span><\/h3>\n<div class=\"col-12 row\">\n<div class=\"col-12 col-sm-3 content-posters\">\n<h4>Am\u00e9rica Latina: educaci\u00f3n sexual en leyes nacionales y en convenciones internacionales de Derechos Humanos<\/h4>\n<p>\t\t\t\t\t\t\t<em><b>Facultad:<\/b> Maestr\u00eda Derechos Humanos<\/em><\/p>\n<div class=\"btn-poster\" data-toggle=\"modal\" data-target=\"#derecho-1\">\n                              <img decoding=\"async\" class=\"img-min-posters\" src=\"\/portal\/wp-content\/themes\/ucatolica\/img\/posters\/2021\/derecho-min-1.jpg\" alt=\"\" width=\"100%\"\/>\n                           <\/div>\n<p>                           <em><b>Autores:<\/b><br \/>Diogo Cavazotti Aires<\/em>\n                        <\/div>\n<div class=\"col-12 col-sm-3 content-posters\">\n<h4> Instrumento de medici\u00f3n de holones sexuales: vinculaci\u00f3n afectiva y erotismo (IMHS-VAE) en trabajadoras sexuales de la ciudad de Bogot\u00e1<\/h4>\n<p>\t\t\t\t\t\t\t<em><b>Facultad:<\/b> Psicolog\u00eda<\/em><\/p>\n<div class=\"btn-poster\" data-toggle=\"modal\" data-target=\"#derecho-2\">\n                              <img decoding=\"async\" class=\"img-min-posters\" src=\"\/portal\/wp-content\/themes\/ucatolica\/img\/posters\/2021\/derecho-min-2.jpg\" alt=\"\" width=\"100%\"\/>\n                           <\/div>\n<p>                           <em><b>Autores:<\/b><br \/>Fernando Gonz\u00e1les, Mateo Pardo , Valentina Pinto, Rafael Puro , Isabela Silva<\/em>\n                        <\/div>\n<div class=\"col-12 col-sm-3 content-posters\">\n<h4>Indicadores de aprendizaje para la educaci\u00f3n sexual integral  <\/h4>\n<p>\t\t\t\t\t\t\t<em><b>Facultad:<\/b> Psicolog\u00eda<\/em><\/p>\n<div class=\"btn-poster\" data-toggle=\"modal\" data-target=\"#derecho-3\">\n                              <img decoding=\"async\" class=\"img-min-posters\" src=\"\/portal\/wp-content\/themes\/ucatolica\/img\/posters\/2021\/derecho-min-3.jpg\" alt=\"\" width=\"100%\"\/>\n                           <\/div>\n<p>                           <em><b>Autores:<\/b><br \/>Camilo Esteban S\u00e1nchez \u00c1vila, Magdy Liliana Moreno C\u00f3rdoba , Katherine Gonz\u00e1lez Diaz, Alejandra Rivera Quitian. <\/em>\n                        <\/div>\n<div class=\"col-12 col-sm-3 content-posters\">\n<h4>Teor\u00eda pol\u00edtica y formaci\u00f3n<\/h4>\n<p>\t\t\t\t\t\t\t<em><b>Facultad:<\/b> Humanidades<\/em><\/p>\n<div class=\"btn-poster\" data-toggle=\"modal\" data-target=\"#derecho-4\">\n                              <img decoding=\"async\" class=\"img-min-posters\" src=\"\/portal\/wp-content\/themes\/ucatolica\/img\/posters\/2021\/derecho-min-4.jpg\" alt=\"\" width=\"100%\"\/>\n                           <\/div>\n<p>                           <em><b>Autores:<\/b><br \/>Garz\u00f3n-Pascagaza, Edgar Javier, \u00c1ngel-Bernal, David., Clavijo-Obando, Miguel Angel, Cardozo-Trujillo Ana Sophia, Espinosa-Perilla, Lizeth Nathalia, Guerrero-S\u00e1nchez, Tania, Guti\u00e9rrez-Valencia, Daniel Santiago, Rueda-P\u00e9rez, Leidy, Vija-Baquero, Sonia .<\/em>\n                        <\/div>\n<div class=\"col-12 col-sm-3 content-posters\">\n<h4>\u00bfEn qu\u00e9 consiste el cambio clim\u00e1tico, y cu\u00e1les son sus consecuencias?<\/h4>\n<p>\t\t\t\t\t\t\t<em><b>Facultad:<\/b> Psicolog\u00eda<\/em><\/p>\n<div class=\"btn-poster\" data-toggle=\"modal\" data-target=\"#derecho-5\">\n                              <img decoding=\"async\" class=\"img-min-posters\" src=\"\/portal\/wp-content\/themes\/ucatolica\/img\/posters\/2021\/derecho-min-5.jpg\" alt=\"\" width=\"100%\"\/>\n                           <\/div>\n<p>                           <em><b>Autores:<\/b><br \/>Mar\u00eda Saavedra, Daniela Barbosa, Natalia Algarra Mart\u00ednez, Daniel Casta\u00f1eda Tarquino.<\/em>\n                        <\/div>\n<div class=\"col-12 col-sm-3 content-posters\">\n<h4>La maternidad en las c\u00e1rceles colombianas: aspectos jur\u00eddicos y psicol\u00f3gicos.<\/h4>\n<p>\t\t\t\t\t\t\t<em><b>Facultad:<\/b> Humanidades<\/em><\/p>\n<div class=\"btn-poster\" data-toggle=\"modal\" data-target=\"#derecho-6\">\n                              <img decoding=\"async\" class=\"img-min-posters\" src=\"\/portal\/wp-content\/themes\/ucatolica\/img\/posters\/2021\/derecho-min-6.jpg\" alt=\"\" width=\"100%\"\/>\n                           <\/div>\n<p>                           <em><b>Autores:<\/b><br \/>Edwar Esteban Eraso Marin, Claudia Karolina Gonz\u00e1lez Cabrera, Camila Ivanna Rodr\u00edguez Paz, Alix Dayane \u00c1vila Arteaga, Karen Valentina S\u00e1nchez Araque, <\/em>\n                        <\/div>\n<div class=\"col-12 col-sm-3 content-posters\">\n<h4>Calidad de vida en adultos mayores al iniciar la pandemia: comparaci\u00f3n seg\u00fan la percepci\u00f3n, satisfacci\u00f3n con la salud y enfermedades cr\u00f3nicas<\/h4>\n<p>\t\t\t\t\t\t\t<em><b>Facultad:<\/b> Psicolog\u00eda<\/em><\/p>\n<div class=\"btn-poster\" data-toggle=\"modal\" data-target=\"#derecho-7\">\n                              <img decoding=\"async\" class=\"img-min-posters\" src=\"\/portal\/wp-content\/themes\/ucatolica\/img\/posters\/2021\/derecho-min-7.jpg\" alt=\"\" width=\"100%\"\/>\n                           <\/div>\n<p>                           <em><b>Autores:<\/b><br \/>Andr\u00e9s M. Santacoloma &#8211; Su\u00e1rez Sara Sof\u00eda Malag\u00f3n, Natalia G\u00f3mez, Mar\u00eda Carolina Valencia, Aishell Valentina Botero.<\/em>\n                        <\/div>\n<div class=\"col-12 col-sm-3 content-posters\">\n<h4>El marketing y la comunicaci\u00f3n publicitaria en \u00e9poca de Covid<\/h4>\n<p>\t\t\t\t\t\t\t<em><b>Facultad:<\/b> Sena externo<\/em><\/p>\n<div class=\"btn-poster\" data-toggle=\"modal\" data-target=\"#derecho-8\">\n                              <img decoding=\"async\" class=\"img-min-posters\" src=\"\/portal\/wp-content\/themes\/ucatolica\/img\/posters\/2021\/derecho-min-8.jpg\" alt=\"\" width=\"100%\"\/>\n                           <\/div>\n<p>                           <em><b>Autores:<\/b><br \/>Claudia Patricia Ram\u00edrez \u00c1vila Martha Mila.<\/em>\n                        <\/div>\n<div class=\"col-12 col-sm-3 content-posters\">\n<h4>&#8220;El juego como herramienta de reconocimiento y aprendizaje del patrimonio cultural en la formaci\u00f3n de gestores culturales en la comunidad sur oriental de Bogot\u00e1: Usme Fase II&#8221; <\/h4>\n<p>\t\t\t\t\t\t\t<em><b>Facultad:<\/b> Dise\u00f1o<\/em><\/p>\n<div class=\"btn-poster\" data-toggle=\"modal\" data-target=\"#derecho-9\">\n                              <img decoding=\"async\" class=\"img-min-posters\" src=\"\/portal\/wp-content\/themes\/ucatolica\/img\/posters\/2021\/derecho-min-9.jpg\" alt=\"\" width=\"100%\"\/>\n                           <\/div>\n<p>                           <em><b>Autores:<\/b><br \/>Michel Dayana Gutierrez Melo, Lady Vanessa Casta\u00f1eda L\u00f3pez, Liliana Solano Navarro, Gabriela Prieto Pe\u00f1a, Jefferson Mauricio Moreno Parra, Paola L\u00f3pez Ruiz, Flor Adriana Pedraza Pacheco.<\/em>\n                        <\/div>\n<div class=\"col-12 col-sm-3 content-posters\">\n<h4>Factores psicol\u00f3gicos y su influencia en la trata de personas con fines sexuales<\/h4>\n<p>\t\t\t\t\t\t\t<em><b>Facultad:<\/b> Psicolog\u00eda<\/em><\/p>\n<div class=\"btn-poster\" data-toggle=\"modal\" data-target=\"#derecho-10\">\n                              <img decoding=\"async\" class=\"img-min-posters\" src=\"\/portal\/wp-content\/themes\/ucatolica\/img\/posters\/2021\/derecho-min-10.jpg\" alt=\"\" width=\"100%\"\/>\n                           <\/div>\n<p>                           <em><b>Autores:<\/b><br \/>Daniela Barbosa, Mar\u00eda Saavedra<\/em>\n                        <\/div>\n<div class=\"col-12 col-sm-3 content-posters\">\n<h4>An\u00e1lisis y trato en Colombia del material de explotaci\u00f3n sexual de menores de edad y su influencia en el siglo XXI <\/h4>\n<p>\t\t\t\t\t\t\t<em><b>Facultad:<\/b> Derecho<\/em><\/p>\n<div class=\"btn-poster\" data-toggle=\"modal\" data-target=\"#derecho-11\">\n                              <img decoding=\"async\" class=\"img-min-posters\" src=\"\/portal\/wp-content\/themes\/ucatolica\/img\/posters\/2021\/derecho-min-11.jpg\" alt=\"\" width=\"100%\"\/>\n                           <\/div>\n<p>                           <em><b>Autores:<\/b><br \/>Jaime Cubides C\u00e1rdenas, Juan Sebastian Cuellar Castro, Francisco Martinez Bustamante, Laura Daniela Ch\u00e1ves wuiliches<\/em>\n                        <\/div>\n<\/p><\/div>\n<\/p><\/div>\n<div id=\"menu1\" class=\"tab-pane fade\">\n<h3>Gesti\u00f3n y Tecnolog\u00eda al Servicio de la Sociedad<span><img decoding=\"async\" class=\"no-lazy\" src=\"\/portal\/wp-content\/themes\/ucatolica\/img\/posters\/2021\/zoom-icon.png\"><a href=\"https:\/\/ucatolicadecolombia.webex.com\/ucatolicadecolombia\/j.php?MTID=mf149801489af67397732afd5510dffe3\" target=\"_blank\" rel=\"noopener\">Con\u00e9ctate aqu\u00ed a nuestra sala de WEBEX<\/a><\/span><\/h3>\n<div class=\"col-12 row\">\n<div class=\"col-12 col-sm-3 content-posters\">\n<h4>Jurimetria: aplicaci\u00f3n probabil\u00edstica de las sentencias de casaci\u00f3n de la Corte Suprema de Justicia<\/h4>\n<p>\t\t\t\t\t\t\t<em><b>Facultad:<\/b> Ciencias Econ\u00f3micas y Administrativas <\/em><\/p>\n<div class=\"btn-poster\" data-toggle=\"modal\" data-target=\"#gestion-1\">\n                              <img decoding=\"async\" class=\"img-min-posters\" src=\"\/portal\/wp-content\/themes\/ucatolica\/img\/posters\/2021\/gestion-min-1.jpg\" alt=\"\" width=\"100%\"\/>\n                           <\/div>\n<p>                           <em><b>Autores:<\/b><br \/>Oscar Alfonso Alvis Casas y Diego Fernando Aldana Peralta<\/em>\n                        <\/div>\n<div class=\"col-12 col-sm-3 content-posters\">\n<h4>Influencia de la correlaci\u00f3n fi\u2019-SPT en resistencia de fuste de pilotes hincados<\/h4>\n<p>\t\t\t\t\t\t\t<em><b>Facultad:<\/b> Ingenier\u00eda<\/em><\/p>\n<div class=\"btn-poster\" data-toggle=\"modal\" data-target=\"#gestion-2\">\n                              <img decoding=\"async\" class=\"img-min-posters\" src=\"\/portal\/wp-content\/themes\/ucatolica\/img\/posters\/2021\/gestion-min-2.jpg\" alt=\"\" width=\"100%\"\/>\n                           <\/div>\n<p>                           <em><b>Autores:<\/b><br \/>Nathalia Fernanda Lopez Timaran<\/em>\n                        <\/div>\n<div class=\"col-12 col-sm-3 content-posters\">\n<h4> \u00bfC\u00f3mo una comunidad es consciente del patrimonio?<\/h4>\n<p>\t\t\t\t\t\t\t<em><b>Facultad:<\/b> Dise\u00f1o<\/em><\/p>\n<div class=\"btn-poster\" data-toggle=\"modal\" data-target=\"#gestion-3\">\n                              <img decoding=\"async\" class=\"img-min-posters\" src=\"\/portal\/wp-content\/themes\/ucatolica\/img\/posters\/2021\/gestion-min-3.jpg\" alt=\"\" width=\"100%\"\/>\n                           <\/div>\n<p>                           <em><b>Autores:<\/b><br \/>Doris Garc\u00eda Bernal, Giovanni Cornelio, Edwin Mauricio Bautista Su\u00e1rez, Nicol\u00e1s Garc\u00eda Delgado, Karen Dayanne Gamez Pinzon <\/em>\n                        <\/div>\n<div class=\"col-12 col-sm-3 content-posters\">\n<h4>Simulaci\u00f3n de par\u00e1metros en dispositivos emisores de luz a base de materiales org\u00e1nicos <\/h4>\n<p>\t\t\t\t\t\t\t<em><b>Facultad:<\/b> Ciencias B\u00e1sicas <\/em><\/p>\n<div class=\"btn-poster\" data-toggle=\"modal\" data-target=\"#gestion-4\">\n                              <img decoding=\"async\" class=\"img-min-posters\" src=\"\/portal\/wp-content\/themes\/ucatolica\/img\/posters\/2021\/gestion-min-4.jpg\" alt=\"\" width=\"100%\"\/>\n                           <\/div>\n<p>                           <em><b>Autores:<\/b><br \/>Germ\u00e1n A. M\u00e9ndez Merch\u00e1n, Brayan Cortes, Sebasti\u00e1n Ram\u00edrez, Jorge L. Perez, Leonardo Palacio<\/em>\n                        <\/div>\n<div class=\"col-12 col-sm-3 content-posters\">\n<h4>Green Logistic para una cadena de sumnistro de una prensa de banco con cambio de mordazas<\/h4>\n<p>\t\t\t\t\t\t\t<em><b>Facultad:<\/b> Ingeier\u00eda<\/em><\/p>\n<div class=\"btn-poster\" data-toggle=\"modal\" data-target=\"#gestion-5\">\n                              <img decoding=\"async\" class=\"img-min-posters\" src=\"\/portal\/wp-content\/themes\/ucatolica\/img\/posters\/2021\/gestion-min-5.jpg\" alt=\"\" width=\"100%\"\/>\n                           <\/div>\n<p>                           <em><b>Autores:<\/b><br \/>Mar\u00eda Paula Gonz\u00e1lez V. &#8211; Eliam Zulenny Estupi\u00f1an P. &#8211; Nohra Milena L\u00f3pez.<\/em>\n                        <\/div>\n<div class=\"col-12 col-sm-3 content-posters\">\n<h4>Virtualizaci\u00f3n del proyecto integrador de la asignatura ingenier\u00eda de m\u00e9todos como respuesta a la ense\u00f1anza v\u00eda remota por pandemia covid-19<\/h4>\n<p>\t\t\t\t\t\t\t<em><b>Facultad:<\/b> Ingenier\u00eda<\/em><\/p>\n<div class=\"btn-poster\" data-toggle=\"modal\" data-target=\"#gestion-6\">\n                              <img decoding=\"async\" class=\"img-min-posters\" src=\"\/portal\/wp-content\/themes\/ucatolica\/img\/posters\/2021\/gestion-min-6.jpg\" alt=\"\" width=\"100%\"\/>\n                           <\/div>\n<p>                           <em><b>Autores:<\/b><br \/>Ing. Nohra Milena L\u00f3pez S\u00e1nchez -Tania Paola Salamanca Sandoval<\/em>\n                        <\/div>\n<div class=\"col-12 col-sm-3 content-posters\">\n<h4>Prototipo de geolocalizaci\u00f3n para monitorizar, transmitir y almacenar el seguimiento de personas con demencia <\/h4>\n<p>\t\t\t\t\t\t\t<em><b>Facultad:<\/b> Ingenier\u00eda<\/em><\/p>\n<div class=\"btn-poster\" data-toggle=\"modal\" data-target=\"#gestion-7\">\n                              <img decoding=\"async\" class=\"img-min-posters\" src=\"\/portal\/wp-content\/themes\/ucatolica\/img\/posters\/2021\/gestion-min-7.jpg\" alt=\"\" width=\"100%\"\/>\n                           <\/div>\n<p>                           <em><b>Autores:<\/b><br \/>Nicolas Esteban Vargas Marin, Erika Margarita Velandia Mendoza<\/em>\n                        <\/div>\n<div class=\"col-12 col-sm-3 content-posters\">\n<h4>Sistema de detecci\u00f3n temprana de movimientos<\/h4>\n<p>\t\t\t\t\t\t\t<em><b>Facultad:<\/b> Ingenier\u00eda<\/em><\/p>\n<div class=\"btn-poster\" data-toggle=\"modal\" data-target=\"#gestion-8\">\n                              <img decoding=\"async\" class=\"img-min-posters\" src=\"\/portal\/wp-content\/themes\/ucatolica\/img\/posters\/2021\/gestion-min-8.jpg\" alt=\"\" width=\"100%\"\/>\n                           <\/div>\n<p>                           <em><b>Autores:<\/b><br \/>Sergio Alejandro Ni\u00f1o Contreras<\/em>\n                        <\/div>\n<div class=\"col-12 col-sm-3 content-posters\">\n<h4> An\u00e1lisis de favorabilidad de la reducci\u00f3n de las brechas de biocombustibles en Colombia <\/h4>\n<p>\t\t\t\t\t\t\t<em><b>Facultad:<\/b> Ingenier\u00eda<\/em><\/p>\n<div class=\"btn-poster\" data-toggle=\"modal\" data-target=\"#gestion-9\">\n                              <img decoding=\"async\" class=\"img-min-posters\" src=\"\/portal\/wp-content\/themes\/ucatolica\/img\/posters\/2021\/gestion-min-9.jpg\" alt=\"\" width=\"100%\"\/>\n                           <\/div>\n<p>                           <em><b>Autores:<\/b><br \/>Karol Dayan Rey Porras, Ginna Marcela Leguizam\u00f3n Nonsoque, Elsa Cristina Gonz\u00e1lez La Rotta, Mauricio Becerra Fern\u00e1ndez<\/em>\n                        <\/div>\n<div class=\"col-12 col-sm-3 content-posters\">\n<h4>Prototipo Holter Cardiaco<\/h4>\n<p>\t\t\t\t\t\t\t<em><b>Facultad:<\/b> Ingenier\u00eda<\/em><\/p>\n<div class=\"btn-poster\" data-toggle=\"modal\" data-target=\"#gestion-10\">\n                              <img decoding=\"async\" class=\"img-min-posters\" src=\"\/portal\/wp-content\/themes\/ucatolica\/img\/posters\/2021\/gestion-min-10.jpg\" alt=\"\" width=\"100%\"\/>\n                           <\/div>\n<p>                           <em><b>Autores:<\/b><br \/>Daniel Alberto Quiroz Mendez<\/em>\n                        <\/div>\n<div class=\"col-12 col-sm-3 content-posters\">\n<h4>Validaci\u00f3n de contenido de un video juego dirigido a estimular la memoria de trabajo viso espacial con pacientes con deterioro cognitivo leve<\/h4>\n<p>\t\t\t\t\t\t\t<em><b>Facultad:<\/b> Ingenier\u00eda<\/em><\/p>\n<div class=\"btn-poster\" data-toggle=\"modal\" data-target=\"#gestion-11\">\n                              <img decoding=\"async\" class=\"img-min-posters\" src=\"\/portal\/wp-content\/themes\/ucatolica\/img\/posters\/2021\/gestion-min-11.jpg\" alt=\"\" width=\"100%\"\/>\n                           <\/div>\n<p>                           <em><b>Autores:<\/b><br \/>son:Valeria Valentina Palencia Amaya, Juliana Mart\u00ednez C\u00e1rdenas, Sonia Gisela R\u00edos, Holman Bol\u00edvar, Estudiantes del Sena: Cristian Ar\u00e9valo, Juan Esteban Cruz, Hern\u00e1ndez, Diana Hern\u00e1ndez.<\/em>\n                        <\/div>\n<div class=\"col-12 col-sm-3 content-posters\">\n<h4>Estrategias de confort ambiental en edificaciones de la ventgana tr\u00f3pico  23.5\u00b0N, 23.5\u00b0S y su interacci\u00f3n correlacionada con factores y criterios de sostenibilidad<\/h4>\n<p>\t\t\t\t\t\t\t<em><b>Facultad:<\/b> Dise\u00f1o<\/em><\/p>\n<div class=\"btn-poster\" data-toggle=\"modal\" data-target=\"#gestion-12\">\n                              <img decoding=\"async\" class=\"img-min-posters\" src=\"\/portal\/wp-content\/themes\/ucatolica\/img\/posters\/2021\/gestion-min-12.jpg\" alt=\"\" width=\"100%\"\/>\n                           <\/div>\n<p>                           <em><b>Autores:<\/b><br \/>Alicia Fernanda Prieto Garz\u00f3n, Juan Camilo Ria\u00f1o C\u00e1rdenas, Mar\u00eda Fernanda D\u00edaz Becerra, Rosa Camila Mosquera Moreno, Ang\u00e9lica Mar\u00eda Luciana Zambrano L\u00f3pez, Juan David Mill\u00e1n Rivera, Oscar Mauricio Alarc\u00f3n Rodr\u00edguez<\/em>\n                        <\/div>\n<div class=\"col-12 col-sm-3 content-posters\">\n<h4>Dise\u00f1o Ambiental en la Vivienda Social<\/h4>\n<p>\t\t\t\t\t\t\t<em><b>Facultad:<\/b> Dise\u00f1o<\/em><\/p>\n<div class=\"btn-poster\" data-toggle=\"modal\" data-target=\"#gestion-13\">\n                              <img decoding=\"async\" class=\"img-min-posters\" src=\"\/portal\/wp-content\/themes\/ucatolica\/img\/posters\/2021\/gestion-min-13.jpg\" alt=\"\" width=\"100%\"\/>\n                           <\/div>\n<p>                           <em><b>Autores:<\/b><br \/>Yarhod David Pachon, Sara Nu\u00f1ez, Mateo Castro, Luis Orjuela, Laura Alejandra Ramos, Jazmin Galindo, Fabio Galindo, Fabio Andres Rojas<\/em>\n                        <\/div>\n<div class=\"col-12 col-sm-3 content-posters\">\n<h4>Nivel de severidad de las causas del sobrecosto en proyectos de construcci\u00f3n colombiano: una consulta a profesionales del sector  <\/h4>\n<p>\t\t\t\t\t\t\t<em><b>Facultad:<\/b> Ingenier\u00eda<\/em><\/p>\n<div class=\"btn-poster\" data-toggle=\"modal\" data-target=\"#gestion-14\">\n                              <img decoding=\"async\" class=\"img-min-posters\" src=\"\/portal\/wp-content\/themes\/ucatolica\/img\/posters\/2021\/gestion-min-14.jpg\" alt=\"\" width=\"100%\"\/>\n                           <\/div>\n<p>                           <em><b>Autores:<\/b><br \/>Laura Vanessa Almanza Castillo, Ricardo Andr\u00e9s Cadavid Rojas, Karen Milady Casta\u00f1eda Parra, Omar Giovanny S\u00e1nchez Rivera<\/em>\n                        <\/div>\n<\/p><\/div>\n<\/p><\/div>\n<div id=\"menu2\" class=\"tab-pane fade\">\n<h3>Desarrollo Humano y Sostenible<span><img decoding=\"async\" style=\"padding-bottom: 5px;\" class=\"no-lazy\" src=\"\/portal\/wp-content\/themes\/ucatolica\/img\/posters\/2021\/zoom-icon.png\">Con\u00e9ctate aqu\u00ed a nuestra sala de WEBEX<a href=\"https:\/\/ucatolicadecolombia.webex.com\/ucatolicadecolombia\/j.php?MTID=m5c0da5baeef0a32261e5d09049d23279\" target=\"_blank\" rel=\"noopener\">Grupo 1<\/a><a href=\"https:\/\/ucatolicadecolombia.webex.com\/ucatolicadecolombia\/j.php?MTID=m16d2ebfd7071a085799c474d7927caf1\" target=\"_blank\" rel=\"noopener\">Grupo 2<\/a><\/span><\/h3>\n<div class=\"col-12 row\">\n<div class=\"col-12 col-sm-3 content-posters\">\n<h4>Repensar la arquitectura  \/ oportunidades frente a la crisis del Covid-19<\/h4>\n<p>\t\t\t\t\t\t\t<em><b>Facultad:<\/b> Dise\u00f1o<\/em><\/p>\n<div class=\"btn-poster\" data-toggle=\"modal\" data-target=\"#desarrollo-1\">\n                              <img decoding=\"async\" class=\"img-min-posters\" src=\"\/portal\/wp-content\/themes\/ucatolica\/img\/posters\/2021\/desarrollo-min-1.jpg\" alt=\"\" width=\"100%\"\/>\n                           <\/div>\n<p>                           <em><b>Autores:<\/b><br \/>Tom\u00e1s Pachajoa, Laura Valentina Camacho Martinez, Daniel Felipe Ramirez Alvarez, Karen Julieth Castro Novoa, Leidy Paola Caro Ram\u00edrez, Carolina Ladino Fernandez, Laura Mayerly, Mora Guevara, Luis Eduardo Guerra Caro <\/em>\n                        <\/div>\n<div class=\"col-12 col-sm-3 content-posters\">\n<h4>T\u00edtulo:An\u00e1lisis del uso de la guadua como sistema constructivo para la vivienda rural en la provincia de Rionegro de Cundinamarca<\/h4>\n<p>\t\t\t\t\t\t\t<em><b>Facultad:<\/b> Externo Universitaria Minuto de Dios<\/em><\/p>\n<div class=\"btn-poster\" data-toggle=\"modal\" data-target=\"#desarrollo-2\">\n                              <img decoding=\"async\" class=\"img-min-posters\" src=\"\/portal\/wp-content\/themes\/ucatolica\/img\/posters\/2021\/desarrollo-min-2.jpg\" alt=\"\" width=\"100%\"\/>\n                           <\/div>\n<p>                           <em><b>Autores:<\/b><br \/>Eider Yecid Mateo Pe\u00f1a Calder\u00f3n<\/em>\n                        <\/div>\n<div class=\"col-12 col-sm-3 content-posters\">\n<h4>Relaci\u00f3n de factores psicosociales con el engagement en empleados de modalidad teletrabajo debido a la pandemia COVID 19<\/h4>\n<p>\t\t\t\t\t\t\t<em><b>Facultad:<\/b> Psicolog\u00eda<\/em><\/p>\n<div class=\"btn-poster\" data-toggle=\"modal\" data-target=\"#desarrollo-3\">\n                              <img decoding=\"async\" class=\"img-min-posters\" src=\"\/portal\/wp-content\/themes\/ucatolica\/img\/posters\/2021\/desarrollo-min-3.jpg\" alt=\"\" width=\"100%\"\/>\n                           <\/div>\n<p>                           <em><b>Autores:<\/b><br \/>Daniel Felipe Jim\u00e9nez Vanegas, Duvan Jair Rodr\u00edguez Alba\u00f1il, Camila Andrea Burgos Agudelo<\/em>\n                        <\/div>\n<div class=\"col-12 col-sm-3 content-posters\">\n<h4>Formas de adaptaci\u00f3n al medio y ocupaci\u00f3n territorial en el resguardo indigena de Muisca de Cota, como territorio de borde etnocultural<\/h4>\n<p>\t\t\t\t\t\t\t<em><b>Facultad:<\/b> Dise\u00f1o<\/em><\/p>\n<div class=\"btn-poster\" data-toggle=\"modal\" data-target=\"#desarrollo-4\">\n                              <img decoding=\"async\" class=\"img-min-posters\" src=\"\/portal\/wp-content\/themes\/ucatolica\/img\/posters\/2021\/desarrollo-min-4.jpg\" alt=\"\" width=\"100%\"\/>\n                           <\/div>\n<p>                           <em><b>Autores:<\/b><br \/>Fabian Alexander Velasquez Idarraga<\/em>\n                        <\/div>\n<div class=\"col-12 col-sm-3 content-posters\">\n<h4>Eficiencia de los elementos y sustratos en los sistemas de cultivos sin suelos.<\/h4>\n<p>\t\t\t\t\t\t\t<em><b>Facultad:<\/b> Ciencias Econ\u00f3micas y Administrativas<\/em><\/p>\n<div class=\"btn-poster\" data-toggle=\"modal\" data-target=\"#desarrollo-5\">\n                              <img decoding=\"async\" class=\"img-min-posters\" src=\"\/portal\/wp-content\/themes\/ucatolica\/img\/posters\/2021\/desarrollo-min-5.jpg\" alt=\"\" width=\"100%\"\/>\n                           <\/div>\n<p>                           <em><b>Autores:<\/b><br \/>Jenny Marcela Amado Cortes, Francy Johanna Rodr\u00edguez Hernandez <\/em>\n                        <\/div>\n<div class=\"col-12 col-sm-3 content-posters\">\n<h4>Aplicaci\u00f3n de \u00edndices e indicadores para evaluar el desarrollo sostenible<\/h4>\n<p>\t\t\t\t\t\t\t<em><b>Facultad:<\/b>Ciencias Econ\u00f3micas y Administrativas<\/em><\/p>\n<div class=\"btn-poster\" data-toggle=\"modal\" data-target=\"#desarrollo-6\">\n                              <img decoding=\"async\" class=\"img-min-posters\" src=\"\/portal\/wp-content\/themes\/ucatolica\/img\/posters\/2021\/desarrollo-min-6.jpg\" alt=\"\" width=\"100%\"\/>\n                           <\/div>\n<p>                           <em><b>Autores:<\/b><br \/>Angie Paola Sanabria Dom\u00ednguez<\/em>\n                        <\/div>\n<div class=\"col-12 col-sm-3 content-posters\">\n<h4>Estado del arte: procedimientos proyectuales de la arquitectura en tierra<\/h4>\n<p>\t\t\t\t\t\t\t<em><b>Facultad:<\/b> Dise\u00f1o<\/em><\/p>\n<div class=\"btn-poster\" data-toggle=\"modal\" data-target=\"#desarrollo-7\">\n                              <img decoding=\"async\" class=\"img-min-posters\" src=\"\/portal\/wp-content\/themes\/ucatolica\/img\/posters\/2021\/desarrollo-min-7.jpg\" alt=\"\" width=\"100%\"\/>\n                           <\/div>\n<p>                           <em><b>Autores:<\/b><br \/>Karol Gonzalez, Lesly Abderrhaman, Ana Maria Buitrago, Miguel Moreno, Jhon Gacha, David Morales<\/em>\n                        <\/div>\n<div class=\"col-12 col-sm-3 content-posters\">\n<h4>Calidad de vida relacionada con salud en malaria y dengue: una revisi\u00f3n sistem\u00e1tica,<\/h4>\n<p>\t\t\t\t\t\t\t<em><b>Facultad:<\/b> Externo<\/em><\/p>\n<div class=\"btn-poster\" data-toggle=\"modal\" data-target=\"#desarrollo-8\">\n                              <img decoding=\"async\" class=\"img-min-posters\" src=\"\/portal\/wp-content\/themes\/ucatolica\/img\/posters\/2021\/desarrollo-min-8.jpg\" alt=\"\" width=\"100%\"\/>\n                           <\/div>\n<p>                           <em><b>Autores:<\/b><br \/>Anny Alejandra Rodr\u00edguez Pineda<\/em>\n                        <\/div>\n<div class=\"col-12 col-sm-3 content-posters\">\n<h4>Relaci\u00f3n entre indicadores urbanos y Covid 19 (SARS-CoV-2). Fase I \u2013 Revisi\u00f3n<\/h4>\n<p>\t\t\t\t\t\t\t<em><b>Facultad:<\/b> Dise\u00f1o<\/em><\/p>\n<div class=\"btn-poster\" data-toggle=\"modal\" data-target=\"#desarrollo-9\">\n                              <img decoding=\"async\" class=\"img-min-posters\" src=\"\/portal\/wp-content\/themes\/ucatolica\/img\/posters\/2021\/desarrollo-min-9.jpg\" alt=\"\" width=\"100%\"\/>\n                           <\/div>\n<p>                           <em><b>Autores:<\/b><br \/>C\u00e9sar Eligio Triana, Melba Rubiano-Br\u00ednez<\/em>\n                        <\/div>\n<div class=\"col-12 col-sm-3 content-posters\">\n<h4>Econom\u00eda del cuidado<\/h4>\n<p>\t\t\t\t\t\t\t<em><b>Facultad:<\/b> Ciencias Econ\u00f3micas y Administrativas<\/em><\/p>\n<div class=\"btn-poster\" data-toggle=\"modal\" data-target=\"#desarrollo-10\">\n                              <img decoding=\"async\" class=\"img-min-posters\" src=\"\/portal\/wp-content\/themes\/ucatolica\/img\/posters\/2021\/desarrollo-min-10.jpg\" alt=\"\" width=\"100%\"\/>\n                           <\/div>\n<p>                           <em><b>Autores:<\/b><br \/>Katherine Rodriguez Vallejo,  Estefan\u00eda L\u00f3pez Avenda\u00f1o<\/em>\n                        <\/div>\n<div class=\"col-12 col-sm-3 content-posters\">\n<h4>Brecha de g\u00e9nero para Colombia <\/h4>\n<p>\t\t\t\t\t\t\t<em><b>Facultad:<\/b>Ciencias Econ\u00f3micas y Administrativas<\/em><\/p>\n<div class=\"btn-poster\" data-toggle=\"modal\" data-target=\"#desarrollo-11\">\n                              <img decoding=\"async\" class=\"img-min-posters\" src=\"\/portal\/wp-content\/themes\/ucatolica\/img\/posters\/2021\/desarrollo-min-11.jpg\" alt=\"\" width=\"100%\"\/>\n                           <\/div>\n<p>                           <em><b>Autores:<\/b><br \/>Camilo Sandoval<\/em>\n                        <\/div>\n<div class=\"col-12 col-sm-3 content-posters\">\n<h4>Efectos de la dependencia de recursos naturales en la econom\u00eda mundial <\/h4>\n<p>\t\t\t\t\t\t\t<em><b>Facultad:<\/b> Ciencias Econ\u00f3micas y Administrativas<\/em><\/p>\n<div class=\"btn-poster\" data-toggle=\"modal\" data-target=\"#desarrollo-12\">\n                              <img decoding=\"async\" class=\"img-min-posters\" src=\"\/portal\/wp-content\/themes\/ucatolica\/img\/posters\/2021\/desarrollo-min-12.jpg\" alt=\"\" width=\"100%\"\/>\n                           <\/div>\n<p>                           <em><b>Autores:<\/b><br \/>Luis Angel Arango Huertas<\/em>\n                        <\/div>\n<div class=\"col-12 col-sm-3 content-posters\">\n<h4>Relaci\u00f3n de los estilos de liderazgo transformacional y transaccional en el clima organizacional: una revisi\u00f3n de la literatura<\/h4>\n<p>\t\t\t\t\t\t\t<em><b>Facultad:<\/b> Psicolog\u00eda<\/em><\/p>\n<div class=\"btn-poster\" data-toggle=\"modal\" data-target=\"#desarrollo-13\">\n                              <img decoding=\"async\" class=\"img-min-posters\" src=\"\/portal\/wp-content\/themes\/ucatolica\/img\/posters\/2021\/desarrollo-min-13.jpg\" alt=\"\" width=\"100%\"\/>\n                           <\/div>\n<p>                           <em><b>Autores:<\/b><br \/>Leidy Tatiana Javela y Angie Johana Maldonado<\/em>\n                        <\/div>\n<div class=\"col-12 col-sm-3 content-posters\">\n<h4>P\u00f3ster de gaviones planos y muro modulares verdes<\/h4>\n<p>\t\t\t\t\t\t\t<em><b>Facultad:<\/b> Dise\u00f1o<\/em><\/p>\n<div class=\"btn-poster\" data-toggle=\"modal\" data-target=\"#desarrollo-14\">\n                              <img decoding=\"async\" class=\"img-min-posters\" src=\"\/portal\/wp-content\/themes\/ucatolica\/img\/posters\/2021\/desarrollo-min-14.jpg\" alt=\"\" width=\"100%\"\/>\n                           <\/div>\n<p>                           <em><b>Autores:<\/b><br \/>Arq. Yenny M. D\u00edaz Cotrino, Diego Alexander Moreno Prieto, Sergio Daniel Aguilar Cortes, Frank Alejandro Alvarez, Luis Eduardo  Guerra Caro <\/em>\n                        <\/div>\n<div class=\"col-12 col-sm-3 content-posters\">\n<h4>&#8220;Instrumento de caracterizaci\u00f3n urbana, evaluaci\u00f3n del grado de sostenibilidad en el borde urbano, desde la incidencia de principios de innovaci\u00f3n y apropiaci\u00f3n&#8221;.<\/h4>\n<p>\t\t\t\t\t\t\t<em><b>Facultad:<\/b> Dise\u00f1o<\/em><\/p>\n<div class=\"btn-poster\" data-toggle=\"modal\" data-target=\"#desarrollo-15\">\n                              <img decoding=\"async\" class=\"img-min-posters\" src=\"\/portal\/wp-content\/themes\/ucatolica\/img\/posters\/2021\/desarrollo-min-15.jpg\" alt=\"\" width=\"100%\"\/>\n                           <\/div>\n<p>                           <em><b>Autores:<\/b><br \/>Marielena Medina Ruiz, Fabi\u00e1n Adolfo Aguilera Mart\u00ednez<\/em>\n                        <\/div>\n<div class=\"col-12 col-sm-3 content-posters\">\n<h4>Violencia de pareja en adultos j\u00f3venes en pa\u00edses iberoamericanos<\/h4>\n<p>\t\t\t\t\t\t\t<em><b>Facultad:<\/b> Psicolog\u00eda<\/em><\/p>\n<div class=\"btn-poster\" data-toggle=\"modal\" data-target=\"#desarrollo-16\">\n                              <img decoding=\"async\" class=\"img-min-posters\" src=\"\/portal\/wp-content\/themes\/ucatolica\/img\/posters\/2021\/desarrollo-min-16.jpg\" alt=\"\" width=\"100%\"\/>\n                           <\/div>\n<p>                           <em><b>Autores:<\/b><br \/>Andr\u00e9s M. Santacoloma Su\u00e1rez, Juliana Acosta, Jennifer Ceballos, Gabriela Chaves, Sara D\u00edaz, Valentina Guiot, Elizabeth Rinc\u00f3n Moreno<\/em>\n                        <\/div>\n<div class=\"col-12 col-sm-3 content-posters\">\n<h4>Modos de vida y h\u00e1bitat contempor\u00e1neo<\/h4>\n<p>\t\t\t\t\t\t\t<em><b>Facultad:<\/b> Dise\u00f1o<\/em><\/p>\n<div class=\"btn-poster\" data-toggle=\"modal\" data-target=\"#desarrollo-17\">\n                              <img decoding=\"async\" class=\"img-min-posters\" src=\"\/portal\/wp-content\/themes\/ucatolica\/img\/posters\/2021\/desarrollo-min-17.jpg\" alt=\"\" width=\"100%\"\/>\n                           <\/div>\n<p>                           <em><b>Autores:<\/b><br \/>Mariana Ospina Ortiz, Andr\u00e9s Felipe Cardozo Aguilera, Edisson Ferney Gutierrez Castro, Laura Rodriguez Mora, David Santiago Hoyos Castro, Fabi\u00e1n Dar\u00edo Castro Duarte.<\/em>\n                        <\/div>\n<div class=\"col-12 col-sm-3 content-posters\">\n<h4>Desigualdad pensional<\/h4>\n<p>\t\t\t\t\t\t\t<em><b>Facultad:<\/b> Ciencias Econ\u00f3micas y Administrativas<\/em><\/p>\n<div class=\"btn-poster\" data-toggle=\"modal\" data-target=\"#desarrollo-18\">\n                              <img decoding=\"async\" class=\"img-min-posters\" src=\"\/portal\/wp-content\/themes\/ucatolica\/img\/posters\/2021\/desarrollo-min-18.jpg\" alt=\"\" width=\"100%\"\/>\n                           <\/div>\n<p>                           <em><b>Autores:<\/b><br \/>Zarich Julieth Tamayo Cifuentes, Dayana Yessenia Baquero Osorio<\/em>\n                        <\/div>\n<div class=\"col-12 col-sm-3 content-posters\">\n<h4>Aumento en el nivel de consumo de energ\u00eda en el transporte partiendo de una aumento de la poblaci\u00f3n y el bienestar  <\/h4>\n<p>\t\t\t\t\t\t\t<em><b>Facultad:<\/b> Ciencias Econ\u00f3micas y Administrativas<\/em><\/p>\n<div class=\"btn-poster\" data-toggle=\"modal\" data-target=\"#desarrollo-19\">\n                              <img decoding=\"async\" class=\"img-min-posters\" src=\"\/portal\/wp-content\/themes\/ucatolica\/img\/posters\/2021\/desarrollo-min-19.jpg\" alt=\"\" width=\"100%\"\/>\n                           <\/div>\n<p>                           <em><b>Autores:<\/b><br \/>Johan Manuel Redondo, Laura Daniela Santa Bulla<\/em>\n                        <\/div>\n<div class=\"col-12 col-sm-3 content-posters\">\n<h4>Evaluaci\u00f3n de los impactos ambientales en la cadena de valor de la ONG Asociaci\u00f3n creemos en ti<\/h4>\n<p>\t\t\t\t\t\t\t<em><b>Facultad:<\/b> Ingenier\u00eda<\/em><\/p>\n<div class=\"btn-poster\" data-toggle=\"modal\" data-target=\"#desarrollo-20\">\n                              <img decoding=\"async\" class=\"img-min-posters\" src=\"\/portal\/wp-content\/themes\/ucatolica\/img\/posters\/2021\/desarrollo-min-20.jpg\" alt=\"\" width=\"100%\"\/>\n                           <\/div>\n<p>                           <em><b>Autores:<\/b><br \/>Jonathan David Barrera, Vargas Nohra Milena L\u00f3pez<\/em>\n                        <\/div>\n<div class=\"col-12 col-sm-3 content-posters\">\n<h4>Algoritmos Gen\u00e9ticos -AG- utilizados en dise\u00f1os de planta de residencias para adultos mayores con padecimientos espec\u00edficos<\/h4>\n<p>\t\t\t\t\t\t\t<em><b>Facultad:<\/b> Ciencias Econ\u00f3micas y Administrativas<\/em><\/p>\n<div class=\"btn-poster\" data-toggle=\"modal\" data-target=\"#desarrollo-21\">\n                              <img decoding=\"async\" class=\"img-min-posters\" src=\"\/portal\/wp-content\/themes\/ucatolica\/img\/posters\/2021\/desarrollo-min-21.jpg\" alt=\"\" width=\"100%\"\/>\n                           <\/div>\n<p>                           <em><b>Autores:<\/b><br \/>Diana Cristal L\u00f3pez Herrera<\/em>\n                        <\/div>\n<div class=\"col-12 col-sm-3 content-posters\">\n<h4>Modernizaci\u00f3n de viviendas, salud y bienestar sostenible.<\/h4>\n<p>\t\t\t\t\t\t\t<em><b>Facultad:<\/b> Ciencias Econ\u00f3micas y Administrativas<\/em><\/p>\n<div class=\"btn-poster\" data-toggle=\"modal\" data-target=\"#desarrollo-22\">\n                              <img decoding=\"async\" class=\"img-min-posters\" src=\"\/portal\/wp-content\/themes\/ucatolica\/img\/posters\/2021\/desarrollo-min-22.jpg\" alt=\"\" width=\"100%\"\/>\n                           <\/div>\n<p>                           <em><b>Autores:<\/b><br \/>Laura Nicole Perez Gomez<\/em>\n                        <\/div>\n<div class=\"col-12 col-sm-3 content-posters\">\n<h4>Efectos del consumo cr\u00f3nico de alcohol en j\u00f3venes universitarios<\/h4>\n<p>\t\t\t\t\t\t\t<em><b>Facultad:<\/b> Psicolog\u00eda<\/em><\/p>\n<div class=\"btn-poster\" data-toggle=\"modal\" data-target=\"#desarrollo-23\">\n                              <img decoding=\"async\" class=\"img-min-posters\" src=\"\/portal\/wp-content\/themes\/ucatolica\/img\/posters\/2021\/desarrollo-min-23.jpg\" alt=\"\" width=\"100%\"\/>\n                           <\/div>\n<p>                           <em><b>Autores:<\/b><br \/>Paula Andrea Cruz Cacais, Yina Marcela G\u00f3mez Acosta, Mar\u00eda del Pilar Santacruz Ortega,<\/em>\n                        <\/div>\n<div class=\"col-12 col-sm-3 content-posters\">\n<h4>Sobre el reciclaje, su debida ejecuci\u00f3n y su importancia para el medio ambiente <\/h4>\n<p>\t\t\t\t\t\t\t<em><b>Facultad:<\/b> Psicolog\u00eda<\/em><\/p>\n<div class=\"btn-poster\" data-toggle=\"modal\" data-target=\"#desarrollo-24\">\n                              <img decoding=\"async\" class=\"img-min-posters\" src=\"\/portal\/wp-content\/themes\/ucatolica\/img\/posters\/2021\/desarrollo-min-24.jpg\" alt=\"\" width=\"100%\"\/>\n                           <\/div>\n<p>                           <em><b>Autores:<\/b><br \/>Maria Camila Londo\u00f1o Fernandez, Camilo Jes\u00f9s Alejandro Vivas Becerra, David Ricardo Aguilar <\/em>\n                        <\/div>\n<div class=\"col-12 col-sm-3 content-posters\">\n<h4>Repensando la movilidad urbana hacia un modelo integrado para ciudades vivas<\/h4>\n<p>\t\t\t\t\t\t\t<em><b>Facultad:<\/b> Dise\u00f1o<\/em><\/p>\n<div class=\"btn-poster\" data-toggle=\"modal\" data-target=\"#desarrollo-25\">\n                              <img decoding=\"async\" class=\"img-min-posters\" src=\"\/portal\/wp-content\/themes\/ucatolica\/img\/posters\/2021\/desarrollo-min-25.jpg\" alt=\"\" width=\"100%\"\/>\n                           <\/div>\n<p>                           <em><b>Autores:<\/b><br \/>Melissa Mar\u00eda Rubiano Cortes, Brayhan Fabi\u00e1n Suesc\u00fan C\u00e1rdenas, Daniel Fernando Quinche Zabala<\/em>\n                        <\/div>\n<div class=\"col-12 col-sm-3 content-posters\">\n<h4>Abstracciones de la tradici\u00f3n. An\u00e1lisis cr\u00edtico del Museo de Arte del Banco de la Rep\u00fablica<\/h4>\n<p>\t\t\t\t\t\t\t<em><b>Facultad:<\/b> Dise\u00f1o<\/em><\/p>\n<div class=\"btn-poster\" data-toggle=\"modal\" data-target=\"#desarrollo-26\">\n                              <img decoding=\"async\" class=\"img-min-posters\" src=\"\/portal\/wp-content\/themes\/ucatolica\/img\/posters\/2021\/desarrollo-min-26.jpg\" alt=\"\" width=\"100%\"\/>\n                           <\/div>\n<p>                           <em><b>Autores:<\/b><br \/>Jairo Hern\u00e1n Ovalle Garay, Juan Manuel Valencia Jaramillo, Fabbian Ricardo Parra Gonz\u00e1lez, Natalia Alexandra Garz\u00f3n R\u00edos, Andr\u00e9s David Mart\u00ednez Ochoa, Monica Alejandra Hern\u00e1ndez Melo, Cristhian David Mayorga Robayo<\/em>\n                        <\/div>\n<div class=\"col-12 col-sm-3 content-posters\">\n<h4>Aspectos generales nicotina. Revisi\u00f3n bibliogr\u00e1fica <\/h4>\n<p>\t\t\t\t\t\t\t<em><b>Facultad:<\/b> Psicolog\u00eda<\/em><\/p>\n<div class=\"btn-poster\" data-toggle=\"modal\" data-target=\"#desarrollo-27\">\n                              <img decoding=\"async\" class=\"img-min-posters\" src=\"\/portal\/wp-content\/themes\/ucatolica\/img\/posters\/2021\/desarrollo-min-27.jpg\" alt=\"\" width=\"100%\"\/>\n                           <\/div>\n<p>                           <em><b>Autores:<\/b><br \/>Francy Paola Castellanos Higera. Brenda Catalina G\u00f3mez Carvajal, Nora Zulieth Lozada Rojas, Diana Patricia Pajarito Buitrago <\/em>\n                        <\/div>\n<div class=\"col-12 col-sm-3 content-posters\">\n<h4>La participaci\u00f3n ciudadana para el desarrollo territorial dentro del marco de la sustentabilidad<\/h4>\n<p>\t\t\t\t\t\t\t<em><b>Facultad:<\/b> Dise\u00f1o<\/em><\/p>\n<div class=\"btn-poster\" data-toggle=\"modal\" data-target=\"#desarrollo-28\">\n                              <img decoding=\"async\" class=\"img-min-posters\" src=\"\/portal\/wp-content\/themes\/ucatolica\/img\/posters\/2021\/desarrollo-min-28.jpg\" alt=\"\" width=\"100%\"\/>\n                           <\/div>\n<p>                           <em><b>Autores:<\/b><br \/>Elvia Isabel Casas Matiz, Luis Carlos Forero Castellanos, Camilo Andr\u00e9s Meneses Herrera<\/em>\n                        <\/div>\n<div class=\"col-12 col-sm-3 content-posters\">\n<h4>Digesti\u00f3n Anaerobia en procesos de aprovechamiento en Granjas<\/h4>\n<p>\t\t\t\t\t\t\t<em><b>Facultad:<\/b> Ciencias Econ\u00f3micas y Administrativas<\/em><\/p>\n<div class=\"btn-poster\" data-toggle=\"modal\" data-target=\"#desarrollo-29\">\n                              <img decoding=\"async\" class=\"img-min-posters\" src=\"\/portal\/wp-content\/themes\/ucatolica\/img\/posters\/2021\/desarrollo-min-29.jpg\" alt=\"\" width=\"100%\"\/>\n                           <\/div>\n<p>                           <em><b>Autores:<\/b><br \/>Erika Patricia Castillo Vargas<\/em>\n                        <\/div>\n<div class=\"col-12 col-sm-3 content-posters\">\n<h4>Relaci\u00f3n entre el precio del petr\u00f3leo y la tasa de cambio: el caso colombiano (2000 \u2013 2018)<\/h4>\n<p>\t\t\t\t\t\t\t<em><b>Facultad:<\/b> Ciencias Econ\u00f3micas y Administrativas<\/em><\/p>\n<div class=\"btn-poster\" data-toggle=\"modal\" data-target=\"#desarrollo-30\">\n                              <img decoding=\"async\" class=\"img-min-posters\" src=\"\/portal\/wp-content\/themes\/ucatolica\/img\/posters\/2021\/derecho-min-12.jpg\" alt=\"\" width=\"100%\"\/>\n                           <\/div>\n<p>                           <em><b>Autores:<\/b><br \/>Camilo Andr\u00e9s Sandoval Garc\u00eda<\/em>\n                        <\/div>\n<\/p><\/div>\n<\/p><\/div>\n<\/p><\/div>\n<\/p><\/div>\n<\/p><\/div>\n<\/p><\/div>\n<\/p><\/div>\n<\/div>\n<p><!-- Modales  Derecho --><\/p>\n<div class=\"modal fade\" id=\"derecho-1\" tabindex=\"-1\" role=\"dialog\" aria-labelledby=\"ModalTitle\" aria-hidden=\"true\" style=\"display: none;\">\n<div class=\"modal-dialog modal-dialog-centered\" role=\"document\">\n<div class=\"modal-content\">\n<div class=\"modal-header\">\n<h5 class=\"modal-title\" id=\"ModalTitle\"><\/h5>\n<p>            <button type=\"button\" class=\"close\" data-dismiss=\"modal\" aria-label=\"Close\"><br \/>\n            <span aria-hidden=\"true\">\u00d7<\/span><br \/>\n            <\/button>\n         <\/div>\n<div class=\"modal-body row\">\n\t\t\t <img decoding=\"async\" class=\"no-lazy\" src=\"\/portal\/wp-content\/themes\/ucatolica\/img\/posters\/2021\/derecho-big-1.jpg\" alt=\"\" width=\"100%\"\/>\n         <\/div>\n<div class=\"modal-footer\"><\/div>\n<\/p><\/div>\n<\/p><\/div>\n<\/div>\n<div class=\"modal fade\" id=\"derecho-2\" tabindex=\"-1\" role=\"dialog\" aria-labelledby=\"ModalTitle\" aria-hidden=\"true\" style=\"display: none;\">\n<div class=\"modal-dialog modal-dialog-centered\" role=\"document\">\n<div class=\"modal-content\">\n<div class=\"modal-header\">\n<h5 class=\"modal-title\" id=\"ModalTitle\"><\/h5>\n<p>            <button type=\"button\" class=\"close\" data-dismiss=\"modal\" aria-label=\"Close\"><br \/>\n            <span aria-hidden=\"true\">\u00d7<\/span><br \/>\n            <\/button>\n         <\/div>\n<div class=\"modal-body row\">\n\t\t\t <img decoding=\"async\" class=\"no-lazy\" src=\"\/portal\/wp-content\/themes\/ucatolica\/img\/posters\/2021\/derecho-big-2.jpg\" alt=\"\" width=\"100%\"\/>\n         <\/div>\n<div class=\"modal-footer\"><\/div>\n<\/p><\/div>\n<\/p><\/div>\n<\/div>\n<div class=\"modal fade\" id=\"derecho-3\" tabindex=\"-1\" role=\"dialog\" aria-labelledby=\"ModalTitle\" aria-hidden=\"true\" style=\"display: none;\">\n<div class=\"modal-dialog modal-dialog-centered\" role=\"document\">\n<div class=\"modal-content\">\n<div class=\"modal-header\">\n<h5 class=\"modal-title\" id=\"ModalTitle\"><\/h5>\n<p>            <button type=\"button\" class=\"close\" data-dismiss=\"modal\" aria-label=\"Close\"><br \/>\n            <span aria-hidden=\"true\">\u00d7<\/span><br \/>\n            <\/button>\n         <\/div>\n<div class=\"modal-body row\">\n\t\t\t <img decoding=\"async\" class=\"no-lazy\" src=\"\/portal\/wp-content\/themes\/ucatolica\/img\/posters\/2021\/derecho-big-3.jpg\" alt=\"\" width=\"100%\"\/>\n         <\/div>\n<div class=\"modal-footer\"><\/div>\n<\/p><\/div>\n<\/p><\/div>\n<\/div>\n<div class=\"modal fade\" id=\"derecho-4\" tabindex=\"-1\" role=\"dialog\" aria-labelledby=\"ModalTitle\" aria-hidden=\"true\" style=\"display: none;\">\n<div class=\"modal-dialog modal-dialog-centered\" role=\"document\">\n<div class=\"modal-content\">\n<div class=\"modal-header\">\n<h5 class=\"modal-title\" id=\"ModalTitle\"><\/h5>\n<p>            <button type=\"button\" class=\"close\" data-dismiss=\"modal\" aria-label=\"Close\"><br \/>\n            <span aria-hidden=\"true\">\u00d7<\/span><br \/>\n            <\/button>\n         <\/div>\n<div class=\"modal-body row\">\n\t\t\t <img decoding=\"async\" class=\"no-lazy\" src=\"\/portal\/wp-content\/themes\/ucatolica\/img\/posters\/2021\/derecho-big-4.jpg\" alt=\"\" width=\"100%\"\/>\n         <\/div>\n<div class=\"modal-footer\"><\/div>\n<\/p><\/div>\n<\/p><\/div>\n<\/div>\n<div class=\"modal fade\" id=\"derecho-5\" tabindex=\"-1\" role=\"dialog\" aria-labelledby=\"ModalTitle\" aria-hidden=\"true\" style=\"display: none;\">\n<div class=\"modal-dialog modal-dialog-centered\" role=\"document\">\n<div class=\"modal-content\">\n<div class=\"modal-header\">\n<h5 class=\"modal-title\" id=\"ModalTitle\"><\/h5>\n<p>            <button type=\"button\" class=\"close\" data-dismiss=\"modal\" aria-label=\"Close\"><br \/>\n            <span aria-hidden=\"true\">\u00d7<\/span><br \/>\n            <\/button>\n         <\/div>\n<div class=\"modal-body row\">\n\t\t\t <img decoding=\"async\" class=\"no-lazy\" src=\"\/portal\/wp-content\/themes\/ucatolica\/img\/posters\/2021\/derecho-big-5.jpg\" alt=\"\" width=\"100%\"\/>\n         <\/div>\n<div class=\"modal-footer\"><\/div>\n<\/p><\/div>\n<\/p><\/div>\n<\/div>\n<div class=\"modal fade\" id=\"derecho-6\" tabindex=\"-1\" role=\"dialog\" aria-labelledby=\"ModalTitle\" aria-hidden=\"true\" style=\"display: none;\">\n<div class=\"modal-dialog modal-dialog-centered\" role=\"document\">\n<div class=\"modal-content\">\n<div class=\"modal-header\">\n<h5 class=\"modal-title\" id=\"ModalTitle\"><\/h5>\n<p>            <button type=\"button\" class=\"close\" data-dismiss=\"modal\" aria-label=\"Close\"><br \/>\n            <span aria-hidden=\"true\">\u00d7<\/span><br \/>\n            <\/button>\n         <\/div>\n<div class=\"modal-body row\">\n\t\t\t <img decoding=\"async\" class=\"no-lazy\" src=\"\/portal\/wp-content\/themes\/ucatolica\/img\/posters\/2021\/derecho-big-6.jpg\" alt=\"\" width=\"100%\"\/>\n         <\/div>\n<div class=\"modal-footer\"><\/div>\n<\/p><\/div>\n<\/p><\/div>\n<\/div>\n<div class=\"modal fade\" id=\"derecho-7\" tabindex=\"-1\" role=\"dialog\" aria-labelledby=\"ModalTitle\" aria-hidden=\"true\" style=\"display: none;\">\n<div class=\"modal-dialog modal-dialog-centered\" role=\"document\">\n<div class=\"modal-content\">\n<div class=\"modal-header\">\n<h5 class=\"modal-title\" id=\"ModalTitle\"><\/h5>\n<p>            <button type=\"button\" class=\"close\" data-dismiss=\"modal\" aria-label=\"Close\"><br \/>\n            <span aria-hidden=\"true\">\u00d7<\/span><br \/>\n            <\/button>\n         <\/div>\n<div class=\"modal-body row\">\n\t\t\t <img decoding=\"async\" class=\"no-lazy\" src=\"\/portal\/wp-content\/themes\/ucatolica\/img\/posters\/2021\/derecho-big-7.jpg\" alt=\"\" width=\"100%\"\/>\n         <\/div>\n<div class=\"modal-footer\"><\/div>\n<\/p><\/div>\n<\/p><\/div>\n<\/div>\n<div class=\"modal fade\" id=\"derecho-8\" tabindex=\"-1\" role=\"dialog\" aria-labelledby=\"ModalTitle\" aria-hidden=\"true\" style=\"display: none;\">\n<div class=\"modal-dialog modal-dialog-centered\" role=\"document\">\n<div class=\"modal-content\">\n<div class=\"modal-header\">\n<h5 class=\"modal-title\" id=\"ModalTitle\"><\/h5>\n<p>            <button type=\"button\" class=\"close\" data-dismiss=\"modal\" aria-label=\"Close\"><br \/>\n            <span aria-hidden=\"true\">\u00d7<\/span><br \/>\n            <\/button>\n         <\/div>\n<div class=\"modal-body row\">\n\t\t\t <img decoding=\"async\" class=\"no-lazy\" src=\"\/portal\/wp-content\/themes\/ucatolica\/img\/posters\/2021\/derecho-big-8.jpg\" alt=\"\" width=\"100%\"\/>\n         <\/div>\n<div class=\"modal-footer\"><\/div>\n<\/p><\/div>\n<\/p><\/div>\n<\/div>\n<div class=\"modal fade\" id=\"derecho-9\" tabindex=\"-1\" role=\"dialog\" aria-labelledby=\"ModalTitle\" aria-hidden=\"true\" style=\"display: none;\">\n<div class=\"modal-dialog modal-dialog-centered\" role=\"document\">\n<div class=\"modal-content\">\n<div class=\"modal-header\">\n<h5 class=\"modal-title\" id=\"ModalTitle\"><\/h5>\n<p>            <button type=\"button\" class=\"close\" data-dismiss=\"modal\" aria-label=\"Close\"><br \/>\n            <span aria-hidden=\"true\">\u00d7<\/span><br \/>\n            <\/button>\n         <\/div>\n<div class=\"modal-body row\">\n\t\t\t <img decoding=\"async\" class=\"no-lazy\" src=\"\/portal\/wp-content\/themes\/ucatolica\/img\/posters\/2021\/derecho-big-9.jpg\" alt=\"\" width=\"100%\"\/>\n         <\/div>\n<div class=\"modal-footer\"><\/div>\n<\/p><\/div>\n<\/p><\/div>\n<\/div>\n<div class=\"modal fade\" id=\"derecho-10\" tabindex=\"-1\" role=\"dialog\" aria-labelledby=\"ModalTitle\" aria-hidden=\"true\" style=\"display: none;\">\n<div class=\"modal-dialog modal-dialog-centered\" role=\"document\">\n<div class=\"modal-content\">\n<div class=\"modal-header\">\n<h5 class=\"modal-title\" id=\"ModalTitle\"><\/h5>\n<p>            <button type=\"button\" class=\"close\" data-dismiss=\"modal\" aria-label=\"Close\"><br \/>\n            <span aria-hidden=\"true\">\u00d7<\/span><br \/>\n            <\/button>\n         <\/div>\n<div class=\"modal-body row\">\n\t\t\t <img decoding=\"async\" class=\"no-lazy\" src=\"\/portal\/wp-content\/themes\/ucatolica\/img\/posters\/2021\/derecho-big-10.jpg\" alt=\"\" width=\"100%\"\/>\n         <\/div>\n<div class=\"modal-footer\"><\/div>\n<\/p><\/div>\n<\/p><\/div>\n<\/div>\n<div class=\"modal fade\" id=\"derecho-11\" tabindex=\"-1\" role=\"dialog\" aria-labelledby=\"ModalTitle\" aria-hidden=\"true\" style=\"display: none;\">\n<div class=\"modal-dialog modal-dialog-centered\" role=\"document\">\n<div class=\"modal-content\">\n<div class=\"modal-header\">\n<h5 class=\"modal-title\" id=\"ModalTitle\"><\/h5>\n<p>            <button type=\"button\" class=\"close\" data-dismiss=\"modal\" aria-label=\"Close\"><br \/>\n            <span aria-hidden=\"true\">\u00d7<\/span><br \/>\n            <\/button>\n         <\/div>\n<div class=\"modal-body row\">\n\t\t\t <img decoding=\"async\" class=\"no-lazy\" src=\"\/portal\/wp-content\/themes\/ucatolica\/img\/posters\/2021\/derecho-big-11.jpg\" alt=\"\" width=\"100%\"\/>\n         <\/div>\n<div class=\"modal-footer\"><\/div>\n<\/p><\/div>\n<\/p><\/div>\n<\/div>\n<p><!-- Modales  Gestion --><\/p>\n<div class=\"modal fade\" id=\"gestion-1\" tabindex=\"-1\" role=\"dialog\" aria-labelledby=\"ModalTitle\" aria-hidden=\"true\" style=\"display: none;\">\n<div class=\"modal-dialog modal-dialog-centered\" role=\"document\">\n<div class=\"modal-content\">\n<div class=\"modal-header\">\n<h5 class=\"modal-title\" id=\"ModalTitle\"><\/h5>\n<p>            <button type=\"button\" class=\"close\" data-dismiss=\"modal\" aria-label=\"Close\"><br \/>\n            <span aria-hidden=\"true\">\u00d7<\/span><br \/>\n            <\/button>\n         <\/div>\n<div class=\"modal-body row\">\n\t\t\t <img decoding=\"async\" class=\"no-lazy\" src=\"\/portal\/wp-content\/themes\/ucatolica\/img\/posters\/2021\/gestion-big-1.jpg\" alt=\"\" width=\"100%\"\/>\n         <\/div>\n<div class=\"modal-footer\"><\/div>\n<\/p><\/div>\n<\/p><\/div>\n<\/div>\n<div class=\"modal fade\" id=\"gestion-2\" tabindex=\"-1\" role=\"dialog\" aria-labelledby=\"ModalTitle\" aria-hidden=\"true\" style=\"display: none;\">\n<div class=\"modal-dialog modal-dialog-centered\" role=\"document\">\n<div class=\"modal-content\">\n<div class=\"modal-header\">\n<h5 class=\"modal-title\" id=\"ModalTitle\"><\/h5>\n<p>            <button type=\"button\" class=\"close\" data-dismiss=\"modal\" aria-label=\"Close\"><br \/>\n            <span aria-hidden=\"true\">\u00d7<\/span><br \/>\n            <\/button>\n         <\/div>\n<div class=\"modal-body row\">\n\t\t\t <img decoding=\"async\" class=\"no-lazy\" src=\"\/portal\/wp-content\/themes\/ucatolica\/img\/posters\/2021\/gestion-big-2.jpg\" alt=\"\" width=\"100%\"\/>\n         <\/div>\n<div class=\"modal-footer\"><\/div>\n<\/p><\/div>\n<\/p><\/div>\n<\/div>\n<div class=\"modal fade\" id=\"gestion-3\" tabindex=\"-1\" role=\"dialog\" aria-labelledby=\"ModalTitle\" aria-hidden=\"true\" style=\"display: none;\">\n<div class=\"modal-dialog modal-dialog-centered\" role=\"document\">\n<div class=\"modal-content\">\n<div class=\"modal-header\">\n<h5 class=\"modal-title\" id=\"ModalTitle\"><\/h5>\n<p>            <button type=\"button\" class=\"close\" data-dismiss=\"modal\" aria-label=\"Close\"><br \/>\n            <span aria-hidden=\"true\">\u00d7<\/span><br \/>\n            <\/button>\n         <\/div>\n<div class=\"modal-body row\">\n\t\t\t <img decoding=\"async\" class=\"no-lazy\" src=\"\/portal\/wp-content\/themes\/ucatolica\/img\/posters\/2021\/gestion-big-3.jpg\" alt=\"\" width=\"100%\"\/>\n         <\/div>\n<div class=\"modal-footer\"><\/div>\n<\/p><\/div>\n<\/p><\/div>\n<\/div>\n<div class=\"modal fade\" id=\"gestion-4\" tabindex=\"-1\" role=\"dialog\" aria-labelledby=\"ModalTitle\" aria-hidden=\"true\" style=\"display: none;\">\n<div class=\"modal-dialog modal-dialog-centered\" role=\"document\">\n<div class=\"modal-content\">\n<div class=\"modal-header\">\n<h5 class=\"modal-title\" id=\"ModalTitle\"><\/h5>\n<p>            <button type=\"button\" class=\"close\" data-dismiss=\"modal\" aria-label=\"Close\"><br \/>\n            <span aria-hidden=\"true\">\u00d7<\/span><br \/>\n            <\/button>\n         <\/div>\n<div class=\"modal-body row\">\n\t\t\t <img decoding=\"async\" class=\"no-lazy\" src=\"\/portal\/wp-content\/themes\/ucatolica\/img\/posters\/2021\/gestion-big-4.jpg\" alt=\"\" width=\"100%\"\/>\n         <\/div>\n<div class=\"modal-footer\"><\/div>\n<\/p><\/div>\n<\/p><\/div>\n<\/div>\n<div class=\"modal fade\" id=\"gestion-5\" tabindex=\"-1\" role=\"dialog\" aria-labelledby=\"ModalTitle\" aria-hidden=\"true\" style=\"display: none;\">\n<div class=\"modal-dialog modal-dialog-centered\" role=\"document\">\n<div class=\"modal-content\">\n<div class=\"modal-header\">\n<h5 class=\"modal-title\" id=\"ModalTitle\"><\/h5>\n<p>            <button type=\"button\" class=\"close\" data-dismiss=\"modal\" aria-label=\"Close\"><br \/>\n            <span aria-hidden=\"true\">\u00d7<\/span><br \/>\n            <\/button>\n         <\/div>\n<div class=\"modal-body row\">\n\t\t\t <img decoding=\"async\" class=\"no-lazy\" src=\"\/portal\/wp-content\/themes\/ucatolica\/img\/posters\/2021\/gestion-big-5.jpg\" alt=\"\" width=\"100%\"\/>\n         <\/div>\n<div class=\"modal-footer\"><\/div>\n<\/p><\/div>\n<\/p><\/div>\n<\/div>\n<div class=\"modal fade\" id=\"gestion-6\" tabindex=\"-1\" role=\"dialog\" aria-labelledby=\"ModalTitle\" aria-hidden=\"true\" style=\"display: none;\">\n<div class=\"modal-dialog modal-dialog-centered\" role=\"document\">\n<div class=\"modal-content\">\n<div class=\"modal-header\">\n<h5 class=\"modal-title\" id=\"ModalTitle\"><\/h5>\n<p>            <button type=\"button\" class=\"close\" data-dismiss=\"modal\" aria-label=\"Close\"><br \/>\n            <span aria-hidden=\"true\">\u00d7<\/span><br \/>\n            <\/button>\n         <\/div>\n<div class=\"modal-body row\">\n\t\t\t <img decoding=\"async\" class=\"no-lazy\" src=\"\/portal\/wp-content\/themes\/ucatolica\/img\/posters\/2021\/gestion-big-6.jpg\" alt=\"\" width=\"100%\"\/>\n         <\/div>\n<div class=\"modal-footer\"><\/div>\n<\/p><\/div>\n<\/p><\/div>\n<\/div>\n<div class=\"modal fade\" id=\"gestion-7\" tabindex=\"-1\" role=\"dialog\" aria-labelledby=\"ModalTitle\" aria-hidden=\"true\" style=\"display: none;\">\n<div class=\"modal-dialog modal-dialog-centered\" role=\"document\">\n<div class=\"modal-content\">\n<div class=\"modal-header\">\n<h5 class=\"modal-title\" id=\"ModalTitle\"><\/h5>\n<p>            <button type=\"button\" class=\"close\" data-dismiss=\"modal\" aria-label=\"Close\"><br \/>\n            <span aria-hidden=\"true\">\u00d7<\/span><br \/>\n            <\/button>\n         <\/div>\n<div class=\"modal-body row\">\n\t\t\t <img decoding=\"async\" class=\"no-lazy\" src=\"\/portal\/wp-content\/themes\/ucatolica\/img\/posters\/2021\/gestion-big-7.jpg\" alt=\"\" width=\"100%\"\/>\n         <\/div>\n<div class=\"modal-footer\"><\/div>\n<\/p><\/div>\n<\/p><\/div>\n<\/div>\n<div class=\"modal fade\" id=\"gestion-8\" tabindex=\"-1\" role=\"dialog\" aria-labelledby=\"ModalTitle\" aria-hidden=\"true\" style=\"display: none;\">\n<div class=\"modal-dialog modal-dialog-centered\" role=\"document\">\n<div class=\"modal-content\">\n<div class=\"modal-header\">\n<h5 class=\"modal-title\" id=\"ModalTitle\"><\/h5>\n<p>            <button type=\"button\" class=\"close\" data-dismiss=\"modal\" aria-label=\"Close\"><br \/>\n            <span aria-hidden=\"true\">\u00d7<\/span><br \/>\n            <\/button>\n         <\/div>\n<div class=\"modal-body row\">\n\t\t\t <img decoding=\"async\" class=\"no-lazy\" src=\"\/portal\/wp-content\/themes\/ucatolica\/img\/posters\/2021\/gestion-big-8.jpg\" alt=\"\" width=\"100%\"\/>\n         <\/div>\n<div class=\"modal-footer\"><\/div>\n<\/p><\/div>\n<\/p><\/div>\n<\/div>\n<div class=\"modal fade\" id=\"gestion-9\" tabindex=\"-1\" role=\"dialog\" aria-labelledby=\"ModalTitle\" aria-hidden=\"true\" style=\"display: none;\">\n<div class=\"modal-dialog modal-dialog-centered\" role=\"document\">\n<div class=\"modal-content\">\n<div class=\"modal-header\">\n<h5 class=\"modal-title\" id=\"ModalTitle\"><\/h5>\n<p>            <button type=\"button\" class=\"close\" data-dismiss=\"modal\" aria-label=\"Close\"><br \/>\n            <span aria-hidden=\"true\">\u00d7<\/span><br \/>\n            <\/button>\n         <\/div>\n<div class=\"modal-body row\">\n\t\t\t <img decoding=\"async\" class=\"no-lazy\" src=\"\/portal\/wp-content\/themes\/ucatolica\/img\/posters\/2021\/gestion-big-9.jpg\" alt=\"\" width=\"100%\"\/>\n         <\/div>\n<div class=\"modal-footer\"><\/div>\n<\/p><\/div>\n<\/p><\/div>\n<\/div>\n<div class=\"modal fade\" id=\"gestion-10\" tabindex=\"-1\" role=\"dialog\" aria-labelledby=\"ModalTitle\" aria-hidden=\"true\" style=\"display: none;\">\n<div class=\"modal-dialog modal-dialog-centered\" role=\"document\">\n<div class=\"modal-content\">\n<div class=\"modal-header\">\n<h5 class=\"modal-title\" id=\"ModalTitle\"><\/h5>\n<p>            <button type=\"button\" class=\"close\" data-dismiss=\"modal\" aria-label=\"Close\"><br \/>\n            <span aria-hidden=\"true\">\u00d7<\/span><br \/>\n            <\/button>\n         <\/div>\n<div class=\"modal-body row\">\n\t\t\t <img decoding=\"async\" class=\"no-lazy\" src=\"\/portal\/wp-content\/themes\/ucatolica\/img\/posters\/2021\/gestion-big-10.jpg\" alt=\"\" width=\"100%\"\/>\n         <\/div>\n<div class=\"modal-footer\"><\/div>\n<\/p><\/div>\n<\/p><\/div>\n<\/div>\n<div class=\"modal fade\" id=\"gestion-11\" tabindex=\"-1\" role=\"dialog\" aria-labelledby=\"ModalTitle\" aria-hidden=\"true\" style=\"display: none;\">\n<div class=\"modal-dialog modal-dialog-centered\" role=\"document\">\n<div class=\"modal-content\">\n<div class=\"modal-header\">\n<h5 class=\"modal-title\" id=\"ModalTitle\"><\/h5>\n<p>            <button type=\"button\" class=\"close\" data-dismiss=\"modal\" aria-label=\"Close\"><br \/>\n            <span aria-hidden=\"true\">\u00d7<\/span><br \/>\n            <\/button>\n         <\/div>\n<div class=\"modal-body row\">\n\t\t\t <img decoding=\"async\" class=\"no-lazy\" src=\"\/portal\/wp-content\/themes\/ucatolica\/img\/posters\/2021\/gestion-big-11.jpg\" alt=\"\" width=\"100%\"\/>\n         <\/div>\n<div class=\"modal-footer\"><\/div>\n<\/p><\/div>\n<\/p><\/div>\n<\/div>\n<div class=\"modal fade\" id=\"gestion-12\" tabindex=\"-1\" role=\"dialog\" aria-labelledby=\"ModalTitle\" aria-hidden=\"true\" style=\"display: none;\">\n<div class=\"modal-dialog modal-dialog-centered\" role=\"document\">\n<div class=\"modal-content\">\n<div class=\"modal-header\">\n<h5 class=\"modal-title\" id=\"ModalTitle\"><\/h5>\n<p>            <button type=\"button\" class=\"close\" data-dismiss=\"modal\" aria-label=\"Close\"><br \/>\n            <span aria-hidden=\"true\">\u00d7<\/span><br \/>\n            <\/button>\n         <\/div>\n<div class=\"modal-body row\">\n\t\t\t <img decoding=\"async\" class=\"no-lazy\" src=\"\/portal\/wp-content\/themes\/ucatolica\/img\/posters\/2021\/gestion-big-12.jpg\" alt=\"\" width=\"100%\"\/>\n         <\/div>\n<div class=\"modal-footer\"><\/div>\n<\/p><\/div>\n<\/p><\/div>\n<\/div>\n<div class=\"modal fade\" id=\"gestion-13\" tabindex=\"-1\" role=\"dialog\" aria-labelledby=\"ModalTitle\" aria-hidden=\"true\" style=\"display: none;\">\n<div class=\"modal-dialog modal-dialog-centered\" role=\"document\">\n<div class=\"modal-content\">\n<div class=\"modal-header\">\n<h5 class=\"modal-title\" id=\"ModalTitle\"><\/h5>\n<p>            <button type=\"button\" class=\"close\" data-dismiss=\"modal\" aria-label=\"Close\"><br \/>\n            <span aria-hidden=\"true\">\u00d7<\/span><br \/>\n            <\/button>\n         <\/div>\n<div class=\"modal-body row\">\n\t\t\t <img decoding=\"async\" class=\"no-lazy\" src=\"\/portal\/wp-content\/themes\/ucatolica\/img\/posters\/2021\/gestion-big-13.jpg\" alt=\"\" width=\"100%\"\/>\n         <\/div>\n<div class=\"modal-footer\"><\/div>\n<\/p><\/div>\n<\/p><\/div>\n<\/div>\n<div class=\"modal fade\" id=\"gestion-14\" tabindex=\"-1\" role=\"dialog\" aria-labelledby=\"ModalTitle\" aria-hidden=\"true\" style=\"display: none;\">\n<div class=\"modal-dialog modal-dialog-centered\" role=\"document\">\n<div class=\"modal-content\">\n<div class=\"modal-header\">\n<h5 class=\"modal-title\" id=\"ModalTitle\"><\/h5>\n<p>            <button type=\"button\" class=\"close\" data-dismiss=\"modal\" aria-label=\"Close\"><br \/>\n            <span aria-hidden=\"true\">\u00d7<\/span><br \/>\n            <\/button>\n         <\/div>\n<div class=\"modal-body row\">\n\t\t\t <img decoding=\"async\" class=\"no-lazy\" src=\"\/portal\/wp-content\/themes\/ucatolica\/img\/posters\/2021\/gestion-big-14.jpg\" alt=\"\" width=\"100%\"\/>\n         <\/div>\n<div class=\"modal-footer\"><\/div>\n<\/p><\/div>\n<\/p><\/div>\n<\/div>\n<p><!-- Modales  Desarrollo --><\/p>\n<div class=\"modal fade\" id=\"desarrollo-1\" tabindex=\"-1\" role=\"dialog\" aria-labelledby=\"ModalTitle\" aria-hidden=\"true\" style=\"display: none;\">\n<div class=\"modal-dialog modal-dialog-centered\" role=\"document\">\n<div class=\"modal-content\">\n<div class=\"modal-header\">\n<h5 class=\"modal-title\" id=\"ModalTitle\"><\/h5>\n<p>            <button type=\"button\" class=\"close\" data-dismiss=\"modal\" aria-label=\"Close\"><br \/>\n            <span aria-hidden=\"true\">\u00d7<\/span><br \/>\n            <\/button>\n         <\/div>\n<div class=\"modal-body row\">\n\t\t\t <img decoding=\"async\" class=\"no-lazy\" src=\"\/portal\/wp-content\/themes\/ucatolica\/img\/posters\/2021\/desarrollo-big-1.jpg\" alt=\"\" width=\"100%\"\/>\n         <\/div>\n<div class=\"modal-footer\"><\/div>\n<\/p><\/div>\n<\/p><\/div>\n<\/div>\n<div class=\"modal fade\" id=\"desarrollo-2\" tabindex=\"-1\" role=\"dialog\" aria-labelledby=\"ModalTitle\" aria-hidden=\"true\" style=\"display: none;\">\n<div class=\"modal-dialog modal-dialog-centered\" role=\"document\">\n<div class=\"modal-content\">\n<div class=\"modal-header\">\n<h5 class=\"modal-title\" id=\"ModalTitle\"><\/h5>\n<p>            <button type=\"button\" class=\"close\" data-dismiss=\"modal\" aria-label=\"Close\"><br \/>\n            <span aria-hidden=\"true\">\u00d7<\/span><br \/>\n            <\/button>\n         <\/div>\n<div class=\"modal-body row\">\n\t\t\t <img decoding=\"async\" class=\"no-lazy\" src=\"\/portal\/wp-content\/themes\/ucatolica\/img\/posters\/2021\/desarrollo-big-2.jpg\" alt=\"\" width=\"100%\"\/>\n         <\/div>\n<div class=\"modal-footer\"><\/div>\n<\/p><\/div>\n<\/p><\/div>\n<\/div>\n<div class=\"modal fade\" id=\"desarrollo-3\" tabindex=\"-1\" role=\"dialog\" aria-labelledby=\"ModalTitle\" aria-hidden=\"true\" style=\"display: none;\">\n<div class=\"modal-dialog modal-dialog-centered\" role=\"document\">\n<div class=\"modal-content\">\n<div class=\"modal-header\">\n<h5 class=\"modal-title\" id=\"ModalTitle\"><\/h5>\n<p>            <button type=\"button\" class=\"close\" data-dismiss=\"modal\" aria-label=\"Close\"><br \/>\n            <span aria-hidden=\"true\">\u00d7<\/span><br \/>\n            <\/button>\n         <\/div>\n<div class=\"modal-body row\">\n\t\t\t <img decoding=\"async\" class=\"no-lazy\" src=\"\/portal\/wp-content\/themes\/ucatolica\/img\/posters\/2021\/desarrollo-big-3.jpg\" alt=\"\" width=\"100%\"\/>\n         <\/div>\n<div class=\"modal-footer\"><\/div>\n<\/p><\/div>\n<\/p><\/div>\n<\/div>\n<div class=\"modal fade\" id=\"desarrollo-4\" tabindex=\"-1\" role=\"dialog\" aria-labelledby=\"ModalTitle\" aria-hidden=\"true\" style=\"display: none;\">\n<div class=\"modal-dialog modal-dialog-centered\" role=\"document\">\n<div class=\"modal-content\">\n<div class=\"modal-header\">\n<h5 class=\"modal-title\" id=\"ModalTitle\"><\/h5>\n<p>            <button type=\"button\" class=\"close\" data-dismiss=\"modal\" aria-label=\"Close\"><br \/>\n            <span aria-hidden=\"true\">\u00d7<\/span><br \/>\n            <\/button>\n         <\/div>\n<div class=\"modal-body row\">\n\t\t\t <img decoding=\"async\" class=\"no-lazy\" src=\"\/portal\/wp-content\/themes\/ucatolica\/img\/posters\/2021\/desarrollo-big-4.jpg\" alt=\"\" width=\"100%\"\/>\n         <\/div>\n<div class=\"modal-footer\"><\/div>\n<\/p><\/div>\n<\/p><\/div>\n<\/div>\n<div class=\"modal fade\" id=\"desarrollo-5\" tabindex=\"-1\" role=\"dialog\" aria-labelledby=\"ModalTitle\" aria-hidden=\"true\" style=\"display: none;\">\n<div class=\"modal-dialog modal-dialog-centered\" role=\"document\">\n<div class=\"modal-content\">\n<div class=\"modal-header\">\n<h5 class=\"modal-title\" id=\"ModalTitle\"><\/h5>\n<p>            <button type=\"button\" class=\"close\" data-dismiss=\"modal\" aria-label=\"Close\"><br \/>\n            <span aria-hidden=\"true\">\u00d7<\/span><br \/>\n            <\/button>\n         <\/div>\n<div class=\"modal-body row\">\n\t\t\t <img decoding=\"async\" class=\"no-lazy\" src=\"\/portal\/wp-content\/themes\/ucatolica\/img\/posters\/2021\/desarrollo-big-5.jpg\" alt=\"\" width=\"100%\"\/>\n         <\/div>\n<div class=\"modal-footer\"><\/div>\n<\/p><\/div>\n<\/p><\/div>\n<\/div>\n<div class=\"modal fade\" id=\"desarrollo-6\" tabindex=\"-1\" role=\"dialog\" aria-labelledby=\"ModalTitle\" aria-hidden=\"true\" style=\"display: none;\">\n<div class=\"modal-dialog modal-dialog-centered\" role=\"document\">\n<div class=\"modal-content\">\n<div class=\"modal-header\">\n<h5 class=\"modal-title\" id=\"ModalTitle\"><\/h5>\n<p>            <button type=\"button\" class=\"close\" data-dismiss=\"modal\" aria-label=\"Close\"><br \/>\n            <span aria-hidden=\"true\">\u00d7<\/span><br \/>\n            <\/button>\n         <\/div>\n<div class=\"modal-body row\">\n\t\t\t <img decoding=\"async\" class=\"no-lazy\" src=\"\/portal\/wp-content\/themes\/ucatolica\/img\/posters\/2021\/desarrollo-big-6.jpg\" alt=\"\" width=\"100%\"\/>\n         <\/div>\n<div class=\"modal-footer\"><\/div>\n<\/p><\/div>\n<\/p><\/div>\n<\/div>\n<div class=\"modal fade\" id=\"desarrollo-7\" tabindex=\"-1\" role=\"dialog\" aria-labelledby=\"ModalTitle\" aria-hidden=\"true\" style=\"display: none;\">\n<div class=\"modal-dialog modal-dialog-centered\" role=\"document\">\n<div class=\"modal-content\">\n<div class=\"modal-header\">\n<h5 class=\"modal-title\" id=\"ModalTitle\"><\/h5>\n<p>            <button type=\"button\" class=\"close\" data-dismiss=\"modal\" aria-label=\"Close\"><br \/>\n            <span aria-hidden=\"true\">\u00d7<\/span><br \/>\n            <\/button>\n         <\/div>\n<div class=\"modal-body row\">\n\t\t\t <img decoding=\"async\" class=\"no-lazy\" src=\"\/portal\/wp-content\/themes\/ucatolica\/img\/posters\/2021\/desarrollo-big-7.jpg\" alt=\"\" width=\"100%\"\/>\n         <\/div>\n<div class=\"modal-footer\"><\/div>\n<\/p><\/div>\n<\/p><\/div>\n<\/div>\n<div class=\"modal fade\" id=\"desarrollo-8\" tabindex=\"-1\" role=\"dialog\" aria-labelledby=\"ModalTitle\" aria-hidden=\"true\" style=\"display: none;\">\n<div class=\"modal-dialog modal-dialog-centered\" role=\"document\">\n<div class=\"modal-content\">\n<div class=\"modal-header\">\n<h5 class=\"modal-title\" id=\"ModalTitle\"><\/h5>\n<p>            <button type=\"button\" class=\"close\" data-dismiss=\"modal\" aria-label=\"Close\"><br \/>\n            <span aria-hidden=\"true\">\u00d7<\/span><br \/>\n            <\/button>\n         <\/div>\n<div class=\"modal-body row\">\n\t\t\t <img decoding=\"async\" class=\"no-lazy\" src=\"\/portal\/wp-content\/themes\/ucatolica\/img\/posters\/2021\/desarrollo-big-8.jpg\" alt=\"\" width=\"100%\"\/>\n         <\/div>\n<div class=\"modal-footer\"><\/div>\n<\/p><\/div>\n<\/p><\/div>\n<\/div>\n<div class=\"modal fade\" id=\"desarrollo-9\" tabindex=\"-1\" role=\"dialog\" aria-labelledby=\"ModalTitle\" aria-hidden=\"true\" style=\"display: none;\">\n<div class=\"modal-dialog modal-dialog-centered\" role=\"document\">\n<div class=\"modal-content\">\n<div class=\"modal-header\">\n<h5 class=\"modal-title\" id=\"ModalTitle\"><\/h5>\n<p>            <button type=\"button\" class=\"close\" data-dismiss=\"modal\" aria-label=\"Close\"><br \/>\n            <span aria-hidden=\"true\">\u00d7<\/span><br \/>\n            <\/button>\n         <\/div>\n<div class=\"modal-body row\">\n\t\t\t <img decoding=\"async\" class=\"no-lazy\" src=\"\/portal\/wp-content\/themes\/ucatolica\/img\/posters\/2021\/desarrollo-big-9.jpg\" alt=\"\" width=\"100%\"\/>\n         <\/div>\n<div class=\"modal-footer\"><\/div>\n<\/p><\/div>\n<\/p><\/div>\n<\/div>\n<div class=\"modal fade\" id=\"desarrollo-10\" tabindex=\"-1\" role=\"dialog\" aria-labelledby=\"ModalTitle\" aria-hidden=\"true\" style=\"display: none;\">\n<div class=\"modal-dialog modal-dialog-centered\" role=\"document\">\n<div class=\"modal-content\">\n<div class=\"modal-header\">\n<h5 class=\"modal-title\" id=\"ModalTitle\"><\/h5>\n<p>            <button type=\"button\" class=\"close\" data-dismiss=\"modal\" aria-label=\"Close\"><br \/>\n            <span aria-hidden=\"true\">\u00d7<\/span><br \/>\n            <\/button>\n         <\/div>\n<div class=\"modal-body row\">\n\t\t\t <img decoding=\"async\" class=\"no-lazy\" src=\"\/portal\/wp-content\/themes\/ucatolica\/img\/posters\/2021\/desarrollo-big-10.jpg\" alt=\"\" width=\"100%\"\/>\n         <\/div>\n<div class=\"modal-footer\"><\/div>\n<\/p><\/div>\n<\/p><\/div>\n<\/div>\n<div class=\"modal fade\" id=\"desarrollo-11\" tabindex=\"-1\" role=\"dialog\" aria-labelledby=\"ModalTitle\" aria-hidden=\"true\" style=\"display: none;\">\n<div class=\"modal-dialog modal-dialog-centered\" role=\"document\">\n<div class=\"modal-content\">\n<div class=\"modal-header\">\n<h5 class=\"modal-title\" id=\"ModalTitle\"><\/h5>\n<p>            <button type=\"button\" class=\"close\" data-dismiss=\"modal\" aria-label=\"Close\"><br \/>\n            <span aria-hidden=\"true\">\u00d7<\/span><br \/>\n            <\/button>\n         <\/div>\n<div class=\"modal-body row\">\n\t\t\t <img decoding=\"async\" class=\"no-lazy\" src=\"\/portal\/wp-content\/themes\/ucatolica\/img\/posters\/2021\/desarrollo-big-11.jpg\" alt=\"\" width=\"100%\"\/>\n         <\/div>\n<div class=\"modal-footer\"><\/div>\n<\/p><\/div>\n<\/p><\/div>\n<\/div>\n<div class=\"modal fade\" id=\"desarrollo-12\" tabindex=\"-1\" role=\"dialog\" aria-labelledby=\"ModalTitle\" aria-hidden=\"true\" style=\"display: none;\">\n<div class=\"modal-dialog modal-dialog-centered\" role=\"document\">\n<div class=\"modal-content\">\n<div class=\"modal-header\">\n<h5 class=\"modal-title\" id=\"ModalTitle\"><\/h5>\n<p>            <button type=\"button\" class=\"close\" data-dismiss=\"modal\" aria-label=\"Close\"><br \/>\n            <span aria-hidden=\"true\">\u00d7<\/span><br \/>\n            <\/button>\n         <\/div>\n<div class=\"modal-body row\">\n\t\t\t <img decoding=\"async\" class=\"no-lazy\" src=\"\/portal\/wp-content\/themes\/ucatolica\/img\/posters\/2021\/desarrollo-big-12.jpg\" alt=\"\" width=\"100%\"\/>\n         <\/div>\n<div class=\"modal-footer\"><\/div>\n<\/p><\/div>\n<\/p><\/div>\n<\/div>\n<div class=\"modal fade\" id=\"desarrollo-13\" tabindex=\"-1\" role=\"dialog\" aria-labelledby=\"ModalTitle\" aria-hidden=\"true\" style=\"display: none;\">\n<div class=\"modal-dialog modal-dialog-centered\" role=\"document\">\n<div class=\"modal-content\">\n<div class=\"modal-header\">\n<h5 class=\"modal-title\" id=\"ModalTitle\"><\/h5>\n<p>            <button type=\"button\" class=\"close\" data-dismiss=\"modal\" aria-label=\"Close\"><br \/>\n            <span aria-hidden=\"true\">\u00d7<\/span><br \/>\n            <\/button>\n         <\/div>\n<div class=\"modal-body row\">\n\t\t\t <img decoding=\"async\" class=\"no-lazy\" src=\"\/portal\/wp-content\/themes\/ucatolica\/img\/posters\/2021\/desarrollo-big-13.jpg\" alt=\"\" width=\"100%\"\/>\n         <\/div>\n<div class=\"modal-footer\"><\/div>\n<\/p><\/div>\n<\/p><\/div>\n<\/div>\n<div class=\"modal fade\" id=\"desarrollo-14\" tabindex=\"-1\" role=\"dialog\" aria-labelledby=\"ModalTitle\" aria-hidden=\"true\" style=\"display: none;\">\n<div class=\"modal-dialog modal-dialog-centered\" role=\"document\">\n<div class=\"modal-content\">\n<div class=\"modal-header\">\n<h5 class=\"modal-title\" id=\"ModalTitle\"><\/h5>\n<p>            <button type=\"button\" class=\"close\" data-dismiss=\"modal\" aria-label=\"Close\"><br \/>\n            <span aria-hidden=\"true\">\u00d7<\/span><br \/>\n            <\/button>\n         <\/div>\n<div class=\"modal-body row\">\n\t\t\t <img decoding=\"async\" class=\"no-lazy\" src=\"\/portal\/wp-content\/themes\/ucatolica\/img\/posters\/2021\/desarrollo-big-14.jpg\" alt=\"\" width=\"100%\"\/>\n         <\/div>\n<div class=\"modal-footer\"><\/div>\n<\/p><\/div>\n<\/p><\/div>\n<\/div>\n<div class=\"modal fade\" id=\"desarrollo-15\" tabindex=\"-1\" role=\"dialog\" aria-labelledby=\"ModalTitle\" aria-hidden=\"true\" style=\"display: none;\">\n<div class=\"modal-dialog modal-dialog-centered\" role=\"document\">\n<div class=\"modal-content\">\n<div class=\"modal-header\">\n<h5 class=\"modal-title\" id=\"ModalTitle\"><\/h5>\n<p>            <button type=\"button\" class=\"close\" data-dismiss=\"modal\" aria-label=\"Close\"><br \/>\n            <span aria-hidden=\"true\">\u00d7<\/span><br \/>\n            <\/button>\n         <\/div>\n<div class=\"modal-body row\">\n\t\t\t <img decoding=\"async\" class=\"no-lazy\" src=\"\/portal\/wp-content\/themes\/ucatolica\/img\/posters\/2021\/desarrollo-big-15.jpg\" alt=\"\" width=\"100%\"\/>\n         <\/div>\n<div class=\"modal-footer\"><\/div>\n<\/p><\/div>\n<\/p><\/div>\n<\/div>\n<div class=\"modal fade\" id=\"desarrollo-16\" tabindex=\"-1\" role=\"dialog\" aria-labelledby=\"ModalTitle\" aria-hidden=\"true\" style=\"display: none;\">\n<div class=\"modal-dialog modal-dialog-centered\" role=\"document\">\n<div class=\"modal-content\">\n<div class=\"modal-header\">\n<h5 class=\"modal-title\" id=\"ModalTitle\"><\/h5>\n<p>            <button type=\"button\" class=\"close\" data-dismiss=\"modal\" aria-label=\"Close\"><br \/>\n            <span aria-hidden=\"true\">\u00d7<\/span><br \/>\n            <\/button>\n         <\/div>\n<div class=\"modal-body row\">\n\t\t\t <img decoding=\"async\" class=\"no-lazy\" src=\"\/portal\/wp-content\/themes\/ucatolica\/img\/posters\/2021\/desarrollo-big-16.jpg\" alt=\"\" width=\"100%\"\/>\n         <\/div>\n<div class=\"modal-footer\"><\/div>\n<\/p><\/div>\n<\/p><\/div>\n<\/div>\n<div class=\"modal fade\" id=\"desarrollo-17\" tabindex=\"-1\" role=\"dialog\" aria-labelledby=\"ModalTitle\" aria-hidden=\"true\" style=\"display: none;\">\n<div class=\"modal-dialog modal-dialog-centered\" role=\"document\">\n<div class=\"modal-content\">\n<div class=\"modal-header\">\n<h5 class=\"modal-title\" id=\"ModalTitle\"><\/h5>\n<p>            <button type=\"button\" class=\"close\" data-dismiss=\"modal\" aria-label=\"Close\"><br \/>\n            <span aria-hidden=\"true\">\u00d7<\/span><br \/>\n            <\/button>\n         <\/div>\n<div class=\"modal-body row\">\n\t\t\t <img decoding=\"async\" class=\"no-lazy\" src=\"\/portal\/wp-content\/themes\/ucatolica\/img\/posters\/2021\/desarrollo-big-17.jpg\" alt=\"\" width=\"100%\"\/>\n         <\/div>\n<div class=\"modal-footer\"><\/div>\n<\/p><\/div>\n<\/p><\/div>\n<\/div>\n<div class=\"modal fade\" id=\"desarrollo-18\" tabindex=\"-1\" role=\"dialog\" aria-labelledby=\"ModalTitle\" aria-hidden=\"true\" style=\"display: none;\">\n<div class=\"modal-dialog modal-dialog-centered\" role=\"document\">\n<div class=\"modal-content\">\n<div class=\"modal-header\">\n<h5 class=\"modal-title\" id=\"ModalTitle\"><\/h5>\n<p>            <button type=\"button\" class=\"close\" data-dismiss=\"modal\" aria-label=\"Close\"><br \/>\n            <span aria-hidden=\"true\">\u00d7<\/span><br \/>\n            <\/button>\n         <\/div>\n<div class=\"modal-body row\">\n\t\t\t <img decoding=\"async\" class=\"no-lazy\" src=\"\/portal\/wp-content\/themes\/ucatolica\/img\/posters\/2021\/desarrollo-big-18.jpg\" alt=\"\" width=\"100%\"\/>\n         <\/div>\n<div class=\"modal-footer\"><\/div>\n<\/p><\/div>\n<\/p><\/div>\n<\/div>\n<div class=\"modal fade\" id=\"desarrollo-19\" tabindex=\"-1\" role=\"dialog\" aria-labelledby=\"ModalTitle\" aria-hidden=\"true\" style=\"display: none;\">\n<div class=\"modal-dialog modal-dialog-centered\" role=\"document\">\n<div class=\"modal-content\">\n<div class=\"modal-header\">\n<h5 class=\"modal-title\" id=\"ModalTitle\"><\/h5>\n<p>            <button type=\"button\" class=\"close\" data-dismiss=\"modal\" aria-label=\"Close\"><br \/>\n            <span aria-hidden=\"true\">\u00d7<\/span><br \/>\n            <\/button>\n         <\/div>\n<div class=\"modal-body row\">\n\t\t\t <img decoding=\"async\" class=\"no-lazy\" src=\"\/portal\/wp-content\/themes\/ucatolica\/img\/posters\/2021\/desarrollo-big-19.jpg\" alt=\"\" width=\"100%\"\/>\n         <\/div>\n<div class=\"modal-footer\"><\/div>\n<\/p><\/div>\n<\/p><\/div>\n<\/div>\n<div class=\"modal fade\" id=\"desarrollo-20\" tabindex=\"-1\" role=\"dialog\" aria-labelledby=\"ModalTitle\" aria-hidden=\"true\" style=\"display: none;\">\n<div class=\"modal-dialog modal-dialog-centered\" role=\"document\">\n<div class=\"modal-content\">\n<div class=\"modal-header\">\n<h5 class=\"modal-title\" id=\"ModalTitle\"><\/h5>\n<p>            <button type=\"button\" class=\"close\" data-dismiss=\"modal\" aria-label=\"Close\"><br \/>\n            <span aria-hidden=\"true\">\u00d7<\/span><br \/>\n            <\/button>\n         <\/div>\n<div class=\"modal-body row\">\n\t\t\t <img decoding=\"async\" class=\"no-lazy\" src=\"\/portal\/wp-content\/themes\/ucatolica\/img\/posters\/2021\/desarrollo-big-20.jpg\" alt=\"\" width=\"100%\"\/>\n         <\/div>\n<div class=\"modal-footer\"><\/div>\n<\/p><\/div>\n<\/p><\/div>\n<\/div>\n<div class=\"modal fade\" id=\"desarrollo-21\" tabindex=\"-1\" role=\"dialog\" aria-labelledby=\"ModalTitle\" aria-hidden=\"true\" style=\"display: none;\">\n<div class=\"modal-dialog modal-dialog-centered\" role=\"document\">\n<div class=\"modal-content\">\n<div class=\"modal-header\">\n<h5 class=\"modal-title\" id=\"ModalTitle\"><\/h5>\n<p>            <button type=\"button\" class=\"close\" data-dismiss=\"modal\" aria-label=\"Close\"><br \/>\n            <span aria-hidden=\"true\">\u00d7<\/span><br \/>\n            <\/button>\n         <\/div>\n<div class=\"modal-body row\">\n\t\t\t <img decoding=\"async\" class=\"no-lazy\" src=\"\/portal\/wp-content\/themes\/ucatolica\/img\/posters\/2021\/desarrollo-big-21.jpg\" alt=\"\" width=\"100%\"\/>\n         <\/div>\n<div class=\"modal-footer\"><\/div>\n<\/p><\/div>\n<\/p><\/div>\n<\/div>\n<div class=\"modal fade\" id=\"desarrollo-22\" tabindex=\"-1\" role=\"dialog\" aria-labelledby=\"ModalTitle\" aria-hidden=\"true\" style=\"display: none;\">\n<div class=\"modal-dialog modal-dialog-centered\" role=\"document\">\n<div class=\"modal-content\">\n<div class=\"modal-header\">\n<h5 class=\"modal-title\" id=\"ModalTitle\"><\/h5>\n<p>            <button type=\"button\" class=\"close\" data-dismiss=\"modal\" aria-label=\"Close\"><br \/>\n            <span aria-hidden=\"true\">\u00d7<\/span><br \/>\n            <\/button>\n         <\/div>\n<div class=\"modal-body row\">\n\t\t\t <img decoding=\"async\" class=\"no-lazy\" src=\"\/portal\/wp-content\/themes\/ucatolica\/img\/posters\/2021\/desarrollo-big-22.jpg\" alt=\"\" width=\"100%\"\/>\n         <\/div>\n<div class=\"modal-footer\"><\/div>\n<\/p><\/div>\n<\/p><\/div>\n<\/div>\n<div class=\"modal fade\" id=\"desarrollo-23\" tabindex=\"-1\" role=\"dialog\" aria-labelledby=\"ModalTitle\" aria-hidden=\"true\" style=\"display: none;\">\n<div class=\"modal-dialog modal-dialog-centered\" role=\"document\">\n<div class=\"modal-content\">\n<div class=\"modal-header\">\n<h5 class=\"modal-title\" id=\"ModalTitle\"><\/h5>\n<p>            <button type=\"button\" class=\"close\" data-dismiss=\"modal\" aria-label=\"Close\"><br \/>\n            <span aria-hidden=\"true\">\u00d7<\/span><br \/>\n            <\/button>\n         <\/div>\n<div class=\"modal-body row\">\n\t\t\t <img decoding=\"async\" class=\"no-lazy\" src=\"\/portal\/wp-content\/themes\/ucatolica\/img\/posters\/2021\/desarrollo-big-23.jpg\" alt=\"\" width=\"100%\"\/>\n         <\/div>\n<div class=\"modal-footer\"><\/div>\n<\/p><\/div>\n<\/p><\/div>\n<\/div>\n<div class=\"modal fade\" id=\"desarrollo-24\" tabindex=\"-1\" role=\"dialog\" aria-labelledby=\"ModalTitle\" aria-hidden=\"true\" style=\"display: none;\">\n<div class=\"modal-dialog modal-dialog-centered\" role=\"document\">\n<div class=\"modal-content\">\n<div class=\"modal-header\">\n<h5 class=\"modal-title\" id=\"ModalTitle\"><\/h5>\n<p>            <button type=\"button\" class=\"close\" data-dismiss=\"modal\" aria-label=\"Close\"><br \/>\n            <span aria-hidden=\"true\">\u00d7<\/span><br \/>\n            <\/button>\n         <\/div>\n<div class=\"modal-body row\">\n\t\t\t <img decoding=\"async\" class=\"no-lazy\" src=\"\/portal\/wp-content\/themes\/ucatolica\/img\/posters\/2021\/desarrollo-big-24.jpg\" alt=\"\" width=\"100%\"\/>\n         <\/div>\n<div class=\"modal-footer\"><\/div>\n<\/p><\/div>\n<\/p><\/div>\n<\/div>\n<div class=\"modal fade\" id=\"desarrollo-25\" tabindex=\"-1\" role=\"dialog\" aria-labelledby=\"ModalTitle\" aria-hidden=\"true\" style=\"display: none;\">\n<div class=\"modal-dialog modal-dialog-centered\" role=\"document\">\n<div class=\"modal-content\">\n<div class=\"modal-header\">\n<h5 class=\"modal-title\" id=\"ModalTitle\"><\/h5>\n<p>            <button type=\"button\" class=\"close\" data-dismiss=\"modal\" aria-label=\"Close\"><br \/>\n            <span aria-hidden=\"true\">\u00d7<\/span><br \/>\n            <\/button>\n         <\/div>\n<div class=\"modal-body row\">\n\t\t\t <img decoding=\"async\" class=\"no-lazy\" src=\"\/portal\/wp-content\/themes\/ucatolica\/img\/posters\/2021\/desarrollo-big-25.jpg\" alt=\"\" width=\"100%\"\/>\n         <\/div>\n<div class=\"modal-footer\"><\/div>\n<\/p><\/div>\n<\/p><\/div>\n<\/div>\n<div class=\"modal fade\" id=\"desarrollo-26\" tabindex=\"-1\" role=\"dialog\" aria-labelledby=\"ModalTitle\" aria-hidden=\"true\" style=\"display: none;\">\n<div class=\"modal-dialog modal-dialog-centered\" role=\"document\">\n<div class=\"modal-content\">\n<div class=\"modal-header\">\n<h5 class=\"modal-title\" id=\"ModalTitle\"><\/h5>\n<p>            <button type=\"button\" class=\"close\" data-dismiss=\"modal\" aria-label=\"Close\"><br \/>\n            <span aria-hidden=\"true\">\u00d7<\/span><br \/>\n            <\/button>\n         <\/div>\n<div class=\"modal-body row\">\n\t\t\t <img decoding=\"async\" class=\"no-lazy\" src=\"\/portal\/wp-content\/themes\/ucatolica\/img\/posters\/2021\/desarrollo-big-26.jpg\" alt=\"\" width=\"100%\"\/>\n         <\/div>\n<div class=\"modal-footer\"><\/div>\n<\/p><\/div>\n<\/p><\/div>\n<\/div>\n<div class=\"modal fade\" id=\"desarrollo-27\" tabindex=\"-1\" role=\"dialog\" aria-labelledby=\"ModalTitle\" aria-hidden=\"true\" style=\"display: none;\">\n<div class=\"modal-dialog modal-dialog-centered\" role=\"document\">\n<div class=\"modal-content\">\n<div class=\"modal-header\">\n<h5 class=\"modal-title\" id=\"ModalTitle\"><\/h5>\n<p>            <button type=\"button\" class=\"close\" data-dismiss=\"modal\" aria-label=\"Close\"><br \/>\n            <span aria-hidden=\"true\">\u00d7<\/span><br \/>\n            <\/button>\n         <\/div>\n<div class=\"modal-body row\">\n\t\t\t <img decoding=\"async\" class=\"no-lazy\" src=\"\/portal\/wp-content\/themes\/ucatolica\/img\/posters\/2021\/desarrollo-big-27.jpg\" alt=\"\" width=\"100%\"\/>\n         <\/div>\n<div class=\"modal-footer\"><\/div>\n<\/p><\/div>\n<\/p><\/div>\n<\/div>\n<div class=\"modal fade\" id=\"desarrollo-28\" tabindex=\"-1\" role=\"dialog\" aria-labelledby=\"ModalTitle\" aria-hidden=\"true\" style=\"display: none;\">\n<div class=\"modal-dialog modal-dialog-centered\" role=\"document\">\n<div class=\"modal-content\">\n<div class=\"modal-header\">\n<h5 class=\"modal-title\" id=\"ModalTitle\"><\/h5>\n<p>            <button type=\"button\" class=\"close\" data-dismiss=\"modal\" aria-label=\"Close\"><br \/>\n            <span aria-hidden=\"true\">\u00d7<\/span><br \/>\n            <\/button>\n         <\/div>\n<div class=\"modal-body row\">\n\t\t\t <img decoding=\"async\" class=\"no-lazy\" src=\"\/portal\/wp-content\/themes\/ucatolica\/img\/posters\/2021\/desarrollo-big-28.jpg\" alt=\"\" width=\"100%\"\/>\n         <\/div>\n<div class=\"modal-footer\"><\/div>\n<\/p><\/div>\n<\/p><\/div>\n<\/div>\n<div class=\"modal fade\" id=\"desarrollo-29\" tabindex=\"-1\" role=\"dialog\" aria-labelledby=\"ModalTitle\" aria-hidden=\"true\" style=\"display: none;\">\n<div class=\"modal-dialog modal-dialog-centered\" role=\"document\">\n<div class=\"modal-content\">\n<div class=\"modal-header\">\n<h5 class=\"modal-title\" id=\"ModalTitle\"><\/h5>\n<p>            <button type=\"button\" class=\"close\" data-dismiss=\"modal\" aria-label=\"Close\"><br \/>\n            <span aria-hidden=\"true\">\u00d7<\/span><br \/>\n            <\/button>\n         <\/div>\n<div class=\"modal-body row\">\n\t\t\t <img decoding=\"async\" class=\"no-lazy\" src=\"\/portal\/wp-content\/themes\/ucatolica\/img\/posters\/2021\/desarrollo-big-29.jpg\" alt=\"\" width=\"100%\"\/>\n         <\/div>\n<div class=\"modal-footer\"><\/div>\n<\/p><\/div>\n<\/p><\/div>\n<\/div>\n<div class=\"modal fade\" id=\"desarrollo-30\" tabindex=\"-1\" role=\"dialog\" aria-labelledby=\"ModalTitle\" aria-hidden=\"true\" style=\"display: none;\">\n<div class=\"modal-dialog modal-dialog-centered\" role=\"document\">\n<div class=\"modal-content\">\n<div class=\"modal-header\">\n<h5 class=\"modal-title\" id=\"ModalTitle\"><\/h5>\n<p>            <button type=\"button\" class=\"close\" data-dismiss=\"modal\" aria-label=\"Close\"><br \/>\n            <span aria-hidden=\"true\">\u00d7<\/span><br \/>\n            <\/button>\n         <\/div>\n<div class=\"modal-body row\">\n\t\t\t <img decoding=\"async\" class=\"no-lazy\" src=\"\/portal\/wp-content\/themes\/ucatolica\/img\/posters\/2021\/derecho-big-12.jpg\" alt=\"\" width=\"100%\"\/>\n         <\/div>\n<div class=\"modal-footer\"><\/div>\n<\/p><\/div>\n<\/p><\/div>\n<\/div>\n","protected":false},"excerpt":{"rendered":"<p>XIIJornada deInvestigaci\u00f3n 2021Universidad Cat\u00f3lica de Colombia Exhibici\u00f3n de P\u00f3sters En el marco de la XII Jornada de Investigaci\u00f3n 2021, se llevar\u00e1 a cabo la sesi\u00f3n de Socializaci\u00f3n de p\u00f3ster que fueron presentados por estudiantes internos y externos a nuestra Instituci\u00f3n, el 6 de mayo de 2021 entre las 2:00 pm y 4:40 pm. A continuaci\u00f3n [&hellip;]<\/p>\n","protected":false},"author":2,"featured_media":0,"parent":0,"menu_order":0,"comment_status":"closed","ping_status":"closed","template":"page-clean.php","meta":{"_acf_changed":false,"advgb_blocks_editor_width":"","advgb_blocks_columns_visual_guide":"","footnotes":""},"class_list":["post-30119","page","type-page","status-publish","hentry"],"acf":[],"yoast_head":"<!-- This site is optimized with the Yoast SEO plugin v26.7 - https:\/\/yoast.com\/wordpress\/plugins\/seo\/ -->\n<title>XII Jornada de Investigaci\u00f3n - Universidad Cat\u00f3lica De Colombia<\/title>\n<meta name=\"robots\" content=\"index, follow, max-snippet:-1, max-image-preview:large, max-video-preview:-1\" \/>\n<link rel=\"canonical\" href=\"https:\/\/www.ucatolica.edu.co\/portal\/xii-jornada-de-investigacion\/\" \/>\n<meta property=\"og:locale\" content=\"es_ES\" \/>\n<meta property=\"og:type\" content=\"article\" \/>\n<meta property=\"og:title\" content=\"XII Jornada de Investigaci\u00f3n - Universidad Cat\u00f3lica De Colombia\" \/>\n<meta property=\"og:description\" content=\"XIIJornada deInvestigaci\u00f3n 2021Universidad Cat\u00f3lica de Colombia Exhibici\u00f3n de P\u00f3sters En el marco de la XII Jornada de Investigaci\u00f3n 2021, se llevar\u00e1 a cabo la sesi\u00f3n de Socializaci\u00f3n de p\u00f3ster que fueron presentados por estudiantes internos y externos a nuestra Instituci\u00f3n, el 6 de mayo de 2021 entre las 2:00 pm y 4:40 pm. A continuaci\u00f3n [&hellip;]\" \/>\n<meta property=\"og:url\" content=\"https:\/\/www.ucatolica.edu.co\/portal\/xii-jornada-de-investigacion\/\" \/>\n<meta property=\"og:site_name\" content=\"Universidad Cat\u00f3lica De Colombia\" \/>\n<meta property=\"article:publisher\" content=\"https:\/\/www.facebook.com\/ucatolicacolombia\" \/>\n<meta property=\"og:image\" content=\"https:\/\/www.ucatolica.edu.co\/portal\/wp-content\/themes\/ucatolica\/img\/assets\/logo-header-ho.svg\" \/>\n<meta name=\"twitter:card\" content=\"summary_large_image\" \/>\n<meta name=\"twitter:site\" content=\"@UCatolicaCol\" \/>\n<meta name=\"twitter:label1\" content=\"Tiempo de lectura\" \/>\n\t<meta name=\"twitter:data1\" content=\"10 minutos\" \/>\n<script type=\"application\/ld+json\" class=\"yoast-schema-graph\">{\"@context\":\"https:\/\/schema.org\",\"@graph\":[{\"@type\":\"WebPage\",\"@id\":\"https:\/\/www.ucatolica.edu.co\/portal\/xii-jornada-de-investigacion\/\",\"url\":\"https:\/\/www.ucatolica.edu.co\/portal\/xii-jornada-de-investigacion\/\",\"name\":\"XII Jornada de Investigaci\u00f3n - Universidad Cat\u00f3lica De Colombia\",\"isPartOf\":{\"@id\":\"https:\/\/www.ucatolica.edu.co\/portal\/#website\"},\"primaryImageOfPage\":{\"@id\":\"https:\/\/www.ucatolica.edu.co\/portal\/xii-jornada-de-investigacion\/#primaryimage\"},\"image\":{\"@id\":\"https:\/\/www.ucatolica.edu.co\/portal\/xii-jornada-de-investigacion\/#primaryimage\"},\"thumbnailUrl\":\"https:\/\/www.ucatolica.edu.co\/portal\/wp-content\/themes\/ucatolica\/img\/assets\/logo-header-ho.svg\",\"datePublished\":\"2020-08-25T16:06:12+00:00\",\"breadcrumb\":{\"@id\":\"https:\/\/www.ucatolica.edu.co\/portal\/xii-jornada-de-investigacion\/#breadcrumb\"},\"inLanguage\":\"es-CO\",\"potentialAction\":[{\"@type\":\"ReadAction\",\"target\":[\"https:\/\/www.ucatolica.edu.co\/portal\/xii-jornada-de-investigacion\/\"]}]},{\"@type\":\"ImageObject\",\"inLanguage\":\"es-CO\",\"@id\":\"https:\/\/www.ucatolica.edu.co\/portal\/xii-jornada-de-investigacion\/#primaryimage\",\"url\":\"https:\/\/www.ucatolica.edu.co\/portal\/wp-content\/themes\/ucatolica\/img\/assets\/logo-header-ho.svg\",\"contentUrl\":\"https:\/\/www.ucatolica.edu.co\/portal\/wp-content\/themes\/ucatolica\/img\/assets\/logo-header-ho.svg\"},{\"@type\":\"BreadcrumbList\",\"@id\":\"https:\/\/www.ucatolica.edu.co\/portal\/xii-jornada-de-investigacion\/#breadcrumb\",\"itemListElement\":[{\"@type\":\"ListItem\",\"position\":1,\"name\":\"Inicio\",\"item\":\"https:\/\/www.ucatolica.edu.co\/portal\/\"},{\"@type\":\"ListItem\",\"position\":2,\"name\":\"XII Jornada de Investigaci\u00f3n\"}]},{\"@type\":\"WebSite\",\"@id\":\"https:\/\/www.ucatolica.edu.co\/portal\/#website\",\"url\":\"https:\/\/www.ucatolica.edu.co\/portal\/\",\"name\":\"Universidad Cat\u00f3lica De Colombia\",\"description\":\"Universidad Cat\u00f3lica De Colombia\",\"publisher\":{\"@id\":\"https:\/\/www.ucatolica.edu.co\/portal\/#organization\"},\"potentialAction\":[{\"@type\":\"SearchAction\",\"target\":{\"@type\":\"EntryPoint\",\"urlTemplate\":\"https:\/\/www.ucatolica.edu.co\/portal\/?s={search_term_string}\"},\"query-input\":{\"@type\":\"PropertyValueSpecification\",\"valueRequired\":true,\"valueName\":\"search_term_string\"}}],\"inLanguage\":\"es-CO\"},{\"@type\":\"Organization\",\"@id\":\"https:\/\/www.ucatolica.edu.co\/portal\/#organization\",\"name\":\"Universidad Cat\u00f3lica de Colombia\",\"url\":\"https:\/\/www.ucatolica.edu.co\/portal\/\",\"logo\":{\"@type\":\"ImageObject\",\"inLanguage\":\"es-CO\",\"@id\":\"https:\/\/www.ucatolica.edu.co\/portal\/#\/schema\/logo\/image\/\",\"url\":\"https:\/\/www.ucatolica.edu.co\/portal\/wp-content\/uploads\/2021\/06\/logo-header-ho-1.svg\",\"contentUrl\":\"https:\/\/www.ucatolica.edu.co\/portal\/wp-content\/uploads\/2021\/06\/logo-header-ho-1.svg\",\"width\":1,\"height\":1,\"caption\":\"Universidad Cat\u00f3lica de Colombia\"},\"image\":{\"@id\":\"https:\/\/www.ucatolica.edu.co\/portal\/#\/schema\/logo\/image\/\"},\"sameAs\":[\"https:\/\/www.facebook.com\/ucatolicacolombia\",\"https:\/\/x.com\/UCatolicaCol\",\"https:\/\/www.instagram.com\/universidadcatolicadecolombia\/\",\"https:\/\/www.linkedin.com\/company\/universidadcatolicadecolombia\/\",\"https:\/\/www.youtube.com\/user\/UCatolicaCo\"]}]}<\/script>\n<!-- \/ Yoast SEO plugin. -->","yoast_head_json":{"title":"XII Jornada de Investigaci\u00f3n - Universidad Cat\u00f3lica De Colombia","robots":{"index":"index","follow":"follow","max-snippet":"max-snippet:-1","max-image-preview":"max-image-preview:large","max-video-preview":"max-video-preview:-1"},"canonical":"https:\/\/www.ucatolica.edu.co\/portal\/xii-jornada-de-investigacion\/","og_locale":"es_ES","og_type":"article","og_title":"XII Jornada de Investigaci\u00f3n - Universidad Cat\u00f3lica De Colombia","og_description":"XIIJornada deInvestigaci\u00f3n 2021Universidad Cat\u00f3lica de Colombia Exhibici\u00f3n de P\u00f3sters En el marco de la XII Jornada de Investigaci\u00f3n 2021, se llevar\u00e1 a cabo la sesi\u00f3n de Socializaci\u00f3n de p\u00f3ster que fueron presentados por estudiantes internos y externos a nuestra Instituci\u00f3n, el 6 de mayo de 2021 entre las 2:00 pm y 4:40 pm. A continuaci\u00f3n [&hellip;]","og_url":"https:\/\/www.ucatolica.edu.co\/portal\/xii-jornada-de-investigacion\/","og_site_name":"Universidad Cat\u00f3lica De Colombia","article_publisher":"https:\/\/www.facebook.com\/ucatolicacolombia","og_image":[{"url":"https:\/\/www.ucatolica.edu.co\/portal\/wp-content\/themes\/ucatolica\/img\/assets\/logo-header-ho.svg","type":"","width":"","height":""}],"twitter_card":"summary_large_image","twitter_site":"@UCatolicaCol","twitter_misc":{"Tiempo de lectura":"10 minutos"},"schema":{"@context":"https:\/\/schema.org","@graph":[{"@type":"WebPage","@id":"https:\/\/www.ucatolica.edu.co\/portal\/xii-jornada-de-investigacion\/","url":"https:\/\/www.ucatolica.edu.co\/portal\/xii-jornada-de-investigacion\/","name":"XII Jornada de Investigaci\u00f3n - Universidad Cat\u00f3lica De Colombia","isPartOf":{"@id":"https:\/\/www.ucatolica.edu.co\/portal\/#website"},"primaryImageOfPage":{"@id":"https:\/\/www.ucatolica.edu.co\/portal\/xii-jornada-de-investigacion\/#primaryimage"},"image":{"@id":"https:\/\/www.ucatolica.edu.co\/portal\/xii-jornada-de-investigacion\/#primaryimage"},"thumbnailUrl":"https:\/\/www.ucatolica.edu.co\/portal\/wp-content\/themes\/ucatolica\/img\/assets\/logo-header-ho.svg","datePublished":"2020-08-25T16:06:12+00:00","breadcrumb":{"@id":"https:\/\/www.ucatolica.edu.co\/portal\/xii-jornada-de-investigacion\/#breadcrumb"},"inLanguage":"es-CO","potentialAction":[{"@type":"ReadAction","target":["https:\/\/www.ucatolica.edu.co\/portal\/xii-jornada-de-investigacion\/"]}]},{"@type":"ImageObject","inLanguage":"es-CO","@id":"https:\/\/www.ucatolica.edu.co\/portal\/xii-jornada-de-investigacion\/#primaryimage","url":"https:\/\/www.ucatolica.edu.co\/portal\/wp-content\/themes\/ucatolica\/img\/assets\/logo-header-ho.svg","contentUrl":"https:\/\/www.ucatolica.edu.co\/portal\/wp-content\/themes\/ucatolica\/img\/assets\/logo-header-ho.svg"},{"@type":"BreadcrumbList","@id":"https:\/\/www.ucatolica.edu.co\/portal\/xii-jornada-de-investigacion\/#breadcrumb","itemListElement":[{"@type":"ListItem","position":1,"name":"Inicio","item":"https:\/\/www.ucatolica.edu.co\/portal\/"},{"@type":"ListItem","position":2,"name":"XII Jornada de Investigaci\u00f3n"}]},{"@type":"WebSite","@id":"https:\/\/www.ucatolica.edu.co\/portal\/#website","url":"https:\/\/www.ucatolica.edu.co\/portal\/","name":"Universidad Cat\u00f3lica De Colombia","description":"Universidad Cat\u00f3lica De Colombia","publisher":{"@id":"https:\/\/www.ucatolica.edu.co\/portal\/#organization"},"potentialAction":[{"@type":"SearchAction","target":{"@type":"EntryPoint","urlTemplate":"https:\/\/www.ucatolica.edu.co\/portal\/?s={search_term_string}"},"query-input":{"@type":"PropertyValueSpecification","valueRequired":true,"valueName":"search_term_string"}}],"inLanguage":"es-CO"},{"@type":"Organization","@id":"https:\/\/www.ucatolica.edu.co\/portal\/#organization","name":"Universidad Cat\u00f3lica de Colombia","url":"https:\/\/www.ucatolica.edu.co\/portal\/","logo":{"@type":"ImageObject","inLanguage":"es-CO","@id":"https:\/\/www.ucatolica.edu.co\/portal\/#\/schema\/logo\/image\/","url":"https:\/\/www.ucatolica.edu.co\/portal\/wp-content\/uploads\/2021\/06\/logo-header-ho-1.svg","contentUrl":"https:\/\/www.ucatolica.edu.co\/portal\/wp-content\/uploads\/2021\/06\/logo-header-ho-1.svg","width":1,"height":1,"caption":"Universidad Cat\u00f3lica de Colombia"},"image":{"@id":"https:\/\/www.ucatolica.edu.co\/portal\/#\/schema\/logo\/image\/"},"sameAs":["https:\/\/www.facebook.com\/ucatolicacolombia","https:\/\/x.com\/UCatolicaCol","https:\/\/www.instagram.com\/universidadcatolicadecolombia\/","https:\/\/www.linkedin.com\/company\/universidadcatolicadecolombia\/","https:\/\/www.youtube.com\/user\/UCatolicaCo"]}]}},"coauthors":[],"author_meta":{"author_link":"https:\/\/www.ucatolica.edu.co\/portal\/author\/carrnall\/","display_name":"Carlos Zea"},"relative_dates":{"created":"Posted 6 a\u00f1os ago","modified":"Updated 6 a\u00f1os ago"},"absolute_dates":{"created":"Posted on 25 agosto, 2020","modified":"Updated on 25 agosto, 2020"},"absolute_dates_time":{"created":"Posted on 25 agosto, 2020 11:06 am","modified":"Updated on 25 agosto, 2020 11:06 am"},"featured_img_caption":"","featured_img":false,"series_order":"","_links":{"self":[{"href":"https:\/\/www.ucatolica.edu.co\/portal\/wp-json\/wp\/v2\/pages\/30119","targetHints":{"allow":["GET"]}}],"collection":[{"href":"https:\/\/www.ucatolica.edu.co\/portal\/wp-json\/wp\/v2\/pages"}],"about":[{"href":"https:\/\/www.ucatolica.edu.co\/portal\/wp-json\/wp\/v2\/types\/page"}],"author":[{"embeddable":true,"href":"https:\/\/www.ucatolica.edu.co\/portal\/wp-json\/wp\/v2\/users\/2"}],"replies":[{"embeddable":true,"href":"https:\/\/www.ucatolica.edu.co\/portal\/wp-json\/wp\/v2\/comments?post=30119"}],"version-history":[{"count":0,"href":"https:\/\/www.ucatolica.edu.co\/portal\/wp-json\/wp\/v2\/pages\/30119\/revisions"}],"wp:attachment":[{"href":"https:\/\/www.ucatolica.edu.co\/portal\/wp-json\/wp\/v2\/media?parent=30119"}],"curies":[{"name":"wp","href":"https:\/\/api.w.org\/{rel}","templated":true}]}}