{"id":367,"date":"2018-08-23T10:21:25","date_gmt":"2018-08-23T15:21:25","guid":{"rendered":"http:\/\/localhost:8888\/portal\/?page_id=367"},"modified":"2023-11-30T16:18:03","modified_gmt":"2023-11-30T21:18:03","slug":"habeas-data","status":"publish","type":"page","link":"https:\/\/www.ucatolica.edu.co\/portal\/habeas-data\/","title":{"rendered":"Pol\u00edtica de tratamiento de datos personales"},"content":{"rendered":"<h1>Pol\u00edtica de tratamiento de datos personales<\/h1>\n<p>El\u00a0<em>Pol\u00edtica de tratamiento de datos personales<\/em>\u00a0es el derecho que tienen todas las personas de conocer, actualizar y rectificar la informaci\u00f3n que se hayan recogido sobre ellas en bancos de datos. Incluye tambi\u00e9n los dem\u00e1s derechos, libertades y garant\u00edas Constitucionales relacionadas con la recolecci\u00f3n, tratamiento y circulaci\u00f3n de datos personales.<\/p>\n<h3>Deberes de la Universidad<\/h3>\n<ul>\n<li>Hacer valer el derecho <em>Pol\u00edtica de tratamiento de datos personales<\/em> de los estudiantes y del personal que conforma las unidades administrativas y acad\u00e9micas.<\/li>\n<li>Promover que todos los integrantes de la Universidad conozcan las \u201cPol\u00edticas del tratamiento de datos personales\u201d (Acuerdo 002 de 2013).<\/li>\n<li>Implementar medidas de seguridad para que no haya acceso no autorizado a los datos personales.<\/li>\n<li>Guardar copias de las autorizaciones para manipular la informaci\u00f3n entregadas por los estudiantes y el personal que conforma las unidades acad\u00e9micas y administrativas.<\/li>\n<\/ul>\n<h3>Derechos de los estudiantes y personal que conforman las unidades acad\u00e9micas y administrativas<\/h3>\n<ul>\n<li>Conocer, actualizar y rectificar la informaci\u00f3n que se tenga sobre ellos en la Universidad.<\/li>\n<li>Efectuar una reclamaci\u00f3n directa, enviando un mensaje a contacto@ucatolica.edu.co o directamente ante la Secretar\u00eda General.<\/li>\n<li>En concordancia con los art\u00edculos 15 y 16 de la Ley 1755 de 2015.<\/li>\n<\/ul>\n<p class=\"note\">*Se recomienda a los estudiantes tener los datos actualizados.<\/p>\n<div id=\"accordion\" class=\"panel-group\">\n<div class=\"panel panel-default\">\n<div id=\"headingCero\" class=\"panel-heading\">\n<h4 class=\"panel-title\"><a href=\"#collapseCero\" data-toggle=\"collapse\" data-parent=\"#accordion\">Conozca m\u00e1s de la protecci\u00f3n de datos<\/a><\/h4>\n<\/div>\n<div id=\"collapseCero\" class=\"panel-collapse collapse\">\n<div class=\"panel-body\">\n<p>La Universidad Cat\u00f3lica de Colombia comprometida con el cumplimiento normativo y consiente de la necesidad de formaci\u00f3n constante, ha desarrollado el Aula Virtual de en la cual se plasma de manera did\u00e1ctica las disposiciones referentes a la protecci\u00f3n de datos.<\/p>\n<p>Para acceder al Aula Virtual:<\/p>\n<ol>\n<li>Ingresar a la plataforma <a href=\"https:\/\/newava.ucatolica.edu.co\/ava2\/\" target=\"_blank\" rel=\"noopener\">AVA2.<\/a><\/li>\n<li>Debe diligenciar datos de &#8220;Usuario&#8221; y &#8220;Clave&#8221;.<\/li>\n<li>Ingresara a la p\u00e1gina principal, en la cual debe hacer click en &#8220;Desarrollo Institucional&#8221;.<\/li>\n<li>Haga clic en la opci\u00f3n &#8220;Secretar\u00eda General&#8221; &gt; &#8220;Pol\u00edtica de tratamiento de datos personales&#8221; &gt; &#8220;Matricularme&#8221;.<\/li>\n<li>De inmediato se habilitar\u00e1 la informaci\u00f3n del curso.<\/li>\n<\/ol>\n<\/div>\n<\/div>\n<\/div>\n<div class=\"panel panel-default\">\n<div id=\"headingUno\" class=\"panel-heading\">\n<h4 class=\"panel-title\"><a href=\"#collapseUno\" data-toggle=\"collapse\" data-parent=\"#accordion\">Peticiones referentes a datos personales<\/a><\/h4>\n<\/div>\n<div id=\"collapseUno\" class=\"panel-collapse collapse\">\n<div class=\"panel-body\">\n<h3>\u00bfC\u00f3mo presentar peticiones referentes a datos personales?<\/h3>\n<p>Si el titular quiere consultar su informaci\u00f3n o consideran que lo datos contenidos en una base de datos deben ser corregidos, actualizados o eliminados, o cuando adviertan el presunto incumplimiento de cualquiera de los deberes contenidos en la ley, podr\u00e1n presentar un reclamo ante la Universidad mediante derecho de petici\u00f3n f\u00edsico o en el correo: contacto@ucatolica.edu.co<\/p>\n<p>Y dentro del t\u00e9rmino de 15 d\u00edas h\u00e1biles contados a partir del d\u00eda siguiente a la fecha de su recibo atenderemos la reclamaci\u00f3n.<\/p>\n<\/div>\n<\/div>\n<\/div>\n<\/div>\n<p><!-- CONTENEDOR DOS PARA SIDEBAR --><\/p>\n<div id=\"contenido-dos\">\n<h2>Documentos de Inter\u00e9s<\/h2>\n<ul class=\"documentos\">\n<li class=\"pdf\"><a href=\"\/portal\/wp-content\/uploads\/2020\/12\/autorizacion-tratamiento-datos-grabacion-virtual-remota.pdf\">Autorizaci\u00f3n para Tratamiento de Datos y Grabaci\u00f3n de Sesiones de Educaci\u00f3n Virtual y Remota<\/a><\/li>\n<\/ul>\n<div class=\"panel panel-default\">\n<div id=\"headingTres\" class=\"panel-heading\">\n<h4 class=\"panel-title\"><a href=\"#collapseTres\" data-toggle=\"collapse\" data-parent=\"#accordion\">Acuerdos y Resoluciones<\/a><\/h4>\n<\/div>\n<div id=\"collapseTres\" class=\"panel-collapse collapse\">\n<div class=\"panel-body\">\n<ul class=\"documentos\">\n<li class=\"pdf\"><a href=\"https:\/\/www.ucatolica.edu.co\/portal\/wp-content\/uploads\/adjuntos\/acuerdos\/sala-de-gobierno-002-13.pdf\">Acuerdo No. 002 del 04 de septiembre de 2013 \u201cPor el cual se aprueba el manual de pol\u00edticas de tratamientos de datos personales\u201d.<\/a><\/li>\n<li class=\"pdf\"><a href=\"https:\/\/www.ucatolica.edu.co\/portal\/wp-content\/uploads\/adjuntos\/acuerdos\/sala-de-gobierno-002-14.pdf\" target=\"_blank\" rel=\"noopener\">Acuerdo No. 002 &#8220;Por el cual se aprueba el Manual de Servicio para el personal docente de la Universidad&#8221;<\/a><\/li>\n<li class=\"pdf\"><a href=\"https:\/\/www.ucatolica.edu.co\/portal\/wp-content\/uploads\/adjuntos\/acuerdos\/sala-de-gobierno-002-16.pdf\" target=\"_blank\" rel=\"noopener\">Acuerdo No. 002 &#8220;Por el cual se establecen las directrices generales para el uso de las tecnolog\u00edas de la informaci\u00f3n y comunicaciones -TIC- en la Universidad Cat\u00f3lica de Colombia&#8221;<\/a><\/li>\n<li class=\"pdf\"><a href=\"https:\/\/www.ucatolica.edu.co\/portal\/wp-content\/uploads\/adjuntos\/acuerdos\/sala-de-gobierno-006-16.pdf\" target=\"_blank\" rel=\"noopener\">Acuerdo No. 006 &#8220;Por el cual se establece la pol\u00edtica y se aprueba el Manual para la atenci\u00f3n de peticiones, quejas, reclamos, sugerencias y felicitaciones en la Universidad Cat\u00f3lica de Colombia.&#8221;<\/a><\/li>\n<li class=\"pdf\"><a href=\"\/portal\/wp-content\/uploads\/adjuntos\/acuerdos\/acuerdo-004-actualizacion-manual-pdrsf.pdf\" target=\"_blank\" rel=\"noopener\">Acuerdo No. 004 &#8220;Por el cual se modifica el Manual de Tratamiento de Incidencias Peticiones, Quejas, Reclamos, Sugerencias y Felicitaciones en la Universidad Cat\u00f3lica de Colombia&#8221;<\/a><\/li>\n<li class=\"pdf\"><a href=\"\/portal\/wp-content\/uploads\/adjuntos\/resoluciones\/vicepresidencia-017-14.pdf\" target=\"_blank\" rel=\"noopener\">Resoluci\u00f3n No. 017 del 15 de agosto de 2014 &#8220;Por el cual se establece el procedimiento para hacer uso de las bases de datos&#8221;.<\/a><\/li>\n<li class=\"pdf\"><a href=\"https:\/\/www.ucatolica.edu.co\/portal\/wp-content\/uploads\/adjuntos\/resoluciones\/vicepresidencia-008-17.pdf\" target=\"_blank\" rel=\"noopener\">Resoluci\u00f3n No. 008 &#8211; 28 de marzo \u201cT\u00e9rminos y condiciones uso sitio WEB y sus p\u00e1ginas complementarias\u201d.<\/a><\/li>\n<li class=\"pdf\"><a href=\"https:\/\/www.ucatolica.edu.co\/portal\/wp-content\/uploads\/adjuntos\/resoluciones\/vicepresidencia-043-17.pdf\" target=\"_blank\" rel=\"noopener\">Resoluci\u00f3n No. 043 &#8211; 21 de noviembre \u201cPor la cual se establece el procedimiento de comunicaci\u00f3n y relaciones con los p\u00fablicos internos &#8211; correos masivos\u201d.<\/a><\/li>\n<li class=\"pdf\"><a href=\"https:\/\/www.ucatolica.edu.co\/portal\/wp-content\/uploads\/adjuntos\/resoluciones\/vicepresidencia-044-17.pdf\" target=\"_blank\" rel=\"noopener\">Resoluci\u00f3n No. 044 &#8211; 21 de noviembre \u201cMediante el cual se establece el procedimiento para consulta de informaci\u00f3n almacenada en el sistema de v\u00eddeo vigilancia de la Universidad Cat\u00f3lica de Colombia\u201d.<\/a><\/li>\n<li class=\"pdf\"><a href=\"https:\/\/www.ucatolica.edu.co\/portal\/wp-content\/uploads\/adjuntos\/resoluciones\/vicepresidencia-028-19.pdf\" target=\"_blank\" rel=\"noopener\">Resoluci\u00f3n No. 028 &#8211; 20 de Agosto de 2019 \u201cProcedimiento Tratamiento de Incidencias PQRSF Consultorio Jur\u00eddica y Centro de Conciliaci\u00f3n &#8211; Vigilado Minjusticia\u201d.<\/a><\/li>\n<\/ul>\n<\/div>\n<\/div>\n<\/div>\n<div class=\"panel panel-default\">\n<div id=\"headingLeft1\" class=\"panel-heading\">\n<h4 class=\"panel-title\"><a href=\"#collapseLeft1\" data-toggle=\"collapse\" data-parent=\"#accordion\">Formatos definidos<\/a><\/h4>\n<\/div>\n<div id=\"collapseLeft1\" class=\"panel-collapse collapse\">\n<div class=\"panel-body\">\n<ul class=\"documentos\">\n<li class=\"word\"><a href=\"https:\/\/www.ucatolica.edu.co\/portal\/wp-content\/uploads\/adjuntos\/habeas-data\/autorizacion-para-uso-de-fotos.doc\" target=\"_blank\" rel=\"noopener\">Formato de autorizaci\u00f3n para uso de fotos (comunicaciones).<\/a><\/li>\n<li class=\"word\"><a href=\"https:\/\/www.ucatolica.edu.co\/portal\/wp-content\/uploads\/adjuntos\/habeas-data\/encargados-del-tratamiento-de-datos.docx\" target=\"_blank\" rel=\"noopener\">Formato de autorizaci\u00f3n para encargados de tratamiento de datos.<\/a><\/li>\n<li class=\"word\"><a href=\"https:\/\/www.ucatolica.edu.co\/portal\/wp-content\/uploads\/adjuntos\/habeas-data\/tratamiento-de-datos-personales.docx\" target=\"_blank\" rel=\"noopener\">Formato de autorizaci\u00f3n para tratamiento de datos personales.<\/a><\/li>\n<li class=\"word\"><a href=\"https:\/\/www.ucatolica.edu.co\/portal\/wp-content\/uploads\/adjuntos\/habeas-data\/aviso-legal-para-correos.docx\" target=\"_blank\" rel=\"noopener\">Aviso legal para correos.<\/a><\/li>\n<li class=\"word\"><a href=\"https:\/\/www.ucatolica.edu.co\/portal\/wp-content\/uploads\/adjuntos\/habeas-data\/autorizacion-de-los-datos-en-los-procesos-de-inscripcion.docx\" target=\"_blank\" rel=\"noopener\">Formato para autorizaci\u00f3n de los datos en los procesos de inscripci\u00f3n, matr\u00edcula, renovaci\u00f3n de matr\u00edcula y otras actividades relacionadas.<\/a><\/li>\n<li class=\"word\"><a href=\"https:\/\/www.ucatolica.edu.co\/portal\/wp-content\/uploads\/adjuntos\/habeas-data\/tratamiento-de-datos-egresados.docx\" target=\"_blank\" rel=\"noopener\">Formato de autorizaci\u00f3n de tratamiento de datos de egresados.<\/a><\/li>\n<li class=\"word\"><a href=\"https:\/\/www.ucatolica.edu.co\/portal\/wp-content\/uploads\/adjuntos\/habeas-data\/tratamiento-de-datos-docentes.docx\" target=\"_blank\" rel=\"noopener\">Formato de autorizaci\u00f3n de tratamiento de datos de docentes.<\/a><\/li>\n<li class=\"word\"><a href=\"https:\/\/www.ucatolica.edu.co\/portal\/wp-content\/uploads\/adjuntos\/habeas-data\/asistentes-a-seminarios.docx\" target=\"_blank\" rel=\"noopener\">Formato de autorizaci\u00f3n de tratamiento de datos personales para asistentes a seminarios.<\/a><\/li>\n<li class=\"word\"><a href=\"https:\/\/www.ucatolica.edu.co\/portal\/wp-content\/uploads\/adjuntos\/habeas-data\/proteccion-de-datos.docx\" target=\"_blank\" rel=\"noopener\">Formato de confidencialidad para protecci\u00f3n de datos.<\/a><\/li>\n<li class=\"word\"><a href=\"https:\/\/www.ucatolica.edu.co\/portal\/wp-content\/uploads\/adjuntos\/habeas-data\/verificaciones-academicas.docx\" target=\"_blank\" rel=\"noopener\">Formato de autorizaci\u00f3n a terceros para consulta de datos personales, verificaciones acad\u00e9micas.<\/a><\/li>\n<li><a href=\"https:\/\/www.ucatolica.edu.co\/portal\/wp-content\/uploads\/2023\/11\/Formato_ATDP_menores_edad.pdf\">Formato \u00fanico de autorizaci\u00f3n de tratamiento de datos personales, menores de edad.<\/a><\/li>\n<\/ul>\n<\/div>\n<\/div>\n<\/div>\n<h2>Accesos de Inter\u00e9s<\/h2>\n<ul>\n<li><a href=\"\/portal\/nuestra-universidad\/informacion-institucional\/\">Informaci\u00f3n Institucional<\/a><\/li>\n<li><a href=\"\/portal\/nuestra-universidad\/normas-basicas\/\">Normas B\u00e1sicas<\/a><\/li>\n<li><a href=\"\/portal\/nuestra-universidad\/glosario-institucional\/\">Glosario Institucional<\/a><\/li>\n<\/ul>\n<\/div>\n","protected":false},"excerpt":{"rendered":"<p>Pol\u00edtica de tratamiento de datos personales El\u00a0Pol\u00edtica de tratamiento de datos personales\u00a0es el derecho que tienen todas las personas de conocer, actualizar y rectificar la informaci\u00f3n que se hayan recogido sobre ellas en bancos de datos. Incluye tambi\u00e9n los dem\u00e1s derechos, libertades y garant\u00edas Constitucionales relacionadas con la recolecci\u00f3n, tratamiento y circulaci\u00f3n de datos personales. [&hellip;]<\/p>\n","protected":false},"author":2,"featured_media":0,"parent":0,"menu_order":0,"comment_status":"closed","ping_status":"closed","template":"page-oldstyle.php","meta":{"_acf_changed":false,"advgb_blocks_editor_width":"","advgb_blocks_columns_visual_guide":"","footnotes":""},"class_list":["post-367","page","type-page","status-publish","hentry"],"acf":[],"yoast_head":"<!-- This site is optimized with the Yoast SEO plugin v26.7 - https:\/\/yoast.com\/wordpress\/plugins\/seo\/ -->\n<title>Pol\u00edtica de tratamiento de datos personales - Universidad Cat\u00f3lica De Colombia<\/title>\n<meta name=\"robots\" content=\"index, follow, max-snippet:-1, max-image-preview:large, max-video-preview:-1\" \/>\n<link rel=\"canonical\" href=\"https:\/\/www.ucatolica.edu.co\/portal\/habeas-data\/\" \/>\n<meta property=\"og:locale\" content=\"es_ES\" \/>\n<meta property=\"og:type\" content=\"article\" \/>\n<meta property=\"og:title\" content=\"Pol\u00edtica de tratamiento de datos personales - Universidad Cat\u00f3lica De Colombia\" \/>\n<meta property=\"og:description\" content=\"Pol\u00edtica de tratamiento de datos personales El\u00a0Pol\u00edtica de tratamiento de datos personales\u00a0es el derecho que tienen todas las personas de conocer, actualizar y rectificar la informaci\u00f3n que se hayan recogido sobre ellas en bancos de datos. Incluye tambi\u00e9n los dem\u00e1s derechos, libertades y garant\u00edas Constitucionales relacionadas con la recolecci\u00f3n, tratamiento y circulaci\u00f3n de datos personales. [&hellip;]\" \/>\n<meta property=\"og:url\" content=\"https:\/\/www.ucatolica.edu.co\/portal\/habeas-data\/\" \/>\n<meta property=\"og:site_name\" content=\"Universidad Cat\u00f3lica De Colombia\" \/>\n<meta property=\"article:publisher\" content=\"https:\/\/www.facebook.com\/ucatolicacolombia\" \/>\n<meta property=\"article:modified_time\" content=\"2023-11-30T21:18:03+00:00\" \/>\n<meta name=\"twitter:card\" content=\"summary_large_image\" \/>\n<meta name=\"twitter:site\" content=\"@UCatolicaCol\" \/>\n<meta name=\"twitter:label1\" content=\"Tiempo de lectura\" \/>\n\t<meta name=\"twitter:data1\" content=\"4 minutos\" \/>\n<script type=\"application\/ld+json\" class=\"yoast-schema-graph\">{\"@context\":\"https:\/\/schema.org\",\"@graph\":[{\"@type\":\"WebPage\",\"@id\":\"https:\/\/www.ucatolica.edu.co\/portal\/habeas-data\/\",\"url\":\"https:\/\/www.ucatolica.edu.co\/portal\/habeas-data\/\",\"name\":\"Pol\u00edtica de tratamiento de datos personales - Universidad Cat\u00f3lica De Colombia\",\"isPartOf\":{\"@id\":\"https:\/\/www.ucatolica.edu.co\/portal\/#website\"},\"datePublished\":\"2018-08-23T15:21:25+00:00\",\"dateModified\":\"2023-11-30T21:18:03+00:00\",\"breadcrumb\":{\"@id\":\"https:\/\/www.ucatolica.edu.co\/portal\/habeas-data\/#breadcrumb\"},\"inLanguage\":\"es-CO\",\"potentialAction\":[{\"@type\":\"ReadAction\",\"target\":[\"https:\/\/www.ucatolica.edu.co\/portal\/habeas-data\/\"]}]},{\"@type\":\"BreadcrumbList\",\"@id\":\"https:\/\/www.ucatolica.edu.co\/portal\/habeas-data\/#breadcrumb\",\"itemListElement\":[{\"@type\":\"ListItem\",\"position\":1,\"name\":\"Inicio\",\"item\":\"https:\/\/www.ucatolica.edu.co\/portal\/\"},{\"@type\":\"ListItem\",\"position\":2,\"name\":\"Pol\u00edtica de tratamiento de datos personales\"}]},{\"@type\":\"WebSite\",\"@id\":\"https:\/\/www.ucatolica.edu.co\/portal\/#website\",\"url\":\"https:\/\/www.ucatolica.edu.co\/portal\/\",\"name\":\"Universidad Cat\u00f3lica De Colombia\",\"description\":\"Universidad Cat\u00f3lica De Colombia\",\"publisher\":{\"@id\":\"https:\/\/www.ucatolica.edu.co\/portal\/#organization\"},\"potentialAction\":[{\"@type\":\"SearchAction\",\"target\":{\"@type\":\"EntryPoint\",\"urlTemplate\":\"https:\/\/www.ucatolica.edu.co\/portal\/?s={search_term_string}\"},\"query-input\":{\"@type\":\"PropertyValueSpecification\",\"valueRequired\":true,\"valueName\":\"search_term_string\"}}],\"inLanguage\":\"es-CO\"},{\"@type\":\"Organization\",\"@id\":\"https:\/\/www.ucatolica.edu.co\/portal\/#organization\",\"name\":\"Universidad Cat\u00f3lica de Colombia\",\"url\":\"https:\/\/www.ucatolica.edu.co\/portal\/\",\"logo\":{\"@type\":\"ImageObject\",\"inLanguage\":\"es-CO\",\"@id\":\"https:\/\/www.ucatolica.edu.co\/portal\/#\/schema\/logo\/image\/\",\"url\":\"https:\/\/www.ucatolica.edu.co\/portal\/wp-content\/uploads\/2021\/06\/logo-header-ho-1.svg\",\"contentUrl\":\"https:\/\/www.ucatolica.edu.co\/portal\/wp-content\/uploads\/2021\/06\/logo-header-ho-1.svg\",\"width\":1,\"height\":1,\"caption\":\"Universidad Cat\u00f3lica de Colombia\"},\"image\":{\"@id\":\"https:\/\/www.ucatolica.edu.co\/portal\/#\/schema\/logo\/image\/\"},\"sameAs\":[\"https:\/\/www.facebook.com\/ucatolicacolombia\",\"https:\/\/x.com\/UCatolicaCol\",\"https:\/\/www.instagram.com\/universidadcatolicadecolombia\/\",\"https:\/\/www.linkedin.com\/company\/universidadcatolicadecolombia\/\",\"https:\/\/www.youtube.com\/user\/UCatolicaCo\"]}]}<\/script>\n<!-- \/ Yoast SEO plugin. -->","yoast_head_json":{"title":"Pol\u00edtica de tratamiento de datos personales - Universidad Cat\u00f3lica De Colombia","robots":{"index":"index","follow":"follow","max-snippet":"max-snippet:-1","max-image-preview":"max-image-preview:large","max-video-preview":"max-video-preview:-1"},"canonical":"https:\/\/www.ucatolica.edu.co\/portal\/habeas-data\/","og_locale":"es_ES","og_type":"article","og_title":"Pol\u00edtica de tratamiento de datos personales - Universidad Cat\u00f3lica De Colombia","og_description":"Pol\u00edtica de tratamiento de datos personales El\u00a0Pol\u00edtica de tratamiento de datos personales\u00a0es el derecho que tienen todas las personas de conocer, actualizar y rectificar la informaci\u00f3n que se hayan recogido sobre ellas en bancos de datos. Incluye tambi\u00e9n los dem\u00e1s derechos, libertades y garant\u00edas Constitucionales relacionadas con la recolecci\u00f3n, tratamiento y circulaci\u00f3n de datos personales. [&hellip;]","og_url":"https:\/\/www.ucatolica.edu.co\/portal\/habeas-data\/","og_site_name":"Universidad Cat\u00f3lica De Colombia","article_publisher":"https:\/\/www.facebook.com\/ucatolicacolombia","article_modified_time":"2023-11-30T21:18:03+00:00","twitter_card":"summary_large_image","twitter_site":"@UCatolicaCol","twitter_misc":{"Tiempo de lectura":"4 minutos"},"schema":{"@context":"https:\/\/schema.org","@graph":[{"@type":"WebPage","@id":"https:\/\/www.ucatolica.edu.co\/portal\/habeas-data\/","url":"https:\/\/www.ucatolica.edu.co\/portal\/habeas-data\/","name":"Pol\u00edtica de tratamiento de datos personales - Universidad Cat\u00f3lica De Colombia","isPartOf":{"@id":"https:\/\/www.ucatolica.edu.co\/portal\/#website"},"datePublished":"2018-08-23T15:21:25+00:00","dateModified":"2023-11-30T21:18:03+00:00","breadcrumb":{"@id":"https:\/\/www.ucatolica.edu.co\/portal\/habeas-data\/#breadcrumb"},"inLanguage":"es-CO","potentialAction":[{"@type":"ReadAction","target":["https:\/\/www.ucatolica.edu.co\/portal\/habeas-data\/"]}]},{"@type":"BreadcrumbList","@id":"https:\/\/www.ucatolica.edu.co\/portal\/habeas-data\/#breadcrumb","itemListElement":[{"@type":"ListItem","position":1,"name":"Inicio","item":"https:\/\/www.ucatolica.edu.co\/portal\/"},{"@type":"ListItem","position":2,"name":"Pol\u00edtica de tratamiento de datos personales"}]},{"@type":"WebSite","@id":"https:\/\/www.ucatolica.edu.co\/portal\/#website","url":"https:\/\/www.ucatolica.edu.co\/portal\/","name":"Universidad Cat\u00f3lica De Colombia","description":"Universidad Cat\u00f3lica De Colombia","publisher":{"@id":"https:\/\/www.ucatolica.edu.co\/portal\/#organization"},"potentialAction":[{"@type":"SearchAction","target":{"@type":"EntryPoint","urlTemplate":"https:\/\/www.ucatolica.edu.co\/portal\/?s={search_term_string}"},"query-input":{"@type":"PropertyValueSpecification","valueRequired":true,"valueName":"search_term_string"}}],"inLanguage":"es-CO"},{"@type":"Organization","@id":"https:\/\/www.ucatolica.edu.co\/portal\/#organization","name":"Universidad Cat\u00f3lica de Colombia","url":"https:\/\/www.ucatolica.edu.co\/portal\/","logo":{"@type":"ImageObject","inLanguage":"es-CO","@id":"https:\/\/www.ucatolica.edu.co\/portal\/#\/schema\/logo\/image\/","url":"https:\/\/www.ucatolica.edu.co\/portal\/wp-content\/uploads\/2021\/06\/logo-header-ho-1.svg","contentUrl":"https:\/\/www.ucatolica.edu.co\/portal\/wp-content\/uploads\/2021\/06\/logo-header-ho-1.svg","width":1,"height":1,"caption":"Universidad Cat\u00f3lica de Colombia"},"image":{"@id":"https:\/\/www.ucatolica.edu.co\/portal\/#\/schema\/logo\/image\/"},"sameAs":["https:\/\/www.facebook.com\/ucatolicacolombia","https:\/\/x.com\/UCatolicaCol","https:\/\/www.instagram.com\/universidadcatolicadecolombia\/","https:\/\/www.linkedin.com\/company\/universidadcatolicadecolombia\/","https:\/\/www.youtube.com\/user\/UCatolicaCo"]}]}},"coauthors":[],"author_meta":{"author_link":"https:\/\/www.ucatolica.edu.co\/portal\/author\/carrnall\/","display_name":"Carlos Zea"},"relative_dates":{"created":"Posted 8 a\u00f1os ago","modified":"Updated 2 a\u00f1os ago"},"absolute_dates":{"created":"Posted on 23 agosto, 2018","modified":"Updated on 30 noviembre, 2023"},"absolute_dates_time":{"created":"Posted on 23 agosto, 2018 10:21 am","modified":"Updated on 30 noviembre, 2023 4:18 pm"},"featured_img_caption":"","featured_img":false,"series_order":"","_links":{"self":[{"href":"https:\/\/www.ucatolica.edu.co\/portal\/wp-json\/wp\/v2\/pages\/367","targetHints":{"allow":["GET"]}}],"collection":[{"href":"https:\/\/www.ucatolica.edu.co\/portal\/wp-json\/wp\/v2\/pages"}],"about":[{"href":"https:\/\/www.ucatolica.edu.co\/portal\/wp-json\/wp\/v2\/types\/page"}],"author":[{"embeddable":true,"href":"https:\/\/www.ucatolica.edu.co\/portal\/wp-json\/wp\/v2\/users\/2"}],"replies":[{"embeddable":true,"href":"https:\/\/www.ucatolica.edu.co\/portal\/wp-json\/wp\/v2\/comments?post=367"}],"version-history":[{"count":2,"href":"https:\/\/www.ucatolica.edu.co\/portal\/wp-json\/wp\/v2\/pages\/367\/revisions"}],"predecessor-version":[{"id":102834,"href":"https:\/\/www.ucatolica.edu.co\/portal\/wp-json\/wp\/v2\/pages\/367\/revisions\/102834"}],"wp:attachment":[{"href":"https:\/\/www.ucatolica.edu.co\/portal\/wp-json\/wp\/v2\/media?parent=367"}],"curies":[{"name":"wp","href":"https:\/\/api.w.org\/{rel}","templated":true}]}}