{"id":37039,"date":"2021-04-26T17:32:41","date_gmt":"2021-04-26T22:32:41","guid":{"rendered":"https:\/\/www.ucatolica.edu.co\/portal\/?page_id=37039"},"modified":"2021-04-26T17:32:41","modified_gmt":"2021-04-26T22:32:41","slug":"xi-jornada-de-investigacion","status":"publish","type":"page","link":"https:\/\/www.ucatolica.edu.co\/portal\/xi-jornada-de-investigacion\/","title":{"rendered":"XI Jornada de Investigaci\u00f3n"},"content":{"rendered":"<div class=\"container-fluid bg-posters-investigacion\">\n<div class=\"container\">\n<div class=\"row\">\n<header class=\"col-12\">\n<h3 style=\"float:left;\" class=\"col-12 col-sm-6\">XI<br \/><b>Jornada de<br \/>Investigaci\u00f3n 2020<\/b><br \/><span>Universidad Cat\u00f3lica de Colombia<\/span><\/h3>\n<div style=\"float:left;\" class=\"col-12 col-sm-6\">\n               <a href=\"https:\/\/www.ucatolica.edu.co\/portal\/\"><br \/>\n               <img decoding=\"async\" style=\"float: right; text-align: right;\" alt=\"Logo Universidad Cat\u00f3lica de Colombia\" height=\"\" width=\"\" src=\"https:\/\/www.ucatolica.edu.co\/portal\/wp-content\/themes\/ucatolica\/img\/assets\/logo-header-ho.svg\" class=\"logo-posters-investigaciones\"><br \/>\n               <\/a><\/p>\n<h2 style=\"float: right; text-align: right; width: 100%; padding: 30px 0;\">Exhibici\u00f3n de P\u00f3sters<\/h2>\n<p class=\"col-12\" style=\"display: inline-block;text-align: right;font-size: 14px;padding-right: 0px;\">En el marco de la XI Jornada de Investigaci\u00f3n 2020, se llevar\u00e1 a cabo la sesi\u00f3n de Socializaci\u00f3n de p\u00f3ster que fueron presentados por estudiantes internos y externos a nuestra Instituci\u00f3n, el 17 de septiembre de 2020 entre las 2:00 pm y 4:00 pm.<\/p>\n<p class=\"col-12\" style=\"display: inline-block;text-align: right;font-size: 14px;padding-right: 0px;\">A continuaci\u00f3n podr\u00e1n encontrar los p\u00f3ster divididos por las 3 \u00c1reas de Investigaci\u00f3n que tiene la Universidad Derecho, Cultura y Sociedad, Gesti\u00f3n y Tecnolog\u00eda al Servicio de la Sociedad y Desarrollo Humano y Sostenible y el link de WEBEX para que puedan asistir a la socializaci\u00f3n<\/p>\n<\/p><\/div>\n<\/header>\n<div class=\"col-12\">\n<div>\n<ul class=\"col-12 nav nav-tabs test2\">\n<li class=\"col-12 col-sm-4 active\"><a data-toggle=\"tab\" href=\"#home\" aria-expanded=\"true\">Desarrollo Humano y Sostenible<\/a><\/li>\n<li class=\"col-12 col-sm-4 \"><a data-toggle=\"tab\" href=\"#menu1\" aria-expanded=\"false\">Gesti\u00f3n y Tecnolog\u00eda al Servicio de la Sociedad<\/a><\/li>\n<li class=\"col-12 col-sm-4 \"><a data-toggle=\"tab\" href=\"#menu2\" aria-expanded=\"false\">Derecho, Cultura y Sociedad<\/a><\/li>\n<\/ul>\n<div class=\"tab-content\">\n<div id=\"home\" class=\"tab-pane fade active in active show\">\n<h3>Desarrollo Humano y Sostenible<span><img decoding=\"async\" class=\"no-lazy\" src=\"\/portal\/wp-content\/themes\/ucatolica\/img\/posters\/2020\/zoom-icon.png\"><a href=\"https:\/\/ucatolicadecolombia.webex.com\/webappng\/sites\/ucatolicadecolombia\/meeting\/download\/80597a0d9ece4058b5ec53fef1b07d6e?MTID=m99de944bc2952e21e698cfe1d34133f6&#038;siteurl=ucatolicadecolombia\" target=\"_blank\" rel=\"noopener\">Con\u00e9ctate aqu\u00ed a nuestra sala de WEBEX<\/a><\/span><\/h3>\n<div class=\"col-12 row\">\n<div class=\"col-12 col-sm-3 content-posters\">\n<h4>Semillero espacio p\u00fablico y movilidad urbana (Muesp)<\/h4>\n<p>\t\t\t\t\t\t\t<em><b>Facultad:<\/b> Dise\u00f1o<\/em><\/p>\n<div class=\"btn-poster\" data-toggle=\"modal\" data-target=\"#desarrollo-1\">\n                              <img decoding=\"async\" class=\"img-min-posters\" src=\"\/portal\/wp-content\/themes\/ucatolica\/img\/posters\/2020\/desarrollo-min-1.jpg\" alt=\"\" width=\"100%\"\/>\n                           <\/div>\n<p>                           <em><b>Autores:<\/b><br \/>Arq. Myriam Stella D\u00edaz-Osorio, Maria Fernanda C\u00e1rdenas Camargo, Melissa Mar\u00eda Rubiano Cort\u00e9s, Daniel Torres V\u00e9lez, Arq. Angela Insuasty Torres<\/em>\n                        <\/div>\n<div class=\"col-12 col-sm-3 content-posters\">\n<h4>Relaci\u00f3n de los equipamientos con el context<\/h4>\n<p>\t\t\t\t\t\t\t<em><b>Facultad:<\/b> Dise\u00f1o<\/em><\/p>\n<div class=\"btn-poster\" data-toggle=\"modal\" data-target=\"#desarrollo-2\">\n                              <img decoding=\"async\" class=\"img-min-posters\" src=\"\/portal\/wp-content\/themes\/ucatolica\/img\/posters\/2020\/desarrollo-min-2.jpg\" alt=\"\" width=\"100%\"\/>\n                           <\/div>\n<p>                           <em><b>Autores:<\/b><br \/>Jairo Hern\u00e1n Ovalle Garay, Sof\u00eda Yanina Olaya Arizala, Natalia Alexandra Garz\u00f3n R\u00edos, Fabi\u00e1n Ricardo Parra Gonz\u00e1lez, Juan Manuel Valencia Jaramillo<\/em>\n                        <\/div>\n<div class=\"col-12 col-sm-3 content-posters\">\n<h4>Repensar la Arquitectura<\/h4>\n<p>\t\t\t\t\t\t\t<em><b>Facultad:<\/b> Dise\u00f1o<\/em><\/p>\n<div class=\"btn-poster\" data-toggle=\"modal\" data-target=\"#desarrollo-3\">\n                              <img decoding=\"async\" class=\"img-min-posters\" src=\"\/portal\/wp-content\/themes\/ucatolica\/img\/posters\/2020\/desarrollo-min-3.jpg\" alt=\"\" width=\"100%\"\/>\n                           <\/div>\n<p>                           <em><b>Autores:<\/b><br \/>Arq Tom\u00e1s Pachajoa, Karen Julieth Castro, Laura Valentina Camacho, Carolina Ladino Fern\u00e1ndez, Laura Mayerly Mora, Leidy Paola Caro, Daniel Felipe Ram\u00edrez, Carlos Alberto Ball\u00e9n, Luis Eduardo Guerra M\u00e9xico, Lizbeth Yazmin Estrada, Instituto Tecnol\u00f3gico de Apatzingan<\/em>\n                        <\/div>\n<div class=\"col-12 col-sm-3 content-posters\">\n<h4>Potencialidad de exportaci\u00f3n de barras de cereal a base de bocadillo vele\u00f1o<\/h4>\n<p>\t\t\t\t\t\t\t<em><b>Facultad:<\/b> Ciencias Econ\u00f3micas y Administrativas<\/em><\/p>\n<div class=\"btn-poster\" data-toggle=\"modal\" data-target=\"#desarrollo-5\">\n                              <img decoding=\"async\" class=\"img-min-posters\" src=\"\/portal\/wp-content\/themes\/ucatolica\/img\/posters\/2020\/desarrollo-min-5.jpg\" alt=\"\" width=\"100%\"\/>\n                           <\/div>\n<p>                           <em><b>Autores:<\/b><br \/>Gina Jimena Ariza Barbosa, Angie Julieth Camargo Vargas, Gina Jimena Ariza Barbosa.<\/em>\n                        <\/div>\n<div class=\"col-12 col-sm-3 content-posters\">\n<h4>Propuesta para la expansi\u00f3n internacional del avistamiento de aves en Yopal, Casanare<\/h4>\n<p>\t\t\t\t\t\t\t<em><b>Facultad:<\/b> Ciencias Econ\u00f3micas y Administrativas<\/em><\/p>\n<div class=\"btn-poster\" data-toggle=\"modal\" data-target=\"#desarrollo-6\">\n                              <img decoding=\"async\" class=\"img-min-posters\" src=\"\/portal\/wp-content\/themes\/ucatolica\/img\/posters\/2020\/desarrollo-min-6.jpg\" alt=\"\" width=\"100%\"\/>\n                           <\/div>\n<p>                           <em><b>Autores:<\/b><br \/>Laura Camila Parada P\u00e9rez, Danna Camila Campos Garc\u00e9s, Laura Camila Parada P\u00e9rez.<\/em>\n                        <\/div>\n<div class=\"col-12 col-sm-3 content-posters\">\n<h4>Impacto del gestor urbano: el rol en la construcci\u00f3n social del territorio<\/h4>\n<p>\t\t\t\t\t\t\t<em><b>Facultad:<\/b> Dise\u00f1o<\/em><\/p>\n<div class=\"btn-poster\" data-toggle=\"modal\" data-target=\"#desarrollo-7\">\n                              <img decoding=\"async\" class=\"img-min-posters\" src=\"\/portal\/wp-content\/themes\/ucatolica\/img\/posters\/2020\/desarrollo-min-7.jpg\" alt=\"\" width=\"100%\"\/>\n                           <\/div>\n<p>                           <em><b>Autores:<\/b><br \/>Melba Rubiano Bri\u00f1ez, C\u00e9sar Eligio Triana.<\/em>\n                        <\/div>\n<div class=\"col-12 col-sm-3 content-posters\">\n<h4>Modelo para el desarrollo resiliente y sostenible de \u00e1reas periurbanas y metropolitanas imaginarios sociales &amp; representaciones<\/h4>\n<p>\t\t\t\t\t\t\t<em><b>Facultad:<\/b> Dise\u00f1o<\/em><\/p>\n<div class=\"btn-poster\" data-toggle=\"modal\" data-target=\"#desarrollo-8\">\n                              <img decoding=\"async\" class=\"img-min-posters\" src=\"\/portal\/wp-content\/themes\/ucatolica\/img\/posters\/2020\/desarrollo-min-8.jpg\" alt=\"\" width=\"100%\"\/>\n                           <\/div>\n<p>                           <em><b>Autores:<\/b><br \/>Arq. Elvia Isabel Casas Mat\u00edz, Dayana Katherine Ruiz Parrado.<\/em>\n                        <\/div>\n<div class=\"col-12 col-sm-3 content-posters\">\n<h4>Taller de dise\u00f1o social &#8211; semillero de investigaci\u00f3n<\/h4>\n<p>\t\t\t\t\t\t\t<em><b>Facultad:<\/b> Dise\u00f1o<\/em><\/p>\n<div class=\"btn-poster\" data-toggle=\"modal\" data-target=\"#desarrollo-9\">\n                              <img decoding=\"async\" class=\"img-min-posters\" src=\"\/portal\/wp-content\/themes\/ucatolica\/img\/posters\/2020\/desarrollo-min-9.jpg\" alt=\"\" width=\"100%\"\/>\n                           <\/div>\n<p>                           <em><b>Autores:<\/b><br \/>Juan Jos\u00e9 Castiblanco, Laura Katherine Cely, Laura Melissa Cuadros.<\/em>\n                        <\/div>\n<div class=\"col-12 col-sm-3 content-posters\">\n<h4>El rol de la gesti\u00f3n urbana (GU) en los estudios urbanos. Aportes y futuros escenarios en la construcci\u00f3n del territorio<\/h4>\n<p>\t\t\t\t\t\t\t<em><b>Facultad:<\/b> Dise\u00f1o<\/em><\/p>\n<div class=\"btn-poster\" data-toggle=\"modal\" data-target=\"#desarrollo-10\">\n                              <img decoding=\"async\" class=\"img-min-posters\" src=\"\/portal\/wp-content\/themes\/ucatolica\/img\/posters\/2020\/desarrollo-min-10.jpg\" alt=\"\" width=\"100%\"\/>\n                           <\/div>\n<p>                           <em><b>Autores:<\/b><br \/>C\u00e9sar Eligio Triana, Melba Rubiano Br\u00ed\u00f1ez.<\/em>\n                        <\/div>\n<div class=\"col-12 col-sm-3 content-posters\">\n<h4>Herramientas pedag\u00f3gicas para el manejo de los residuos org\u00e1nicos en las plazas de mercado &#8211; Corabastos<\/h4>\n<p>\t\t\t\t\t\t\t<em><b>Facultad:<\/b> Dise\u00f1o<\/em><\/p>\n<div class=\"btn-poster\" data-toggle=\"modal\" data-target=\"#desarrollo-11\">\n                              <img decoding=\"async\" class=\"img-min-posters\" src=\"\/portal\/wp-content\/themes\/ucatolica\/img\/posters\/2020\/desarrollo-min-11.jpg\" alt=\"\" width=\"100%\"\/>\n                           <\/div>\n<p>                           <em><b>Autores:<\/b><br \/>Arq. Flor Adriana Pedraza, Valentina Villamil Ribero, Heidy Ximena Mart\u00ednez Borda (estudiante), Blanca Ligia Acevedo Daza (administrativa)<\/em>\n                        <\/div>\n<\/p><\/div>\n<\/p><\/div>\n<div id=\"menu1\" class=\"tab-pane fade\">\n<h3>Gesti\u00f3n y Tecnolog\u00eda al Servicio de la Sociedad<span><img decoding=\"async\" class=\"no-lazy\" src=\"\/portal\/wp-content\/themes\/ucatolica\/img\/posters\/2020\/zoom-icon.png\"><a href=\"https:\/\/ucatolicadecolombia.webex.com\/webappng\/sites\/ucatolicadecolombia\/meeting\/download\/edc243a3709d41ab9a0014588b106901?MTID=mec68637afedb562aca077474f7ae652b&#038;siteurl=ucatolicadecolombia\" target=\"_blank\" rel=\"noopener\">Con\u00e9ctate aqu\u00ed a nuestra sala de WEBEX<\/a><\/span><\/h3>\n<div class=\"col-12 row\">\n<div class=\"col-12 col-sm-3 content-posters\">\n<h4>Procedimiento y resultados de la modelaci\u00f3n computacional de edificaciones: comparacion entre los programas SAP 2000 y Abaqus<\/h4>\n<p>\t\t\t\t\t\t\t<em><b>Facultad:<\/b> Ingenier\u00eda<\/em><\/p>\n<div class=\"btn-poster\" data-toggle=\"modal\" data-target=\"#gestion-1\">\n                              <img decoding=\"async\" class=\"img-min-posters\" src=\"\/portal\/wp-content\/themes\/ucatolica\/img\/posters\/2020\/gestion-min-1.jpg\" alt=\"\" width=\"100%\"\/>\n                           <\/div>\n<p>                           <em><b>Autores:<\/b><br \/>Samuel Dar\u00edo Salgado Ramos, Juan Nicolas Lugo Tiuzo, Danilo Niampira Vargas, Jhon Wilmar C\u00e1rdenas Pulido<\/em>\n                        <\/div>\n<div class=\"col-12 col-sm-3 content-posters\">\n<h4>Estudio bibliom\u00e9trico de tendencias de \u201cmicrostrip flexible electronic\u201d<\/h4>\n<p>\t\t\t\t\t\t\t<em><b>Facultad:<\/b> Ingenier\u00eda<\/em><\/p>\n<div class=\"btn-poster\" data-toggle=\"modal\" data-target=\"#gestion-2\">\n                              <img decoding=\"async\" class=\"img-min-posters\" src=\"\/portal\/wp-content\/themes\/ucatolica\/img\/posters\/2020\/gestion-min-2.jpg\" alt=\"\" width=\"100%\"\/>\n                           <\/div>\n<p>                           <em><b>Autores:<\/b><br \/>Camilo Eduardo T\u00e9llez Villamizar, Daniel Esteban Casta\u00f1eda Murillo<\/em>\n                        <\/div>\n<div class=\"col-12 col-sm-3 content-posters\">\n<h4>El lugar natural como eficiencia para la recuperaci\u00f3n del patrimonio del paisaje y las costumbres rurales de Sumapaz y Usme.<\/h4>\n<p>\t\t\t\t\t\t\t<em><b>Facultad:<\/b> Dise\u00f1o<\/em><\/p>\n<div class=\"btn-poster\" data-toggle=\"modal\" data-target=\"#gestion-3\">\n                              <img decoding=\"async\" class=\"img-min-posters\" src=\"\/portal\/wp-content\/themes\/ucatolica\/img\/posters\/2020\/gestion-min-3.jpg\" alt=\"\" width=\"100%\"\/>\n                           <\/div>\n<p>                           <em><b>Autores:<\/b><br \/>L\u00edder Semillero: Arq. Doris Garc\u00eda Bernal, Maria Paula Villalba Novoa, Daniel Camilo Rodr\u00edguez Velandia, Profesor Colaborador: Giovanni Cornelio Berm\u00fadez<\/em>\n                        <\/div>\n<div class=\"col-12 col-sm-3 content-posters\">\n<h4>Dise\u00f1o solar pasivo como estrategia de confort ambiental, m\u00e9todo para desarrollar un concepto estructurado aplicado a la arquitectura en contexto.<\/h4>\n<p>\t\t\t\t\t\t\t<em><b>Facultad:<\/b> Dise\u00f1o<\/em><\/p>\n<div class=\"btn-poster\" data-toggle=\"modal\" data-target=\"#gestion-4\">\n                              <img decoding=\"async\" class=\"img-min-posters\" src=\"\/portal\/wp-content\/themes\/ucatolica\/img\/posters\/2020\/gestion-min-4.jpg\" alt=\"\" width=\"100%\"\/>\n                           <\/div>\n<p>                           <em><b>Autores:<\/b><br \/>Oscar Mauricio Alarc\u00f3n Rodr\u00edguez, Stefany Mulford Pe\u00f1a, Laura Sof\u00eda Moreno Manrique, Alicia Fernanda Prieto Garz\u00f3n ,Johan Sebastian Cardenas<\/em>\n                        <\/div>\n<div class=\"col-12 col-sm-3 content-posters\">\n<h4>Cadena de abastecimiento verde para una prensa de banco con cambio de mordazas (Etapa 1)<\/h4>\n<p>\t\t\t\t\t\t\t<em><b>Facultad:<\/b> Ingeier\u00eda<\/em><\/p>\n<div class=\"btn-poster\" data-toggle=\"modal\" data-target=\"#gestion-5\">\n                              <img decoding=\"async\" class=\"img-min-posters\" src=\"\/portal\/wp-content\/themes\/ucatolica\/img\/posters\/2020\/gestion-min-5.jpg\" alt=\"\" width=\"100%\"\/>\n                           <\/div>\n<p>                           <em><b>Autores:<\/b><br \/>Mar\u00eda Paula Gonz\u00e1lez Villarreal ,Eliam Zulenny Estupi\u00f1an P\u00e1ez, Nohora Milena L\u00f3pez S\u00e1nchez<\/em>\n                        <\/div>\n<div class=\"col-12 col-sm-3 content-posters\">\n<h4>Dise\u00f1o de un instrumento de investigaci\u00f3n para evaluar un modelo de gesti\u00f3n de la Felicidad<\/h4>\n<p>\t\t\t\t\t\t\t<em><b>Facultad:<\/b> Ingenier\u00eda<\/em><\/p>\n<div class=\"btn-poster\" data-toggle=\"modal\" data-target=\"#gestion-6\">\n                              <img decoding=\"async\" class=\"img-min-posters\" src=\"\/portal\/wp-content\/themes\/ucatolica\/img\/posters\/2020\/gestion-min-6.jpg\" alt=\"\" width=\"100%\"\/>\n                           <\/div>\n<p>                           <em><b>Autores:<\/b><br \/>Tania Paola Salamanca Sandoval, Nohora Milena L\u00f3pez S\u00e1nchez<\/em>\n                        <\/div>\n<div class=\"col-12 col-sm-3 content-posters\">\n<h4>Prototipo para la virtualizacion del Museo Internacional de la Esmeralda<\/h4>\n<p>\t\t\t\t\t\t\t<em><b>Facultad:<\/b> Ingenier\u00eda<\/em><\/p>\n<div class=\"btn-poster\" data-toggle=\"modal\" data-target=\"#gestion-8\">\n                              <img decoding=\"async\" class=\"img-min-posters\" src=\"\/portal\/wp-content\/themes\/ucatolica\/img\/posters\/2020\/gestion-min-8.jpg\" alt=\"\" width=\"100%\"\/>\n                           <\/div>\n<p>                           <em><b>Autores:<\/b><br \/>Sergio Antonio Carrillo Lugo<\/em>\n                        <\/div>\n<div class=\"col-12 col-sm-3 content-posters\">\n<h4>Variaci\u00f3n de la capacidad de carga de una cimentaci\u00f3n superficial en suelo granular estabilizado empleando un modelo f\u00edsico y de elementos finitos<\/h4>\n<p>\t\t\t\t\t\t\t<em><b>Facultad:<\/b> Ingenier\u00eda<\/em><\/p>\n<div class=\"btn-poster\" data-toggle=\"modal\" data-target=\"#gestion-9\">\n                              <img decoding=\"async\" class=\"img-min-posters\" src=\"\/portal\/wp-content\/themes\/ucatolica\/img\/posters\/2020\/gestion-min-9.jpg\" alt=\"\" width=\"100%\"\/>\n                           <\/div>\n<p>                           <em><b>Autores:<\/b><br \/>Andrea Carolina Becerra Rojas, Daniela Carolina Mar\u00edn Ram\u00edrez, Mario Alexander Castaneda Lopez<\/em>\n                        <\/div>\n<div class=\"col-12 col-sm-3 content-posters\">\n<h4>Identificaci\u00f3n y an\u00e1lisis de patolog\u00edas en la guadua angustifolia kunth utilizada en la construcci\u00f3n<\/h4>\n<p>\t\t\t\t\t\t\t<em><b>Facultad:<\/b> Ingenier\u00eda<\/em><\/p>\n<div class=\"btn-poster\" data-toggle=\"modal\" data-target=\"#gestion-10\">\n                              <img decoding=\"async\" class=\"img-min-posters\" src=\"\/portal\/wp-content\/themes\/ucatolica\/img\/posters\/2020\/gestion-min-10.jpg\" alt=\"\" width=\"100%\"\/>\n                           <\/div>\n<p>                           <em><b>Autores:<\/b><br \/>Olga Luc\u00eda Vanegas Alfonso, Flor Nancy D\u00edaz Piraquive, Wendy Xiomara Vargas, Wendy Johana de la Rosa Cubillo<\/em>\n                        <\/div>\n<div class=\"col-12 col-sm-3 content-posters\">\n<h4>Caracter\u00edsticas previas a la estrategia de dise\u00f1o resiliente<\/h4>\n<p>\t\t\t\t\t\t\t<em><b>Facultad:<\/b> Dise\u00f1o<\/em><\/p>\n<div class=\"btn-poster\" data-toggle=\"modal\" data-target=\"#desarrollo-4\">\n                              <img decoding=\"async\" class=\"img-min-posters\" src=\"\/portal\/wp-content\/themes\/ucatolica\/img\/posters\/2020\/desarrollo-min-4.jpg\" alt=\"\" width=\"100%\"\/>\n                           <\/div>\n<p>                           <em><b>Autores:<\/b><br \/>Arq. Valentina Nieto-Barbosa, Arq. Rolando Arturo Cubillos Gonz\u00e1lez, Arq. Rodrigo Andr\u00e9s Barrios<\/em>\n                        <\/div>\n<\/p><\/div>\n<\/p><\/div>\n<div id=\"menu2\" class=\"tab-pane fade\">\n<h3>Derecho, Cultura y Sociedad<span><img decoding=\"async\" style=\"padding-bottom: 5px;\" class=\"no-lazy\" src=\"\/portal\/wp-content\/themes\/ucatolica\/img\/posters\/2020\/zoom-icon.png\">Con\u00e9ctate aqu\u00ed a nuestra sala de WEBEX<a href=\"https:\/\/ucatolicadecolombia.webex.com\/webappng\/sites\/ucatolicadecolombia\/meeting\/download\/b1105217f662499096d2c3f94ee5a810?MTID=mb4ae72b3436df41e9f58102b3aea04df&amp;siteurl=ucatolicadecolombia\" target=\"_blank\" rel=\"noopener\">Grupo 1<\/a><a href=\"https:\/\/ucatolicadecolombia.webex.com\/webappng\/sites\/ucatolicadecolombia\/meeting\/download\/daba43709d5d440886f99d19078ee3b2?MTID=mcde650fed1353e5d7cb3b2acd1c9cac8&amp;siteurl=ucatolicadecolombia\" target=\"_blank\" rel=\"noopener\">Grupo 2<\/a><\/span><\/h3>\n<div class=\"col-12 row\">\n<div class=\"col-12 col-sm-3 content-posters\">\n<h4>Indicadores lingu\u00edsticos del enga\u00f1o<\/h4>\n<p>\t\t\t\t\t\t\t<em><b>Facultad:<\/b> Psicolog\u00eda<\/em><\/p>\n<div class=\"btn-poster\" data-toggle=\"modal\" data-target=\"#derecho-1\">\n                              <img decoding=\"async\" class=\"img-min-posters\" src=\"\/portal\/wp-content\/themes\/ucatolica\/img\/posters\/2020\/derecho-min-1.jpg\" alt=\"\" width=\"100%\"\/>\n                           <\/div>\n<p>                           <em><b>Autores:<\/b><br \/>Juan Camilo Carvajal Builes, Yohan Sebasti\u00e1n Chaparro, Laura Tatiana Mu\u00f1\u00f3z Castro, Juanita Juliana Rhenals Hern\u00e1ndez<\/em>\n                        <\/div>\n<div class=\"col-12 col-sm-3 content-posters\">\n<h4>La realidad de la migraci\u00f3n en Hong Kong<\/h4>\n<p>\t\t\t\t\t\t\t<em><b>Facultad:<\/b> Derecho<\/em><\/p>\n<div class=\"btn-poster\" data-toggle=\"modal\" data-target=\"#derecho-2\">\n                              <img decoding=\"async\" class=\"img-min-posters\" src=\"\/portal\/wp-content\/themes\/ucatolica\/img\/posters\/2020\/derecho-min-2.jpg\" alt=\"\" width=\"100%\"\/>\n                           <\/div>\n<p>                           <em><b>Autores:<\/b><br \/>Eliana Sofia Navarrete Vel\u00e1squez, Yuni Zugey Calvo L\u00f3pez, Diego Andr\u00e9s Ducuara Morales, Juan Ch\u00e1vez<\/em>\n                        <\/div>\n<div class=\"col-12 col-sm-3 content-posters\">\n<h4>Liderazgo y virtudes<\/h4>\n<p>\t\t\t\t\t\t\t<em><b>Facultad:<\/b>Departamento de Humanidades<\/em><\/p>\n<div class=\"btn-poster\" data-toggle=\"modal\" data-target=\"#derecho-3\">\n                              <img decoding=\"async\" class=\"img-min-posters\" src=\"\/portal\/wp-content\/themes\/ucatolica\/img\/posters\/2020\/derecho-min-3.jpg\" alt=\"\" width=\"100%\"\/>\n                           <\/div>\n<p>                           <em><b>Autores:<\/b><br \/>Diana Catalina Moreno Garz\u00f3n, Julymar Stefanny Triana, Karen Vanessa Moreno Ardila, Karen Giselle Gait\u00e1n Acosta,Marisol Bol\u00edvar Ram\u00edrez, Dalia Jaqueline Santa Cruz Vera<\/em>\n                        <\/div>\n<div class=\"col-12 col-sm-3 content-posters\">\n<h4>Proceso de investigaci\u00f3n formativa 2019-2020. Semillero de investigaci\u00f3n inclusi\u00f3n, mujeres y universidad. Herramientas art\u00edsticas de investigaci\u00f3n.<\/h4>\n<p>\t\t\t\t\t\t\t<em><b>Facultad:<\/b> Bienestar Universitario<\/em><\/p>\n<div class=\"btn-poster\" data-toggle=\"modal\" data-target=\"#derecho-4\">\n                              <img decoding=\"async\" class=\"img-min-posters\" src=\"\/portal\/wp-content\/themes\/ucatolica\/img\/posters\/2020\/derecho-min-4.jpg\" alt=\"\" width=\"100%\"\/>\n                           <\/div>\n<p>                           <em><b>Autores:<\/b><br \/>Luz Adriana Alarc\u00f3n Barbosa egresada de Psicolog\u00eda, Lina Mar\u00eda Camelo C\u00e1rdenas estudiante de Derecho, Laura Camila Cantor L\u00f3pez egresada de Ingenier\u00eda Industrial, Erika Gisela Galeano Camacho egresada de Ingenier\u00eda Industrial, Nohary Soleil Cort\u00e9s Moreno estudiante de Derecho, Maricely Corzo Morales Coordinadora del Semillero<\/em>\n                        <\/div>\n<div class=\"col-12 col-sm-3 content-posters\">\n<h4>Cyberbullying: evaluaci\u00f3n en el Colegio El Carmelo de Bogot\u00e1<\/h4>\n<p>\t\t\t\t\t\t\t<em><b>Facultad:<\/b> Psicolog\u00eda<\/em><\/p>\n<div class=\"btn-poster\" data-toggle=\"modal\" data-target=\"#derecho-5\">\n                              <img decoding=\"async\" class=\"img-min-posters\" src=\"\/portal\/wp-content\/themes\/ucatolica\/img\/posters\/2020\/derecho-min-5.jpg\" alt=\"\" width=\"100%\"\/>\n                           <\/div>\n<p>                           <em><b>Autores:<\/b><br \/>Katherinne Andrea Jim\u00e9nez Forero, \u00cdtala Camargo<\/em>\n                        <\/div>\n<div class=\"col-12 col-sm-3 content-posters\">\n<h4>VARIABLES QUE INFLUYEN EN LA CONDUCTA SEXUAL ADOLESCENTE<\/h4>\n<p>\t\t\t\t\t\t\t<em><b>Facultad:<\/b>Psicolog\u00eda<\/em><\/p>\n<div class=\"btn-poster\" data-toggle=\"modal\" data-target=\"#derecho-6\">\n                              <img decoding=\"async\" class=\"img-min-posters\" src=\"\/portal\/wp-content\/themes\/ucatolica\/img\/posters\/2020\/derecho-min-6.jpg\" alt=\"\" width=\"100%\"\/>\n                           <\/div>\n<p>                           <em><b>Autores:<\/b><br \/>\u00c1ngela Vanesa Garc\u00eda Bar\u00f3n, Wilmer Andrey Fonseca Fonseca ,Itala<\/em>\n                        <\/div>\n<div class=\"col-12 col-sm-3 content-posters\">\n<h4>Emociones, dinero, amigos y sexualidad en universitarios durante la cuarentena.<\/h4>\n<p>\t\t\t\t\t\t\t<em><b>Facultad:<\/b> Psicolog\u00eda<\/em><\/p>\n<div class=\"btn-poster\" data-toggle=\"modal\" data-target=\"#derecho-7\">\n                              <img decoding=\"async\" class=\"img-min-posters\" src=\"\/portal\/wp-content\/themes\/ucatolica\/img\/posters\/2020\/derecho-min-7.jpg\" alt=\"\" width=\"100%\"\/>\n                           <\/div>\n<p>                           <em><b>Autores:<\/b><br \/>Daniela Barbosa Ardila, David Aguilar<\/em>\n                        <\/div>\n<div class=\"col-12 col-sm-3 content-posters\">\n<h4>Estilo ling\u00fc\u00edstico y prosocialidad en un contexto pol\u00edtico en Twitter<\/h4>\n<p>\t\t\t\t\t\t\t<em><b>Facultad:<\/b> Psicolog\u00eda<\/em><\/p>\n<div class=\"btn-poster\" data-toggle=\"modal\" data-target=\"#derecho-8\">\n                              <img decoding=\"async\" class=\"img-min-posters\" src=\"\/portal\/wp-content\/themes\/ucatolica\/img\/posters\/2020\/derecho-min-8.jpg\" alt=\"\" width=\"100%\"\/>\n                           <\/div>\n<p>                           <em><b>Autores:<\/b><br \/>Paola Andrea Pulido, Diana Ardila Cubillos, Diana Camila Garz\u00f3n Velandia Leidy Johanna Rojas, Laura Sof\u00eda Santamar\u00eda Uribe, Idaly Barreto<\/em>\n                        <\/div>\n<div class=\"col-12 col-sm-3 content-posters\">\n<h4>Reconocimiento emocional a partir de expresiones faciales: Un an\u00e1lisis de la diferencia entre sexos.<\/h4>\n<p>\t\t\t\t\t\t\t<em><b>Facultad:<\/b> Psicolog\u00eda<\/em><\/p>\n<div class=\"btn-poster\" data-toggle=\"modal\" data-target=\"#derecho-9\">\n                              <img decoding=\"async\" class=\"img-min-posters\" src=\"\/portal\/wp-content\/themes\/ucatolica\/img\/posters\/2020\/derecho-min-9.jpg\" alt=\"\" width=\"100%\"\/>\n                           <\/div>\n<p>                           <em><b>Autores:<\/b><br \/>Mar\u00eda Jos\u00e9 Saavedra Vargas,Sof\u00eda C\u00e1rdenas Ru\u00edz, Camila Alejandra Rey Cobo \u00c1lvaro Javier de Jes\u00fas Y\u00e9pez Arrieta.<\/em>\n                        <\/div>\n<div class=\"col-12 col-sm-3 content-posters\">\n<h4>P\u00f3ster cient\u00edfico &#8220;de la precisi\u00f3n de la arquitectura Matem\u00e1ticas&#8221;<\/h4>\n<p>\t\t\t\t\t\t\t<em><b>Facultad:<\/b> Dise\u00f1o<\/em><\/p>\n<div class=\"btn-poster\" data-toggle=\"modal\" data-target=\"#derecho-10\">\n                              <img decoding=\"async\" class=\"img-min-posters\" src=\"\/portal\/wp-content\/themes\/ucatolica\/img\/posters\/2020\/derecho-min-10.jpg\" alt=\"\" width=\"100%\"\/>\n                           <\/div>\n<p>                           <em><b>Autores:<\/b><br \/>\u00c1ngel David Perez Castro, Flor Adriana Pedraza Pacheco, Jes\u00fas David Bernall Mary Gonz\u00e1les,Miguel Barrios<\/em>\n                        <\/div>\n<div class=\"col-12 col-sm-3 content-posters\">\n<h4>Voluntariado Universitario Estrategia para Fomentar Habilidades Emocionales en J\u00f3venes<\/h4>\n<p>\t\t\t\t\t\t\t<em><b>Facultad:<\/b>Departamento de Humanidades<\/em><\/p>\n<div class=\"btn-poster\" data-toggle=\"modal\" data-target=\"#derecho-11\">\n                              <img decoding=\"async\" class=\"img-min-posters\" src=\"\/portal\/wp-content\/themes\/ucatolica\/img\/posters\/2020\/derecho-min-11.jpg\" alt=\"\" width=\"100%\"\/>\n                           <\/div>\n<p>                           <em><b>Autores:<\/b><br \/>Marisol Bol\u00edvar Ram\u00edrez, Diana Catalina Moreno Garz\u00f3n, Karen Vanessa Moreno Ardila, Karen Giselle Gait\u00e1n Acosta<\/em>\n                        <\/div>\n<div class=\"col-12 col-sm-3 content-posters\">\n<h4>Reflexiones sobre la infertilidad a partir de la maternidad subrogada<\/h4>\n<p>\t\t\t\t\t\t\t<em><b>Facultad:<\/b> Departamento de Humanidades<\/em><\/p>\n<div class=\"btn-poster\" data-toggle=\"modal\" data-target=\"#derecho-12\">\n                              <img decoding=\"async\" class=\"img-min-posters\" src=\"\/portal\/wp-content\/themes\/ucatolica\/img\/posters\/2020\/derecho-min-12.jpg\" alt=\"\" width=\"100%\"\/>\n                           <\/div>\n<p>                           <em><b>Autores:<\/b><br \/>Diana Nossa, Viviana Reyes Velandia, Claudia Karolina Gonz\u00e1lez Cabrera, Camila Ivanna Rodr\u00edguez Paz, Lina Mar\u00eda Camelo C\u00e1rdenas<\/em>\n                        <\/div>\n<div class=\"col-12 col-sm-3 content-posters\">\n<h4>Estrategias para el aprendizaje significativo orientado al reconocimiento del patrimonio cultural en bordes urbanos.<\/h4>\n<p>\t\t\t\t\t\t\t<em><b>Facultad:<\/b> Dise\u00f1o<\/em><\/p>\n<div class=\"btn-poster\" data-toggle=\"modal\" data-target=\"#derecho-13\">\n                              <img decoding=\"async\" class=\"img-min-posters\" src=\"\/portal\/wp-content\/themes\/ucatolica\/img\/posters\/2020\/derecho-min-13.jpg\" alt=\"\" width=\"100%\"\/>\n                           <\/div>\n<p>                           <em><b>Autores:<\/b><br \/>Arq. Flor Adriana Pedraza Pacheco, Paola L\u00f3pez Ru\u00edz, Vanessa Casta\u00f1eda L\u00f3pez, Michell Guti\u00e9rrez Melo, Jefferson Moreno Parra<\/em>\n                        <\/div>\n<div class=\"col-12 col-sm-3 content-posters\">\n<h4>Articulaci\u00f3n: de la educaci\u00f3n media a superior<\/h4>\n<p>\t\t\t\t\t\t\t<em><b>Facultad:<\/b> Psicolog\u00eda<\/em><\/p>\n<div class=\"btn-poster\" data-toggle=\"modal\" data-target=\"#derecho-14\">\n                              <img decoding=\"async\" class=\"img-min-posters\" src=\"\/portal\/wp-content\/themes\/ucatolica\/img\/posters\/2020\/derecho-min-14.jpg\" alt=\"\" width=\"100%\"\/>\n                           <\/div>\n<p>                           <em><b>Autores:<\/b><br \/>Marco Aurelio Barrero Cubillos, Daniela Garc\u00eda Ule, Laura Camila Clavijo Porras, Leidy Tatiana Fl\u00f3rez Mej\u00eda, Paola Andrea Penuela Celis, Olga Romero Espinosa<\/em>\n                        <\/div>\n<div class=\"col-12 col-sm-3 content-posters\">\n<h4>La gestaci\u00f3n por sustituci\u00f3n en Colombia y su falta de legislaci\u00f3n<\/h4>\n<p>\t\t\t\t\t\t\t<em><b>Facultad:<\/b> Derecho<\/em><\/p>\n<div class=\"btn-poster\" data-toggle=\"modal\" data-target=\"#derecho-15\">\n                              <img decoding=\"async\" class=\"img-min-posters\" src=\"\/portal\/wp-content\/themes\/ucatolica\/img\/posters\/2020\/derecho-min-15.jpg\" alt=\"\" width=\"100%\"\/>\n                           <\/div>\n<p>                           <em><b>Autores:<\/b><br \/>Javier Andr\u00e9s Agudelo Jim\u00e9nez<\/em>\n                        <\/div>\n<div class=\"col-12 col-sm-3 content-posters\">\n<h4>Percepci\u00f3n del estr\u00e9s, ansiedad y depresi\u00f3n en el inicio de la pandemia por Covid \u201319 en Colombia<\/h4>\n<p>\t\t\t\t\t\t\t<em><b>Facultad:<\/b> Psicolog\u00eda<\/em><\/p>\n<div class=\"btn-poster\" data-toggle=\"modal\" data-target=\"#derecho-16\">\n                              <img decoding=\"async\" class=\"img-min-posters\" src=\"\/portal\/wp-content\/themes\/ucatolica\/img\/posters\/2020\/derecho-min-16.jpg\" alt=\"\" width=\"100%\"\/>\n                           <\/div>\n<p>                           <em><b>Autores:<\/b><br \/>Carol Dahana Ar\u00e9valo, Karla Sof\u00eda Lugo, Sara Sof\u00eda Malag\u00f3n, Mar\u00eda Paula Wilches, Gabriela Bol\u00edvar y Andr\u00e9s M. Santacoloma Su\u00e1rez<\/em>\n                        <\/div>\n<\/p><\/div>\n<\/p><\/div>\n<\/p><\/div>\n<\/p><\/div>\n<\/p><\/div>\n<\/p><\/div>\n<\/p><\/div>\n<\/div>\n<p><!-- Modales --><\/p>\n<div class=\"modal fade\" id=\"desarrollo-1\" tabindex=\"-1\" role=\"dialog\" aria-labelledby=\"ModalTitle\" aria-hidden=\"true\" style=\"display: none;\">\n<div class=\"modal-dialog modal-dialog-centered\" role=\"document\">\n<div class=\"modal-content\">\n<div class=\"modal-header\">\n<h5 class=\"modal-title\" id=\"ModalTitle\">Semillero espacio p\u00fablico y movilidad urbana (Muesp)<\/h5>\n<p>            <button type=\"button\" class=\"close\" data-dismiss=\"modal\" aria-label=\"Close\"><br \/>\n            <span aria-hidden=\"true\">\u00d7<\/span><br \/>\n            <\/button>\n         <\/div>\n<div class=\"modal-body row\">\n\t\t\t <img decoding=\"async\" class=\"no-lazy\" src=\"\/portal\/wp-content\/themes\/ucatolica\/img\/posters\/2020\/desarrollo-big-1.jpg\" alt=\"\" width=\"100%\"\/>\n         <\/div>\n<div class=\"modal-footer\"><em><b>Autores:<\/b><\/p>\n<p>Arq. Myriam Stella D\u00edaz-Osorio, Maria Fernanda C\u00e1rdenas Camargo, Melissa Mar\u00eda Rubiano Cort\u00e9s, Daniel Torres V\u00e9lez, Arq. Angela Insuasty Torres<\/p>\n<p><\/em><\/div>\n<\/p><\/div>\n<\/p><\/div>\n<\/div>\n<div class=\"modal fade\" id=\"desarrollo-2\" tabindex=\"-1\" role=\"dialog\" aria-labelledby=\"ModalTitle\" aria-hidden=\"true\" style=\"display: none;\">\n<div class=\"modal-dialog modal-dialog-centered\" role=\"document\">\n<div class=\"modal-content\">\n<div class=\"modal-header\">\n<h5 class=\"modal-title\" id=\"ModalTitle\">Relaci\u00f3n de los equipamientos con el context<\/h5>\n<p>            <button type=\"button\" class=\"close\" data-dismiss=\"modal\" aria-label=\"Close\"><br \/>\n            <span aria-hidden=\"true\">\u00d7<\/span><br \/>\n            <\/button>\n         <\/div>\n<div class=\"modal-body row\">\n\t\t\t <img decoding=\"async\" class=\"no-lazy\" src=\"\/portal\/wp-content\/themes\/ucatolica\/img\/posters\/2020\/desarrollo-big-2.jpg\" alt=\"\" width=\"100%\"\/>\n         <\/div>\n<div class=\"modal-footer\"><em><b>Autores:<\/b><br \/>Jairo Hern\u00e1n Ovalle Garay, Sof\u00eda Yanina Olaya Arizala, Natalia Alexandra Garz\u00f3n R\u00edos, Fabi\u00e1n Ricardo Parra Gonz\u00e1lez, Juan Manuel Valencia Jaramillo<\/em><\/div>\n<\/p><\/div>\n<\/p><\/div>\n<\/div>\n<div class=\"modal fade\" id=\"desarrollo-3\" tabindex=\"-1\" role=\"dialog\" aria-labelledby=\"ModalTitle\" aria-hidden=\"true\" style=\"display: none;\">\n<div class=\"modal-dialog modal-dialog-centered\" role=\"document\">\n<div class=\"modal-content\">\n<div class=\"modal-header\">\n<h5 class=\"modal-title\" id=\"ModalTitle\">Relaci\u00f3n de los equipamientos con el context<\/h5>\n<p>            <button type=\"button\" class=\"close\" data-dismiss=\"modal\" aria-label=\"Close\"><br \/>\n            <span aria-hidden=\"true\">\u00d7<\/span><br \/>\n            <\/button>\n         <\/div>\n<div class=\"modal-body row\">\n\t\t\t <img decoding=\"async\" class=\"no-lazy\" src=\"\/portal\/wp-content\/themes\/ucatolica\/img\/posters\/2020\/desarrollo-big-3.jpg\" alt=\"\" width=\"100%\"\/>\n         <\/div>\n<div class=\"modal-footer\"><em><b>Autores:<\/b><br \/>Arq Tom\u00e1s Pachajoa, Karen Julieth Castro, Laura Valentina Camacho, Carolina Ladino Fern\u00e1ndez, Laura Mayerly Mora, Leidy Paola Caro, Daniel Felipe Ram\u00edrez, Carlos Alberto Ball\u00e9n, Luis Eduardo Guerra M\u00e9xico, Lizbeth Yazmin Estrada, Instituto Tecnol\u00f3gico de Apatzingan<\/em><\/div>\n<\/p><\/div>\n<\/p><\/div>\n<\/div>\n<div class=\"modal fade\" id=\"desarrollo-4\" tabindex=\"-1\" role=\"dialog\" aria-labelledby=\"ModalTitle\" aria-hidden=\"true\" style=\"display: none;\">\n<div class=\"modal-dialog modal-dialog-centered\" role=\"document\">\n<div class=\"modal-content\">\n<div class=\"modal-header\">\n<h5 class=\"modal-title\" id=\"ModalTitle\">Caracter\u00edsticas previas a la estrategia de dise\u00f1o resiliente<\/h5>\n<p>            <button type=\"button\" class=\"close\" data-dismiss=\"modal\" aria-label=\"Close\"><br \/>\n            <span aria-hidden=\"true\">\u00d7<\/span><br \/>\n            <\/button>\n         <\/div>\n<div class=\"modal-body row\">\n\t\t\t <img decoding=\"async\" class=\"no-lazy\" src=\"\/portal\/wp-content\/themes\/ucatolica\/img\/posters\/2020\/desarrollo-big-4.jpg\" alt=\"\" width=\"100%\"\/>\n         <\/div>\n<div class=\"modal-footer\"><em><b>Autores:<\/b><br \/>Arq. Valentina Nieto-Barbosa, Arq. Rolando Arturo Cubillos Gonz\u00e1lez, Arq. Rodrigo Andr\u00e9s Barrios<\/em><\/div>\n<\/p><\/div>\n<\/p><\/div>\n<\/div>\n<div class=\"modal fade\" id=\"desarrollo-5\" tabindex=\"-1\" role=\"dialog\" aria-labelledby=\"ModalTitle\" aria-hidden=\"true\" style=\"display: none;\">\n<div class=\"modal-dialog modal-dialog-centered\" role=\"document\">\n<div class=\"modal-content\">\n<div class=\"modal-header\">\n<h5 class=\"modal-title\" id=\"ModalTitle\">Potencialidad de exportaci\u00f3n de barras de cereal a base de bocadillo vele\u00f1o<\/h5>\n<p>            <button type=\"button\" class=\"close\" data-dismiss=\"modal\" aria-label=\"Close\"><br \/>\n            <span aria-hidden=\"true\">\u00d7<\/span><br \/>\n            <\/button>\n         <\/div>\n<div class=\"modal-body row\">\n\t\t\t <img decoding=\"async\" class=\"no-lazy\" src=\"\/portal\/wp-content\/themes\/ucatolica\/img\/posters\/2020\/desarrollo-big-5.jpg\" alt=\"\" width=\"100%\"\/>\n         <\/div>\n<div class=\"modal-footer\"><em><b>Autores:<\/b><br \/>Gina Jimena Ariza Barbosa, Angie Julieth Camargo Vargas, Gina Jimena Ariza Barbosa.<\/em><\/div>\n<\/p><\/div>\n<\/p><\/div>\n<\/div>\n<div class=\"modal fade\" id=\"desarrollo-6\" tabindex=\"-1\" role=\"dialog\" aria-labelledby=\"ModalTitle\" aria-hidden=\"true\" style=\"display: none;\">\n<div class=\"modal-dialog modal-dialog-centered\" role=\"document\">\n<div class=\"modal-content\">\n<div class=\"modal-header\">\n<h5 class=\"modal-title\" id=\"ModalTitle\">Propuesta para la expansi\u00f3n internacional del avistamiento de aves en Yopal, Casanare<\/h5>\n<p>            <button type=\"button\" class=\"close\" data-dismiss=\"modal\" aria-label=\"Close\"><br \/>\n            <span aria-hidden=\"true\">\u00d7<\/span><br \/>\n            <\/button>\n         <\/div>\n<div class=\"modal-body row\">\n\t\t\t <img decoding=\"async\" class=\"no-lazy\" src=\"\/portal\/wp-content\/themes\/ucatolica\/img\/posters\/2020\/desarrollo-big-6.jpg\" alt=\"\" width=\"100%\"\/>\n         <\/div>\n<div class=\"modal-footer\"><em><b>Autores:<\/b><br \/>Laura Camila Parada P\u00e9rez, Danna Camila Campos Garc\u00e9s, Laura Camila Parada P\u00e9rez.<\/em><\/div>\n<\/p><\/div>\n<\/p><\/div>\n<\/div>\n<div class=\"modal fade\" id=\"desarrollo-7\" tabindex=\"-1\" role=\"dialog\" aria-labelledby=\"ModalTitle\" aria-hidden=\"true\" style=\"display: none;\">\n<div class=\"modal-dialog modal-dialog-centered\" role=\"document\">\n<div class=\"modal-content\">\n<div class=\"modal-header\">\n<h5 class=\"modal-title\" id=\"ModalTitle\">Impacto del gestor urbano: el rol en la construcci\u00f3n social del territorio<\/h5>\n<p>            <button type=\"button\" class=\"close\" data-dismiss=\"modal\" aria-label=\"Close\"><br \/>\n            <span aria-hidden=\"true\">\u00d7<\/span><br \/>\n            <\/button>\n         <\/div>\n<div class=\"modal-body row\">\n\t\t\t <img decoding=\"async\" class=\"no-lazy\" src=\"\/portal\/wp-content\/themes\/ucatolica\/img\/posters\/2020\/desarrollo-big-7.jpg\" alt=\"\" width=\"100%\"\/>\n         <\/div>\n<div class=\"modal-footer\"><em><b>Autores:<\/b><br \/>Melba Rubiano Bri\u00f1ez, C\u00e9sar Eligio Triana.<\/em><\/div>\n<\/p><\/div>\n<\/p><\/div>\n<\/div>\n<div class=\"modal fade\" id=\"desarrollo-8\" tabindex=\"-1\" role=\"dialog\" aria-labelledby=\"ModalTitle\" aria-hidden=\"true\" style=\"display: none;\">\n<div class=\"modal-dialog modal-dialog-centered\" role=\"document\">\n<div class=\"modal-content\">\n<div class=\"modal-header\">\n<h5 class=\"modal-title\" id=\"ModalTitle\">Modelo para el desarrollo resiliente y sostenible de \u00e1reas periurbanas y metropolitanas imaginarios sociales &amp; representaciones<\/h5>\n<p>            <button type=\"button\" class=\"close\" data-dismiss=\"modal\" aria-label=\"Close\"><br \/>\n            <span aria-hidden=\"true\">\u00d7<\/span><br \/>\n            <\/button>\n         <\/div>\n<div class=\"modal-body row\">\n\t\t\t <img decoding=\"async\" class=\"no-lazy\" src=\"\/portal\/wp-content\/themes\/ucatolica\/img\/posters\/2020\/desarrollo-big-8.jpg\" alt=\"\" width=\"100%\"\/>\n         <\/div>\n<div class=\"modal-footer\"><em><b>Autores:<\/b><br \/>Arq. Elvia Isabel Casas Mat\u00edz, Dayana Katherine Ruiz Parrado.<\/em><\/div>\n<\/p><\/div>\n<\/p><\/div>\n<\/div>\n<div class=\"modal fade\" id=\"desarrollo-9\" tabindex=\"-1\" role=\"dialog\" aria-labelledby=\"ModalTitle\" aria-hidden=\"true\" style=\"display: none;\">\n<div class=\"modal-dialog modal-dialog-centered\" role=\"document\">\n<div class=\"modal-content\">\n<div class=\"modal-header\">\n<h5 class=\"modal-title\" id=\"ModalTitle\">Taller de dise\u00f1o social &#8211; semillero de investigaci\u00f3n<\/h5>\n<p>            <button type=\"button\" class=\"close\" data-dismiss=\"modal\" aria-label=\"Close\"><br \/>\n            <span aria-hidden=\"true\">\u00d7<\/span><br \/>\n            <\/button>\n         <\/div>\n<div class=\"modal-body row\">\n\t\t\t <img decoding=\"async\" class=\"no-lazy\" src=\"\/portal\/wp-content\/themes\/ucatolica\/img\/posters\/2020\/desarrollo-big-9.jpg\" alt=\"\" width=\"100%\"\/>\n         <\/div>\n<div class=\"modal-footer\"><em><b>Autores:<\/b><br \/>Juan Jos\u00e9 Castiblanco, Laura Katherine Cely, Laura Melissa Cuadros.<\/em><\/div>\n<\/p><\/div>\n<\/p><\/div>\n<\/div>\n<div class=\"modal fade\" id=\"desarrollo-10\" tabindex=\"-1\" role=\"dialog\" aria-labelledby=\"ModalTitle\" aria-hidden=\"true\" style=\"display: none;\">\n<div class=\"modal-dialog modal-dialog-centered\" role=\"document\">\n<div class=\"modal-content\">\n<div class=\"modal-header\">\n<h5 class=\"modal-title\" id=\"ModalTitle\">El rol de la gesti\u00f3n urbana (GU) en los estudios urbanos. Aportes y futuros escenarios en la construcci\u00f3n del territorio<\/h5>\n<p>            <button type=\"button\" class=\"close\" data-dismiss=\"modal\" aria-label=\"Close\"><br \/>\n            <span aria-hidden=\"true\">\u00d7<\/span><br \/>\n            <\/button>\n         <\/div>\n<div class=\"modal-body row\">\n\t\t\t <img decoding=\"async\" class=\"no-lazy\" src=\"\/portal\/wp-content\/themes\/ucatolica\/img\/posters\/2020\/desarrollo-big-10.jpg\" alt=\"\" width=\"100%\"\/>\n         <\/div>\n<div class=\"modal-footer\"><em><b>Autores:<\/b><br \/>C\u00e9sar Eligio Triana, Melba Rubiano Br\u00ed\u00f1ez.<\/em><\/div>\n<\/p><\/div>\n<\/p><\/div>\n<\/div>\n<div class=\"modal fade\" id=\"desarrollo-11\" tabindex=\"-1\" role=\"dialog\" aria-labelledby=\"ModalTitle\" aria-hidden=\"true\" style=\"display: none;\">\n<div class=\"modal-dialog modal-dialog-centered\" role=\"document\">\n<div class=\"modal-content\">\n<div class=\"modal-header\">\n<h5 class=\"modal-title\" id=\"ModalTitle\">Herramientas pedag\u00f3gicas para el manejo de los residuos org\u00e1nicos en las plazas de mercado &#8211; Corabastos<\/h5>\n<p>            <button type=\"button\" class=\"close\" data-dismiss=\"modal\" aria-label=\"Close\"><br \/>\n            <span aria-hidden=\"true\">\u00d7<\/span><br \/>\n            <\/button>\n         <\/div>\n<div class=\"modal-body row\">\n\t\t\t <img decoding=\"async\" class=\"no-lazy\" src=\"\/portal\/wp-content\/themes\/ucatolica\/img\/posters\/2020\/desarrollo-big-11.jpg\" alt=\"\" width=\"100%\"\/>\n         <\/div>\n<div class=\"modal-footer\"><em><b>Autores:<\/b><br \/>Arq. Flor Adriana Pedraza, Valentina Villamil Ribero, Heidy Ximena Mart\u00ednez Borda (estudiante), Blanca Ligia Acevedo Daza (administrativa)<\/em><\/div>\n<\/p><\/div>\n<\/p><\/div>\n<\/div>\n<div class=\"modal fade\" id=\"gestion-1\" tabindex=\"-1\" role=\"dialog\" aria-labelledby=\"ModalTitle\" aria-hidden=\"true\" style=\"display: none;\">\n<div class=\"modal-dialog modal-dialog-centered\" role=\"document\">\n<div class=\"modal-content\">\n<div class=\"modal-header\">\n<h5 class=\"modal-title\" id=\"ModalTitle\">Procedimiento y resultados de la modelaci\u00f3n computacional de edificaciones: comparacion entre los programas SAP 2000 y Abaqus<\/h5>\n<p>            <button type=\"button\" class=\"close\" data-dismiss=\"modal\" aria-label=\"Close\"><br \/>\n            <span aria-hidden=\"true\">\u00d7<\/span><br \/>\n            <\/button>\n         <\/div>\n<div class=\"modal-body row\">\n\t\t\t <img decoding=\"async\" class=\"no-lazy\" src=\"\/portal\/wp-content\/themes\/ucatolica\/img\/posters\/2020\/gestion-big-1.jpg\" alt=\"\" width=\"100%\"\/>\n         <\/div>\n<div class=\"modal-footer\"><em><b>Autores:<\/b><br \/>Samuel Dar\u00edo Salgado Ramos, Juan Nicolas Lugo Tiuzo, Danilo Niampira Vargas, Jhon Wilmar C\u00e1rdenas Pulido<\/em><\/div>\n<\/p><\/div>\n<\/p><\/div>\n<\/div>\n<div class=\"modal fade\" id=\"gestion-2\" tabindex=\"-1\" role=\"dialog\" aria-labelledby=\"ModalTitle\" aria-hidden=\"true\" style=\"display: none;\">\n<div class=\"modal-dialog modal-dialog-centered\" role=\"document\">\n<div class=\"modal-content\">\n<div class=\"modal-header\">\n<h5 class=\"modal-title\" id=\"ModalTitle\">Estudio bibliom\u00e9trico de tendencias de \u201cmicrostrip flexible electronic\u201d<\/h5>\n<p>            <button type=\"button\" class=\"close\" data-dismiss=\"modal\" aria-label=\"Close\"><br \/>\n            <span aria-hidden=\"true\">\u00d7<\/span><br \/>\n            <\/button>\n         <\/div>\n<div class=\"modal-body row\">\n\t\t\t <img decoding=\"async\" class=\"no-lazy\" src=\"\/portal\/wp-content\/themes\/ucatolica\/img\/posters\/2020\/gestion-big-2.jpg\" alt=\"\" width=\"100%\"\/>\n         <\/div>\n<div class=\"modal-footer\"><em><b>Autores:<\/b><br \/>Camilo Eduardo T\u00e9llez Villamizar, Daniel Esteban Casta\u00f1eda Murillo<\/em><\/div>\n<\/p><\/div>\n<\/p><\/div>\n<\/div>\n<div class=\"modal fade\" id=\"gestion-3\" tabindex=\"-1\" role=\"dialog\" aria-labelledby=\"ModalTitle\" aria-hidden=\"true\" style=\"display: none;\">\n<div class=\"modal-dialog modal-dialog-centered\" role=\"document\">\n<div class=\"modal-content\">\n<div class=\"modal-header\">\n<h5 class=\"modal-title\" id=\"ModalTitle\">El lugar natural como eficiencia para la recuperaci\u00f3n del patrimonio del paisaje y las costumbres rurales de Sumapaz y Usme.<\/h5>\n<p>            <button type=\"button\" class=\"close\" data-dismiss=\"modal\" aria-label=\"Close\"><br \/>\n            <span aria-hidden=\"true\">\u00d7<\/span><br \/>\n            <\/button>\n         <\/div>\n<div class=\"modal-body row\">\n\t\t\t <img decoding=\"async\" class=\"no-lazy\" src=\"\/portal\/wp-content\/themes\/ucatolica\/img\/posters\/2020\/gestion-big-3.jpg\" alt=\"\" width=\"100%\"\/>\n         <\/div>\n<div class=\"modal-footer\"><em><b>Autores:<\/b><br \/>L\u00edder Semillero: Arq. Doris Garc\u00eda Bernal, Maria Paula Villalba Novoa, Daniel Camilo Rodr\u00edguez Velandia, Profesor Colaborador: Giovanni Cornelio Berm\u00fadez<\/em><\/div>\n<\/p><\/div>\n<\/p><\/div>\n<\/div>\n<div class=\"modal fade\" id=\"gestion-4\" tabindex=\"-1\" role=\"dialog\" aria-labelledby=\"ModalTitle\" aria-hidden=\"true\" style=\"display: none;\">\n<div class=\"modal-dialog modal-dialog-centered\" role=\"document\">\n<div class=\"modal-content\">\n<div class=\"modal-header\">\n<h5 class=\"modal-title\" id=\"ModalTitle\">Dise\u00f1o solar pasivo como estrategia de confort ambiental, m\u00e9todo para desarrollar un concepto estructurado aplicado a la arquitectura en contexto.<\/h5>\n<p>            <button type=\"button\" class=\"close\" data-dismiss=\"modal\" aria-label=\"Close\"><br \/>\n            <span aria-hidden=\"true\">\u00d7<\/span><br \/>\n            <\/button>\n         <\/div>\n<div class=\"modal-body row\">\n\t\t\t <img decoding=\"async\" class=\"no-lazy\" src=\"\/portal\/wp-content\/themes\/ucatolica\/img\/posters\/2020\/gestion-big-4.jpg\" alt=\"\" width=\"100%\"\/>\n         <\/div>\n<div class=\"modal-footer\"><em><b>Autores:<\/b><br \/>Oscar Mauricio Alarc\u00f3n Rodr\u00edguez, Stefany Mulford Pe\u00f1a, Laura Sof\u00eda Moreno Manrique, Alicia Fernanda Prieto Garz\u00f3n ,Johan Sebastian Cardenas<\/em><\/div>\n<\/p><\/div>\n<\/p><\/div>\n<\/div>\n<div class=\"modal fade\" id=\"gestion-5\" tabindex=\"-1\" role=\"dialog\" aria-labelledby=\"ModalTitle\" aria-hidden=\"true\" style=\"display: none;\">\n<div class=\"modal-dialog modal-dialog-centered\" role=\"document\">\n<div class=\"modal-content\">\n<div class=\"modal-header\">\n<h5 class=\"modal-title\" id=\"ModalTitle\">Cadena de abastecimiento verde para una prensa de banco con cambio de mordazas (Etapa 1)<\/h5>\n<p>            <button type=\"button\" class=\"close\" data-dismiss=\"modal\" aria-label=\"Close\"><br \/>\n            <span aria-hidden=\"true\">\u00d7<\/span><br \/>\n            <\/button>\n         <\/div>\n<div class=\"modal-body row\">\n\t\t\t <img decoding=\"async\" class=\"no-lazy\" src=\"\/portal\/wp-content\/themes\/ucatolica\/img\/posters\/2020\/gestion-big-5.jpg\" alt=\"\" width=\"100%\"\/>\n         <\/div>\n<div class=\"modal-footer\"><em><b>Autores:<\/b><br \/>Mar\u00eda Paula Gonz\u00e1lez Villarreal ,Eliam Zulenny Estupi\u00f1an P\u00e1ez, Nohora Milena L\u00f3pez S\u00e1nchez<\/em><\/div>\n<\/p><\/div>\n<\/p><\/div>\n<\/div>\n<div class=\"modal fade\" id=\"gestion-6\" tabindex=\"-1\" role=\"dialog\" aria-labelledby=\"ModalTitle\" aria-hidden=\"true\" style=\"display: none;\">\n<div class=\"modal-dialog modal-dialog-centered\" role=\"document\">\n<div class=\"modal-content\">\n<div class=\"modal-header\">\n<h5 class=\"modal-title\" id=\"ModalTitle\">Dise\u00f1o de un instrumento de investigaci\u00f3n para evaluar un modelo de gesti\u00f3n de la Felicidad<\/h5>\n<p>            <button type=\"button\" class=\"close\" data-dismiss=\"modal\" aria-label=\"Close\"><br \/>\n            <span aria-hidden=\"true\">\u00d7<\/span><br \/>\n            <\/button>\n         <\/div>\n<div class=\"modal-body row\">\n\t\t\t <img decoding=\"async\" class=\"no-lazy\" src=\"\/portal\/wp-content\/themes\/ucatolica\/img\/posters\/2020\/gestion-big-6.jpg\" alt=\"\" width=\"100%\"\/>\n         <\/div>\n<div class=\"modal-footer\"><em><b>Autores:<\/b><br \/>Tania Paola Salamanca Sandoval, Nohora Milena L\u00f3pez S\u00e1nchez<\/em><\/div>\n<\/p><\/div>\n<\/p><\/div>\n<\/div>\n<div class=\"modal fade\" id=\"gestion-8\" tabindex=\"-1\" role=\"dialog\" aria-labelledby=\"ModalTitle\" aria-hidden=\"true\" style=\"display: none;\">\n<div class=\"modal-dialog modal-dialog-centered\" role=\"document\">\n<div class=\"modal-content\">\n<div class=\"modal-header\">\n<h5 class=\"modal-title\" id=\"ModalTitle\">Prototipo para la virtualizacion del Museo Internacional de la Esmeralda<\/h5>\n<p>            <button type=\"button\" class=\"close\" data-dismiss=\"modal\" aria-label=\"Close\"><br \/>\n            <span aria-hidden=\"true\">\u00d7<\/span><br \/>\n            <\/button>\n         <\/div>\n<div class=\"modal-body row\">\n\t\t\t <img decoding=\"async\" class=\"no-lazy\" src=\"\/portal\/wp-content\/themes\/ucatolica\/img\/posters\/2020\/gestion-big-8.jpg\" alt=\"\" width=\"100%\"\/>\n         <\/div>\n<div class=\"modal-footer\"><em><b>Autores:<\/b><br \/>Sergio Antonio Carrillo Lugo<\/em><\/div>\n<\/p><\/div>\n<\/p><\/div>\n<\/div>\n<div class=\"modal fade\" id=\"gestion-9\" tabindex=\"-1\" role=\"dialog\" aria-labelledby=\"ModalTitle\" aria-hidden=\"true\" style=\"display: none;\">\n<div class=\"modal-dialog modal-dialog-centered\" role=\"document\">\n<div class=\"modal-content\">\n<div class=\"modal-header\">\n<h5 class=\"modal-title\" id=\"ModalTitle\">Variaci\u00f3n de la capacidad de carga de una cimentaci\u00f3n superficial en suelo granular estabilizado empleando un modelo f\u00edsico y de elementos finitos<\/h5>\n<p>            <button type=\"button\" class=\"close\" data-dismiss=\"modal\" aria-label=\"Close\"><br \/>\n            <span aria-hidden=\"true\">\u00d7<\/span><br \/>\n            <\/button>\n         <\/div>\n<div class=\"modal-body row\">\n\t\t\t <img decoding=\"async\" class=\"no-lazy\" src=\"\/portal\/wp-content\/themes\/ucatolica\/img\/posters\/2020\/gestion-big-9.jpg\" alt=\"\" width=\"100%\"\/>\n         <\/div>\n<div class=\"modal-footer\"><em><b>Autores:<\/b><br \/>Andrea Carolina Becerra Rojas, Daniela Carolina Mar\u00edn Ram\u00edrez, Mario Alexander Castaneda Lopez<\/em><\/div>\n<\/p><\/div>\n<\/p><\/div>\n<\/div>\n<div class=\"modal fade\" id=\"gestion-10\" tabindex=\"-1\" role=\"dialog\" aria-labelledby=\"ModalTitle\" aria-hidden=\"true\" style=\"display: none;\">\n<div class=\"modal-dialog modal-dialog-centered\" role=\"document\">\n<div class=\"modal-content\">\n<div class=\"modal-header\">\n<h5 class=\"modal-title\" id=\"ModalTitle\">Identificaci\u00f3n y an\u00e1lisis de patolog\u00edas en la guadua angustifolia kunth utilizada en la construcci\u00f3n<\/h5>\n<p>            <button type=\"button\" class=\"close\" data-dismiss=\"modal\" aria-label=\"Close\"><br \/>\n            <span aria-hidden=\"true\">\u00d7<\/span><br \/>\n            <\/button>\n         <\/div>\n<div class=\"modal-body row\">\n\t\t\t <img decoding=\"async\" class=\"no-lazy\" src=\"\/portal\/wp-content\/themes\/ucatolica\/img\/posters\/2020\/gestion-big-10.jpg\" alt=\"\" width=\"100%\"\/>\n         <\/div>\n<div class=\"modal-footer\"><em><b>Autores:<\/b><br \/>Olga Luc\u00eda Vanegas Alfonso, Flor Nancy D\u00edaz Piraquive, Wendy Xiomara Vargas, Wendy Johana de la Rosa Cubillo<\/em><\/div>\n<\/p><\/div>\n<\/p><\/div>\n<\/div>\n<div class=\"modal fade\" id=\"derecho-1\" tabindex=\"-1\" role=\"dialog\" aria-labelledby=\"ModalTitle\" aria-hidden=\"true\" style=\"display: none;\">\n<div class=\"modal-dialog modal-dialog-centered\" role=\"document\">\n<div class=\"modal-content\">\n<div class=\"modal-header\">\n<h5 class=\"modal-title\" id=\"ModalTitle\">Indicadores lingu\u00edsticos del enga\u00f1o<\/h5>\n<p>            <button type=\"button\" class=\"close\" data-dismiss=\"modal\" aria-label=\"Close\"><br \/>\n            <span aria-hidden=\"true\">\u00d7<\/span><br \/>\n            <\/button>\n         <\/div>\n<div class=\"modal-body row\">\n\t\t\t <img decoding=\"async\" class=\"no-lazy\" src=\"\/portal\/wp-content\/themes\/ucatolica\/img\/posters\/2020\/derecho-big-1.jpg\" alt=\"\" width=\"100%\"\/>\n         <\/div>\n<div class=\"modal-footer\"><em><b>Autores:<\/b><br \/>Juan Camilo Carvajal Builes, Yohan Sebasti\u00e1n Chaparro, Laura Tatiana Mu\u00f1\u00f3z Castro, Juanita Juliana Rhenals Hern\u00e1ndez<\/em><\/div>\n<\/p><\/div>\n<\/p><\/div>\n<\/div>\n<div class=\"modal fade\" id=\"derecho-2\" tabindex=\"-1\" role=\"dialog\" aria-labelledby=\"ModalTitle\" aria-hidden=\"true\" style=\"display: none;\">\n<div class=\"modal-dialog modal-dialog-centered\" role=\"document\">\n<div class=\"modal-content\">\n<div class=\"modal-header\">\n<h5 class=\"modal-title\" id=\"ModalTitle\">La realidad de la migraci\u00f3n en Hong Kong<\/h5>\n<p>            <button type=\"button\" class=\"close\" data-dismiss=\"modal\" aria-label=\"Close\"><br \/>\n            <span aria-hidden=\"true\">\u00d7<\/span><br \/>\n            <\/button>\n         <\/div>\n<div class=\"modal-body row\">\n\t\t\t <img decoding=\"async\" class=\"no-lazy\" src=\"\/portal\/wp-content\/themes\/ucatolica\/img\/posters\/2020\/derecho-big-2.jpg\" alt=\"\" width=\"100%\"\/>\n         <\/div>\n<div class=\"modal-footer\"><em><b>Autores:<\/b><br \/>Eliana Sofia Navarrete Vel\u00e1squez, Yuni Zugey Calvo L\u00f3pez, Diego Andr\u00e9s Ducuara Morales, Juan Ch\u00e1vez<\/em><\/div>\n<\/p><\/div>\n<\/p><\/div>\n<\/div>\n<div class=\"modal fade\" id=\"derecho-3\" tabindex=\"-1\" role=\"dialog\" aria-labelledby=\"ModalTitle\" aria-hidden=\"true\" style=\"display: none;\">\n<div class=\"modal-dialog modal-dialog-centered\" role=\"document\">\n<div class=\"modal-content\">\n<div class=\"modal-header\">\n<h5 class=\"modal-title\" id=\"ModalTitle\">Liderazgo y virtudes<\/h5>\n<p>            <button type=\"button\" class=\"close\" data-dismiss=\"modal\" aria-label=\"Close\"><br \/>\n            <span aria-hidden=\"true\">\u00d7<\/span><br \/>\n            <\/button>\n         <\/div>\n<div class=\"modal-body row\">\n\t\t\t <img decoding=\"async\" class=\"no-lazy\" src=\"\/portal\/wp-content\/themes\/ucatolica\/img\/posters\/2020\/derecho-big-3.jpg\" alt=\"\" width=\"100%\"\/>\n         <\/div>\n<div class=\"modal-footer\"><em><b>Autores:<\/b><br \/>Diana Catalina Moreno Garz\u00f3n, Julymar Stefanny Triana, Karen Vanessa Moreno Ardila, Karen Giselle Gait\u00e1n Acosta,Marisol Bol\u00edvar Ram\u00edrez, Dalia Jaqueline Santa Cruz Vera<\/em><\/div>\n<\/p><\/div>\n<\/p><\/div>\n<\/div>\n<div class=\"modal fade\" id=\"derecho-4\" tabindex=\"-1\" role=\"dialog\" aria-labelledby=\"ModalTitle\" aria-hidden=\"true\" style=\"display: none;\">\n<div class=\"modal-dialog modal-dialog-centered\" role=\"document\">\n<div class=\"modal-content\">\n<div class=\"modal-header\">\n<h5 class=\"modal-title\" id=\"ModalTitle\">Proceso de investigaci\u00f3n formativa 2019-2020. Semillero de investigaci\u00f3n inclusi\u00f3n, mujeres y universidad. Herramientas art\u00edsticas de investigaci\u00f3n<\/h5>\n<p>            <button type=\"button\" class=\"close\" data-dismiss=\"modal\" aria-label=\"Close\"><br \/>\n            <span aria-hidden=\"true\">\u00d7<\/span><br \/>\n            <\/button>\n         <\/div>\n<div class=\"modal-body row\">\n\t\t\t <img decoding=\"async\" class=\"no-lazy\" src=\"\/portal\/wp-content\/themes\/ucatolica\/img\/posters\/2020\/derecho-big-4.jpg\" alt=\"\" width=\"100%\"\/>\n         <\/div>\n<div class=\"modal-footer\"><em><b>Autores:<\/b><br \/>Luz Adriana Alarc\u00f3n Barbosa egresada de Psicolog\u00eda, Lina Mar\u00eda Camelo C\u00e1rdenas estudiante de Derecho, Laura Camila Cantor L\u00f3pez egresada de Ingenier\u00eda Industrial, Erika Gisela Galeano Camacho egresada de Ingenier\u00eda Industrial, Nohary Soleil Cort\u00e9s Moreno estudiante de Derecho, Maricely Corzo Morales Coordinadora del Semillero<\/em><\/div>\n<\/p><\/div>\n<\/p><\/div>\n<\/div>\n<div class=\"modal fade\" id=\"derecho-5\" tabindex=\"-1\" role=\"dialog\" aria-labelledby=\"ModalTitle\" aria-hidden=\"true\" style=\"display: none;\">\n<div class=\"modal-dialog modal-dialog-centered\" role=\"document\">\n<div class=\"modal-content\">\n<div class=\"modal-header\">\n<h5 class=\"modal-title\" id=\"ModalTitle\">Cyberbullying: evaluaci\u00f3n en el Colegio El Carmelo de Bogot\u00e1<\/h5>\n<p>            <button type=\"button\" class=\"close\" data-dismiss=\"modal\" aria-label=\"Close\"><br \/>\n            <span aria-hidden=\"true\">\u00d7<\/span><br \/>\n            <\/button>\n         <\/div>\n<div class=\"modal-body row\">\n\t\t\t <img decoding=\"async\" class=\"no-lazy\" src=\"\/portal\/wp-content\/themes\/ucatolica\/img\/posters\/2020\/derecho-big-5.jpg\" alt=\"\" width=\"100%\"\/>\n         <\/div>\n<div class=\"modal-footer\"><em><b>Autores:<\/b><br \/>Katherinne Andrea Jim\u00e9nez Forero, \u00cdtala Camargo<\/em><\/div>\n<\/p><\/div>\n<\/p><\/div>\n<\/div>\n<div class=\"modal fade\" id=\"derecho-6\" tabindex=\"-1\" role=\"dialog\" aria-labelledby=\"ModalTitle\" aria-hidden=\"true\" style=\"display: none;\">\n<div class=\"modal-dialog modal-dialog-centered\" role=\"document\">\n<div class=\"modal-content\">\n<div class=\"modal-header\">\n<h5 class=\"modal-title\" id=\"ModalTitle\">VARIABLES QUE INFLUYEN EN LA CONDUCTA SEXUAL ADOLESCENTE<\/h5>\n<p>            <button type=\"button\" class=\"close\" data-dismiss=\"modal\" aria-label=\"Close\"><br \/>\n            <span aria-hidden=\"true\">\u00d7<\/span><br \/>\n            <\/button>\n         <\/div>\n<div class=\"modal-body row\">\n\t\t\t <img decoding=\"async\" class=\"no-lazy\" src=\"\/portal\/wp-content\/themes\/ucatolica\/img\/posters\/2020\/derecho-big-6.jpg\" alt=\"\" width=\"100%\"\/>\n         <\/div>\n<div class=\"modal-footer\"><em><b>Autores:<\/b><br \/>\u00c1ngela Vanesa Garc\u00eda Bar\u00f3n, Wilmer Andrey Fonseca Fonseca ,Itala<\/em><\/div>\n<\/p><\/div>\n<\/p><\/div>\n<\/div>\n<div class=\"modal fade\" id=\"derecho-7\" tabindex=\"-1\" role=\"dialog\" aria-labelledby=\"ModalTitle\" aria-hidden=\"true\" style=\"display: none;\">\n<div class=\"modal-dialog modal-dialog-centered\" role=\"document\">\n<div class=\"modal-content\">\n<div class=\"modal-header\">\n<h5 class=\"modal-title\" id=\"ModalTitle\">Emociones, dinero, amigos y sexualidad en universitarios durante la cuarentena<\/h5>\n<p>            <button type=\"button\" class=\"close\" data-dismiss=\"modal\" aria-label=\"Close\"><br \/>\n            <span aria-hidden=\"true\">\u00d7<\/span><br \/>\n            <\/button>\n         <\/div>\n<div class=\"modal-body row\">\n\t\t\t <img decoding=\"async\" class=\"no-lazy\" src=\"\/portal\/wp-content\/themes\/ucatolica\/img\/posters\/2020\/derecho-big-7.jpg\" alt=\"\" width=\"100%\"\/>\n         <\/div>\n<div class=\"modal-footer\"><em><b>Autores:<\/b><br \/>Daniela Barbosa Ardila, David Aguilar<\/em><\/div>\n<\/p><\/div>\n<\/p><\/div>\n<\/div>\n<div class=\"modal fade\" id=\"derecho-8\" tabindex=\"-1\" role=\"dialog\" aria-labelledby=\"ModalTitle\" aria-hidden=\"true\" style=\"display: none;\">\n<div class=\"modal-dialog modal-dialog-centered\" role=\"document\">\n<div class=\"modal-content\">\n<div class=\"modal-header\">\n<h5 class=\"modal-title\" id=\"ModalTitle\">Estilo ling\u00fc\u00edstico y prosocialidad en un contexto pol\u00edtico en Twitter<\/h5>\n<p>            <button type=\"button\" class=\"close\" data-dismiss=\"modal\" aria-label=\"Close\"><br \/>\n            <span aria-hidden=\"true\">\u00d7<\/span><br \/>\n            <\/button>\n         <\/div>\n<div class=\"modal-body row\">\n\t\t\t <img decoding=\"async\" class=\"no-lazy\" src=\"\/portal\/wp-content\/themes\/ucatolica\/img\/posters\/2020\/derecho-big-8.jpg\" alt=\"\" width=\"100%\"\/>\n         <\/div>\n<div class=\"modal-footer\"><em><b>Autores:<\/b><br \/>Paola Andrea Pulido, Diana Ardila Cubillos, Diana Camila Garz\u00f3n Velandia Leidy Johanna Rojas, Laura Sof\u00eda Santamar\u00eda Uribe, Idaly Barreto<\/em><\/div>\n<\/p><\/div>\n<\/p><\/div>\n<\/div>\n<div class=\"modal fade\" id=\"derecho-9\" tabindex=\"-1\" role=\"dialog\" aria-labelledby=\"ModalTitle\" aria-hidden=\"true\" style=\"display: none;\">\n<div class=\"modal-dialog modal-dialog-centered\" role=\"document\">\n<div class=\"modal-content\">\n<div class=\"modal-header\">\n<h5 class=\"modal-title\" id=\"ModalTitle\">Reconocimiento emocional a partir de expresiones faciales: Un an\u00e1lisis de la diferencia entre sexos.<\/h5>\n<p>            <button type=\"button\" class=\"close\" data-dismiss=\"modal\" aria-label=\"Close\"><br \/>\n            <span aria-hidden=\"true\">\u00d7<\/span><br \/>\n            <\/button>\n         <\/div>\n<div class=\"modal-body row\">\n\t\t\t <img decoding=\"async\" class=\"no-lazy\" src=\"\/portal\/wp-content\/themes\/ucatolica\/img\/posters\/2020\/derecho-big-9.jpg\" alt=\"\" width=\"100%\"\/>\n         <\/div>\n<div class=\"modal-footer\"><em><b>Autores:<\/b><br \/>Mar\u00eda Jos\u00e9 Saavedra Vargas,Sof\u00eda C\u00e1rdenas Ru\u00edz, Camila Alejandra Rey Cobo \u00c1lvaro Javier de Jes\u00fas Y\u00e9pez Arrieta.<\/em><\/div>\n<\/p><\/div>\n<\/p><\/div>\n<\/div>\n<div class=\"modal fade\" id=\"derecho-10\" tabindex=\"-1\" role=\"dialog\" aria-labelledby=\"ModalTitle\" aria-hidden=\"true\" style=\"display: none;\">\n<div class=\"modal-dialog modal-dialog-centered\" role=\"document\">\n<div class=\"modal-content\">\n<div class=\"modal-header\">\n<h5 class=\"modal-title\" id=\"ModalTitle\">P\u00f3ster cient\u00edfico &#8220;de la precisi\u00f3n de la arquitectura Matem\u00e1ticas&#8221;<\/h5>\n<p>            <button type=\"button\" class=\"close\" data-dismiss=\"modal\" aria-label=\"Close\"><br \/>\n            <span aria-hidden=\"true\">\u00d7<\/span><br \/>\n            <\/button>\n         <\/div>\n<div class=\"modal-body row\">\n\t\t\t <img decoding=\"async\" class=\"no-lazy\" src=\"\/portal\/wp-content\/themes\/ucatolica\/img\/posters\/2020\/derecho-big-10.jpg\" alt=\"\" width=\"100%\"\/>\n         <\/div>\n<div class=\"modal-footer\"><em><b>Autores:<\/b><br \/>\u00c1ngel David Perez Castro, Flor Adriana Pedraza Pacheco, Jes\u00fas David Bernall Mary Gonz\u00e1les,Miguel Barrios<\/em><\/div>\n<\/p><\/div>\n<\/p><\/div>\n<\/div>\n<div class=\"modal fade\" id=\"derecho-11\" tabindex=\"-1\" role=\"dialog\" aria-labelledby=\"ModalTitle\" aria-hidden=\"true\" style=\"display: none;\">\n<div class=\"modal-dialog modal-dialog-centered\" role=\"document\">\n<div class=\"modal-content\">\n<div class=\"modal-header\">\n<h5 class=\"modal-title\" id=\"ModalTitle\">Voluntariado Universitario Estrategia para Fomentar Habilidades Emocionales en J\u00f3venes<\/h5>\n<p>            <button type=\"button\" class=\"close\" data-dismiss=\"modal\" aria-label=\"Close\"><br \/>\n            <span aria-hidden=\"true\">\u00d7<\/span><br \/>\n            <\/button>\n         <\/div>\n<div class=\"modal-body row\">\n\t\t\t <img decoding=\"async\" class=\"no-lazy\" src=\"\/portal\/wp-content\/themes\/ucatolica\/img\/posters\/2020\/derecho-big-11.jpg\" alt=\"\" width=\"100%\"\/>\n         <\/div>\n<div class=\"modal-footer\"><em><b>Autores:<\/b><br \/>Marisol Bol\u00edvar Ram\u00edrez, Diana Catalina Moreno Garz\u00f3n, Karen Vanessa Moreno Ardila, Karen Giselle Gait\u00e1n Acosta<\/em><\/div>\n<\/p><\/div>\n<\/p><\/div>\n<\/div>\n<div class=\"modal fade\" id=\"derecho-12\" tabindex=\"-1\" role=\"dialog\" aria-labelledby=\"ModalTitle\" aria-hidden=\"true\" style=\"display: none;\">\n<div class=\"modal-dialog modal-dialog-centered\" role=\"document\">\n<div class=\"modal-content\">\n<div class=\"modal-header\">\n<h5 class=\"modal-title\" id=\"ModalTitle\">Reflexiones sobre la infertilidad a partir de la maternidad subrogada<\/h5>\n<p>            <button type=\"button\" class=\"close\" data-dismiss=\"modal\" aria-label=\"Close\"><br \/>\n            <span aria-hidden=\"true\">\u00d7<\/span><br \/>\n            <\/button>\n         <\/div>\n<div class=\"modal-body row\">\n\t\t\t <img decoding=\"async\" class=\"no-lazy\" src=\"\/portal\/wp-content\/themes\/ucatolica\/img\/posters\/2020\/derecho-big-12.jpg\" alt=\"\" width=\"100%\"\/>\n         <\/div>\n<div class=\"modal-footer\"><em><b>Autores:<\/b><br \/>Diana Nossa, Viviana Reyes Velandia, Claudia Karolina Gonz\u00e1lez Cabrera, Camila Ivanna Rodr\u00edguez Paz, Lina Mar\u00eda Camelo C\u00e1rdenas<\/em><\/div>\n<\/p><\/div>\n<\/p><\/div>\n<\/div>\n<div class=\"modal fade\" id=\"derecho-13\" tabindex=\"-1\" role=\"dialog\" aria-labelledby=\"ModalTitle\" aria-hidden=\"true\" style=\"display: none;\">\n<div class=\"modal-dialog modal-dialog-centered\" role=\"document\">\n<div class=\"modal-content\">\n<div class=\"modal-header\">\n<h5 class=\"modal-title\" id=\"ModalTitle\">Estrategias para el aprendizaje significativo orientado al reconocimiento del patrimonio cultural en bordes urbanos<\/h5>\n<p>            <button type=\"button\" class=\"close\" data-dismiss=\"modal\" aria-label=\"Close\"><br \/>\n            <span aria-hidden=\"true\">\u00d7<\/span><br \/>\n            <\/button>\n         <\/div>\n<div class=\"modal-body row\">\n\t\t\t <img decoding=\"async\" class=\"no-lazy\" src=\"\/portal\/wp-content\/themes\/ucatolica\/img\/posters\/2020\/derecho-big-13.jpg\" alt=\"\" width=\"100%\"\/>\n         <\/div>\n<div class=\"modal-footer\"><em><b>Autores:<\/b><br \/>Arq. Flor Adriana Pedraza Pacheco, Paola L\u00f3pez Ru\u00edz, Vanessa Casta\u00f1eda L\u00f3pez, Michell Guti\u00e9rrez Melo, Jefferson Moreno Parra<\/em><\/div>\n<\/p><\/div>\n<\/p><\/div>\n<\/div>\n<div class=\"modal fade\" id=\"derecho-14\" tabindex=\"-1\" role=\"dialog\" aria-labelledby=\"ModalTitle\" aria-hidden=\"true\" style=\"display: none;\">\n<div class=\"modal-dialog modal-dialog-centered\" role=\"document\">\n<div class=\"modal-content\">\n<div class=\"modal-header\">\n<h5 class=\"modal-title\" id=\"ModalTitle\">Articulaci\u00f3n: de la educaci\u00f3n media a superior<\/h5>\n<p>            <button type=\"button\" class=\"close\" data-dismiss=\"modal\" aria-label=\"Close\"><br \/>\n            <span aria-hidden=\"true\">\u00d7<\/span><br \/>\n            <\/button>\n         <\/div>\n<div class=\"modal-body row\">\n\t\t\t <img decoding=\"async\" class=\"no-lazy\" src=\"\/portal\/wp-content\/themes\/ucatolica\/img\/posters\/2020\/derecho-big-14.jpg\" alt=\"\" width=\"100%\"\/>\n         <\/div>\n<div class=\"modal-footer\"><em><b>Autores:<\/b><br \/>Marco Aurelio Barrero Cubillos, Daniela Garc\u00eda Ule, Laura Camila Clavijo Porras, Leidy Tatiana Fl\u00f3rez Mej\u00eda, Paola Andrea Penuela Celis, Olga Romero Espinosa<\/em><\/div>\n<\/p><\/div>\n<\/p><\/div>\n<\/div>\n<div class=\"modal fade\" id=\"derecho-15\" tabindex=\"-1\" role=\"dialog\" aria-labelledby=\"ModalTitle\" aria-hidden=\"true\" style=\"display: none;\">\n<div class=\"modal-dialog modal-dialog-centered\" role=\"document\">\n<div class=\"modal-content\">\n<div class=\"modal-header\">\n<h5 class=\"modal-title\" id=\"ModalTitle\">La gestaci\u00f3n por sustituci\u00f3n en Colombia y su falta de legislaci\u00f3n<\/h5>\n<p>            <button type=\"button\" class=\"close\" data-dismiss=\"modal\" aria-label=\"Close\"><br \/>\n            <span aria-hidden=\"true\">\u00d7<\/span><br \/>\n            <\/button>\n         <\/div>\n<div class=\"modal-body row\">\n\t\t\t <img decoding=\"async\" class=\"no-lazy\" src=\"\/portal\/wp-content\/themes\/ucatolica\/img\/posters\/2020\/derecho-big-15.jpg\" alt=\"\" width=\"100%\"\/>\n         <\/div>\n<div class=\"modal-footer\"><em><b>Autores:<\/b><br \/>Javier Andr\u00e9s Agudelo Jim\u00e9nez<\/em><\/div>\n<\/p><\/div>\n<\/p><\/div>\n<\/div>\n<div class=\"modal fade\" id=\"derecho-16\" tabindex=\"-1\" role=\"dialog\" aria-labelledby=\"ModalTitle\" aria-hidden=\"true\" style=\"display: none;\">\n<div class=\"modal-dialog modal-dialog-centered\" role=\"document\">\n<div class=\"modal-content\">\n<div class=\"modal-header\">\n<h5 class=\"modal-title\" id=\"ModalTitle\">Percepci\u00f3n del estr\u00e9s, ansiedad y depresi\u00f3n en el inicio de la pandemia por Covid \u201319 en Colombia<\/h5>\n<p>            <button type=\"button\" class=\"close\" data-dismiss=\"modal\" aria-label=\"Close\"><br \/>\n            <span aria-hidden=\"true\">\u00d7<\/span><br \/>\n            <\/button>\n         <\/div>\n<div class=\"modal-body row\">\n\t\t\t <img decoding=\"async\" class=\"no-lazy\" src=\"\/portal\/wp-content\/themes\/ucatolica\/img\/posters\/2020\/derecho-big-16.jpg\" alt=\"\" width=\"100%\"\/>\n         <\/div>\n<div class=\"modal-footer\"><em><b>Autores:<\/b><br \/>Carol Dahana Ar\u00e9valo, Karla Sof\u00eda Lugo, Sara Sof\u00eda Malag\u00f3n, Mar\u00eda Paula Wilches, Gabriela Bol\u00edvar y Andr\u00e9s M. Santacoloma Su\u00e1rez<\/em><\/div>\n<\/p><\/div>\n<\/p><\/div>\n<\/div>\n","protected":false},"excerpt":{"rendered":"<p>XIJornada deInvestigaci\u00f3n 2020Universidad Cat\u00f3lica de Colombia Exhibici\u00f3n de P\u00f3sters En el marco de la XI Jornada de Investigaci\u00f3n 2020, se llevar\u00e1 a cabo la sesi\u00f3n de Socializaci\u00f3n de p\u00f3ster que fueron presentados por estudiantes internos y externos a nuestra Instituci\u00f3n, el 17 de septiembre de 2020 entre las 2:00 pm y 4:00 pm. A continuaci\u00f3n [&hellip;]<\/p>\n","protected":false},"author":2,"featured_media":0,"parent":0,"menu_order":0,"comment_status":"closed","ping_status":"closed","template":"page-clean.php","meta":{"_acf_changed":false,"advgb_blocks_editor_width":"","advgb_blocks_columns_visual_guide":"","footnotes":""},"class_list":["post-37039","page","type-page","status-publish","hentry"],"acf":[],"yoast_head":"<!-- This site is optimized with the Yoast SEO plugin v26.7 - https:\/\/yoast.com\/wordpress\/plugins\/seo\/ -->\n<title>XI Jornada de Investigaci\u00f3n - Universidad Cat\u00f3lica De Colombia<\/title>\n<meta name=\"robots\" content=\"index, follow, max-snippet:-1, max-image-preview:large, max-video-preview:-1\" \/>\n<link rel=\"canonical\" href=\"https:\/\/www.ucatolica.edu.co\/portal\/xi-jornada-de-investigacion\/\" \/>\n<meta property=\"og:locale\" content=\"es_ES\" \/>\n<meta property=\"og:type\" content=\"article\" \/>\n<meta property=\"og:title\" content=\"XI Jornada de Investigaci\u00f3n - Universidad Cat\u00f3lica De Colombia\" \/>\n<meta property=\"og:description\" content=\"XIJornada deInvestigaci\u00f3n 2020Universidad Cat\u00f3lica de Colombia Exhibici\u00f3n de P\u00f3sters En el marco de la XI Jornada de Investigaci\u00f3n 2020, se llevar\u00e1 a cabo la sesi\u00f3n de Socializaci\u00f3n de p\u00f3ster que fueron presentados por estudiantes internos y externos a nuestra Instituci\u00f3n, el 17 de septiembre de 2020 entre las 2:00 pm y 4:00 pm. A continuaci\u00f3n [&hellip;]\" \/>\n<meta property=\"og:url\" content=\"https:\/\/www.ucatolica.edu.co\/portal\/xi-jornada-de-investigacion\/\" \/>\n<meta property=\"og:site_name\" content=\"Universidad Cat\u00f3lica De Colombia\" \/>\n<meta property=\"article:publisher\" content=\"https:\/\/www.facebook.com\/ucatolicacolombia\" \/>\n<meta property=\"og:image\" content=\"https:\/\/www.ucatolica.edu.co\/portal\/wp-content\/themes\/ucatolica\/img\/assets\/logo-header-ho.svg\" \/>\n<meta name=\"twitter:card\" content=\"summary_large_image\" \/>\n<meta name=\"twitter:site\" content=\"@UCatolicaCol\" \/>\n<meta name=\"twitter:label1\" content=\"Tiempo de lectura\" \/>\n\t<meta name=\"twitter:data1\" content=\"13 minutos\" \/>\n<script type=\"application\/ld+json\" class=\"yoast-schema-graph\">{\"@context\":\"https:\/\/schema.org\",\"@graph\":[{\"@type\":\"WebPage\",\"@id\":\"https:\/\/www.ucatolica.edu.co\/portal\/xi-jornada-de-investigacion\/\",\"url\":\"https:\/\/www.ucatolica.edu.co\/portal\/xi-jornada-de-investigacion\/\",\"name\":\"XI Jornada de Investigaci\u00f3n - Universidad Cat\u00f3lica De Colombia\",\"isPartOf\":{\"@id\":\"https:\/\/www.ucatolica.edu.co\/portal\/#website\"},\"primaryImageOfPage\":{\"@id\":\"https:\/\/www.ucatolica.edu.co\/portal\/xi-jornada-de-investigacion\/#primaryimage\"},\"image\":{\"@id\":\"https:\/\/www.ucatolica.edu.co\/portal\/xi-jornada-de-investigacion\/#primaryimage\"},\"thumbnailUrl\":\"https:\/\/www.ucatolica.edu.co\/portal\/wp-content\/themes\/ucatolica\/img\/assets\/logo-header-ho.svg\",\"datePublished\":\"2021-04-26T22:32:41+00:00\",\"breadcrumb\":{\"@id\":\"https:\/\/www.ucatolica.edu.co\/portal\/xi-jornada-de-investigacion\/#breadcrumb\"},\"inLanguage\":\"es-CO\",\"potentialAction\":[{\"@type\":\"ReadAction\",\"target\":[\"https:\/\/www.ucatolica.edu.co\/portal\/xi-jornada-de-investigacion\/\"]}]},{\"@type\":\"ImageObject\",\"inLanguage\":\"es-CO\",\"@id\":\"https:\/\/www.ucatolica.edu.co\/portal\/xi-jornada-de-investigacion\/#primaryimage\",\"url\":\"https:\/\/www.ucatolica.edu.co\/portal\/wp-content\/themes\/ucatolica\/img\/assets\/logo-header-ho.svg\",\"contentUrl\":\"https:\/\/www.ucatolica.edu.co\/portal\/wp-content\/themes\/ucatolica\/img\/assets\/logo-header-ho.svg\"},{\"@type\":\"BreadcrumbList\",\"@id\":\"https:\/\/www.ucatolica.edu.co\/portal\/xi-jornada-de-investigacion\/#breadcrumb\",\"itemListElement\":[{\"@type\":\"ListItem\",\"position\":1,\"name\":\"Inicio\",\"item\":\"https:\/\/www.ucatolica.edu.co\/portal\/\"},{\"@type\":\"ListItem\",\"position\":2,\"name\":\"XI Jornada de Investigaci\u00f3n\"}]},{\"@type\":\"WebSite\",\"@id\":\"https:\/\/www.ucatolica.edu.co\/portal\/#website\",\"url\":\"https:\/\/www.ucatolica.edu.co\/portal\/\",\"name\":\"Universidad Cat\u00f3lica De Colombia\",\"description\":\"Universidad Cat\u00f3lica De Colombia\",\"publisher\":{\"@id\":\"https:\/\/www.ucatolica.edu.co\/portal\/#organization\"},\"potentialAction\":[{\"@type\":\"SearchAction\",\"target\":{\"@type\":\"EntryPoint\",\"urlTemplate\":\"https:\/\/www.ucatolica.edu.co\/portal\/?s={search_term_string}\"},\"query-input\":{\"@type\":\"PropertyValueSpecification\",\"valueRequired\":true,\"valueName\":\"search_term_string\"}}],\"inLanguage\":\"es-CO\"},{\"@type\":\"Organization\",\"@id\":\"https:\/\/www.ucatolica.edu.co\/portal\/#organization\",\"name\":\"Universidad Cat\u00f3lica de Colombia\",\"url\":\"https:\/\/www.ucatolica.edu.co\/portal\/\",\"logo\":{\"@type\":\"ImageObject\",\"inLanguage\":\"es-CO\",\"@id\":\"https:\/\/www.ucatolica.edu.co\/portal\/#\/schema\/logo\/image\/\",\"url\":\"https:\/\/www.ucatolica.edu.co\/portal\/wp-content\/uploads\/2021\/06\/logo-header-ho-1.svg\",\"contentUrl\":\"https:\/\/www.ucatolica.edu.co\/portal\/wp-content\/uploads\/2021\/06\/logo-header-ho-1.svg\",\"width\":1,\"height\":1,\"caption\":\"Universidad Cat\u00f3lica de Colombia\"},\"image\":{\"@id\":\"https:\/\/www.ucatolica.edu.co\/portal\/#\/schema\/logo\/image\/\"},\"sameAs\":[\"https:\/\/www.facebook.com\/ucatolicacolombia\",\"https:\/\/x.com\/UCatolicaCol\",\"https:\/\/www.instagram.com\/universidadcatolicadecolombia\/\",\"https:\/\/www.linkedin.com\/company\/universidadcatolicadecolombia\/\",\"https:\/\/www.youtube.com\/user\/UCatolicaCo\"]}]}<\/script>\n<!-- \/ Yoast SEO plugin. -->","yoast_head_json":{"title":"XI Jornada de Investigaci\u00f3n - Universidad Cat\u00f3lica De Colombia","robots":{"index":"index","follow":"follow","max-snippet":"max-snippet:-1","max-image-preview":"max-image-preview:large","max-video-preview":"max-video-preview:-1"},"canonical":"https:\/\/www.ucatolica.edu.co\/portal\/xi-jornada-de-investigacion\/","og_locale":"es_ES","og_type":"article","og_title":"XI Jornada de Investigaci\u00f3n - Universidad Cat\u00f3lica De Colombia","og_description":"XIJornada deInvestigaci\u00f3n 2020Universidad Cat\u00f3lica de Colombia Exhibici\u00f3n de P\u00f3sters En el marco de la XI Jornada de Investigaci\u00f3n 2020, se llevar\u00e1 a cabo la sesi\u00f3n de Socializaci\u00f3n de p\u00f3ster que fueron presentados por estudiantes internos y externos a nuestra Instituci\u00f3n, el 17 de septiembre de 2020 entre las 2:00 pm y 4:00 pm. A continuaci\u00f3n [&hellip;]","og_url":"https:\/\/www.ucatolica.edu.co\/portal\/xi-jornada-de-investigacion\/","og_site_name":"Universidad Cat\u00f3lica De Colombia","article_publisher":"https:\/\/www.facebook.com\/ucatolicacolombia","og_image":[{"url":"https:\/\/www.ucatolica.edu.co\/portal\/wp-content\/themes\/ucatolica\/img\/assets\/logo-header-ho.svg","type":"","width":"","height":""}],"twitter_card":"summary_large_image","twitter_site":"@UCatolicaCol","twitter_misc":{"Tiempo de lectura":"13 minutos"},"schema":{"@context":"https:\/\/schema.org","@graph":[{"@type":"WebPage","@id":"https:\/\/www.ucatolica.edu.co\/portal\/xi-jornada-de-investigacion\/","url":"https:\/\/www.ucatolica.edu.co\/portal\/xi-jornada-de-investigacion\/","name":"XI Jornada de Investigaci\u00f3n - Universidad Cat\u00f3lica De Colombia","isPartOf":{"@id":"https:\/\/www.ucatolica.edu.co\/portal\/#website"},"primaryImageOfPage":{"@id":"https:\/\/www.ucatolica.edu.co\/portal\/xi-jornada-de-investigacion\/#primaryimage"},"image":{"@id":"https:\/\/www.ucatolica.edu.co\/portal\/xi-jornada-de-investigacion\/#primaryimage"},"thumbnailUrl":"https:\/\/www.ucatolica.edu.co\/portal\/wp-content\/themes\/ucatolica\/img\/assets\/logo-header-ho.svg","datePublished":"2021-04-26T22:32:41+00:00","breadcrumb":{"@id":"https:\/\/www.ucatolica.edu.co\/portal\/xi-jornada-de-investigacion\/#breadcrumb"},"inLanguage":"es-CO","potentialAction":[{"@type":"ReadAction","target":["https:\/\/www.ucatolica.edu.co\/portal\/xi-jornada-de-investigacion\/"]}]},{"@type":"ImageObject","inLanguage":"es-CO","@id":"https:\/\/www.ucatolica.edu.co\/portal\/xi-jornada-de-investigacion\/#primaryimage","url":"https:\/\/www.ucatolica.edu.co\/portal\/wp-content\/themes\/ucatolica\/img\/assets\/logo-header-ho.svg","contentUrl":"https:\/\/www.ucatolica.edu.co\/portal\/wp-content\/themes\/ucatolica\/img\/assets\/logo-header-ho.svg"},{"@type":"BreadcrumbList","@id":"https:\/\/www.ucatolica.edu.co\/portal\/xi-jornada-de-investigacion\/#breadcrumb","itemListElement":[{"@type":"ListItem","position":1,"name":"Inicio","item":"https:\/\/www.ucatolica.edu.co\/portal\/"},{"@type":"ListItem","position":2,"name":"XI Jornada de Investigaci\u00f3n"}]},{"@type":"WebSite","@id":"https:\/\/www.ucatolica.edu.co\/portal\/#website","url":"https:\/\/www.ucatolica.edu.co\/portal\/","name":"Universidad Cat\u00f3lica De Colombia","description":"Universidad Cat\u00f3lica De Colombia","publisher":{"@id":"https:\/\/www.ucatolica.edu.co\/portal\/#organization"},"potentialAction":[{"@type":"SearchAction","target":{"@type":"EntryPoint","urlTemplate":"https:\/\/www.ucatolica.edu.co\/portal\/?s={search_term_string}"},"query-input":{"@type":"PropertyValueSpecification","valueRequired":true,"valueName":"search_term_string"}}],"inLanguage":"es-CO"},{"@type":"Organization","@id":"https:\/\/www.ucatolica.edu.co\/portal\/#organization","name":"Universidad Cat\u00f3lica de Colombia","url":"https:\/\/www.ucatolica.edu.co\/portal\/","logo":{"@type":"ImageObject","inLanguage":"es-CO","@id":"https:\/\/www.ucatolica.edu.co\/portal\/#\/schema\/logo\/image\/","url":"https:\/\/www.ucatolica.edu.co\/portal\/wp-content\/uploads\/2021\/06\/logo-header-ho-1.svg","contentUrl":"https:\/\/www.ucatolica.edu.co\/portal\/wp-content\/uploads\/2021\/06\/logo-header-ho-1.svg","width":1,"height":1,"caption":"Universidad Cat\u00f3lica de Colombia"},"image":{"@id":"https:\/\/www.ucatolica.edu.co\/portal\/#\/schema\/logo\/image\/"},"sameAs":["https:\/\/www.facebook.com\/ucatolicacolombia","https:\/\/x.com\/UCatolicaCol","https:\/\/www.instagram.com\/universidadcatolicadecolombia\/","https:\/\/www.linkedin.com\/company\/universidadcatolicadecolombia\/","https:\/\/www.youtube.com\/user\/UCatolicaCo"]}]}},"coauthors":[],"author_meta":{"author_link":"https:\/\/www.ucatolica.edu.co\/portal\/author\/carrnall\/","display_name":"Carlos Zea"},"relative_dates":{"created":"Posted 5 a\u00f1os ago","modified":"Updated 5 a\u00f1os ago"},"absolute_dates":{"created":"Posted on 26 abril, 2021","modified":"Updated on 26 abril, 2021"},"absolute_dates_time":{"created":"Posted on 26 abril, 2021 5:32 pm","modified":"Updated on 26 abril, 2021 5:32 pm"},"featured_img_caption":"","featured_img":false,"series_order":"","_links":{"self":[{"href":"https:\/\/www.ucatolica.edu.co\/portal\/wp-json\/wp\/v2\/pages\/37039","targetHints":{"allow":["GET"]}}],"collection":[{"href":"https:\/\/www.ucatolica.edu.co\/portal\/wp-json\/wp\/v2\/pages"}],"about":[{"href":"https:\/\/www.ucatolica.edu.co\/portal\/wp-json\/wp\/v2\/types\/page"}],"author":[{"embeddable":true,"href":"https:\/\/www.ucatolica.edu.co\/portal\/wp-json\/wp\/v2\/users\/2"}],"replies":[{"embeddable":true,"href":"https:\/\/www.ucatolica.edu.co\/portal\/wp-json\/wp\/v2\/comments?post=37039"}],"version-history":[{"count":0,"href":"https:\/\/www.ucatolica.edu.co\/portal\/wp-json\/wp\/v2\/pages\/37039\/revisions"}],"wp:attachment":[{"href":"https:\/\/www.ucatolica.edu.co\/portal\/wp-json\/wp\/v2\/media?parent=37039"}],"curies":[{"name":"wp","href":"https:\/\/api.w.org\/{rel}","templated":true}]}}