{"id":5089,"date":"2018-11-09T11:54:29","date_gmt":"2018-11-09T16:54:29","guid":{"rendered":"http:\/\/172.24.1.191:8888\/portal\/?page_id=5089"},"modified":"2025-03-22T12:04:21","modified_gmt":"2025-03-22T17:04:21","slug":"encuentro-de-relaca","status":"publish","type":"page","link":"https:\/\/www.ucatolica.edu.co\/portal\/encuentro-de-relaca\/","title":{"rendered":"Encuentro de ReLaCa"},"content":{"rendered":"<h2>Encuentro de ReLaCa<\/h2>\n\n\n<p>El Encuentro de ReLaCa, la Red Latinoamericana y del Caribe del Espacio es un foro de cooperaci\u00f3n regional que busca fortalecer la colaboraci\u00f3n en materia espacial entre los pa\u00edses de la regi\u00f3n. Su funci\u00f3n principal es fomentar el intercambio de conocimientos, promover proyectos conjuntos en exploraci\u00f3n y tecnolog\u00eda espacial, y consolidar una visi\u00f3n estrat\u00e9gica com\u00fan para el desarrollo espacial en Am\u00e9rica Latina y el Caribe. A trav\u00e9s de este espacio, se impulsan iniciativas en telecomunicaciones, observaci\u00f3n de la Tierra y acceso al espacio, con el objetivo de potenciar el crecimiento cient\u00edfico, tecnol\u00f3gico y econ\u00f3mico de la regi\u00f3n.<\/p>\n\n\n\n<p>Como todos los a\u00f1os, este encuentro se realizar\u00e1 en conjunto con el Lachs Moot Court los d\u00edas 15 y 16 de mayo en Bogot\u00e1, Colombia. En esta ocasi\u00f3n contaremos con 3 mesas de trabajo:&nbsp; Derecho y pol\u00edtica espacial; educaci\u00f3n, ciencia y tecnolog\u00eda; y econom\u00eda, innovaci\u00f3n y empresa.&nbsp; El plazo para el env\u00edo de abstracts al correo relaca2025@ucatolica.edu.co es hasta el 31 de marzo de 2025.<\/p>\n\n\n\n<ul class=\"wp-block-list\">\n<li><a href=\"https:\/\/www.ucatolica.edu.co\/portal\/wp-content\/uploads\/2025\/03\/Call-for-papers-IX-Encuentro-RELACA-2025.pdf\" target=\"_blank\" rel=\"noreferrer noopener\">X Encuentro Internacional de la Red Latinoamericana y del Caribe del Espacio<\/a><\/li>\n\n\n\n<li><a href=\"https:\/\/www.ucatolica.edu.co\/portal\/wp-content\/uploads\/2025\/03\/ENG_Call-for-papers-IX-Encuentro-RELACA-2025.pdf\" target=\"_blank\" rel=\"noreferrer noopener\">X Latin American and Caribbean Space Network International Meeting<\/a><\/li>\n<\/ul>\n\n\n\n<figure class=\"wp-block-image size-full\"><img fetchpriority=\"high\" decoding=\"async\" width=\"930\" height=\"1202\" src=\"https:\/\/www.ucatolica.edu.co\/portal\/wp-content\/uploads\/2025\/03\/Relaca-2025-poster.jpg\" alt=\"\" class=\"wp-image-116415\"\/><\/figure>\n","protected":false},"excerpt":{"rendered":"<p>Encuentro de ReLaCa El Encuentro de ReLaCa, la Red Latinoamericana y del Caribe del Espacio es un foro de cooperaci\u00f3n regional que busca fortalecer la colaboraci\u00f3n en materia espacial entre los pa\u00edses de la regi\u00f3n. Su funci\u00f3n principal es fomentar el intercambio de conocimientos, promover proyectos conjuntos en exploraci\u00f3n y tecnolog\u00eda espacial, y consolidar una [&hellip;]<\/p>\n","protected":false},"author":2,"featured_media":0,"parent":0,"menu_order":0,"comment_status":"closed","ping_status":"closed","template":"page-oldstyle.php","meta":{"_acf_changed":false,"advgb_blocks_editor_width":"","advgb_blocks_columns_visual_guide":"","footnotes":""},"class_list":["post-5089","page","type-page","status-publish","hentry"],"acf":[],"yoast_head":"<!-- This site is optimized with the Yoast SEO plugin v26.7 - https:\/\/yoast.com\/wordpress\/plugins\/seo\/ -->\n<title>Encuentro de ReLaCa - Universidad Cat\u00f3lica De Colombia<\/title>\n<meta name=\"robots\" content=\"index, follow, max-snippet:-1, max-image-preview:large, max-video-preview:-1\" \/>\n<link rel=\"canonical\" href=\"https:\/\/www.ucatolica.edu.co\/portal\/encuentro-de-relaca\/\" \/>\n<meta property=\"og:locale\" content=\"es_ES\" \/>\n<meta property=\"og:type\" content=\"article\" \/>\n<meta property=\"og:title\" content=\"Encuentro de ReLaCa - Universidad Cat\u00f3lica De Colombia\" \/>\n<meta property=\"og:description\" content=\"Encuentro de ReLaCa El Encuentro de ReLaCa, la Red Latinoamericana y del Caribe del Espacio es un foro de cooperaci\u00f3n regional que busca fortalecer la colaboraci\u00f3n en materia espacial entre los pa\u00edses de la regi\u00f3n. Su funci\u00f3n principal es fomentar el intercambio de conocimientos, promover proyectos conjuntos en exploraci\u00f3n y tecnolog\u00eda espacial, y consolidar una [&hellip;]\" \/>\n<meta property=\"og:url\" content=\"https:\/\/www.ucatolica.edu.co\/portal\/encuentro-de-relaca\/\" \/>\n<meta property=\"og:site_name\" content=\"Universidad Cat\u00f3lica De Colombia\" \/>\n<meta property=\"article:publisher\" content=\"https:\/\/www.facebook.com\/ucatolicacolombia\" \/>\n<meta property=\"article:modified_time\" content=\"2025-03-22T17:04:21+00:00\" \/>\n<meta property=\"og:image\" content=\"https:\/\/www.ucatolica.edu.co\/portal\/wp-content\/uploads\/2025\/03\/Relaca-2025-poster.jpg\" \/>\n<meta name=\"twitter:card\" content=\"summary_large_image\" \/>\n<meta name=\"twitter:site\" content=\"@UCatolicaCol\" \/>\n<meta name=\"twitter:label1\" content=\"Tiempo de lectura\" \/>\n\t<meta name=\"twitter:data1\" content=\"1 minuto\" \/>\n<script type=\"application\/ld+json\" class=\"yoast-schema-graph\">{\"@context\":\"https:\/\/schema.org\",\"@graph\":[{\"@type\":\"WebPage\",\"@id\":\"https:\/\/www.ucatolica.edu.co\/portal\/encuentro-de-relaca\/\",\"url\":\"https:\/\/www.ucatolica.edu.co\/portal\/encuentro-de-relaca\/\",\"name\":\"Encuentro de ReLaCa - Universidad Cat\u00f3lica De Colombia\",\"isPartOf\":{\"@id\":\"https:\/\/www.ucatolica.edu.co\/portal\/#website\"},\"primaryImageOfPage\":{\"@id\":\"https:\/\/www.ucatolica.edu.co\/portal\/encuentro-de-relaca\/#primaryimage\"},\"image\":{\"@id\":\"https:\/\/www.ucatolica.edu.co\/portal\/encuentro-de-relaca\/#primaryimage\"},\"thumbnailUrl\":\"https:\/\/www.ucatolica.edu.co\/portal\/wp-content\/uploads\/2025\/03\/Relaca-2025-poster.jpg\",\"datePublished\":\"2018-11-09T16:54:29+00:00\",\"dateModified\":\"2025-03-22T17:04:21+00:00\",\"breadcrumb\":{\"@id\":\"https:\/\/www.ucatolica.edu.co\/portal\/encuentro-de-relaca\/#breadcrumb\"},\"inLanguage\":\"es-CO\",\"potentialAction\":[{\"@type\":\"ReadAction\",\"target\":[\"https:\/\/www.ucatolica.edu.co\/portal\/encuentro-de-relaca\/\"]}]},{\"@type\":\"ImageObject\",\"inLanguage\":\"es-CO\",\"@id\":\"https:\/\/www.ucatolica.edu.co\/portal\/encuentro-de-relaca\/#primaryimage\",\"url\":\"https:\/\/www.ucatolica.edu.co\/portal\/wp-content\/uploads\/2025\/03\/Relaca-2025-poster.jpg\",\"contentUrl\":\"https:\/\/www.ucatolica.edu.co\/portal\/wp-content\/uploads\/2025\/03\/Relaca-2025-poster.jpg\",\"width\":930,\"height\":1202,\"caption\":\"Relaca\"},{\"@type\":\"BreadcrumbList\",\"@id\":\"https:\/\/www.ucatolica.edu.co\/portal\/encuentro-de-relaca\/#breadcrumb\",\"itemListElement\":[{\"@type\":\"ListItem\",\"position\":1,\"name\":\"Inicio\",\"item\":\"https:\/\/www.ucatolica.edu.co\/portal\/\"},{\"@type\":\"ListItem\",\"position\":2,\"name\":\"Encuentro de ReLaCa\"}]},{\"@type\":\"WebSite\",\"@id\":\"https:\/\/www.ucatolica.edu.co\/portal\/#website\",\"url\":\"https:\/\/www.ucatolica.edu.co\/portal\/\",\"name\":\"Universidad Cat\u00f3lica De Colombia\",\"description\":\"Universidad Cat\u00f3lica De Colombia\",\"publisher\":{\"@id\":\"https:\/\/www.ucatolica.edu.co\/portal\/#organization\"},\"potentialAction\":[{\"@type\":\"SearchAction\",\"target\":{\"@type\":\"EntryPoint\",\"urlTemplate\":\"https:\/\/www.ucatolica.edu.co\/portal\/?s={search_term_string}\"},\"query-input\":{\"@type\":\"PropertyValueSpecification\",\"valueRequired\":true,\"valueName\":\"search_term_string\"}}],\"inLanguage\":\"es-CO\"},{\"@type\":\"Organization\",\"@id\":\"https:\/\/www.ucatolica.edu.co\/portal\/#organization\",\"name\":\"Universidad Cat\u00f3lica de Colombia\",\"url\":\"https:\/\/www.ucatolica.edu.co\/portal\/\",\"logo\":{\"@type\":\"ImageObject\",\"inLanguage\":\"es-CO\",\"@id\":\"https:\/\/www.ucatolica.edu.co\/portal\/#\/schema\/logo\/image\/\",\"url\":\"https:\/\/www.ucatolica.edu.co\/portal\/wp-content\/uploads\/2021\/06\/logo-header-ho-1.svg\",\"contentUrl\":\"https:\/\/www.ucatolica.edu.co\/portal\/wp-content\/uploads\/2021\/06\/logo-header-ho-1.svg\",\"width\":1,\"height\":1,\"caption\":\"Universidad Cat\u00f3lica de Colombia\"},\"image\":{\"@id\":\"https:\/\/www.ucatolica.edu.co\/portal\/#\/schema\/logo\/image\/\"},\"sameAs\":[\"https:\/\/www.facebook.com\/ucatolicacolombia\",\"https:\/\/x.com\/UCatolicaCol\",\"https:\/\/www.instagram.com\/universidadcatolicadecolombia\/\",\"https:\/\/www.linkedin.com\/company\/universidadcatolicadecolombia\/\",\"https:\/\/www.youtube.com\/user\/UCatolicaCo\"]}]}<\/script>\n<!-- \/ Yoast SEO plugin. -->","yoast_head_json":{"title":"Encuentro de ReLaCa - Universidad Cat\u00f3lica De Colombia","robots":{"index":"index","follow":"follow","max-snippet":"max-snippet:-1","max-image-preview":"max-image-preview:large","max-video-preview":"max-video-preview:-1"},"canonical":"https:\/\/www.ucatolica.edu.co\/portal\/encuentro-de-relaca\/","og_locale":"es_ES","og_type":"article","og_title":"Encuentro de ReLaCa - Universidad Cat\u00f3lica De Colombia","og_description":"Encuentro de ReLaCa El Encuentro de ReLaCa, la Red Latinoamericana y del Caribe del Espacio es un foro de cooperaci\u00f3n regional que busca fortalecer la colaboraci\u00f3n en materia espacial entre los pa\u00edses de la regi\u00f3n. Su funci\u00f3n principal es fomentar el intercambio de conocimientos, promover proyectos conjuntos en exploraci\u00f3n y tecnolog\u00eda espacial, y consolidar una [&hellip;]","og_url":"https:\/\/www.ucatolica.edu.co\/portal\/encuentro-de-relaca\/","og_site_name":"Universidad Cat\u00f3lica De Colombia","article_publisher":"https:\/\/www.facebook.com\/ucatolicacolombia","article_modified_time":"2025-03-22T17:04:21+00:00","og_image":[{"url":"https:\/\/www.ucatolica.edu.co\/portal\/wp-content\/uploads\/2025\/03\/Relaca-2025-poster.jpg","type":"","width":"","height":""}],"twitter_card":"summary_large_image","twitter_site":"@UCatolicaCol","twitter_misc":{"Tiempo de lectura":"1 minuto"},"schema":{"@context":"https:\/\/schema.org","@graph":[{"@type":"WebPage","@id":"https:\/\/www.ucatolica.edu.co\/portal\/encuentro-de-relaca\/","url":"https:\/\/www.ucatolica.edu.co\/portal\/encuentro-de-relaca\/","name":"Encuentro de ReLaCa - Universidad Cat\u00f3lica De Colombia","isPartOf":{"@id":"https:\/\/www.ucatolica.edu.co\/portal\/#website"},"primaryImageOfPage":{"@id":"https:\/\/www.ucatolica.edu.co\/portal\/encuentro-de-relaca\/#primaryimage"},"image":{"@id":"https:\/\/www.ucatolica.edu.co\/portal\/encuentro-de-relaca\/#primaryimage"},"thumbnailUrl":"https:\/\/www.ucatolica.edu.co\/portal\/wp-content\/uploads\/2025\/03\/Relaca-2025-poster.jpg","datePublished":"2018-11-09T16:54:29+00:00","dateModified":"2025-03-22T17:04:21+00:00","breadcrumb":{"@id":"https:\/\/www.ucatolica.edu.co\/portal\/encuentro-de-relaca\/#breadcrumb"},"inLanguage":"es-CO","potentialAction":[{"@type":"ReadAction","target":["https:\/\/www.ucatolica.edu.co\/portal\/encuentro-de-relaca\/"]}]},{"@type":"ImageObject","inLanguage":"es-CO","@id":"https:\/\/www.ucatolica.edu.co\/portal\/encuentro-de-relaca\/#primaryimage","url":"https:\/\/www.ucatolica.edu.co\/portal\/wp-content\/uploads\/2025\/03\/Relaca-2025-poster.jpg","contentUrl":"https:\/\/www.ucatolica.edu.co\/portal\/wp-content\/uploads\/2025\/03\/Relaca-2025-poster.jpg","width":930,"height":1202,"caption":"Relaca"},{"@type":"BreadcrumbList","@id":"https:\/\/www.ucatolica.edu.co\/portal\/encuentro-de-relaca\/#breadcrumb","itemListElement":[{"@type":"ListItem","position":1,"name":"Inicio","item":"https:\/\/www.ucatolica.edu.co\/portal\/"},{"@type":"ListItem","position":2,"name":"Encuentro de ReLaCa"}]},{"@type":"WebSite","@id":"https:\/\/www.ucatolica.edu.co\/portal\/#website","url":"https:\/\/www.ucatolica.edu.co\/portal\/","name":"Universidad Cat\u00f3lica De Colombia","description":"Universidad Cat\u00f3lica De Colombia","publisher":{"@id":"https:\/\/www.ucatolica.edu.co\/portal\/#organization"},"potentialAction":[{"@type":"SearchAction","target":{"@type":"EntryPoint","urlTemplate":"https:\/\/www.ucatolica.edu.co\/portal\/?s={search_term_string}"},"query-input":{"@type":"PropertyValueSpecification","valueRequired":true,"valueName":"search_term_string"}}],"inLanguage":"es-CO"},{"@type":"Organization","@id":"https:\/\/www.ucatolica.edu.co\/portal\/#organization","name":"Universidad Cat\u00f3lica de Colombia","url":"https:\/\/www.ucatolica.edu.co\/portal\/","logo":{"@type":"ImageObject","inLanguage":"es-CO","@id":"https:\/\/www.ucatolica.edu.co\/portal\/#\/schema\/logo\/image\/","url":"https:\/\/www.ucatolica.edu.co\/portal\/wp-content\/uploads\/2021\/06\/logo-header-ho-1.svg","contentUrl":"https:\/\/www.ucatolica.edu.co\/portal\/wp-content\/uploads\/2021\/06\/logo-header-ho-1.svg","width":1,"height":1,"caption":"Universidad Cat\u00f3lica de Colombia"},"image":{"@id":"https:\/\/www.ucatolica.edu.co\/portal\/#\/schema\/logo\/image\/"},"sameAs":["https:\/\/www.facebook.com\/ucatolicacolombia","https:\/\/x.com\/UCatolicaCol","https:\/\/www.instagram.com\/universidadcatolicadecolombia\/","https:\/\/www.linkedin.com\/company\/universidadcatolicadecolombia\/","https:\/\/www.youtube.com\/user\/UCatolicaCo"]}]}},"coauthors":[],"author_meta":{"author_link":"https:\/\/www.ucatolica.edu.co\/portal\/author\/carrnall\/","display_name":"Carlos Zea"},"relative_dates":{"created":"Posted 7 a\u00f1os ago","modified":"Updated 1 a\u00f1o ago"},"absolute_dates":{"created":"Posted on 9 noviembre, 2018","modified":"Updated on 22 marzo, 2025"},"absolute_dates_time":{"created":"Posted on 9 noviembre, 2018 11:54 am","modified":"Updated on 22 marzo, 2025 12:04 pm"},"featured_img_caption":"","featured_img":false,"series_order":"","_links":{"self":[{"href":"https:\/\/www.ucatolica.edu.co\/portal\/wp-json\/wp\/v2\/pages\/5089","targetHints":{"allow":["GET"]}}],"collection":[{"href":"https:\/\/www.ucatolica.edu.co\/portal\/wp-json\/wp\/v2\/pages"}],"about":[{"href":"https:\/\/www.ucatolica.edu.co\/portal\/wp-json\/wp\/v2\/types\/page"}],"author":[{"embeddable":true,"href":"https:\/\/www.ucatolica.edu.co\/portal\/wp-json\/wp\/v2\/users\/2"}],"replies":[{"embeddable":true,"href":"https:\/\/www.ucatolica.edu.co\/portal\/wp-json\/wp\/v2\/comments?post=5089"}],"version-history":[{"count":8,"href":"https:\/\/www.ucatolica.edu.co\/portal\/wp-json\/wp\/v2\/pages\/5089\/revisions"}],"predecessor-version":[{"id":116419,"href":"https:\/\/www.ucatolica.edu.co\/portal\/wp-json\/wp\/v2\/pages\/5089\/revisions\/116419"}],"wp:attachment":[{"href":"https:\/\/www.ucatolica.edu.co\/portal\/wp-json\/wp\/v2\/media?parent=5089"}],"curies":[{"name":"wp","href":"https:\/\/api.w.org\/{rel}","templated":true}]}}