{"id":65115,"date":"2021-09-22T14:52:21","date_gmt":"2021-09-22T19:52:21","guid":{"rendered":"https:\/\/www.ucatolica.edu.co\/portal\/?page_id=65115"},"modified":"2021-09-22T17:43:01","modified_gmt":"2021-09-22T22:43:01","slug":"noticias","status":"publish","type":"page","link":"https:\/\/www.ucatolica.edu.co\/portal\/noticias\/","title":{"rendered":"Noticias"},"content":{"rendered":"\t\t<div data-elementor-type=\"wp-page\" data-elementor-id=\"65115\" class=\"elementor elementor-65115\" data-elementor-post-type=\"page\">\n\t\t\t\t\t\t<section class=\"elementor-section elementor-top-section elementor-element elementor-element-f088393 elementor-section-boxed elementor-section-height-default elementor-section-height-default\" data-id=\"f088393\" data-element_type=\"section\" data-e-type=\"section\">\n\t\t\t\t\t\t<div class=\"elementor-container elementor-column-gap-default\">\n\t\t\t\t\t<div class=\"elementor-column elementor-col-100 elementor-top-column elementor-element elementor-element-cafacbc\" data-id=\"cafacbc\" data-element_type=\"column\" data-e-type=\"column\">\n\t\t\t<div class=\"elementor-widget-wrap elementor-element-populated\">\n\t\t\t\t\t\t<div class=\"elementor-element elementor-element-2df3202 elementor-grid-4 elementor-posts--align-left elementor-grid-tablet-2 elementor-grid-mobile-1 elementor-posts--thumbnail-top elementor-widget elementor-widget-posts\" data-id=\"2df3202\" data-element_type=\"widget\" data-e-type=\"widget\" data-settings=\"{&quot;classic_columns&quot;:&quot;4&quot;,&quot;classic_row_gap&quot;:{&quot;unit&quot;:&quot;px&quot;,&quot;size&quot;:21,&quot;sizes&quot;:[]},&quot;pagination_type&quot;:&quot;numbers&quot;,&quot;classic_columns_tablet&quot;:&quot;2&quot;,&quot;classic_columns_mobile&quot;:&quot;1&quot;,&quot;classic_row_gap_tablet&quot;:{&quot;unit&quot;:&quot;px&quot;,&quot;size&quot;:&quot;&quot;,&quot;sizes&quot;:[]},&quot;classic_row_gap_mobile&quot;:{&quot;unit&quot;:&quot;px&quot;,&quot;size&quot;:&quot;&quot;,&quot;sizes&quot;:[]}}\" data-widget_type=\"posts.classic\">\n\t\t\t\t<div class=\"elementor-widget-container\">\n\t\t\t\t\t\t\t<div class=\"elementor-posts-container elementor-posts elementor-posts--skin-classic elementor-grid\" role=\"list\">\n\t\t\t\t<article class=\"elementor-post elementor-grid-item post-133083 post type-post status-publish format-standard has-post-thumbnail hentry category-noticias-principales\" role=\"listitem\">\n\t\t\t\t<a class=\"elementor-post__thumbnail__link\" href=\"https:\/\/www.ucatolica.edu.co\/portal\/estudiantes-del-colegio-san-benito-de-sibate-vivieron-una-jornada-de-inmersion-en-la-universidad-catolica-de-colombia\/\" tabindex=\"-1\" target=&quot;_blank&quot;>\n\t\t\t<div class=\"elementor-post__thumbnail\"><img fetchpriority=\"high\" decoding=\"async\" width=\"870\" height=\"522\" src=\"https:\/\/www.ucatolica.edu.co\/portal\/wp-content\/uploads\/2026\/04\/3-4.jpg\" class=\"attachment-full size-full wp-image-133085\" alt=\"Estudiantes en los laboratorios\" srcset=\"https:\/\/www.ucatolica.edu.co\/portal\/wp-content\/uploads\/2026\/04\/3-4.jpg 870w, https:\/\/www.ucatolica.edu.co\/portal\/wp-content\/uploads\/2026\/04\/3-4-768x461.jpg 768w\" sizes=\"(max-width: 870px) 100vw, 870px\" \/><\/div>\n\t\t<\/a>\n\t\t\t\t<div class=\"elementor-post__text\">\n\t\t\t\t<h3 class=\"elementor-post__title\">\n\t\t\t<a href=\"https:\/\/www.ucatolica.edu.co\/portal\/estudiantes-del-colegio-san-benito-de-sibate-vivieron-una-jornada-de-inmersion-en-la-universidad-catolica-de-colombia\/\" target=&quot;_blank&quot;>\n\t\t\t\tEstudiantes del Colegio San Benito de Sibat\u00e9 vivieron una jornada de inmersi\u00f3n en la Universidad Cat\u00f3lica de Colombia\t\t\t<\/a>\n\t\t<\/h3>\n\t\t\t\t<div class=\"elementor-post__meta-data\">\n\t\t\t\t\t<span class=\"elementor-post-date\">\n\t\t\t28 abril, 2026\t\t<\/span>\n\t\t\t\t<\/div>\n\t\t\t\t<div class=\"elementor-post__excerpt\">\n\t\t\t<p>Estudiantes de grado und\u00e9cimo del Colegio San Benito de Sibat\u00e9 participaron en una jornada acad\u00e9mica<\/p>\n\t\t<\/div>\n\t\t\t\t<\/div>\n\t\t\t\t<\/article>\n\t\t\t\t<article class=\"elementor-post elementor-grid-item post-133240 post type-post status-publish format-standard has-post-thumbnail hentry category-facultad-de-ingenieria category-noticias-principales tag-analitica-de-datos tag-data tag-decisiones tag-ingenieria-industrial tag-sostenibilidad tag-transformacion-digital\" role=\"listitem\">\n\t\t\t\t<a class=\"elementor-post__thumbnail__link\" href=\"https:\/\/www.ucatolica.edu.co\/portal\/por-que-estudiar-ingenieria-industrial-en-la-era-digital-y-como-impulsa-decisiones-con-analitica-de-datos\/\" tabindex=\"-1\" target=&quot;_blank&quot;>\n\t\t\t<div class=\"elementor-post__thumbnail\"><img decoding=\"async\" width=\"870\" height=\"522\" src=\"https:\/\/www.ucatolica.edu.co\/portal\/wp-content\/uploads\/2026\/04\/Ing-Industrial.jpg\" class=\"attachment-full size-full wp-image-133241\" alt=\"\" srcset=\"https:\/\/www.ucatolica.edu.co\/portal\/wp-content\/uploads\/2026\/04\/Ing-Industrial.jpg 870w, https:\/\/www.ucatolica.edu.co\/portal\/wp-content\/uploads\/2026\/04\/Ing-Industrial-768x461.jpg 768w\" sizes=\"(max-width: 870px) 100vw, 870px\" \/><\/div>\n\t\t<\/a>\n\t\t\t\t<div class=\"elementor-post__text\">\n\t\t\t\t<h3 class=\"elementor-post__title\">\n\t\t\t<a href=\"https:\/\/www.ucatolica.edu.co\/portal\/por-que-estudiar-ingenieria-industrial-en-la-era-digital-y-como-impulsa-decisiones-con-analitica-de-datos\/\" target=&quot;_blank&quot;>\n\t\t\t\t\u00bfPor qu\u00e9 estudiar Ingenier\u00eda Industrial en la era digital y c\u00f3mo impulsa decisiones con anal\u00edtica de datos?\t\t\t<\/a>\n\t\t<\/h3>\n\t\t\t\t<div class=\"elementor-post__meta-data\">\n\t\t\t\t\t<span class=\"elementor-post-date\">\n\t\t\t28 abril, 2026\t\t<\/span>\n\t\t\t\t<\/div>\n\t\t\t\t<div class=\"elementor-post__excerpt\">\n\t\t\t<p>Hablar de Universidad Cat\u00f3lica de Colombia y de su programa de Ingenier\u00eda Industrial es hablar<\/p>\n\t\t<\/div>\n\t\t\t\t<\/div>\n\t\t\t\t<\/article>\n\t\t\t\t<article class=\"elementor-post elementor-grid-item post-133223 post type-post status-publish format-standard has-post-thumbnail hentry category-noticias-principales tag-diana-camila-garzon-velandia tag-editorial-universidad-catolica-de-colombia tag-facultad-de-psicologia tag-filbo2026 tag-laura-guarisco tag-match-politica tag-monika-contreras-saiz tag-novela-grafica tag-polarizacion-digital\" role=\"listitem\">\n\t\t\t\t<a class=\"elementor-post__thumbnail__link\" href=\"https:\/\/www.ucatolica.edu.co\/portal\/match-politica-amor-y-pantallas-el-exitoso-lanzamiento-de-la-primera-novela-grafica-de-la-universidad-catolica-de-colombia-en-la-filbo-2026\/\" tabindex=\"-1\" target=&quot;_blank&quot;>\n\t\t\t<div class=\"elementor-post__thumbnail\"><img decoding=\"async\" width=\"870\" height=\"522\" src=\"https:\/\/www.ucatolica.edu.co\/portal\/wp-content\/uploads\/2026\/04\/1.png\" class=\"attachment-full size-full wp-image-133227\" alt=\"\" srcset=\"https:\/\/www.ucatolica.edu.co\/portal\/wp-content\/uploads\/2026\/04\/1.png 870w, https:\/\/www.ucatolica.edu.co\/portal\/wp-content\/uploads\/2026\/04\/1-768x461.png 768w\" sizes=\"(max-width: 870px) 100vw, 870px\" \/><\/div>\n\t\t<\/a>\n\t\t\t\t<div class=\"elementor-post__text\">\n\t\t\t\t<h3 class=\"elementor-post__title\">\n\t\t\t<a href=\"https:\/\/www.ucatolica.edu.co\/portal\/match-politica-amor-y-pantallas-el-exitoso-lanzamiento-de-la-primera-novela-grafica-de-la-universidad-catolica-de-colombia-en-la-filbo-2026\/\" target=&quot;_blank&quot;>\n\t\t\t\tMatch: pol\u00edtica, amor y pantallas, el exitoso lanzamiento de la primera novela gr\u00e1fica de la Universidad Cat\u00f3lica de Colombia en la FILBo 2026\t\t\t<\/a>\n\t\t<\/h3>\n\t\t\t\t<div class=\"elementor-post__meta-data\">\n\t\t\t\t\t<span class=\"elementor-post-date\">\n\t\t\t27 abril, 2026\t\t<\/span>\n\t\t\t\t<\/div>\n\t\t\t\t<div class=\"elementor-post__excerpt\">\n\t\t\t<p>En el marco de la Feria Internacional del Libro de Bogot\u00e1 \u2013 FILBo 2026, la<\/p>\n\t\t<\/div>\n\t\t\t\t<\/div>\n\t\t\t\t<\/article>\n\t\t\t\t<article class=\"elementor-post elementor-grid-item post-132707 post type-post status-publish format-standard has-post-thumbnail hentry category-noticias-principales tag-internacinalizacion tag-movilidad tag-orii\" role=\"listitem\">\n\t\t\t\t<a class=\"elementor-post__thumbnail__link\" href=\"https:\/\/www.ucatolica.edu.co\/portal\/convocatoria-docente-movilidad-academica-en-el-marco-de-la-alianza-del-pacifico-2026\/\" tabindex=\"-1\" target=&quot;_blank&quot;>\n\t\t\t<div class=\"elementor-post__thumbnail\"><img loading=\"lazy\" decoding=\"async\" width=\"870\" height=\"522\" src=\"https:\/\/www.ucatolica.edu.co\/portal\/wp-content\/uploads\/2026\/04\/OP5821-AlianzaPacifico-Noticia.jpg\" class=\"attachment-full size-full wp-image-133216\" alt=\"\" srcset=\"https:\/\/www.ucatolica.edu.co\/portal\/wp-content\/uploads\/2026\/04\/OP5821-AlianzaPacifico-Noticia.jpg 870w, https:\/\/www.ucatolica.edu.co\/portal\/wp-content\/uploads\/2026\/04\/OP5821-AlianzaPacifico-Noticia-768x461.jpg 768w\" sizes=\"(max-width: 870px) 100vw, 870px\" \/><\/div>\n\t\t<\/a>\n\t\t\t\t<div class=\"elementor-post__text\">\n\t\t\t\t<h3 class=\"elementor-post__title\">\n\t\t\t<a href=\"https:\/\/www.ucatolica.edu.co\/portal\/convocatoria-docente-movilidad-academica-en-el-marco-de-la-alianza-del-pacifico-2026\/\" target=&quot;_blank&quot;>\n\t\t\t\tConvocatoria docente: movilidad acad\u00e9mica en el marco de la Alianza del Pac\u00edfico 2026\t\t\t<\/a>\n\t\t<\/h3>\n\t\t\t\t<div class=\"elementor-post__meta-data\">\n\t\t\t\t\t<span class=\"elementor-post-date\">\n\t\t\t27 abril, 2026\t\t<\/span>\n\t\t\t\t<\/div>\n\t\t\t\t<div class=\"elementor-post__excerpt\">\n\t\t\t<p>La Universidad Cat\u00f3lica de Colombia, a trav\u00e9s de la Oficina de Relaciones Internacionales e Interinstitucionales<\/p>\n\t\t<\/div>\n\t\t\t\t<\/div>\n\t\t\t\t<\/article>\n\t\t\t\t<article class=\"elementor-post elementor-grid-item post-133170 post type-post status-publish format-standard has-post-thumbnail hentry category-noticias-destacadas\" role=\"listitem\">\n\t\t\t\t<a class=\"elementor-post__thumbnail__link\" href=\"https:\/\/www.ucatolica.edu.co\/portal\/haz-parte-del-x-congreso-internacional-de-psicologia-aportes-para-el-bienestar-global\/\" tabindex=\"-1\" target=&quot;_blank&quot;>\n\t\t\t<div class=\"elementor-post__thumbnail\"><img loading=\"lazy\" decoding=\"async\" width=\"870\" height=\"522\" src=\"https:\/\/www.ucatolica.edu.co\/portal\/wp-content\/uploads\/2026\/04\/Imagen-Noticia-1.jpg\" class=\"attachment-full size-full wp-image-133178\" alt=\"\" srcset=\"https:\/\/www.ucatolica.edu.co\/portal\/wp-content\/uploads\/2026\/04\/Imagen-Noticia-1.jpg 870w, https:\/\/www.ucatolica.edu.co\/portal\/wp-content\/uploads\/2026\/04\/Imagen-Noticia-1-768x461.jpg 768w\" sizes=\"(max-width: 870px) 100vw, 870px\" \/><\/div>\n\t\t<\/a>\n\t\t\t\t<div class=\"elementor-post__text\">\n\t\t\t\t<h3 class=\"elementor-post__title\">\n\t\t\t<a href=\"https:\/\/www.ucatolica.edu.co\/portal\/haz-parte-del-x-congreso-internacional-de-psicologia-aportes-para-el-bienestar-global\/\" target=&quot;_blank&quot;>\n\t\t\t\tHaz parte del X Congreso Internacional de Psicolog\u00eda: aportes para el bienestar global\t\t\t<\/a>\n\t\t<\/h3>\n\t\t\t\t<div class=\"elementor-post__meta-data\">\n\t\t\t\t\t<span class=\"elementor-post-date\">\n\t\t\t24 abril, 2026\t\t<\/span>\n\t\t\t\t<\/div>\n\t\t\t\t<div class=\"elementor-post__excerpt\">\n\t\t\t<p>La Facultad de Psicolog\u00eda de la Universidad Cat\u00f3lica de Colombia invita a la comunidad acad\u00e9mica,<\/p>\n\t\t<\/div>\n\t\t\t\t<\/div>\n\t\t\t\t<\/article>\n\t\t\t\t<article class=\"elementor-post elementor-grid-item post-133143 post type-post status-publish format-standard has-post-thumbnail hentry category-facultad-de-ciencias-economicas-y-administrativas category-noticias-principales tag-economia tag-educacion tag-facultad-ciencias-economicas-y-administrativas\" role=\"listitem\">\n\t\t\t\t<a class=\"elementor-post__thumbnail__link\" href=\"https:\/\/www.ucatolica.edu.co\/portal\/argumentar-para-comprender-la-universidad-catolica-de-colombia-abre-espacio-al-debate-economico\/\" tabindex=\"-1\" target=&quot;_blank&quot;>\n\t\t\t<div class=\"elementor-post__thumbnail\"><img loading=\"lazy\" decoding=\"async\" width=\"870\" height=\"522\" src=\"https:\/\/www.ucatolica.edu.co\/portal\/wp-content\/uploads\/2026\/04\/tORNEO-DE-DEBATES-ECONOMICOS-UcatolicaCo.jpg\" class=\"attachment-full size-full wp-image-133165\" alt=\"\" srcset=\"https:\/\/www.ucatolica.edu.co\/portal\/wp-content\/uploads\/2026\/04\/tORNEO-DE-DEBATES-ECONOMICOS-UcatolicaCo.jpg 870w, https:\/\/www.ucatolica.edu.co\/portal\/wp-content\/uploads\/2026\/04\/tORNEO-DE-DEBATES-ECONOMICOS-UcatolicaCo-768x461.jpg 768w\" sizes=\"(max-width: 870px) 100vw, 870px\" \/><\/div>\n\t\t<\/a>\n\t\t\t\t<div class=\"elementor-post__text\">\n\t\t\t\t<h3 class=\"elementor-post__title\">\n\t\t\t<a href=\"https:\/\/www.ucatolica.edu.co\/portal\/argumentar-para-comprender-la-universidad-catolica-de-colombia-abre-espacio-al-debate-economico\/\" target=&quot;_blank&quot;>\n\t\t\t\tArgumentar para comprender: la Universidad Cat\u00f3lica de Colombia abre espacio al debate econ\u00f3mico\t\t\t<\/a>\n\t\t<\/h3>\n\t\t\t\t<div class=\"elementor-post__meta-data\">\n\t\t\t\t\t<span class=\"elementor-post-date\">\n\t\t\t24 abril, 2026\t\t<\/span>\n\t\t\t\t<\/div>\n\t\t\t\t<div class=\"elementor-post__excerpt\">\n\t\t\t<p>La Universidad Cat\u00f3lica de Colombia, a trav\u00e9s de la Facultad de Ciencias Econ\u00f3micas y Administrativas<\/p>\n\t\t<\/div>\n\t\t\t\t<\/div>\n\t\t\t\t<\/article>\n\t\t\t\t<article class=\"elementor-post elementor-grid-item post-133159 post type-post status-publish format-standard has-post-thumbnail hentry category-noticias-principales tag-arquitectura tag-ciudad tag-derecho tag-lanzamientos-editoriales tag-memoria tag-ucatolicacolenlafilbo2026\" role=\"listitem\">\n\t\t\t\t<a class=\"elementor-post__thumbnail__link\" href=\"https:\/\/www.ucatolica.edu.co\/portal\/filbo-2026-dos-lanzamientos-editoriales-que-abren-nuevas-conversaciones-sobre-el-derecho-la-ciudad-y-la-memoria\/\" tabindex=\"-1\" target=&quot;_blank&quot;>\n\t\t\t<div class=\"elementor-post__thumbnail\"><img loading=\"lazy\" decoding=\"async\" width=\"870\" height=\"522\" src=\"https:\/\/www.ucatolica.edu.co\/portal\/wp-content\/uploads\/2026\/04\/2-2.jpg\" class=\"attachment-full size-full wp-image-133156\" alt=\"\" srcset=\"https:\/\/www.ucatolica.edu.co\/portal\/wp-content\/uploads\/2026\/04\/2-2.jpg 870w, https:\/\/www.ucatolica.edu.co\/portal\/wp-content\/uploads\/2026\/04\/2-2-768x461.jpg 768w\" sizes=\"(max-width: 870px) 100vw, 870px\" \/><\/div>\n\t\t<\/a>\n\t\t\t\t<div class=\"elementor-post__text\">\n\t\t\t\t<h3 class=\"elementor-post__title\">\n\t\t\t<a href=\"https:\/\/www.ucatolica.edu.co\/portal\/filbo-2026-dos-lanzamientos-editoriales-que-abren-nuevas-conversaciones-sobre-el-derecho-la-ciudad-y-la-memoria\/\" target=&quot;_blank&quot;>\n\t\t\t\tFILBo 2026: dos lanzamientos editoriales que abren nuevas conversaciones sobre el derecho, la ciudad y la memoria\t\t\t<\/a>\n\t\t<\/h3>\n\t\t\t\t<div class=\"elementor-post__meta-data\">\n\t\t\t\t\t<span class=\"elementor-post-date\">\n\t\t\t24 abril, 2026\t\t<\/span>\n\t\t\t\t<\/div>\n\t\t\t\t<div class=\"elementor-post__excerpt\">\n\t\t\t<p>La participaci\u00f3n de la Universidad Cat\u00f3lica de Colombia en la Feria Internacional del Libro de<\/p>\n\t\t<\/div>\n\t\t\t\t<\/div>\n\t\t\t\t<\/article>\n\t\t\t\t<article class=\"elementor-post elementor-grid-item post-133081 post type-post status-publish format-standard has-post-thumbnail hentry category-noticias-principales tag-economia tag-facultad-ciencias-economicas-y-administrativas tag-internacionalizacion tag-jean-monnet tag-orii\" role=\"listitem\">\n\t\t\t\t<a class=\"elementor-post__thumbnail__link\" href=\"https:\/\/www.ucatolica.edu.co\/portal\/la-universidad-catolica-de-colombia-lanza-el-modulo-jean-monnet-sobre-integracion-entre-europa-y-america-latina\/\" tabindex=\"-1\" target=&quot;_blank&quot;>\n\t\t\t<div class=\"elementor-post__thumbnail\"><img loading=\"lazy\" decoding=\"async\" width=\"870\" height=\"522\" src=\"https:\/\/www.ucatolica.edu.co\/portal\/wp-content\/uploads\/2026\/04\/1-Universidad-Catolica-de-Colombia-lanza-el-modulo-Jean-Monnet.png\" class=\"attachment-full size-full wp-image-133101\" alt=\"\" srcset=\"https:\/\/www.ucatolica.edu.co\/portal\/wp-content\/uploads\/2026\/04\/1-Universidad-Catolica-de-Colombia-lanza-el-modulo-Jean-Monnet.png 870w, https:\/\/www.ucatolica.edu.co\/portal\/wp-content\/uploads\/2026\/04\/1-Universidad-Catolica-de-Colombia-lanza-el-modulo-Jean-Monnet-768x461.png 768w\" sizes=\"(max-width: 870px) 100vw, 870px\" \/><\/div>\n\t\t<\/a>\n\t\t\t\t<div class=\"elementor-post__text\">\n\t\t\t\t<h3 class=\"elementor-post__title\">\n\t\t\t<a href=\"https:\/\/www.ucatolica.edu.co\/portal\/la-universidad-catolica-de-colombia-lanza-el-modulo-jean-monnet-sobre-integracion-entre-europa-y-america-latina\/\" target=&quot;_blank&quot;>\n\t\t\t\tLa Universidad Cat\u00f3lica de Colombia lanza el m\u00f3dulo Jean Monnet sobre integraci\u00f3n entre Europa y Am\u00e9rica Latina\u00a0\t\t\t<\/a>\n\t\t<\/h3>\n\t\t\t\t<div class=\"elementor-post__meta-data\">\n\t\t\t\t\t<span class=\"elementor-post-date\">\n\t\t\t23 abril, 2026\t\t<\/span>\n\t\t\t\t<\/div>\n\t\t\t\t<div class=\"elementor-post__excerpt\">\n\t\t\t<p>La Universidad Cat\u00f3lica de Colombia realiz\u00f3 el lanzamiento del m\u00f3dulo Jean Monnet \u201cEuropean&nbsp;Union:&nbsp;Lessons&nbsp;on&nbsp;Political&nbsp;and&nbsp;Economic&nbsp;Integration&nbsp;from&nbsp;Europe&nbsp;in&nbsp;the&nbsp;20th Century&nbsp;for&nbsp;Latin&nbsp;America&nbsp;in&nbsp;the&nbsp;21st Century<\/p>\n\t\t<\/div>\n\t\t\t\t<\/div>\n\t\t\t\t<\/article>\n\t\t\t\t<article class=\"elementor-post elementor-grid-item post-133089 post type-post status-publish format-standard has-post-thumbnail hentry category-noticias-principales tag-extension-derecho tag-facultad-de-derecho tag-universidad-catolica-de-colombia\" role=\"listitem\">\n\t\t\t\t<a class=\"elementor-post__thumbnail__link\" href=\"https:\/\/www.ucatolica.edu.co\/portal\/movilidad-internacional-en-derecho-estudiantes-fortalecen-su-formacion-academica-en-europa\/\" tabindex=\"-1\" target=&quot;_blank&quot;>\n\t\t\t<div class=\"elementor-post__thumbnail\"><img loading=\"lazy\" decoding=\"async\" width=\"870\" height=\"522\" src=\"https:\/\/www.ucatolica.edu.co\/portal\/wp-content\/uploads\/2026\/04\/Grupo-de-personas-de-pie-sonriendo.jpg\" class=\"attachment-full size-full wp-image-133097\" alt=\"Grupo de personas de pie sonriendo\" srcset=\"https:\/\/www.ucatolica.edu.co\/portal\/wp-content\/uploads\/2026\/04\/Grupo-de-personas-de-pie-sonriendo.jpg 870w, https:\/\/www.ucatolica.edu.co\/portal\/wp-content\/uploads\/2026\/04\/Grupo-de-personas-de-pie-sonriendo-768x461.jpg 768w\" sizes=\"(max-width: 870px) 100vw, 870px\" \/><\/div>\n\t\t<\/a>\n\t\t\t\t<div class=\"elementor-post__text\">\n\t\t\t\t<h3 class=\"elementor-post__title\">\n\t\t\t<a href=\"https:\/\/www.ucatolica.edu.co\/portal\/movilidad-internacional-en-derecho-estudiantes-fortalecen-su-formacion-academica-en-europa\/\" target=&quot;_blank&quot;>\n\t\t\t\tMovilidad internacional en Derecho: estudiantes fortalecen su formaci\u00f3n acad\u00e9mica en Europa\t\t\t<\/a>\n\t\t<\/h3>\n\t\t\t\t<div class=\"elementor-post__meta-data\">\n\t\t\t\t\t<span class=\"elementor-post-date\">\n\t\t\t23 abril, 2026\t\t<\/span>\n\t\t\t\t<\/div>\n\t\t\t\t<div class=\"elementor-post__excerpt\">\n\t\t\t<p>La Universidad Cat\u00f3lica de Colombia, a trav\u00e9s de su Facultad de Derecho, contin\u00faa consolidando su<\/p>\n\t\t<\/div>\n\t\t\t\t<\/div>\n\t\t\t\t<\/article>\n\t\t\t\t<article class=\"elementor-post elementor-grid-item post-133075 post type-post status-publish format-standard has-post-thumbnail hentry category-noticias-principales tag-coordinacion-de-permanencia-estudiantil tag-universidad-catolica-de-colombia\" role=\"listitem\">\n\t\t\t\t<a class=\"elementor-post__thumbnail__link\" href=\"https:\/\/www.ucatolica.edu.co\/portal\/docentes-tutores-como-primer-apoyo-la-universidad-fortalece-la-formacion-para-el-acompanamiento-emocional-estudiantil\/\" tabindex=\"-1\" target=&quot;_blank&quot;>\n\t\t\t<div class=\"elementor-post__thumbnail\"><img loading=\"lazy\" decoding=\"async\" width=\"870\" height=\"522\" src=\"https:\/\/www.ucatolica.edu.co\/portal\/wp-content\/uploads\/2026\/04\/3-3.jpg\" class=\"attachment-full size-full wp-image-133076\" alt=\"Profesor en clase\" srcset=\"https:\/\/www.ucatolica.edu.co\/portal\/wp-content\/uploads\/2026\/04\/3-3.jpg 870w, https:\/\/www.ucatolica.edu.co\/portal\/wp-content\/uploads\/2026\/04\/3-3-768x461.jpg 768w\" sizes=\"(max-width: 870px) 100vw, 870px\" \/><\/div>\n\t\t<\/a>\n\t\t\t\t<div class=\"elementor-post__text\">\n\t\t\t\t<h3 class=\"elementor-post__title\">\n\t\t\t<a href=\"https:\/\/www.ucatolica.edu.co\/portal\/docentes-tutores-como-primer-apoyo-la-universidad-fortalece-la-formacion-para-el-acompanamiento-emocional-estudiantil\/\" target=&quot;_blank&quot;>\n\t\t\t\tUniversidad Cat\u00f3lica de Colombia fortalece las competencias de docentes tutores para la permanencia estudiantil y el acompa\u00f1amiento emocional\t\t\t<\/a>\n\t\t<\/h3>\n\t\t\t\t<div class=\"elementor-post__meta-data\">\n\t\t\t\t\t<span class=\"elementor-post-date\">\n\t\t\t22 abril, 2026\t\t<\/span>\n\t\t\t\t<\/div>\n\t\t\t\t<div class=\"elementor-post__excerpt\">\n\t\t\t<p>La Universidad Cat\u00f3lica de Colombia reafirma su compromiso con el bienestar integral de su comunidad<\/p>\n\t\t<\/div>\n\t\t\t\t<\/div>\n\t\t\t\t<\/article>\n\t\t\t\t<article class=\"elementor-post elementor-grid-item post-133037 post type-post status-publish format-standard has-post-thumbnail hentry category-noticias-destacadas tag-facultad-de-derecho tag-impacto-academico tag-mejor-revista-juridica tag-practica-profesional tag-q1 tag-revista-novum-jus tag-scopus tag-sociologia-juridica tag-visibilidad\" role=\"listitem\">\n\t\t\t\t<a class=\"elementor-post__thumbnail__link\" href=\"https:\/\/www.ucatolica.edu.co\/portal\/revista-novum-jus-de-la-facultad-de-derecho-alcanza-el-primer-lugar-en-latinoamerica-segun-ranking-scopus\/\" tabindex=\"-1\" target=&quot;_blank&quot;>\n\t\t\t<div class=\"elementor-post__thumbnail\"><img loading=\"lazy\" decoding=\"async\" width=\"870\" height=\"522\" src=\"https:\/\/www.ucatolica.edu.co\/portal\/wp-content\/uploads\/2026\/04\/3-1.jpg\" class=\"attachment-full size-full wp-image-133035\" alt=\"\" srcset=\"https:\/\/www.ucatolica.edu.co\/portal\/wp-content\/uploads\/2026\/04\/3-1.jpg 870w, https:\/\/www.ucatolica.edu.co\/portal\/wp-content\/uploads\/2026\/04\/3-1-768x461.jpg 768w\" sizes=\"(max-width: 870px) 100vw, 870px\" \/><\/div>\n\t\t<\/a>\n\t\t\t\t<div class=\"elementor-post__text\">\n\t\t\t\t<h3 class=\"elementor-post__title\">\n\t\t\t<a href=\"https:\/\/www.ucatolica.edu.co\/portal\/revista-novum-jus-de-la-facultad-de-derecho-alcanza-el-primer-lugar-en-latinoamerica-segun-ranking-scopus\/\" target=&quot;_blank&quot;>\n\t\t\t\tRevista Novum Jus de la Facultad de Derecho alcanza el primer lugar en Latinoam\u00e9rica seg\u00fan ranking Scopus\t\t\t<\/a>\n\t\t<\/h3>\n\t\t\t\t<div class=\"elementor-post__meta-data\">\n\t\t\t\t\t<span class=\"elementor-post-date\">\n\t\t\t20 abril, 2026\t\t<\/span>\n\t\t\t\t<\/div>\n\t\t\t\t<div class=\"elementor-post__excerpt\">\n\t\t\t<p>La Facultad de Derecho de la Universidad Cat\u00f3lica de Colombia celebra un nuevo e importante<\/p>\n\t\t<\/div>\n\t\t\t\t<\/div>\n\t\t\t\t<\/article>\n\t\t\t\t<article class=\"elementor-post elementor-grid-item post-133026 post type-post status-publish format-standard has-post-thumbnail hentry category-facultad-de-ingenieria category-noticias-principales tag-acreditacion-en-alta-calidad tag-computacion tag-ia tag-ingenieria-de-sistemas-y-computacion tag-innovacion tag-investigacion tag-mercado-laboral tag-sistemas tag-software tag-transformacion-digital\" role=\"listitem\">\n\t\t\t\t<a class=\"elementor-post__thumbnail__link\" href=\"https:\/\/www.ucatolica.edu.co\/portal\/ingenieria-de-sistemas-y-computacion-renueva-su-acreditacion-en-alta-calidad-y-reafirma-su-liderazgo-academico\/\" tabindex=\"-1\" target=&quot;_blank&quot;>\n\t\t\t<div class=\"elementor-post__thumbnail\"><img loading=\"lazy\" decoding=\"async\" width=\"870\" height=\"522\" src=\"https:\/\/www.ucatolica.edu.co\/portal\/wp-content\/uploads\/2026\/04\/Noticia-2026-04-20T162941.955.jpg\" class=\"attachment-full size-full wp-image-133029\" alt=\"\" srcset=\"https:\/\/www.ucatolica.edu.co\/portal\/wp-content\/uploads\/2026\/04\/Noticia-2026-04-20T162941.955.jpg 870w, https:\/\/www.ucatolica.edu.co\/portal\/wp-content\/uploads\/2026\/04\/Noticia-2026-04-20T162941.955-768x461.jpg 768w\" sizes=\"(max-width: 870px) 100vw, 870px\" \/><\/div>\n\t\t<\/a>\n\t\t\t\t<div class=\"elementor-post__text\">\n\t\t\t\t<h3 class=\"elementor-post__title\">\n\t\t\t<a href=\"https:\/\/www.ucatolica.edu.co\/portal\/ingenieria-de-sistemas-y-computacion-renueva-su-acreditacion-en-alta-calidad-y-reafirma-su-liderazgo-academico\/\" target=&quot;_blank&quot;>\n\t\t\t\tIngenier\u00eda de Sistemas y Computaci\u00f3n renueva su Acreditaci\u00f3n en Alta Calidad y reafirma su liderazgo acad\u00e9mico\t\t\t<\/a>\n\t\t<\/h3>\n\t\t\t\t<div class=\"elementor-post__meta-data\">\n\t\t\t\t\t<span class=\"elementor-post-date\">\n\t\t\t20 abril, 2026\t\t<\/span>\n\t\t\t\t<\/div>\n\t\t\t\t<div class=\"elementor-post__excerpt\">\n\t\t\t<p>El programa de Ingenier\u00eda de Sistemas y Computaci\u00f3n de la Universidad Cat\u00f3lica de Colombia recibi\u00f3<\/p>\n\t\t<\/div>\n\t\t\t\t<\/div>\n\t\t\t\t<\/article>\n\t\t\t\t<article class=\"elementor-post elementor-grid-item post-133016 post type-post status-publish format-standard has-post-thumbnail hentry category-noticias-principales tag-arquitectura tag-eventos tag-facultad-de-diseno\" role=\"listitem\">\n\t\t\t\t<a class=\"elementor-post__thumbnail__link\" href=\"https:\/\/www.ucatolica.edu.co\/portal\/puede-la-inteligencia-artificial-reemplazar-la-creatividad-el-diseno-entre-lo-analogo-y-lo-digital\/\" tabindex=\"-1\" target=&quot;_blank&quot;>\n\t\t\t<div class=\"elementor-post__thumbnail\"><img loading=\"lazy\" decoding=\"async\" width=\"870\" height=\"522\" src=\"https:\/\/www.ucatolica.edu.co\/portal\/wp-content\/uploads\/2026\/04\/Diseno-y-la-IA-EN-LA-UcatolicaCo.jpg\" class=\"attachment-full size-full wp-image-133018\" alt=\"\" srcset=\"https:\/\/www.ucatolica.edu.co\/portal\/wp-content\/uploads\/2026\/04\/Diseno-y-la-IA-EN-LA-UcatolicaCo.jpg 870w, https:\/\/www.ucatolica.edu.co\/portal\/wp-content\/uploads\/2026\/04\/Diseno-y-la-IA-EN-LA-UcatolicaCo-768x461.jpg 768w\" sizes=\"(max-width: 870px) 100vw, 870px\" \/><\/div>\n\t\t<\/a>\n\t\t\t\t<div class=\"elementor-post__text\">\n\t\t\t\t<h3 class=\"elementor-post__title\">\n\t\t\t<a href=\"https:\/\/www.ucatolica.edu.co\/portal\/puede-la-inteligencia-artificial-reemplazar-la-creatividad-el-diseno-entre-lo-analogo-y-lo-digital\/\" target=&quot;_blank&quot;>\n\t\t\t\t\u00bfPuede la inteligencia artificial reemplazar la creatividad? El dise\u00f1o entre lo an\u00e1logo y lo digital\t\t\t<\/a>\n\t\t<\/h3>\n\t\t\t\t<div class=\"elementor-post__meta-data\">\n\t\t\t\t\t<span class=\"elementor-post-date\">\n\t\t\t20 abril, 2026\t\t<\/span>\n\t\t\t\t<\/div>\n\t\t\t\t<div class=\"elementor-post__excerpt\">\n\t\t\t<p>La Facultad de Dise\u00f1o de la Universidad Cat\u00f3lica de Colombia invita a la comunidad acad\u00e9mica<\/p>\n\t\t<\/div>\n\t\t\t\t<\/div>\n\t\t\t\t<\/article>\n\t\t\t\t<article class=\"elementor-post elementor-grid-item post-132724 post type-post status-publish format-standard has-post-thumbnail hentry category-investigaciones category-noticias-principales tag-investigacion tag-universidad-catolica-de-colombia\" role=\"listitem\">\n\t\t\t\t<a class=\"elementor-post__thumbnail__link\" href=\"https:\/\/www.ucatolica.edu.co\/portal\/convocatoria-permanente-movilidades\/\" tabindex=\"-1\" target=&quot;_blank&quot;>\n\t\t\t<div class=\"elementor-post__thumbnail\"><img loading=\"lazy\" decoding=\"async\" width=\"870\" height=\"522\" src=\"https:\/\/www.ucatolica.edu.co\/portal\/wp-content\/uploads\/2026\/04\/Noticia_1.jpg\" class=\"attachment-full size-full wp-image-132722\" alt=\"Estudiante con cuaderno en la mano\" srcset=\"https:\/\/www.ucatolica.edu.co\/portal\/wp-content\/uploads\/2026\/04\/Noticia_1.jpg 870w, https:\/\/www.ucatolica.edu.co\/portal\/wp-content\/uploads\/2026\/04\/Noticia_1-768x461.jpg 768w\" sizes=\"(max-width: 870px) 100vw, 870px\" \/><\/div>\n\t\t<\/a>\n\t\t\t\t<div class=\"elementor-post__text\">\n\t\t\t\t<h3 class=\"elementor-post__title\">\n\t\t\t<a href=\"https:\/\/www.ucatolica.edu.co\/portal\/convocatoria-permanente-movilidades\/\" target=&quot;_blank&quot;>\n\t\t\t\tParticipa en la convocatoria permanente para proyectos de investigaci\u00f3n en escenarios externos\t\t\t<\/a>\n\t\t<\/h3>\n\t\t\t\t<div class=\"elementor-post__meta-data\">\n\t\t\t\t\t<span class=\"elementor-post-date\">\n\t\t\t20 abril, 2026\t\t<\/span>\n\t\t\t\t<\/div>\n\t\t\t\t<div class=\"elementor-post__excerpt\">\n\t\t\t<p>La Universidad Cat\u00f3lica de Colombia anunci\u00f3 la apertura de su convocatoria permanente para la postulaci\u00f3n<\/p>\n\t\t<\/div>\n\t\t\t\t<\/div>\n\t\t\t\t<\/article>\n\t\t\t\t<article class=\"elementor-post elementor-grid-item post-132984 post type-post status-publish format-standard has-post-thumbnail hentry category-noticias-principales tag-comunicacion-y-mercadeo tag-del-cole-a-la-u tag-experiencias-memorables\" role=\"listitem\">\n\t\t\t\t<a class=\"elementor-post__thumbnail__link\" href=\"https:\/\/www.ucatolica.edu.co\/portal\/del-cole-a-la-u-estudiantes-del-gimnasio-jireh-vivieron-una-experiencia-inmersiva-en-la-universidad-catolica-de-colombia\/\" tabindex=\"-1\" target=&quot;_blank&quot;>\n\t\t\t<div class=\"elementor-post__thumbnail\"><img loading=\"lazy\" decoding=\"async\" width=\"870\" height=\"522\" src=\"https:\/\/www.ucatolica.edu.co\/portal\/wp-content\/uploads\/2026\/04\/1.jpg\" class=\"attachment-full size-full wp-image-132997\" alt=\"\" srcset=\"https:\/\/www.ucatolica.edu.co\/portal\/wp-content\/uploads\/2026\/04\/1.jpg 870w, https:\/\/www.ucatolica.edu.co\/portal\/wp-content\/uploads\/2026\/04\/1-768x461.jpg 768w\" sizes=\"(max-width: 870px) 100vw, 870px\" \/><\/div>\n\t\t<\/a>\n\t\t\t\t<div class=\"elementor-post__text\">\n\t\t\t\t<h3 class=\"elementor-post__title\">\n\t\t\t<a href=\"https:\/\/www.ucatolica.edu.co\/portal\/del-cole-a-la-u-estudiantes-del-gimnasio-jireh-vivieron-una-experiencia-inmersiva-en-la-universidad-catolica-de-colombia\/\" target=&quot;_blank&quot;>\n\t\t\t\tDel Cole a la U: estudiantes del Gimnasio Jireh vivieron una experiencia inmersiva en la Universidad Cat\u00f3lica de Colombia\t\t\t<\/a>\n\t\t<\/h3>\n\t\t\t\t<div class=\"elementor-post__meta-data\">\n\t\t\t\t\t<span class=\"elementor-post-date\">\n\t\t\t17 abril, 2026\t\t<\/span>\n\t\t\t\t<\/div>\n\t\t\t\t<div class=\"elementor-post__excerpt\">\n\t\t\t<p>La Universidad Cat\u00f3lica de Colombia recibi\u00f3 a estudiantes del Gimnasio Jireh en el marco de<\/p>\n\t\t<\/div>\n\t\t\t\t<\/div>\n\t\t\t\t<\/article>\n\t\t\t\t<article class=\"elementor-post elementor-grid-item post-132912 post type-post status-publish format-standard has-post-thumbnail hentry category-noticias-principales tag-grupo-de-excelencia-estudiantil tag-horarios-de-monitores tag-permanencia-estudiantil\" role=\"listitem\">\n\t\t\t\t<a class=\"elementor-post__thumbnail__link\" href=\"https:\/\/www.ucatolica.edu.co\/portal\/tu-preparacion-para-los-parciales-del-segundo-corte-comienza-ahora\/\" tabindex=\"-1\" target=&quot;_blank&quot;>\n\t\t\t<div class=\"elementor-post__thumbnail\"><img loading=\"lazy\" decoding=\"async\" width=\"870\" height=\"522\" src=\"https:\/\/www.ucatolica.edu.co\/portal\/wp-content\/uploads\/2026\/04\/Parciales2corte-Noticia.jpg\" class=\"attachment-full size-full wp-image-132915\" alt=\"\" srcset=\"https:\/\/www.ucatolica.edu.co\/portal\/wp-content\/uploads\/2026\/04\/Parciales2corte-Noticia.jpg 870w, https:\/\/www.ucatolica.edu.co\/portal\/wp-content\/uploads\/2026\/04\/Parciales2corte-Noticia-768x461.jpg 768w\" sizes=\"(max-width: 870px) 100vw, 870px\" \/><\/div>\n\t\t<\/a>\n\t\t\t\t<div class=\"elementor-post__text\">\n\t\t\t\t<h3 class=\"elementor-post__title\">\n\t\t\t<a href=\"https:\/\/www.ucatolica.edu.co\/portal\/tu-preparacion-para-los-parciales-del-segundo-corte-comienza-ahora\/\" target=&quot;_blank&quot;>\n\t\t\t\t\u00a1Tu preparaci\u00f3n para los parciales del segundo corte comienza ahora!\t\t\t<\/a>\n\t\t<\/h3>\n\t\t\t\t<div class=\"elementor-post__meta-data\">\n\t\t\t\t\t<span class=\"elementor-post-date\">\n\t\t\t17 abril, 2026\t\t<\/span>\n\t\t\t\t<\/div>\n\t\t\t\t<div class=\"elementor-post__excerpt\">\n\t\t\t<p>La Vicerrector\u00eda Acad\u00e9mica, a trav\u00e9s de la Coordinaci\u00f3n de Permanencia Estudiantil, invita a todos los<\/p>\n\t\t<\/div>\n\t\t\t\t<\/div>\n\t\t\t\t<\/article>\n\t\t\t\t<article class=\"elementor-post elementor-grid-item post-132886 post type-post status-publish format-standard has-post-thumbnail hentry category-noticias-principales tag-consejeria-estudiantil tag-estudiantes tag-permanencia-estudiantil\" role=\"listitem\">\n\t\t\t\t<a class=\"elementor-post__thumbnail__link\" href=\"https:\/\/www.ucatolica.edu.co\/portal\/consejeria-estudiantil-un-espacio-para-escucharte-y-orientarte\/\" tabindex=\"-1\" target=&quot;_blank&quot;>\n\t\t\t<div class=\"elementor-post__thumbnail\"><img loading=\"lazy\" decoding=\"async\" width=\"870\" height=\"522\" src=\"https:\/\/www.ucatolica.edu.co\/portal\/wp-content\/uploads\/2026\/04\/Consejeria-Estudiantil-UCatolicaCo.jpg\" class=\"attachment-full size-full wp-image-132902\" alt=\"\" srcset=\"https:\/\/www.ucatolica.edu.co\/portal\/wp-content\/uploads\/2026\/04\/Consejeria-Estudiantil-UCatolicaCo.jpg 870w, https:\/\/www.ucatolica.edu.co\/portal\/wp-content\/uploads\/2026\/04\/Consejeria-Estudiantil-UCatolicaCo-768x461.jpg 768w\" sizes=\"(max-width: 870px) 100vw, 870px\" \/><\/div>\n\t\t<\/a>\n\t\t\t\t<div class=\"elementor-post__text\">\n\t\t\t\t<h3 class=\"elementor-post__title\">\n\t\t\t<a href=\"https:\/\/www.ucatolica.edu.co\/portal\/consejeria-estudiantil-un-espacio-para-escucharte-y-orientarte\/\" target=&quot;_blank&quot;>\n\t\t\t\tConsejer\u00eda Estudiantil: un espacio para escucharte y orientarte\t\t\t<\/a>\n\t\t<\/h3>\n\t\t\t\t<div class=\"elementor-post__meta-data\">\n\t\t\t\t\t<span class=\"elementor-post-date\">\n\t\t\t16 abril, 2026\t\t<\/span>\n\t\t\t\t<\/div>\n\t\t\t\t<div class=\"elementor-post__excerpt\">\n\t\t\t<p>\u00bfTu equilibrio personal o tu rendimiento acad\u00e9mico est\u00e1n influyendo en tu experiencia universitaria? La Universidad<\/p>\n\t\t<\/div>\n\t\t\t\t<\/div>\n\t\t\t\t<\/article>\n\t\t\t\t<article class=\"elementor-post elementor-grid-item post-132720 post type-post status-publish format-standard has-post-thumbnail hentry category-investigaciones category-noticias-principales tag-investigacion tag-universidad-catolica-de-colombia\" role=\"listitem\">\n\t\t\t\t<a class=\"elementor-post__thumbnail__link\" href=\"https:\/\/www.ucatolica.edu.co\/portal\/u-catolica-de-colombia-abre-convocatoria-permanente-para-apoyar-movilidades-salientes-en-investigacion\/\" tabindex=\"-1\" target=&quot;_blank&quot;>\n\t\t\t<div class=\"elementor-post__thumbnail\"><img loading=\"lazy\" decoding=\"async\" width=\"870\" height=\"522\" src=\"https:\/\/www.ucatolica.edu.co\/portal\/wp-content\/uploads\/2026\/04\/Noticia-6.jpg\" class=\"attachment-full size-full wp-image-132725\" alt=\"Tres personas hablando\" srcset=\"https:\/\/www.ucatolica.edu.co\/portal\/wp-content\/uploads\/2026\/04\/Noticia-6.jpg 870w, https:\/\/www.ucatolica.edu.co\/portal\/wp-content\/uploads\/2026\/04\/Noticia-6-768x461.jpg 768w\" sizes=\"(max-width: 870px) 100vw, 870px\" \/><\/div>\n\t\t<\/a>\n\t\t\t\t<div class=\"elementor-post__text\">\n\t\t\t\t<h3 class=\"elementor-post__title\">\n\t\t\t<a href=\"https:\/\/www.ucatolica.edu.co\/portal\/u-catolica-de-colombia-abre-convocatoria-permanente-para-apoyar-movilidades-salientes-en-investigacion\/\" target=&quot;_blank&quot;>\n\t\t\t\tU. Cat\u00f3lica de Colombia abre convocatoria permanente para apoyar movilidades salientes en investigaci\u00f3n\t\t\t<\/a>\n\t\t<\/h3>\n\t\t\t\t<div class=\"elementor-post__meta-data\">\n\t\t\t\t\t<span class=\"elementor-post-date\">\n\t\t\t14 abril, 2026\t\t<\/span>\n\t\t\t\t<\/div>\n\t\t\t\t<div class=\"elementor-post__excerpt\">\n\t\t\t<p>La Universidad Cat\u00f3lica de Colombia, a trav\u00e9s de su Direcci\u00f3n Central de Investigaciones, anuncia la<\/p>\n\t\t<\/div>\n\t\t\t\t<\/div>\n\t\t\t\t<\/article>\n\t\t\t\t<article class=\"elementor-post elementor-grid-item post-132429 post type-post status-publish format-standard has-post-thumbnail hentry category-noticias-principales category-orii tag-internacionalizacion tag-orii\" role=\"listitem\">\n\t\t\t\t<a class=\"elementor-post__thumbnail__link\" href=\"https:\/\/www.ucatolica.edu.co\/portal\/universidad-catolica-fortalece-competencias-en-data-science-e-ia-con-proyecto-internacional-fulbright\/\" tabindex=\"-1\" target=&quot;_blank&quot;>\n\t\t\t<div class=\"elementor-post__thumbnail\"><img loading=\"lazy\" decoding=\"async\" width=\"870\" height=\"522\" src=\"https:\/\/www.ucatolica.edu.co\/portal\/wp-content\/uploads\/2026\/04\/Personas-de-pie-sonriendo.jpg\" class=\"attachment-full size-full wp-image-132431\" alt=\"\" srcset=\"https:\/\/www.ucatolica.edu.co\/portal\/wp-content\/uploads\/2026\/04\/Personas-de-pie-sonriendo.jpg 870w, https:\/\/www.ucatolica.edu.co\/portal\/wp-content\/uploads\/2026\/04\/Personas-de-pie-sonriendo-768x461.jpg 768w\" sizes=\"(max-width: 870px) 100vw, 870px\" \/><\/div>\n\t\t<\/a>\n\t\t\t\t<div class=\"elementor-post__text\">\n\t\t\t\t<h3 class=\"elementor-post__title\">\n\t\t\t<a href=\"https:\/\/www.ucatolica.edu.co\/portal\/universidad-catolica-fortalece-competencias-en-data-science-e-ia-con-proyecto-internacional-fulbright\/\" target=&quot;_blank&quot;>\n\t\t\t\tUniversidad Cat\u00f3lica fortalece competencias en Data Science e IA con proyecto internacional Fulbright\t\t\t<\/a>\n\t\t<\/h3>\n\t\t\t\t<div class=\"elementor-post__meta-data\">\n\t\t\t\t\t<span class=\"elementor-post-date\">\n\t\t\t13 abril, 2026\t\t<\/span>\n\t\t\t\t<\/div>\n\t\t\t\t<div class=\"elementor-post__excerpt\">\n\t\t\t<p>La Universidad Cat\u00f3lica de Colombia contin\u00faa consolid\u00e1ndose como referente en formaci\u00f3n avanzada en Ciencia de<\/p>\n\t\t<\/div>\n\t\t\t\t<\/div>\n\t\t\t\t<\/article>\n\t\t\t\t<article class=\"elementor-post elementor-grid-item post-132708 post type-post status-publish format-standard has-post-thumbnail hentry category-noticias-destacadas tag-dia-de-puertas-abiertas tag-futuro-profesional tag-haz-match tag-talleres-inmersivos\" role=\"listitem\">\n\t\t\t\t<a class=\"elementor-post__thumbnail__link\" href=\"https:\/\/www.ucatolica.edu.co\/portal\/haz-match-con-tu-carrera-vive-una-experiencia-universitaria-en-el-dia-de-puertas-abiertas\/\" tabindex=\"-1\" target=&quot;_blank&quot;>\n\t\t\t<div class=\"elementor-post__thumbnail\"><img loading=\"lazy\" decoding=\"async\" width=\"870\" height=\"522\" src=\"https:\/\/www.ucatolica.edu.co\/portal\/wp-content\/uploads\/2026\/04\/FotoNoticia-5.jpg\" class=\"attachment-full size-full wp-image-132710\" alt=\"\" srcset=\"https:\/\/www.ucatolica.edu.co\/portal\/wp-content\/uploads\/2026\/04\/FotoNoticia-5.jpg 870w, https:\/\/www.ucatolica.edu.co\/portal\/wp-content\/uploads\/2026\/04\/FotoNoticia-5-768x461.jpg 768w\" sizes=\"(max-width: 870px) 100vw, 870px\" \/><\/div>\n\t\t<\/a>\n\t\t\t\t<div class=\"elementor-post__text\">\n\t\t\t\t<h3 class=\"elementor-post__title\">\n\t\t\t<a href=\"https:\/\/www.ucatolica.edu.co\/portal\/haz-match-con-tu-carrera-vive-una-experiencia-universitaria-en-el-dia-de-puertas-abiertas\/\" target=&quot;_blank&quot;>\n\t\t\t\tHaz match con tu carrera: vive una experiencia universitaria en el D\u00eda de Puertas Abiertas\t\t\t<\/a>\n\t\t<\/h3>\n\t\t\t\t<div class=\"elementor-post__meta-data\">\n\t\t\t\t\t<span class=\"elementor-post-date\">\n\t\t\t13 abril, 2026\t\t<\/span>\n\t\t\t\t<\/div>\n\t\t\t\t<div class=\"elementor-post__excerpt\">\n\t\t\t<p>Tomar decisiones sobre tu futuro profesional es uno de los momentos m\u00e1s importantes de la<\/p>\n\t\t<\/div>\n\t\t\t\t<\/div>\n\t\t\t\t<\/article>\n\t\t\t\t<article class=\"elementor-post elementor-grid-item post-132402 post type-post status-publish format-standard has-post-thumbnail hentry category-noticias-principales tag-congreso tag-familias tag-humanidades\" role=\"listitem\">\n\t\t\t\t<a class=\"elementor-post__thumbnail__link\" href=\"https:\/\/www.ucatolica.edu.co\/portal\/xvi-congreso-internacional-de-estudiantes-universitarios-una-invitacion-a-reflexionar-sobre-la-familia-en-el-siglo-xxi\/\" tabindex=\"-1\" target=&quot;_blank&quot;>\n\t\t\t<div class=\"elementor-post__thumbnail\"><img loading=\"lazy\" decoding=\"async\" width=\"870\" height=\"522\" src=\"https:\/\/www.ucatolica.edu.co\/portal\/wp-content\/uploads\/2026\/04\/XVI-Congreso-Internacional-de-Estudiantes-Universitarios-una-invitacion-a-reflexionar-sobre-la-familia-en-el-siglo-XXI.jpg\" class=\"attachment-full size-full wp-image-132696\" alt=\"\" srcset=\"https:\/\/www.ucatolica.edu.co\/portal\/wp-content\/uploads\/2026\/04\/XVI-Congreso-Internacional-de-Estudiantes-Universitarios-una-invitacion-a-reflexionar-sobre-la-familia-en-el-siglo-XXI.jpg 870w, https:\/\/www.ucatolica.edu.co\/portal\/wp-content\/uploads\/2026\/04\/XVI-Congreso-Internacional-de-Estudiantes-Universitarios-una-invitacion-a-reflexionar-sobre-la-familia-en-el-siglo-XXI-768x461.jpg 768w\" sizes=\"(max-width: 870px) 100vw, 870px\" \/><\/div>\n\t\t<\/a>\n\t\t\t\t<div class=\"elementor-post__text\">\n\t\t\t\t<h3 class=\"elementor-post__title\">\n\t\t\t<a href=\"https:\/\/www.ucatolica.edu.co\/portal\/xvi-congreso-internacional-de-estudiantes-universitarios-una-invitacion-a-reflexionar-sobre-la-familia-en-el-siglo-xxi\/\" target=&quot;_blank&quot;>\n\t\t\t\tXVI Congreso Internacional de Estudiantes Universitarios: una invitaci\u00f3n a reflexionar sobre la familia en el siglo XXI\t\t\t<\/a>\n\t\t<\/h3>\n\t\t\t\t<div class=\"elementor-post__meta-data\">\n\t\t\t\t\t<span class=\"elementor-post-date\">\n\t\t\t13 abril, 2026\t\t<\/span>\n\t\t\t\t<\/div>\n\t\t\t\t<div class=\"elementor-post__excerpt\">\n\t\t\t<p>La Universidad Cat\u00f3lica de Colombia, en articulaci\u00f3n con instituciones acad\u00e9micas nacionales e internacionales, invita a<\/p>\n\t\t<\/div>\n\t\t\t\t<\/div>\n\t\t\t\t<\/article>\n\t\t\t\t<article class=\"elementor-post elementor-grid-item post-132668 post type-post status-publish format-standard has-post-thumbnail hentry category-noticias-principales tag-arte-y-salud-mental tag-bienestar-universitario tag-exposicion-artistica-universitaria\" role=\"listitem\">\n\t\t\t\t<a class=\"elementor-post__thumbnail__link\" href=\"https:\/\/www.ucatolica.edu.co\/portal\/exposicion-donde-la-calma-habita-destaca-el-arte-como-herramienta-de-salud-mental\/\" tabindex=\"-1\" target=&quot;_blank&quot;>\n\t\t\t<div class=\"elementor-post__thumbnail\"><img loading=\"lazy\" decoding=\"async\" width=\"870\" height=\"522\" src=\"https:\/\/www.ucatolica.edu.co\/portal\/wp-content\/uploads\/2026\/04\/Noticia-5.jpg\" class=\"attachment-full size-full wp-image-132670\" alt=\"Estudiante en taller de dibujo y pintura\" srcset=\"https:\/\/www.ucatolica.edu.co\/portal\/wp-content\/uploads\/2026\/04\/Noticia-5.jpg 870w, https:\/\/www.ucatolica.edu.co\/portal\/wp-content\/uploads\/2026\/04\/Noticia-5-768x461.jpg 768w\" sizes=\"(max-width: 870px) 100vw, 870px\" \/><\/div>\n\t\t<\/a>\n\t\t\t\t<div class=\"elementor-post__text\">\n\t\t\t\t<h3 class=\"elementor-post__title\">\n\t\t\t<a href=\"https:\/\/www.ucatolica.edu.co\/portal\/exposicion-donde-la-calma-habita-destaca-el-arte-como-herramienta-de-salud-mental\/\" target=&quot;_blank&quot;>\n\t\t\t\tExposici\u00f3n \u201cDonde la calma habita\u201d destaca el arte como herramienta de salud mental\t\t\t<\/a>\n\t\t<\/h3>\n\t\t\t\t<div class=\"elementor-post__meta-data\">\n\t\t\t\t\t<span class=\"elementor-post-date\">\n\t\t\t13 abril, 2026\t\t<\/span>\n\t\t\t\t<\/div>\n\t\t\t\t<div class=\"elementor-post__excerpt\">\n\t\t\t<p>La exposici\u00f3n \u201cDonde la calma habita\u201d re\u00fane el talento de estudiantes del Taller de Dibujo<\/p>\n\t\t<\/div>\n\t\t\t\t<\/div>\n\t\t\t\t<\/article>\n\t\t\t\t<article class=\"elementor-post elementor-grid-item post-132438 post type-post status-publish format-standard has-post-thumbnail hentry category-noticias-principales tag-bootcamp tag-direccion-de-extension tag-empleabilidad tag-extension\" role=\"listitem\">\n\t\t\t\t<a class=\"elementor-post__thumbnail__link\" href=\"https:\/\/www.ucatolica.edu.co\/portal\/bootcamp-de-empleabilidad-una-semana-para-fortalecer-tu-perfil-profesional\/\" tabindex=\"-1\" target=&quot;_blank&quot;>\n\t\t\t<div class=\"elementor-post__thumbnail\"><img loading=\"lazy\" decoding=\"async\" width=\"870\" height=\"522\" src=\"https:\/\/www.ucatolica.edu.co\/portal\/wp-content\/uploads\/2026\/04\/bOOTCAMP-DE-eMPLEABILIDAD.jpg\" class=\"attachment-full size-full wp-image-132876\" alt=\"\" srcset=\"https:\/\/www.ucatolica.edu.co\/portal\/wp-content\/uploads\/2026\/04\/bOOTCAMP-DE-eMPLEABILIDAD.jpg 870w, https:\/\/www.ucatolica.edu.co\/portal\/wp-content\/uploads\/2026\/04\/bOOTCAMP-DE-eMPLEABILIDAD-768x461.jpg 768w\" sizes=\"(max-width: 870px) 100vw, 870px\" \/><\/div>\n\t\t<\/a>\n\t\t\t\t<div class=\"elementor-post__text\">\n\t\t\t\t<h3 class=\"elementor-post__title\">\n\t\t\t<a href=\"https:\/\/www.ucatolica.edu.co\/portal\/bootcamp-de-empleabilidad-una-semana-para-fortalecer-tu-perfil-profesional\/\" target=&quot;_blank&quot;>\n\t\t\t\tBootcamp de Empleabilidad: una semana para fortalecer tu perfil profesional\t\t\t<\/a>\n\t\t<\/h3>\n\t\t\t\t<div class=\"elementor-post__meta-data\">\n\t\t\t\t\t<span class=\"elementor-post-date\">\n\t\t\t13 abril, 2026\t\t<\/span>\n\t\t\t\t<\/div>\n\t\t\t\t<div class=\"elementor-post__excerpt\">\n\t\t\t<p>La Universidad Cat\u00f3lica de Colombia a trav\u00e9s de la Direcci\u00f3n de Extensi\u00f3n, invita a estudiantes<\/p>\n\t\t<\/div>\n\t\t\t\t<\/div>\n\t\t\t\t<\/article>\n\t\t\t\t<article class=\"elementor-post elementor-grid-item post-132502 post type-post status-publish format-standard has-post-thumbnail hentry category-noticias-principales tag-decanatura-academica tag-saber-pro\" role=\"listitem\">\n\t\t\t\t<a class=\"elementor-post__thumbnail__link\" href=\"https:\/\/www.ucatolica.edu.co\/portal\/saber-pro-todo-lo-que-necesitas-saber-para-avanzar-hacia-tu-grado-profesional\/\" tabindex=\"-1\" target=&quot;_blank&quot;>\n\t\t\t<div class=\"elementor-post__thumbnail\"><img loading=\"lazy\" decoding=\"async\" width=\"870\" height=\"522\" src=\"https:\/\/www.ucatolica.edu.co\/portal\/wp-content\/uploads\/2026\/04\/Noticia-4.jpg\" class=\"attachment-full size-full wp-image-132663\" alt=\"Estudiante realizando examen\" srcset=\"https:\/\/www.ucatolica.edu.co\/portal\/wp-content\/uploads\/2026\/04\/Noticia-4.jpg 870w, https:\/\/www.ucatolica.edu.co\/portal\/wp-content\/uploads\/2026\/04\/Noticia-4-768x461.jpg 768w\" sizes=\"(max-width: 870px) 100vw, 870px\" \/><\/div>\n\t\t<\/a>\n\t\t\t\t<div class=\"elementor-post__text\">\n\t\t\t\t<h3 class=\"elementor-post__title\">\n\t\t\t<a href=\"https:\/\/www.ucatolica.edu.co\/portal\/saber-pro-todo-lo-que-necesitas-saber-para-avanzar-hacia-tu-grado-profesional\/\" target=&quot;_blank&quot;>\n\t\t\t\tSaber Pro: todo lo que necesitas saber para avanzar hacia tu grado profesional\t\t\t<\/a>\n\t\t<\/h3>\n\t\t\t\t<div class=\"elementor-post__meta-data\">\n\t\t\t\t\t<span class=\"elementor-post-date\">\n\t\t\t13 abril, 2026\t\t<\/span>\n\t\t\t\t<\/div>\n\t\t\t\t<div class=\"elementor-post__excerpt\">\n\t\t\t<p>El Examen de Estado Saber Pro, aplicado por el ICFES, es un requisito obligatorio para<\/p>\n\t\t<\/div>\n\t\t\t\t<\/div>\n\t\t\t\t<\/article>\n\t\t\t\t<article class=\"elementor-post elementor-grid-item post-132496 post type-post status-publish format-standard has-post-thumbnail hentry category-noticias-principales tag-corferias tag-editorial-de-la-universidad-catolica-de-colombia tag-filbo-2026 tag-lanzamientos-editoriales tag-oferta-academica\" role=\"listitem\">\n\t\t\t\t<a class=\"elementor-post__thumbnail__link\" href=\"https:\/\/www.ucatolica.edu.co\/portal\/la-universidad-catolica-de-colombia-llega-a-la-filbo-2026-con-libros-conocimiento-y-experiencias\/\" tabindex=\"-1\" target=&quot;_blank&quot;>\n\t\t\t<div class=\"elementor-post__thumbnail\"><img loading=\"lazy\" decoding=\"async\" width=\"870\" height=\"522\" src=\"https:\/\/www.ucatolica.edu.co\/portal\/wp-content\/uploads\/2026\/04\/Foto_FIlBo2026.jpg\" class=\"attachment-full size-full wp-image-132497\" alt=\"\" srcset=\"https:\/\/www.ucatolica.edu.co\/portal\/wp-content\/uploads\/2026\/04\/Foto_FIlBo2026.jpg 870w, https:\/\/www.ucatolica.edu.co\/portal\/wp-content\/uploads\/2026\/04\/Foto_FIlBo2026-768x461.jpg 768w\" sizes=\"(max-width: 870px) 100vw, 870px\" \/><\/div>\n\t\t<\/a>\n\t\t\t\t<div class=\"elementor-post__text\">\n\t\t\t\t<h3 class=\"elementor-post__title\">\n\t\t\t<a href=\"https:\/\/www.ucatolica.edu.co\/portal\/la-universidad-catolica-de-colombia-llega-a-la-filbo-2026-con-libros-conocimiento-y-experiencias\/\" target=&quot;_blank&quot;>\n\t\t\t\tLa Universidad Cat\u00f3lica de Colombia llega a la FILBo 2026 con libros, conocimiento y experiencias\t\t\t<\/a>\n\t\t<\/h3>\n\t\t\t\t<div class=\"elementor-post__meta-data\">\n\t\t\t\t\t<span class=\"elementor-post-date\">\n\t\t\t10 abril, 2026\t\t<\/span>\n\t\t\t\t<\/div>\n\t\t\t\t<div class=\"elementor-post__excerpt\">\n\t\t\t<p>La Feria Internacional del Libro de Bogot\u00e1 2026 vuelve a reunir a miles de lectores,<\/p>\n\t\t<\/div>\n\t\t\t\t<\/div>\n\t\t\t\t<\/article>\n\t\t\t\t<article class=\"elementor-post elementor-grid-item post-132416 post type-post status-publish format-standard has-post-thumbnail hentry category-noticias-principales tag-acuerdo-405 tag-examenes-de-clasificacion tag-ingles tag-instituto-de-lenguas tag-requisito-de-grado\" role=\"listitem\">\n\t\t\t\t<a class=\"elementor-post__thumbnail__link\" href=\"https:\/\/www.ucatolica.edu.co\/portal\/universidad-catolica-de-colombia-actualiza-el-requisito-de-grado-en-ingles\/\" tabindex=\"-1\" target=&quot;_blank&quot;>\n\t\t\t<div class=\"elementor-post__thumbnail\"><img loading=\"lazy\" decoding=\"async\" width=\"870\" height=\"522\" src=\"https:\/\/www.ucatolica.edu.co\/portal\/wp-content\/uploads\/2026\/04\/Ingles.jpg\" class=\"attachment-full size-full wp-image-132419\" alt=\"\" srcset=\"https:\/\/www.ucatolica.edu.co\/portal\/wp-content\/uploads\/2026\/04\/Ingles.jpg 870w, https:\/\/www.ucatolica.edu.co\/portal\/wp-content\/uploads\/2026\/04\/Ingles-768x461.jpg 768w\" sizes=\"(max-width: 870px) 100vw, 870px\" \/><\/div>\n\t\t<\/a>\n\t\t\t\t<div class=\"elementor-post__text\">\n\t\t\t\t<h3 class=\"elementor-post__title\">\n\t\t\t<a href=\"https:\/\/www.ucatolica.edu.co\/portal\/universidad-catolica-de-colombia-actualiza-el-requisito-de-grado-en-ingles\/\" target=&quot;_blank&quot;>\n\t\t\t\tUniversidad Cat\u00f3lica de Colombia actualiza el requisito de grado en ingl\u00e9s\t\t\t<\/a>\n\t\t<\/h3>\n\t\t\t\t<div class=\"elementor-post__meta-data\">\n\t\t\t\t\t<span class=\"elementor-post-date\">\n\t\t\t9 abril, 2026\t\t<\/span>\n\t\t\t\t<\/div>\n\t\t\t\t<div class=\"elementor-post__excerpt\">\n\t\t\t<p>La Universidad Cat\u00f3lica de Colombia contin\u00faa fortaleciendo la calidad acad\u00e9mica y la proyecci\u00f3n internacional de<\/p>\n\t\t<\/div>\n\t\t\t\t<\/div>\n\t\t\t\t<\/article>\n\t\t\t\t<article class=\"elementor-post elementor-grid-item post-132394 post type-post status-publish format-standard has-post-thumbnail hentry category-noticias-principales tag-bienestar-universitario tag-salud-emocional tag-salud-mental\" role=\"listitem\">\n\t\t\t\t<a class=\"elementor-post__thumbnail__link\" href=\"https:\/\/www.ucatolica.edu.co\/portal\/universidad-catolica-de-colombia-fortalece-su-estrategia-de-salud-mental-con-la-linea-de-escucha-activa\/\" tabindex=\"-1\" target=&quot;_blank&quot;>\n\t\t\t<div class=\"elementor-post__thumbnail\"><img loading=\"lazy\" decoding=\"async\" width=\"870\" height=\"522\" src=\"https:\/\/www.ucatolica.edu.co\/portal\/wp-content\/uploads\/2026\/04\/LineaEscucha-Noticia.jpg\" class=\"attachment-full size-full wp-image-132716\" alt=\"\" srcset=\"https:\/\/www.ucatolica.edu.co\/portal\/wp-content\/uploads\/2026\/04\/LineaEscucha-Noticia.jpg 870w, https:\/\/www.ucatolica.edu.co\/portal\/wp-content\/uploads\/2026\/04\/LineaEscucha-Noticia-768x461.jpg 768w\" sizes=\"(max-width: 870px) 100vw, 870px\" \/><\/div>\n\t\t<\/a>\n\t\t\t\t<div class=\"elementor-post__text\">\n\t\t\t\t<h3 class=\"elementor-post__title\">\n\t\t\t<a href=\"https:\/\/www.ucatolica.edu.co\/portal\/universidad-catolica-de-colombia-fortalece-su-estrategia-de-salud-mental-con-la-linea-de-escucha-activa\/\" target=&quot;_blank&quot;>\n\t\t\t\tUniversidad Cat\u00f3lica de Colombia fortalece su estrategia de salud mental con la L\u00ednea de Escucha Activa\t\t\t<\/a>\n\t\t<\/h3>\n\t\t\t\t<div class=\"elementor-post__meta-data\">\n\t\t\t\t\t<span class=\"elementor-post-date\">\n\t\t\t8 abril, 2026\t\t<\/span>\n\t\t\t\t<\/div>\n\t\t\t\t<div class=\"elementor-post__excerpt\">\n\t\t\t<p>Con el prop\u00f3sito de promover el bienestar emocional de sus estudiantes, la Universidad Cat\u00f3lica de<\/p>\n\t\t<\/div>\n\t\t\t\t<\/div>\n\t\t\t\t<\/article>\n\t\t\t\t<article class=\"elementor-post elementor-grid-item post-132366 post type-post status-publish format-standard has-post-thumbnail hentry category-facultad-de-ingenieria category-noticias-principales\" role=\"listitem\">\n\t\t\t\t<a class=\"elementor-post__thumbnail__link\" href=\"https:\/\/www.ucatolica.edu.co\/portal\/ingenieria-de-datos-e-inteligencia-artificial-la-carrera-para-liderar-el-futuro\/\" tabindex=\"-1\" target=&quot;_blank&quot;>\n\t\t\t<div class=\"elementor-post__thumbnail\"><img loading=\"lazy\" decoding=\"async\" width=\"870\" height=\"522\" src=\"https:\/\/www.ucatolica.edu.co\/portal\/wp-content\/uploads\/2026\/04\/Inteligencia-artificial.jpg\" class=\"attachment-full size-full wp-image-132368\" alt=\"\" srcset=\"https:\/\/www.ucatolica.edu.co\/portal\/wp-content\/uploads\/2026\/04\/Inteligencia-artificial.jpg 870w, https:\/\/www.ucatolica.edu.co\/portal\/wp-content\/uploads\/2026\/04\/Inteligencia-artificial-768x461.jpg 768w\" sizes=\"(max-width: 870px) 100vw, 870px\" \/><\/div>\n\t\t<\/a>\n\t\t\t\t<div class=\"elementor-post__text\">\n\t\t\t\t<h3 class=\"elementor-post__title\">\n\t\t\t<a href=\"https:\/\/www.ucatolica.edu.co\/portal\/ingenieria-de-datos-e-inteligencia-artificial-la-carrera-para-liderar-el-futuro\/\" target=&quot;_blank&quot;>\n\t\t\t\tIngenier\u00eda de Datos e Inteligencia Artificial: la carrera para liderar el futuro\t\t\t<\/a>\n\t\t<\/h3>\n\t\t\t\t<div class=\"elementor-post__meta-data\">\n\t\t\t\t\t<span class=\"elementor-post-date\">\n\t\t\t7 abril, 2026\t\t<\/span>\n\t\t\t\t<\/div>\n\t\t\t\t<div class=\"elementor-post__excerpt\">\n\t\t\t<p>Hoy, los datos mueven el mundo. Detr\u00e1s de cada decisi\u00f3n importante, innovaci\u00f3n tecnol\u00f3gica o soluci\u00f3n<\/p>\n\t\t<\/div>\n\t\t\t\t<\/div>\n\t\t\t\t<\/article>\n\t\t\t\t<article class=\"elementor-post elementor-grid-item post-132317 post type-post status-publish format-standard has-post-thumbnail hentry category-noticias-principales tag-evaluacion-docente-2\" role=\"listitem\">\n\t\t\t\t<a class=\"elementor-post__thumbnail__link\" href=\"https:\/\/www.ucatolica.edu.co\/portal\/evaluacion-docente-proceso-anonimo-y-confidencial-que-fortalece-la-calidad-academica\/\" tabindex=\"-1\" target=&quot;_blank&quot;>\n\t\t\t<div class=\"elementor-post__thumbnail\"><img loading=\"lazy\" decoding=\"async\" width=\"870\" height=\"522\" src=\"https:\/\/www.ucatolica.edu.co\/portal\/wp-content\/uploads\/2026\/04\/OP5740-EvaluacionDocente-Noticia.jpg\" class=\"attachment-full size-full wp-image-132319\" alt=\"OP5740-EvaluacionDocente-Noticia\" srcset=\"https:\/\/www.ucatolica.edu.co\/portal\/wp-content\/uploads\/2026\/04\/OP5740-EvaluacionDocente-Noticia.jpg 870w, https:\/\/www.ucatolica.edu.co\/portal\/wp-content\/uploads\/2026\/04\/OP5740-EvaluacionDocente-Noticia-768x461.jpg 768w\" sizes=\"(max-width: 870px) 100vw, 870px\" \/><\/div>\n\t\t<\/a>\n\t\t\t\t<div class=\"elementor-post__text\">\n\t\t\t\t<h3 class=\"elementor-post__title\">\n\t\t\t<a href=\"https:\/\/www.ucatolica.edu.co\/portal\/evaluacion-docente-proceso-anonimo-y-confidencial-que-fortalece-la-calidad-academica\/\" target=&quot;_blank&quot;>\n\t\t\t\tEvaluaci\u00f3n docente: proceso an\u00f3nimo y confidencial que fortalece la calidad acad\u00e9mica\t\t\t<\/a>\n\t\t<\/h3>\n\t\t\t\t<div class=\"elementor-post__meta-data\">\n\t\t\t\t\t<span class=\"elementor-post-date\">\n\t\t\t6 abril, 2026\t\t<\/span>\n\t\t\t\t<\/div>\n\t\t\t\t<div class=\"elementor-post__excerpt\">\n\t\t\t<p>La evaluaci\u00f3n docente es un proceso fundamental para el mejoramiento continuo de la calidad acad\u00e9mica.<\/p>\n\t\t<\/div>\n\t\t\t\t<\/div>\n\t\t\t\t<\/article>\n\t\t\t\t<article class=\"elementor-post elementor-grid-item post-132061 post type-post status-publish format-standard has-post-thumbnail hentry category-noticias-principales tag-canales-oficiales tag-comunicar-con-proposito tag-contenidos tag-identidad tag-imagen-institucional tag-politica-de-comunicaciones tag-valores\" role=\"listitem\">\n\t\t\t\t<a class=\"elementor-post__thumbnail__link\" href=\"https:\/\/www.ucatolica.edu.co\/portal\/la-universidad-fortalece-su-comunicacion-con-una-nueva-politica-institucional\/\" tabindex=\"-1\" target=&quot;_blank&quot;>\n\t\t\t<div class=\"elementor-post__thumbnail\"><img loading=\"lazy\" decoding=\"async\" width=\"870\" height=\"522\" src=\"https:\/\/www.ucatolica.edu.co\/portal\/wp-content\/uploads\/2026\/04\/Mensajes.jpg\" class=\"attachment-full size-full wp-image-132062\" alt=\"\" srcset=\"https:\/\/www.ucatolica.edu.co\/portal\/wp-content\/uploads\/2026\/04\/Mensajes.jpg 870w, https:\/\/www.ucatolica.edu.co\/portal\/wp-content\/uploads\/2026\/04\/Mensajes-768x461.jpg 768w\" sizes=\"(max-width: 870px) 100vw, 870px\" \/><\/div>\n\t\t<\/a>\n\t\t\t\t<div class=\"elementor-post__text\">\n\t\t\t\t<h3 class=\"elementor-post__title\">\n\t\t\t<a href=\"https:\/\/www.ucatolica.edu.co\/portal\/la-universidad-fortalece-su-comunicacion-con-una-nueva-politica-institucional\/\" target=&quot;_blank&quot;>\n\t\t\t\tLa Universidad fortalece su comunicaci\u00f3n con una nueva pol\u00edtica institucional\t\t\t<\/a>\n\t\t<\/h3>\n\t\t\t\t<div class=\"elementor-post__meta-data\">\n\t\t\t\t\t<span class=\"elementor-post-date\">\n\t\t\t6 abril, 2026\t\t<\/span>\n\t\t\t\t<\/div>\n\t\t\t\t<div class=\"elementor-post__excerpt\">\n\t\t\t<p>En la vida universitaria, todo comunica. Un correo, una publicaci\u00f3n, una pieza gr\u00e1fica, una respuesta<\/p>\n\t\t<\/div>\n\t\t\t\t<\/div>\n\t\t\t\t<\/article>\n\t\t\t\t<\/div>\n\t\t\n\t\t\t\t<div class=\"e-load-more-anchor\" data-page=\"1\" data-max-page=\"24\" data-next-page=\"https:\/\/www.ucatolica.edu.co\/portal\/wp-json\/wp\/v2\/pages\/65115\/page\/2\/\"><\/div>\n\t\t\t\t<nav class=\"elementor-pagination\" aria-label=\"Pagination\">\n\t\t\t<span aria-current=\"page\" class=\"page-numbers current\"><span class=\"elementor-screen-only\">Page<\/span>1<\/span>\n<a class=\"page-numbers\" href=\"https:\/\/www.ucatolica.edu.co\/portal\/wp-json\/wp\/v2\/pages\/65115\/page\/2\/\"><span class=\"elementor-screen-only\">Page<\/span>2<\/a>\n<a class=\"page-numbers\" href=\"https:\/\/www.ucatolica.edu.co\/portal\/wp-json\/wp\/v2\/pages\/65115\/page\/3\/\"><span class=\"elementor-screen-only\">Page<\/span>3<\/a>\n<a class=\"page-numbers\" href=\"https:\/\/www.ucatolica.edu.co\/portal\/wp-json\/wp\/v2\/pages\/65115\/page\/4\/\"><span class=\"elementor-screen-only\">Page<\/span>4<\/a>\n<a class=\"page-numbers\" href=\"https:\/\/www.ucatolica.edu.co\/portal\/wp-json\/wp\/v2\/pages\/65115\/page\/5\/\"><span class=\"elementor-screen-only\">Page<\/span>5<\/a>\t\t<\/nav>\n\t\t\t\t\t\t<\/div>\n\t\t\t\t<\/div>\n\t\t\t\t\t<\/div>\n\t\t<\/div>\n\t\t\t\t\t<\/div>\n\t\t<\/section>\n\t\t\t\t<\/div>\n\t\t","protected":false},"excerpt":{"rendered":"","protected":false},"author":2,"featured_media":0,"parent":0,"menu_order":0,"comment_status":"closed","ping_status":"closed","template":"","meta":{"_acf_changed":false,"advgb_blocks_editor_width":"","advgb_blocks_columns_visual_guide":"","footnotes":""},"class_list":["post-65115","page","type-page","status-publish","hentry"],"acf":[],"yoast_head":"<!-- This site is optimized with the Yoast SEO plugin v26.7 - https:\/\/yoast.com\/wordpress\/plugins\/seo\/ -->\n<title>Noticias - Universidad Cat\u00f3lica De Colombia<\/title>\n<meta name=\"robots\" content=\"index, follow, max-snippet:-1, max-image-preview:large, max-video-preview:-1\" \/>\n<link rel=\"canonical\" href=\"https:\/\/www.ucatolica.edu.co\/portal\/noticias\/\" \/>\n<meta property=\"og:locale\" content=\"es_ES\" \/>\n<meta property=\"og:type\" content=\"article\" \/>\n<meta property=\"og:title\" content=\"Noticias - Universidad Cat\u00f3lica De Colombia\" \/>\n<meta property=\"og:url\" content=\"https:\/\/www.ucatolica.edu.co\/portal\/noticias\/\" \/>\n<meta property=\"og:site_name\" content=\"Universidad Cat\u00f3lica De Colombia\" \/>\n<meta property=\"article:publisher\" content=\"https:\/\/www.facebook.com\/ucatolicacolombia\" \/>\n<meta property=\"article:modified_time\" content=\"2021-09-22T22:43:01+00:00\" \/>\n<meta name=\"twitter:card\" content=\"summary_large_image\" \/>\n<meta name=\"twitter:site\" content=\"@UCatolicaCol\" \/>\n<meta name=\"twitter:label1\" content=\"Tiempo de lectura\" \/>\n\t<meta name=\"twitter:data1\" content=\"10 minutos\" \/>\n<script type=\"application\/ld+json\" class=\"yoast-schema-graph\">{\"@context\":\"https:\/\/schema.org\",\"@graph\":[{\"@type\":\"WebPage\",\"@id\":\"https:\/\/www.ucatolica.edu.co\/portal\/noticias\/\",\"url\":\"https:\/\/www.ucatolica.edu.co\/portal\/noticias\/\",\"name\":\"Noticias - Universidad Cat\u00f3lica De Colombia\",\"isPartOf\":{\"@id\":\"https:\/\/www.ucatolica.edu.co\/portal\/#website\"},\"datePublished\":\"2021-09-22T19:52:21+00:00\",\"dateModified\":\"2021-09-22T22:43:01+00:00\",\"breadcrumb\":{\"@id\":\"https:\/\/www.ucatolica.edu.co\/portal\/noticias\/#breadcrumb\"},\"inLanguage\":\"es-CO\",\"potentialAction\":[{\"@type\":\"ReadAction\",\"target\":[\"https:\/\/www.ucatolica.edu.co\/portal\/noticias\/\"]}]},{\"@type\":\"BreadcrumbList\",\"@id\":\"https:\/\/www.ucatolica.edu.co\/portal\/noticias\/#breadcrumb\",\"itemListElement\":[{\"@type\":\"ListItem\",\"position\":1,\"name\":\"Inicio\",\"item\":\"https:\/\/www.ucatolica.edu.co\/portal\/\"},{\"@type\":\"ListItem\",\"position\":2,\"name\":\"Noticias\"}]},{\"@type\":\"WebSite\",\"@id\":\"https:\/\/www.ucatolica.edu.co\/portal\/#website\",\"url\":\"https:\/\/www.ucatolica.edu.co\/portal\/\",\"name\":\"Universidad Cat\u00f3lica De Colombia\",\"description\":\"Universidad Cat\u00f3lica De Colombia\",\"publisher\":{\"@id\":\"https:\/\/www.ucatolica.edu.co\/portal\/#organization\"},\"potentialAction\":[{\"@type\":\"SearchAction\",\"target\":{\"@type\":\"EntryPoint\",\"urlTemplate\":\"https:\/\/www.ucatolica.edu.co\/portal\/?s={search_term_string}\"},\"query-input\":{\"@type\":\"PropertyValueSpecification\",\"valueRequired\":true,\"valueName\":\"search_term_string\"}}],\"inLanguage\":\"es-CO\"},{\"@type\":\"Organization\",\"@id\":\"https:\/\/www.ucatolica.edu.co\/portal\/#organization\",\"name\":\"Universidad Cat\u00f3lica de Colombia\",\"url\":\"https:\/\/www.ucatolica.edu.co\/portal\/\",\"logo\":{\"@type\":\"ImageObject\",\"inLanguage\":\"es-CO\",\"@id\":\"https:\/\/www.ucatolica.edu.co\/portal\/#\/schema\/logo\/image\/\",\"url\":\"https:\/\/www.ucatolica.edu.co\/portal\/wp-content\/uploads\/2021\/06\/logo-header-ho-1.svg\",\"contentUrl\":\"https:\/\/www.ucatolica.edu.co\/portal\/wp-content\/uploads\/2021\/06\/logo-header-ho-1.svg\",\"width\":1,\"height\":1,\"caption\":\"Universidad Cat\u00f3lica de Colombia\"},\"image\":{\"@id\":\"https:\/\/www.ucatolica.edu.co\/portal\/#\/schema\/logo\/image\/\"},\"sameAs\":[\"https:\/\/www.facebook.com\/ucatolicacolombia\",\"https:\/\/x.com\/UCatolicaCol\",\"https:\/\/www.instagram.com\/universidadcatolicadecolombia\/\",\"https:\/\/www.linkedin.com\/company\/universidadcatolicadecolombia\/\",\"https:\/\/www.youtube.com\/user\/UCatolicaCo\"]}]}<\/script>\n<!-- \/ Yoast SEO plugin. -->","yoast_head_json":{"title":"Noticias - Universidad Cat\u00f3lica De Colombia","robots":{"index":"index","follow":"follow","max-snippet":"max-snippet:-1","max-image-preview":"max-image-preview:large","max-video-preview":"max-video-preview:-1"},"canonical":"https:\/\/www.ucatolica.edu.co\/portal\/noticias\/","og_locale":"es_ES","og_type":"article","og_title":"Noticias - Universidad Cat\u00f3lica De Colombia","og_url":"https:\/\/www.ucatolica.edu.co\/portal\/noticias\/","og_site_name":"Universidad Cat\u00f3lica De Colombia","article_publisher":"https:\/\/www.facebook.com\/ucatolicacolombia","article_modified_time":"2021-09-22T22:43:01+00:00","twitter_card":"summary_large_image","twitter_site":"@UCatolicaCol","twitter_misc":{"Tiempo de lectura":"10 minutos"},"schema":{"@context":"https:\/\/schema.org","@graph":[{"@type":"WebPage","@id":"https:\/\/www.ucatolica.edu.co\/portal\/noticias\/","url":"https:\/\/www.ucatolica.edu.co\/portal\/noticias\/","name":"Noticias - Universidad Cat\u00f3lica De Colombia","isPartOf":{"@id":"https:\/\/www.ucatolica.edu.co\/portal\/#website"},"datePublished":"2021-09-22T19:52:21+00:00","dateModified":"2021-09-22T22:43:01+00:00","breadcrumb":{"@id":"https:\/\/www.ucatolica.edu.co\/portal\/noticias\/#breadcrumb"},"inLanguage":"es-CO","potentialAction":[{"@type":"ReadAction","target":["https:\/\/www.ucatolica.edu.co\/portal\/noticias\/"]}]},{"@type":"BreadcrumbList","@id":"https:\/\/www.ucatolica.edu.co\/portal\/noticias\/#breadcrumb","itemListElement":[{"@type":"ListItem","position":1,"name":"Inicio","item":"https:\/\/www.ucatolica.edu.co\/portal\/"},{"@type":"ListItem","position":2,"name":"Noticias"}]},{"@type":"WebSite","@id":"https:\/\/www.ucatolica.edu.co\/portal\/#website","url":"https:\/\/www.ucatolica.edu.co\/portal\/","name":"Universidad Cat\u00f3lica De Colombia","description":"Universidad Cat\u00f3lica De Colombia","publisher":{"@id":"https:\/\/www.ucatolica.edu.co\/portal\/#organization"},"potentialAction":[{"@type":"SearchAction","target":{"@type":"EntryPoint","urlTemplate":"https:\/\/www.ucatolica.edu.co\/portal\/?s={search_term_string}"},"query-input":{"@type":"PropertyValueSpecification","valueRequired":true,"valueName":"search_term_string"}}],"inLanguage":"es-CO"},{"@type":"Organization","@id":"https:\/\/www.ucatolica.edu.co\/portal\/#organization","name":"Universidad Cat\u00f3lica de Colombia","url":"https:\/\/www.ucatolica.edu.co\/portal\/","logo":{"@type":"ImageObject","inLanguage":"es-CO","@id":"https:\/\/www.ucatolica.edu.co\/portal\/#\/schema\/logo\/image\/","url":"https:\/\/www.ucatolica.edu.co\/portal\/wp-content\/uploads\/2021\/06\/logo-header-ho-1.svg","contentUrl":"https:\/\/www.ucatolica.edu.co\/portal\/wp-content\/uploads\/2021\/06\/logo-header-ho-1.svg","width":1,"height":1,"caption":"Universidad Cat\u00f3lica de Colombia"},"image":{"@id":"https:\/\/www.ucatolica.edu.co\/portal\/#\/schema\/logo\/image\/"},"sameAs":["https:\/\/www.facebook.com\/ucatolicacolombia","https:\/\/x.com\/UCatolicaCol","https:\/\/www.instagram.com\/universidadcatolicadecolombia\/","https:\/\/www.linkedin.com\/company\/universidadcatolicadecolombia\/","https:\/\/www.youtube.com\/user\/UCatolicaCo"]}]}},"coauthors":[],"author_meta":{"author_link":"https:\/\/www.ucatolica.edu.co\/portal\/author\/carrnall\/","display_name":"Carlos Zea"},"relative_dates":{"created":"Posted 5 a\u00f1os ago","modified":"Updated 5 a\u00f1os ago"},"absolute_dates":{"created":"Posted on 22 septiembre, 2021","modified":"Updated on 22 septiembre, 2021"},"absolute_dates_time":{"created":"Posted on 22 septiembre, 2021 2:52 pm","modified":"Updated on 22 septiembre, 2021 5:43 pm"},"featured_img_caption":"","featured_img":false,"series_order":"","_links":{"self":[{"href":"https:\/\/www.ucatolica.edu.co\/portal\/wp-json\/wp\/v2\/pages\/65115","targetHints":{"allow":["GET"]}}],"collection":[{"href":"https:\/\/www.ucatolica.edu.co\/portal\/wp-json\/wp\/v2\/pages"}],"about":[{"href":"https:\/\/www.ucatolica.edu.co\/portal\/wp-json\/wp\/v2\/types\/page"}],"author":[{"embeddable":true,"href":"https:\/\/www.ucatolica.edu.co\/portal\/wp-json\/wp\/v2\/users\/2"}],"replies":[{"embeddable":true,"href":"https:\/\/www.ucatolica.edu.co\/portal\/wp-json\/wp\/v2\/comments?post=65115"}],"version-history":[{"count":0,"href":"https:\/\/www.ucatolica.edu.co\/portal\/wp-json\/wp\/v2\/pages\/65115\/revisions"}],"wp:attachment":[{"href":"https:\/\/www.ucatolica.edu.co\/portal\/wp-json\/wp\/v2\/media?parent=65115"}],"curies":[{"name":"wp","href":"https:\/\/api.w.org\/{rel}","templated":true}]}}