{"id":685,"date":"2018-08-27T15:57:16","date_gmt":"2018-08-27T20:57:16","guid":{"rendered":"http:\/\/localhost:8888\/portal\/?page_id=685"},"modified":"2026-03-05T07:41:26","modified_gmt":"2026-03-05T12:41:26","slug":"direccion-central-de-investigaciones","status":"publish","type":"page","link":"https:\/\/www.ucatolica.edu.co\/portal\/direccion-central-de-investigaciones\/","title":{"rendered":"Direcci\u00f3n Central de Investigaciones"},"content":{"rendered":"<h2>Direcci\u00f3n Central de Investigaciones<\/h2>\n<ul>\n<li><a href=\"\/portal\/wp-content\/uploads\/adjuntos\/acuerdos\/sala-de-gobierno-012-20.pdf\">Acuerdo 12 de 2020 de Sala de Gobierno (Por el cual se modifica la estructura interna de la Direcci\u00f3n Central de Investigaciones de la Universidad Cat\u00f3lica de Colombia).<\/a><\/li>\n<li><a href=\"\/portal\/wp-content\/uploads\/adjuntos\/acuerdos\/consejo-superior-acuerdos-academicos-335-22.pdf\" target=\"blank\" rel=\"noopener\">Acuerdo 335 de 2022 (La investigaci\u00f3n en la Universidad Cat\u00f3lica de Colombia).<\/a><\/li>\n<\/ul>\n<p><strong>Misi\u00f3n.<\/strong>\u00a0La Direcci\u00f3n Central de Investigaciones de la Universidad, se define como una unidad encargada de generar las pol\u00edticas, estrategias, objetivos, planes y programas de Investigaci\u00f3n, Desarrollo e Innovaci\u00f3n, Formaci\u00f3n Investigativa y Transferencia de Resultados de Investigaci\u00f3n de la Instituci\u00f3n, con el fin de plantear soluciones a los desaf\u00edos globales, fomentar el desarrollo cient\u00edfico, cultural y social del pa\u00eds con proyecci\u00f3n nacional e internacional y crear de una cultura investigativa en la Universidad, en coherencia con la Misi\u00f3n y el PEI.<br \/>\n<strong>Objetivo.<\/strong>\u00a0La Direcci\u00f3n Central de Investigaciones de la Universidad tiene como objetivo dirigir, planear y fomentar las actividades orientadas a la investigaci\u00f3n, el desarrollo y la innovaci\u00f3n (ID+I), la investigaci\u00f3n formativa y la formaci\u00f3n en investigaci\u00f3n, acorde a las \u00e1reas y l\u00edneas definidas en la Instituci\u00f3n, y gestionar la transferencia, aplicaci\u00f3n y apropiaci\u00f3n del conocimiento, desarrollando capacidades en innovaci\u00f3n en la comunidad Universitaria.<br \/>\n<strong>Responsabilidades.<\/strong>\u00a0Las responsabilidades de car\u00e1cter general a cargo Direcci\u00f3n Central de Investigaciones son:<\/p>\n<ul>\n<li>Generar las pol\u00edticas, estrategias, objetivos, planes y programas de investigaci\u00f3n, acorde con los lineamientos institucionales.<\/li>\n<li>Promover la formulaci\u00f3n y desarrollo de proyectos de ID+I orientados al estudio y generaci\u00f3n de alternativas de soluci\u00f3n a problemas del contexto nacional e internacional, articulados con las \u00e1reas y l\u00edneas de investigaci\u00f3n institucional.<\/li>\n<li>Fomentar el trabajo conjunto, la interdisciplinariedad, internacionalizaci\u00f3n y articulaci\u00f3n Universidad-Empresa-Estado-Sociedad, a trav\u00e9s de la colaboraci\u00f3n en investigaci\u00f3n mediante la formulaci\u00f3n y desarrollo de proyectos de ID+I de la Universidad, en el marco de las redes, convenios y acuerdos con otras instituciones nacionales o internacionales, gubernamentales y del sector empresarial.<\/li>\n<li>Apoyar a las Facultades y Unidades Acad\u00e9micas, en los procesos de transferencia de resultados de investigaci\u00f3n, de investigaci\u00f3n formativa y formaci\u00f3n para la investigaci\u00f3n, que permita integrar la funci\u00f3n sustantiva de investigaci\u00f3n en los planes curriculares de pregrado y posgrado.<\/li>\n<li>Dise\u00f1ar e implementar programas y actividades orientados a potenciar en los estudiantes competencias para la investigaci\u00f3n, el desarrollo y la innovaci\u00f3n (ID+I), acorde con las \u00e1reas y l\u00edneas de investigaci\u00f3n institucionales.<\/li>\n<li>Desarrollar y afianzar estrategias pedag\u00f3gicas que promuevan el desarrollo de competencias investigativas, multiculturales, anal\u00edticas y de emprendimiento, y la participaci\u00f3n de estudiantes en procesos de investigaci\u00f3n multidisciplinar.<\/li>\n<li>Dise\u00f1ar e implementar programas y actividades en conjunto con la Decanatura Acad\u00e9mica, orientados a desarrollar en los profesores competencias de ID+I.<\/li>\n<li>Gestionar las actividades relacionadas con la promoci\u00f3n y divulgaci\u00f3n de las actividades de los proyectos de investigaci\u00f3n, desarrollo e innovaci\u00f3n, y de las estrategias de investigaci\u00f3n formativa y formaci\u00f3n para la investigaci\u00f3n de la Universidad, con el fin de dar una mayor visibilidad al impacto social de las mismas.<\/li>\n<li>Realizar seguimiento y an\u00e1lisis de la producci\u00f3n investigativa de la Universidad, as\u00ed como su impacto acorde a los requerimientos de la Instituci\u00f3n.<\/li>\n<li>Realizar los estudios de vigilancia, prospectiva, identificaci\u00f3n y an\u00e1lisis de tendencias de las \u00e1reas, l\u00edneas y centros de investigaci\u00f3n de la Universidad, acorde con las necesidades institucionales, nacionales e internacionales.<\/li>\n<li>Proponer, desarrollar y aplicar el modelo de transferencia de resultados de investigaci\u00f3n institucional.<\/li>\n<li>Desarrollar capacidades en innovaci\u00f3n y propiedad intelectual en la comunidad universitaria.<\/li>\n<li>Estructurar y proponer el portafolio de servicios y capacidades institucional basado en I+D+i en conjunto con la Divisi\u00f3n de Extensi\u00f3n.<\/li>\n<li>Fortalecer los espacios de interacci\u00f3n e identificaci\u00f3n de necesidades con el sector productivo y el gobierno, para la generaci\u00f3n de ingresos mediante investigaci\u00f3n aplicada, asesor\u00eda, consultor\u00eda y capacitaci\u00f3n.<\/li>\n<\/ul>\n<div id=\"accordion\" class=\"panel-group\">\n<div class=\"panel panel-default\">\n<div id=\"headingCero\" class=\"panel-heading\">\n<h4 class=\"panel-title\"><a href=\"#collapseCero\" data-toggle=\"collapse\" data-parent=\"#accordion\">Estructura DCI<\/a><\/h4>\n<\/div>\n<div id=\"collapseCero\" class=\"panel-collapse collapse\">\n<p><strong>Estructura DCI<\/strong><\/p>\n<p>La Direcci\u00f3n Central de Investigaciones orientar\u00e1 las estrategias y procesos que est\u00e1n a cargo de los Coordinadores quienes act\u00faan bajo la orientaci\u00f3n y supervisi\u00f3n del Director de Investigaciones, as\u00ed:<\/p>\n<table class=\"table table-bordered\">\n<thead>\n<tr>\n<th>Nombre<\/th>\n<th>Cargo<\/th>\n<th>Email<\/th>\n<\/tr>\n<\/thead>\n<tbody>\n<tr>\n<td>\n<p class=\"p1\">Edwin Daniel Dur\u00e1n Gaviria<\/p>\n<\/td>\n<td>\n<p class=\"p1\">Director Direcci\u00f3n Central de Investigaciones<\/p>\n<\/td>\n<td>\n<p class=\"p1\">edduran@ucatolica.edu.co<\/p>\n<\/td>\n<td>\n<p class=\"p1\">1221<\/p>\n<\/td>\n<\/tr>\n<tr>\n<td>\n<p class=\"p1\">Karen Liseth Cabarcas Acosta<\/p>\n<\/td>\n<td>\n<p class=\"p1\">Coordinaci\u00f3n de Investigaci\u00f3n, Desarrollo e Innovaci\u00f3n<\/p>\n<\/td>\n<td>\n<p class=\"p1\">coorinvestigacion@ucatolica.edu.co<\/p>\n<\/td>\n<td>\n<p class=\"p1\">1225<\/p>\n<\/td>\n<\/tr>\n<tr>\n<td>\n<p class=\"p1\">Julieth Geraldine Rojas Sierra<\/p>\n<\/td>\n<td>\n<p class=\"p1\">Profesional de Apoyo<\/p>\n<\/td>\n<td>\n<p class=\"p1\">coorinvestigacion@ucatolica.edu.co<\/p>\n<\/td>\n<td>\n<p class=\"p1\">1223<\/p>\n<\/td>\n<\/tr>\n<tr>\n<td>\n<p class=\"p1\">Diana Carolina Monroy S\u00e1nchez<\/p>\n<\/td>\n<td>\n<p class=\"p1\">Coordinaci\u00f3n de Formaci\u00f3n Investigativa<\/p>\n<\/td>\n<td>\n<p class=\"p1\">coorformacioninv@ucatolica.edu.co<\/p>\n<\/td>\n<td>\n<p class=\"p1\">1224<\/p>\n<\/td>\n<\/tr>\n<tr>\n<td>\n<p class=\"p1\">\n<\/td>\n<td>\n<p class=\"p1\">Coordinaci\u00f3n de Transferencia de Resultados de Investigaci\u00f3n<\/p>\n<\/td>\n<td>\n<p class=\"p1\">coortransferencia@ucatolica.edu.co<\/p>\n<\/td>\n<td>\n<p class=\"p1\">1222<\/p>\n<\/td>\n<\/tr>\n<tr>\n<td>\n<p class=\"p1\">Alexandra Almario Bejarano<\/p>\n<\/td>\n<td>\n<p class=\"p1\">Asistente Administrativo<\/p>\n<\/td>\n<td>\n<p class=\"p1\">dinvestigaciones@ucatolica.edu.co<\/p>\n<\/td>\n<td>\n<p class=\"p1\">1220<\/p>\n<\/td>\n<\/tr>\n<\/tbody>\n<\/table>\n<\/div>\n<\/div>\n<div class=\"panel panel-default\">\n<div id=\"headingOne\" class=\"panel-heading\">\n<h4 class=\"panel-title\"><a href=\"#collapseOne\" data-toggle=\"collapse\" data-parent=\"#accordion\">Centros de Investigaci\u00f3n<\/a><\/h4>\n<\/div>\n<div id=\"collapseOne\" class=\"panel-collapse collapse\">\n<p><span style=\"color: #3366ff;\"><a style=\"color: #3366ff;\" href=\"https:\/\/www.ucatolica.edu.co\/portal\/Facultades\/facultad-de-diseno\/#grupos-investigacion\"><strong>Centro de Investigaciones de la Facultad de Arquitectura &#8211; CIFAR<\/strong><\/a><\/span><br \/>\nFacultad: Dise\u00f1o<br \/>\nDirector de Investigaciones: Cristhian David Mayorga Robayo<br \/>\nConozca el Acuerdo No. 189 \u201cPor el cual se formaliza la existencia y actividades del Centro de Investigaciones\u201d: <a href=\"\/portal\/wp-content\/uploads\/adjuntos\/acuerdos\/consejo-superior-acuerdos-academicos-189-13.pdf\">aqu\u00ed <\/a><br \/>\n<span style=\"color: #3366ff;\"><a style=\"color: #3366ff;\" href=\"https:\/\/www.ucatolica.edu.co\/portal\/Facultades\/facultad-de-ciencias-economicas-y-administrativas\/#grupos-investigacion\"><strong>Centro de Investigaci\u00f3n para el Desarrollo Econ\u00f3mico y Empresarial &#8211; CIDEE<\/strong><\/a><\/span><br \/>\nFacultad: Ciencias Econ\u00f3micas y Administrativas<br \/>\nDirector de Investigaciones: Hern\u00e1n Felipe Trujillo Quintero<br \/>\nConozca el Acuerdo No. 260 \u201cPor el cual se formaliza la existencia y actividades del Centro de Investigaciones\u201d: <a href=\"\/portal\/wp-content\/uploads\/adjuntos\/acuerdos\/consejo-superior-acuerdos-academicos-260-18.pdf\">aqu\u00ed<\/a><br \/>\n<span style=\"color: #3366ff;\"><a style=\"color: #3366ff;\" href=\"https:\/\/www.ucatolica.edu.co\/portal\/centro-de-investigaciones-socio-juridicas-cisjuc\/\"><strong>Centro de Investigaciones Sociojur\u00eddicas &#8211; CISJUC<\/strong><\/a><\/span><br \/>\nFacultad: Derecho<br \/>\nDirector de Investigaciones: Jairo Andr\u00e9s Becerra Ortiz<br \/>\nConozca el Acuerdo No. 207 \u201cPor el cual se reglamentan las actividades del Centro de Investigaciones\u201d: <a href=\"\/portal\/wp-content\/uploads\/adjuntos\/acuerdos\/consejo-superior-acuerdos-academicos-207-14.pdf\">aqu\u00ed<\/a><br \/>\n<span style=\"color: #3366ff;\"><a style=\"color: #3366ff;\" href=\"https:\/\/www.ucatolica.edu.co\/portal\/centro-de-investigaciones-de-la-facultad-de-ingenieria-cifi\/\"><strong>Centro de Investigaciones de la Facultad de Ingenier\u00eda &#8211; CIFI<\/strong><\/a><\/span><br \/>\nFacultad: Ingenier\u00eda<br \/>\nDirector de Investigaciones: Claudia Constanza Jim\u00e9nez<br \/>\nConozca el Acuerdo No. 261 \u201cPor el cual se formaliza la existencia y reglamentan las actividades del Centro de Investigaciones\u201d: <a href=\"\/portal\/wp-content\/uploads\/adjuntos\/acuerdos\/consejo-superior-acuerdos-academicos-261-18.pdf\">aqu\u00ed<\/a><br \/>\n<span style=\"color: #3366ff;\"><a style=\"color: #3366ff;\" href=\"https:\/\/www.ucatolica.edu.co\/portal\/Facultades\/facultad-de-psicologia\/ceips\/\"><strong>Centro de Estudios e Investigaciones en Psicolog\u00eda &#8211; CEIPS<\/strong><\/a><\/span><br \/>\nFacultad: Psicolog\u00eda<br \/>\nDirector de Investigaciones: Ana Camila Garc\u00eda Murillo<br \/>\nConozca el Acuerdo No. 205 \u201cPor el cual se formaliza la existencia y actividades del Centro de Estudios e Investigaciones\u201d: <a href=\"\/portal\/wp-content\/uploads\/adjuntos\/acuerdos\/consejo-superior-acuerdos-academicos-205-14.pdf\">aqu\u00ed<\/a><\/p>\n<\/div>\n<\/div>\n<div class=\"panel panel-default\">\n<div id=\"headingTwo\" class=\"panel-heading\">\n<h4 class=\"panel-title\"><a href=\"#collapseTwo\" data-toggle=\"collapse\" data-parent=\"#accordion\">Coordinaciones de Investigaci\u00f3n<\/a><\/h4>\n<\/div>\n<div id=\"collapseTwo\" class=\"panel-collapse collapse\">\n<table class=\"table table-striped\">\n<thead>\n<tr>\n<th>Unidad Acad\u00e9mica<\/th>\n<th>Director<\/th>\n<th>Email<\/th>\n<th>Ext<\/th>\n<\/tr>\n<\/thead>\n<tbody>\n<tr>\n<td>Facultad de Dise\u00f1o<\/td>\n<td>Cristhian David Mayorga Robayo<\/td>\n<td><a href=\"mailto:cifar@ucatolica.edu.co\">cifar@ucatolica.edu.co<\/a><\/td>\n<td>3112<\/td>\n<\/tr>\n<tr>\n<td>Facultad de Derecho<\/td>\n<td>Jairo Andr\u00e9s Becerra Ort\u00edz<\/td>\n<td><a href=\"mailto:cisjuc@ucatolica.edu.co\">cisjuc@ucatolica.edu.co<\/a><\/td>\n<td>5011<br \/>\n5021<\/td>\n<\/tr>\n<tr>\n<td>Facultad de Ciencias Econ\u00f3micas y Administrativas<\/td>\n<td>Hern\u00e1n Felipe Trujillo Quintero<\/td>\n<td><a href=\"mailto:investigaciones.fcea@ucatolica.edu.co\">investigaciones.fcea@ucatolica.edu.co<\/a><\/td>\n<td>5160<br \/>\n5063<\/td>\n<\/tr>\n<tr>\n<td>Facultad de Ingenier\u00eda<\/td>\n<td>Claudia Constanza Jim\u00e9nez<\/td>\n<td><a href=\"mailto:investigacionesing@ucatolica.edu.co\">investigacionesing@ucatolica.edu.co<\/a><\/td>\n<td>3132<br \/>\n3130<\/td>\n<\/tr>\n<tr>\n<td>Facultad de Psicolog\u00eda<\/td>\n<td>Ana Camila Garc\u00eda Murillo<\/td>\n<td><a href=\"mailto:investiga_psico@ucatolica.edu.co\">investiga_psico@ucatolica.edu.co<\/a><\/td>\n<td>5056<\/td>\n<\/tr>\n<tr>\n<td>Departamento de Humanidades<\/td>\n<td>Diana Constanza Nossa<\/td>\n<td><a href=\"mailto:investigahumanidades@ucatolica.edu.co\">investigahumanidades@ucatolica.edu.co<\/a><\/td>\n<td>1200<\/td>\n<\/tr>\n<tr>\n<td>Departamento de Ciencias B\u00e1sicas<\/td>\n<td>Norvey Rodr\u00edguez Fonseca<\/td>\n<td><a href=\"mailto:cbinvestigacion@ucatolica.edu.co\">cbinvestigacion@ucatolica.edu.co<\/a><\/td>\n<td>3000<\/td>\n<\/tr>\n<\/tbody>\n<\/table>\n<\/div>\n<\/div>\n<div class=\"panel panel-default\">\n<div id=\"headingThree\" class=\"panel-heading\">\n<h4 class=\"panel-title\"><a href=\"#collapseThree\" data-toggle=\"collapse\" data-parent=\"#accordion\">Jornadas de Investigaci\u00f3n<\/a><\/h4>\n<\/div>\n<div id=\"collapseThree\" class=\"panel-collapse collapse\">\n<div class=\"panel-body\">\n<h3>XVI Jornada de Investigaci\u00f3n 2025<\/h3>\n<p><a href=\"https:\/\/www.ucatolica.edu.co\/portal\/wp-content\/uploads\/2025\/07\/lineamientos.pdf\">Anexo1. Lineamientos &#8211; XVI Jornada de Investigaci\u00f3n Institucional<\/a><\/p>\n<p><a href=\"https:\/\/www.ucatolica.edu.co\/portal\/wp-content\/uploads\/2025\/07\/guia_para_la_presentacion_de_posters_xvi_jornada_Investigacion.pdf\" target=\"_blank\" rel=\"noopener\">Anexo 2. Gu\u00eda para la presentaci\u00f3n de posters XVI Jornada Investigaci\u00f3n<\/a><\/p>\n<p><a href=\"https:\/\/www.ucatolica.edu.co\/portal\/wp-content\/uploads\/2025\/07\/guia_para_la_presentacion_de_resumen_extendido_xvi_jornada.pdf\" target=\"_blank\" rel=\"noopener\">Anexo 3. Gu\u00eda para la presentaci\u00f3n de resumen extendido XVI Jornada U cat\u00f3lica<\/a><\/p>\n<p><a href=\"https:\/\/www.ucatolica.edu.co\/portal\/wp-content\/uploads\/2025\/07\/plantilla_resumen_extendido_xvi_jornada.docx\" target=\"_blank\" rel=\"noopener\">Anexo 4. Plantilla Resumen Extendido XVI Jornada UCatolica<\/a><\/p>\n<p><a href=\"https:\/\/www.ucatolica.edu.co\/portal\/wp-content\/uploads\/2025\/07\/autorizacion_de_publicacion_xvi_jornada_de_investigacion.doc\" target=\"_blank\" rel=\"noopener\">Anexo 5. Autorizaci\u00f3n de publicaci\u00f3n XVI Jornada de Investigaci\u00f3n<\/a><\/p>\n<p><a href=\"https:\/\/www.ucatolica.edu.co\/portal\/wp-content\/uploads\/2025\/07\/plantilla_formato_poster.pptx\" target=\"_blank\" rel=\"noopener\">Anexo 6. Plantilla Formato PPT P\u00f3ster<\/a><\/p>\n<p><a href=\"https:\/\/www.ucatolica.edu.co\/portal\/wp-content\/uploads\/2025\/07\/plantilla_formato_poster.pdf\" target=\"_blank\" rel=\"noopener\">Anexo 7. Plantilla Formato PDF P\u00f3ster<\/a><\/p>\n<p><a href=\"https:\/\/www.ucatolica.edu.co\/portal\/wp-content\/uploads\/2025\/07\/plantilla_formato_poster.ai\" target=\"_blank\" rel=\"noopener\">Anexo 8. Plantilla Formato ai. P\u00f3ster<\/a><\/p>\n<p><a href=\"https:\/\/www.ucatolica.edu.co\/portal\/wp-content\/uploads\/2025\/07\/plantilla_formato_poster.jpg\" target=\"_blank\" rel=\"noopener\">Anexo 9. Plantilla Formato JPG P\u00f3ster<\/a><\/p>\n<p><a href=\"https:\/\/www.ucatolica.edu.co\/portal\/wp-content\/uploads\/2024\/05\/Perfil-de-conferencistasJornada.pdf\" target=\"_blank\" rel=\"noopener\">Perfil conferencistas<\/a><\/p>\n<hr class=\"linea-divisoria-orii\" style=\"display: block;\" \/>\n<h3>XIV Jornada de Investigaci\u00f3n 2023<\/h3>\n<p><a href=\"https:\/\/www.ucatolica.edu.co\/portal\/poster-xiv-jornada-de-investigacion-2023\/\" target=\"_blank\" rel=\"noopener\">P\u00f3ster presentados<\/a><br \/>\n<a href=\"https:\/\/www.ucatolica.edu.co\/portal\/wp-content\/uploads\/2023\/06\/Perfil-de-conferencistas.pdf\" target=\"_blank\" rel=\"noopener\">Perfil conferencistas<\/a><\/p>\n<p><a href=\"https:\/\/www.ucatolica.edu.co\/portal\/xiv-jornada-de-investigacion-un-espacio-para-conocer-nuestros-aportes-a-la-sociedad\/\" target=\"_blank\" rel=\"noopener\">XIV Jornada de Investigaci\u00f3n \u201cUn espacio para conocer nuestros aportes a la sociedad\u201d<\/a><\/p>\n<p><a href=\"https:\/\/www.ucatolica.edu.co\/portal\/la-xiv-jornada-de-investigacion-se-realizo-con-exito\/\" target=\"_blank\" rel=\"noopener\">La XIV Jornada de Investigaci\u00f3n se realiz\u00f3 con \u00e9xito<\/a><\/p>\n<hr class=\"linea-divisoria-orii\" style=\"display: block;\" \/>\n<h3>XIII Jornada de Investigaci\u00f3n 2022<\/h3>\n<p><a href=\"https:\/\/www.ucatolica.edu.co\/portal\/wp-content\/uploads\/2022\/06\/ganadores-concurso-posters-xii.pdf\" target=\"_blank\" rel=\"noopener\">Ganadores del concurso de poster<\/a><\/p>\n<p><a href=\"https:\/\/www.ucatolica.edu.co\/portal\/wp-content\/uploads\/2023\/02\/poster-que-se-presentaron-XIII.pdf\" target=\"_blank\" rel=\"noopener\">P\u00f3ster que se presentaron<\/a><\/p>\n<p><a href=\"https:\/\/www.ucatolica.edu.co\/portal\/wp-content\/uploads\/2022\/05\/Conferencistas-Invitados-Perfiles-2022.pdf\" target=\"_blank\" rel=\"noopener\">Perfil de los conferencistas<\/a><br \/>\nPublicaciones<br \/>\n<a href=\"https:\/\/www.ucatolica.edu.co\/portal\/participa-en-la-xiii-jornada-de-investigacion-institucional-2022\/\" target=\"_blank\" rel=\"noopener\"><span style=\"font-weight: 400;\">Participa en la XIII Jornada de Investigaci\u00f3n Institucional<\/span><\/a><\/p>\n<p><a href=\"https:\/\/www.ucatolica.edu.co\/portal\/wp-content\/uploads\/2022\/05\/Conferencistas-Invitados-Perfiles-2022.pdf\" target=\"_blank\" rel=\"noopener\">La XIII Jornada de Investigaci\u00f3n se realiz\u00f3 con \u00e9xito<\/a><\/p>\n<hr class=\"linea-divisoria-orii\" style=\"display: block;\" \/>\n<h3>II Jornada de Investigaci\u00f3n <b>2021<\/b><\/h3>\n<p><a href=\"https:\/\/www.ucatolica.edu.co\/portal\/wp-content\/uploads\/2021\/09\/ganadores-concurso-posters.pdf\">Ganadores del concurso de poster<\/a><b><br \/>\n<\/b><a href=\"https:\/\/www.ucatolica.edu.co\/portal\/wp-content\/uploads\/2022\/06\/Conferencistas-Invitados-Perfiles-2021.pdf\" target=\"_blank\" rel=\"noopener\">Perfil de los conferencistas<\/a><b><br \/>\nPublicaciones<\/b><\/p>\n<p><a href=\"https:\/\/www.ucatolica.edu.co\/portal\/xii-jornada-de-investigacion\/\" target=\"_blank\" rel=\"noopener\"><span style=\"font-weight: 400;\">P\u00f3ster que se presentaron<\/span><\/a><br \/>\n<a href=\"https:\/\/www.ucatolica.edu.co\/portal\/participa-en-la-xii-jornada-de-investigacion-2021\/\" target=\"_blank\" rel=\"noopener\"><span style=\"font-weight: 400;\">Participa en la XII Jornada de Investigaci\u00f3n Institucional<\/span><\/a><br \/>\n<a href=\"https:\/\/www.ucatolica.edu.co\/portal\/la-xii-jornada-de-investigacion-se-realizo-con-exito\/\" target=\"_blank\" rel=\"noopener\"><span style=\"font-weight: 400;\">La XII Jornada de Investigaci\u00f3n se realiz\u00f3 con \u00e9xito<\/span><\/a><\/p>\n<hr class=\"linea-divisoria-orii\" style=\"display: block;\" \/>\n<h3>XI Jornada de Investigaci\u00f3n 2020<\/h3>\n<p><a href=\"https:\/\/www.ucatolica.edu.co\/portal\/wp-content\/uploads\/2021\/09\/ganadores-concurso-posters-xi.pdf\" target=\"_blank\" rel=\"noopener\">Ganadores del concurso de poster<\/a><strong><br \/>\nPerfil de los conferencistas<\/strong><br \/>\n<a href=\"\/portal\/wp-content\/uploads\/2020\/09\/Conferencistasjornadadeimnvestigaciones.pdf\" target=\"_blank\" rel=\"noopener\">Perfil de los conferencistas<\/a><br \/>\n<strong>Exhibici\u00f3n de p\u00f3sters<\/strong><br \/>\n<a href=\"\/portal\/investigaciones\/xi-jornada-de-investigacion\/\" target=\"_blank\" rel=\"noopener\">Mira aqu\u00ed los p\u00f3sters<\/a><br \/>\n<strong>Publicaciones<\/strong><br \/>\n<a href=\"\/portal\/participa-en-la-xi-jornada-de-investigacion-institucional\/\" target=\"_blank\" rel=\"noopener\">Participa en la XI Jornada de Investigaci\u00f3n Institucional<\/a><br \/>\n<a href=\"\/portal\/la-xi-jornada-de-investigacion-institucional-sera-virtual\/\" target=\"_blank\" rel=\"noopener\">La XI Jornada de Investigaci\u00f3n Institucional ser\u00e1 virtual<\/a><br \/>\n<a href=\"\/portal\/el-17-y-18-de-septiembre-se-llevara-a-cabo-la-xi-jornada-de-investigacion\/\" target=\"_blank\" rel=\"noopener\">El 17 y 18 de septiembre se llevar\u00e1 a cabo la XI Jornada de Investigaci\u00f3n<\/a><br \/>\n<a href=\"\/portal\/la-xi-jornada-de-investigacion-se-realizo-con-exito\/\" target=\"_blank\" rel=\"noopener\">La XI Jornada de Investigaci\u00f3n se realiz\u00f3 con \u00e9xito<\/a><\/p>\n<hr class=\"linea-divisoria-orii\" style=\"display: block;\" \/>\n<h3><b>1\u00b0Encuentro de la Red Internacional de Investigaci\u00f3n ERII 2019<\/b>.<a href=\"\/portal\/ganadores-del-concurso-de-posteres-durante-erii-2019\/\"><span style=\"font-weight: 400;\">Ganadores del concurso de p\u00f3steres durante ERII 2019<\/span><\/a><br \/>\n<a href=\"\/portal\/la-investigacion-se-concentro-en-un-solo-lugar-erii-2019\/\"><span style=\"font-weight: 400;\">La investigaci\u00f3n se concentr\u00f3 en un solo lugar \u00a1ERII 2019!<\/span><\/a><br \/>\n<a href=\"\/portal\/desarrollaremos-el-1encuentro-de-la-red-internacional-de-investigacion-erii-2019\/\"><span style=\"font-weight: 400;\">Inicia el 1\u00b0Encuentro de la Red Internacional de Investigaci\u00f3n ERII 2019<\/span><\/a><\/h3>\n<hr class=\"linea-divisoria-orii\" style=\"display: block;\" \/>\n<h3>IX Jornada de investigaci\u00f3n 2018<\/h3>\n<p><a href=\"https:\/\/www.ucatolica.edu.co\/portal\/asi-se-vivio-la-viii-jornada-de-investigacion\/\">As\u00ed se vivi\u00f3 la VIII Jornada de Investigaci\u00f3n<\/a><br \/>\n<a href=\"https:\/\/www.flickr.com\/photos\/ucatolicavaconmigo\/sets\/72157681579356840\" target=\"_blank\" rel=\"noopener\">Jornada de Investigaci\u00f3n 2017<\/a><\/p>\n<h3>VII Jornada de investigaci\u00f3n 2016<\/h3>\n<p><a href=\"https:\/\/www.ucatolica.edu.co\/portal\/vii-jornada-de-investigaciones\/\">VII Jornada de Investigaciones<\/a><br \/>\n<a href=\"https:\/\/www.ucatolica.edu.co\/portal\/jorge-reynolds-y-las-nuevas-tecnologias\/\">Jorge Reynolds y las nuevas tecnolog\u00edas<\/a><br \/>\n<a href=\"https:\/\/www.ucatolica.edu.co\/portal\/jorge-reynolds-creador-del-primer-marcapasos-dara-conferencia-en-la-universidad-catolica-de-colombia\/\">Jorge Reynolds, creador del primer marcapaso, dar\u00e1 conferencia en la Universidad Cat\u00f3lica de Colombia<\/a><br \/>\n<a href=\"https:\/\/www.ucatolica.edu.co\/portal\/oscar-ocampo-cuervo-egresado-de-arquitectura-nos-cuenta-de-urban-green\/\">Oscar Ocampo Cuervo, egresado de arquitectura nos cuenta de Urban Green<\/a><br \/>\n<a href=\"https:\/\/www.flickr.com\/photos\/ucatolicavaconmigo\/sets\/72157666795779720\" target=\"_blank\" rel=\"noopener\">Galer\u00eda de fotos<\/a><\/p>\n<\/div>\n<\/div>\n<\/div>\n<div class=\"panel panel-default\">\n<div id=\"headingCinco\" class=\"panel-heading\">\n<h4 class=\"panel-title\"><a href=\"#collapseCinco\" data-toggle=\"collapse\" data-parent=\"#accordion\">Redes de investigaci\u00f3n<\/a><\/h4>\n<\/div>\n<div id=\"collapseCinco\" class=\"panel-collapse collapse\">\n<div class=\"panel-body\">\n<p><strong>RED INTERNACIONAL UNIVERSITARIA PARA EL DESARROLLO DE LA INVESTIGACI\u00d3N<\/strong><\/p>\n<p>Potenciar el desarrollo de la actividad investigativa de las instituciones que hacen parte de este acuerdo, mediante la formalizaci\u00f3n de redes de investigadores, promoci\u00f3n de actividades conjuntas, planes de movilidad y el trabajo en una red editorial.<\/p>\n<p><strong>Universidades<\/strong><\/p>\n<ul>\n<li>Monterrey de M\u00e9xico<\/li>\n<li>Cat\u00f3lica de Salta en Argentina<\/li>\n<li>Universidad Cat\u00f3lica de Colombia<\/li>\n<\/ul>\n<p><strong>Beneficios<\/strong><\/p>\n<ul>\n<li>Desarrollo conjunto de proyectos y resultados de investigaci\u00f3n<\/li>\n<li>Formalizaci\u00f3n de redes de Investigadores<\/li>\n<li>Promoci\u00f3n de actividades cient\u00edficas conjuntas<\/li>\n<li>Plan de Movilidad<\/li>\n<li>Trabajo en la red editorial<\/li>\n<\/ul>\n<p><strong><a href=\"https:\/\/www.ucatolica.edu.co\/portal\/wp-content\/uploads\/adjuntos\/investigaciones\/convenio-red-internacional-universitaria-para-el-desarrollo-de-la-investigacion.pdf\">Convenio<\/a> <\/strong><\/p>\n<p><strong>RED DE UNIVERSIDADES CAT\u00d3LICAS DE COLOMBIA \u2013 RUCC<\/strong><\/p>\n<p>La red ha llegado a convocar 32 instituciones de educaci\u00f3n superior de confesi\u00f3n cat\u00f3lica en todo el territorio nacional. Sus principales prop\u00f3sitos son \u201cser propositivos ante el Ministerio con la Educaci\u00f3n Nacional de Colombia, para dar a conocer la importancia de la formaci\u00f3n integral y de calidad\u201d realizada en las Universidades afiliadas y \u201capoyar esfuerzos de ofrecer educaci\u00f3n universitaria de alta calidad con formaci\u00f3n en valores humanos y cristianos, mediante la colaboraci\u00f3n y cooperaci\u00f3n interinstitucional de las Universidades integrantes de la Red\u201d, entre otros.\u201d Hacemos parte del nodo centro, mesa de investigaciones de la RUCC.<\/p>\n<p><strong>RED DE TRANSFERENCIA DE CONOCIMIENTO E INNOVACI\u00d3N<\/strong><\/p>\n<p>Objetivos espec\u00edficos:<\/p>\n<p>Fomentar el intercambio y colaboraci\u00f3n de pr\u00e1cticas y experiencias de transferencia de conocimiento e innovaci\u00f3n que apalanquen procesos de interacci\u00f3n entre academia, empresa, industria, instituciones p\u00fablicas y comunidades.<\/p>\n<p>Desarrollar habilidades de relacionamiento y cooperaci\u00f3n con el entorno para fortalecer la interacci\u00f3n con empresas, entidades p\u00fablicas y comunidades.<\/p>\n<p>Facilitar espacios de intercambio y capacitaci\u00f3n que permitan tener una masa cr\u00edtica de personas formadas en transferencia de conocimiento e innovaci\u00f3n.<\/p>\n<p><strong><a href=\"https:\/\/www.facebook.com\/pages\/category\/Science--Technology---Engineering\/Redttco-101460361339309\/\">Enlace<\/a><\/strong><\/p>\n<p><strong>RED NACIONAL DE COMIT\u00c9S DE \u00c9TICA DE LA INVESTIGACI\u00d3N Y COMIT\u00c9S DE BIO\u00c9TICA<\/strong>.<\/p>\n<p>Esta red es un grupo interdisciplinario, interinstitucional e intersectorial, conformado por nodos regionales. Este grupo a\u00fana esfuerzos, conocimiento, experiencias y preocupaciones para articular criterios, responsabilidades y agendas de los Comit\u00e9s de \u00c9tica de Investigaci\u00f3n y de Bio\u00e9tica del pa\u00eds. As\u00ed mismo, realiza debates abiertos, plurales, participativos, flexibles y responsables de conformidad con las particularidades del ecosistema, de la comunidad cient\u00edfica y en general, de los actores del Sistema Nacional de Competitividad, ciencia, tecnolog\u00eda e Innovaci\u00f3n que se quieran vincular, para discernir enfoques y proponer decisiones sobre dilema \u00e9ticos de la ciencia, la tecnolog\u00eda y la innovaci\u00f3n.<\/p>\n<p><strong>RED COLOMBIANA DE INFORMACI\u00d3N CIENT\u00cdFICA:<\/strong><\/p>\n<p>La Red Colombiana de Informaci\u00f3n Cient\u00edfica fue conformada por MinCiencias a trav\u00e9s del Resoluci\u00f3n 166 del 20 de febrero de 2019 El objetivo central de la Red es articular esfuerzos de los actores del Sistema Nacional de Ciencia, Tecnolog\u00eda e Innovaci\u00f3n, para potenciar la visibilidad, circulaci\u00f3n y gesti\u00f3n de la informaci\u00f3n cient\u00edfica colombiana.<\/p>\n<p><strong><a href=\"http:\/\/redcol.minciencias.gov.co\/\">Enlace<\/a><\/strong><\/p>\n<\/div>\n<\/div>\n<\/div>\n<div class=\"panel panel-default\">\n<div id=\"headingSeis\" class=\"panel-heading\">\n<h4 class=\"panel-title\"><a href=\"#collapseSeis\" data-toggle=\"collapse\" data-parent=\"#accordion\">Transferencia de Resultados de Investigaci\u00f3n<\/a><\/h4>\n<\/div>\n<div id=\"collapseSeis\" class=\"panel-collapse collapse\">\n<div class=\"panel-body\"><strong>Patentes y nuevas creaciones<\/strong><\/div>\n<div><\/div>\n<ul>\n<li class=\"panel-body\">DISPOSITIVO DE PREVENCI\u00d3N DE HURTO DE ESPEJOS EN AUTOMOTORES<\/li>\n<li class=\"panel-body\">PROTOTIPO STOP AUTOMATICO PARA EL ENSAYO DE L\u00cdMITE LIQUIDO EN ARCILLAS BASADO EN LA CAZUELA DE CASAGRANDE<\/li>\n<li class=\"panel-body\">DISPOSITIVO PARA LA VIGILANCIA Y MONITOREO DE UNA LLANTA<\/li>\n<li class=\"panel-body\">APARATO M\u00d3VIL PARA DOSIFICACI\u00d3N EN MODO TELECONTROL DE SUSTANCIAS, TALES<br \/>\nCOMO AGROQU\u00cdMICO<\/li>\n<\/ul>\n<div class=\"panel-body\"><strong>Patentes Radicas<\/strong><\/div>\n<ul>\n<li class=\"panel-body\">DISPOSITIVO Y M\u00c9TODO PARA LA MEDICI\u00d3N Y ESTIMACI\u00d3N DE LA CALIDAD DE AIRE<\/li>\n<li class=\"panel-body\">SISTEMA DE AUTOMATIZACI\u00d3N PARA EL PROCESO FUMIGACI\u00d3N<\/li>\n<li class=\"panel-body\">DISPOSITIVO PARA LA ESTIMACI\u00d3N DEL CAMBIO VOLUM\u00c9TRICO DE UN SUELO<\/li>\n<\/ul>\n<\/div>\n<\/div>\n<\/div>\n<h5 class=\"eip\">Direcci\u00f3n Central de Investigaciones<\/h5>\n<p class=\"cont\">Avenida Caracas # 46-72, sede Las Torres, piso 5<br \/>\nTel\u00e9fono: (601) 4433700 exts. 1220, 1221, 1222 y 1223<br \/>\n<a href=\"mailto:dinvestigaciones@ucatolica.edu.co\">dinvestigaciones@ucatolica.edu.co<\/a><\/p>\n<p>Horario de atenci\u00f3n<br \/>\nLunes a viernes de 8:00 a. m. a 1:00 p. m. y de 2:00 p. m. a 5:30 p. m.<br \/>\n<!-- CONTENEDOR DOS PARA SIDEBAR --><\/p>\n<div id=\"contenido-dos\">\n<h2>Documentos de Inter\u00e9s<\/h2>\n<div id=\"accordion\" class=\"panel-group\">\n<div class=\"panel panel-default\">\n<div id=\"headingLeft1\" class=\"panel-heading\">\n<h4 class=\"panel-title\"><a href=\"#collapseLeft1\" data-toggle=\"collapse\" data-parent=\"#accordion\">Formatos<\/a><\/h4>\n<\/div>\n<div id=\"collapseLeft1\" class=\"panel-collapse collapse\">\n<div class=\"panel-body\">\n<h3>Formatos Libros<\/h3>\n<p><a href=\"https:\/\/www.ucatolica.edu.co\/portal\/wp-content\/uploads\/adjuntos\/investigaciones\/libros.docx\" target=\"_blank\" rel=\"noopener\">Formato Evaluaci\u00f3n Libro de Investigaci\u00f3n<\/a><\/p>\n<h3>Formatos Proyectos de Investigaci\u00f3n<\/h3>\n<p><a href=\"https:\/\/www.ucatolica.edu.co\/portal\/wp-content\/uploads\/adjuntos\/investigaciones\/informe-fInal-proyectos-de-investigacion.doc\" target=\"_blank\" rel=\"noopener\">Formato Informe Final de Proyecto de investigaci\u00f3n 2017<\/a><br \/>\n<a href=\"https:\/\/www.ucatolica.edu.co\/portal\/wp-content\/uploads\/adjuntos\/investigaciones\/a1-formato-presentacion-del-proyecto.doc\" target=\"_blank\" rel=\"noopener\">Formato Formulaci\u00f3n de Proyecto de Investigaci\u00f3n<\/a><br \/>\n<a href=\"https:\/\/www.ucatolica.edu.co\/portal\/wp-content\/uploads\/adjuntos\/investigaciones\/informe-de-avance-proyecto.doc\" target=\"_blank\" rel=\"noopener\">Formato Informe de Avance Proyecto de Investigaci\u00f3n<\/a><br \/>\n<a href=\"https:\/\/www.ucatolica.edu.co\/portal\/wp-content\/uploads\/adjuntos\/investigaciones\/a3-guia-evaluacion-para-proyectos.xlsx\" target=\"_blank\" rel=\"noopener\">Gu\u00eda para la Evaluaci\u00f3n de Proyectos de Investigaci\u00f3n<\/a><br \/>\n<!--\n \t\n\n<li class=\"word\"><a href=\"https:\/\/www.ucatolica.edu.co\/portal\/wp-content\/uploads\/adjuntos\/investigaciones\/formato-evaluacion-proyectos-de-investigacion.doc\" target=\"_blank\" rel=\"noopener\">Formato de Evaluaci\u00f3n de Proyectos de Investigaci\u00f3n<\/a><\/li>\n\n\n--><\/p>\n<h3>Formatos Semilleros de Investigaci\u00f3n<\/h3>\n<p><a href=\"https:\/\/www.ucatolica.edu.co\/portal\/wp-content\/uploads\/adjuntos\/investigaciones\/plan-de-investigacion-semillero.doc\" target=\"_blank\" rel=\"noopener\">Formato Plan de Investigaci\u00f3n Semillero de Investigaci\u00f3n<\/a><br \/>\n<a href=\"https:\/\/www.ucatolica.edu.co\/portal\/wp-content\/uploads\/adjuntos\/investigaciones\/informe-tecnico-semillero.doc\" target=\"_blank\" rel=\"noopener\">Formato Informe T\u00e9cnico de Avance Semillero de Investigaci\u00f3n<\/a><br \/>\n<a href=\"https:\/\/www.ucatolica.edu.co\/portal\/wp-content\/uploads\/adjuntos\/investigaciones\/evaluacion-avance-semillero.doc\" target=\"_blank\" rel=\"noopener\">Formato de Evaluaci\u00f3n Avance de Semillero<\/a><br \/>\n<a href=\"https:\/\/www.ucatolica.edu.co\/portal\/wp-content\/uploads\/adjuntos\/investigaciones\/a6-lista-de-integrantes-semilleros-de-investigacion.doc\" target=\"_blank\" rel=\"noopener\">Formato de Lista de Semillero<\/a><\/p>\n<\/div>\n<\/div>\n<\/div>\n<\/div>\n<div id=\"accordion\" class=\"panel-group\">\n<div class=\"panel panel-default\">\n<div id=\"headingLeft3\" class=\"panel-heading\">\n<h4 class=\"panel-title\"><a href=\"#collapseLeft3\" data-toggle=\"collapse\" data-parent=\"#accordion\">Sistema de Investigaciones<\/a><\/h4>\n<\/div>\n<div id=\"collapseLeft3\" class=\"panel-collapse collapse\">\n<div class=\"panel-body\"><a href=\"https:\/\/www.ucatolica.edu.co\/portal\/wp-content\/uploads\/adjuntos\/acuerdos\/consejo-superior-acuerdos-academicos-242-16.pdf\" target=\"_blank\" rel=\"noopener\">Acuerdo 242<\/a><br \/>\n<a href=\"https:\/\/www.ucatolica.edu.co\/portal\/wp-content\/uploads\/adjuntos\/acuerdos\/anexo-consejo-superior-acuerdos-academicos-242-16.pdf\" target=\"_blank\" rel=\"noopener\">Anexo Acuerdo 242<\/a><\/div>\n<\/div>\n<\/div>\n<\/div>\n<div id=\"accordion\" class=\"panel-group\">\n<div class=\"panel panel-default\">\n<div id=\"headingLeft4\" class=\"panel-heading\">\n<h4 class=\"panel-title\"><a href=\"#collapseLeft4\" data-toggle=\"collapse\" data-parent=\"#accordion\">Formatos Comit\u00e9 de \u00c9tica<\/a><\/h4>\n<\/div>\n<div id=\"collapseLeft4\" class=\"panel-collapse collapse\">\n<div class=\"panel-body\"><a href=\"https:\/\/ucatolica.edu.co\/portal\/wp-content\/uploads\/adjuntos\/investigaciones\/anexo-1-formato-asentimiento-informado.doc\" target=\"_blank\" rel=\"noopener\">Formato Asentimiento Informado<\/a><br \/>\n<a href=\"https:\/\/ucatolica.edu.co\/portal\/wp-content\/uploads\/adjuntos\/investigaciones\/anexo-2-formato-consentimiento-informado-mayor-edad.doc\" target=\"_blank\" rel=\"noopener\">Formato Consentimiento Informado Mayor Edad<\/a><br \/>\n<a href=\"https:\/\/ucatolica.edu.co\/portal\/wp-content\/uploads\/adjuntos\/investigaciones\/anexo-3-formato-de-consentimiento-informado-menor-edad.doc\" target=\"_blank\" rel=\"noopener\">Formato de Consentimiento Informado Menor Edad<\/a><br \/>\n<a href=\"https:\/\/ucatolica.edu.co\/portal\/wp-content\/uploads\/adjuntos\/investigaciones\/anexo-4-habeas-data-proyecto-de-investigacion.doc\" target=\"_blank\" rel=\"noopener\">Pol\u00edtica de tratamiento de datos personales-Proyecto de Investigaci\u00f3n<\/a><\/div>\n<\/div>\n<\/div>\n<\/div>\n<div id=\"accordion\" class=\"panel-group\">\n<div class=\"panel panel-default\">\n<div id=\"headingLeft5\" class=\"panel-heading\">\n<h4 class=\"panel-title\"><a href=\"#collapseLeft5\" data-toggle=\"collapse\" data-parent=\"#accordion\">Calendario de investigaciones<\/a><\/h4>\n<\/div>\n<div id=\"collapseLeft5\" class=\"panel-collapse collapse\">\n<div class=\"panel-body\">\n<ul>\n<li class=\"pdf\"><em><a href=\"https:\/\/www.ucatolica.edu.co\/portal\/wp-content\/uploads\/2026\/03\/AfCalendario2026.pdf\" target=\"_blank\" rel=\"noopener\">Calendario de investigaciones 2026<\/a><\/em><\/li>\n<li class=\"pdf\"><em><a href=\"https:\/\/www.ucatolica.edu.co\/portal\/wp-content\/uploads\/2025\/02\/AfCalendario2025.pdf\" target=\"_blank\" rel=\"noopener\">Calendario de investigaciones 2025<\/a><\/em><\/li>\n<li class=\"pdf\"><a href=\"https:\/\/www.ucatolica.edu.co\/portal\/wp-content\/uploads\/2024\/02\/calendario-investigaciones-2024.pdf\" target=\"_blank\" rel=\"noopener\">Calendario de investigaciones 2024<\/a><\/li>\n<li class=\"pdf\"><a href=\"https:\/\/www.ucatolica.edu.co\/portal\/wp-content\/uploads\/2023\/03\/calendario-investigaciones-2023.pdf\" target=\"_blank\" rel=\"noopener\">Calendario de investigaciones 2023<\/a><\/li>\n<li class=\"pdf\"><a href=\"https:\/\/www.ucatolica.edu.co\/portal\/wp-content\/uploads\/2022\/02\/calendario-investigaciones-2022.pdf\" target=\"_blank\" rel=\"noopener\">Calendario de investigaciones 2022<\/a><\/li>\n<li class=\"pdf\"><a href=\"\/portal\/wp-content\/uploads\/adjuntos\/investigaciones\/calendario-investigaciones-2021.pdf\" target=\"_blank\" rel=\"noopener\">Calendario de investigaciones 2021<\/a><\/li>\n<li class=\"pdf\"><a href=\"\/portal\/wp-content\/uploads\/adjuntos\/investigaciones\/calendario-investigaciones-2020.pdf\" target=\"_blank\" rel=\"noopener\">Calendario de investigaciones 2020<\/a><\/li>\n<\/ul>\n<\/div>\n<\/div>\n<\/div>\n<\/div>\n<div id=\"accordion\" class=\"panel-group\">\n<div class=\"panel panel-default\">\n<div id=\"headingLeft6\" class=\"panel-heading\">\n<h4 class=\"panel-title\"><a href=\"#collapseLeft6\" data-toggle=\"collapse\" data-parent=\"#accordion\">XVI Jornada de Investigaci\u00f3n<\/a><\/h4>\n<\/div>\n<div id=\"collapseLeft6\" class=\"panel-collapse collapse\">\n<div class=\"panel-body\">\n<ul>\n<li><a href=\"https:\/\/www.ucatolica.edu.co\/portal\/wp-content\/uploads\/2025\/07\/lineamientos.pdf\">Anexo1. Lineamientos \u2013 XVI Jornada de Investigaci\u00f3n Institucional<\/a><\/li>\n<li><a href=\"https:\/\/www.ucatolica.edu.co\/portal\/wp-content\/uploads\/2025\/07\/guia_para_la_presentacion_de_posters_xvi_jornada_Investigacion.pdf\" target=\"_blank\" rel=\"noopener\">Anexo 2. Gu\u00eda para la presentaci\u00f3n de posters XVI Jornada Investigaci\u00f3n<\/a><\/li>\n<li><a href=\"https:\/\/www.ucatolica.edu.co\/portal\/wp-content\/uploads\/2025\/07\/guia_para_la_presentacion_de_resumen_extendido_xvi_jornada.pdf\" target=\"_blank\" rel=\"noopener\">Anexo 3. Gu\u00eda para la presentaci\u00f3n de resumen extendido XVI Jornada U cat\u00f3lica<\/a><\/li>\n<li><a href=\"https:\/\/www.ucatolica.edu.co\/portal\/wp-content\/uploads\/2025\/07\/plantilla_resumen_extendido_xvi_jornada.docx\" target=\"_blank\" rel=\"noopener\">Anexo 4. Plantilla Resumen Extendido XVI Jornada UCatolica<\/a><\/li>\n<li><a href=\"https:\/\/www.ucatolica.edu.co\/portal\/wp-content\/uploads\/2025\/07\/autorizacion_de_publicacion_xvi_jornada_de_investigacion.doc\" target=\"_blank\" rel=\"noopener\">Anexo 5. Autorizaci\u00f3n de publicaci\u00f3n XVI Jornada de Investigaci\u00f3n<\/a><\/li>\n<li><a href=\"https:\/\/www.ucatolica.edu.co\/portal\/wp-content\/uploads\/2025\/07\/plantilla_formato_poster.pptx\" target=\"_blank\" rel=\"noopener\">Anexo 6. Plantilla Formato PPT P\u00f3ster<\/a><\/li>\n<li><a href=\"https:\/\/www.ucatolica.edu.co\/portal\/wp-content\/uploads\/2025\/07\/plantilla_formato_poster.pdf\" target=\"_blank\" rel=\"noopener\">Anexo 7. Plantilla Formato PDF P\u00f3ster<\/a><\/li>\n<li><a href=\"https:\/\/www.ucatolica.edu.co\/portal\/wp-content\/uploads\/2025\/07\/plantilla_formato_poster.ai\" target=\"_blank\" rel=\"noopener\">Anexo 8. Plantilla Formato ai. P\u00f3ster<\/a><\/li>\n<li><a href=\"https:\/\/www.ucatolica.edu.co\/portal\/wp-content\/uploads\/2025\/07\/plantilla_formato_poster.jpg\" target=\"_blank\" rel=\"noopener\">Anexo 9. Plantilla Formato JPG P\u00f3ster<\/a><\/li>\n<\/ul>\n<\/div>\n<\/div>\n<\/div>\n<\/div>\n<div id=\"accordion\" class=\"panel-group\">\n<div class=\"panel panel-default\">\n<div id=\"headingLeft7\" class=\"panel-heading\">\n<h4 class=\"panel-title\"><a href=\"#collapseLeft7\" data-toggle=\"collapse\" data-parent=\"#accordion\">J\u00f3venes Investigadores<\/a><\/h4>\n<\/div>\n<div id=\"collapseLeft7\" class=\"panel-collapse collapse\">\n<div class=\"panel-body\">\n<h3>2015<\/h3>\n<ul>\n<li class=\"pdf\"><a href=\"\/portal\/wp-content\/uploads\/2021\/05\/jovenes-Investigadores-2015.pdf\" target=\"_blank\" rel=\"noopener\">J\u00f3venes Investigadores 2015<\/a><\/li>\n<\/ul>\n<h3>2016<\/h3>\n<ul>\n<li class=\"pdf\"><a href=\"\/portal\/wp-content\/uploads\/2021\/05\/jovenes-Investigadores-2016.pdf\" target=\"_blank\" rel=\"noopener\">J\u00f3venes Investigadores 2016<\/a><\/li>\n<\/ul>\n<h3>2017<\/h3>\n<ul>\n<li class=\"pdf\"><a href=\"\/portal\/wp-content\/uploads\/2021\/05\/jovenes-Investigadores-2017.pdf\" target=\"_blank\" rel=\"noopener\">J\u00f3venes Investigadores 2017<\/a><\/li>\n<\/ul>\n<h3>2018<\/h3>\n<ul>\n<li class=\"pdf\"><a href=\"\/portal\/wp-content\/uploads\/2021\/05\/jovenes-Investigadores-2018.pdf\" target=\"_blank\" rel=\"noopener\">J\u00f3venes Investigadores 2018<\/a><\/li>\n<\/ul>\n<h3>2019<\/h3>\n<ul>\n<li class=\"pdf\"><a href=\"\/portal\/wp-content\/uploads\/2021\/07\/jovenes-Investigadores-2019.pdf\" target=\"_blank\" rel=\"noopener\">J\u00f3venes Investigadores 2019<\/a><\/li>\n<\/ul>\n<h3>2020<\/h3>\n<ul>\n<li class=\"pdf\"><a href=\"\/portal\/wp-content\/uploads\/2021\/05\/jovenes-Investigadores-2020.pdf\" target=\"_blank\" rel=\"noopener\">J\u00f3venes Investigadores 2020<\/a><\/li>\n<\/ul>\n<h3>2021<\/h3>\n<ul>\n<li class=\"pdf\"><a href=\"\/portal\/wp-content\/uploads\/2021\/05\/jovenes-Investigadores-2021.pdf\" target=\"_blank\" rel=\"noopener\">J\u00f3venes Investigadores 2021<\/a><\/li>\n<\/ul>\n<\/div>\n<\/div>\n<\/div>\n<\/div>\n<h2>Accesos de Inter\u00e9s<\/h2>\n<ul>\n<li><a href=\"\/portal\/investigaciones\/direccion-central-de-investigaciones\/\">Direcci\u00f3n Central de Investigaciones<\/a><\/li>\n<li><a href=\"\/portal\/investigaciones\/semilleros-de-investigacion\/\">Semilleros de Investigaci\u00f3n<\/a><\/li>\n<li><a href=\"\/portal\/investigaciones\/grupos-de-investigacion\/\">Grupos de Investigaci\u00f3n<\/a><\/li>\n<li><a href=\"\/portal\/investigaciones\/banco-de-proyectos\/\">Banco de Proyectos<\/a><\/li>\n<li><a href=\"\/portal\/investigaciones\/proyectos-de-cooperacion\/\">Proyectos de Cooperaci\u00f3n<\/a><\/li>\n<li><a href=\"\/portal\/investigaciones\/convocatorias\/\">Convocatorias<\/a><\/li>\n<li><a href=\"\/portal\/investigaciones\/lineamientos-direccion-central-de-investigaciones\/\">lineamientos<\/a><\/li>\n<li><a href=\"https:\/\/proquest.libguides.com\/pivot_es\">Herramienta Pivot-R<\/a><\/li>\n<\/ul>\n<\/div>\n","protected":false},"excerpt":{"rendered":"<p>Direcci\u00f3n Central de Investigaciones Acuerdo 12 de 2020 de Sala de Gobierno (Por el cual se modifica la estructura interna de la Direcci\u00f3n Central de Investigaciones de la Universidad Cat\u00f3lica de Colombia). Acuerdo 335 de 2022 (La investigaci\u00f3n en la Universidad Cat\u00f3lica de Colombia). Misi\u00f3n.\u00a0La Direcci\u00f3n Central de Investigaciones de la Universidad, se define como [&hellip;]<\/p>\n","protected":false},"author":2,"featured_media":0,"parent":0,"menu_order":0,"comment_status":"closed","ping_status":"closed","template":"page-investigaciones.php","meta":{"_acf_changed":false,"advgb_blocks_editor_width":"","advgb_blocks_columns_visual_guide":"","footnotes":""},"class_list":["post-685","page","type-page","status-publish","hentry"],"acf":[],"yoast_head":"<!-- This site is optimized with the Yoast SEO plugin v26.7 - https:\/\/yoast.com\/wordpress\/plugins\/seo\/ -->\n<title>Direcci\u00f3n Central de Investigaciones - Universidad Cat\u00f3lica De Colombia<\/title>\n<meta name=\"robots\" content=\"index, follow, max-snippet:-1, max-image-preview:large, max-video-preview:-1\" \/>\n<link rel=\"canonical\" href=\"https:\/\/www.ucatolica.edu.co\/portal\/direccion-central-de-investigaciones\/\" \/>\n<meta property=\"og:locale\" content=\"es_ES\" \/>\n<meta property=\"og:type\" content=\"article\" \/>\n<meta property=\"og:title\" content=\"Direcci\u00f3n Central de Investigaciones - Universidad Cat\u00f3lica De Colombia\" \/>\n<meta property=\"og:description\" content=\"Direcci\u00f3n Central de Investigaciones Acuerdo 12 de 2020 de Sala de Gobierno (Por el cual se modifica la estructura interna de la Direcci\u00f3n Central de Investigaciones de la Universidad Cat\u00f3lica de Colombia). Acuerdo 335 de 2022 (La investigaci\u00f3n en la Universidad Cat\u00f3lica de Colombia). Misi\u00f3n.\u00a0La Direcci\u00f3n Central de Investigaciones de la Universidad, se define como [&hellip;]\" \/>\n<meta property=\"og:url\" content=\"https:\/\/www.ucatolica.edu.co\/portal\/direccion-central-de-investigaciones\/\" \/>\n<meta property=\"og:site_name\" content=\"Universidad Cat\u00f3lica De Colombia\" \/>\n<meta property=\"article:publisher\" content=\"https:\/\/www.facebook.com\/ucatolicacolombia\" \/>\n<meta property=\"article:modified_time\" content=\"2026-03-05T12:41:26+00:00\" \/>\n<meta name=\"twitter:card\" content=\"summary_large_image\" \/>\n<meta name=\"twitter:site\" content=\"@UCatolicaCol\" \/>\n<meta name=\"twitter:label1\" content=\"Tiempo de lectura\" \/>\n\t<meta name=\"twitter:data1\" content=\"11 minutos\" \/>\n<script type=\"application\/ld+json\" class=\"yoast-schema-graph\">{\"@context\":\"https:\/\/schema.org\",\"@graph\":[{\"@type\":\"WebPage\",\"@id\":\"https:\/\/www.ucatolica.edu.co\/portal\/direccion-central-de-investigaciones\/\",\"url\":\"https:\/\/www.ucatolica.edu.co\/portal\/direccion-central-de-investigaciones\/\",\"name\":\"Direcci\u00f3n Central de Investigaciones - Universidad Cat\u00f3lica De Colombia\",\"isPartOf\":{\"@id\":\"https:\/\/www.ucatolica.edu.co\/portal\/#website\"},\"datePublished\":\"2018-08-27T20:57:16+00:00\",\"dateModified\":\"2026-03-05T12:41:26+00:00\",\"breadcrumb\":{\"@id\":\"https:\/\/www.ucatolica.edu.co\/portal\/direccion-central-de-investigaciones\/#breadcrumb\"},\"inLanguage\":\"es-CO\",\"potentialAction\":[{\"@type\":\"ReadAction\",\"target\":[\"https:\/\/www.ucatolica.edu.co\/portal\/direccion-central-de-investigaciones\/\"]}]},{\"@type\":\"BreadcrumbList\",\"@id\":\"https:\/\/www.ucatolica.edu.co\/portal\/direccion-central-de-investigaciones\/#breadcrumb\",\"itemListElement\":[{\"@type\":\"ListItem\",\"position\":1,\"name\":\"Inicio\",\"item\":\"https:\/\/www.ucatolica.edu.co\/portal\/\"},{\"@type\":\"ListItem\",\"position\":2,\"name\":\"Direcci\u00f3n Central de Investigaciones\"}]},{\"@type\":\"WebSite\",\"@id\":\"https:\/\/www.ucatolica.edu.co\/portal\/#website\",\"url\":\"https:\/\/www.ucatolica.edu.co\/portal\/\",\"name\":\"Universidad Cat\u00f3lica De Colombia\",\"description\":\"Universidad Cat\u00f3lica De Colombia\",\"publisher\":{\"@id\":\"https:\/\/www.ucatolica.edu.co\/portal\/#organization\"},\"potentialAction\":[{\"@type\":\"SearchAction\",\"target\":{\"@type\":\"EntryPoint\",\"urlTemplate\":\"https:\/\/www.ucatolica.edu.co\/portal\/?s={search_term_string}\"},\"query-input\":{\"@type\":\"PropertyValueSpecification\",\"valueRequired\":true,\"valueName\":\"search_term_string\"}}],\"inLanguage\":\"es-CO\"},{\"@type\":\"Organization\",\"@id\":\"https:\/\/www.ucatolica.edu.co\/portal\/#organization\",\"name\":\"Universidad Cat\u00f3lica de Colombia\",\"url\":\"https:\/\/www.ucatolica.edu.co\/portal\/\",\"logo\":{\"@type\":\"ImageObject\",\"inLanguage\":\"es-CO\",\"@id\":\"https:\/\/www.ucatolica.edu.co\/portal\/#\/schema\/logo\/image\/\",\"url\":\"https:\/\/www.ucatolica.edu.co\/portal\/wp-content\/uploads\/2021\/06\/logo-header-ho-1.svg\",\"contentUrl\":\"https:\/\/www.ucatolica.edu.co\/portal\/wp-content\/uploads\/2021\/06\/logo-header-ho-1.svg\",\"width\":1,\"height\":1,\"caption\":\"Universidad Cat\u00f3lica de Colombia\"},\"image\":{\"@id\":\"https:\/\/www.ucatolica.edu.co\/portal\/#\/schema\/logo\/image\/\"},\"sameAs\":[\"https:\/\/www.facebook.com\/ucatolicacolombia\",\"https:\/\/x.com\/UCatolicaCol\",\"https:\/\/www.instagram.com\/universidadcatolicadecolombia\/\",\"https:\/\/www.linkedin.com\/company\/universidadcatolicadecolombia\/\",\"https:\/\/www.youtube.com\/user\/UCatolicaCo\"]}]}<\/script>\n<!-- \/ Yoast SEO plugin. -->","yoast_head_json":{"title":"Direcci\u00f3n Central de Investigaciones - Universidad Cat\u00f3lica De Colombia","robots":{"index":"index","follow":"follow","max-snippet":"max-snippet:-1","max-image-preview":"max-image-preview:large","max-video-preview":"max-video-preview:-1"},"canonical":"https:\/\/www.ucatolica.edu.co\/portal\/direccion-central-de-investigaciones\/","og_locale":"es_ES","og_type":"article","og_title":"Direcci\u00f3n Central de Investigaciones - Universidad Cat\u00f3lica De Colombia","og_description":"Direcci\u00f3n Central de Investigaciones Acuerdo 12 de 2020 de Sala de Gobierno (Por el cual se modifica la estructura interna de la Direcci\u00f3n Central de Investigaciones de la Universidad Cat\u00f3lica de Colombia). Acuerdo 335 de 2022 (La investigaci\u00f3n en la Universidad Cat\u00f3lica de Colombia). Misi\u00f3n.\u00a0La Direcci\u00f3n Central de Investigaciones de la Universidad, se define como [&hellip;]","og_url":"https:\/\/www.ucatolica.edu.co\/portal\/direccion-central-de-investigaciones\/","og_site_name":"Universidad Cat\u00f3lica De Colombia","article_publisher":"https:\/\/www.facebook.com\/ucatolicacolombia","article_modified_time":"2026-03-05T12:41:26+00:00","twitter_card":"summary_large_image","twitter_site":"@UCatolicaCol","twitter_misc":{"Tiempo de lectura":"11 minutos"},"schema":{"@context":"https:\/\/schema.org","@graph":[{"@type":"WebPage","@id":"https:\/\/www.ucatolica.edu.co\/portal\/direccion-central-de-investigaciones\/","url":"https:\/\/www.ucatolica.edu.co\/portal\/direccion-central-de-investigaciones\/","name":"Direcci\u00f3n Central de Investigaciones - Universidad Cat\u00f3lica De Colombia","isPartOf":{"@id":"https:\/\/www.ucatolica.edu.co\/portal\/#website"},"datePublished":"2018-08-27T20:57:16+00:00","dateModified":"2026-03-05T12:41:26+00:00","breadcrumb":{"@id":"https:\/\/www.ucatolica.edu.co\/portal\/direccion-central-de-investigaciones\/#breadcrumb"},"inLanguage":"es-CO","potentialAction":[{"@type":"ReadAction","target":["https:\/\/www.ucatolica.edu.co\/portal\/direccion-central-de-investigaciones\/"]}]},{"@type":"BreadcrumbList","@id":"https:\/\/www.ucatolica.edu.co\/portal\/direccion-central-de-investigaciones\/#breadcrumb","itemListElement":[{"@type":"ListItem","position":1,"name":"Inicio","item":"https:\/\/www.ucatolica.edu.co\/portal\/"},{"@type":"ListItem","position":2,"name":"Direcci\u00f3n Central de Investigaciones"}]},{"@type":"WebSite","@id":"https:\/\/www.ucatolica.edu.co\/portal\/#website","url":"https:\/\/www.ucatolica.edu.co\/portal\/","name":"Universidad Cat\u00f3lica De Colombia","description":"Universidad Cat\u00f3lica De Colombia","publisher":{"@id":"https:\/\/www.ucatolica.edu.co\/portal\/#organization"},"potentialAction":[{"@type":"SearchAction","target":{"@type":"EntryPoint","urlTemplate":"https:\/\/www.ucatolica.edu.co\/portal\/?s={search_term_string}"},"query-input":{"@type":"PropertyValueSpecification","valueRequired":true,"valueName":"search_term_string"}}],"inLanguage":"es-CO"},{"@type":"Organization","@id":"https:\/\/www.ucatolica.edu.co\/portal\/#organization","name":"Universidad Cat\u00f3lica de Colombia","url":"https:\/\/www.ucatolica.edu.co\/portal\/","logo":{"@type":"ImageObject","inLanguage":"es-CO","@id":"https:\/\/www.ucatolica.edu.co\/portal\/#\/schema\/logo\/image\/","url":"https:\/\/www.ucatolica.edu.co\/portal\/wp-content\/uploads\/2021\/06\/logo-header-ho-1.svg","contentUrl":"https:\/\/www.ucatolica.edu.co\/portal\/wp-content\/uploads\/2021\/06\/logo-header-ho-1.svg","width":1,"height":1,"caption":"Universidad Cat\u00f3lica de Colombia"},"image":{"@id":"https:\/\/www.ucatolica.edu.co\/portal\/#\/schema\/logo\/image\/"},"sameAs":["https:\/\/www.facebook.com\/ucatolicacolombia","https:\/\/x.com\/UCatolicaCol","https:\/\/www.instagram.com\/universidadcatolicadecolombia\/","https:\/\/www.linkedin.com\/company\/universidadcatolicadecolombia\/","https:\/\/www.youtube.com\/user\/UCatolicaCo"]}]}},"coauthors":[],"author_meta":{"author_link":"https:\/\/www.ucatolica.edu.co\/portal\/author\/carrnall\/","display_name":"Carlos Zea"},"relative_dates":{"created":"Posted 8 a\u00f1os ago","modified":"Updated 2 meses ago"},"absolute_dates":{"created":"Posted on 27 agosto, 2018","modified":"Updated on 5 marzo, 2026"},"absolute_dates_time":{"created":"Posted on 27 agosto, 2018 3:57 pm","modified":"Updated on 5 marzo, 2026 7:41 am"},"featured_img_caption":"","featured_img":false,"series_order":"","_links":{"self":[{"href":"https:\/\/www.ucatolica.edu.co\/portal\/wp-json\/wp\/v2\/pages\/685","targetHints":{"allow":["GET"]}}],"collection":[{"href":"https:\/\/www.ucatolica.edu.co\/portal\/wp-json\/wp\/v2\/pages"}],"about":[{"href":"https:\/\/www.ucatolica.edu.co\/portal\/wp-json\/wp\/v2\/types\/page"}],"author":[{"embeddable":true,"href":"https:\/\/www.ucatolica.edu.co\/portal\/wp-json\/wp\/v2\/users\/2"}],"replies":[{"embeddable":true,"href":"https:\/\/www.ucatolica.edu.co\/portal\/wp-json\/wp\/v2\/comments?post=685"}],"version-history":[{"count":92,"href":"https:\/\/www.ucatolica.edu.co\/portal\/wp-json\/wp\/v2\/pages\/685\/revisions"}],"predecessor-version":[{"id":130520,"href":"https:\/\/www.ucatolica.edu.co\/portal\/wp-json\/wp\/v2\/pages\/685\/revisions\/130520"}],"wp:attachment":[{"href":"https:\/\/www.ucatolica.edu.co\/portal\/wp-json\/wp\/v2\/media?parent=685"}],"curies":[{"name":"wp","href":"https:\/\/api.w.org\/{rel}","templated":true}]}}