{"id":855,"date":"2018-08-30T16:22:35","date_gmt":"2018-08-30T21:22:35","guid":{"rendered":"http:\/\/localhost:8888\/portal\/?page_id=855"},"modified":"2026-03-12T18:51:42","modified_gmt":"2026-03-12T23:51:42","slug":"coordinacion-de-egresados","status":"publish","type":"page","link":"https:\/\/www.ucatolica.edu.co\/portal\/egresados\/coordinacion-de-egresados\/","title":{"rendered":"Coordinaci\u00f3n de Egresados"},"content":{"rendered":"<h2>Bienvenidos Egresados<\/h2>\n<div class=\"container\">\n<div class=\"row\">\n<div class=\"col-12 col-sm-4\" style=\"border-left: solid 0.005em #bababa;\">\n<p class=\"cont\"><strong>Nuestro equipo de trabajo:<\/strong><\/p>\n<p><strong>Especialista en Empleabilidad<\/strong><\/p>\n<p>Pbx: (601) 4433700 Ext: 3293<br \/><strong>empleabilidad@ucatolica.edu.co<\/strong><br \/>Diagonal 46 #15B- 18 Casa de Extensi\u00f3n<\/p>\n<\/div>\n<\/div>\n<\/div>\n<div id=\"accordion\" class=\"panel-group\">\n<div class=\"panel panel-default\">\n<div id=\"heading1\" class=\"panel-heading\">\n<h4 class=\"panel-title\"><a href=\"#collapse1\" data-toggle=\"collapse\" data-parent=\"#accordion\">Actualiza tus Datos<\/a><\/h4>\n<\/div>\n<div id=\"collapse1\" class=\"panel-collapse collapse\">\n<div class=\"panel-body\">\n<ul>\n<li>\n<h4>\u00bfPara qu\u00e9 actualizar los datos?<\/h4>\n<p>Al estar activo podr\u00e1 disfrutar de todos los servicios y beneficios de la bolsa de empleo que ofrece la Universidad, as\u00ed como recibir ofertas de empleo pertinentes con su perfil actual.<\/p>\n<\/li>\n<li>\n<h4>\u00bfC\u00f3mo actualizar los datos?<\/h4>\n<p>Dir\u00edgete a nuestro <a href=\"https:\/\/adviser.ucatolica.edu.co\/Adviser\/graduados\/ucc\/formulario_medio.php\" target=\"_blank\" rel=\"noopener\">M\u00f3dulo de Graduados<\/a>, all\u00ed ingresa o actualiza tus datos para <strong>empezar<\/strong> a disfrutar los servicios y beneficios por pertenecer a esta gran familia.<\/p>\n<\/li>\n<li>\n<h4>Informes, Nombre, cargo, correo, tel\u00e9fono<\/h4>\n<p>Coordinaci\u00f3n de Egresados al tel\u00e9fono 4433700, exts. 3293 y 1094<\/p>\n<\/li>\n<\/ul>\n<\/div>\n<\/div>\n<\/div>\n<\/div>\n<div id=\"accordion\" class=\"panel-group\">\n<div class=\"panel panel-default\">\n<div id=\"heading2\" class=\"panel-heading\">\n<h4 class=\"panel-title\"><a href=\"#collapse2\" data-toggle=\"collapse\" data-parent=\"#accordion\">Carn\u00e9 de Egresado<\/a><\/h4>\n<\/div>\n<div id=\"collapse2\" class=\"panel-collapse collapse\">\n<div class=\"panel-body\">\n<ul>\n<li>\n<h4>\u00bfPara qu\u00e9 sirve el carn\u00e9 de egresado de la Universidad Cat\u00f3lica de Colombia?<\/h4>\n<p>El carn\u00e9 le permite el ingreso a las instalaciones de la Universidad, acceso a los servicios de la Biblioteca. Obtener descuentos en posgrados, seminarios, y talleres. Obtener descuentos en recreaci\u00f3n, salud y deporte con empresas externas que tienen convenio con la Universidad.<\/p>\n<\/li>\n<li>\n<h4>\u00bfC\u00f3mo se obtiene?<\/h4>\n<p>Entrega del carn\u00e9 para egresados por primera vez<br \/>En caso de que su carn\u00e9 de egresado no le sea entregado con el Acta y el Diploma de profesional, dir\u00edjase a la Oficina de Admisiones Registro y Control Acad\u00e9mico ubicada en la avenida Caracas # 46-72, piso 2, de lunes a viernes de 8:00 a.m. a 8:00 p.m.<br \/>Para egresados que se encuentren fuera de Bogot\u00e1, deben enviar a una persona en su representaci\u00f3n junto con una carta de autorizaci\u00f3n y una foto 3\u00d74 fondo blanco.<br \/>El personal encargado verificar\u00e1 su situaci\u00f3n, le tomar\u00e1 una foto y le notificar\u00e1 el tiempo estimado de la entrega del carn\u00e9.<\/p>\n<\/li>\n<li>\n<h4>Solicitud de duplicado del carn\u00e9 para egresados<\/h4>\n<p>Solicite en biblioteca el paz y salvo.<br \/>Dir\u00edjase a la Oficina de Admisiones, Registro y Control Acad\u00e9mico, ubicada en la avenida Caracas # 46-72, piso 2, con el paz y salvo de Biblioteca y reclame el recibo de pago.<br \/>Consigne en el banco asignado el valor indicado.<br \/>Dir\u00edjase nuevamente a la Oficina de Admisiones, Registro y Control Acad\u00e9mico con el soporte de pago y el paz y salvo de Biblioteca, el personal encargado le tomar\u00e1 una foto, y le notificar\u00e1 el tiempo estimado para la entrega del carn\u00e9.<\/p>\n<\/li>\n<\/ul>\n<\/div>\n<\/div>\n<\/div>\n<\/div>\n<div id=\"accordion\" class=\"panel-group\">\n<div class=\"panel panel-default\">\n<div id=\"heading3\" class=\"panel-heading\">\n<h4 class=\"panel-title\"><a href=\"#collapse3\" data-toggle=\"collapse\" data-parent=\"#accordion\">Preguntas Frecuentes<\/a><\/h4>\n<\/div>\n<div id=\"collapse3\" class=\"panel-collapse collapse\">\n<div class=\"panel-body\">\n<h4>\u00bfC\u00f3mo hacer una validaci\u00f3n de t\u00edtulos?<\/h4>\n<p>Se debe comunicar directamente con la Secretar\u00eda Acad\u00e9mica de cada Facultad:<br \/>\u00b7 Ciencias Econ\u00f3micas y Administrativas: 4433700 Ext. 5155<br \/>\u00b7 Dise\u00f1o: 4433700 Ext. 3106<br \/>\u00b7 Derecho: 4433700 Ext. 5005<br \/>\u00b7 Psicolog\u00eda: 4433700 Ext. 5062<br \/>\u00b7 Ingenier\u00eda: 4433700 Ext. 3190<\/p>\n<h4>\u00bfC\u00f3mo solicitar egresados para trabajar en una empresa?<\/h4>\n<p>Ingresa al portal <a href=\"https:\/\/jobboard.universia.net\/mitrabajoucatolica)\" target=\"_blank\" rel=\"noopener\">bolsa de empleo<\/a>, ub\u00edcate en la barra superior de la pantalla y selecciona la opci\u00f3n \u201cAcceso empresa\u201d y luego en la misma barra \u201cRegistro empresas\u201d debe diligenciar el formulario de inscripci\u00f3n y esperar la activaci\u00f3n de su cuenta por parte del administrador del portal.<br \/>Es importante y necesario que el formulario est\u00e9 completamente diligenciado; de lo contrario NO podr\u00e1 ser AUTORIZADO por nuestra Instituci\u00f3n para llevar a cabo sus procesos de selecci\u00f3n.<\/p>\n<\/div>\n<\/div>\n<\/div>\n<\/div>\n<div id=\"accordion\" class=\"panel-group\">\n<div class=\"panel panel-default\">\n<div id=\"heading4\" class=\"panel-heading\">\n<h4 class=\"panel-title\"><a href=\"#collapse4\" data-toggle=\"collapse\" data-parent=\"#accordion\">Bolet\u00edn Noti Egresados<\/a><\/h4>\n<\/div>\n<div id=\"collapse4\" class=\"panel-collapse collapse\">\n<div class=\"panel-body\"><a href=\"https:\/\/www.ucatolica.edu.co\/portal\/wp-content\/uploads\/2025\/12\/Boletin-Notiegresados_26.pdf\" target=\"_blank\" rel=\"noopener\">Bolet\u00edn Noti Egresados<\/a><\/div>\n<\/div>\n<\/div>\n<\/div>\n<p><!-- CONTENEDOR DOS PARA SIDEBAR --><\/p>\n<div id=\"contenido-dos\">\n<h2>Documentos de Inter\u00e9s<\/h2>\n<ul>\n<li class=\"btn-documentos\"><a href=\"https:\/\/www.ucatolica.edu.co\/portal\/wp-content\/uploads\/2022\/05\/cartilla-impacto-egresados-2016-2020.pdf\" target=\"_blank\" rel=\"noopener\">Impacto de los Egresados en el medio social y acad\u00e9mico 2016-2020<\/a><\/li>\n<li class=\"btn-documentos\"><a href=\"https:\/\/www.ucatolica.edu.co\/portal\/wp-content\/uploads\/2026\/03\/Catalogo_Extension.pdf\" target=\"_blank\" rel=\"noopener\">Portafolio de servicios para Egresados<\/a><\/li>\n<li class=\"btn-documentos\"><a href=\"\/portal\/wp-content\/uploads\/2021\/03\/impacto-egresados.pdf\" target=\"_blank\" rel=\"noopener\">Impacto de Egresados 2010- 2015<\/a><\/li>\n<\/ul>\n<h2>\u00a0<\/h2>\n<ul>\n<li class=\"btn-cinco\"><a href=\"\/portal\/egresados\/coordinacion-de-egresados\/egresado-distinguido\/\">Egresados Distinguidos<\/a><\/li>\n<\/ul>\n<\/div>\n\n\n<p><strong>Coordinaci\u00f3n Egresados<\/strong><br>Pbx:(601)4433700.Ext.1093-1094<br>egresados@ucatolica.edu.co<br>Diagonal 46 # 15B-18, Casa Extensi\u00f3n<\/p>\n","protected":false},"excerpt":{"rendered":"<p>Bienvenidos Egresados Nuestro equipo de trabajo: Especialista en Empleabilidad Pbx: (601) 4433700 Ext: 3293empleabilidad@ucatolica.edu.coDiagonal 46 #15B- 18 Casa de Extensi\u00f3n Actualiza tus Datos \u00bfPara qu\u00e9 actualizar los datos? Al estar activo podr\u00e1 disfrutar de todos los servicios y beneficios de la bolsa de empleo que ofrece la Universidad, as\u00ed como recibir ofertas de empleo pertinentes [&hellip;]<\/p>\n","protected":false},"author":2,"featured_media":0,"parent":901,"menu_order":0,"comment_status":"closed","ping_status":"closed","template":"page-egresados.php","meta":{"_acf_changed":false,"advgb_blocks_editor_width":"","advgb_blocks_columns_visual_guide":"","footnotes":""},"class_list":["post-855","page","type-page","status-publish","hentry"],"acf":[],"yoast_head":"<!-- This site is optimized with the Yoast SEO plugin v26.7 - https:\/\/yoast.com\/wordpress\/plugins\/seo\/ -->\n<title>Coordinaci\u00f3n de Egresados - Universidad Cat\u00f3lica De Colombia<\/title>\n<meta name=\"robots\" content=\"index, follow, max-snippet:-1, max-image-preview:large, max-video-preview:-1\" \/>\n<link rel=\"canonical\" href=\"https:\/\/www.ucatolica.edu.co\/portal\/egresados\/coordinacion-de-egresados\/\" \/>\n<meta property=\"og:locale\" content=\"es_ES\" \/>\n<meta property=\"og:type\" content=\"article\" \/>\n<meta property=\"og:title\" content=\"Coordinaci\u00f3n de Egresados - Universidad Cat\u00f3lica De Colombia\" \/>\n<meta property=\"og:description\" content=\"Bienvenidos Egresados Nuestro equipo de trabajo: Especialista en Empleabilidad Pbx: (601) 4433700 Ext: 3293empleabilidad@ucatolica.edu.coDiagonal 46 #15B- 18 Casa de Extensi\u00f3n Actualiza tus Datos \u00bfPara qu\u00e9 actualizar los datos? Al estar activo podr\u00e1 disfrutar de todos los servicios y beneficios de la bolsa de empleo que ofrece la Universidad, as\u00ed como recibir ofertas de empleo pertinentes [&hellip;]\" \/>\n<meta property=\"og:url\" content=\"https:\/\/www.ucatolica.edu.co\/portal\/egresados\/coordinacion-de-egresados\/\" \/>\n<meta property=\"og:site_name\" content=\"Universidad Cat\u00f3lica De Colombia\" \/>\n<meta property=\"article:publisher\" content=\"https:\/\/www.facebook.com\/ucatolicacolombia\" \/>\n<meta property=\"article:modified_time\" content=\"2026-03-12T23:51:42+00:00\" \/>\n<meta name=\"twitter:card\" content=\"summary_large_image\" \/>\n<meta name=\"twitter:site\" content=\"@UCatolicaCol\" \/>\n<meta name=\"twitter:label1\" content=\"Tiempo de lectura\" \/>\n\t<meta name=\"twitter:data1\" content=\"3 minutos\" \/>\n<script type=\"application\/ld+json\" class=\"yoast-schema-graph\">{\"@context\":\"https:\/\/schema.org\",\"@graph\":[{\"@type\":\"WebPage\",\"@id\":\"https:\/\/www.ucatolica.edu.co\/portal\/egresados\/coordinacion-de-egresados\/\",\"url\":\"https:\/\/www.ucatolica.edu.co\/portal\/egresados\/coordinacion-de-egresados\/\",\"name\":\"Coordinaci\u00f3n de Egresados - Universidad Cat\u00f3lica De Colombia\",\"isPartOf\":{\"@id\":\"https:\/\/www.ucatolica.edu.co\/portal\/#website\"},\"datePublished\":\"2018-08-30T21:22:35+00:00\",\"dateModified\":\"2026-03-12T23:51:42+00:00\",\"breadcrumb\":{\"@id\":\"https:\/\/www.ucatolica.edu.co\/portal\/egresados\/coordinacion-de-egresados\/#breadcrumb\"},\"inLanguage\":\"es-CO\",\"potentialAction\":[{\"@type\":\"ReadAction\",\"target\":[\"https:\/\/www.ucatolica.edu.co\/portal\/egresados\/coordinacion-de-egresados\/\"]}]},{\"@type\":\"BreadcrumbList\",\"@id\":\"https:\/\/www.ucatolica.edu.co\/portal\/egresados\/coordinacion-de-egresados\/#breadcrumb\",\"itemListElement\":[{\"@type\":\"ListItem\",\"position\":1,\"name\":\"Inicio\",\"item\":\"https:\/\/www.ucatolica.edu.co\/portal\/\"},{\"@type\":\"ListItem\",\"position\":2,\"name\":\"Egresados\",\"item\":\"https:\/\/www.ucatolica.edu.co\/portal\/egresados\/\"},{\"@type\":\"ListItem\",\"position\":3,\"name\":\"Coordinaci\u00f3n de Egresados\"}]},{\"@type\":\"WebSite\",\"@id\":\"https:\/\/www.ucatolica.edu.co\/portal\/#website\",\"url\":\"https:\/\/www.ucatolica.edu.co\/portal\/\",\"name\":\"Universidad Cat\u00f3lica De Colombia\",\"description\":\"Universidad Cat\u00f3lica De Colombia\",\"publisher\":{\"@id\":\"https:\/\/www.ucatolica.edu.co\/portal\/#organization\"},\"potentialAction\":[{\"@type\":\"SearchAction\",\"target\":{\"@type\":\"EntryPoint\",\"urlTemplate\":\"https:\/\/www.ucatolica.edu.co\/portal\/?s={search_term_string}\"},\"query-input\":{\"@type\":\"PropertyValueSpecification\",\"valueRequired\":true,\"valueName\":\"search_term_string\"}}],\"inLanguage\":\"es-CO\"},{\"@type\":\"Organization\",\"@id\":\"https:\/\/www.ucatolica.edu.co\/portal\/#organization\",\"name\":\"Universidad Cat\u00f3lica de Colombia\",\"url\":\"https:\/\/www.ucatolica.edu.co\/portal\/\",\"logo\":{\"@type\":\"ImageObject\",\"inLanguage\":\"es-CO\",\"@id\":\"https:\/\/www.ucatolica.edu.co\/portal\/#\/schema\/logo\/image\/\",\"url\":\"https:\/\/www.ucatolica.edu.co\/portal\/wp-content\/uploads\/2021\/06\/logo-header-ho-1.svg\",\"contentUrl\":\"https:\/\/www.ucatolica.edu.co\/portal\/wp-content\/uploads\/2021\/06\/logo-header-ho-1.svg\",\"width\":1,\"height\":1,\"caption\":\"Universidad Cat\u00f3lica de Colombia\"},\"image\":{\"@id\":\"https:\/\/www.ucatolica.edu.co\/portal\/#\/schema\/logo\/image\/\"},\"sameAs\":[\"https:\/\/www.facebook.com\/ucatolicacolombia\",\"https:\/\/x.com\/UCatolicaCol\",\"https:\/\/www.instagram.com\/universidadcatolicadecolombia\/\",\"https:\/\/www.linkedin.com\/company\/universidadcatolicadecolombia\/\",\"https:\/\/www.youtube.com\/user\/UCatolicaCo\"]}]}<\/script>\n<!-- \/ Yoast SEO plugin. -->","yoast_head_json":{"title":"Coordinaci\u00f3n de Egresados - Universidad Cat\u00f3lica De Colombia","robots":{"index":"index","follow":"follow","max-snippet":"max-snippet:-1","max-image-preview":"max-image-preview:large","max-video-preview":"max-video-preview:-1"},"canonical":"https:\/\/www.ucatolica.edu.co\/portal\/egresados\/coordinacion-de-egresados\/","og_locale":"es_ES","og_type":"article","og_title":"Coordinaci\u00f3n de Egresados - Universidad Cat\u00f3lica De Colombia","og_description":"Bienvenidos Egresados Nuestro equipo de trabajo: Especialista en Empleabilidad Pbx: (601) 4433700 Ext: 3293empleabilidad@ucatolica.edu.coDiagonal 46 #15B- 18 Casa de Extensi\u00f3n Actualiza tus Datos \u00bfPara qu\u00e9 actualizar los datos? Al estar activo podr\u00e1 disfrutar de todos los servicios y beneficios de la bolsa de empleo que ofrece la Universidad, as\u00ed como recibir ofertas de empleo pertinentes [&hellip;]","og_url":"https:\/\/www.ucatolica.edu.co\/portal\/egresados\/coordinacion-de-egresados\/","og_site_name":"Universidad Cat\u00f3lica De Colombia","article_publisher":"https:\/\/www.facebook.com\/ucatolicacolombia","article_modified_time":"2026-03-12T23:51:42+00:00","twitter_card":"summary_large_image","twitter_site":"@UCatolicaCol","twitter_misc":{"Tiempo de lectura":"3 minutos"},"schema":{"@context":"https:\/\/schema.org","@graph":[{"@type":"WebPage","@id":"https:\/\/www.ucatolica.edu.co\/portal\/egresados\/coordinacion-de-egresados\/","url":"https:\/\/www.ucatolica.edu.co\/portal\/egresados\/coordinacion-de-egresados\/","name":"Coordinaci\u00f3n de Egresados - Universidad Cat\u00f3lica De Colombia","isPartOf":{"@id":"https:\/\/www.ucatolica.edu.co\/portal\/#website"},"datePublished":"2018-08-30T21:22:35+00:00","dateModified":"2026-03-12T23:51:42+00:00","breadcrumb":{"@id":"https:\/\/www.ucatolica.edu.co\/portal\/egresados\/coordinacion-de-egresados\/#breadcrumb"},"inLanguage":"es-CO","potentialAction":[{"@type":"ReadAction","target":["https:\/\/www.ucatolica.edu.co\/portal\/egresados\/coordinacion-de-egresados\/"]}]},{"@type":"BreadcrumbList","@id":"https:\/\/www.ucatolica.edu.co\/portal\/egresados\/coordinacion-de-egresados\/#breadcrumb","itemListElement":[{"@type":"ListItem","position":1,"name":"Inicio","item":"https:\/\/www.ucatolica.edu.co\/portal\/"},{"@type":"ListItem","position":2,"name":"Egresados","item":"https:\/\/www.ucatolica.edu.co\/portal\/egresados\/"},{"@type":"ListItem","position":3,"name":"Coordinaci\u00f3n de Egresados"}]},{"@type":"WebSite","@id":"https:\/\/www.ucatolica.edu.co\/portal\/#website","url":"https:\/\/www.ucatolica.edu.co\/portal\/","name":"Universidad Cat\u00f3lica De Colombia","description":"Universidad Cat\u00f3lica De Colombia","publisher":{"@id":"https:\/\/www.ucatolica.edu.co\/portal\/#organization"},"potentialAction":[{"@type":"SearchAction","target":{"@type":"EntryPoint","urlTemplate":"https:\/\/www.ucatolica.edu.co\/portal\/?s={search_term_string}"},"query-input":{"@type":"PropertyValueSpecification","valueRequired":true,"valueName":"search_term_string"}}],"inLanguage":"es-CO"},{"@type":"Organization","@id":"https:\/\/www.ucatolica.edu.co\/portal\/#organization","name":"Universidad Cat\u00f3lica de Colombia","url":"https:\/\/www.ucatolica.edu.co\/portal\/","logo":{"@type":"ImageObject","inLanguage":"es-CO","@id":"https:\/\/www.ucatolica.edu.co\/portal\/#\/schema\/logo\/image\/","url":"https:\/\/www.ucatolica.edu.co\/portal\/wp-content\/uploads\/2021\/06\/logo-header-ho-1.svg","contentUrl":"https:\/\/www.ucatolica.edu.co\/portal\/wp-content\/uploads\/2021\/06\/logo-header-ho-1.svg","width":1,"height":1,"caption":"Universidad Cat\u00f3lica de Colombia"},"image":{"@id":"https:\/\/www.ucatolica.edu.co\/portal\/#\/schema\/logo\/image\/"},"sameAs":["https:\/\/www.facebook.com\/ucatolicacolombia","https:\/\/x.com\/UCatolicaCol","https:\/\/www.instagram.com\/universidadcatolicadecolombia\/","https:\/\/www.linkedin.com\/company\/universidadcatolicadecolombia\/","https:\/\/www.youtube.com\/user\/UCatolicaCo"]}]}},"coauthors":[],"author_meta":{"author_link":"https:\/\/www.ucatolica.edu.co\/portal\/author\/carrnall\/","display_name":"Carlos Zea"},"relative_dates":{"created":"Posted 8 a\u00f1os ago","modified":"Updated 2 meses ago"},"absolute_dates":{"created":"Posted on 30 agosto, 2018","modified":"Updated on 12 marzo, 2026"},"absolute_dates_time":{"created":"Posted on 30 agosto, 2018 4:22 pm","modified":"Updated on 12 marzo, 2026 6:51 pm"},"featured_img_caption":"","featured_img":false,"series_order":"","_links":{"self":[{"href":"https:\/\/www.ucatolica.edu.co\/portal\/wp-json\/wp\/v2\/pages\/855","targetHints":{"allow":["GET"]}}],"collection":[{"href":"https:\/\/www.ucatolica.edu.co\/portal\/wp-json\/wp\/v2\/pages"}],"about":[{"href":"https:\/\/www.ucatolica.edu.co\/portal\/wp-json\/wp\/v2\/types\/page"}],"author":[{"embeddable":true,"href":"https:\/\/www.ucatolica.edu.co\/portal\/wp-json\/wp\/v2\/users\/2"}],"replies":[{"embeddable":true,"href":"https:\/\/www.ucatolica.edu.co\/portal\/wp-json\/wp\/v2\/comments?post=855"}],"version-history":[{"count":18,"href":"https:\/\/www.ucatolica.edu.co\/portal\/wp-json\/wp\/v2\/pages\/855\/revisions"}],"predecessor-version":[{"id":130792,"href":"https:\/\/www.ucatolica.edu.co\/portal\/wp-json\/wp\/v2\/pages\/855\/revisions\/130792"}],"up":[{"embeddable":true,"href":"https:\/\/www.ucatolica.edu.co\/portal\/wp-json\/wp\/v2\/pages\/901"}],"wp:attachment":[{"href":"https:\/\/www.ucatolica.edu.co\/portal\/wp-json\/wp\/v2\/media?parent=855"}],"curies":[{"name":"wp","href":"https:\/\/api.w.org\/{rel}","templated":true}]}}