{"id":99423,"date":"2023-09-02T10:16:21","date_gmt":"2023-09-02T15:16:21","guid":{"rendered":"https:\/\/www.ucatolica.edu.co\/portal\/?page_id=99423"},"modified":"2023-12-12T19:19:56","modified_gmt":"2023-12-13T00:19:56","slug":"centro-de-investigaciones-de-la-facultad-de-diseno-cifar-reglamentos-y-manuales","status":"publish","type":"page","link":"https:\/\/www.ucatolica.edu.co\/portal\/nuestra-universidad\/centro-de-investigaciones-de-la-facultad-de-diseno-cifar-reglamentos-y-manuales\/","title":{"rendered":"Centro de investigaciones de la Facultad de Dise\u00f1o CIFAR Reglamentos y Manuales"},"content":{"rendered":"<h2 class=\"wp-block-post-title\">Centro de investigaciones de la Facultad de Dise\u00f1o CIFAR Reglamentos y Manuales<\/h2>\n\n\n<div style=\"height:40px\" aria-hidden=\"true\" class=\"wp-block-spacer\"><\/div>\n\n\n\n<p>Desde 1982 aportando al conocimiento de la arquitectura, la ciudad y el dise\u00f1o. El Centro de Investigaciones de la Facultad de Dise\u00f1o CIFAR, est\u00e1 concebido como una unidad acad\u00e9mica, investigativa y de servicios, adscrito a la Facultad de Dise\u00f1o, el cual se dedica al desarrollo de proyectos de investigaci\u00f3n b\u00e1sica, aplicada, desarrollo experimental y de investigaci\u00f3n-creaci\u00f3n, en los campos de la arquitectura, los estudios urbanos y el dise\u00f1o, con el fin de aportar a procesos de innovaci\u00f3n social, tecnol\u00f3gica y pedag\u00f3gica. Adicionalmente promueve la formaci\u00f3n investigativa y mediante la transferencia de resultados, buscamos influir positivamente en la sociedad y el entorno global, mejorando la interacci\u00f3n entre sujetos, objetos y contextos. El desarrollo investigativo se realiza en el marco de los tres compromisos adoptados por la Facultad de Dise\u00f1o: 1. Innovaci\u00f3n y creatividad 2. Recursos y disponibilidad 3. Energ\u00eda y equilibrio\u201d<\/p>\n\n\n\n<figure class=\"wp-block-image size-full\"><img fetchpriority=\"high\" decoding=\"async\" width=\"1512\" height=\"1323\" src=\"https:\/\/www.ucatolica.edu.co\/portal\/wp-content\/uploads\/2023\/09\/Cifar-Organigrama-23-02-28-V4.jpg\" alt=\"Organigrama\" class=\"wp-image-101149\"\/><figcaption class=\"wp-element-caption\">Organigrama<\/figcaption><\/figure>\n\n\n\n<div style=\"height:40px\" aria-hidden=\"true\" class=\"wp-block-spacer\"><\/div>\n\n\n\n<div style=\"height:0px\" aria-hidden=\"true\" class=\"wp-block-spacer\"><\/div>\n\n\n\n<h2 class=\"wp-block-heading\"><strong>L\u00edneas de investigaci\u00f3n<\/strong><\/h2>\n\n\n\n<p><strong>Gesti\u00f3n cultural e integral del territorio<\/strong><\/p>\n\n\n\n<p>L\u00edder:\u00a0<a href=\"https:\/\/scienti.minciencias.gov.co:8081\/cvlac\/visualizador\/generarCurriculoCv.do?cod_rh=0000145513\">Elvia Isabel Casas-Matiz<\/a><\/p>\n\n\n\n<p>Se asume la gesti\u00f3n integral como estrategia de diagn\u00f3stico y proyecci\u00f3n para el desarrollo y fortalecimiento de procesos resilientes y sostenibles de territorializaci\u00f3n.&nbsp;<\/p>\n\n\n\n<p>Se reconocen diversas formas de relacionamiento de las comunidades con el territorio, las huellas hist\u00f3ricas tangibles e intangibles y sus actuaciones y contenidos sociales, as\u00ed como el impacto de estos en los procesos de transformaci\u00f3n del territorio.&nbsp;&nbsp;<\/p>\n\n\n\n<p><strong>Dise\u00f1o integrativo, h\u00e1bitat y proyecto&nbsp;<\/strong><\/p>\n\n\n\n<p>L\u00edder: <a href=\"https:\/\/scienti.minciencias.gov.co:8081\/cvlac\/visualizador\/generarCurriculoCv.do?cod_rh=0001465014\">Jairo Hern\u00e1n Ovalle-Garay<\/a><\/p>\n\n\n\n<p>Se reconoce el Dise\u00f1o como un proceso investigativo, con el inter\u00e9s de establecer relaciones disciplinares, interdisciplinares y transdisciplinares como un medio al servicio de la investigaci\u00f3n en temas inherentes a las comunidades, el h\u00e1bitat y el territorio.<\/p>\n\n\n\n<p><strong>Tecnolog\u00eda, ambiente y sostenibilidad<\/strong><\/p>\n\n\n\n<p>L\u00edder:&nbsp;<a href=\"https:\/\/scienti.minciencias.gov.co\/cvlac\/visualizador\/generarCurriculoCv.do?cod_rh=0001536256\">Anna Gabriela Ram\u00edrez-<\/a><a href=\"https:\/\/scienti.minciencias.gov.co\/cvlac\/visualizador\/generarCurriculoCv.do?cod_rh=0001536256\">Cuastuza<\/a><\/p>\n\n\n\n<p>Se generan investigaciones con conciencia del llamado a la acci\u00f3n y ser parte del cambio necesario en la mitigaci\u00f3n del cambio clim\u00e1tico, ahorro energ\u00e9tico y bienestar en t\u00e9rminos de salud y confort ambiental interior a partir de la innovaci\u00f3n tecnol\u00f3gica.<\/p>\n\n\n\n<h2 class=\"wp-block-heading\"><strong>Equipo de trabajo\u00a0\u00a0<\/strong><\/h2>\n\n\n\n<p><strong>Arquitecto C\u00e9sar Eligio Triana<\/strong><\/p>\n\n\n\n<p>Coordinador de Investigaciones \u2013 Director CIFAR <a href=\"mailto:cifar@ucatolica.edu.co\">cifar@ucatolica.edu.co<\/a><\/p>\n\n\n\n<p>Tel\u00e9fono: (601) 4433700 Ext. 3112 &#8211; 3109<\/p>\n\n\n\n<p><strong>Arquitecta Clara In\u00e9s Rodr\u00edguez-Ibarra<\/strong><\/p>\n\n\n\n<p>Coordinaci\u00f3n de formaci\u00f3n investigativa cifar@ucatolica.edu.co<\/p>\n\n\n\n<p>Tel\u00e9fono: (601) 4433700 Ext. 3109- 3112<\/p>\n\n\n\n<p><strong>Ubicaci\u00f3n y horario<\/strong><\/p>\n\n\n\n<p>Diagonal 46a #15b-10 Sede El Claustro. Bloque L \u2013 piso 4.<\/p>\n\n\n\n<p>Tel\u00e9fono: (601) 443 3700 Ext. 3109- 3112<\/p>\n\n\n\n<p>Lunes a viernes de 8:30 a. m. a 1:00 p. m. y de 2:00 p. m. a 5:00 p. m.<br><\/p>\n\n\n<div id=\"contenido-dos\">\n<h2>Documentos de Inter\u00e9s\u201d<\/h2>\n<ul class=\"documentos de \u201cinteres>\n<li class=\"pdf\"><a href=\"https:\/\/www.ucatolica.edu.co\/portal\/facultades\/asignaturas-electivas\/\" target=\"_blank\" rel=\"noopener\">Asignaturas Electivas<\/a><\/li>\n<li class=\"pdf\"><a href=\"https:\/\/www.ucatolica.edu.co\/portal\/wp-content\/uploads\/adjuntos\/programas\/arquitectura\/solicitudes-estudiantes.pdf\" target=\"_blank\" rel=\"noopener\">Formato para tr\u00e1mite de solicitudes de estudiantes<\/a><\/li>\n<li class=\"pdf\"><a href=\"https:\/\/www.ucatolica.edu.co\/portal\/wp-content\/uploads\/adjuntos\/programas\/arquitectura-practicas-evaluacion-competencias-estudiantes.pdf\" target=\"_blank\" rel=\"noopener\">Evaluaci\u00f3n competencias para pr\u00e1cticas<\/a><\/li>\n<li class=\"pdf\"><a href=\"https:\/\/www.ucatolica.edu.co\/portal\/wp-content\/uploads\/adjuntos\/programas\/registro-de-practica-empresarial.docx\" target=\"_blank\" rel=\"noopener\">Registro de Pr\u00e1ctica Empresarial<\/a><\/li>\n<li class=\"pdf\"><a href=\"https:\/\/www.ucatolica.edu.co\/portal\/wp-content\/uploads\/adjuntos\/programas\/arquitectura\/formato-prematriculas.pdf\" target=\"_blank\" rel=\"noopener\">Formato Solicitud Cambio de Horario<\/a><\/li>\n<li class=\"pdf\"><a href=\"https:\/\/www.ucatolica.edu.co\/portal\/wp-content\/uploads\/2023\/01\/formato-evaluaciones-2023-practica-empresarial.docx\" target=\"_blank\" rel=\"noopener\">Formato de Evaluaciones 2023 &#8211; Pr\u00e1ctica Empresarial<\/a><\/li>\n<li class=\"pdf\"><a href=\"https:\/\/www.ucatolica.edu.co\/portal\/wp-content\/uploads\/2023\/01\/formato-inscripcion-2023-practica-empresarial.xls\" target=\"_blank\" rel=\"noopener\">Formato de Inscripci\u00f3n 2023 &#8211; Pr\u00e1ctica Empresarial<\/a><\/li>\n<li class=\"pdf\"><a href=\"https:\/\/www.ucatolica.edu.co\/portal\/wp-content\/uploads\/2023\/01\/formato-de-paz-salvo-2023-practica-empresarial.docx\" target=\"_blank\" rel=\"noopener\">Formato de Paz y Salvo 2023 &#8211; Pr\u00e1ctica Empresarial<\/a><\/li>\n<\/ul>\n<h2>Accesos de Inter\u00e9s<\/h2>\n<ul>\n<li><a href=\"https:\/\/scholar.google.com\/citations?hl=es&#038;user=5OXt90cAAAAJ&#038;view_op=list_works&#038;sortby=pubdate\">Producci\u00f3n cient\u00edfica<\/a><\/li>\n<li><a href=\"https:\/\/scienti.minciencias.gov.co\/gruplac\/jsp\/visualiza\/visualizagr.jsp?nro=00000000003962\">Grupo de Investigaci\u00f3n \u201cH\u00e1bitat Sustentable, Dise\u00f1o Integrativo y Complejidad\u201d<\/a><\/li>\n<li><a href=\"https:\/\/scienti.minciencias.gov.co\/gruplac\/jsp\/visualiza\/visualizagr.jsp?nro=00000000003962\">Grupo de Investigaci\u00f3n \u201cInfraestructura y Desarrollo Sostenible (IDS)\u201d<\/a><\/li>\n<li><a href=\"https:\/\/revistadearquitectura.ucatolica.edu.co\/issue\/archive\">Archivos\/ Revistas de Arquitectura<\/a><\/li>\n<li><a href=\"https:\/\/drive.google.com\/file\/d\/1HZaVd_EUgfsxF9kJpYZ2Xy2uF-wxHNyC\/view?pli=1\">Semillero de Investigaci\u00f3n<\/a><\/li>\n<li><a href=\"https:\/\/docs.google.com\/forms\/d\/e\/1FAIpQLSfOSR4Wou56JVeKnIY0IhezCgNkvIyU9ZcjqJFKTE_SWgrVwQ\/viewform\">Inscr\u00edbete aqu\u00ed<\/a><\/li>\n<li><a href=\"https:\/\/www.ucatolica.edu.co\/portal\/wp-content\/uploads\/2020\/10\/incentivos-semilleros.pdf\">Est\u00edmulos e Incentivos<\/a><\/li>\n<li><a href=\"https:\/\/docs.google.com\/forms\/d\/e\/1FAIpQLSfOSR4Wou56JVeKnIY0IhezCgNkvIyU9ZcjqJFKTE_SWgrVwQ\/viewform\">Formulario de Preinscripci\u00f3n Semilleros<\/a><\/li>\n<\/ul>\n<\/div>","protected":false},"excerpt":{"rendered":"<p>Desde 1982 aportando al conocimiento de la arquitectura, la ciudad y el dise\u00f1o. El Centro de Investigaciones de la Facultad de Dise\u00f1o CIFAR, est\u00e1 concebido como una unidad acad\u00e9mica, investigativa y de servicios, adscrito a la Facultad de Dise\u00f1o, el cual se dedica al desarrollo de proyectos de investigaci\u00f3n b\u00e1sica, aplicada, desarrollo experimental y de [&hellip;]<\/p>\n","protected":false},"author":2,"featured_media":0,"parent":140,"menu_order":0,"comment_status":"closed","ping_status":"closed","template":"page-oldstyle.php","meta":{"_acf_changed":false,"advgb_blocks_editor_width":"","advgb_blocks_columns_visual_guide":"","footnotes":""},"class_list":["post-99423","page","type-page","status-publish","hentry"],"acf":[],"yoast_head":"<!-- This site is optimized with the Yoast SEO plugin v26.7 - https:\/\/yoast.com\/wordpress\/plugins\/seo\/ -->\n<title>Centro de investigaciones de la Facultad de Dise\u00f1o CIFAR Reglamentos y Manuales - Universidad Cat\u00f3lica De Colombia<\/title>\n<meta name=\"robots\" content=\"index, follow, max-snippet:-1, max-image-preview:large, max-video-preview:-1\" \/>\n<link rel=\"canonical\" href=\"https:\/\/www.ucatolica.edu.co\/portal\/nuestra-universidad\/centro-de-investigaciones-de-la-facultad-de-diseno-cifar-reglamentos-y-manuales\/\" \/>\n<meta property=\"og:locale\" content=\"es_ES\" \/>\n<meta property=\"og:type\" content=\"article\" \/>\n<meta property=\"og:title\" content=\"Centro de investigaciones de la Facultad de Dise\u00f1o CIFAR Reglamentos y Manuales - Universidad Cat\u00f3lica De Colombia\" \/>\n<meta property=\"og:description\" content=\"Desde 1982 aportando al conocimiento de la arquitectura, la ciudad y el dise\u00f1o. El Centro de Investigaciones de la Facultad de Dise\u00f1o CIFAR, est\u00e1 concebido como una unidad acad\u00e9mica, investigativa y de servicios, adscrito a la Facultad de Dise\u00f1o, el cual se dedica al desarrollo de proyectos de investigaci\u00f3n b\u00e1sica, aplicada, desarrollo experimental y de [&hellip;]\" \/>\n<meta property=\"og:url\" content=\"https:\/\/www.ucatolica.edu.co\/portal\/nuestra-universidad\/centro-de-investigaciones-de-la-facultad-de-diseno-cifar-reglamentos-y-manuales\/\" \/>\n<meta property=\"og:site_name\" content=\"Universidad Cat\u00f3lica De Colombia\" \/>\n<meta property=\"article:publisher\" content=\"https:\/\/www.facebook.com\/ucatolicacolombia\" \/>\n<meta property=\"article:modified_time\" content=\"2023-12-13T00:19:56+00:00\" \/>\n<meta property=\"og:image\" content=\"https:\/\/www.ucatolica.edu.co\/portal\/wp-content\/uploads\/2023\/09\/Cifar-Organigrama-23-02-28-V4.jpg\" \/>\n<meta name=\"twitter:card\" content=\"summary_large_image\" \/>\n<meta name=\"twitter:site\" content=\"@UCatolicaCol\" \/>\n<meta name=\"twitter:label1\" content=\"Tiempo de lectura\" \/>\n\t<meta name=\"twitter:data1\" content=\"63 minutos\" \/>\n<script type=\"application\/ld+json\" class=\"yoast-schema-graph\">{\"@context\":\"https:\/\/schema.org\",\"@graph\":[{\"@type\":\"WebPage\",\"@id\":\"https:\/\/www.ucatolica.edu.co\/portal\/nuestra-universidad\/centro-de-investigaciones-de-la-facultad-de-diseno-cifar-reglamentos-y-manuales\/\",\"url\":\"https:\/\/www.ucatolica.edu.co\/portal\/nuestra-universidad\/centro-de-investigaciones-de-la-facultad-de-diseno-cifar-reglamentos-y-manuales\/\",\"name\":\"Centro de investigaciones de la Facultad de Dise\u00f1o CIFAR Reglamentos y Manuales - Universidad Cat\u00f3lica De Colombia\",\"isPartOf\":{\"@id\":\"https:\/\/www.ucatolica.edu.co\/portal\/#website\"},\"primaryImageOfPage\":{\"@id\":\"https:\/\/www.ucatolica.edu.co\/portal\/nuestra-universidad\/centro-de-investigaciones-de-la-facultad-de-diseno-cifar-reglamentos-y-manuales\/#primaryimage\"},\"image\":{\"@id\":\"https:\/\/www.ucatolica.edu.co\/portal\/nuestra-universidad\/centro-de-investigaciones-de-la-facultad-de-diseno-cifar-reglamentos-y-manuales\/#primaryimage\"},\"thumbnailUrl\":\"https:\/\/www.ucatolica.edu.co\/portal\/wp-content\/uploads\/2023\/09\/Cifar-Organigrama-23-02-28-V4.jpg\",\"datePublished\":\"2023-09-02T15:16:21+00:00\",\"dateModified\":\"2023-12-13T00:19:56+00:00\",\"breadcrumb\":{\"@id\":\"https:\/\/www.ucatolica.edu.co\/portal\/nuestra-universidad\/centro-de-investigaciones-de-la-facultad-de-diseno-cifar-reglamentos-y-manuales\/#breadcrumb\"},\"inLanguage\":\"es-CO\",\"potentialAction\":[{\"@type\":\"ReadAction\",\"target\":[\"https:\/\/www.ucatolica.edu.co\/portal\/nuestra-universidad\/centro-de-investigaciones-de-la-facultad-de-diseno-cifar-reglamentos-y-manuales\/\"]}]},{\"@type\":\"ImageObject\",\"inLanguage\":\"es-CO\",\"@id\":\"https:\/\/www.ucatolica.edu.co\/portal\/nuestra-universidad\/centro-de-investigaciones-de-la-facultad-de-diseno-cifar-reglamentos-y-manuales\/#primaryimage\",\"url\":\"https:\/\/www.ucatolica.edu.co\/portal\/wp-content\/uploads\/2023\/09\/Cifar-Organigrama-23-02-28-V4.jpg\",\"contentUrl\":\"https:\/\/www.ucatolica.edu.co\/portal\/wp-content\/uploads\/2023\/09\/Cifar-Organigrama-23-02-28-V4.jpg\",\"width\":1512,\"height\":1323,\"caption\":\"Organigrama de la Cifar.\"},{\"@type\":\"BreadcrumbList\",\"@id\":\"https:\/\/www.ucatolica.edu.co\/portal\/nuestra-universidad\/centro-de-investigaciones-de-la-facultad-de-diseno-cifar-reglamentos-y-manuales\/#breadcrumb\",\"itemListElement\":[{\"@type\":\"ListItem\",\"position\":1,\"name\":\"Inicio\",\"item\":\"https:\/\/www.ucatolica.edu.co\/portal\/\"},{\"@type\":\"ListItem\",\"position\":2,\"name\":\"Nuestra Universidad\",\"item\":\"https:\/\/www.ucatolica.edu.co\/portal\/nuestra-universidad\/\"},{\"@type\":\"ListItem\",\"position\":3,\"name\":\"Centro de investigaciones de la Facultad de Dise\u00f1o CIFAR Reglamentos y Manuales\"}]},{\"@type\":\"WebSite\",\"@id\":\"https:\/\/www.ucatolica.edu.co\/portal\/#website\",\"url\":\"https:\/\/www.ucatolica.edu.co\/portal\/\",\"name\":\"Universidad Cat\u00f3lica De Colombia\",\"description\":\"Universidad Cat\u00f3lica De Colombia\",\"publisher\":{\"@id\":\"https:\/\/www.ucatolica.edu.co\/portal\/#organization\"},\"potentialAction\":[{\"@type\":\"SearchAction\",\"target\":{\"@type\":\"EntryPoint\",\"urlTemplate\":\"https:\/\/www.ucatolica.edu.co\/portal\/?s={search_term_string}\"},\"query-input\":{\"@type\":\"PropertyValueSpecification\",\"valueRequired\":true,\"valueName\":\"search_term_string\"}}],\"inLanguage\":\"es-CO\"},{\"@type\":\"Organization\",\"@id\":\"https:\/\/www.ucatolica.edu.co\/portal\/#organization\",\"name\":\"Universidad Cat\u00f3lica de Colombia\",\"url\":\"https:\/\/www.ucatolica.edu.co\/portal\/\",\"logo\":{\"@type\":\"ImageObject\",\"inLanguage\":\"es-CO\",\"@id\":\"https:\/\/www.ucatolica.edu.co\/portal\/#\/schema\/logo\/image\/\",\"url\":\"https:\/\/www.ucatolica.edu.co\/portal\/wp-content\/uploads\/2021\/06\/logo-header-ho-1.svg\",\"contentUrl\":\"https:\/\/www.ucatolica.edu.co\/portal\/wp-content\/uploads\/2021\/06\/logo-header-ho-1.svg\",\"width\":1,\"height\":1,\"caption\":\"Universidad Cat\u00f3lica de Colombia\"},\"image\":{\"@id\":\"https:\/\/www.ucatolica.edu.co\/portal\/#\/schema\/logo\/image\/\"},\"sameAs\":[\"https:\/\/www.facebook.com\/ucatolicacolombia\",\"https:\/\/x.com\/UCatolicaCol\",\"https:\/\/www.instagram.com\/universidadcatolicadecolombia\/\",\"https:\/\/www.linkedin.com\/company\/universidadcatolicadecolombia\/\",\"https:\/\/www.youtube.com\/user\/UCatolicaCo\"]}]}<\/script>\n<!-- \/ Yoast SEO plugin. -->","yoast_head_json":{"title":"Centro de investigaciones de la Facultad de Dise\u00f1o CIFAR Reglamentos y Manuales - Universidad Cat\u00f3lica De Colombia","robots":{"index":"index","follow":"follow","max-snippet":"max-snippet:-1","max-image-preview":"max-image-preview:large","max-video-preview":"max-video-preview:-1"},"canonical":"https:\/\/www.ucatolica.edu.co\/portal\/nuestra-universidad\/centro-de-investigaciones-de-la-facultad-de-diseno-cifar-reglamentos-y-manuales\/","og_locale":"es_ES","og_type":"article","og_title":"Centro de investigaciones de la Facultad de Dise\u00f1o CIFAR Reglamentos y Manuales - Universidad Cat\u00f3lica De Colombia","og_description":"Desde 1982 aportando al conocimiento de la arquitectura, la ciudad y el dise\u00f1o. El Centro de Investigaciones de la Facultad de Dise\u00f1o CIFAR, est\u00e1 concebido como una unidad acad\u00e9mica, investigativa y de servicios, adscrito a la Facultad de Dise\u00f1o, el cual se dedica al desarrollo de proyectos de investigaci\u00f3n b\u00e1sica, aplicada, desarrollo experimental y de [&hellip;]","og_url":"https:\/\/www.ucatolica.edu.co\/portal\/nuestra-universidad\/centro-de-investigaciones-de-la-facultad-de-diseno-cifar-reglamentos-y-manuales\/","og_site_name":"Universidad Cat\u00f3lica De Colombia","article_publisher":"https:\/\/www.facebook.com\/ucatolicacolombia","article_modified_time":"2023-12-13T00:19:56+00:00","og_image":[{"url":"https:\/\/www.ucatolica.edu.co\/portal\/wp-content\/uploads\/2023\/09\/Cifar-Organigrama-23-02-28-V4.jpg","type":"","width":"","height":""}],"twitter_card":"summary_large_image","twitter_site":"@UCatolicaCol","twitter_misc":{"Tiempo de lectura":"63 minutos"},"schema":{"@context":"https:\/\/schema.org","@graph":[{"@type":"WebPage","@id":"https:\/\/www.ucatolica.edu.co\/portal\/nuestra-universidad\/centro-de-investigaciones-de-la-facultad-de-diseno-cifar-reglamentos-y-manuales\/","url":"https:\/\/www.ucatolica.edu.co\/portal\/nuestra-universidad\/centro-de-investigaciones-de-la-facultad-de-diseno-cifar-reglamentos-y-manuales\/","name":"Centro de investigaciones de la Facultad de Dise\u00f1o CIFAR Reglamentos y Manuales - Universidad Cat\u00f3lica De Colombia","isPartOf":{"@id":"https:\/\/www.ucatolica.edu.co\/portal\/#website"},"primaryImageOfPage":{"@id":"https:\/\/www.ucatolica.edu.co\/portal\/nuestra-universidad\/centro-de-investigaciones-de-la-facultad-de-diseno-cifar-reglamentos-y-manuales\/#primaryimage"},"image":{"@id":"https:\/\/www.ucatolica.edu.co\/portal\/nuestra-universidad\/centro-de-investigaciones-de-la-facultad-de-diseno-cifar-reglamentos-y-manuales\/#primaryimage"},"thumbnailUrl":"https:\/\/www.ucatolica.edu.co\/portal\/wp-content\/uploads\/2023\/09\/Cifar-Organigrama-23-02-28-V4.jpg","datePublished":"2023-09-02T15:16:21+00:00","dateModified":"2023-12-13T00:19:56+00:00","breadcrumb":{"@id":"https:\/\/www.ucatolica.edu.co\/portal\/nuestra-universidad\/centro-de-investigaciones-de-la-facultad-de-diseno-cifar-reglamentos-y-manuales\/#breadcrumb"},"inLanguage":"es-CO","potentialAction":[{"@type":"ReadAction","target":["https:\/\/www.ucatolica.edu.co\/portal\/nuestra-universidad\/centro-de-investigaciones-de-la-facultad-de-diseno-cifar-reglamentos-y-manuales\/"]}]},{"@type":"ImageObject","inLanguage":"es-CO","@id":"https:\/\/www.ucatolica.edu.co\/portal\/nuestra-universidad\/centro-de-investigaciones-de-la-facultad-de-diseno-cifar-reglamentos-y-manuales\/#primaryimage","url":"https:\/\/www.ucatolica.edu.co\/portal\/wp-content\/uploads\/2023\/09\/Cifar-Organigrama-23-02-28-V4.jpg","contentUrl":"https:\/\/www.ucatolica.edu.co\/portal\/wp-content\/uploads\/2023\/09\/Cifar-Organigrama-23-02-28-V4.jpg","width":1512,"height":1323,"caption":"Organigrama de la Cifar."},{"@type":"BreadcrumbList","@id":"https:\/\/www.ucatolica.edu.co\/portal\/nuestra-universidad\/centro-de-investigaciones-de-la-facultad-de-diseno-cifar-reglamentos-y-manuales\/#breadcrumb","itemListElement":[{"@type":"ListItem","position":1,"name":"Inicio","item":"https:\/\/www.ucatolica.edu.co\/portal\/"},{"@type":"ListItem","position":2,"name":"Nuestra Universidad","item":"https:\/\/www.ucatolica.edu.co\/portal\/nuestra-universidad\/"},{"@type":"ListItem","position":3,"name":"Centro de investigaciones de la Facultad de Dise\u00f1o CIFAR Reglamentos y Manuales"}]},{"@type":"WebSite","@id":"https:\/\/www.ucatolica.edu.co\/portal\/#website","url":"https:\/\/www.ucatolica.edu.co\/portal\/","name":"Universidad Cat\u00f3lica De Colombia","description":"Universidad Cat\u00f3lica De Colombia","publisher":{"@id":"https:\/\/www.ucatolica.edu.co\/portal\/#organization"},"potentialAction":[{"@type":"SearchAction","target":{"@type":"EntryPoint","urlTemplate":"https:\/\/www.ucatolica.edu.co\/portal\/?s={search_term_string}"},"query-input":{"@type":"PropertyValueSpecification","valueRequired":true,"valueName":"search_term_string"}}],"inLanguage":"es-CO"},{"@type":"Organization","@id":"https:\/\/www.ucatolica.edu.co\/portal\/#organization","name":"Universidad Cat\u00f3lica de Colombia","url":"https:\/\/www.ucatolica.edu.co\/portal\/","logo":{"@type":"ImageObject","inLanguage":"es-CO","@id":"https:\/\/www.ucatolica.edu.co\/portal\/#\/schema\/logo\/image\/","url":"https:\/\/www.ucatolica.edu.co\/portal\/wp-content\/uploads\/2021\/06\/logo-header-ho-1.svg","contentUrl":"https:\/\/www.ucatolica.edu.co\/portal\/wp-content\/uploads\/2021\/06\/logo-header-ho-1.svg","width":1,"height":1,"caption":"Universidad Cat\u00f3lica de Colombia"},"image":{"@id":"https:\/\/www.ucatolica.edu.co\/portal\/#\/schema\/logo\/image\/"},"sameAs":["https:\/\/www.facebook.com\/ucatolicacolombia","https:\/\/x.com\/UCatolicaCol","https:\/\/www.instagram.com\/universidadcatolicadecolombia\/","https:\/\/www.linkedin.com\/company\/universidadcatolicadecolombia\/","https:\/\/www.youtube.com\/user\/UCatolicaCo"]}]}},"coauthors":[],"author_meta":{"author_link":"https:\/\/www.ucatolica.edu.co\/portal\/author\/carrnall\/","display_name":"Carlos Zea"},"relative_dates":{"created":"Posted 3 a\u00f1os ago","modified":"Updated 2 a\u00f1os ago"},"absolute_dates":{"created":"Posted on 2 septiembre, 2023","modified":"Updated on 12 diciembre, 2023"},"absolute_dates_time":{"created":"Posted on 2 septiembre, 2023 10:16 am","modified":"Updated on 12 diciembre, 2023 7:19 pm"},"featured_img_caption":"","featured_img":false,"series_order":"","_links":{"self":[{"href":"https:\/\/www.ucatolica.edu.co\/portal\/wp-json\/wp\/v2\/pages\/99423","targetHints":{"allow":["GET"]}}],"collection":[{"href":"https:\/\/www.ucatolica.edu.co\/portal\/wp-json\/wp\/v2\/pages"}],"about":[{"href":"https:\/\/www.ucatolica.edu.co\/portal\/wp-json\/wp\/v2\/types\/page"}],"author":[{"embeddable":true,"href":"https:\/\/www.ucatolica.edu.co\/portal\/wp-json\/wp\/v2\/users\/2"}],"replies":[{"embeddable":true,"href":"https:\/\/www.ucatolica.edu.co\/portal\/wp-json\/wp\/v2\/comments?post=99423"}],"version-history":[{"count":14,"href":"https:\/\/www.ucatolica.edu.co\/portal\/wp-json\/wp\/v2\/pages\/99423\/revisions"}],"predecessor-version":[{"id":103048,"href":"https:\/\/www.ucatolica.edu.co\/portal\/wp-json\/wp\/v2\/pages\/99423\/revisions\/103048"}],"up":[{"embeddable":true,"href":"https:\/\/www.ucatolica.edu.co\/portal\/wp-json\/wp\/v2\/pages\/140"}],"wp:attachment":[{"href":"https:\/\/www.ucatolica.edu.co\/portal\/wp-json\/wp\/v2\/media?parent=99423"}],"curies":[{"name":"wp","href":"https:\/\/api.w.org\/{rel}","templated":true}]}}